{"id":9495,"date":"2026-09-05T12:37:01","date_gmt":"2026-09-05T10:37:01","guid":{"rendered":"https:\/\/semmelweis.hu\/mutettan\/?page_id=9495"},"modified":"2026-09-06T09:07:05","modified_gmt":"2026-09-06T07:07:05","slug":"mst-kiserletes-sebeszeti-szekcio-31-kongresszusa","status":"publish","type":"page","link":"https:\/\/semmelweis.hu\/mutettan\/mst-kiserletes-sebeszeti-szekcio-31-kongresszusa\/","title":{"rendered":"MST K\u00eds\u00e9rletes Seb\u00e9szeti Kongresszus"},"content":{"rendered":"<p style=\"text-align: center\">KEDVES KOLL\u00c9G\u00c1K! KEDVES BAR\u00c1TAINK!<\/p>\n<p style=\"text-align: justify\">A Magyar Seb\u00e9sz T\u00e1rsas\u00e1g K\u00eds\u00e9rletes Seb\u00e9szeti Szekci\u00f3j\u00e1nak k\u00f6vetkez\u0151 kongresszus\u00e1t <strong>2026. november 12-14-\u00e9n<\/strong> rendezz\u00fck Budapesten a <strong>Radisson Blu B\u00e9ke Hotelben (1067 Budapest, Ter\u00e9z krt. 43.).<\/strong> A Radisson Blu B\u00e9ke Hotel &#8211; kor\u00e1bbi tapasztalataink alapj\u00e1n &#8211; kiv\u00e1l\u00f3 lehet\u0151s\u00e9get k\u00edn\u00e1l a magas sz\u00ednvonal\u00fa tudom\u00e1nyos tal\u00e1lkoz\u00f3 megrendez\u00e9s\u00e9re.<\/p>\n<p style=\"text-align: justify\">Az elm\u00falt \u00e9vekben a k\u00eds\u00e9rletes seb\u00e9szeti int\u00e9zetekben sz\u00e1mos, jelent\u0151s v\u00e1ltoz\u00e1s t\u00f6rt\u00e9nt, amelyek hat\u00e1ssal voltak a kis k\u00f6z\u00f6ss\u00e9g\u00fcnkre. Hissz\u00fck, \u00e9s b\u00edzunk abban, hogy a kor\u00e1bbi bar\u00e1ti, szakmai kapcsolatok megmaradnak, \u00fajak alakulnak, a fiatal koll\u00e9g\u00e1k t\u00e1mogat\u00f3 k\u00f6zegben, \u00faj kapcsolatokkal tudj\u00e1k folytatni szakmai el\u0151rehalad\u00e1sukat.<\/p>\n<p style=\"text-align: justify\">C\u00e9lunk, hogy a t\u00e1rsint\u00e9zetek munkacsoportjai mellett a k\u00eds\u00e9rletes seb\u00e9szeti kutat\u00e1sok lelkes \u00fatt\u00f6r\u0151i is lehet\u0151s\u00e9get kapjanak leg\u00fajabb eredm\u00e9nyeik bemutat\u00e1s\u00e1ra, a tapasztalt koll\u00e9g\u00e1k \u00f6tletekkel seg\u00edthetik egym\u00e1s munk\u00e1j\u00e1t. A tudom\u00e1nyos di\u00e1kk\u00f6ri konferenci\u00e1kon tan\u00fai lehett\u00fcnk a fiatal kutat\u00f3-gener\u00e1ci\u00f3 kiv\u00e1l\u00f3 munk\u00e1inak, jelen kongresszusunk sz\u00e1mukra is lehet\u0151s\u00e9get k\u00edn\u00e1l a bemutatkoz\u00e1sra. Kor\u00e1bban elk\u00e9pzelhetetlen sebess\u00e9ggel halad a tudom\u00e1nyos ismeretek gyarapod\u00e1sa \u2013 ami tegnap m\u00e9g beteg\u00e1gy melletti gond volt &#8211; ma m\u00e1r a sikeres k\u00eds\u00e9rleti-kutat\u00e1si munka eredm\u00e9nyek\u00e9nt, a transzl\u00e1ci\u00f3s medicina \u00fatj\u00e1n megold\u00e1st k\u00edn\u00e1l.<\/p>\n<p style=\"text-align: justify\">K\u00fcl\u00f6n \u00f6r\u00f6m\u00fcnk, hogy a kongresszuson ell\u00e1togatunk Herceghalomba, ahol megl\u00e1togatjuk meg\u00e9p\u00fclt \u00faj int\u00e9zm\u00e9ny\u00fcnket, kutat\u00e1si z\u00e1szl\u00f3shaj\u00f3nkat, a Semmelweis Egyetem V\u00e1rosmajori Klinik\u00e1j\u00e1nak George Berci Oktat\u00e1si \u00e9s Kutat\u00e1si Laborat\u00f3rium\u00e1t. Gazdag programunkban a hagyom\u00e1nyos \u00e9s a leg\u00fajabb kutat\u00e1si lehet\u0151s\u00e9gek, a j\u00f6v\u0151be mutat\u00f3 \u00fajabb trendek megismer\u00e9s\u00e9n t\u00fal tervezz\u00fck a k\u00eds\u00e9rletes seb\u00e9szethez kapcsol\u00f3d\u00f3 oktat\u00e1si, k\u00e9pz\u00e9si k\u00f6telezetts\u00e9gek \u00e9s lehet\u0151s\u00e9gek bemutat\u00e1s\u00e1t.<\/p>\n<p style=\"text-align: justify\">Kongresszusunkon k\u00fcl\u00f6n\u00f6s hangs\u00falyt kap az intervenci\u00f3s \u00e9s k\u00eds\u00e9rleti kardiol\u00f3gia, a gradu\u00e1lis \u00e9s posztgradu\u00e1lis oktat\u00e1s meg\u00faj\u00edt\u00e1s\u00e1nak, id\u0151szer\u0171 k\u00e9rd\u00e9seinek, valamint az \u00e1llatk\u00eds\u00e9rletes modellek \u00e9s 3R lehet\u0151s\u00e9geinek t\u00e1rgyal\u00e1sa. A kongresszus idej\u00e9n k\u00fcl\u00f6n verseny-szekci\u00f3kat rendez\u00fcnk a fiatal, m\u00e1r v\u00e9gzett munkat\u00e1rsaknak \u00e9s az egyetemi hallgat\u00f3knak, \u00edgy kiosztjuk a Legjobb egyetemi hallgat\u00f3i d\u00edjat \u00e9s a Legjobb fiatal kutat\u00f3i d\u00edjat, valamint \u00e1tad\u00e1sra ker\u00fcl a <strong><em>Petri G\u00e1bor Eml\u00e9k\u00e9rem<\/em> <\/strong>\u00e9s a <strong><em>Professzor Dr. Furka Istv\u00e1n Seb\u00e9sz Kutat\u00f3i Eml\u00e9kd\u00edj<\/em><\/strong> is. A szem\u00e9lyes tal\u00e1lkoz\u00e1sok inspir\u00e1l\u00f3 l\u00e9gk\u00f6r\u00e9t semmi sem p\u00f3tolhatja, a bar\u00e1ti tal\u00e1lkoz\u00f3t a tervezett program soksz\u00edn\u0171s\u00e9ge eg\u00e9sz\u00edti ki.<\/p>\n<p>B\u00edzunk benne, hogy sok r\u00e9gi \u00e9s \u00faj koll\u00e9g\u00e1val, bar\u00e1ttal tal\u00e1lkozunk rendezv\u00e9ny\u00fcnk\u00f6n.<\/p>\n<p>Prof. Dr. S\u00e1ndor J\u00f3zsef\u00a0 \u00a0 \u00a0 \u00a0 \u00a0 \u00a0 \u00a0 \u00a0 \u00a0 \u00a0 \u00a0 \u00a0 \u00a0 \u00a0 \u00a0 \u00a0 \u00a0 \u00a0 \u00a0 \u00a0 \u00a0 \u00a0 \u00a0 \u00a0 \u00a0 \u00a0 \u00a0 \u00a0 \u00a0 \u00a0 Dr. Szab\u00f3 Gy\u00f6rgyi\u00a0<br \/>\na kongresszus eln\u00f6ke\u00a0 \u00a0 \u00a0 \u00a0 \u00a0 \u00a0 \u00a0 \u00a0 \u00a0 \u00a0 \u00a0 \u00a0 \u00a0 \u00a0 \u00a0 \u00a0 \u00a0 \u00a0 \u00a0 \u00a0 \u00a0 \u00a0 \u00a0 \u00a0 \u00a0 \u00a0 \u00a0 \u00a0 \u00a0 \u00a0 \u00a0a kongresszus titk\u00e1ra<\/p>\n","protected":false},"excerpt":{"rendered":"<p>KEDVES KOLL\u00c9G\u00c1K! KEDVES BAR\u00c1TAINK! A Magyar Seb\u00e9sz T\u00e1rsas\u00e1g K\u00eds\u00e9rletes Seb\u00e9szeti Szekci\u00f3j\u00e1nak k\u00f6vetkez\u0151 kongresszus\u00e1t 2026. november 12-14-\u00e9n rendezz\u00fck Budapesten a Radisson Blu B\u00e9ke Hotelben (1067 Budapest, Ter\u00e9z krt. 43.). A Radisson Blu B\u00e9ke Hotel &#8211; kor\u00e1bbi tapasztalataink alapj\u00e1n &#8211; kiv\u00e1l\u00f3 lehet\u0151s\u00e9get k\u00edn\u00e1l a magas sz\u00ednvonal\u00fa tudom\u00e1nyos tal\u00e1lkoz\u00f3 megrendez\u00e9s\u00e9re. Az elm\u00falt \u00e9vekben a k\u00eds\u00e9rletes seb\u00e9szeti int\u00e9zetekben sz\u00e1mos, &hellip;<\/p>\n","protected":false},"author":101700,"featured_media":0,"parent":0,"menu_order":0,"comment_status":"closed","ping_status":"closed","template":"","meta":{"_acf_changed":false,"footnotes":""},"categories":[],"tags":[],"class_list":["post-9495","page","type-page","status-publish","hentry"],"acf":[],"_links":{"self":[{"href":"https:\/\/semmelweis.hu\/mutettan\/wp-json\/wp\/v2\/pages\/9495","targetHints":{"allow":["GET"]}}],"collection":[{"href":"https:\/\/semmelweis.hu\/mutettan\/wp-json\/wp\/v2\/pages"}],"about":[{"href":"https:\/\/semmelweis.hu\/mutettan\/wp-json\/wp\/v2\/types\/page"}],"author":[{"embeddable":true,"href":"https:\/\/semmelweis.hu\/mutettan\/wp-json\/wp\/v2\/users\/101700"}],"replies":[{"embeddable":true,"href":"https:\/\/semmelweis.hu\/mutettan\/wp-json\/wp\/v2\/comments?post=9495"}],"version-history":[{"count":7,"href":"https:\/\/semmelweis.hu\/mutettan\/wp-json\/wp\/v2\/pages\/9495\/revisions"}],"predecessor-version":[{"id":9533,"href":"https:\/\/semmelweis.hu\/mutettan\/wp-json\/wp\/v2\/pages\/9495\/revisions\/9533"}],"wp:attachment":[{"href":"https:\/\/semmelweis.hu\/mutettan\/wp-json\/wp\/v2\/media?parent=9495"}],"wp:term":[{"taxonomy":"category","embeddable":true,"href":"https:\/\/semmelweis.hu\/mutettan\/wp-json\/wp\/v2\/categories?post=9495"},{"taxonomy":"post_tag","embeddable":true,"href":"https:\/\/semmelweis.hu\/mutettan\/wp-json\/wp\/v2\/tags?post=9495"}],"curies":[{"name":"wp","href":"https:\/\/api.w.org\/{rel}","templated":true}]}}