{"id":6713,"date":"2016-08-30T22:27:03","date_gmt":"2016-08-30T20:27:03","guid":{"rendered":"http:\/\/semmelweis.hu\/orvosi-vegytan\/?page_id=6713"},"modified":"2025-04-09T17:39:21","modified_gmt":"2025-04-09T15:39:21","slug":"medchemw","status":"publish","type":"page","link":"https:\/\/semmelweis.hu\/molekularis-biologia\/de\/studentenseite\/medchemw\/","title":{"rendered":"Grundlagen der medizinischen Chemie"},"content":{"rendered":"<p><strong>MF (3 Kreditpunkte, Praktikumsnote, Dr. Mikl\u00f3s Csala; AOVOVM093_1N)<\/strong><\/p>\n<p><strong>Herbstsemester<\/strong><\/p>\n<p><strong>Studienbeauftragte des Faches:<\/strong><br \/>\nDr. R\u00f3nai, Zsolt (<a href=\"mailto:ronai.zsolt@med.semmelweis-univ.hu\">ronai.zsolt@med.semmelweis-univ.hu<\/a>)<\/p>\n<p><strong><font size=\"4\"><a href=\"https:\/\/itc.semmelweis.hu\/moodle\/\">Einzelheiten, Zeitplan, Zoom-Links, Downloads usw. finden Sie auf den Moodle-Seiten des Betreffs.<\/a><\/font><\/strong><\/p>\n<p style=\"text-align: justify\"><strong>Allgemeine Informationen<\/strong><br \/>\nDer Zweck des Faches ist eine Hilfe f\u00fcr Studenten anzubieten, die fr\u00fcher weniger Chemie gelernt haben, damit Sie das Pflichtfach \u201eChemie f\u00fcr Mediziner\u201c erfolgreich absolvieren k\u00f6nnen. Die Studenten k\u00f6nnen solche Themen in diesem Wahlfach zusammen mit dem Pflichtfach Chemie kennen lernen, die n\u00f6tig sind, in der lebendigen Zellen unter physiologischen und pathologischen Bedingungen ablaufenden biochemische, molekularbiologische Vorg\u00e4nge zu verstehen. Dementsprechend ist die Absolvierung von diesem Fach hilfreich das Wahlfach \u201eChemie f\u00fcr Mediziner\u201c absolvieren zu k\u00f6nnen, und damit die F\u00e4cher Biochemie und Physiologie lernen und verstehen zu k\u00f6nnen.<\/p>\n<p><strong>Studentische Lehrveranstaltungsbewertung<\/strong><br \/>\n(&#8222;<strong>O<\/strong>ktat\u00f3i <strong>m<\/strong>unka <strong>h<\/strong>allgat\u00f3i <strong>v<\/strong>\u00e9lem\u00e9nyez\u00e9se&#8221; &#8211; OMHV<\/p>\n<p><div class=\"responsive-tabs\">\n<h2 class=\"tabtitle\">2024\/25-1<\/h2>\n<div class=\"tabcontent\">\n<a href=\"https:\/\/semmelweis.hu\/molekularis-biologia\/files\/2025\/04\/Orvosi-kemia-alapjai-AOVMBT797_1N.pdf\" target=\"_blank\" rel=\"noopener noreferrer\">Vorlesungen an der Medizinischen Fakult\u00e4t<\/a><br \/>\n<a href=\"https:\/\/semmelweis.hu\/molekularis-biologia\/files\/2025\/04\/Orvosi-kemia-alapjai-FOSVMBT343_1N.pdf\" target=\"_blank\" rel=\"noopener noreferrer\">Vorlesungen an der Fakult\u00e4t f\u00fcr Zahnheilkunde<\/a><\/p>\n<p>\n<\/div><h2 class=\"tabtitle\">2022\/23-1<\/h2>\n<div class=\"tabcontent\">\n<a href=\"https:\/\/semmelweis.hu\/molekularis-biologia\/files\/2023\/05\/ertekeles_kemalap_AOK_2022_23_1_N.pdf\" target=\"_blank\" rel=\"noopener noreferrer\">Vorlesungen an der Medizinischen Fakult\u00e4t<\/a><br \/>\n<a href=\"https:\/\/semmelweis.hu\/molekularis-biologia\/files\/2023\/05\/ertekeles_kemalap_FOK_2022_23_1_N.pdf\" target=\"_blank\" rel=\"noopener noreferrer\">Vorlesungen an der Fakult\u00e4t f\u00fcr Zahnheilkunde<\/a> <\/div><\/div><\/p>\n<p><strong>OMHV Aktionspl\u00e4ne<\/strong><\/p>\n<p><div class=\"responsive-tabs\">\n<h2 class=\"tabtitle\">2024\/25-1<\/h2>\n<div class=\"tabcontent\">\n<a href=\"https:\/\/semmelweis.hu\/molekularis-biologia\/files\/2025\/04\/Fakultat-fur-Medizin_Aktionsplan_2024_25_1.pdf\" target=\"_blank\" rel=\"noopener noreferrer\">Fakult\u00e4t f\u00fcr Medizin<\/a><br \/>\n<a href=\"https:\/\/semmelweis.hu\/molekularis-biologia\/files\/2025\/04\/Fakultat-fur-Zahnheilkunde_Aktionsplan_2024_25_1.pdf\" target=\"_blank\" rel=\"noopener noreferrer\">Fakult\u00e4t f\u00fcr Zahnheilkunde<\/a><\/p>\n<p>\n<\/div><h2 class=\"tabtitle\">2023\/24-1<\/h2>\n<div class=\"tabcontent\">\n<a href=\"https:\/\/semmelweis.hu\/molekularis-biologia\/files\/2024\/04\/OMHV_Fakultat-fur-Medizin_Aktionsplan_2023_24_1.pdf\" target=\"_blank\" rel=\"noopener noreferrer\">Fakult\u00e4t f\u00fcr Medizin<\/a><br \/>\n<a href=\"https:\/\/semmelweis.hu\/molekularis-biologia\/files\/2024\/04\/OMHV_Fakultat-fur-Zahnheilkunde_Aktionsplan_2023_24_1.pdf\" target=\"_blank\" rel=\"noopener noreferrer\">Fakult\u00e4t f\u00fcr Zahnheilkunde<\/a><\/p>\n<p>\n<\/div><h2 class=\"tabtitle\">2022\/23-1<\/h2>\n<div class=\"tabcontent\">\n<a href=\"https:\/\/semmelweis.hu\/molekularis-biologia\/files\/2023\/05\/OMHV_Fakultat-fur-Medizin_Aktionsplan_2022_23_1.pdf\" target=\"_blank\" rel=\"noopener noreferrer\">Fakult\u00e4t f\u00fcr Medizin<\/a><br \/>\n<a href=\"https:\/\/semmelweis.hu\/molekularis-biologia\/files\/2023\/05\/OMHV_Fakultat-fur-Zahnheilkunde_Aktionsplan_2022_23_1.pdf\" target=\"_blank\" rel=\"noopener noreferrer\">Fakult\u00e4t f\u00fcr Zahnheilkunde<\/a><\/div><\/div><\/p>\n","protected":false},"excerpt":{"rendered":"<p>MF (3 Kreditpunkte, Praktikumsnote, Dr. Mikl\u00f3s Csala; AOVOVM093_1N) Herbstsemester Studienbeauftragte des Faches: Dr. R\u00f3nai, Zsolt ( <a href=\"mailto:ronai.zsolt@med.semmelweis-univ.hu\">ronai.zsolt@med.semmelweis-univ.hu<\/a> ) <a href=\"https:\/\/itc.semmelweis.hu\/moodle\/\">Einzelheiten, Zeitplan, Zoom-Links, Downloads usw. finden Sie auf den Moodle-Seiten des Betreffs.<\/a> Allgemeine Informationen Der Zweck des Faches ist eine Hilfe f\u00fcr Studenten anzubieten, die fr\u00fcher weniger Chemie gelernt haben, damit Sie das Pflichtfach \u201eChemie f\u00fcr Mediziner\u201c erfolgreich absolvieren k\u00f6nnen. Die Studenten k\u00f6nnen solche Themen in diesem Wahlfach zusammen mit &hellip;<\/p>\n","protected":false},"author":183,"featured_media":0,"parent":531,"menu_order":70,"comment_status":"closed","ping_status":"closed","template":"","meta":{"_acf_changed":false,"footnotes":""},"categories":[],"tags":[],"class_list":["post-6713","page","type-page","status-publish","hentry"],"acf":[],"_links":{"self":[{"href":"https:\/\/semmelweis.hu\/molekularis-biologia\/wp-json\/wp\/v2\/pages\/6713","targetHints":{"allow":["GET"]}}],"collection":[{"href":"https:\/\/semmelweis.hu\/molekularis-biologia\/wp-json\/wp\/v2\/pages"}],"about":[{"href":"https:\/\/semmelweis.hu\/molekularis-biologia\/wp-json\/wp\/v2\/types\/page"}],"author":[{"embeddable":true,"href":"https:\/\/semmelweis.hu\/molekularis-biologia\/wp-json\/wp\/v2\/users\/183"}],"replies":[{"embeddable":true,"href":"https:\/\/semmelweis.hu\/molekularis-biologia\/wp-json\/wp\/v2\/comments?post=6713"}],"version-history":[{"count":11,"href":"https:\/\/semmelweis.hu\/molekularis-biologia\/wp-json\/wp\/v2\/pages\/6713\/revisions"}],"predecessor-version":[{"id":8710,"href":"https:\/\/semmelweis.hu\/molekularis-biologia\/wp-json\/wp\/v2\/pages\/6713\/revisions\/8710"}],"up":[{"embeddable":true,"href":"https:\/\/semmelweis.hu\/molekularis-biologia\/wp-json\/wp\/v2\/pages\/531"}],"wp:attachment":[{"href":"https:\/\/semmelweis.hu\/molekularis-biologia\/wp-json\/wp\/v2\/media?parent=6713"}],"wp:term":[{"taxonomy":"category","embeddable":true,"href":"https:\/\/semmelweis.hu\/molekularis-biologia\/wp-json\/wp\/v2\/categories?post=6713"},{"taxonomy":"post_tag","embeddable":true,"href":"https:\/\/semmelweis.hu\/molekularis-biologia\/wp-json\/wp\/v2\/tags?post=6713"}],"curies":[{"name":"wp","href":"https:\/\/api.w.org\/{rel}","templated":true}]}}