{"id":2650,"date":"2022-05-22T22:21:57","date_gmt":"2022-05-22T20:21:57","guid":{"rendered":"https:\/\/semmelweis.hu\/mikrobiologia\/?page_id=2650"},"modified":"2025-11-04T09:43:57","modified_gmt":"2025-11-04T08:43:57","slug":"intezetunk-demonstratorai","status":"publish","type":"page","link":"https:\/\/semmelweis.hu\/mikrobiologia\/intezetunk-demonstratorai\/","title":{"rendered":"Int\u00e9zet\u00fcnk demonstr\u00e1torai"},"content":{"rendered":"<div class=\"responsive-tabs\">\n<h2 class=\"tabtitle\">2023\/24. tan\u00e9v<\/h2>\n<div class=\"tabcontent\">\n\n<h3>2023\/24. tan\u00e9v<\/h3>\n<ul>\n<li><span style=\"color: #000080\"><strong>Anna Meghan Streiff<\/strong><\/span><\/li>\n<li><span style=\"color: #000080\"><strong>Ebubechukwu Praise Obi-Agha <\/strong><\/span><\/li>\n<li><span style=\"color: #000080\"><strong>Negin Abdollahy<\/strong><\/span><\/li>\n<li><span style=\"color: #000080\"><strong>Yasamin Zeinali<\/strong><\/span><\/li>\n<li><span style=\"color: #000080\"><strong>Kenderfi-Antal B\u00e1lint<\/strong><\/span><\/li>\n<li><span style=\"color: #000080\"><strong>P\u00e1mer Di\u00e1na<\/strong><\/span><\/li>\n<\/ul>\n\n<\/div><h2 class=\"tabtitle\">Kor\u00e1bbi \u00e9vek<\/h2>\n<div class=\"tabcontent\">\n\n<h3>Kor\u00e1bbi \u00e9vek<\/h3>\n<p><strong><u>2022\/23. tan\u00e9v:<\/u><\/strong><\/p>\n<ul>\n<li><span style=\"color: #000080\"><strong>Olsen Henrik Wehn<\/strong><\/span><\/li>\n<\/ul>\n<p><strong><u>2021\/22. tan\u00e9v:<\/u><\/strong><\/p>\n<ul>\n<li><span style=\"color: #000080\"><strong>Falus M\u00e1rton J\u00e1nos<\/strong><\/span><\/li>\n<li><span style=\"color: #000080\"><strong>Szalay Lili Blanka<\/strong><\/span><\/li>\n<li><span style=\"color: #000080\"><strong>Utassy Kata Rebeka<\/strong><\/span><\/li>\n<\/ul>\n<p><strong><u>2020\/21. tan\u00e9v:<\/u><\/strong><\/p>\n<ul>\n<li><strong><span style=\"color: #000080\">Moln\u00e1r Regina<\/span><\/strong><\/li>\n<li><strong><span style=\"color: #000080\">N\u00e9meth Orsolya<\/span><\/strong><\/li>\n<li><strong><span style=\"color: #000080\">Ruppert M\u00e1t\u00e9<\/span><\/strong><\/li>\n<\/ul>\n<p><strong><u>2019\/20. tan\u00e9v:<\/u><\/strong><\/p>\n<ul>\n<li><span style=\"color: #000080\"><strong>Krajcs\u00f3 Etelka \u00c9va<\/strong><\/span><\/li>\n<li><span style=\"color: #000080\"><strong>N\u00e9meth Orsolya<\/strong><\/span><\/li>\n<li><span style=\"color: #000080\"><strong>Rost\u00e1s Guszt\u00e1v<\/strong><\/span><\/li>\n<li><span style=\"color: #000080\"><strong>Sikl\u00f3ssy Regina Beatrix<\/strong><\/span><\/li>\n<li><span style=\"color: #000080\"><strong>Torm\u00e1ssi \u00c1ron Alfr\u00e9d<\/strong><\/span><\/li>\n<\/ul>\n<p><strong><u>2018\/19. tan\u00e9v:<\/u><\/strong><\/p>\n<ul>\n<li><span style=\"color: #000080\"><strong>Balog D\u00e9nes<\/strong><\/span><\/li>\n<li><span style=\"color: #000080\"><strong>Csepregi Anna Be\u00e1ta<\/strong><\/span><\/li>\n<li><span style=\"color: #000080\"><strong>Farkas Kl\u00e1ra Zsuzsanna<\/strong><\/span><\/li>\n<li><span style=\"color: #000080\"><strong>Hammer D\u00e1niel<\/strong><\/span><\/li>\n<li><span style=\"color: #000080\"><strong>Ign\u00e1cz Bettina<\/strong><\/span><\/li>\n<li><span style=\"color: #000080\"><strong>Kaufmann M\u00e1rk<\/strong><\/span><\/li>\n<li><span style=\"color: #000080\"><strong>Koch Lilla<\/strong><\/span><\/li>\n<li><span style=\"color: #000080\"><strong>Kwame Robert Ayewubo<\/strong><\/span><\/li>\n<li><span style=\"color: #000080\"><strong>M\u00e1t\u00e9 Bettina Dominika<\/strong><\/span><\/li>\n<\/ul>\n<p><strong><u>2017\/18. tan\u00e9v:<\/u><\/strong><\/p>\n<ul>\n<li><span style=\"color: #000080\"><strong>Guly\u00e1s D\u00e1niel<\/strong><\/span><\/li>\n<li><span style=\"color: #000080\"><strong>Piros \u00c9va Anna<\/strong><\/span><\/li>\n<li><span style=\"color: #000080\"><strong>Meszes-T\u00f3th Attila<\/strong><\/span><\/li>\n<\/ul>\n<p><strong><u>2016\/17. tan\u00e9v:<\/u><\/strong><\/p>\n<ul>\n<li><span style=\"color: #000080\"><strong>Guly\u00e1s D\u00e1niel<\/strong><\/span><\/li>\n<li><span style=\"color: #000080\"><strong>Penyige \u00c1ron S\u00e1ndor<\/strong><\/span><\/li>\n<li><span style=\"color: #000080\"><strong>Szab\u00f3 Nikolett<\/strong><\/span><\/li>\n<li><span style=\"color: #000080\"><strong>Tam\u00e1ssy Zita Szilvia<\/strong><\/span><\/li>\n<\/ul>\n<p><strong><u>2015\/16. tan\u00e9v:<\/u><\/strong><\/p>\n<ul>\n<li><span style=\"color: #000080\"><strong>Guly\u00e1s D\u00e1niel<\/strong><\/span><\/li>\n<li><span style=\"color: #000080\"><strong>Kulja Andr\u00e1s Tivadar<\/strong><\/span><\/li>\n<li><span style=\"color: #000080\"><strong>Szab\u00f3 Nikolett<\/strong><\/span><\/li>\n<li><span style=\"color: #000080\"><strong>Tam\u00e1ssy Zita Szilvia<\/strong><\/span><\/li>\n<li><span style=\"color: #000080\"><strong>Tr\u00f3bert-Sipos Di\u00e1na<\/strong><\/span><\/li>\n<\/ul>\n<\/div><\/div>\n","protected":false},"excerpt":{"rendered":"<p>2023\/24. tan\u00e9v Anna Meghan Streiff Ebubechukwu Praise Obi-Agha Negin Abdollahy Yasamin Zeinali Kenderfi-Antal B\u00e1lint P\u00e1mer Di\u00e1na Kor\u00e1bbi \u00e9vek 2022\/23. tan\u00e9v: Olsen Henrik Wehn 2021\/22. tan\u00e9v: Falus M\u00e1rton J\u00e1nos Szalay Lili Blanka Utassy Kata Rebeka 2020\/21. tan\u00e9v: Moln\u00e1r Regina N\u00e9meth Orsolya Ruppert M\u00e1t\u00e9 2019\/20. tan\u00e9v: Krajcs\u00f3 Etelka \u00c9va N\u00e9meth Orsolya Rost\u00e1s Guszt\u00e1v Sikl\u00f3ssy Regina Beatrix Torm\u00e1ssi &hellip;<\/p>\n","protected":false},"author":182,"featured_media":0,"parent":0,"menu_order":0,"comment_status":"closed","ping_status":"closed","template":"","meta":{"_acf_changed":false,"footnotes":""},"categories":[],"tags":[],"class_list":["post-2650","page","type-page","status-publish","hentry"],"acf":[],"_links":{"self":[{"href":"https:\/\/semmelweis.hu\/mikrobiologia\/wp-json\/wp\/v2\/pages\/2650","targetHints":{"allow":["GET"]}}],"collection":[{"href":"https:\/\/semmelweis.hu\/mikrobiologia\/wp-json\/wp\/v2\/pages"}],"about":[{"href":"https:\/\/semmelweis.hu\/mikrobiologia\/wp-json\/wp\/v2\/types\/page"}],"author":[{"embeddable":true,"href":"https:\/\/semmelweis.hu\/mikrobiologia\/wp-json\/wp\/v2\/users\/182"}],"replies":[{"embeddable":true,"href":"https:\/\/semmelweis.hu\/mikrobiologia\/wp-json\/wp\/v2\/comments?post=2650"}],"version-history":[{"count":5,"href":"https:\/\/semmelweis.hu\/mikrobiologia\/wp-json\/wp\/v2\/pages\/2650\/revisions"}],"predecessor-version":[{"id":3932,"href":"https:\/\/semmelweis.hu\/mikrobiologia\/wp-json\/wp\/v2\/pages\/2650\/revisions\/3932"}],"wp:attachment":[{"href":"https:\/\/semmelweis.hu\/mikrobiologia\/wp-json\/wp\/v2\/media?parent=2650"}],"wp:term":[{"taxonomy":"category","embeddable":true,"href":"https:\/\/semmelweis.hu\/mikrobiologia\/wp-json\/wp\/v2\/categories?post=2650"},{"taxonomy":"post_tag","embeddable":true,"href":"https:\/\/semmelweis.hu\/mikrobiologia\/wp-json\/wp\/v2\/tags?post=2650"}],"curies":[{"name":"wp","href":"https:\/\/api.w.org\/{rel}","templated":true}]}}