{"id":18,"date":"2016-09-20T11:51:47","date_gmt":"2016-09-20T09:51:47","guid":{"rendered":"http:\/\/semmelweis-egyetem.hu\/mikrobiologia\/?page_id=18"},"modified":"2025-12-15T13:04:00","modified_gmt":"2025-12-15T12:04:00","slug":"munkatarsak","status":"publish","type":"page","link":"https:\/\/semmelweis.hu\/mikrobiologia\/bemutatkozas\/munkatarsak\/","title":{"rendered":"Munkat\u00e1rsak"},"content":{"rendered":"<p style=\"text-align: justify\">Az al\u00e1bbi el\u00e9rhet\u0151s\u00e9gi adatok nem haszn\u00e1lhat\u00f3k fel az 1995. \u00e9vi CXIX. t\u00f6rv\u00e9ny szerinti kutat\u00e1s \u00e9s k\u00f6zvetlen \u00fczletszerz\u00e9s c\u00e9lj\u00e1ra.<\/p>\n<div class=\"responsive-tabs\">\n<h2 class=\"tabtitle\">Vezet\u0151s\u00e9g<\/h2>\n<div class=\"tabcontent\">\n\n<div class=\"keretes w-100\">\n<p><span style=\"color: #000080\"><span style=\"color: #000000\"><strong><img loading=\"lazy\" decoding=\"async\" class=\"wp-image-2453  alignleft\" src=\"https:\/\/semmelweis.hu\/mikrobiologia\/files\/2022\/05\/IMG_20200427_133317-2-341x400.jpg\" alt=\"\" width=\"228\" height=\"267\" srcset=\"https:\/\/semmelweis.hu\/mikrobiologia\/files\/2022\/05\/IMG_20200427_133317-2-341x400.jpg 341w, https:\/\/semmelweis.hu\/mikrobiologia\/files\/2022\/05\/IMG_20200427_133317-2-872x1024.jpg 872w, https:\/\/semmelweis.hu\/mikrobiologia\/files\/2022\/05\/IMG_20200427_133317-2-768x901.jpg 768w, https:\/\/semmelweis.hu\/mikrobiologia\/files\/2022\/05\/IMG_20200427_133317-2-256x300.jpg 256w, https:\/\/semmelweis.hu\/mikrobiologia\/files\/2022\/05\/IMG_20200427_133317-2.jpg 1197w\" sizes=\"auto, (max-width: 228px) 100vw, 228px\" \/><span style=\"color: #000080\">Prof. habil. Dr. Szab\u00f3 D\u00f3ra<\/span><\/strong>, <span style=\"color: #000080\">az\u00a0 MTA\u00a0 Doktora<\/span><br \/>\n<\/span><\/span><span style=\"font-size: 12pt\">int\u00e9zetigazgat\u00f3, egyetemi tan\u00e1r<\/span><\/p>\n<p style=\"text-align: justify\"><span style=\"font-size: 12pt\">Akad\u00e9miai d\u00edj-nyertes PhD-Programvezet\u0151, Kiv\u00e1l\u00f3 PhD Oktat\u00f3<\/span><\/p>\n<p style=\"text-align: justify\"><span style=\"font-size: 12pt\">Orvosi \u00e9s Klinikai Mikrobiol\u00f3gia Szakmai Gr\u00e9mium \u00e9s Szakvizsgabizotts\u00e1g eln\u00f6ke<\/span><\/p>\n<p style=\"text-align: justify\"><span style=\"font-size: 12pt\">az<em> Acta Microbiologica et Immunologica Hungarica<\/em> \u00a0<\/span><span style=\"font-size: 12pt\">foly\u00f3irat f\u0151szerkeszt\u0151je<\/span><\/p>\n<p style=\"text-align: justify\"><span style=\"font-size: 12pt\">Tel.: <strong>+36-1-459-1500 \/ 56101<br \/>\n<\/strong>\u00a0E-mail: <a href=\"mailto:szabo.dora@semmelweis.hu\">szabo.dora@semmelweis.hu<\/a><\/span><\/p>\n<\/div>\n<hr \/>\n<p style=\"text-align: justify\"><strong><a href=\"https:\/\/semmelweis.hu\/mikrobiologia\/files\/2022\/05\/Dobay-Orsolya-1.jpg\"><img loading=\"lazy\" decoding=\"async\" class=\"wp-image-1720  alignleft\" src=\"https:\/\/semmelweis.hu\/mikrobiologia\/files\/2022\/05\/Dobay-Orsolya-1-246x300.jpg\" alt=\"\" width=\"220\" height=\"269\" srcset=\"https:\/\/semmelweis.hu\/mikrobiologia\/files\/2022\/05\/Dobay-Orsolya-1-246x300.jpg 246w, https:\/\/semmelweis.hu\/mikrobiologia\/files\/2022\/05\/Dobay-Orsolya-1.jpg 666w\" sizes=\"auto, (max-width: 220px) 100vw, 220px\" \/><\/a><span style=\"color: #000080\">Dr. habil. Dobay Orsolya<\/span><br \/>\n<\/strong><span style=\"font-size: 12pt\">egyetemi docens, igazgat\u00f3helyettes<\/span><\/p>\n<p><span style=\"font-size: 12pt\">K\u00e9tszeres Kiv\u00e1l\u00f3 PhD T\u00e9mavezet\u0151-d\u00edjas munkat\u00e1rs<\/span><\/p>\n<p><span style=\"font-size: 12pt\">Magyar Mikrobiol\u00f3giai T\u00e1rsas\u00e1g f\u0151titk\u00e1ra<\/span><\/p>\n<p><span style=\"font-size: 12pt\">Magyar Mikrobiol\u00f3giai T\u00e1rsas\u00e1g Manninger Rezs\u0151 Eml\u00e9kplakett-Kit\u00fcntet\u00e9se<\/span><\/p>\n<p style=\"text-align: justify\"><span style=\"font-size: 12pt\">\u00a0Tel.: <strong>+36-1-459-1500 \/56287<br \/>\n<\/strong>\u00a0E-mail: <a href=\"mailto:dobay.orsolya@semmelweis.hu\">dobay.orsolya@semmelweis.hu<\/a><\/span><\/p>\n<hr \/>\n<p><strong><a href=\"https:\/\/semmelweis.hu\/mikrobiologia\/files\/2022\/05\/Kocsis-Bela.jpg\"><img loading=\"lazy\" decoding=\"async\" class=\" wp-image-1722 alignleft\" src=\"https:\/\/semmelweis.hu\/mikrobiologia\/files\/2022\/05\/Kocsis-Bela-228x300.jpg\" alt=\"\" width=\"220\" height=\"289\" srcset=\"https:\/\/semmelweis.hu\/mikrobiologia\/files\/2022\/05\/Kocsis-Bela-228x300.jpg 228w, https:\/\/semmelweis.hu\/mikrobiologia\/files\/2022\/05\/Kocsis-Bela.jpg 758w\" sizes=\"auto, (max-width: 220px) 100vw, 220px\" \/><\/a><span style=\"color: #000080\">Dr. Kocsis B\u00e9la<\/span><br \/>\n<\/strong><span style=\"font-size: 12pt\">egyetemi docens, igazgat\u00f3helyettes<\/span><\/p>\n<p><span style=\"font-size: 12pt\">N\u00e9met tanulm\u00e1nyi felel\u0151s (\u00c1OK, FOK, GYTK)<\/span><br \/>\n<span style=\"font-size: 12pt\">TDK-felel\u0151s<\/span><br \/>\n<span style=\"font-size: 12pt\">Pasteur Erasmus+ Program Koordin\u00e1tor<\/span><br \/>\n<span style=\"font-size: 12pt\">az<em> Acta Microbiologica et Immunologica Hungarica<\/em> \u00a0foly\u00f3irat felel\u0151s szerkeszt\u0151je<\/span><\/p>\n<p><span style=\"font-size: 12pt\">Kutat\u00f3i (Tudom\u00e1nyos) \u00e9s Oktat\u00f3i Merit-d\u00edjas munkat\u00e1rs<\/span><\/p>\n<p><span style=\"font-size: 12pt\">Dr. Szalka Andr\u00e1s- \u00e9s <\/span><span style=\"font-size: 12pt\">MTA Bolyai J\u00e1nos Kutat\u00e1si \u00d6szt\u00f6nd\u00edjban r\u00e9szes\u00fclt<\/span><\/p>\n<p style=\"text-align: justify\"><span style=\"font-size: 12pt\">Tel.: <strong>+36-1-459-1500 \/56319<br \/>\n<\/strong>\u00a0E-mail: <a href=\"mailto:kocsis.bela@semmelweis.hu\">kocsis.bela@semmelweis.hu<\/a><\/span><\/p>\n\n<\/div><h2 class=\"tabtitle\">Titk\u00e1rs\u00e1g<\/h2>\n<div class=\"tabcontent\">\n\n<p><strong><a href=\"https:\/\/semmelweis.hu\/mikrobiologia\/files\/2022\/05\/image_6487327-1-1.jpg\"><img loading=\"lazy\" decoding=\"async\" class=\" wp-image-1998 alignleft\" src=\"https:\/\/semmelweis.hu\/mikrobiologia\/files\/2022\/05\/image_6487327-1-1-222x300.jpg\" alt=\"\" width=\"220\" height=\"297\" srcset=\"https:\/\/semmelweis.hu\/mikrobiologia\/files\/2022\/05\/image_6487327-1-1-222x300.jpg 222w, https:\/\/semmelweis.hu\/mikrobiologia\/files\/2022\/05\/image_6487327-1-1-757x1024.jpg 757w, https:\/\/semmelweis.hu\/mikrobiologia\/files\/2022\/05\/image_6487327-1-1-768x1039.jpg 768w, https:\/\/semmelweis.hu\/mikrobiologia\/files\/2022\/05\/image_6487327-1-1.jpg 828w\" sizes=\"auto, (max-width: 220px) 100vw, 220px\" \/><\/a><span style=\"color: #000080\">Kelemen Orsolya<\/span><br \/>\n<\/strong><span style=\"font-size: 12pt\">titk\u00e1rs\u00e1gi szak\u00e9rt\u0151<\/span><\/p>\n<p style=\"text-align: justify\"><span style=\"font-size: 12pt\">Tel.: <strong>+36-1-459-1500 \/ 56101<br \/>\n<\/strong>E-mail:\u00a0 \u00a0<a href=\"mailto:kelemen.orsolya@semmelweis.hu\" target=\"_blank\" rel=\"noopener\">kelemen.orsolya@semmelweis.hu<\/a><\/span><br \/>\n<span style=\"font-size: 12pt\">\u00a0 \u00a0 \u00a0 \u00a0 \u00a0 \u00a0 \u00a0 \u00a0 <a href=\"mailto:titkarsag.mikro@semmelweis.hu\" target=\"_blank\" rel=\"noopener\">\u00a0titkarsag.mikro@semmelweis.hu<\/a><\/span><\/p>\n<hr \/>\n<p><strong><img loading=\"lazy\" decoding=\"async\" class=\" wp-image-2685 alignleft\" src=\"https:\/\/semmelweis.hu\/mikrobiologia\/files\/2022\/05\/IMG-7143-1-293x400.jpg\" alt=\"\" width=\"223\" height=\"304\" srcset=\"https:\/\/semmelweis.hu\/mikrobiologia\/files\/2022\/05\/IMG-7143-1-293x400.jpg 293w, https:\/\/semmelweis.hu\/mikrobiologia\/files\/2022\/05\/IMG-7143-1-750x1024.jpg 750w, https:\/\/semmelweis.hu\/mikrobiologia\/files\/2022\/05\/IMG-7143-1-768x1049.jpg 768w, https:\/\/semmelweis.hu\/mikrobiologia\/files\/2022\/05\/IMG-7143-1-753x1029.jpg 753w, https:\/\/semmelweis.hu\/mikrobiologia\/files\/2022\/05\/IMG-7143-1.jpg 828w\" sizes=\"auto, (max-width: 223px) 100vw, 223px\" \/><span style=\"color: #000080\">Fekete G\u00e1bor Imre<\/span><\/strong><\/p>\n<p><span style=\"font-size: 12pt\">adminisztrat\u00edv koordin\u00e1tor, informatikus<\/span><\/p>\n<p><span style=\"font-size: 12pt\">Semmelweis Egyetem Kiv\u00e1l\u00f3 dolgoz\u00f3ja<\/span><\/p>\n<p><span style=\"font-size: 12pt\">Tel.: <strong>+36-1-459-1500 \/ 56150<br \/>\n<\/strong>E-mail: <a href=\"mailto:fekete.gabor@semmelweis.hu\">fekete.gabor@semmelweis.hu<\/a><\/span><\/p>\n<p style=\"text-align: justify\">\u00a0<\/p>\n<hr \/>\n<p><strong><a href=\"https:\/\/semmelweis.hu\/mikrobiologia\/files\/2022\/05\/Szemes-Erika.jpg\"><img loading=\"lazy\" decoding=\"async\" class=\" wp-image-1802 alignleft\" src=\"https:\/\/semmelweis.hu\/mikrobiologia\/files\/2022\/05\/Szemes-Erika-234x300.jpg\" alt=\"\" width=\"220\" height=\"282\" srcset=\"https:\/\/semmelweis.hu\/mikrobiologia\/files\/2022\/05\/Szemes-Erika-234x300.jpg 234w, https:\/\/semmelweis.hu\/mikrobiologia\/files\/2022\/05\/Szemes-Erika.jpg 742w\" sizes=\"auto, (max-width: 220px) 100vw, 220px\" \/><\/a><span style=\"color: #000080\">Szemes Erika<\/span><br \/>\n<\/strong><span style=\"font-size: 12pt\">tanulm\u00e1nyi \u00fcgyint\u00e9z\u0151<\/span><\/p>\n<p style=\"text-align: justify\"><span style=\"font-size: 12pt\">E-mail: <a href=\"mailto:szemes.erika@semmelweis.hu\">szemes.erika@semmelweis.hu<\/a><\/span><\/p>\n<p><span style=\"font-size: 12pt\"><strong>\u00a0 \u00a0 \u00a0 \u00a0 \u00a0 \u00a0 \u00a0 \u00a0 \u00a0 \u00a0 \u00a0 \u00a0 \u00a0 \u00a0 \u00a0 \u00a0 \u00a0 \u00a0 \u00a0 \u00a0 \u00a0<\/strong><\/span><\/p>\n<p>&nbsp;<\/p>\n<p>&nbsp;<\/p>\n<p>&nbsp;<\/p>\n\n<\/div><h2 class=\"tabtitle\">Professor emeriti<\/h2>\n<div class=\"tabcontent\">\n\n<p><strong><a href=\"https:\/\/semmelweis.hu\/mikrobiologia\/files\/2022\/05\/Adam-Eva-1.jpg\"><img loading=\"lazy\" decoding=\"async\" class=\" wp-image-1739 alignleft\" src=\"https:\/\/semmelweis.hu\/mikrobiologia\/files\/2022\/05\/Adam-Eva-1-205x300.jpg\" alt=\"\" width=\"220\" height=\"322\" srcset=\"https:\/\/semmelweis.hu\/mikrobiologia\/files\/2022\/05\/Adam-Eva-1-205x300.jpg 205w, https:\/\/semmelweis.hu\/mikrobiologia\/files\/2022\/05\/Adam-Eva-1-700x1024.jpg 700w, https:\/\/semmelweis.hu\/mikrobiologia\/files\/2022\/05\/Adam-Eva-1.jpg 760w\" sizes=\"auto, (max-width: 220px) 100vw, 220px\" \/><\/a><span style=\"color: #000080\">Prof. Dr. \u00c1d\u00e1m \u00c9va \u00c1gnes<\/span><\/strong>, <span style=\"color: #000080\">az MTA doktora<\/span><br \/>\n<span style=\"font-size: 12pt\">Professor emerita<\/span><\/p>\n<p><span style=\"font-size: 12pt\">Batthy\u00e1ny-Strattmann L\u00e1szl\u00f3-D\u00edj<\/span><br \/>\n<span style=\"font-size: 12pt\">Magyar Fels\u0151oktat\u00e1s\u00e9rt Eml\u00e9kplakett-Oktat\u00e1si Miniszteri kit\u00fcntet\u00e9s<\/span><br \/>\n<span style=\"font-size: 12pt\">Orvosi Hetilap Markusovszky-D\u00edj<\/span><br \/>\n<span style=\"font-size: 12pt\">Magyar Mikrobiol\u00f3gia T\u00e1rsas\u00e1g Manninger Rezs\u0151 Eml\u00e9kplakett-Kit\u00fcntet\u00e9se<\/span><\/p>\n<p style=\"text-align: justify\"><span style=\"font-size: 12pt\">\u00a0Tel.: <strong>+36-1-459-1500 \/ 56101<br \/>\n<\/strong>\u00a0E-mail: <a href=\"mailto:adam.eva.agnes@semmelweis.hu\">adam.eva.agnes@semmelweis.hu<\/a><\/span><\/p>\n<hr \/>\n<p><strong><a href=\"https:\/\/semmelweis.hu\/mikrobiologia\/files\/2022\/05\/Nasz-Istvan.jpg\"><img loading=\"lazy\" decoding=\"async\" class=\" wp-image-1793 alignleft\" src=\"https:\/\/semmelweis.hu\/mikrobiologia\/files\/2022\/05\/Nasz-Istvan-208x300.jpg\" alt=\"\" width=\"220\" height=\"317\" srcset=\"https:\/\/semmelweis.hu\/mikrobiologia\/files\/2022\/05\/Nasz-Istvan-208x300.jpg 208w, https:\/\/semmelweis.hu\/mikrobiologia\/files\/2022\/05\/Nasz-Istvan.jpg 666w\" sizes=\"auto, (max-width: 220px) 100vw, 220px\" \/><\/a><span style=\"color: #000080\">Prof. Dr. N\u00e1sz Istv\u00e1n<\/span><\/strong>, <span style=\"color: #000080\">az MTA rendes tagja<\/span><br \/>\n<span style=\"font-size: 12pt\">Professor emeritus<\/span><\/p>\n<p><span style=\"font-size: 12pt\">Sz\u00e9chenyi-d\u00edj<\/span><br \/>\n<span style=\"font-size: 12pt\">Magyar \u00c9rdemrend K\u00f6z\u00e9pkeresztje \u00c1llami Kit\u00fcntet\u00e9s<\/span><\/p>\n<p style=\"text-align: justify\"><span style=\"font-size: 12pt\">Magyar Mikrobiol\u00f3gia T\u00e1rsas\u00e1g Manninger Rezs\u0151 Eml\u00e9kplakett-Kit\u00fcntet\u00e9se<\/span><\/p>\n<p><span style=\"font-size: 12pt\">Tel.: <strong>+36-1-459-1500 \/ 56101<br \/>\n<\/strong>E-mail: <a href=\"mailto:nasz.istvan@semmelweis.hu\">nasz.istvan@semmelweis.hu<\/a><\/span><\/p>\n<p><strong>\u00a0 \u00a0 \u00a0 \u00a0 \u00a0 \u00a0<\/strong><\/p>\n\n<\/div><h2 class=\"tabtitle\">Docensek<\/h2>\n<div class=\"tabcontent\">\n\n<p><strong><a href=\"https:\/\/semmelweis.hu\/mikrobiologia\/files\/2022\/05\/Ostorhazi-Eszter-2-1.jpg\"><img loading=\"lazy\" decoding=\"async\" class=\" wp-image-1796 alignleft\" src=\"https:\/\/semmelweis.hu\/mikrobiologia\/files\/2022\/05\/Ostorhazi-Eszter-2-1-218x300.jpg\" alt=\"\" width=\"220\" height=\"302\" srcset=\"https:\/\/semmelweis.hu\/mikrobiologia\/files\/2022\/05\/Ostorhazi-Eszter-2-1-218x300.jpg 218w, https:\/\/semmelweis.hu\/mikrobiologia\/files\/2022\/05\/Ostorhazi-Eszter-2-1.jpg 409w\" sizes=\"auto, (max-width: 220px) 100vw, 220px\" \/><\/a><span style=\"color: #000080\">Dr. habil. Ostorh\u00e1zi Eszter<\/span><br \/>\n<\/strong><span style=\"font-size: 12pt\">egyetemi docens, klinikai szakorvos<\/span><\/p>\n<p><span style=\"font-size: 12pt\">Mikrobiol\u00f3gia Szakmai Gr\u00e9mium titk\u00e1ra<\/span><br \/>\n<span style=\"font-size: 12pt\">Merit-d\u00edjas oktat\u00f3<\/span><br \/>\n<span style=\"font-size: 12pt\">Rektori dics\u00e9retben r\u00e9szes\u00fclt<\/span><\/p>\n<p style=\"text-align: justify\"><span style=\"font-size: 12pt\">\u00a0Tel.: <strong>+36-1-459-1500 \/56225<br \/>\n<\/strong>\u00a0E-mail: <a href=\"mailto:ostorhazi.eszter@semmelweis.hu\">ostorhazi.eszter@semmelweis.hu<\/a><\/span><\/p>\n\n<\/div><h2 class=\"tabtitle\">\u00d3raad\u00f3k<\/h2>\n<div class=\"tabcontent\">\n\n<p><strong><a href=\"https:\/\/semmelweis.hu\/mikrobiologia\/files\/2022\/05\/Huber-Annamaria.jpg\"><img loading=\"lazy\" decoding=\"async\" class=\" wp-image-1765 alignleft\" src=\"https:\/\/semmelweis.hu\/mikrobiologia\/files\/2022\/05\/Huber-Annamaria-234x300.jpg\" alt=\"\" width=\"220\" height=\"282\" srcset=\"https:\/\/semmelweis.hu\/mikrobiologia\/files\/2022\/05\/Huber-Annamaria-234x300.jpg 234w, https:\/\/semmelweis.hu\/mikrobiologia\/files\/2022\/05\/Huber-Annamaria.jpg 695w\" sizes=\"auto, (max-width: 220px) 100vw, 220px\" \/><\/a><span style=\"color: #000080\">Dr. Huber Annam\u00e1ria<\/span><br \/>\n<\/strong><span style=\"font-size: 12pt\">PhD<\/span><\/p>\n<p><span style=\"font-size: 12pt\">Semmelweis 250+ Kiv\u00e1l\u00f3s\u00e1gi PhD \u00d6szt\u00f6nd\u00edjas<\/span><\/p>\n<p style=\"text-align: justify\"><span style=\"font-size: 12pt\">E-mail: <a href=\"mailto:huber.annamaria@phd.semmelweis.hu\">huber.annamaria@phd.semmelweis.hu<\/a><\/span><\/p>\n<p>&nbsp;<\/p>\n<hr \/>\n<p style=\"text-align: justify\"><strong><span style=\"color: #000080\"><img loading=\"lazy\" decoding=\"async\" class=\"wp-image-3735 alignleft\" src=\"https:\/\/semmelweis.hu\/mikrobiologia\/files\/2023\/05\/Dr.-Kristof-Katalin-362x400.jpg\" alt=\"\" width=\"218\" height=\"240\" srcset=\"https:\/\/semmelweis.hu\/mikrobiologia\/files\/2023\/05\/Dr.-Kristof-Katalin-362x400.jpg 362w, https:\/\/semmelweis.hu\/mikrobiologia\/files\/2023\/05\/Dr.-Kristof-Katalin.jpg 521w\" sizes=\"auto, (max-width: 218px) 100vw, 218px\" \/>Dr. Krist\u00f3f Katalin<\/span><br \/>\n<\/strong><span style=\"font-size: 12pt\">egyetemi docens<\/span><\/p>\n<p style=\"text-align: justify\"><span style=\"font-size: 12pt\">Laborvezet\u0151, Laborat\u00f3riumi Medicina Int\u00e9zet, Mikrobiol\u00f3giai Laborat\u00f3rium\u00a0<\/span><br \/>\n<span style=\"font-size: 12pt\">Orsz\u00e1gos szakfel\u00fcgyel\u0151 f\u0151orvos, Klinikai \u00e9s j\u00e1rv\u00e1ny\u00fcgyi mikrobiol\u00f3giai laborat\u00f3riumi diagnosztika<\/span><\/p>\n<p style=\"text-align: justify\"><span style=\"font-size: 12pt\">Vezet\u0151s\u00e9gi tag, Magyar Infektol\u00f3giai \u00e9s Klinikai mikrobiol\u00f3giai T\u00e1rsas\u00e1g<\/span><\/p>\n<p><span style=\"font-size: 12pt\">Magyar Mikrobiol\u00f3giai T\u00e1rsas\u00e1g Manninger Rezs\u0151 Eml\u00e9kplakett-Kit\u00fcntet\u00e9se<\/span><\/p>\n<p style=\"text-align: justify\"><span style=\"font-size: 12pt\">E-mail: <a href=\"mailto:kristof.katalin@med.semmelweis-univ.hu\" target=\"_blank\" rel=\"noopener\">kristof.katalin@med.semmelweis-univ.hu<\/a><\/span><\/p>\n\n<\/div><h2 class=\"tabtitle\">Mesteroktat\u00f3k<\/h2>\n<div class=\"tabcontent\">\n\n<p><strong><img loading=\"lazy\" decoding=\"async\" class=\"wp-image-3218  alignleft\" src=\"https:\/\/semmelweis.hu\/mikrobiologia\/files\/2023\/02\/60434-310x400.jpg\" alt=\"\" width=\"229\" height=\"295\" srcset=\"https:\/\/semmelweis.hu\/mikrobiologia\/files\/2023\/02\/60434-310x400.jpg 310w, https:\/\/semmelweis.hu\/mikrobiologia\/files\/2023\/02\/60434.jpg 666w\" sizes=\"auto, (max-width: 229px) 100vw, 229px\" \/><span style=\"color: #000080\">Dr. Bartha \u00c1rp\u00e1d L\u00e1szl\u00f3<\/span><br \/>\n<\/strong><span style=\"font-size: 12pt\">mesteroktat\u00f3<br \/>\nszakorvos, Nemzeti N\u00e9peg\u00e9szs\u00e9g\u00fcgyi \u00e9s Gy\u00f3gyszer\u00e9szeti K\u00f6zpont, Virol\u00f3giai Laborat\u00f3riumi Oszt\u00e1ly<br \/>\n<\/span><\/p>\n<p style=\"text-align: justify\"><span style=\"font-size: 12pt\">E-mail: <a href=\"mailto:bartha.arpad.laszlo@semmelweis.hu\">bartha.arpad.laszlo@semmelweis.hu<\/a><\/span><\/p>\n<hr \/>\n<p><strong><a href=\"https:\/\/semmelweis.hu\/mikrobiologia\/files\/2022\/05\/Ghidan-Agoston.jpg\"><img loading=\"lazy\" decoding=\"async\" class=\" wp-image-1749 alignleft\" src=\"https:\/\/semmelweis.hu\/mikrobiologia\/files\/2022\/05\/Ghidan-Agoston-248x300.jpg\" alt=\"\" width=\"220\" height=\"266\" srcset=\"https:\/\/semmelweis.hu\/mikrobiologia\/files\/2022\/05\/Ghidan-Agoston-248x300.jpg 248w, https:\/\/semmelweis.hu\/mikrobiologia\/files\/2022\/05\/Ghidan-Agoston.jpg 644w\" sizes=\"auto, (max-width: 220px) 100vw, 220px\" \/><\/a><span style=\"color: #000080\">Dr. Ghid\u00e1n \u00c1goston<\/span><br \/>\n<\/strong><span style=\"font-size: 12pt\">mesteroktat\u00f3, c\u00edmzetes egyetemi tan\u00e1r (BME)<\/span><\/p>\n<p><span style=\"font-size: 12pt\">magyar, angol tanulm\u00e1nyi felel\u0151s (\u00c1OK, FOK, GYTK)<\/span><br \/>\n<span style=\"font-size: 12pt\">demonstr\u00e1tor-koordin\u00e1tor<\/span><br \/>\n<span style=\"font-size: 12pt\">k\u00e9tszeres Merit-d\u00edjas oktat\u00f3<br \/>\nk\u00e9tszeres Pro Educatione d\u00edjas oktat\u00f3<\/span><\/p>\n<p>&nbsp;<\/p>\n<p><span style=\"font-size: 12pt\">\u00a0Tel.: <strong>+36-1-459-1500 \/ 56212<br \/>\n<\/strong>\u00a0E-mail: <a href=\"mailto:ghidan.agoston@semmelweis.hu\">ghidan.agoston@semmelweis.hu<\/a><\/span><\/p>\n<p>&nbsp;<\/p>\n<hr \/>\n<p><strong><a href=\"https:\/\/semmelweis.hu\/mikrobiologia\/files\/2022\/05\/Kamotsay-Katalin.jpg\"><img loading=\"lazy\" decoding=\"async\" class=\" wp-image-1776 alignleft\" src=\"https:\/\/semmelweis.hu\/mikrobiologia\/files\/2022\/05\/Kamotsay-Katalin-212x300.jpg\" alt=\"\" width=\"220\" height=\"311\" srcset=\"https:\/\/semmelweis.hu\/mikrobiologia\/files\/2022\/05\/Kamotsay-Katalin-212x300.jpg 212w, https:\/\/semmelweis.hu\/mikrobiologia\/files\/2022\/05\/Kamotsay-Katalin.jpg 679w\" sizes=\"auto, (max-width: 220px) 100vw, 220px\" \/><\/a><span style=\"color: #000080\">Dr. Kamotsay Katalin Anna<\/span><br \/>\n<\/strong><span style=\"font-size: 12pt\">mesteroktat\u00f3<\/span><\/p>\n<p><span style=\"font-size: 12pt\">profilvezet\u0151 f\u0151orvos, D\u00e9l-Pesti Centrumk\u00f3rh\u00e1z, Orsz\u00e1gos Hematol\u00f3giai \u00e9s Infektol\u00f3giai Int\u00e9zet, Mikrobiol\u00f3giai Laborat\u00f3rium<\/span><\/p>\n<p>&nbsp;<\/p>\n<hr \/>\n<p><strong><a href=\"https:\/\/semmelweis.hu\/mikrobiologia\/files\/2022\/05\/Kardos-Szilvia.jpg\"><img loading=\"lazy\" decoding=\"async\" class=\"wp-image-1779 alignleft\" src=\"https:\/\/semmelweis.hu\/mikrobiologia\/files\/2022\/05\/Kardos-Szilvia-261x300.jpg\" alt=\"\" width=\"220\" height=\"253\" srcset=\"https:\/\/semmelweis.hu\/mikrobiologia\/files\/2022\/05\/Kardos-Szilvia-261x300.jpg 261w, https:\/\/semmelweis.hu\/mikrobiologia\/files\/2022\/05\/Kardos-Szilvia.jpg 697w\" sizes=\"auto, (max-width: 220px) 100vw, 220px\" \/><\/a><span style=\"color: #000080\">Kardos Szilvia<\/span><br \/>\n<\/strong><span style=\"font-size: 12pt\">mesteroktat\u00f3<\/span><\/p>\n<p><span style=\"font-size: 12pt\">gyakorlati el\u0151k\u00e9sz\u00edt\u0151 labor vezet\u0151je<\/span><\/p>\n<p><span style=\"font-size: 12pt\">Pro Educatione d\u00edjas oktat\u00f3<br \/>\nMagyar Mikrobiol\u00f3giai T\u00e1rsas\u00e1g &#8222;Legjobb fiatal szerz\u0151&#8221;-d\u00edjasa, <br \/>\n<\/span><span style=\"font-size: 12pt\">D\u00e9k\u00e1ni dics\u00e9retben r\u00e9szes\u00fclt<br \/>\n<\/span><\/p>\n<p><span style=\"font-size: 12pt\">Tel.: <strong>+36-1-459-1500 \/ 56224<br \/>\n<\/strong>E-mail: <a href=\"mailto:kardos.szilvia@semmelweis.hu\">kardos.szilvia@semmelweis.hu<\/a><\/span><\/p>\n\n<\/div><h2 class=\"tabtitle\">Adjunktusok<\/h2>\n<div class=\"tabcontent\">\n\n<p><strong><a href=\"https:\/\/semmelweis.hu\/mikrobiologia\/files\/2022\/05\/Domokos-Judit.jpg\"><img loading=\"lazy\" decoding=\"async\" class=\" wp-image-1746 alignleft\" src=\"https:\/\/semmelweis.hu\/mikrobiologia\/files\/2022\/05\/Domokos-Judit-267x300.jpg\" alt=\"\" width=\"220\" height=\"247\" srcset=\"https:\/\/semmelweis.hu\/mikrobiologia\/files\/2022\/05\/Domokos-Judit-267x300.jpg 267w, https:\/\/semmelweis.hu\/mikrobiologia\/files\/2022\/05\/Domokos-Judit.jpg 697w\" sizes=\"auto, (max-width: 220px) 100vw, 220px\" \/><\/a><span style=\"color: #000080\">Dr. Domokos Judit<\/span><br \/>\n<\/strong><span style=\"font-size: 12pt\"><span style=\"color: #000080\"><strong>tart\u00f3s t\u00e1voll\u00e9t<\/strong><\/span> egyetemi adjunktus<\/span><\/p>\n<p><span style=\"font-size: 12pt\">Tel.: <strong>+36-1-459-1500 \/ 56215<br \/>\n<\/strong>E-mail: <a href=\"mailto:domokos.judit@semmelweis.hu\">domokos.judit@semmelweis.hu<\/a><\/span><\/p>\n<hr \/>\n<p><strong><a href=\"https:\/\/semmelweis.hu\/mikrobiologia\/files\/2022\/05\/Horvath-Andrea.jpg\"><img loading=\"lazy\" decoding=\"async\" class=\" wp-image-1764 alignleft\" src=\"https:\/\/semmelweis.hu\/mikrobiologia\/files\/2022\/05\/Horvath-Andrea-226x300.jpg\" alt=\"\" width=\"220\" height=\"292\" srcset=\"https:\/\/semmelweis.hu\/mikrobiologia\/files\/2022\/05\/Horvath-Andrea-226x300.jpg 226w, https:\/\/semmelweis.hu\/mikrobiologia\/files\/2022\/05\/Horvath-Andrea.jpg 690w\" sizes=\"auto, (max-width: 220px) 100vw, 220px\" \/><\/a><span style=\"color: #000080\">Dr. Horv\u00e1th Andrea<\/span><br \/>\n<\/strong><span style=\"font-size: 12pt\">egyetemi adjunktus<\/span><\/p>\n<p><span style=\"font-size: 12pt\">az<em> Acta Microbiologica et Immunologica Hungarica<\/em> \u00a0foly\u00f3irat t\u00e1rsszerkeszt\u0151je<\/span><\/p>\n<p><span style=\"font-size: 12pt\">h\u00e1romszoros Pro Educatione d\u00edjas oktat\u00f3<br \/>\nD\u00e9k\u00e1ni dics\u00e9retben r\u00e9szes\u00fclt<\/span><\/p>\n<p style=\"text-align: justify\"><span style=\"font-size: 12pt\">E-mail: <a href=\"mailto:horvath.andrea1@semmelweis.hu\">horvath.andrea1@semmelweis.hu<\/a><\/span><\/p>\n<hr \/>\n<p><strong><span style=\"color: #000080\"><img loading=\"lazy\" decoding=\"async\" class=\" wp-image-3765 alignleft\" src=\"https:\/\/semmelweis.hu\/mikrobiologia\/files\/2023\/06\/Makai-Szabolcs-342x400.png\" alt=\"\" width=\"221\" height=\"259\" srcset=\"https:\/\/semmelweis.hu\/mikrobiologia\/files\/2023\/06\/Makai-Szabolcs-342x400.png 342w, https:\/\/semmelweis.hu\/mikrobiologia\/files\/2023\/06\/Makai-Szabolcs-768x898.png 768w, https:\/\/semmelweis.hu\/mikrobiologia\/files\/2023\/06\/Makai-Szabolcs-753x880.png 753w, https:\/\/semmelweis.hu\/mikrobiologia\/files\/2023\/06\/Makai-Szabolcs.png 770w\" sizes=\"auto, (max-width: 221px) 100vw, 221px\" \/>Dr. <\/span><\/strong><strong><span style=\"color: #000080\">Makai Szabolcs<\/span><br \/>\n<\/strong><span style=\"font-size: 12pt\">egyetemi adjunktus<\/span><\/p>\n<p><span style=\"font-size: 12pt\">E-mail: <a href=\"mailto:makai.szabolcs@semmelweis.hu\">makai.szabolcs@semmelweis.hu<\/a><\/span><\/p>\n<p>&nbsp;<\/p>\n<p>&nbsp;<\/p>\n<hr \/>\n<p><strong><a href=\"https:\/\/semmelweis.hu\/mikrobiologia\/files\/2022\/05\/Sahin-Toth-Judit.jpg\"><img loading=\"lazy\" decoding=\"async\" class=\"size-medium wp-image-1799 alignleft\" src=\"https:\/\/semmelweis.hu\/mikrobiologia\/files\/2022\/05\/Sahin-Toth-Judit-222x300.jpg\" alt=\"\" width=\"222\" height=\"300\" srcset=\"https:\/\/semmelweis.hu\/mikrobiologia\/files\/2022\/05\/Sahin-Toth-Judit-222x300.jpg 222w, https:\/\/semmelweis.hu\/mikrobiologia\/files\/2022\/05\/Sahin-Toth-Judit.jpg 713w\" sizes=\"auto, (max-width: 222px) 100vw, 222px\" \/><\/a><span style=\"color: #000080\">Dr. Sahin-T\u00f3th Judit<\/span><\/strong><\/p>\n<p><span style=\"font-size: 12pt\">egyetemi adjunktus<\/span><\/p>\n<p><span style=\"font-size: 12pt\">Legjobb fiatal el\u0151ad\u00f3 d\u00edja <em>Magyar Mikrobiol\u00f3giai T\u00e1rsas\u00e1g<\/em><\/span><\/p>\n<p style=\"text-align: justify\"><span style=\"font-size: 12pt\">\u00a0E-mail: <a href=\"mailto:sahin-toth.judit@semmelweis.hu\">sahin-toth.judit@semmelweis.hu<\/a><\/span><\/p>\n<hr \/>\n\n<\/div><h2 class=\"tabtitle\">Tan\u00e1rseg\u00e9dek<\/h2>\n<div class=\"tabcontent\">\n\n<hr \/>\n<p><strong><a href=\"https:\/\/semmelweis.hu\/mikrobiologia\/files\/2022\/05\/gugola-Mate-1.png\"><img loading=\"lazy\" decoding=\"async\" class=\" wp-image-1759 alignleft\" src=\"https:\/\/semmelweis.hu\/mikrobiologia\/files\/2022\/05\/Gugolya-Mate-1-198x300.png\" alt=\"\" width=\"220\" height=\"333\" srcset=\"https:\/\/semmelweis.hu\/mikrobiologia\/files\/2022\/05\/Gugolya-Mate-1-198x300.png 198w, https:\/\/semmelweis.hu\/mikrobiologia\/files\/2022\/05\/Gugolya-Mate-1-677x1024.png 677w, https:\/\/semmelweis.hu\/mikrobiologia\/files\/2022\/05\/Gugolya-Mate-1-768x1162.png 768w, https:\/\/semmelweis.hu\/mikrobiologia\/files\/2022\/05\/Gugolya-Mate-1.png 811w\" sizes=\"auto, (max-width: 220px) 100vw, 220px\" \/><\/a><span style=\"color: #000080\">Dr. Gugolya M\u00e1t\u00e9<\/span><br \/>\n<\/strong><span style=\"font-size: 12pt\">egyetemi tan\u00e1rseg\u00e9d<\/span><\/p>\n<p><span style=\"font-size: 12pt\">PhD-hallgat\u00f3<\/span><\/p>\n<p style=\"text-align: justify\"><span style=\"font-size: 12pt\">\u00a0E-mail: <a href=\"mailto:gugolya.mate@semmelweis.hu\">gugolya.mate@semmelweis.hu<\/a><\/span><\/p>\n<p>&nbsp;<\/p>\n<p>&nbsp;<\/p>\n<p>&nbsp;<\/p>\n<p>&nbsp;<\/p>\n<p><strong><a href=\"https:\/\/semmelweis.hu\/mikrobiologia\/files\/2022\/05\/Nagy-Orsolya.jpg\"><img loading=\"lazy\" decoding=\"async\" class=\"wp-image-1791 alignleft\" src=\"https:\/\/semmelweis.hu\/mikrobiologia\/files\/2022\/05\/Nagy-Orsolya-200x300.jpg\" alt=\"\" width=\"220\" height=\"330\" srcset=\"https:\/\/semmelweis.hu\/mikrobiologia\/files\/2022\/05\/Nagy-Orsolya-200x300.jpg 200w, https:\/\/semmelweis.hu\/mikrobiologia\/files\/2022\/05\/Nagy-Orsolya-682x1024.jpg 682w, https:\/\/semmelweis.hu\/mikrobiologia\/files\/2022\/05\/Nagy-Orsolya-768x1152.jpg 768w, https:\/\/semmelweis.hu\/mikrobiologia\/files\/2022\/05\/Nagy-Orsolya-1024x1536.jpg 1024w, https:\/\/semmelweis.hu\/mikrobiologia\/files\/2022\/05\/Nagy-Orsolya.jpg 1333w\" sizes=\"auto, (max-width: 220px) 100vw, 220px\" \/><\/a><span style=\"color: #000080\">Dr. Nagy Orsolya<\/span><br \/>\n<\/strong><span style=\"font-size: 12pt\">egyetemi tan\u00e1rseg\u00e9d<\/span><\/p>\n<p><span style=\"font-size: 12pt\">laborat\u00f3riumvezet\u0151, Nemzeti N\u00e9peg\u00e9szs\u00e9g\u00fcgyi K\u00f6zpont Vir\u00e1lis Zoon\u00f3zisok Nemzeti Referencia Laborat\u00f3rium<\/span><\/p>\n<p><span style=\"font-size: 12pt\">vezet\u0151s\u00e9gi tag, Magyar STI T\u00e1rsas\u00e1g<\/span><\/p>\n<p><span style=\"font-size: 12pt\">ECDC Emerging and Vector-borne diseases hazai laborat\u00f3riumi kapcsolattart\u00f3ja<\/span><\/p>\n<p style=\"text-align: justify\"><span style=\"font-size: 12pt\">E-mail: <a href=\"mailto:nagy.orsolya@semmelweis.hu\">nagy.orsolya@semmelweis.hu<\/a><\/span><\/p>\n<hr \/>\n<p><span style=\"color: #000000\"><b><a href=\"https:\/\/semmelweis.hu\/mikrobiologia\/files\/2022\/05\/Nemes-Nikodem-Eva.jpg\"><img loading=\"lazy\" decoding=\"async\" class=\" wp-image-1794 alignleft\" src=\"https:\/\/semmelweis.hu\/mikrobiologia\/files\/2022\/05\/Nemes-Nikodem-Eva-221x300.jpg\" alt=\"\" width=\"220\" height=\"299\" srcset=\"https:\/\/semmelweis.hu\/mikrobiologia\/files\/2022\/05\/Nemes-Nikodem-Eva-221x300.jpg 221w, https:\/\/semmelweis.hu\/mikrobiologia\/files\/2022\/05\/Nemes-Nikodem-Eva.jpg 711w\" sizes=\"auto, (max-width: 220px) 100vw, 220px\" \/><\/a><span style=\"color: #000080\">Nemes-Nikod\u00e9m \u00c9va<\/span><br \/>\n<\/b><\/span><span style=\"font-size: 12pt\">egyetemi tan\u00e1rseg\u00e9d<\/span><\/p>\n<p style=\"text-align: justify\"><span style=\"font-size: 12pt\">E-mail:<a href=\"mailto:nemes-nikodem.eva@semmelweis.hu\">nemes-nikodem.eva@semmelweis.hu<\/a><\/span><\/p>\n<p><span style=\"font-size: 12pt\">Pro Educatione d\u00edjas oktat\u00f3<\/span><\/p>\n<hr \/>\n<p><strong><a href=\"https:\/\/semmelweis.hu\/mikrobiologia\/files\/2022\/05\/Stercz-Balazs.jpg\"><img loading=\"lazy\" decoding=\"async\" class=\" wp-image-1800 alignleft\" src=\"https:\/\/semmelweis.hu\/mikrobiologia\/files\/2022\/05\/Stercz-Balazs-261x300.jpg\" alt=\"\" width=\"220\" height=\"253\" srcset=\"https:\/\/semmelweis.hu\/mikrobiologia\/files\/2022\/05\/Stercz-Balazs-261x300.jpg 261w, https:\/\/semmelweis.hu\/mikrobiologia\/files\/2022\/05\/Stercz-Balazs.jpg 700w\" sizes=\"auto, (max-width: 220px) 100vw, 220px\" \/><\/a><span style=\"color: #000080\">Stercz Bal\u00e1zs<\/span><br \/>\n<\/strong><span style=\"font-size: 12pt\">egyetemi tan\u00e1rseg\u00e9d<\/span><\/p>\n<p>&nbsp;<\/p>\n<p><span style=\"font-size: 12pt\">D\u00e9k\u00e1ni dics\u00e9retben r\u00e9szes\u00fclt<\/span><\/p>\n<p style=\"text-align: justify\"><span style=\"font-size: 12pt\">E-mail: <a href=\"mailto:stercz.balazs@semmelweis.hu\">stercz.balazs@semmelweis.hu<\/a><\/span><\/p>\n\n<\/div><h2 class=\"tabtitle\">HUN-REN-SE Kutat\u00f3csoport<\/h2>\n<div class=\"tabcontent\">\n\n<p><img loading=\"lazy\" decoding=\"async\" class=\"wp-image-3810 alignleft\" src=\"https:\/\/semmelweis.hu\/mikrobiologia\/files\/2023\/06\/profile.jpg\" alt=\"\" width=\"222\" height=\"222\" srcset=\"https:\/\/semmelweis.hu\/mikrobiologia\/files\/2023\/06\/profile.jpg 400w, https:\/\/semmelweis.hu\/mikrobiologia\/files\/2023\/06\/profile-150x150.jpg 150w\" sizes=\"auto, (max-width: 222px) 100vw, 222px\" \/><\/p>\n<p><strong><span style=\"color: #000080\">Dr. Dunai Zsuzsanna<\/span><br \/>\n<\/strong><span style=\"font-size: 12pt\">tudom\u00e1nyos munkat\u00e1rs<\/span><\/p>\n<hr \/>\n<p>&nbsp;<\/p>\n<p><strong><span style=\"color: #000080\">Tanai Henriette<\/span><br \/>\n<\/strong><span style=\"font-size: 12pt\">E-mail: <a href=\"mailto:takacs.maria@med.semmelweis-univ.hu\">tanai.henriette@med.semmelweis-univ.hu<\/a><\/span><\/p>\n\n<\/div><h2 class=\"tabtitle\">Tudom\u00e1nyos f\u0151munkat\u00e1rsak, munkat\u00e1rsak<\/h2>\n<div class=\"tabcontent\">\n\n<hr \/>\n<p><strong><a href=\"https:\/\/semmelweis.hu\/mikrobiologia\/files\/2022\/05\/Takacs-Maria.jpg\"><img loading=\"lazy\" decoding=\"async\" class=\" wp-image-1804 alignleft\" src=\"https:\/\/semmelweis.hu\/mikrobiologia\/files\/2022\/05\/Takacs-Maria-240x300.jpg\" alt=\"\" width=\"220\" height=\"275\" srcset=\"https:\/\/semmelweis.hu\/mikrobiologia\/files\/2022\/05\/Takacs-Maria-240x300.jpg 240w, https:\/\/semmelweis.hu\/mikrobiologia\/files\/2022\/05\/Takacs-Maria.jpg 553w\" sizes=\"auto, (max-width: 220px) 100vw, 220px\" \/><\/a><span style=\"color: #000080\">Prof. Dr. Tak\u00e1cs M\u00e1ria<\/span><br \/>\n<\/strong><span style=\"font-size: 12pt\">tudom\u00e1nyos munkat\u00e1rs<\/span><\/p>\n<p><span style=\"font-size: 12pt\">virol\u00f3gus, c\u00edmzetes egyetemi tan\u00e1r<\/span><\/p>\n<p><span style=\"font-size: 12pt\">szaktan\u00e1csad\u00f3, Nemzeti N\u00e9peg\u00e9szs\u00e9g\u00fcgyi K\u00f6zpont, Virol\u00f3giai Laborat\u00f3riumi Oszt\u00e1ly<\/span><\/p>\n<p><span style=\"font-size: 12pt\">Magyar Zoon\u00f3zis T\u00e1rsas\u00e1g H\u0151gyes-Aujeszky eml\u00e9k\u00e9rem,<br \/>\nOrvosi Hetilap Markusovszky-D\u00edj,<\/span><br \/>\n<span style=\"font-size: 12pt\">Magyar Mikrobiol\u00f3giai T\u00e1rsas\u00e1g Manninger Rezs\u0151 Eml\u00e9kplakett-Kit\u00fcntet\u00e9se<\/span><\/p>\n<p style=\"text-align: justify\"><span style=\"font-size: 12pt\">E-mail: <a href=\"mailto:takacs.maria@semmelweis.hu\">takacs.maria@semmelweis.hu<\/a><\/span><\/p>\n<hr \/>\n<p><strong><a href=\"https:\/\/semmelweis.hu\/mikrobiologia\/files\/2022\/05\/IMG-6843.jpg\"><img loading=\"lazy\" decoding=\"async\" class=\" wp-image-2077 alignleft\" src=\"https:\/\/semmelweis.hu\/mikrobiologia\/files\/2022\/05\/IMG-6843-232x300.jpg\" alt=\"\" width=\"220\" height=\"285\" srcset=\"https:\/\/semmelweis.hu\/mikrobiologia\/files\/2022\/05\/IMG-6843-232x300.jpg 232w, https:\/\/semmelweis.hu\/mikrobiologia\/files\/2022\/05\/IMG-6843.jpg 308w\" sizes=\"auto, (max-width: 220px) 100vw, 220px\" \/><\/a><span style=\"color: #000080\">Dr. Kis Zolt\u00e1n<\/span><br \/>\n<\/strong><span style=\"font-size: 12pt\">tudom\u00e1nyos munkat\u00e1rs<\/span><\/p>\n<p><span style=\"font-size: 12pt\">szakmai vezet\u0151, Nemzeti Biztons\u00e1gi Laborat\u00f3rium<\/span><\/p>\n<p><span style=\"font-size: 12pt\">virol\u00f3gus, laborat\u00f3riumvezet\u0151, Influenza \u00e9s l\u00e9g\u00fati v\u00edrus Nemzeti Referencia Laborat\u00f3riuma<\/span><\/p>\n<p><span style=\"font-size: 12pt\">Magyar Mikrobiol\u00f3giai T\u00e1rsas\u00e1g Manninger Rezs\u0151 Eml\u00e9kplakett-Kit\u00fcntet\u00e9se<\/span><\/p>\n<p style=\"text-align: justify\"><span style=\"font-size: 12pt\">E-mail: <a href=\"mailto:kis.zoltan@med.semmelweis-univ.hu\">kis.zoltan@med.semmelweis-univ.hu<\/a><\/span><\/p>\n\n<\/div><h2 class=\"tabtitle\">Tudom\u00e1nyos seg\u00e9dmunkat\u00e1rsak<\/h2>\n<div class=\"tabcontent\">\n\n<p><strong><a href=\"https:\/\/semmelweis.hu\/mikrobiologia\/files\/2022\/05\/Kadar-Bela.jpg\"><img loading=\"lazy\" decoding=\"async\" class=\" wp-image-1773 alignleft\" src=\"https:\/\/semmelweis.hu\/mikrobiologia\/files\/2022\/05\/Kadar-Bela-186x300.jpg\" alt=\"\" width=\"220\" height=\"355\" srcset=\"https:\/\/semmelweis.hu\/mikrobiologia\/files\/2022\/05\/Kadar-Bela-186x300.jpg 186w, https:\/\/semmelweis.hu\/mikrobiologia\/files\/2022\/05\/Kadar-Bela-633x1024.jpg 633w, https:\/\/semmelweis.hu\/mikrobiologia\/files\/2022\/05\/Kadar-Bela.jpg 650w\" sizes=\"auto, (max-width: 220px) 100vw, 220px\" \/><\/a><span style=\"color: #000080\">Dr. K\u00e1d\u00e1r B\u00e9la<\/span><br \/>\n<\/strong><span style=\"font-size: 12pt\">tudom\u00e1nyos seg\u00e9dmunkat\u00e1rs<\/span><\/p>\n<p><span style=\"font-size: 12pt\">szakorvos, D\u00e9l-Pesti Centrumk\u00f3rh\u00e1z, Orsz\u00e1gos Hematol\u00f3giai \u00e9s Infektol\u00f3giai Int\u00e9zet, Mikrobiol\u00f3giai Laborat\u00f3rium<\/span><\/p>\n<p style=\"text-align: justify\"><span style=\"font-size: 12pt\">E-mail: <a href=\"mailto:kadar.bela@semmelweis.hu\" target=\"_blank\" rel=\"noopener\">kadar.bela@semmelweis.hu<\/a><\/span><\/p>\n<hr \/>\n<p><strong><a href=\"https:\/\/semmelweis.hu\/mikrobiologia\/files\/2022\/05\/Szasz-Mate.jpg\"><img loading=\"lazy\" decoding=\"async\" class=\" wp-image-1801 alignleft\" src=\"https:\/\/semmelweis.hu\/mikrobiologia\/files\/2022\/05\/Szasz-Mate-222x300.jpg\" alt=\"\" width=\"220\" height=\"297\" srcset=\"https:\/\/semmelweis.hu\/mikrobiologia\/files\/2022\/05\/Szasz-Mate-222x300.jpg 222w, https:\/\/semmelweis.hu\/mikrobiologia\/files\/2022\/05\/Szasz-Mate.jpg 688w\" sizes=\"auto, (max-width: 220px) 100vw, 220px\" \/><\/a><span style=\"color: #000080\">Dr. Sz\u00e1sz M\u00e1t\u00e9 S\u00e1ndor<\/span><br \/>\n<\/strong><span style=\"font-size: 12pt\">tudom\u00e1nyos seg\u00e9dmunkat\u00e1rs<\/span><\/p>\n<p><span style=\"font-size: 12pt\">szakorvos, D\u00e9l-Pesti Centrumk\u00f3rh\u00e1z, Orsz\u00e1gos Hematol\u00f3giai \u00e9s Infektol\u00f3giai Int\u00e9zet<\/span><\/p>\n<p style=\"text-align: justify\"><span style=\"font-size: 12pt\">E-mail: <a href=\"mailto:szasz.mate@med.semmelweis-univ.hu\">szasz.mate@med.semmelweis-univ.hu<\/a><\/span><\/p>\n<p>&nbsp;<\/p>\n<p>&nbsp;<\/p>\n<p>&nbsp;<\/p>\n\n<\/div><h2 class=\"tabtitle\">Tansz\u00e9ki m\u00e9rn\u00f6k\u00f6k, kutat\u00e1si munkat\u00e1rsak<\/h2>\n<div class=\"tabcontent\">\n\n<p><strong><a href=\"https:\/\/semmelweis.hu\/mikrobiologia\/files\/2025\/11\/profile_placeholder_female.png\"><img loading=\"lazy\" decoding=\"async\" class=\" wp-image-2042 alignleft\" src=\"https:\/\/semmelweis.hu\/mikrobiologia\/files\/2025\/11\/profile_placeholder_female.png\" alt=\"\" width=\"220\" height=\"248\" \/><\/a><span style=\"color: #000080\">Ferenczn\u00e9 Paluska Ildik\u00f3<\/span><br \/>\n<\/strong><span style=\"font-size: 12pt\">kutat\u00e1si munkat\u00e1rs<\/span><\/p>\n<p><span style=\"font-size: 12pt\">E-mail: <a href=\"mailto:ferenczne.paluska.ildiko@semmelweis.hu\">ferenczne.paluska.ildiko@semmelweis.hu<\/a><\/span><\/p>\n<p style=\"text-align: justify\">\u00a0<\/p>\n<hr \/>\n<p><strong><a href=\"https:\/\/semmelweis.hu\/mikrobiologia\/files\/2022\/05\/image_6483441-1.jpg\"><img loading=\"lazy\" decoding=\"async\" class=\" wp-image-2042 alignleft\" src=\"https:\/\/semmelweis.hu\/mikrobiologia\/files\/2022\/05\/image_6483441-1-267x300.jpg\" alt=\"\" width=\"220\" height=\"248\" srcset=\"https:\/\/semmelweis.hu\/mikrobiologia\/files\/2022\/05\/image_6483441-1-267x300.jpg 267w, https:\/\/semmelweis.hu\/mikrobiologia\/files\/2022\/05\/image_6483441-1.jpg 612w\" sizes=\"auto, (max-width: 220px) 100vw, 220px\" \/><\/a><span style=\"color: #000080\">Dr. Juh\u00e1sz J\u00e1nos<\/span><br \/>\n<\/strong><span style=\"font-size: 12pt\">tansz\u00e9ki m\u00e9rn\u00f6k<\/span><\/p>\n<p><span style=\"font-size: 12pt\">E-mail: <a href=\"mailto:juhasz.janos@semmelweis.hu\">juhasz.janos@semmelweis.hu<\/a><\/span><\/p>\n<p style=\"text-align: justify\">\u00a0<\/p>\n<hr \/>\n<p><strong><a href=\"https:\/\/semmelweis.hu\/mikrobiologia\/files\/2022\/05\/Makra-Nora.jpg\"><img loading=\"lazy\" decoding=\"async\" class=\" wp-image-1784 alignleft\" src=\"https:\/\/semmelweis.hu\/mikrobiologia\/files\/2022\/05\/Makra-Nora-300x292.jpg\" alt=\"\" width=\"220\" height=\"214\" srcset=\"https:\/\/semmelweis.hu\/mikrobiologia\/files\/2022\/05\/Makra-Nora-300x292.jpg 300w, https:\/\/semmelweis.hu\/mikrobiologia\/files\/2022\/05\/Makra-Nora-768x747.jpg 768w, https:\/\/semmelweis.hu\/mikrobiologia\/files\/2022\/05\/Makra-Nora-308x300.jpg 308w, https:\/\/semmelweis.hu\/mikrobiologia\/files\/2022\/05\/Makra-Nora.jpg 780w\" sizes=\"auto, (max-width: 220px) 100vw, 220px\" \/><\/a><span style=\"color: #000080\">Makra N\u00f3ra<\/span><br \/>\n<\/strong><span style=\"font-size: 12pt\">kutat\u00e1si munkat\u00e1rs<\/span><\/p>\n<p style=\"text-align: justify\"><span style=\"font-size: 12pt\">E-mail: <a href=\"mailto:makra.nora@semmelweis.hu\">makra.nora@semmelweis.hu<\/a><\/span><\/p>\n<p>&nbsp;<\/p>\n<p>&nbsp;<\/p>\n<p>&nbsp;<\/p>\n\n<\/div><h2 class=\"tabtitle\">Rezidensek<\/h2>\n<div class=\"tabcontent\">\n\n<p><strong><img loading=\"lazy\" decoding=\"async\" class=\"wp-image-3137  alignleft\" src=\"https:\/\/semmelweis.hu\/mikrobiologia\/files\/2023\/01\/Hofmeister-Balint.jpg-328x400.png\" alt=\"\" width=\"217\" height=\"265\" srcset=\"https:\/\/semmelweis.hu\/mikrobiologia\/files\/2023\/01\/Hofmeister-Balint.jpg-328x400.png 328w, https:\/\/semmelweis.hu\/mikrobiologia\/files\/2023\/01\/Hofmeister-Balint.jpg.png 492w\" sizes=\"auto, (max-width: 217px) 100vw, 217px\" \/><span style=\"color: #000080\">Dr. Hofmeister B\u00e1lint<\/span><br \/>\n<\/strong><span style=\"font-size: 12pt\">rezidens orvos<\/span><\/p>\n<p style=\"text-align: justify\"><span style=\"font-size: 12pt\">\u00a0E-mail: <a href=\"mailto:hofmeister.balint@semmelweis.hu\">hofmeister.balint@semmelweis.hu<\/a><\/span><\/p>\n<p>&nbsp;<\/p>\n<hr \/>\n<p><strong><img loading=\"lazy\" decoding=\"async\" class=\"wp-image-3137  alignleft\" src=\"https:\/\/semmelweis.hu\/mikrobiologia\/files\/2025\/11\/profile_placeholder_male.png\" alt=\"\" width=\"217\" height=\"265\" \/><span style=\"color: #000080\">Dr. Kubicsk\u00f3 Andr\u00e1s<\/span><br \/>\n<\/strong><span style=\"font-size: 12pt\">rezidens orvos<\/span><\/p>\n<p style=\"text-align: justify\"><span style=\"font-size: 12pt\">\u00a0E-mail: <a href=\"mailto:kubicsko.andras@semmelweis.hu\">kubicsko.andras@semmelweis.hu<\/a><\/span><\/p>\n<p>&nbsp;<\/p>\n<hr \/>\n<p><strong><img loading=\"lazy\" decoding=\"async\" class=\"wp-image-3137  alignleft\" src=\"https:\/\/semmelweis.hu\/mikrobiologia\/files\/2025\/11\/profile_placeholder_male.png\" alt=\"\" width=\"217\" height=\"265\" \/><span style=\"color: #000080\">Dr. Pusk\u00e1s Hunor<\/span><br \/>\n<\/strong><span style=\"font-size: 12pt\">rezidens orvos<\/span><\/p>\n<p style=\"text-align: justify\"><span style=\"font-size: 12pt\">\u00a0E-mail: <a href=\"mailto:puskas.huno@semmelweis.hu\">puskas.hunor@semmelweis.hu<\/a><\/span><\/p>\n<p>&nbsp;<\/p>\n<hr \/>\n\n<\/div><h2 class=\"tabtitle\">PhD-hallgat\u00f3k<\/h2>\n<div class=\"tabcontent\">\n\n<p><strong><a href=\"https:\/\/semmelweis.hu\/mikrobiologia\/files\/2022\/05\/Hummel-David.jpg\"><img loading=\"lazy\" decoding=\"async\" class=\" wp-image-1766 alignleft\" src=\"https:\/\/semmelweis.hu\/mikrobiologia\/files\/2022\/05\/Hummel-David-278x300.jpg\" alt=\"\" width=\"220\" height=\"237\" srcset=\"https:\/\/semmelweis.hu\/mikrobiologia\/files\/2022\/05\/Hummel-David-278x300.jpg 278w, https:\/\/semmelweis.hu\/mikrobiologia\/files\/2022\/05\/Hummel-David.jpg 730w\" sizes=\"auto, (max-width: 220px) 100vw, 220px\" \/><\/a><span style=\"color: #000080\">Hummel D\u00e1vid<\/span><br \/>\n<\/strong><span style=\"font-size: 12pt\">PhD-hallgat\u00f3<\/span><\/p>\n<p style=\"text-align: justify\"><span style=\"font-size: 12pt\">E-mail: <a href=\"mailto:hummel.david@phd.semmelweis.hu\">hummel.david@phd.semmelweis.hu<\/a><\/span><\/p>\n\n<\/div><h2 class=\"tabtitle\">Asszisztensek<\/h2>\n<div class=\"tabcontent\">\n\n<hr \/>\n<p><strong><img loading=\"lazy\" decoding=\"async\" class=\"wp-image-3322  alignleft\" src=\"https:\/\/semmelweis.hu\/mikrobiologia\/files\/2023\/02\/Heim-Margo-crop-312x400.png\" alt=\"\" width=\"217\" height=\"278\" srcset=\"https:\/\/semmelweis.hu\/mikrobiologia\/files\/2023\/02\/Heim-Margo-crop-312x400.png 312w, https:\/\/semmelweis.hu\/mikrobiologia\/files\/2023\/02\/Heim-Margo-crop.png 400w\" sizes=\"auto, (max-width: 217px) 100vw, 217px\" \/><\/strong><strong><span style=\"color: #000080\">Kamaszn\u00e9 Heim Margit<\/span><br \/>\n<\/strong><span style=\"font-size: 12pt\">laborat\u00f3riumi asszisztens<\/span><\/p>\n<hr \/>\n<p><strong><img loading=\"lazy\" decoding=\"async\" class=\"wp-image-2539  alignleft\" src=\"https:\/\/semmelweis.hu\/mikrobiologia\/files\/2022\/05\/IMG-7069-298x400.jpg\" alt=\"\" width=\"211\" height=\"283\" \/><\/strong><strong><span style=\"color: #000080\">Kap\u00e1s M\u00f3nika<\/span><br \/>\n<\/strong><span style=\"font-size: 12pt\">kutat\u00e1si szakasszisztens<\/span><\/p>\n<p><span style=\"font-size: 12pt\">K\u00f6rnyezetv\u00e9delmi felel\u0151s<\/span><\/p>\n<p><span style=\"font-size: 12pt\">Tel.: <strong>+36-1-459-1500 \/ 56433<br \/>\n<\/strong>E-mail: <a href=\"mailto:kapas.monika@semmelweis.hu\">kapas.monika@semmelweis.hu<\/a><\/span><\/p>\n<hr \/>\n<p><strong><a href=\"https:\/\/semmelweis.hu\/mikrobiologia\/files\/2022\/05\/Uzsonyik-Noemi.jpg\"><img loading=\"lazy\" decoding=\"async\" class=\" wp-image-1805 alignleft\" src=\"https:\/\/semmelweis.hu\/mikrobiologia\/files\/2022\/05\/Uzsonyik-Noemi-230x300.jpg\" alt=\"\" width=\"220\" height=\"287\" srcset=\"https:\/\/semmelweis.hu\/mikrobiologia\/files\/2022\/05\/Uzsonyik-Noemi-230x300.jpg 230w, https:\/\/semmelweis.hu\/mikrobiologia\/files\/2022\/05\/Uzsonyik-Noemi.jpg 401w\" sizes=\"auto, (max-width: 220px) 100vw, 220px\" \/><\/a><span style=\"color: #000080\">Uzsonyik No\u00e9mi<\/span><br \/>\n<\/strong><span style=\"text-align: justify;font-size: 12pt\">kutat\u00e1si szakasszisztens<\/span><\/p>\n<p><span style=\"font-size: 12pt\">Semmelweis Egyetem Kiv\u00e1l\u00f3 dolgoz\u00f3ja<\/span><\/p>\n<p style=\"text-align: start\"><span style=\"font-size: 12pt\"><span style=\"text-align: justify\">E-mail: <\/span><a href=\"mailto:uzsonyik.noemi@semmelweis.hu\">uzsonyik.noemi@semmelweis.hu<\/a><\/span><\/p>\n<\/div><\/div>\n","protected":false},"excerpt":{"rendered":"<p>Az al\u00e1bbi el\u00e9rhet\u0151s\u00e9gi adatok nem haszn\u00e1lhat\u00f3k fel az 1995. \u00e9vi CXIX. t\u00f6rv\u00e9ny szerinti kutat\u00e1s \u00e9s k\u00f6zvetlen \u00fczletszerz\u00e9s c\u00e9lj\u00e1ra. Prof. habil. Dr. Szab\u00f3 D\u00f3ra, az\u00a0 MTA\u00a0 Doktora int\u00e9zetigazgat\u00f3, egyetemi tan\u00e1r Akad\u00e9miai d\u00edj-nyertes PhD-Programvezet\u0151, Kiv\u00e1l\u00f3 PhD Oktat\u00f3 Orvosi \u00e9s Klinikai Mikrobiol\u00f3gia Szakmai Gr\u00e9mium \u00e9s Szakvizsgabizotts\u00e1g eln\u00f6ke az Acta Microbiologica et Immunologica Hungarica \u00a0foly\u00f3irat f\u0151szerkeszt\u0151je Tel.: +36-1-459-1500 \/ &hellip;<\/p>\n","protected":false},"author":8,"featured_media":0,"parent":1521,"menu_order":2,"comment_status":"open","ping_status":"open","template":"","meta":{"_acf_changed":false,"footnotes":""},"categories":[],"tags":[],"class_list":["post-18","page","type-page","status-publish","hentry"],"acf":[],"_links":{"self":[{"href":"https:\/\/semmelweis.hu\/mikrobiologia\/wp-json\/wp\/v2\/pages\/18","targetHints":{"allow":["GET"]}}],"collection":[{"href":"https:\/\/semmelweis.hu\/mikrobiologia\/wp-json\/wp\/v2\/pages"}],"about":[{"href":"https:\/\/semmelweis.hu\/mikrobiologia\/wp-json\/wp\/v2\/types\/page"}],"author":[{"embeddable":true,"href":"https:\/\/semmelweis.hu\/mikrobiologia\/wp-json\/wp\/v2\/users\/8"}],"replies":[{"embeddable":true,"href":"https:\/\/semmelweis.hu\/mikrobiologia\/wp-json\/wp\/v2\/comments?post=18"}],"version-history":[{"count":12,"href":"https:\/\/semmelweis.hu\/mikrobiologia\/wp-json\/wp\/v2\/pages\/18\/revisions"}],"predecessor-version":[{"id":1708,"href":"https:\/\/semmelweis.hu\/mikrobiologia\/wp-json\/wp\/v2\/pages\/18\/revisions\/1708"}],"up":[{"embeddable":true,"href":"https:\/\/semmelweis.hu\/mikrobiologia\/wp-json\/wp\/v2\/pages\/1521"}],"wp:attachment":[{"href":"https:\/\/semmelweis.hu\/mikrobiologia\/wp-json\/wp\/v2\/media?parent=18"}],"wp:term":[{"taxonomy":"category","embeddable":true,"href":"https:\/\/semmelweis.hu\/mikrobiologia\/wp-json\/wp\/v2\/categories?post=18"},{"taxonomy":"post_tag","embeddable":true,"href":"https:\/\/semmelweis.hu\/mikrobiologia\/wp-json\/wp\/v2\/tags?post=18"}],"curies":[{"name":"wp","href":"https:\/\/api.w.org\/{rel}","templated":true}]}}