{"id":1466,"date":"2022-01-06T10:19:22","date_gmt":"2022-01-06T09:19:22","guid":{"rendered":"https:\/\/semmelweis.hu\/mikrobiologia\/?page_id=1466"},"modified":"2025-11-05T11:30:29","modified_gmt":"2025-11-05T10:30:29","slug":"gram-negativ-rezisztencia-kutatocsoport","status":"publish","type":"page","link":"https:\/\/semmelweis.hu\/mikrobiologia\/kutatas\/kutatocsoportok\/gram-negativ-rezisztencia-kutatocsoport\/","title":{"rendered":"Gram-negat\u00edv rezisztencia Kutat\u00f3csoport"},"content":{"rendered":"<div class=\"keretes w-100\">\n<p><span style=\"color: #000080\"><strong>Kutat\u00f3csoport tagjai<\/strong><\/span><\/p>\n<\/div>\n<p><img loading=\"lazy\" decoding=\"async\" class=\"wp-image-3642 aligncenter\" src=\"https:\/\/semmelweis.hu\/mikrobiologia\/files\/2023\/04\/Gram-negativ_2-400x172.jpg\" alt=\"\" width=\"589\" height=\"253\" srcset=\"https:\/\/semmelweis.hu\/mikrobiologia\/files\/2023\/04\/Gram-negativ_2-400x172.jpg 400w, https:\/\/semmelweis.hu\/mikrobiologia\/files\/2023\/04\/Gram-negativ_2-1024x440.jpg 1024w, https:\/\/semmelweis.hu\/mikrobiologia\/files\/2023\/04\/Gram-negativ_2-768x330.jpg 768w, https:\/\/semmelweis.hu\/mikrobiologia\/files\/2023\/04\/Gram-negativ_2-1536x661.jpg 1536w, https:\/\/semmelweis.hu\/mikrobiologia\/files\/2023\/04\/Gram-negativ_2-2048x881.jpg 2048w, https:\/\/semmelweis.hu\/mikrobiologia\/files\/2023\/04\/Gram-negativ_2-753x324.jpg 753w\" sizes=\"auto, (max-width: 589px) 100vw, 589px\" \/><\/p>\n<ul>\n<li style=\"list-style-type: none\">\n<ul style=\"list-style-type: square\">\n<li><span style=\"color: #003366;font-size: 14pt\"><strong>Prof. Dr. Szab\u00f3 D\u00f3ra <\/strong><\/span><span style=\"font-size: 12pt\">egyetemi tan\u00e1r<\/span><\/li>\n<li><span style=\"color: #003366;font-size: 14pt\"><strong>Dr. Kocsis B\u00e9la<\/strong><\/span> <span style=\"font-size: 12pt\">egyetemi docens<\/span><\/li>\n<li><span style=\"font-size: 14pt\"><strong><span style=\"color: #003366\">Dr. Domokos Judit<\/span><\/strong><\/span><span style=\"font-size: 12pt\"> egyetemi adjunktus<\/span><\/li>\n<li><span style=\"color: #003366;font-size: 14pt\"><strong>Dr. K\u00e1d\u00e1r B\u00e9la<\/strong><\/span> <span style=\"font-size: 12pt\">tudom\u00e1nyos seg\u00e9dmunkat\u00e1rs<\/span><\/li>\n<li><span style=\"color: #003366\"><strong><span style=\"font-size: 14pt\">Dr. Gugolya M\u00e1t\u00e9<\/span> <\/strong><span style=\"color: #000000;font-size: 12pt\">szakgy\u00f3gyszer\u00e9sz, PhD hallgat\u00f3<\/span><\/span><\/li>\n<\/ul>\n<\/li>\n<\/ul>\n<div class=\"keretes w-100\">\n<p><span style=\"color: #000080\"><strong>Kutat\u00e1si t\u00e9ma<\/strong><\/span><\/p>\n<\/div>\n<p><strong style=\"color: #003366\"><img loading=\"lazy\" decoding=\"async\" class=\"wp-image-3259 alignleft\" src=\"https:\/\/semmelweis.hu\/mikrobiologia\/files\/2023\/02\/IMG_0742-300x400.jpg\" alt=\"\" width=\"165\" height=\"220\" srcset=\"https:\/\/semmelweis.hu\/mikrobiologia\/files\/2023\/02\/IMG_0742-300x400.jpg 300w, https:\/\/semmelweis.hu\/mikrobiologia\/files\/2023\/02\/IMG_0742-768x1024.jpg 768w, https:\/\/semmelweis.hu\/mikrobiologia\/files\/2023\/02\/IMG_0742-1152x1536.jpg 1152w, https:\/\/semmelweis.hu\/mikrobiologia\/files\/2023\/02\/IMG_0742-1536x2048.jpg 1536w, https:\/\/semmelweis.hu\/mikrobiologia\/files\/2023\/02\/IMG_0742-753x1004.jpg 753w, https:\/\/semmelweis.hu\/mikrobiologia\/files\/2023\/02\/IMG_0742-scaled.jpg 1920w\" sizes=\"auto, (max-width: 165px) 100vw, 165px\" \/><\/strong><\/p>\n<p style=\"text-align: justify\"><span style=\"font-size: 14pt\">Az antibiotikum rezisztencia t\u00e9m\u00e1ban alapkutat\u00e1st \u00e9s epidemiol\u00f3giai vizsg\u00e1latokat egyar\u00e1nt v\u00e9gez a kutat\u00f3csoport, k\u00fcl\u00f6n\u00f6s tekintettel a <span style=\"color: #003366\"><strong>karbapenem, fluorokinolon \u00e9s colistin antibiotikumokkal szemben rezisztens bakt\u00e9riumokon<\/strong>. <\/span><\/span><\/p>\n<p style=\"text-align: justify\"><span style=\"font-size: 14pt\">Az antibiotikum rezisztencia mechanizmusok kifejez\u0151d\u00e9s\u00e9t \u00e9s a rezisztencia kialakul\u00e1s\u00e1nak elemz\u00e9s\u00e9t a kutat\u00f3csoport az al\u00e1bbi ter\u00fcleteken vizsg\u00e1lja:<\/span><\/p>\n<ul>\n<li style=\"list-style-type: none\">\n<ul style=\"list-style-type: square\">\n<li><span style=\"color: #003366;font-size: 14pt\"><strong>Beta-lakt\u00e1m rezisztencia vizsg\u00e1latok\u00a0 <\/strong><\/span><\/li>\n<li><span style=\"color: #003366;font-size: 14pt\"><strong>Fluorokinolon rezisztencia vizsg\u00e1latok<\/strong><\/span><\/li>\n<li><span style=\"color: #003366;font-size: 14pt\"><strong>Colistin rezisztencia vizsg\u00e1latok<\/strong><\/span><\/li>\n<li><span style=\"color: #003366;font-size: 14pt\"><strong>G\u00e9nexpresszi\u00f3s vizsg\u00e1latok<\/strong><\/span><\/li>\n<li><span style=\"color: #003366;font-size: 14pt\"><strong>Genom szekven\u00e1l\u00e1s<\/strong><\/span><\/li>\n<\/ul>\n<\/li>\n<\/ul>\n<div class=\"keretes w-100\">\n<p><span style=\"color: #000080\"><strong>Egy\u00fcttm\u0171k\u00f6d\u00e9sek<\/strong><\/span><\/p>\n<\/div>\n<ul>\n<li style=\"list-style-type: none\">\n<ul style=\"list-style-type: square\">\n<li style=\"text-align: justify\"><span style=\"font-size: 14pt\"><span style=\"color: #003366\"><strong>D\u00e9l-pesti Centrumk\u00f3rh\u00e1z, Orsz\u00e1gos Hematol\u00f3giai \u00e9s Infektol\u00f3giai Int\u00e9zet K\u00f6zponti Laborat\u00f3riuma<\/strong> <\/span>(<em>Dr. Kamotsay Katalin Anna<\/em>)\u00a0<\/span><\/li>\n<li style=\"text-align: justify\"><span style=\"color: #003366;font-size: 14pt\"><strong>Enter\u00e1lis bakteriol\u00f3gia \u00e9s aliment\u00e1ris zoon\u00f3zis, \u00c1llatorvostudom\u00e1nyi Kutat\u00f3int\u00e9zet <\/strong><span style=\"color: #000000\">(<em>Dr. Szmolka Ama<\/em>)<\/span><\/span><\/li>\n<li style=\"text-align: justify\"><span style=\"color: #003366;font-size: 14pt\"><span style=\"color: #000080\"><strong><span style=\"color: #003366\">Servicio de Microbiolog\u00eda, Hospital Universitario Son Espases, Instituto de Investigaci\u00f3n Sanitaria Illes Balears (IdISBa), Palma de Mallorca, Spain<\/span> <\/strong><\/span><span style=\"color: #000000\">(<em>Dr. Antonio Oliver)<\/em><\/span><\/span><\/li>\n<li style=\"text-align: justify\"><span style=\"color: #003366;font-size: 14pt\"><strong>Clinical Microbiology, University Hospital for Infectious diseases, Zagreb, Croatia <\/strong><span style=\"color: #000000\">(<em>Dr. Arjana Tambi\u0107 Andra\u0161evi\u0107<\/em>)<\/span><\/span><\/li>\n<li style=\"text-align: justify\"><span style=\"color: #003366;font-size: 14pt\"><strong>Vaccine &amp; Infectious Disease Institute, University of Antwerpen, Belgium <\/strong><span style=\"color: #000000\">(<em>Dr. Surbhi Malhotra-Kumar<\/em>)<\/span><\/span><\/li>\n<li style=\"text-align: justify\"><span style=\"font-size: 14pt\"><span style=\"color: #003366\"><strong>Department of Diagnostics and Public Health, University of Verona, Italy<\/strong> <\/span>(<em>Dr. Annarita Mazzariol<\/em>)<\/span><\/li>\n<\/ul>\n<\/li>\n<\/ul>\n<div class=\"keretes w-100\">\n<p><span style=\"color: #000080\"><strong>PhD-t\u00e9m\u00e1k, hallgat\u00f3ink<\/strong><\/span><\/p>\n<\/div>\n<ul>\n<li style=\"list-style-type: none\">\n<ul style=\"list-style-type: square\">\n<li style=\"text-align: justify\">Antibiotikum rezisztencia vizsg\u00e1latok Gram-negat\u00edv bakt\u00e9riumokban\n<ul style=\"list-style-type: disc\">\n<li><span style=\"font-size: 12pt\"><strong><span style=\"color: #003366\">Dr. Iv\u00e1dy Bal\u00e1zs: <\/span><\/strong><span style=\"color: #000000\">Gyermekkori Gram-negat\u00edv v\u00e9r\u00e1ramfert\u0151z\u00e9sek klinikai \u00e9s mikrobiol\u00f3giai jellemz\u0151i<\/span><\/span><span style=\"font-size: 12pt\"> (V\u00e9d\u00e9s: 2017)<\/span><\/li>\n<li><span style=\"font-size: 12pt\"><strong><span style=\"color: #003366\">Dr. K\u00e1d\u00e1r B\u00e9la: <\/span><\/strong>Colistin-rezisztencia vizsg\u00e1lata Gram-negat\u00edv bakt\u00e9riumokban (V\u00e9d\u00e9s: 2018)<\/span><\/li>\n<li><span style=\"font-size: 12pt\"><strong><span style=\"color: #003366\">Dr. Domokos Judit: <\/span><\/strong><span style=\"color: #000000\">Fluorokinolon rezisztencia feno- \u00e9s genot\u00edpusos vizsg\u00e1lata hemokult\u00far\u00e1b\u00f3l izol\u00e1lt <em>Escherichia coli<\/em> \u00e9s <em>Klebsiella<\/em> fajok eset\u00e9n <\/span>(V\u00e9d\u00e9s: 2021)<\/span><\/li>\n<\/ul>\n<\/li>\n<\/ul>\n<\/li>\n<\/ul>\n<ul>\n<li style=\"list-style-type: none\">\n<ul style=\"list-style-type: square\">\n<li style=\"text-align: justify\">Rezisztens mikroorganizmusok szerepe nozokomi\u00e1lis fert\u0151z\u00e9sekben\n<ul style=\"list-style-type: disc\">\n<li><span style=\"font-size: 12pt\"><strong><span style=\"color: #003366\">Dr. Krist\u00f3f Katalin: <\/span><\/strong><span style=\"color: #000000\"> Nozokomi\u00e1lis fert\u00f5z\u00e9seket okoz\u00f3 multirezisztens bakt\u00e9riumok mikrobiol\u00f3giai jellemz\u0151i (<\/span>V\u00e9d\u00e9s: 2010)<\/span><\/li>\n<li><span style=\"font-size: 12pt\"><strong><span style=\"color: #003366\">Dr. Glatz Katalin: <\/span><\/strong><span style=\"color: #000000\">\u00a0Eg\u00e9szs\u00e9g\u00fcgyi ell\u00e1t\u00e1ssal kapcsolatos fert\u0151z\u00e9sek gy\u00f3gyszer-rezisztens bakteri\u00e1lis k\u00f3rokoz\u00f3inak antibiotikum \u00e9rz\u00e9kenys\u00e9ge \u00e9s molekul\u00e1ris epidemiol\u00f3gi\u00e1ja(<\/span>V\u00e9d\u00e9s: 2013)<\/span><\/li>\n<li><span style=\"font-size: 12pt\"><strong><span style=\"color: #003366\">Dr. Sz\u00e1sz M\u00e1t\u00e9 S\u00e1ndor:<\/span><\/strong>Szab\u00e1lyozott antibiotikum felszabad\u00edt\u00e1s\u00fa <\/span><span style=\"font-size: 12pt\">rendszer in vitro mikrobiol\u00f3giai vizsg\u00e1lata (V\u00e9d\u00e9s: 2016)<\/span><\/li>\n<\/ul>\n<\/li>\n<\/ul>\n<\/li>\n<\/ul>\n<ul>\n<li style=\"list-style-type: none\">\n<ul style=\"list-style-type: square\">\n<li style=\"text-align: justify\">A Fluorokinolon \u00e9s a Polymyxin antibiotikumokkal szembeni rezisztencia mechanizmusok vizsg\u00e1lata Gram-negat\u00edv bakt\u00e9riumokban\n<ul style=\"list-style-type: disc\">\n<li><span style=\"font-size: 12pt\"><strong><span style=\"color: #003366\">Dr. Szab\u00f3 Orsolya: <\/span><\/strong><span style=\"color: #000000\">A plazmid-medi\u00e1lta kinolon rezisztencia determin\u00e1nsok szerepe a fluorokinolon rezisztens Enterobacterales t\u00f6rzsek kialakul\u00e1s\u00e1ban\u00a0(<\/span>V\u00e9d\u00e9s: 2021)<\/span><\/li>\n<li><span style=\"font-size: 12pt\"><strong><span style=\"color: #003366\">Dr. Guly\u00e1s D\u00e1niel: <\/span><\/strong><span style=\"color: #003366\"><span style=\"color: #000000\">Fluorokinolon-rezisztencia molekul\u00e1ris vizsg\u00e1lata <em>E.coli<\/em> \u00e9s <em>P.aeruginosa<\/em> eset\u00e9n <\/span><\/span><span style=\"color: #000000\">(<\/span>V\u00e9d\u00e9s v\u00e1rhat\u00f3 id\u0151pontja: 2024)<\/span><\/li>\n<\/ul>\n<\/li>\n<\/ul>\n<\/li>\n<\/ul>\n<div class=\"keretes w-100\">\n<p><span style=\"color: #000080\"><strong>TDK-t\u00e9m\u00e1k<\/strong><\/span><\/p>\n<\/div>\n<ul>\n<li style=\"list-style-type: none\">\n<ul style=\"list-style-type: square\">\n<li><img loading=\"lazy\" decoding=\"async\" class=\"wp-image-3260 alignright\" src=\"https:\/\/semmelweis.hu\/mikrobiologia\/files\/2023\/02\/IMG-0322-300x400.jpg\" alt=\"\" width=\"185\" height=\"247\" srcset=\"https:\/\/semmelweis.hu\/mikrobiologia\/files\/2023\/02\/IMG-0322-300x400.jpg 300w, https:\/\/semmelweis.hu\/mikrobiologia\/files\/2023\/02\/IMG-0322-768x1024.jpg 768w, https:\/\/semmelweis.hu\/mikrobiologia\/files\/2023\/02\/IMG-0322-1152x1536.jpg 1152w, https:\/\/semmelweis.hu\/mikrobiologia\/files\/2023\/02\/IMG-0322-1536x2048.jpg 1536w, https:\/\/semmelweis.hu\/mikrobiologia\/files\/2023\/02\/IMG-0322-753x1004.jpg 753w, https:\/\/semmelweis.hu\/mikrobiologia\/files\/2023\/02\/IMG-0322-scaled.jpg 1920w\" sizes=\"auto, (max-width: 185px) 100vw, 185px\" \/>Antibiotikum rezisztencia Gram-negat\u00edv bakt\u00e9riumokban<\/li>\n<\/ul>\n<\/li>\n<\/ul>\n<p><span style=\"font-size: 14pt\"><span style=\"font-size: 12pt\">\u00a0 \u00a0 \u00a0 \u00a0 \u00a0 \u00a0 \u00a0 \u00a0 \u00a0 \u00a0 T\u00e9mavezet\u0151:<\/span><span style=\"color: #003366\"><span style=\"font-size: 12pt\">\u00a0<\/span><strong>Prof. Dr. Szab\u00f3 D\u00f3ra<\/strong><\/span><\/span><\/p>\n<ul>\n<li style=\"list-style-type: none\">\n<ul style=\"list-style-type: square\">\n<li>Fluorokinolon rezisztencia kialakul\u00e1sa <em>Klebsiella pneumoniae<\/em> \u00e9s <em>Escherichia coli<\/em> t\u00f6rzsekben<\/li>\n<\/ul>\n<\/li>\n<\/ul>\n<p><span style=\"font-size: 14pt\"><span style=\"font-size: 12pt\">\u00a0 \u00a0 \u00a0 \u00a0 \u00a0 \u00a0 \u00a0 \u00a0 \u00a0 \u00a0 T\u00e9mavezet\u0151:<\/span><span style=\"color: #003366\"> <strong>Dr. Kocsis B\u00e9la<\/strong><\/span><\/span><\/p>\n<div class=\"keretes w-100\">\n<p><span style=\"color: #000080\"><strong>D\u00edjak, elismer\u00e9sek<\/strong><\/span><\/p>\n<\/div>\n<ul>\n<li style=\"list-style-type: none\">\n<ul style=\"list-style-type: square\">\n<li><span style=\"font-size: 14pt\"><span style=\"color: #003366\"><strong>Prof. Dr. Szab\u00f3 D\u00f3ra<\/strong><\/span>:<\/span>\n<ul>\n<li style=\"list-style-type: none\">\n<ul style=\"list-style-type: disc\">\n<li><span style=\"font-size: 12pt\"><span style=\"color: #003366\"><strong>1998<\/strong>:<\/span> Magyar Infektol\u00f3giai T\u00e1rsas\u00e1g Fiatal kutat\u00f3i \u00f6szt\u00f6nd\u00edja<\/span><\/li>\n<\/ul>\n<\/li>\n<\/ul>\n<\/li>\n<\/ul>\n<\/li>\n<\/ul>\n<ul style=\"list-style-type: disc\">\n<li style=\"list-style-type: none\">\n<ul>\n<li style=\"list-style-type: none\">\n<ul>\n<li style=\"list-style-type: none\">\n<ul style=\"list-style-type: disc\">\n<li style=\"text-align: justify\">\n<p><span style=\"font-size: 12pt\"><span style=\"color: #003366\"><strong>1999:<\/strong><\/span> Magyar Infektol\u00f3giai T\u00e1rsas\u00e1g Fiatal kutat\u00f3i \u00f6szt\u00f6nd\u00edja<\/span><\/p>\n<\/li>\n<li style=\"text-align: justify\">\n<p><span style=\"font-size: 12pt\"><span style=\"color: #003366\"><strong>2000:<\/strong><\/span> Eur\u00f3pai Klinikai Mikrobiol\u00f3giai \u00e9s Infektol\u00f3giai T\u00e1rsas\u00e1g Utaz\u00e1si \u00f6szt\u00f6nd\u00edja<\/span><\/p>\n<\/li>\n<li style=\"text-align: justify\">\n<p><span style=\"font-size: 12pt\"><span style=\"color: #003366\"><strong>2001:<\/strong><\/span> Young Investigator Award, Eur\u00f3pai Klinikai Mikrobiol\u00f3giai \u00e9s Infektol\u00f3giai T\u00e1rsas\u00e1g\u00a0<\/span><\/p>\n<\/li>\n<li style=\"text-align: justify\">\n<p><span style=\"font-size: 12pt\"><strong><span style=\"color: #003366\">2002:<\/span><\/strong> Eur\u00f3pai Klinikai Mikrobiol\u00f3giai \u00e9s Infektol\u00f3giai T\u00e1rsas\u00e1g Tov\u00e1bbk\u00e9pz\u00e9si \u00f6szt\u00f6nd\u00edja<\/span><\/p>\n<\/li>\n<li style=\"text-align: justify\">\n<p><span style=\"font-size: 12pt\"><span style=\"color: #003366\"><strong>2005: <\/strong><\/span>Magyar \u00c1llami E\u00f6tv\u00f6s \u00d6szt\u00f6nd\u00edj<\/span><\/p>\n<\/li>\n<li style=\"text-align: justify\">\n<p><span style=\"font-size: 12pt\"><span style=\"color: #003366\"><strong>2006:<\/strong><\/span> Morrison Rogosa Award, Amerikai Mikrobiol\u00f3giai T\u00e1rsas\u00e1g d\u00edja kelet-eur\u00f3pai kutat\u00f3n\u0151k sz\u00e1m\u00e1ra<\/span><\/p>\n<\/li>\n<li style=\"text-align: justify\">\n<p><span style=\"font-size: 12pt\"><span style=\"color: #003366\"><strong>2007:<\/strong><\/span> \u201cDr. Bal\u00e1zs Dezs\u0151 \u00e9s Walter Julianna\u201d p\u00e1ly\u00e1zat I. d\u00edj, Semmelweis Egyetem Bar\u00e1ti k\u00f6re<\/span><\/p>\n<p><span style=\"font-size: 12pt\">\u00a0 \u00a0 \u00a0 \u00a0 \u00a0 \u00a0 Richter Gedeon Publik\u00e1ci\u00f3s D\u00edj<\/span><\/p>\n<p><span style=\"font-size: 12pt\">\u00a0 \u00a0 \u00a0 \u00a0 \u00a0 \u00a0 \u00a0MTA Bolyai J\u00e1nos Kutat\u00f3i \u00d6szt\u00f6nd\u00edj<\/span><\/p>\n<\/li>\n<li style=\"text-align: justify\">\n<p><span style=\"font-size: 12pt\"><span style=\"color: #003366\"><strong>2008:<\/strong><\/span> Richter Gedeon Kutat\u00e1si D\u00edj<\/span><\/p>\n<\/li>\n<li style=\"text-align: justify\">\n<p><span style=\"font-size: 12pt\"><span style=\"color: #003366\"><strong>2012:<\/strong><\/span> Semmelweis Egyetem Merit d\u00edj<\/span><\/p>\n<p style=\"text-align: justify\"><span style=\"font-size: 12pt\">\u00a0 \u00a0 \u00a0 \u00a0 \u00a0 \u00a0<\/span><span style=\"font-size: 12pt\">&#8222;A n\u0151k\u00e9rt \u00e9s a tudom\u00e1ny\u00e9rt&#8221;- L\u2019Or\u00e9al Magyarorsz\u00e1g \u00e9s a Magyar UNESCO\u00a0 \u00a0 \u00a0 \u00a0 \u00a0 \u00a0 \u00a0 \u00a0 \u00a0 \u00a0 \u00a0Bizotts\u00e1g 40 \u00e9vesn\u00e9l fiatalabb kutat\u00f3nak j\u00e1r\u00f3 k\u00f6z\u00f6s \u00f6szt\u00f6nd\u00edja<\/span><\/p>\n<p style=\"text-align: justify\"><span style=\"font-size: 12pt\">\u00a0 \u00a0 \u00a0 \u00a0 \u00a0 \u00a0Magyar Tudom\u00e1nyos Akad\u00e9mia Doktora Fokozat<\/span><\/p>\n<\/li>\n<li style=\"text-align: justify\">\n<p style=\"text-align: justify\"><span style=\"font-size: 12pt\"><span style=\"color: #003366\"><strong>2020:<\/strong><\/span> Magyar Tudom\u00e1nyos Akad\u00e9mia Akad\u00e9miai D\u00edj <\/span><\/p>\n<\/li>\n<li style=\"text-align: justify\">\n<p style=\"text-align: justify\"><span style=\"font-size: 12pt\"><span style=\"color: #003366\"><strong>2021:<\/strong><\/span> Kiv\u00e1l\u00f3 PhD-Oktat\u00f3 D\u00edj\u00a0<\/span><\/p>\n<\/li>\n<\/ul>\n<\/li>\n<\/ul>\n<\/li>\n<\/ul>\n<\/li>\n<li style=\"list-style-type: none\"><span style=\"font-size: 12pt\">\u00a0<\/span>\n<ul style=\"list-style-type: square\">\n<li style=\"text-align: justify\"><span style=\"font-size: 14pt\"><span style=\"color: #003366\"><strong>Dr. Kocsis B\u00e9la<\/strong><\/span>:<\/span>\u00a0\n<ul>\n<li style=\"list-style-type: none\">\n<ul style=\"list-style-type: disc\">\n<li><span style=\"font-size: 12pt\"><span style=\"color: #003366\"><strong>2014:<\/strong><\/span> Fiatal kutat\u00f3i tudom\u00e1nyos p\u00e1ly\u00e1zaton els\u0151 helyez\u00e9s \u201cColistin rezisztencia mechanizmusok vizsg\u00e1lata <em>Klebsiella pneumoniae<\/em> \u00e9s <em>Enterobacter asburiae<\/em> bakt\u00e9riumokban\u201d c\u00edm\u0171 p\u00e1lyam\u0171vel<\/span><\/li>\n<\/ul>\n<\/li>\n<\/ul>\n<\/li>\n<\/ul>\n<\/li>\n<\/ul>\n<ul>\n<li style=\"list-style-type: none\">\n<ul>\n<li style=\"list-style-type: none\">\n<ul>\n<li style=\"list-style-type: none\">\n<ul style=\"list-style-type: disc\">\n<li><span style=\"font-size: 12pt\"><span style=\"color: #003366\"><strong>2016:<\/strong><\/span> Dr. Szalka Andr\u00e1s \u00d6szt\u00f6nd\u00edj<\/span><\/li>\n<\/ul>\n<\/li>\n<\/ul>\n<\/li>\n<\/ul>\n<\/li>\n<\/ul>\n<p><span style=\"font-size: 12pt\">\u00a0 \u00a0 \u00a0 \u00a0 \u00a0 \u00a0 \u00a0 \u00a0 \u00a0 \u00a0 \u00a0 \u00a0 \u00a0 \u00a0 \u00a0 \u00a0 \u00a0 \u00a0 \u00a0 \u00a0 \u00a0 \u00a0 \u00a0 \u00a0 \u00a0 \u00a0 \u00a0Tudom\u00e1nyos Merit-d\u00edj\u00a0<\/span><\/p>\n<ul style=\"list-style-type: disc\">\n<li style=\"list-style-type: none\">\n<ul>\n<li style=\"list-style-type: none\">\n<ul>\n<li style=\"list-style-type: none\">\n<ul style=\"list-style-type: disc\">\n<li><span style=\"font-size: 12pt\"><span style=\"color: #003366\"><strong>2022:<\/strong> <\/span>Magyar Tudom\u00e1nyos Akad\u00e9mia Bolyai J\u00e1nos Kutat\u00e1si \u00d6szt\u00f6nd\u00edj<\/span><\/li>\n<\/ul>\n<\/li>\n<\/ul>\n<\/li>\n<\/ul>\n<\/li>\n<li style=\"list-style-type: none\">\u00a0\n<ul style=\"list-style-type: square\">\n<li style=\"text-align: justify\"><span style=\"color: #003366\"><strong><span style=\"font-size: 14pt\">Dr. Guly\u00e1s D\u00e1niel:<\/span>\u00a0<\/strong><\/span>\n<ul>\n<li style=\"list-style-type: none\">\n<ul style=\"list-style-type: disc\">\n<li style=\"text-align: justify\"><span style=\"font-size: 12pt\"><span style=\"color: #003366\"><strong>2017:\u00a0<\/strong><\/span> Kor\u00e1nyi Frigyes Szakkoll\u00e9gium Konferencia I. helyez\u00e9s\u00a0 \u00a0 \u00a0 \u00a0 \u00a0 \u00a0 \u00a0 \u00a0 \u00a0 \u00a0 \u00a0 \u00a0 \u00a0 \u00a0 \u00a0 \u00a0 \u00a0 \u00a0 \u00a0 \u00a0 \u00a0 \u00a0 \u00a0 \u00a0 \u00a0 \u00a0\u00a0<\/span><span style=\"font-size: 12pt\">\u00a0 \u00a0 \u00a0 \u00a0 \u00a0(Pathol\u00f3gia, Mikrobiol\u00f3gia Szekci\u00f3)<\/span><\/li>\n<\/ul>\n<\/li>\n<\/ul>\n<\/li>\n<\/ul>\n<\/li>\n<\/ul>\n<p><span style=\"font-size: 12pt\">\u00a0 \u00a0 \u00a0 \u00a0 \u00a0 \u00a0 \u00a0 \u00a0 \u00a0 \u00a0 \u00a0 \u00a0 \u00a0 \u00a0 \u00a0 \u00a0 \u00a0 \u00a0 \u00a0 \u00a0 \u00a0 \u00a0 \u00a0 \u00a0 \u00a0 \u00a0 \u00a0 \u00a0Semmelweis Egyetem Tudom\u00e1nyos \u00f6szt\u00f6nd\u00edj (D\u00e9k\u00e1ni P\u00e1lyamunka)<\/span><\/p>\n<ul>\n<li style=\"list-style-type: none\">\n<ul>\n<li style=\"list-style-type: none\">\n<ul>\n<li style=\"list-style-type: none\">\n<ul style=\"list-style-type: disc\">\n<li style=\"text-align: justify\"><span style=\"font-size: 12pt\"><strong><span style=\"color: #003366\">2018:<\/span> <\/strong>TDK konferencia I. helyez\u00e9s\u00a0 \u00a0 \u00a0 \u00a0 \u00a0 \u00a0 \u00a0 \u00a0 \u00a0 \u00a0 \u00a0 \u00a0 \u00a0 \u00a0 \u00a0 \u00a0 \u00a0 \u00a0 \u00a0 \u00a0 \u00a0 \u00a0 \u00a0 \u00a0 \u00a0 \u00a0 \u00a0 \u00a0 \u00a0 \u00a0 \u00a0 \u00a0 \u00a0 \u00a0 \u00a0 \u00a0 \u00a0 \u00a0 \u00a0 \u00a0 \u00a0 \u00a0 \u00a0 \u00a0 \u00a0 \u00a0 \u00a0 \u00a0 \u00a0 \u00a0 \u00a0 \u00a0 \u00a0 \u00a0 <\/span><span style=\"font-size: 12pt\">(K\u00eds\u00e9rletes \u00e9s Klinikai Immunol\u00f3gia, Mikrobiol\u00f3gia Szekci\u00f3)<\/span><\/li>\n<\/ul>\n<\/li>\n<\/ul>\n<\/li>\n<\/ul>\n<\/li>\n<\/ul>\n<p style=\"text-align: justify\"><span style=\"font-size: 12pt\">\u00a0 \u00a0 \u00a0 \u00a0 \u00a0 \u00a0 \u00a0 \u00a0 \u00a0 \u00a0 \u00a0 \u00a0 \u00a0 \u00a0 \u00a0 \u00a0 \u00a0 \u00a0 \u00a0 \u00a0 \u00a0 \u00a0 \u00a0 \u00a0 \u00a0 \u00a0Kor\u00e1nyi Frigyes Szakkoll\u00e9gium Konferencia II. helyez\u00e9s\u00a0 \u00a0 \u00a0 \u00a0 \u00a0 \u00a0 \u00a0 \u00a0 \u00a0 \u00a0 \u00a0 \u00a0 \u00a0 \u00a0 \u00a0 \u00a0 \u00a0 \u00a0 \u00a0 \u00a0 \u00a0 \u00a0 \u00a0 \u00a0 \u00a0 \u00a0 \u00a0 \u00a0 \u00a0 \u00a0 \u00a0 \u00a0 \u00a0 \u00a0 \u00a0 \u00a0 \u00a0 \u00a0 \u00a0 \u00a0 \u00a0 \u00a0 \u00a0 \u00a0 \u00a0 \u00a0 \u00a0 \u00a0 \u00a0 \u00a0 \u00a0 <\/span><span style=\"font-size: 12pt\">(K\u00eds\u00e9rletes \u00e9s Klinikai Immunol\u00f3gia, Mikrobiol\u00f3gia, Genetika Szekci\u00f3)<\/span><\/p>\n<ul>\n<li style=\"list-style-type: none\">\n<ul>\n<li style=\"list-style-type: none\">\n<ul>\n<li style=\"list-style-type: none\">\n<ul style=\"list-style-type: disc\">\n<li style=\"text-align: justify\"><span style=\"font-size: 12pt\"><span style=\"color: #003366\"><strong>2019:<\/strong><\/span> OTDK II. helyez\u00e9s\u00a0 \u00a0 \u00a0 \u00a0 \u00a0 \u00a0 \u00a0 \u00a0 \u00a0 \u00a0 \u00a0 \u00a0 \u00a0 \u00a0 \u00a0 \u00a0 \u00a0 \u00a0 \u00a0 \u00a0 \u00a0 \u00a0 \u00a0 \u00a0 \u00a0 \u00a0 \u00a0 \u00a0 \u00a0 \u00a0 \u00a0 \u00a0 \u00a0 \u00a0 \u00a0 \u00a0 \u00a0 \u00a0 \u00a0 \u00a0 \u00a0 \u00a0 \u00a0 \u00a0 \u00a0 \u00a0 \u00a0 \u00a0 \u00a0 \u00a0 \u00a0 \u00a0 \u00a0 \u00a0 \u00a0 \u00a0 \u00a0 \u00a0 \u00a0 \u00a0 \u00a0 \u00a0 \u00a0 (K\u00eds\u00e9rletes Immunol\u00f3gia, Mikrobiol\u00f3gia II. Szekci\u00f3 )<\/span><\/li>\n<\/ul>\n<\/li>\n<\/ul>\n<\/li>\n<\/ul>\n<\/li>\n<\/ul>\n","protected":false},"excerpt":{"rendered":"<p>Kutat\u00f3csoport tagjai Prof. Dr. Szab\u00f3 D\u00f3ra egyetemi tan\u00e1r Dr. Kocsis B\u00e9la egyetemi docens Dr. Domokos Judit egyetemi adjunktus Dr. K\u00e1d\u00e1r B\u00e9la tudom\u00e1nyos seg\u00e9dmunkat\u00e1rs Dr. Gugolya M\u00e1t\u00e9 szakgy\u00f3gyszer\u00e9sz, PhD hallgat\u00f3 Kutat\u00e1si t\u00e9ma Az antibiotikum rezisztencia t\u00e9m\u00e1ban alapkutat\u00e1st \u00e9s epidemiol\u00f3giai vizsg\u00e1latokat egyar\u00e1nt v\u00e9gez a kutat\u00f3csoport, k\u00fcl\u00f6n\u00f6s tekintettel a karbapenem, fluorokinolon \u00e9s colistin antibiotikumokkal szemben rezisztens bakt\u00e9riumokon. Az &hellip;<\/p>\n","protected":false},"author":182,"featured_media":0,"parent":3074,"menu_order":2,"comment_status":"closed","ping_status":"closed","template":"","meta":{"_acf_changed":false,"footnotes":""},"categories":[],"tags":[],"class_list":["post-1466","page","type-page","status-publish","hentry"],"acf":[],"_links":{"self":[{"href":"https:\/\/semmelweis.hu\/mikrobiologia\/wp-json\/wp\/v2\/pages\/1466","targetHints":{"allow":["GET"]}}],"collection":[{"href":"https:\/\/semmelweis.hu\/mikrobiologia\/wp-json\/wp\/v2\/pages"}],"about":[{"href":"https:\/\/semmelweis.hu\/mikrobiologia\/wp-json\/wp\/v2\/types\/page"}],"author":[{"embeddable":true,"href":"https:\/\/semmelweis.hu\/mikrobiologia\/wp-json\/wp\/v2\/users\/182"}],"replies":[{"embeddable":true,"href":"https:\/\/semmelweis.hu\/mikrobiologia\/wp-json\/wp\/v2\/comments?post=1466"}],"version-history":[{"count":10,"href":"https:\/\/semmelweis.hu\/mikrobiologia\/wp-json\/wp\/v2\/pages\/1466\/revisions"}],"predecessor-version":[{"id":4079,"href":"https:\/\/semmelweis.hu\/mikrobiologia\/wp-json\/wp\/v2\/pages\/1466\/revisions\/4079"}],"up":[{"embeddable":true,"href":"https:\/\/semmelweis.hu\/mikrobiologia\/wp-json\/wp\/v2\/pages\/3074"}],"wp:attachment":[{"href":"https:\/\/semmelweis.hu\/mikrobiologia\/wp-json\/wp\/v2\/media?parent=1466"}],"wp:term":[{"taxonomy":"category","embeddable":true,"href":"https:\/\/semmelweis.hu\/mikrobiologia\/wp-json\/wp\/v2\/categories?post=1466"},{"taxonomy":"post_tag","embeddable":true,"href":"https:\/\/semmelweis.hu\/mikrobiologia\/wp-json\/wp\/v2\/tags?post=1466"}],"curies":[{"name":"wp","href":"https:\/\/api.w.org\/{rel}","templated":true}]}}