{"id":80,"date":"2018-06-08T00:00:00","date_gmt":"2018-06-07T22:00:00","guid":{"rendered":"http:\/\/semmelweis.hu\/mental\/tudaselemek-es-ismeretek\/"},"modified":"2025-12-04T13:45:25","modified_gmt":"2025-12-04T12:45:25","slug":"tudaselemek-es-ismeretek","status":"publish","type":"page","link":"https:\/\/semmelweis.hu\/mental\/szakiranyu-kepzesek\/laktacios-szaktanacsado\/tudaselemek-es-ismeretek\/","title":{"rendered":"Tud\u00e1selemek \u00e9s ismeretek"},"content":{"rendered":"<h2 style=\"text-align: justify\"><span style=\"font-size: 18pt\">A lakt\u00e1ci\u00f3s szaktan\u00e1csad\u00f3 szakir\u00e1ny\u00fa tov\u00e1bbk\u00e9pz\u00e9si szak k\u00e9pz\u00e9si \u00e9s kimeneti k\u00f6vetelm\u00e9nyei<\/span><\/h2>\n<p><strong>A szakir\u00e1ny\u00fa tov\u00e1bbk\u00e9pz\u00e9s megnevez\u00e9se:<\/strong> <em>lakt\u00e1ci\u00f3s szaktan\u00e1csad\u00f3 szakir\u00e1ny\u00fa tov\u00e1bbk\u00e9pz\u00e9si szak<\/em> <strong>A szakk\u00e9pzetts\u00e9g oklev\u00e9lben szerepl\u0151 megnevez\u00e9se: <\/strong><em>lakt\u00e1ci\u00f3s szaktan\u00e1csad\u00f3<\/em> <br \/><strong>A szakir\u00e1ny\u00fa tov\u00e1bbk\u00e9pz\u00e9s besorol\u00e1sa:<\/strong><\/p>\n<ul>\n<li><strong><span style=\"text-decoration: underline\">k\u00e9pz\u00e9si ter\u00fclet<\/span><\/strong><strong> szerinti besorol\u00e1sa:<\/strong><em> orvos- \u00e9s eg\u00e9szs\u00e9gtudom\u00e1ny k\u00e9pz\u00e9si ter\u00fclet<\/em><\/li>\n<li><strong><span style=\"text-decoration: underline\">a v\u00e9gzetts\u00e9gi szint<\/span><\/strong><strong> besorol\u00e1sa: <\/strong>\n<ul>\n<li><em>ISCED 1997 szerint: 5A<\/em><\/li>\n<li><em>ISCED 2011 szerint: 6<\/em><\/li>\n<li><em>az eur\u00f3pai keretrendszer szerint: 6<\/em><\/li>\n<li><em>a magyar k\u00e9pes\u00edt\u00e9si keretrendszer szerint: 6<\/em><\/li>\n<\/ul>\n<\/li>\n<\/ul>\n<p class=\"Default\"><strong>\u00a0<\/strong><strong><span style=\"text-decoration: underline\">a szakk\u00e9pzetts\u00e9g<\/span><\/strong><strong> k\u00e9pz\u00e9si ter\u00fcletek egys\u00e9ges oszt\u00e1lyoz\u00e1si rendszere szerinti tanulm\u00e1nyi ter\u00fcleti besorol\u00e1sa:<\/strong><\/p>\n<ul>\n<li style=\"list-style-type: none\">\n<ul>\n<li><em>ISCED 1997 szerint: 762<\/em><\/li>\n<li><em>ISCED-F 2013 szerint: 0929<\/em><\/li>\n<\/ul>\n<\/li>\n<\/ul>\n<p class=\"Default\"><strong>A felv\u00e9tel felt\u00e9tele(i): <\/strong><\/p>\n<p class=\"rovid-szoveg\" style=\"text-align: justify\">Legal\u00e1bb alapk\u00e9pz\u00e9si szakon szerzett oklev\u00e9l a k\u00f6vetkez\u0151 k\u00e9pz\u00e9si ter\u00fcletek valamelyik\u00e9n:<\/p>\n<p class=\"rovid-szoveg\" style=\"text-align: justify\"><em>orvos- \u00e9s eg\u00e9szs\u00e9gtudom\u00e1ny, b\u00f6lcs\u00e9szettudom\u00e1ny, t\u00e1rsadalomtudom\u00e1ny, pedag\u00f3gusk\u00e9pz\u00e9s.<\/em><\/p>\n<p class=\"Default\" style=\"text-align: justify\">A k\u00e9pz\u00e9sbe jelentkez\u0151 nem orvos- \u00e9s eg\u00e9szs\u00e9gtudom\u00e1ny k\u00e9pz\u00e9si ter\u00fcleten legal\u00e1bb alapk\u00e9pz\u00e9si szint\u0171 v\u00e9gzetts\u00e9ggel rendelkez\u0151k sz\u00e1m\u00e1ra az orvos- \u00e9s eg\u00e9szs\u00e9gtudom\u00e1nyi alapismeretek elsaj\u00e1t\u00edt\u00e1sa k\u00f6telez\u0151, mely ismereteket (anat\u00f3mia, \u00e9lettan-k\u00f3r\u00e9lettan, eg\u00e9szs\u00e9gtudom\u00e1nyi alapismeretek, els\u0151seg\u00e9lyny\u00fajt\u00e1s, k\u00f6zeg\u00e9szs\u00e9gtan-j\u00e1rv\u00e1nytan) legk\u00e9s\u0151bb a k\u00e9pz\u00e9ssel p\u00e1rhuzamosan a m\u00e1sodik f\u00e9l\u00e9v v\u00e9g\u00e9ig kell teljes\u00edteni.<\/p>\n<p class=\"Default\"><strong>A k\u00e9pz\u00e9si id\u0151 <\/strong><strong>f\u00e9l\u00e9vekben meghat\u00e1rozva<\/strong><strong>:\u00a0<\/strong><em>3 f\u00e9l\u00e9v<\/em><\/p>\n<p class=\"Default\"><strong>A szakk\u00e9pzetts\u00e9g megszerz\u00e9s\u00e9hez \u00f6sszegy\u0171jtend\u0151 kreditek sz\u00e1ma: <\/strong><em>90 kredit<\/em><\/p>\n<p class=\"Default\" style=\"text-align: justify\"><strong>A k\u00e9pz\u00e9s c\u00e9lja: <\/strong>a bemeneti felt\u00e9teleknek megfelel\u0151 (l\u00e1sd felv\u00e9teli t\u00e1j\u00e9koztat\u00f3) alapdiplom\u00e1val rendelkez\u0151 szakemberek tov\u00e1bbk\u00e9pz\u00e9se, szeml\u00e9let\u00e9nek alak\u00edt\u00e1sa annak \u00e9rdek\u00e9ben, hogy munk\u00e1jukat a lakt\u00e1ci\u00f3 ter\u00e9n korszer\u0171 ismeretekkel gyarapodva magasabb szinten v\u00e9gezhess\u00e9k.<\/p>\n<p class=\"Default\"><strong>Szakmai kompetenci\u00e1k:<\/strong><\/p>\n<p class=\"Default\"><strong>A lakt\u00e1ci\u00f3s szaktan\u00e1csad\u00f3<\/strong><\/p>\n<ul>\n<li><strong>Tud\u00e1sa:<\/strong>\n<ul>\n<li style=\"text-align: justify\">birtok\u00e1ban van mindazon elm\u00e9leti ismereteknek \u00e9s gyakorlati k\u00e9szs\u00e9geknek, amellyel kompetens seg\u00edt\u0151k\u00e9nt, megfelel\u0151en tudja ell\u00e1tni lakt\u00e1ci\u00f3s szaktan\u00e1csad\u00f3i feladat\u00e1t mind a rutinszer\u0171, mind pedig a speci\u00e1lis esetekben, a fogamz\u00e1s el\u0151tti id\u0151szakt\u00f3l kezd\u0151d\u0151en a gyermek egy\u00e9ves kor\u00e1n t\u00fal is;<\/li>\n<li style=\"text-align: justify\">ismeri \u00e9s praxis\u00e1ban integr\u00e1ltan alkalmazza a lakt\u00e1ci\u00f3 kultur\u00e1lis, pszichoszoci\u00e1lis, t\u00e1pl\u00e1lkoz\u00e1sbeli \u00e9s farmakol\u00f3giai vonatkoz\u00e1sait;<\/li>\n<li style=\"text-align: justify\">ismeri \u00e9s adekv\u00e1tan k\u00e9pes haszn\u00e1lni a feln\u0151ttk\u00e9pz\u00e9s megfelel\u0151 m\u00f3dszereit a klienseivel, az eg\u00e9szs\u00e9g\u00fcgyi szakemberekkel folytatott \u00e9s a csoportos \/ k\u00f6z\u00f6ss\u00e9gi oktat\u00f3-nevel\u0151 munk\u00e1j\u00e1ban;<\/li>\n<li style=\"text-align: justify\">ismeri \u00e9s megfelel\u0151 m\u00f3don \u00e9rtelmezni is k\u00e9pes a friss kutat\u00e1si eredm\u00e9nyeket, hogy eld\u00f6nthesse, mely m\u00f3dszereket c\u00e9lszer\u0171 a gyakorlatban is alkalmaznia;<\/li>\n<li style=\"text-align: justify\">klienseivel v\u00e9gzett munk\u00e1j\u00e1t megfelel\u0151 m\u00f3don, pontosan dokument\u00e1lja, ismeri a dokument\u00e1ci\u00f3ra vonatkoz\u00f3 szab\u00e1lyokat;<\/li>\n<li style=\"text-align: justify\">ismeri \u00e9s betartja az Eg\u00e9szs\u00e9g\u00fcgyi Vil\u00e1gszervezet \u201eAnyatejet \u00e9s szoptat\u00e1st helyettes\u00edt\u0151 term\u00e9kek forgalmaz\u00e1s\u00e1ra vonatkoz\u00f3 nemzetk\u00f6zi k\u00f3dex\u201d-\u00e9nek el\u0151\u00edr\u00e1sait.<\/li>\n<\/ul>\n<\/li>\n<li style=\"text-align: justify\"><span style=\"font-size: 14pt\"><strong>K\u00e9pess\u00e9gei:<\/strong><\/span>\n<ul>\n<li><span style=\"font-size: 14pt\">helyes probl\u00e9mafelismer\u0151 \u00e9s j\u00f3 probl\u00e9mamegold\u00f3 k\u00e9pess\u00e9ggel rendelkezik;<\/span><\/li>\n<li>adekv\u00e1tan \u00e9s reflekt\u00e1lt m\u00f3don haszn\u00e1lja emberismeret\u00e9t, konzult\u00e1ci\u00f3s k\u00e9pess\u00e9g\u00e9t, valamint a tanult csal\u00e1di \u00e9s csoportos m\u00f3dszereket a lakt\u00e1ci\u00f3s tan\u00e1csad\u00f3i gyakorlata sor\u00e1n;<\/li>\n<li>a seg\u00edts\u00e9gre szorul\u00f3 embert\u00e1rs \u00e9s probl\u00e9m\u00e1ja ir\u00e1nt magas szint\u0171 emp\u00e1ti\u00e1s k\u00e9szs\u00e9ggel rendelkezik;<\/li>\n<li>birtok\u00e1ban van a megfelel\u0151 kommunik\u00e1ci\u00f3s k\u00e9szs\u00e9geknek, mellyel a kliensei, illetve a t\u00f6bbi eg\u00e9szs\u00e9g\u00fcgyi dolgoz\u00f3 fel\u00e9 fordulhat;<\/li>\n<li>t\u00e1mogat\u00f3, egy\u00fcttm\u0171k\u00f6d\u0151 magatart\u00e1st tan\u00fas\u00edt klienseivel szemben, figyelembe v\u00e9ve a csal\u00e1dok egy\u00e9ni ig\u00e9nyeit;<\/li>\n<li>tiszteletben tartja kliensei \u00f6n\u00e1ll\u00f3 d\u00f6nt\u00e9si jog\u00e1t, \u00e9s hozz\u00e1seg\u00edti \u0151ket a megadott megfelel\u0151 inform\u00e1ci\u00f3k alapj\u00e1n meghozand\u00f3 d\u00f6nt\u00e9s\u00fckh\u00f6z, \u00e9s mindezek r\u00e9v\u00e9n mindig optim\u00e1lis eg\u00e9szs\u00e9g\u00fcgyi ell\u00e1t\u00e1st ny\u00fajt;<\/li>\n<li>az eg\u00e9szs\u00e9g\u00fcgyi ell\u00e1t\u00f3rendszer r\u00e9szek\u00e9nt tev\u00e9kenykedik olyan m\u00f3don, hogy sz\u00fcks\u00e9g eset\u00e9n klienseit tov\u00e1bbk\u00fcldi a megfelel\u0151 eg\u00e9szs\u00e9g\u00fcgyi szakemberhez, illetve t\u00e1mogat\u00f3 szervezethez.<\/li>\n<\/ul>\n<\/li>\n<li style=\"text-align: justify\"><strong>Attit\u0171dje:<\/strong>\n<ul>\n<li>\u00a0fejlett szakmai \u00e9s szem\u00e9lyes \u00f6nismeret, \u00f6nreflexi\u00f3s k\u00e9szs\u00e9g;<\/li>\n<li>\u0151szinte, hiteles, ny\u00edlt kommunik\u00e1ci\u00f3ra val\u00f3 k\u00e9szs\u00e9g;<\/li>\n<li>a kliens felt\u00e9tlen elfogad\u00e1s\u00e1ra val\u00f3 megfelel\u0151 nyitotts\u00e1g;<\/li>\n<li>a seg\u00edt\u0151 hivat\u00e1s megfelel\u0151 gyakorl\u00e1s\u00e1hoz elv\u00e1rhat\u00f3 magas szint\u0171 erk\u00f6lcsi, etikai \u00e9rz\u00e9k.<\/li>\n<\/ul>\n<\/li>\n<\/ul>\n<ul style=\"text-align: justify\">\n<li><strong>Auton\u00f3mi\u00e1ja \u00e9s felel\u0151ss\u00e9ge:<\/strong><\/li>\n<\/ul>\n<p style=\"text-align: justify\"><strong>\u00a0A v\u00e9gzett hallgat\u00f3(k)<\/strong><\/p>\n<ul style=\"text-align: justify\">\n<li style=\"list-style-type: none\">\n<ul>\n<li>alkalmass\u00e1 v\u00e1lnak eredeti szakm\u00e1juk magasabb szint\u0171 gyakorl\u00e1s\u00e1ra, tov\u00e1bb\u00e1 a hum\u00e1n lakt\u00e1ci\u00f3val kapcsolatos speci\u00e1lis helyzetek \u00e9s probl\u00e9m\u00e1k szakszer\u0171 ell\u00e1t\u00e1s\u00e1ra;<\/li>\n<li>sz\u00e1m\u00e1ra az eg\u00e9szs\u00e9g\u00fcgyi dolgoz\u00f3k k\u00f6telez\u0151 tov\u00e1bbk\u00e9pz\u00e9si rendszer\u00e9ben a k\u00e9pz\u00e9s elv\u00e9gz\u00e9se besz\u00e1m\u00edthat\u00f3 olyan m\u00e9rt\u00e9kben, amilyen m\u00e9rt\u00e9kben a tov\u00e1bbk\u00e9pz\u00e9s\u00e9rt felel\u0151s szerv azt elismeri;<\/li>\n<li>sz\u00e1m\u00e1ra lehet\u0151s\u00e9g ny\u00edlik lakt\u00e1ci\u00f3s szaktan\u00e1csad\u00f3 szerepk\u00f6r \/ feladatk\u00f6r \/ munkak\u00f6r bet\u00f6lt\u00e9s\u00e9re, azon int\u00e9zm\u00e9nyekben, amelyek ezt ig\u00e9nylik, illetve l\u00e9trehozz\u00e1k;<\/li>\n<li>konzult\u00e1ci\u00f3s feladatokat l\u00e1thatnak el a munkak\u00f6r\u00fcknek megfelel\u0151 tev\u00e9kenys\u00e9gi k\u00f6r\u00fckben, a lakt\u00e1ci\u00f3val kapcsolatos probl\u00e9m\u00e1k eset\u00e9ben;<\/li>\n<li>felk\u00e9r\u00e9sre r\u00e9szt v\u00e1llalhatnak az adott int\u00e9zm\u00e9ny szakmai protokolljainak kidolgoz\u00e1s\u00e1ban, v\u00e9lem\u00e9nyez\u00e9s\u00e9ben;<\/li>\n<li>elhivatottak a szoptat\u00e1s t\u00e1mogat\u00e1sa \u00e9rdek\u00e9ben a munkahely\u00fck\u00f6n, az eg\u00e9szs\u00e9g\u00fcgyi szakm\u00e1n bel\u00fcl \u00e9s b\u00e1rmilyen k\u00f6z\u00f6ss\u00e9gi f\u00f3rumon, szakmai tud\u00e1suknak karbantart\u00e1sa \u00e9s fejleszt\u00e9se \u00e9rdek\u00e9ben rendszeresen r\u00e9szt vesznek tov\u00e1bbk\u00e9pz\u00e9seken;<\/li>\n<li>k\u00e9pes\u00edt\u00e9s\u00e9t a megadott id\u0151szakonk\u00e9nt meg\u00faj\u00edtja, \u00e9rv\u00e9nyes m\u0171k\u00f6d\u00e9si enged\u00e9ly n\u00e9lk\u00fcl nem tev\u00e9kenykedik;<\/li>\n<li>munk\u00e1j\u00e1t a szakma etikai k\u00f3dex\u00e9nek, valamint a helyi t\u00f6rv\u00e9nyeknek \u00e9s szab\u00e1lyoknak megfelel\u0151en v\u00e9gzi;<\/li>\n<li>munk\u00e1ja \u00e9s annak k\u00f6r\u00fclm\u00e9nyei megfelelnek a higi\u00e9n\u00e9s elv\u00e1r\u00e1soknak.<\/li>\n<\/ul>\n<\/li>\n<\/ul>\n<p class=\"Default\" style=\"text-align: justify\"><strong>A szakir\u00e1ny\u00fa tov\u00e1bbk\u00e9pz\u00e9s szakmai jellemz\u0151i, a szakk\u00e9pzetts\u00e9ghez vezet\u0151 szakter\u00fcletek \u00e9s azok kreditar\u00e1nya, amelyb\u0151l a szak fel\u00e9p\u00fcl:<\/strong><\/p>\n<ul>\n<li style=\"text-align: justify\"><strong>Tan\u00e1csad\u00f3i k\u00e9szs\u00e9geket fejleszt\u0151 st\u00fadiumok: 9 kredit<\/strong>\n<ul>\n<li>A tan\u00e1csad\u00e1s pszichol\u00f3gi\u00e1ja; A rendszerszeml\u00e9let\u0171 csal\u00e1dkonzult\u00e1ci\u00f3 alapjai; Lakt\u00e1ci\u00f3s tan\u00e1csad\u00f3i helyzetgyakorlatok; Egy\u00e9ni saj\u00e1t\u00e9lm\u00e9ny-konzult\u00e1ci\u00f3<\/li>\n<\/ul>\n<\/li>\n<li style=\"text-align: justify\"><strong>Lakt\u00e1ci\u00f3s elm\u00e9leti ismeretek: 16 kredit<\/strong>\n<ul>\n<li>A lakt\u00e1ci\u00f3 biol\u00f3giai alapjai; Az eg\u00e9szs\u00e9ges csecsem\u0151 \u00e9s term\u00e9szetes sz\u00fcks\u00e9gletei; A csecsem\u0151t\u00e1pl\u00e1l\u00e1s szociokultur\u00e1lis vonatkoz\u00e1sai; Hivat\u00e1setika<\/li>\n<\/ul>\n<\/li>\n<li style=\"text-align: justify\"><strong>Klinikai ismeretek: 45 kredit<\/strong>\n<ul>\n<li>A lakt\u00e1ci\u00f3 t\u00e1mogat\u00e1s\u00e1nak elm\u00e9leti \u00e9s gyakorlati k\u00e9rd\u00e9sei; Az anya testi-lelki eg\u00e9szs\u00e9g\u00e9nek lakt\u00e1ci\u00f3s vonatkoz\u00e1sai; A gyermek testi-lelki eg\u00e9szs\u00e9g\u00e9nek lakt\u00e1ci\u00f3s vonatkoz\u00e1sai; Klinikai lakt\u00e1ci\u00f3s tan\u00e1csad\u00e1si gyakorlat; Terepmunka tutori\u00e1lis k\u00eds\u00e9r\u00e9ssel<\/li>\n<\/ul>\n<\/li>\n<li style=\"text-align: justify\"><strong>Hivat\u00e1s integr\u00e1lt alkalmaz\u00e1s\u00e1t el\u0151seg\u00edt\u0151 st\u00fadiumok: 12 kredit<\/strong>\n<ul>\n<li>Nemzetk\u00f6zi \u00e1ll\u00e1sfoglal\u00e1sok ismerete; Kutat\u00e1si eredm\u00e9nyek elemz\u00e9se; Esetmegbesz\u00e9l\u00e9s, tev\u00e9kenys\u00e9gk\u00eds\u00e9r\u00e9s; A lakt\u00e1ci\u00f3s ismeretek k\u00f6z\u00f6ss\u00e9gi oktat\u00e1s\u00e1nak kommunik\u00e1ci\u00f3s \u00e9s m\u00f3dszertani alapjai<\/li>\n<\/ul>\n<\/li>\n<li style=\"text-align: justify\"><strong>Szakdolgozati szakszemin\u00e1rium: 3 kredit <\/strong><\/li>\n<li><strong>K\u00f6telez\u0151en v\u00e1laszthat\u00f3 st\u00fadiumok: 5 kredit<\/strong>\n<ul>\n<li style=\"text-align: justify\">Primer prevenci\u00f3s programszervez\u00e9s; Szakirodalom-feldolgoz\u00e1si kurzus; Irodalomkutat\u00e1si m\u00f3dszerek\u201d<\/li>\n<\/ul>\n<\/li>\n<\/ul>\n<hr \/>\n<p><strong>Tov\u00e1bbi inform\u00e1ci\u00f3k a\u00a0lakt\u00e1ci\u00f3s szaktan\u00e1csad\u00f3 szakir\u00e1ny\u00fa tov\u00e1bbk\u00e9pz\u00e9si szakr\u00f3l:<\/strong><\/p>\n<ul class=\"children\" style=\"list-style-type: square\">\n<li class=\"page_item page-item-78\"><a href=\"https:\/\/semmelweis.hu\/mental\/szakiranyu-kepzesek\/laktacios-szaktanacsado\/a-kepzes-bemutatasa\/\">A k\u00e9pz\u00e9s bemutat\u00e1sa<\/a><\/li>\n<li class=\"page_item page-item-77\"><a href=\"https:\/\/semmelweis.hu\/mental\/szakiranyu-kepzesek\/laktacios-szaktanacsado\/felveteli-tajekoztato\/\">Felv\u00e9teli t\u00e1j\u00e9koztat\u00f3<\/a><\/li>\n<li class=\"page_item page-item-79\"><a href=\"https:\/\/semmelweis.hu\/mental\/szakiranyu-kepzesek\/laktacios-szaktanacsado\/kik-a-laktacios-szaktanacsadok\/\">Kik a \u2018lakt\u00e1ci\u00f3s szaktan\u00e1csad\u00f3k\u2019?<\/a><\/li>\n<li class=\"page_item page-item-7429\"><a href=\"https:\/\/semmelweis.hu\/mental\/szakiranyu-kepzesek\/laktacios-szaktanacsado\/laktacios-konferencia-2025-januar-17-18\/\">Lakt\u00e1ci\u00f3s konferencia 2025. janu\u00e1r 17-18.<\/a><\/li>\n<li class=\"page_item page-item-81\"><a href=\"https:\/\/semmelweis.hu\/mental\/szakiranyu-kepzesek\/laktacios-szaktanacsado\/szakkepzettseg-alkalmazas\/\">Szakk\u00e9pzetts\u00e9g alkalmaz\u00e1s<\/a><\/li>\n<li class=\"page_item page-item-6724\"><a href=\"https:\/\/semmelweis.hu\/mental\/szakiranyu-kepzesek\/laktacios-szaktanacsado\/informaciok-a-szakdolgozatrol\/\">Tanulm\u00e1nyi t\u00e1j\u00e9koztat\u00f3, szakdolgozati t\u00e1j\u00e9koztat\u00f3, k\u00e9pz\u00e9si alkalmak<\/a><\/li>\n<li class=\"page_item page-item-2761\"><a href=\"https:\/\/semmelweis.hu\/mental\/szakiranyu-kepzesek\/laktacios-szaktanacsado\/ibclc-vizsgajelentkezes\/\">IBCLC vizsgajelentkez\u00e9s<\/a><\/li>\n<li class=\"page_item page-item-83\"><a href=\"https:\/\/semmelweis.hu\/mental\/szakiranyu-kepzesek\/laktacios-szaktanacsado\/kontaktszemelyek\/\">Kontaktszem\u00e9lyek<\/a><\/li>\n<\/ul>\n","protected":false},"excerpt":{"rendered":"<p>A lakt\u00e1ci\u00f3s szaktan\u00e1csad\u00f3 szakir\u00e1ny\u00fa tov\u00e1bbk\u00e9pz\u00e9si szak k\u00e9pz\u00e9si \u00e9s kimeneti k\u00f6vetelm\u00e9nyei A szakir\u00e1ny\u00fa tov\u00e1bbk\u00e9pz\u00e9s megnevez\u00e9se: lakt\u00e1ci\u00f3s szaktan\u00e1csad\u00f3 szakir\u00e1ny\u00fa tov\u00e1bbk\u00e9pz\u00e9si szak A szakk\u00e9pzetts\u00e9g oklev\u00e9lben szerepl\u0151 megnevez\u00e9se: lakt\u00e1ci\u00f3s szaktan\u00e1csad\u00f3 A szakir\u00e1ny\u00fa tov\u00e1bbk\u00e9pz\u00e9s besorol\u00e1sa: k\u00e9pz\u00e9si ter\u00fclet szerinti besorol\u00e1sa: orvos- \u00e9s eg\u00e9szs\u00e9gtudom\u00e1ny k\u00e9pz\u00e9si ter\u00fclet a v\u00e9gzetts\u00e9gi szint besorol\u00e1sa: ISCED 1997 szerint: 5A ISCED 2011 szerint: 6 az eur\u00f3pai keretrendszer szerint: &hellip;<\/p>\n","protected":false},"author":101614,"featured_media":0,"parent":11,"menu_order":5,"comment_status":"closed","ping_status":"closed","template":"","meta":{"_acf_changed":false,"footnotes":""},"categories":[],"tags":[],"class_list":["post-80","page","type-page","status-publish","hentry"],"acf":[],"_links":{"self":[{"href":"https:\/\/semmelweis.hu\/mental\/wp-json\/wp\/v2\/pages\/80","targetHints":{"allow":["GET"]}}],"collection":[{"href":"https:\/\/semmelweis.hu\/mental\/wp-json\/wp\/v2\/pages"}],"about":[{"href":"https:\/\/semmelweis.hu\/mental\/wp-json\/wp\/v2\/types\/page"}],"author":[{"embeddable":true,"href":"https:\/\/semmelweis.hu\/mental\/wp-json\/wp\/v2\/users\/101614"}],"replies":[{"embeddable":true,"href":"https:\/\/semmelweis.hu\/mental\/wp-json\/wp\/v2\/comments?post=80"}],"version-history":[{"count":10,"href":"https:\/\/semmelweis.hu\/mental\/wp-json\/wp\/v2\/pages\/80\/revisions"}],"predecessor-version":[{"id":8387,"href":"https:\/\/semmelweis.hu\/mental\/wp-json\/wp\/v2\/pages\/80\/revisions\/8387"}],"up":[{"embeddable":true,"href":"https:\/\/semmelweis.hu\/mental\/wp-json\/wp\/v2\/pages\/11"}],"wp:attachment":[{"href":"https:\/\/semmelweis.hu\/mental\/wp-json\/wp\/v2\/media?parent=80"}],"wp:term":[{"taxonomy":"category","embeddable":true,"href":"https:\/\/semmelweis.hu\/mental\/wp-json\/wp\/v2\/categories?post=80"},{"taxonomy":"post_tag","embeddable":true,"href":"https:\/\/semmelweis.hu\/mental\/wp-json\/wp\/v2\/tags?post=80"}],"curies":[{"name":"wp","href":"https:\/\/api.w.org\/{rel}","templated":true}]}}