{"id":7774,"date":"2025-02-14T14:15:27","date_gmt":"2025-02-14T13:15:27","guid":{"rendered":"https:\/\/semmelweis.hu\/mental\/?page_id=7774"},"modified":"2025-04-04T10:37:16","modified_gmt":"2025-04-04T08:37:16","slug":"kerdoivfejlesztesek-validalasok","status":"publish","type":"page","link":"https:\/\/semmelweis.hu\/mental\/kutatas-fejlesztes\/kerdoivfejlesztesek-validalasok\/","title":{"rendered":"K\u00e9rd\u0151\u00edvfejleszt\u00e9sek, valid\u00e1l\u00e1sok"},"content":{"rendered":"<p>A Ment\u00e1lhigi\u00e9n\u00e9 Int\u00e9zet munkat\u00e1rsai \u00e9s az Interdiszciplin\u00e1ris t\u00e1rsadalomtudom\u00e1nyok doktori program hallgat\u00f3i folyamatosan foglalkoznak k\u00fclf\u00f6ldi k\u00e9rd\u0151\u00edvek magyar nyelv\u0171 adapt\u00e1l\u00e1s\u00e1val \u00e9s valid\u00e1l\u00e1s\u00e1val.<\/p>\n<p>A k\u00e9rd\u0151\u00edvek ford\u00edt\u00e1sa mindig a nemzetk\u00f6zi ir\u00e1nyelveknek megfelel\u0151en zajlik.<\/p>\n<p>Sz\u00e1mos k\u00e9rd\u0151\u00edvet m\u00e1r t\u00f6bb kutat\u00e1sban haszn\u00e1ltunk, azonban nem biztosan jelent m\u00e9g <span style=\"font-size: 1rem\">meg<\/span><span style=\"font-size: 1rem\">\u00a0<\/span><span style=\"font-size: 1rem\">valid\u00e1l\u00f3 publik\u00e1ci\u00f3nk, ezek jelenleg folyamatban vannak.<\/span><\/p>\n<p>Az al\u00e1bbi k\u00e9rd\u0151\u00edvek vagy szabadon fehaszn\u00e1lhat\u00f3k, vagy az eredeti szerz\u0151k enged\u00e9ly\u00e9t k\u00f6vet\u0151en a magyar v\u00e1ltozatok az els\u0151 szerz\u0151kn\u00e9l el\u00e9rhet\u0151k.<\/p>\n<p>Oldalunkat folyamatosan friss\u00edtj\u00fck, k\u00e9rj\u00fck, l\u00e1togassanak vissza id\u0151r\u0151l-id\u0151re!<\/p>\n<p>____________________<\/p>\n<p><strong>The Coparenting Relationship Scale (CRS; Feinberg et al., 2012) magyar v\u00e1ltozata: <\/strong><strong>Kapcsolat a k\u00f6z\u00f6s sz\u00fcl\u0151s\u00e9gben \/ k\u00f6z\u00f6s nevel\u00e9sben sk\u00e1la <\/strong><strong style=\"font-size: 1rem\">(Danis, Gervai, &amp; Pilinszki, 2019)<\/strong><\/p>\n<p>A magyar nyelv\u0171 ford\u00edt\u00e1s \u00e9s instrukci\u00f3 <a href=\"https:\/\/semmelweis.hu\/mental\/files\/2025\/02\/Feinberg_Coparenting_Relationship_Scale_HU-1.pdf\">itt el\u00e9rhet\u0151<\/a>.<\/p>\n<p>Az eredeti k\u00e9rd\u0151\u00edv publik\u00e1ci\u00f3j\u00e1nak a hivatkoz\u00e1sa \u00e9s el\u00e9r\u00e9si linkje:\u00a0<\/p>\n<p>Feinberg, M. E., Brown, L. D., &amp; Kan, M. L. (2012). <a href=\"https:\/\/pmc.ncbi.nlm.nih.gov\/articles\/PMC3499623\/\">A Multi-Domain Self-Report Measure of Coparenting<\/a>. Parenting: Science and Practice; 12(1): 1\u201321.<\/p>\n<p>A magyar adapt\u00e1ci\u00f3 \u00e9s valid\u00e1l\u00e1s publik\u00e1ci\u00f3inak a hivatkoz\u00e1sa \u00e9s el\u00e9r\u00e9si linkje:\u00a0<\/p>\n<p>Pilinszki, A., Bata, E., Demj\u00e9n, A., Gervai, J., &amp; Danis, I. (2025). <a href=\"https:\/\/ejmh.semmelweis.hu\/index.php\/ejmh\/article\/view\/302\">Coparenting Relationship Scale (CRS): Validation and psychometric properties of the Hungarian version.<\/a> European Journal of Mental Health, 20, e0037.<\/p>\n<p>Kapcsolattart\u00f3: Dr. Pilinszki Attila, <a href=\"mailto:pilinszki.attila@semmelweis.hu\">pilinszki.attila@semmelweis.hu<\/a><\/p>\n","protected":false},"excerpt":{"rendered":"<p>A Ment\u00e1lhigi\u00e9n\u00e9 Int\u00e9zet munkat\u00e1rsai \u00e9s az Interdiszciplin\u00e1ris t\u00e1rsadalomtudom\u00e1nyok doktori program hallgat\u00f3i folyamatosan foglalkoznak k\u00fclf\u00f6ldi k\u00e9rd\u0151\u00edvek magyar nyelv\u0171 adapt\u00e1l\u00e1s\u00e1val \u00e9s valid\u00e1l\u00e1s\u00e1val. A k\u00e9rd\u0151\u00edvek ford\u00edt\u00e1sa mindig a nemzetk\u00f6zi ir\u00e1nyelveknek megfelel\u0151en zajlik. Sz\u00e1mos k\u00e9rd\u0151\u00edvet m\u00e1r t\u00f6bb kutat\u00e1sban haszn\u00e1ltunk, azonban nem biztosan jelent m\u00e9g meg\u00a0valid\u00e1l\u00f3 publik\u00e1ci\u00f3nk, ezek jelenleg folyamatban vannak. Az al\u00e1bbi k\u00e9rd\u0151\u00edvek vagy szabadon fehaszn\u00e1lhat\u00f3k, vagy az eredeti &hellip;<\/p>\n","protected":false},"author":101569,"featured_media":0,"parent":20,"menu_order":0,"comment_status":"closed","ping_status":"closed","template":"","meta":{"_acf_changed":false,"footnotes":""},"categories":[],"tags":[],"class_list":["post-7774","page","type-page","status-publish","hentry"],"acf":[],"_links":{"self":[{"href":"https:\/\/semmelweis.hu\/mental\/wp-json\/wp\/v2\/pages\/7774","targetHints":{"allow":["GET"]}}],"collection":[{"href":"https:\/\/semmelweis.hu\/mental\/wp-json\/wp\/v2\/pages"}],"about":[{"href":"https:\/\/semmelweis.hu\/mental\/wp-json\/wp\/v2\/types\/page"}],"author":[{"embeddable":true,"href":"https:\/\/semmelweis.hu\/mental\/wp-json\/wp\/v2\/users\/101569"}],"replies":[{"embeddable":true,"href":"https:\/\/semmelweis.hu\/mental\/wp-json\/wp\/v2\/comments?post=7774"}],"version-history":[{"count":6,"href":"https:\/\/semmelweis.hu\/mental\/wp-json\/wp\/v2\/pages\/7774\/revisions"}],"predecessor-version":[{"id":7862,"href":"https:\/\/semmelweis.hu\/mental\/wp-json\/wp\/v2\/pages\/7774\/revisions\/7862"}],"up":[{"embeddable":true,"href":"https:\/\/semmelweis.hu\/mental\/wp-json\/wp\/v2\/pages\/20"}],"wp:attachment":[{"href":"https:\/\/semmelweis.hu\/mental\/wp-json\/wp\/v2\/media?parent=7774"}],"wp:term":[{"taxonomy":"category","embeddable":true,"href":"https:\/\/semmelweis.hu\/mental\/wp-json\/wp\/v2\/categories?post=7774"},{"taxonomy":"post_tag","embeddable":true,"href":"https:\/\/semmelweis.hu\/mental\/wp-json\/wp\/v2\/tags?post=7774"}],"curies":[{"name":"wp","href":"https:\/\/api.w.org\/{rel}","templated":true}]}}