{"id":4661,"date":"2021-06-28T15:51:51","date_gmt":"2021-06-28T13:51:51","guid":{"rendered":"https:\/\/semmelweis.hu\/mental\/?page_id=4661"},"modified":"2026-04-01T15:05:36","modified_gmt":"2026-04-01T13:05:36","slug":"felvetel-a-kepzesre","status":"publish","type":"page","link":"https:\/\/semmelweis.hu\/mental\/szakiranyu-kepzesek\/csalad-lelkigondozo-tovabbkepzes\/felvetel-a-kepzesre\/","title":{"rendered":"Felv\u00e9tel a k\u00e9pz\u00e9sre"},"content":{"rendered":"<h6 style=\"text-align: justify\"><strong>Felv\u00e9teli t\u00e1j\u00e9koztat\u00f3 a ment\u00e1lhigi\u00e9n\u00e9s h\u00e1zass\u00e1g- \u00e9s csal\u00e1d-lelkigondoz\u00f3 szakir\u00e1ny\u00fa tov\u00e1bbk\u00e9pz\u00e9si szakr\u00f3l<\/strong><\/h6>\n<p style=\"margin-top: 0cm\"><span style=\"color: #339966\"><strong><span style=\"font-size: 15pt\">A k\u00f6vetkez\u0151 \u00e9vfolyam 2026. szeptemberben indul.<\/span><\/strong><\/span><\/p>\n<p><strong>Jelentkezni itt lehet<\/strong>:<\/p>\n<p><a href=\"https:\/\/mhi.semmelweis.hu\/login\">https:\/\/mhi.semmelweis.hu\/login<\/a><\/p>\n<p><span style=\"color: #ff0000\"><strong>MEGHOSSZABB\u00cdTOTT JELENTKEZ\u00c9SI HAT\u00c1RID\u0150: 2026. M\u00c1JUS 31.<\/strong><\/span><\/p>\n<p style=\"text-align: justify\"><span style=\"color: #000000\"><strong><b>A jelentkez\u00e9s d\u00edja: 9<\/b>\u00a0000,- <\/strong>(A d\u00edjat a jelentkez\u00e9si fel\u00fcleten t\u00f6rt\u00e9nt regisztr\u00e1ci\u00f3 ut\u00e1n, a jelentkez\u00e9s utols\u00f3 l\u00e9p\u00e9sek\u00e9nt kell fizetni utal\u00e1ssal, vagy bankk\u00e1rty\u00e1s fizet\u00e9ssel.)<\/span><\/p>\n<p style=\"text-align: justify\">A felv\u00e9telir\u0151l a jelentkez\u0151t e-mailben (\u00e9s k\u00fcl\u00f6n k\u00e9r\u00e9sre postai \u00faton) \u00e9rtes\u00edtj\u00fck legk\u00e9s\u0151bb 2 h\u00e9ttel a felv\u00e9teli id\u0151pontja el\u0151tt.<\/p>\n<p class=\"x_x_elementToProof\" style=\"text-align: justify\"><b>K\u00e9rj\u00fck, hogy az al\u00e1bbiakat sz\u00edveskedj\u00e9k mag\u00e1val hozni a felv\u00e9telire:<\/b><\/p>\n<ul>\n<li>eredeti diploma (ellen\u0151rz\u00e9s c\u00e9lj\u00e1b\u00f3l \u2013 1 db eredeti diploma, melyre a k\u00e9pz\u00e9s r\u00e1\u00e9p\u00fcl)<\/li>\n<li>szakir\u00e1ny\u00fa v\u00e9gzetts\u00e9g igazol\u00e1sa, vagy ennek hi\u00e1ny\u00e1ban az ezzel egyen\u00e9rt\u00e9k\u0171 elm\u00e9leti \u00e9s gyakorlati ismeretek megszerz\u00e9s\u00e9nek igazol\u00e1sa (index f\u00e9nym\u00e1solata),<\/li>\n<li>amennyiben nem az alap vagy szakir\u00e1ny\u00fa k\u00e9pz\u00e9s r\u00e9szek\u00e9nt szerezte meg, akkor legal\u00e1bb 60 \u00f3ra egy\u00e9ni vagy 120 \u00f3ra csoportos \u00f6nismereti k\u00e9pz\u00e9s igazol\u00e1sa,<\/li>\n<li>szem\u00e9lyi igazolv\u00e1ny (k\u00fclf\u00f6ldi \u00e1llampolg\u00e1rs\u00e1g eset\u00e9ben \u00fatlev\u00e9l)<\/li>\n<\/ul>\n<div>\n<div class=\"x_x_elementToProof\"><strong style=\"font-size: 1rem\">A felv\u00e9teli k\u00e9t r\u00e9szb\u0151l \u00e1ll: szem\u00e9lyes meghallgat\u00e1sb\u00f3l \u00e9s csoportos interj\u00fab\u00f3l.<\/strong><\/div>\n<\/div>\n<p class=\"x_x_elementToProof\" style=\"text-align: justify\">A szem\u00e9lyes meghallgat\u00e1sra mindenkit egy adott id\u0151pontra h\u00edvunk, de a sz\u00fcks\u00e9ges adminisztr\u00e1ci\u00f3 miatt el\u0151fordul, hogy v\u00e1rakoznia kell, \u00e9s az interj\u00fak id\u0151tartam\u00e1t sem tudjuk pontosan bem\u00e9rni.<\/p>\n<p style=\"text-align: justify\">Csoportos interj\u00fara d\u00e9lut\u00e1n kb. 13<sup>30<\/sup>\u00a0\u00f3rai kezdettel ker\u00fcl sor, id\u0151tartama kb. 2 \u00f3ra, \u00edgy a teljes felv\u00e9teli vizsga v\u00e1rhat\u00f3an du. 15.30 \u00f3rakor \u00e9r v\u00e9get.<\/p>\n<p class=\"x_x_elementToProof\" style=\"text-align: justify\">K\u00e9rj\u00fck pontos megjelen\u00e9s\u00e9t, mivel a csoportos interj\u00fa miatt nem lehetnek cs\u00fasz\u00e1sok.<\/p>\n<p style=\"text-align: justify\">A felv\u00e9teli elj\u00e1r\u00e1s l\u00e9nyege nem a lexik\u00e1lis tud\u00e1s m\u00e9r\u00e9se, hanem a felv\u00e9telhez sz\u00fcks\u00e9ges attit\u0171d\u00f6k vizsg\u00e1lata, mivel a k\u00e9pz\u00e9s c\u00e9lja, hogy a hallgat\u00f3 fejl\u0151dj\u00f6n seg\u00edt\u0151 foglalkoz\u00e1s\u00e1nak gyakorl\u00e1s\u00e1ban \u00e9s a csoportvezet\u0151i munk\u00e1ban.<\/p>\n<hr \/>\n<p style=\"text-align: justify\">Amit biztosan v\u00e1runk majd a jelentkez\u0151t\u0151l bek\u00fcldeni:<\/p>\n<ul style=\"list-style-type: circle;text-align: justify\">\n<li><strong>A fels\u0151fok\u00fa v\u00e9gzetts\u00e9get igazol\u00f3 dokumentum m\u00e1solata <\/strong>(idegen nyelv\u0171 eset\u00e9n a hiteles\u00edtett ford\u00edt\u00e1sa is). <strong>Nem hit\u00e9leti diploma eset\u00e9n 30 teol\u00f3giai kredit igazol\u00e1sa, vagy annak \u00edr\u00e1sos jelz\u00e9se, hogy ezt mikor, milyen form\u00e1ban, k\u00e9pz\u00e9sen tervezi a jelentkez\u0151 megszerezni<\/strong> felv\u00e9tele eset\u00e9n az els\u0151 tan\u00e9v v\u00e9g\u00e9ig. \u00a0A 30 teol\u00f3giai kredit b\u00e1rmely, a hallgat\u00f3 \u00e1ltal v\u00e1lasztott k\u00e9pz\u00e9sen megszerezhet\u0151, ugyanakkor szeretn\u00e9nk aj\u00e1nlani azt a r\u00e9szismereti k\u00e9pz\u00e9st, melyet az Evang\u00e9likus Hittudom\u00e1nyi Egyetemmel egy\u00fcttm\u0171k\u00f6d\u00e9sben dolgoztunk ki, \u00e9s amely kifejezetten a Ment\u00e1lhigi\u00e9n\u00e9s h\u00e1zass\u00e1g- \u00e9s csal\u00e1d- lelkigondoz\u00f3 szakir\u00e1ny\u00fa k\u00e9pz\u00e9si szak kurrikulum\u00e1hoz aj\u00e1nlott kieg\u00e9sz\u00edt\u00e9s. Ennek r\u00e9szleteit ebben a dokumentumban tal\u00e1lja:\u00a0<a id=\"OWAc99b3ef0-3814-b42d-ec98-26c50783682e\" class=\"x_x_x_x_moz-txt-link-freetext x_OWAAutoLink\" href=\"https:\/\/uni.lutheran.hu\/wp-content\/uploads\/2026\/03\/Reszismereti-kepzes_SE.pdf\" target=\"_blank\" rel=\"noopener noreferrer\">https:\/\/uni.lutheran.hu\/wp-content\/uploads\/2026\/03\/Reszismereti-kepzes_SE.pdf<\/a><\/li>\n<li><strong>Szakir\u00e1ny\u00fa v\u00e9gzetts\u00e9get igazol\u00f3 dokumentum m\u00e1solata lelkigondoz\u00f3i vagy ment\u00e1lhigi\u00e9n\u00e9s ter\u00fcleten <\/strong>(p\u00e9ld\u00e1ul ment\u00e1lhigi\u00e9n\u00e9s lelkigondoz\u00f3 szakir\u00e1ny\u00fa tov\u00e1bbk\u00e9pz\u00e9si szakon, vagy ment\u00e1lhigi\u00e9n\u00e9 szakir\u00e1ny\u00fa tov\u00e1bbk\u00e9pz\u00e9si szakon szerzett oklev\u00e9l), vagy ezzel egyen\u00e9rt\u00e9k\u0171 elm\u00e9leti \u00e9s gyakorlati ismeretek megszerz\u00e9s\u00e9nek (l\u00e9lektani \u00e9s t\u00e1rsadalomtudom\u00e1nyi ismeretek, seg\u00edt\u0151 besz\u00e9lget\u00e9s gyakorlata) igazol\u00e1sa (index-f\u00e9nym\u00e1solat), melynek elb\u00edr\u00e1l\u00e1sa a ment\u00e1lhigi\u00e9n\u00e9s h\u00e1zass\u00e1g- \u00e9s csal\u00e1d- lelkigondoz\u00f3 szak mindenkori szakvezet\u00e9s\u00e9nek (szakfelel\u0151s \u00e9s a k\u00e9pz\u00e9s\u00e9rt felel\u0151s szakcsoport) jogk\u00f6re.\u00a0<\/li>\n<\/ul>\n<ul style=\"text-align: justify\">\n<li><em>Amennyiben nincs szakir\u00e1ny\u00fa v\u00e9gzetts\u00e9ge lelkigondoz\u00f3i vagy ment\u00e1lhigi\u00e9n\u00e9s ter\u00fcleten, hanem az egy\u00e9b tanulm\u00e1nyait szeretn\u00e9 elfogadtatni, k\u00e9rj\u00fck, hogy t\u00f6ltse ki <a href=\"https:\/\/semmelweis.hu\/mental\/files\/2024\/02\/Bemeneti-feltetelek-elismertetesi-kerelme.docx\" target=\"_blank\" rel=\"noopener\">az itt let\u00f6lthet\u0151 dokumentumot<\/a> \u00e9s k\u00fcldje be a <a href=\"mailto:jaki.zsuzsa@semmelweis.hu\" target=\"_blank\" rel=\"noopener\">jaki.zsuzsa@semmelweis.hu<\/a> e-mail c\u00edmre. Erre m\u00e1r most, a jelentkez\u00e9s beny\u00fajt\u00e1sa el\u0151tt lehet\u0151s\u00e9g van. N\u00e9h\u00e1ny h\u00e9ten bel\u00fcl a szakvezet\u00e9s egyeztet\u00e9se ut\u00e1n visszajelz\u00fcnk \u00d6nnek a k\u00e9relme elb\u00edr\u00e1l\u00e1s\u00e1r\u00f3l.\u00a0<\/em><\/li>\n<\/ul>\n<ul style=\"list-style-type: circle;text-align: justify\">\n<li><strong>\u00d6nismereti k\u00e9pz\u00e9s igazol\u00e1sa, amennyiben a szakir\u00e1ny\u00fa k\u00e9pzetts\u00e9ge ezt nem tartalmazza<\/strong>, hanem att\u00f3l f\u00fcggetlen\u00fcl szerezte meg. A jelentkez\u00e9s felt\u00e9tele legal\u00e1bb 60 \u00f3ra egy\u00e9ni vagy 120 \u00f3ra csoportos \u00f6nismereti k\u00e9pz\u00e9s \/ \u00f6nismereti pszichoter\u00e1pia, amelyet a Pszichoter\u00e1pi\u00e1s Tan\u00e1cs Sz\u00f6vets\u00e9g tagjak\u00e9nt nyilv\u00e1ntartott tudom\u00e1nyos t\u00e1rsas\u00e1g, illetve e t\u00e1rsas\u00e1gnak erre feljogos\u00edtott tagja tartott. Megkezdett \u00f6nismereti folyamat eset\u00e9n az els\u0151 tan\u00e9v v\u00e9g\u00e9ig a k\u00e9pz\u00e9ssel p\u00e1rhuzamosan is teljes\u00edthet\u0151 az \u00f6nismeret,\u00a0 igazol\u00e1s\u00e1nak megszerz\u00e9s\u00e9t az els\u0151 tan\u00e9v lez\u00e1r\u00e1s\u00e1hoz be kell mutatni.\u00a0<\/li>\n<li><strong>Szakmai \u00f6n\u00e9letrajz <\/strong>(v\u00e9gzetts\u00e9gek, munkahelyek)<\/li>\n<li><strong>Szem\u00e9lyes hangv\u00e9tel\u0171 \u00f6n\u00e9letrajz \u00e9s motiv\u00e1ci\u00f3s lev\u00e9l <\/strong>(bemutatkoz\u00e1sa sor\u00e1n k\u00e9rj\u00fck t\u00e9rjen ki arra, hogy mi ind\u00edtja \u00d6nt arra, hogy a tov\u00e1bbk\u00e9pz\u00e9sre jelentkezzen) (k\u00e9zzel vagy g\u00e9ppel is meg\u00edrhat\u00f3)<\/li>\n<li><strong>Felettes \/ el\u00f6lj\u00e1r\u00f3 aj\u00e1nl\u00e1sa <\/strong>(papoknak, lelk\u00e9szeknek \u2013 p\u00fcsp\u00f6kt\u0151l; szerzeteseknek \u2013 el\u00f6lj\u00e1r\u00f3t\u00f3l; diak\u00f3nusok, hitoktat\u00f3k, vall\u00e1stan\u00e1rok k\u00f6z\u00f6ss\u00e9gvezet\u0151k \u2013 pl\u00e9b\u00e1nost\u00f3l, gy\u00fclekezet lelk\u00e9sz\u00e9t\u0151l).<\/li>\n<\/ul>\n<p style=\"text-align: justify\"><strong>K\u00e9rd\u00e9s eset\u00e9n forduljon hozz\u00e1nk bizalommal:<\/strong><\/p>\n<div class=\"fontos_div w-100\">\n<p style=\"text-align: justify\">K\u00e9pz\u00e9ssel kapcsolatos tov\u00e1bbi inform\u00e1ci\u00f3k:<\/p>\n<p style=\"text-align: justify\"><strong>Dr. Szab\u00f3-J\u00e1ki Zsuzsanna<\/strong>,<span style=\"color: #3366ff\"> <a href=\"mailto:jaki.zsuzsa@semmelweis.hu\" target=\"_blank\" rel=\"noopener\">jaki.zsuzsa@semmelweis.hu<\/a><\/span>\u00a0\/ Tel: +36\/20\/6632-848<\/p>\n<\/div>\n<hr \/>\n<p style=\"text-align: justify\">A szakir\u00e1ny\u00fa tov\u00e1bbk\u00e9pz\u00e9sre jelentkez\u0151k rangsorol\u00e1sa a felv\u00e9telin szerzett pontok alapj\u00e1n t\u00f6rt\u00e9nik.<\/p>\n<p style=\"text-align: justify\">Az \u00e1prilisi hat\u00e1rid\u0151 lej\u00e1rata ut\u00e1n, az Int\u00e9zet p\u00f3tfelv\u00e9telit hirdethet meg, amennyiben nincs kell\u0151 sz\u00e1m\u00fa alkalmas jelentkez\u0151.<\/p>\n<p style=\"text-align: justify\">A felv\u00e9telr\u0151l \u2013 az int\u00e9zm\u00e9nyi kapacit\u00e1s figyelembe v\u00e9tel\u00e9vel \u2013 a kar d\u00e9k\u00e1nja d\u00f6nt.<\/p>\n<p style=\"text-align: justify\">A d\u00f6nt\u00e9sr\u0151l a jelentkez\u0151 \u00edr\u00e1sban, felv\u00e9teli hat\u00e1rozatban kap \u00e9rtes\u00edt\u00e9st a felv\u00e9teli vizsg\u00e1k lez\u00e1rul\u00e1sa ut\u00e1n.<\/p>\n<p style=\"text-align: justify\">A felv\u00e9teli d\u00f6nt\u00e9s ellen a hat\u00e1rozat k\u00e9zhezv\u00e9tel\u00e9t\u0151l sz\u00e1m\u00edtott 15 napon bel\u00fcl a jelentkez\u0151 az Egyetem rektor\u00e1hoz c\u00edmezve fellebbez\u00e9ssel \u00e9lhet. A fellebbez\u00e9seket az Egyetem Fel\u00fclb\u00edr\u00e1lati Bizotts\u00e1ga b\u00edr\u00e1lja el.<\/p>\n<p style=\"text-align: justify\">Az indul\u00f3 k\u00e9pz\u00e9s\u00fcnkkel kapcsolatos tov\u00e1bbi k\u00e9rd\u00e9seit jelezheti a megadott el\u00e9rhet\u0151s\u00e9geken.<\/p>\n<div class=\"fontos_div w-100\">\n<p style=\"text-align: justify\">A k\u00e9pz\u00e9sr\u0151l b\u0151vebb t\u00e1j\u00e9koztat\u00e1st ad <strong>Dr. Szab\u00f3-J\u00e1ki Zsuzsanna<\/strong>: <br \/><span style=\"color: #3366ff\">jaki.zsuzsa@semmelweis.hu<\/span><br \/>Tel: +36 20 6632 848<\/p>\n<\/div>\n<hr \/>\n<p><strong>Tov\u00e1bbi inform\u00e1ci\u00f3k a h\u00e1zass\u00e1g- \u00e9s csal\u00e1d-lelkigondoz\u00f3 szakir\u00e1ny\u00fa tov\u00e1bbk\u00e9pz\u00e9si szakr\u00f3l<\/strong><\/p>\n<ul class=\"children\" style=\"list-style-type: square\">\n<li class=\"page_item page-item-4634 current_page_item\"><a href=\"https:\/\/semmelweis.hu\/mental\/szakiranyu-kepzesek\/csalad-lelkigondozo-tovabbkepzes\/a-kepzes-bemutatasa\/\" target=\"_blank\" rel=\"noopener\">A k\u00e9pz\u00e9s bemutat\u00e1sa<\/a><\/li>\n<li class=\"page_item page-item-4642\"><a href=\"https:\/\/semmelweis.hu\/mental\/szakiranyu-kepzesek\/csalad-lelkigondozo-tovabbkepzes\/tanulmanyi-program\/\" target=\"_blank\" rel=\"noopener\">Tanulm\u00e1nyi program<\/a><\/li>\n<li class=\"page_item page-item-4669\"><a href=\"https:\/\/semmelweis.hu\/mental\/szakiranyu-kepzesek\/csalad-lelkigondozo-tovabbkepzes\/kontaktszemelyek\/\" target=\"_blank\" rel=\"noopener\">Kontaktszem\u00e9lyek<\/a><\/li>\n<\/ul>\n","protected":false},"excerpt":{"rendered":"<p>Felv\u00e9teli t\u00e1j\u00e9koztat\u00f3 a ment\u00e1lhigi\u00e9n\u00e9s h\u00e1zass\u00e1g- \u00e9s csal\u00e1d-lelkigondoz\u00f3 szakir\u00e1ny\u00fa tov\u00e1bbk\u00e9pz\u00e9si szakr\u00f3l A k\u00f6vetkez\u0151 \u00e9vfolyam 2026. szeptemberben indul. Jelentkezni itt lehet: <a href=\"https:\/\/mhi.semmelweis.hu\/login\">https:\/\/mhi.semmelweis.hu\/login<\/a> MEGHOSSZABB\u00cdTOTT JELENTKEZ\u00c9SI HAT\u00c1RID\u0150: 2026. M\u00c1JUS 31. A jelentkez\u00e9s d\u00edja: 9\u00a0000,- (A d\u00edjat a jelentkez\u00e9si fel\u00fcleten t\u00f6rt\u00e9nt regisztr\u00e1ci\u00f3 ut\u00e1n, a jelentkez\u00e9s utols\u00f3 l\u00e9p\u00e9sek\u00e9nt kell fizetni utal\u00e1ssal, vagy bankk\u00e1rty\u00e1s fizet\u00e9ssel.) A felv\u00e9telir\u0151l a jelentkez\u0151t e-mailben (\u00e9s k\u00fcl\u00f6n k\u00e9r\u00e9sre &hellip;<\/p>\n","protected":false},"author":101898,"featured_media":0,"parent":4629,"menu_order":3,"comment_status":"closed","ping_status":"closed","template":"","meta":{"_acf_changed":false,"footnotes":""},"categories":[],"tags":[],"class_list":["post-4661","page","type-page","status-publish","hentry"],"acf":[],"_links":{"self":[{"href":"https:\/\/semmelweis.hu\/mental\/wp-json\/wp\/v2\/pages\/4661","targetHints":{"allow":["GET"]}}],"collection":[{"href":"https:\/\/semmelweis.hu\/mental\/wp-json\/wp\/v2\/pages"}],"about":[{"href":"https:\/\/semmelweis.hu\/mental\/wp-json\/wp\/v2\/types\/page"}],"author":[{"embeddable":true,"href":"https:\/\/semmelweis.hu\/mental\/wp-json\/wp\/v2\/users\/101898"}],"replies":[{"embeddable":true,"href":"https:\/\/semmelweis.hu\/mental\/wp-json\/wp\/v2\/comments?post=4661"}],"version-history":[{"count":12,"href":"https:\/\/semmelweis.hu\/mental\/wp-json\/wp\/v2\/pages\/4661\/revisions"}],"predecessor-version":[{"id":9193,"href":"https:\/\/semmelweis.hu\/mental\/wp-json\/wp\/v2\/pages\/4661\/revisions\/9193"}],"up":[{"embeddable":true,"href":"https:\/\/semmelweis.hu\/mental\/wp-json\/wp\/v2\/pages\/4629"}],"wp:attachment":[{"href":"https:\/\/semmelweis.hu\/mental\/wp-json\/wp\/v2\/media?parent=4661"}],"wp:term":[{"taxonomy":"category","embeddable":true,"href":"https:\/\/semmelweis.hu\/mental\/wp-json\/wp\/v2\/categories?post=4661"},{"taxonomy":"post_tag","embeddable":true,"href":"https:\/\/semmelweis.hu\/mental\/wp-json\/wp\/v2\/tags?post=4661"}],"curies":[{"name":"wp","href":"https:\/\/api.w.org\/{rel}","templated":true}]}}