{"id":3861,"date":"2020-10-17T15:53:03","date_gmt":"2020-10-17T13:53:03","guid":{"rendered":"https:\/\/semmelweis.hu\/mental\/?page_id=3861"},"modified":"2026-02-04T10:24:07","modified_gmt":"2026-02-04T09:24:07","slug":"dr-trobert-anett-maria","status":"publish","type":"page","link":"https:\/\/semmelweis.hu\/mental\/az-intezet\/munkatarsak\/dr-trobert-anett-maria\/","title":{"rendered":"Dr. Leleszi-Tr\u00f3bert Anett"},"content":{"rendered":"<table style=\"width: 100%;height: 390px\" border=\"0\" width=\"100%\" cellspacing=\"5\" cellpadding=\"5\">\n<tbody>\n<tr style=\"height: 50px\">\n<td style=\"height: 50px;width: 46.9108%\">\n<p><strong>Beoszt\u00e1s<\/strong><\/p>\n<\/td>\n<td style=\"height: 50px;width: 53.0892%\">\n<p>egyetemi adjunktus<\/p>\n<\/td>\n<\/tr>\n<tr style=\"height: 34px\">\n<td style=\"height: 34px;width: 46.9108%\"><strong>Telefon:<\/strong><\/td>\n<td style=\"height: 34px;width: 53.0892%\">+36 20 670 1270<\/td>\n<\/tr>\n<tr style=\"height: 34px\">\n<td style=\"height: 34px;width: 46.9108%\"><strong>Egyetemi mell\u00e9k:<\/strong><\/td>\n<td style=\"height: 34px;width: 53.0892%\">\u00a0<\/td>\n<\/tr>\n<tr style=\"height: 34px\">\n<td style=\"height: 34px;width: 46.9108%\"><strong>E-mail:<\/strong>\u00a0<\/td>\n<td style=\"height: 34px;width: 53.0892%\">trobert.anett@semmelweis.hu<\/td>\n<\/tr>\n<tr>\n<td style=\"width: 46.9108%\" width=\"275\"><strong>V\u00e9gzetts\u00e9gek:<\/strong><\/td>\n<td style=\"width: 53.0892%\" width=\"449\">Hittan\u00e1r, nevel\u0151tan\u00e1r, pasztor\u00e1lis munkat\u00e1rs, k\u00f3rh\u00e1zi lelkigondoz\u00f3, ment\u00e1lhigi\u00e9n\u00e9s \u00e9s szervezetfejleszt\u0151 szakember<\/td>\n<\/tr>\n<tr>\n<td style=\"width: 46.9108%\" width=\"275\"><strong>Doktori fokozat:<\/strong><\/td>\n<td style=\"width: 53.0892%\" width=\"449\">Ph.D., 2019, szociol\u00f3gia, Semmelweis Egyetem Ment\u00e1lis Eg\u00e9szs\u00e9gtudom\u00e1nyok Doktori Iskola<\/td>\n<\/tr>\n<tr>\n<td style=\"width: 46.9108%\" width=\"275\"><strong>Publik\u00e1ci\u00f3s lista (MTMT azonos\u00edt\u00f3):<\/strong><\/td>\n<td style=\"height: 34px;width: 53.0892%\"><a href=\"https:\/\/m2.mtmt.hu\/gui2\/?type=authors&amp;mode=browse&amp;sel=10044280\">Magyar Tudom\u00e1nyos M\u0171vek T\u00e1ra<\/a><\/td>\n<\/tr>\n<tr>\n<td style=\"width: 46.9108%\" width=\"275\"><strong>Szakmai \u00e9rdekl\u0151d\u00e9s, kutat\u00e1si ter\u00fcletek:<\/strong><\/td>\n<td style=\"width: 53.0892%\" width=\"449\">Akt\u00edv id\u0151s\u00f6d\u00e9s, id\u0151skori \u00e9letmin\u0151s\u00e9g,\u00a0 csal\u00e1di gondoz\u00f3k kimer\u00fcl\u00e9se, ki\u00e9g\u00e9se, a tart\u00f3s gondoz\u00e1st biztos\u00edt\u00f3 ell\u00e1t\u00f3rendszerek fejleszt\u00e9se, szoci\u00e1lis innov\u00e1ci\u00f3k.<\/td>\n<\/tr>\n<tr>\n<td style=\"width: 46.9108%\" width=\"275\"><strong>Aktu\u00e1lis kutat\u00e1sok:<\/strong><\/td>\n<td style=\"width: 53.0892%\" width=\"449\">A csal\u00e1di gondoz\u00f3k megterhelts\u00e9ge, a csal\u00e1di gondoz\u00f3k helyzete a COVID-19 idej\u00e9n, id\u0151sell\u00e1t\u00e1s \u00e9s csal\u00e1di gondoz\u00f3k a COVID-19 idej\u00e9n.<\/td>\n<\/tr>\n<tr>\n<td style=\"width: 46.9108%\" width=\"275\"><strong>Egy\u00e9b szakmai \u00e9rdekl\u0151d\u00e9s:<\/strong><\/td>\n<td style=\"width: 53.0892%\" width=\"449\">\n<p>Id\u0151sgondoz\u00e1s \u00e9s ment\u00e1lhigi\u00e9n\u00e9, id\u0151sek k\u00eds\u00e9r\u00e9se \/ \u00e9let-\u00e9rtelem keres\u00e9s a hal\u00e1lt megel\u0151z\u0151 \u00e9letszakaszban (V. Frankl logoter\u00e1pia elm\u00e9lete nyom\u00e1n).<\/p>\n<\/td>\n<\/tr>\n<tr>\n<td style=\"width: 46.9108%\"><strong>Legfontosabb publik\u00e1ci\u00f3k:<\/strong><\/td>\n<td style=\"width: 53.0892%\">\n<div>\n<div class=\"authors\"><span class=\"author-name\">Paty\u00e1n, L.\u00a0<\/span>;\u00a0<span class=\"author-name\">Golubeva, \u0415\u00a0<\/span>;\u00a0<span class=\"author-name\"><a href=\"https:\/\/m2.mtmt.hu\/gui2\/?type=authors&amp;mode=browse&amp;sel=10008748\" target=\"_blank\" rel=\"noopener noreferrer\">Szeman, Z.<\/a>\u00a0<\/span>;\u00a0<span class=\"author-name\"><a href=\"https:\/\/m2.mtmt.hu\/gui2\/?type=authors&amp;mode=browse&amp;sel=10044280\" target=\"_blank\" rel=\"noopener noreferrer\">\u0422robert, \u041c<\/a><\/span><\/div>\n<div class=\"title\"><a href=\"https:\/\/m2.mtmt.hu\/gui2\/?mode=browse&amp;params=publication;31135590\" target=\"_blank\" rel=\"noopener noreferrer\">RISKS OF SOCIAL EXCLUSION IN THE INTERACTION OF THE STATE AND THE FAMILY IN THE ELDERLY CARE SYSTEM<\/a><\/div>\n<div class=\"pub-info\"><span class=\"journal-title\">Ekologiya cheloveka<\/span>\u00a0<span class=\"journal-volume\">2020<\/span>\u00a0:\u00a0<span class=\"journal-issue\">1<\/span>\u00a0<span class=\"page\">pp. 42-49. , 8 p.\u00a0<\/span><span class=\"year\">(2020)<\/span><\/div>\n<\/div>\n<div>\u00a0<\/div>\n<div>\n<div class=\"authors\"><span class=\"author-name\"><a href=\"https:\/\/m2.mtmt.hu\/gui2\/?type=authors&amp;mode=browse&amp;sel=10044280\" target=\"_blank\" rel=\"noopener noreferrer\">Tr\u00f3bert, Anett M\u00e1ria<\/a>\u00a0<\/span>;\u00a0<span class=\"author-name\"><a href=\"https:\/\/m2.mtmt.hu\/gui2\/?type=authors&amp;mode=browse&amp;sel=10008748\" target=\"_blank\" rel=\"noopener noreferrer\">Sz\u00e9man, Zsuzsa<\/a><\/span><\/div>\n<div class=\"title\"><a href=\"https:\/\/m2.mtmt.hu\/gui2\/?mode=browse&amp;params=publication;30920224\" target=\"_blank\" rel=\"noopener noreferrer\">Id\u0151sgondoz\u00e1s az ell\u00e1t\u00f3rendszeren k\u00edv\u00fcl: Csal\u00e1di gondoz\u00f3k kih\u00edv\u00e1sai<\/a><\/div>\n<div class=\"pub-info\"><span class=\"journal-title\">MAGYAR GERONTOL\u00d3GIA<\/span>\u00a0<span class=\"journal-volume\">11<\/span>\u00a0:\u00a0<span class=\"journal-issue\">37<\/span>\u00a0<span class=\"page\">pp. 2-28. , 27 p.<\/span>\u00a0<span class=\"year\">(2019)<\/span><\/div>\n<\/div>\n<div>\u00a0<\/div>\n<div><span class=\"author-name\" style=\"font-family: inherit;font-size: inherit\"><a href=\"https:\/\/m2.mtmt.hu\/gui2\/?type=authors&amp;mode=browse&amp;sel=10044280\" target=\"_blank\" rel=\"noopener noreferrer\">Tr\u00f3bert, Anett M\u00e1ria<\/a>\u00a0<\/span><span style=\"font-family: inherit;font-size: inherit\">;\u00a0<\/span><span class=\"author-name\" style=\"font-family: inherit;font-size: inherit\"><a href=\"https:\/\/m2.mtmt.hu\/gui2\/?type=authors&amp;mode=browse&amp;sel=10008748\" target=\"_blank\" rel=\"noopener noreferrer\">Sz\u00e9man, Zsuzsanna<\/a><\/span><\/div>\n<div>\n<div class=\"title\"><a href=\"https:\/\/m2.mtmt.hu\/gui2\/?mode=browse&amp;params=publication;3338213\" target=\"_blank\" rel=\"noopener noreferrer\">H\u00e1ziorvosok \u00e9s id\u0151sell\u00e1t\u00e1s egy k\u00e9rd\u0151\u00edves kutat\u00e1s t\u00fckr\u00e9ben [General practitioners and eldercare reflected in a survey by questionnaire]<\/a><\/div>\n<div class=\"pub-info\"><span class=\"journal-title\">ORVOSI HETILAP<\/span>\u00a0<span class=\"journal-volume\">159<\/span>\u00a0:\u00a0<span class=\"journal-issue\">8<\/span>\u00a0<span class=\"page\">pp. 312-319. , 8 p.\u00a0<\/span><span class=\"year\">(2018)<\/span><\/div>\n<\/div>\n<div>\u00a0<\/div>\n<div class=\"authors\"><span class=\"author-name\"><a href=\"https:\/\/m2.mtmt.hu\/gui2\/?type=authors&amp;mode=browse&amp;sel=10008748\" target=\"_blank\" rel=\"noopener noreferrer\">Zsuzsa, Sz\u00e9man<\/a>\u00a0<\/span>;\u00a0<span class=\"author-name\"><a href=\"https:\/\/m2.mtmt.hu\/gui2\/?type=authors&amp;mode=browse&amp;sel=10044280\" target=\"_blank\" rel=\"noopener noreferrer\">Anett, M\u00e1ria Tr\u00f3bert<\/a><\/span><\/div>\n<div class=\"title\"><a href=\"https:\/\/m2.mtmt.hu\/gui2\/?mode=browse&amp;params=publication;3309112\" target=\"_blank\" rel=\"noopener noreferrer\">Social Innovation in the Provision of Services in Long-term Care<\/a><\/div>\n<div class=\"pub-info\"><span class=\"journal-title\">EUROPEAN JOURNAL OF MENTAL HEALTH<\/span>\u00a0<span class=\"journal-volume\">12<\/span>\u00a0:\u00a0<span class=\"journal-issue\">2<\/span>\u00a0<span class=\"page\">pp. 204-217. , 1\u00a0814 p.\u00a0<\/span><span class=\"year\">(2017)<\/span><\/div>\n<\/td>\n<\/tr>\n<\/tbody>\n<\/table>\n","protected":false},"excerpt":{"rendered":"<p>Beoszt\u00e1s egyetemi adjunktus Telefon: +36 20 670 1270 Egyetemi mell\u00e9k: \u00a0 E-mail:\u00a0 trobert.anett@semmelweis.hu V\u00e9gzetts\u00e9gek: Hittan\u00e1r, nevel\u0151tan\u00e1r, pasztor\u00e1lis munkat\u00e1rs, k\u00f3rh\u00e1zi lelkigondoz\u00f3, ment\u00e1lhigi\u00e9n\u00e9s \u00e9s szervezetfejleszt\u0151 szakember Doktori fokozat: Ph.D., 2019, szociol\u00f3gia, Semmelweis Egyetem Ment\u00e1lis Eg\u00e9szs\u00e9gtudom\u00e1nyok Doktori Iskola Publik\u00e1ci\u00f3s lista (MTMT azonos\u00edt\u00f3): <a href=\"https:\/\/m2.mtmt.hu\/gui2\/?type=authors&amp;mode=browse&amp;sel=10044280\">Magyar Tudom\u00e1nyos M\u0171vek T\u00e1ra<\/a> Szakmai \u00e9rdekl\u0151d\u00e9s, kutat\u00e1si ter\u00fcletek: Akt\u00edv id\u0151s\u00f6d\u00e9s, id\u0151skori \u00e9letmin\u0151s\u00e9g,\u00a0 csal\u00e1di gondoz\u00f3k kimer\u00fcl\u00e9se, ki\u00e9g\u00e9se, a tart\u00f3s gondoz\u00e1st biztos\u00edt\u00f3 &hellip;<\/p>\n","protected":false},"author":101669,"featured_media":0,"parent":19,"menu_order":33,"comment_status":"closed","ping_status":"closed","template":"","meta":{"_acf_changed":false,"footnotes":""},"categories":[],"tags":[],"class_list":["post-3861","page","type-page","status-publish","hentry"],"acf":[],"_links":{"self":[{"href":"https:\/\/semmelweis.hu\/mental\/wp-json\/wp\/v2\/pages\/3861","targetHints":{"allow":["GET"]}}],"collection":[{"href":"https:\/\/semmelweis.hu\/mental\/wp-json\/wp\/v2\/pages"}],"about":[{"href":"https:\/\/semmelweis.hu\/mental\/wp-json\/wp\/v2\/types\/page"}],"author":[{"embeddable":true,"href":"https:\/\/semmelweis.hu\/mental\/wp-json\/wp\/v2\/users\/101669"}],"replies":[{"embeddable":true,"href":"https:\/\/semmelweis.hu\/mental\/wp-json\/wp\/v2\/comments?post=3861"}],"version-history":[{"count":8,"href":"https:\/\/semmelweis.hu\/mental\/wp-json\/wp\/v2\/pages\/3861\/revisions"}],"predecessor-version":[{"id":8903,"href":"https:\/\/semmelweis.hu\/mental\/wp-json\/wp\/v2\/pages\/3861\/revisions\/8903"}],"up":[{"embeddable":true,"href":"https:\/\/semmelweis.hu\/mental\/wp-json\/wp\/v2\/pages\/19"}],"wp:attachment":[{"href":"https:\/\/semmelweis.hu\/mental\/wp-json\/wp\/v2\/media?parent=3861"}],"wp:term":[{"taxonomy":"category","embeddable":true,"href":"https:\/\/semmelweis.hu\/mental\/wp-json\/wp\/v2\/categories?post=3861"},{"taxonomy":"post_tag","embeddable":true,"href":"https:\/\/semmelweis.hu\/mental\/wp-json\/wp\/v2\/tags?post=3861"}],"curies":[{"name":"wp","href":"https:\/\/api.w.org\/{rel}","templated":true}]}}