{"id":3196,"date":"2019-03-13T10:29:56","date_gmt":"2019-03-13T09:29:56","guid":{"rendered":"http:\/\/semmelweis.hu\/mental\/?page_id=3196"},"modified":"2024-10-07T11:17:28","modified_gmt":"2024-10-07T09:17:28","slug":"dr-szeman-zsuzsanna","status":"publish","type":"page","link":"https:\/\/semmelweis.hu\/mental\/az-intezet\/munkatarsak\/dr-szeman-zsuzsanna\/","title":{"rendered":"Prof. Dr. Sz\u00e9man Zsuzsanna"},"content":{"rendered":"<figure id=\"attachment_583\" aria-describedby=\"caption-attachment-583\" style=\"width: 150px\" class=\"wp-caption alignnone\"><a href=\"https:\/\/semmelweis.hu\/mental\/files\/2018\/06\/Szman-Zsuzsa.jpg\"><img loading=\"lazy\" decoding=\"async\" class=\"wp-image-583 size-thumbnail\" src=\"https:\/\/semmelweis.hu\/mental\/files\/2018\/06\/Szman-Zsuzsa-150x150.jpg\" alt=\"\" width=\"150\" height=\"150\" \/><\/a><figcaption id=\"caption-attachment-583\" class=\"wp-caption-text\">Dr. Sz\u00e9man Zsuzsanna<\/figcaption><\/figure>\n<table style=\"width: 100%\" border=\"0\" width=\"100%\" cellspacing=\"5\" cellpadding=\"5\">\n<tbody>\n<tr>\n<td style=\"width: 34.609%\">\n<p><strong>Beoszt\u00e1s<\/strong><\/p>\n<\/td>\n<td style=\"width: 65.391%\">\u00a0egyetemi tan\u00e1r<\/td>\n<\/tr>\n<tr>\n<td style=\"width: 34.609%\"><strong>Telefon:<\/strong><\/td>\n<td style=\"width: 65.391%\">06-20-666-3700<\/td>\n<\/tr>\n<tr>\n<td style=\"width: 34.609%\"><span class=\"Apple-style-span\"><strong>Egyetemi mell\u00e9k:<\/strong><\/span><\/td>\n<td style=\"width: 65.391%\">06-1459-1500 \/ <strong>56541<\/strong><\/td>\n<\/tr>\n<tr>\n<td style=\"width: 34.609%\"><strong>E-mail:<\/strong>\u00a0<\/td>\n<td style=\"width: 65.391%\"><span id=\"cloak79967\">szeman.zsuzsanna@semmelweis.hu<\/span><\/td>\n<\/tr>\n<tr>\n<td style=\"width: 34.609%\"><strong>V\u00e9gzetts\u00e9gek<\/strong><\/td>\n<td style=\"width: 65.391%\">\n<p>N\u00e9met nyelv \u00e9s irodalom szakos tan\u00e1r, etnogr\u00e1fus<\/p>\n<\/td>\n<\/tr>\n<tr>\n<td style=\"width: 34.609%\"><strong>Fokozat<\/strong><\/td>\n<td style=\"width: 65.391%\">\n<p>Kandid\u00e1tus (szociol\u00f3gia), Magyar Tudom\u00e1nyos Akad\u00e9mia Tudom\u00e1nyos Min\u0151s\u00edt\u0151 Bizotts\u00e1ga (1991)\u00a0<br \/>Habilit\u00e1ci\u00f3, Sz\u00e9chenyi Istv\u00e1n Egyetem Kautz Gyula Gazdas\u00e1gtudom\u00e1nyi Kar (2008)<\/p>\n<p>Egyetemi tan\u00e1r (2014)<\/p>\n<\/td>\n<\/tr>\n<tr>\n<td style=\"width: 34.609%\"><strong>Publik\u00e1ci\u00f3s lista<\/strong><\/td>\n<td style=\"width: 65.391%\">\n<p><a href=\"https:\/\/vm.mtmt.hu\/\/search\/slist.php?lang=0&amp;AuthorID=10008748\" target=\"_blank\" rel=\"noopener noreferrer\">Magyar Tudom\u00e1nyos M\u0171vek T\u00e1ra<\/a><\/p>\n<\/td>\n<\/tr>\n<tr>\n<td style=\"width: 34.609%\" width=\"275\"><strong>Researchgate, ORCID:<\/strong><\/td>\n<td style=\"width: 65.391%\" width=\"393\">ORCID:0000-0001-8953-8618; -.9989-2017<\/td>\n<\/tr>\n<tr>\n<td style=\"width: 34.609%\"><strong>Szakmai \u00e9rdekl\u0151d\u00e9s, kutat\u00e1si ter\u00fcletek<\/strong><\/td>\n<td style=\"width: 65.391%\">\n<p>Az id\u0151s\u00f6d\u00e9s k\u00fcl\u00f6nf\u00e9le aspektusai:<\/p>\n<ul>\n<li>akt\u00edv id\u0151s\u00f6d\u00e9s<\/li>\n<li>tart\u00f3s gondoz\u00e1s<\/li>\n<li>form\u00e1lis \u00e9s inform\u00e1lis id\u0151sgondoz\u00f3k<\/li>\n<li>id\u0151sek kirekeszt\u0151d\u00e9se<\/li>\n<li>a COVID-19 hat\u00e1sa az id\u0151sell\u00e1t\u00e1sban<\/li>\n<li>az id\u0151sgondoz\u00e1s, \u00e9s az id\u0151st gondoz\u00f3 migr\u00e1nsokkal \u00f6sszef\u00fcgg\u0151 kutat\u00e1sok\u00a0<\/li>\n<li>az id\u0151sek \u00e9letmin\u0151s\u00e9g\u00e9t befoly\u00e1sol\u00f3 t\u00e9nyez\u0151k felt\u00e1r\u00e1sa<\/li>\n<li>a technika \u00e9s a k\u00f6rnyezet, mint az id\u0151sek \u00e9letmin\u0151s\u00e9g\u00e9t befoly\u00e1sol\u00f3 t\u00e9nyez\u0151k<\/li>\n<li>az infokommunik\u00e1ci\u00f3 (Skype-care) id\u0151sek ment\u00e1lis eg\u00e9szs\u00e9gi \u00e1llapot\u00e1ra gyakorolt hat\u00e1sa<\/li>\n<li>innov\u00e1ci\u00f3s, az id\u0151sek \u00e9let\u00e9t megk\u00f6nny\u00edt\u0151 modellprogramok kidolgoz\u00e1sa<\/li>\n<li>az id\u0151sek intergener\u00e1ci\u00f3s \u00e9s interperszon\u00e1lis kapcsolatai<\/li>\n<\/ul>\n<\/td>\n<\/tr>\n<tr>\n<td style=\"width: 34.609%\"><strong>Aktu\u00e1lis kutat\u00e1sok<\/strong><\/td>\n<td style=\"width: 65.391%\" width=\"393\">A tart\u00f3s id\u0151sgondoz\u00e1s probl\u00e9m\u00e1i a COVID-19 alatt,\u00a0 A demens id\u0151st gondoz\u00f3 csal\u00e1dtagok probl\u00e9m\u00e1i a COVID-19 alatt<\/td>\n<\/tr>\n<tr>\n<td style=\"width: 34.609%\"><strong>T\u00e1rsas\u00e1gi,\u00a0<br \/>egyes\u00fcleti tags\u00e1gok<\/strong><\/td>\n<td style=\"width: 65.391%\">\n<p>EUROCARERS (European Association Working for Carers, kutat\u00f3 tag) (2007\u2013)<\/p>\n<p>EAST (Eastern-European Ageing Societies in Transition), igazgat\u00f3s\u00e1gi tag (2009\u2013)\u00a0<\/p>\n<p>ISA RC 23 (Internation Sociological Association, Research Committe on Sociology and Science and Technology RC 23, tag) (2009\u2013)<br \/>ISA RC 11 (Internation Sociological Association, Research Committe on Sociology and Ageing 1994\u2013 )<\/p>\n<p>SZIA (Szoci\u00e1lis Innov\u00e1ci\u00f3s Alap\u00edtv\u00e1ny), kurat\u00f3riumi tag ( 2002\u2013)<\/p>\n<p>Szociol\u00f3giai t\u00e1rsas\u00e1g (1990\u2013)<br \/>Magyar Tudom\u00e1nyos Akad\u00e9mia, k\u00f6ztest\u00fcleti tag<\/p>\n<\/td>\n<\/tr>\n<tr>\n<td style=\"width: 34.609%\"><strong>Egy\u00e9b szakmai \u00e9rdekl\u0151d\u00e9s<\/strong><\/td>\n<td style=\"width: 65.391%\">\n<p>&nbsp;<\/p>\n<p>\u00a0infokommunik\u00e1ci\u00f3-id\u0151s\u00f6d\u00e9s, modellprogramok<\/p>\n<\/td>\n<\/tr>\n<tr>\n<td style=\"width: 34.609%\"><strong>Legfontosabb publik\u00e1ci\u00f3k<\/strong><\/td>\n<td style=\"width: 65.391%\">\n<p><a href=\"https:\/\/doktori.hu\/index.php?menuid=192&amp;lang=HU&amp;sz_ID=9075\">https:\/\/doktori.hu\/index.php?menuid=192&amp;lang=HU&amp;sz_ID=9075<\/a><\/p>\n<\/td>\n<\/tr>\n<\/tbody>\n<\/table>\n","protected":false},"excerpt":{"rendered":"<p>Beoszt\u00e1s \u00a0egyetemi tan\u00e1r Telefon: 06-20-666-3700 Egyetemi mell\u00e9k: 06-1459-1500 \/ 56541 E-mail:\u00a0 szeman.zsuzsanna@semmelweis.hu V\u00e9gzetts\u00e9gek N\u00e9met nyelv \u00e9s irodalom szakos tan\u00e1r, etnogr\u00e1fus Fokozat Kandid\u00e1tus (szociol\u00f3gia), Magyar Tudom\u00e1nyos Akad\u00e9mia Tudom\u00e1nyos Min\u0151s\u00edt\u0151 Bizotts\u00e1ga (1991)\u00a0Habilit\u00e1ci\u00f3, Sz\u00e9chenyi Istv\u00e1n Egyetem Kautz Gyula Gazdas\u00e1gtudom\u00e1nyi Kar (2008) Egyetemi tan\u00e1r (2014) Publik\u00e1ci\u00f3s lista <a href=\"https:\/\/vm.mtmt.hu\/\/search\/slist.php?lang=0&amp;AuthorID=10008748\" target=\"_blank\" rel=\"noopener noreferrer\">Magyar Tudom\u00e1nyos M\u0171vek T\u00e1ra<\/a> Researchgate, ORCID: ORCID:0000-0001-8953-8618; -.9989-2017 Szakmai \u00e9rdekl\u0151d\u00e9s, kutat\u00e1si ter\u00fcletek Az id\u0151s\u00f6d\u00e9s k\u00fcl\u00f6nf\u00e9le aspektusai: &hellip;<\/p>\n","protected":false},"author":101790,"featured_media":0,"parent":19,"menu_order":31,"comment_status":"closed","ping_status":"closed","template":"","meta":{"_acf_changed":false,"footnotes":""},"categories":[],"tags":[],"class_list":["post-3196","page","type-page","status-publish","hentry"],"acf":[],"_links":{"self":[{"href":"https:\/\/semmelweis.hu\/mental\/wp-json\/wp\/v2\/pages\/3196","targetHints":{"allow":["GET"]}}],"collection":[{"href":"https:\/\/semmelweis.hu\/mental\/wp-json\/wp\/v2\/pages"}],"about":[{"href":"https:\/\/semmelweis.hu\/mental\/wp-json\/wp\/v2\/types\/page"}],"author":[{"embeddable":true,"href":"https:\/\/semmelweis.hu\/mental\/wp-json\/wp\/v2\/users\/101790"}],"replies":[{"embeddable":true,"href":"https:\/\/semmelweis.hu\/mental\/wp-json\/wp\/v2\/comments?post=3196"}],"version-history":[{"count":8,"href":"https:\/\/semmelweis.hu\/mental\/wp-json\/wp\/v2\/pages\/3196\/revisions"}],"predecessor-version":[{"id":7411,"href":"https:\/\/semmelweis.hu\/mental\/wp-json\/wp\/v2\/pages\/3196\/revisions\/7411"}],"up":[{"embeddable":true,"href":"https:\/\/semmelweis.hu\/mental\/wp-json\/wp\/v2\/pages\/19"}],"wp:attachment":[{"href":"https:\/\/semmelweis.hu\/mental\/wp-json\/wp\/v2\/media?parent=3196"}],"wp:term":[{"taxonomy":"category","embeddable":true,"href":"https:\/\/semmelweis.hu\/mental\/wp-json\/wp\/v2\/categories?post=3196"},{"taxonomy":"post_tag","embeddable":true,"href":"https:\/\/semmelweis.hu\/mental\/wp-json\/wp\/v2\/tags?post=3196"}],"curies":[{"name":"wp","href":"https:\/\/api.w.org\/{rel}","templated":true}]}}