{"id":3115,"date":"2019-03-13T08:44:29","date_gmt":"2019-03-13T07:44:29","guid":{"rendered":"http:\/\/semmelweis.hu\/mental\/?page_id=3115"},"modified":"2024-10-09T16:39:23","modified_gmt":"2024-10-09T14:39:23","slug":"dr-pilinszki-attila","status":"publish","type":"page","link":"https:\/\/semmelweis.hu\/mental\/az-intezet\/munkatarsak\/dr-pilinszki-attila\/","title":{"rendered":"Dr. Pilinszki Attila"},"content":{"rendered":"<figure id=\"attachment_557\" aria-describedby=\"caption-attachment-557\" style=\"width: 148px\" class=\"wp-caption alignnone\"><a href=\"https:\/\/semmelweis.hu\/mental\/files\/2018\/06\/Pilinszki-Attila.jpg\"><img loading=\"lazy\" decoding=\"async\" class=\"wp-image-557 size-thumbnail\" src=\"https:\/\/semmelweis.hu\/mental\/files\/2018\/06\/Pilinszki-Attila-148x150.jpg\" alt=\"\" width=\"148\" height=\"150\" \/><\/a><figcaption id=\"caption-attachment-557\" class=\"wp-caption-text\">Dr. Pilinszki Attila<\/figcaption><\/figure>\n<table border=\"0\" width=\"100%\" cellspacing=\"5\" cellpadding=\"5\" align=\"center\">\n<tbody>\n<tr>\n<td>\n<p>Beoszt\u00e1s<\/p>\n<\/td>\n<td>egyetemi docens<\/td>\n<\/tr>\n<tr>\n<td>Egyetemi mell\u00e9k:<\/td>\n<td>06-1-459-1500 \/ <strong>56534<\/strong><\/td>\n<\/tr>\n<tr>\n<td>E-mail:\u00a0<\/td>\n<td>pilinszki.attila@semmelweis.hu<\/td>\n<\/tr>\n<tr>\n<td>V\u00e9gzetts\u00e9gek<\/td>\n<td>\n<p>Medi\u00e1tor (2007)<br \/>Szociol\u00f3gus (2005)<br \/>Szoci\u00e1lis munk\u00e1s (2001)<\/p>\n<\/td>\n<\/tr>\n<tr>\n<td>Doktori fokozat<\/td>\n<td>PhD (szociol\u00f3giai tudom\u00e1nyok), 2014<\/td>\n<\/tr>\n<tr>\n<td>Publik\u00e1ci\u00f3s lista\u00a0\u00a0<\/td>\n<td>\n<p><a href=\"https:\/\/m2.mtmt.hu\/gui2\/?type=authors&amp;mode=browse&amp;sel=10022453\">Magyar Tudom\u00e1nyos M\u0171vek T\u00e1ra<\/a><\/p>\n<p>MTMT azonos\u00edt\u00f3: 10022453<\/p>\n<\/td>\n<\/tr>\n<tr>\n<td>ORCID, Researchgate<\/td>\n<td>\n<p>ORCID: 0000-0002-7665-3695<\/p>\n<\/td>\n<\/tr>\n<tr>\n<td>T\u00e1rsas\u00e1gi,\u00a0<br \/>egyes\u00fcleti tags\u00e1gok<\/td>\n<td>\n<p>Magyar Szociol\u00f3giai T\u00e1rsas\u00e1g &#8211; tag<br \/>Magyarorsz\u00e1gi Szoci\u00e1lis Szakemberek K\u00e9pz\u00e9s\u00e9\u00e9rt Egyes\u00fclet\u00a0(Iskolasz\u00f6vets\u00e9g) &#8211; eln\u00f6ks\u00e9gi tag<br \/>F\u00e9nyes Elek T\u00e1rsadalomstatisztikai Egyes\u00fclet &#8211; tag<\/p>\n<\/td>\n<\/tr>\n<tr>\n<td>Szakmai \u00e9rdekl\u0151d\u00e9s,<br \/>kutat\u00e1si ter\u00fcletek<\/td>\n<td>\n<p>P\u00e1rkapcsolati min\u0151s\u00e9g \u00e9s instabilit\u00e1s<br \/>Csal\u00e1di konfliktusok<br \/>Alternat\u00edv konfliktuskezel\u00e9si m\u00f3dszerek\u00a0<br \/>Medi\u00e1ci\u00f3 alkalmaz\u00e1sa a szoci\u00e1lis ter\u00fcleten<\/p>\n<\/td>\n<\/tr>\n<tr>\n<td>Aktu\u00e1lis kutat\u00e1sok\u00a0\u00a0<\/td>\n<td>\n<p><a href=\"https:\/\/semmelweis.hu\/mental\/kozos-szuloseg-a-valas-utan\/\"><span style=\"color: #1e2326\">K\u00f6z\u00f6s sz\u00fcl\u0151s\u00e9g a v\u00e1l\u00e1s ut\u00e1n (OTKA-PD 131671)<\/span><\/a><\/p>\n<p>Medi\u00e1ci\u00f3, mint a csal\u00e1d- \u00e9s gyermekj\u00f3l\u00e9ti k\u00f6zpontok \u00e1ltal biztos\u00edtott csal\u00e1doknak ny\u00fajtott speci\u00e1lis szolg\u00e1ltat\u00e1s<\/p>\n<p>Seg\u00edt\u0151i t\u00fck\u00f6r &#8211; COVID<\/p>\n<p>A kapcsolat\u00fcgyeletek helyzete Magyarorsz\u00e1gon<\/p>\n<p>XXI sz\u00e1zadi babaszoba<\/p>\n<\/td>\n<\/tr>\n<tr>\n<td>\n<p>Kiemelt publik\u00e1ci\u00f3k az elm\u00falt 5 \u00e9vben<\/p>\n<\/td>\n<td>\n<div>\n<div class=\"authors\"><span class=\"author-name\">Pilinszki, Attila\u00a0<\/span>;\u00a0<span class=\"author-name\">Buly\u00e1ki, T\u00fcnde\u00a0<\/span>;\u00a0<span class=\"author-name\">Kr\u00e9mer, Andr\u00e1s\u00a0<\/span>;\u00a0<span class=\"author-name\">R\u00e1k\u00f3czy, Zsuzsanna (2020) <\/span>Honnan, hov\u00e1, hogyan? &#8211; Medi\u00e1ci\u00f3s c\u00e9lok \u00e9s st\u00edlusok <span class=\"journal-title\">ES\u00c9LY: T\u00c1RSADALOM \u00c9S SZOCI\u00c1LPOLITIKAI FOLY\u00d3IRAT<\/span>\u00a0<span class=\"journal-volume\">31<\/span>\u00a0:\u00a0<span class=\"journal-issue\">1<\/span>\u00a0<span class=\"page\">pp. 93-114.<\/span><\/div>\n<\/div>\n<div>\u00a0<\/div>\n<div class=\"authors\"><span class=\"author-name\">Danis, I.\u00a0<\/span>;\u00a0<span class=\"author-name\">B\u00f3n\u00e9, V.\u00a0<\/span>;\u00a0<span class=\"author-name\">Heged\u00fcs, R.\u00a0<\/span>;\u00a0<span class=\"author-name\">Pilinszki, A.\u00a0<\/span>;\u00a0<span class=\"author-name\">Szab\u00f3, T\u00a0<\/span>;\u00a0<span class=\"author-name\">D\u00e1vid, B. <span class=\"year\">(2020) <\/span><\/span><span style=\"font-family: inherit;font-size: inherit\">Infancy in 21st Century Hungary &#8211; A Project Introduction<\/span><span class=\"subTitle\" style=\"font-family: inherit;font-size: inherit\">: Policy, Theoretical and Methodological Framework and Objectives of the First National Representative Parent Survey on Infant and Early Childhood Mental Health.\u00a0<\/span><span class=\"journal-title\">EUROPEAN JOURNAL OF MENTAL HEALTH<\/span>\u00a0<span class=\"journal-volume\">15<\/span>\u00a0:\u00a0<span class=\"journal-issue\">2<\/span>\u00a0<span class=\"page\">pp. 111-144.<\/span><\/div>\n<div>\u00a0<\/div>\n<div>\n<div class=\"authors\"><span class=\"author-name\">Pilinszki, Attila\u00a0<\/span>;\u00a0<span class=\"author-name\">Buly\u00e1ki, T\u00fcnde\u00a0<\/span>;\u00a0<span class=\"author-name\">R\u00e1czn\u00e9, N\u00e9meth Teod\u00f3ra\u00a0<\/span>;\u00a0<span class=\"author-name\">Goldmann, R\u00f3bert (2019) <\/span>Utak. \u00datkeres\u00e9s. \u00datmutat\u00e1s? &#8211; medi\u00e1ci\u00f3s gyakorlat a szoci\u00e1lis alapszolg\u00e1ltat\u00e1sban.\u00a0<span class=\"journal-title\">P\u00c1RBESZ\u00c9D SZOCI\u00c1LIS MUNKA FOLY\u00d3IRAT<\/span>\u00a0<span class=\"journal-volume\">6<\/span>\u00a0:\u00a0<span class=\"journal-issue\">2<\/span>\u00a0<span class=\"page\">Paper: 3223<\/span><\/div>\n<\/div>\n<div>\u00a0<\/div>\n<div>\n<div class=\"authors\"><span class=\"author-name\">In\u00e1ncsi, Tam\u00e1s\u00a0<\/span>;\u00a0<span class=\"author-name\">Pilinszki, Attila<\/span>;\u00a0<span class=\"author-name\">Pa\u00e1l, T\u00fcnde\u00a0<\/span>;\u00a0<span class=\"author-name\">L\u00e1ng, Andr\u00e1s (2018) <\/span>Perceptions of close relationship through the Machiavellians\u00b4 dark glasses: Negativity, distrust, self-protection against risk and dissatisfaction.\u00a0<span class=\"journal-title\">EUROPES JOURNAL OF PSYCHOLOGY<\/span>\u00a0<span class=\"journal-volume\">14<\/span>\u00a0:\u00a0<span class=\"journal-issue\">4<\/span>\u00a0<span class=\"page\">pp. 806-830.\u00a0<\/span><\/div>\n<\/div>\n<div>\u00a0<\/div>\n<div>\n<div class=\"authors\"><span class=\"author-name\">Ittz\u00e9s, G\u00e1bor\u00a0<\/span>;\u00a0<span class=\"author-name\">Sipos-Bielochradszky, Bernadett\u00a0<\/span>;\u00a0<span class=\"author-name\">B\u00e9res, Orsolya\u00a0<\/span>;\u00a0<span class=\"author-name\">Pilinszki, Attila (2017) <\/span>Salvation and Religiosity<span class=\"subTitle\">: The Predictive Strength and Limitations of a Rokeach Value Survey Item. <\/span><span class=\"journal-title\">EUROPEAN JOURNAL OF MENTAL HEALTH<\/span>\u00a0<span class=\"journal-volume\">12<\/span>\u00a0:\u00a0<span class=\"journal-issue\">1<\/span>\u00a0<span class=\"page\">pp. 3-24.\u00a0<\/span><\/div>\n<\/div>\n<div>\u00a0<\/div>\n<\/td>\n<\/tr>\n<\/tbody>\n<\/table>\n","protected":false},"excerpt":{"rendered":"<p>Beoszt\u00e1s egyetemi docens Egyetemi mell\u00e9k: 06-1-459-1500 \/ 56534 E-mail:\u00a0 pilinszki.attila@semmelweis.hu V\u00e9gzetts\u00e9gek Medi\u00e1tor (2007)Szociol\u00f3gus (2005)Szoci\u00e1lis munk\u00e1s (2001) Doktori fokozat PhD (szociol\u00f3giai tudom\u00e1nyok), 2014 Publik\u00e1ci\u00f3s lista\u00a0\u00a0 <a href=\"https:\/\/m2.mtmt.hu\/gui2\/?type=authors&amp;mode=browse&amp;sel=10022453\">Magyar Tudom\u00e1nyos M\u0171vek T\u00e1ra<\/a> MTMT azonos\u00edt\u00f3: 10022453 ORCID, Researchgate ORCID: 0000-0002-7665-3695 T\u00e1rsas\u00e1gi,\u00a0egyes\u00fcleti tags\u00e1gok Magyar Szociol\u00f3giai T\u00e1rsas\u00e1g &#8211; tagMagyarorsz\u00e1gi Szoci\u00e1lis Szakemberek K\u00e9pz\u00e9s\u00e9\u00e9rt Egyes\u00fclet\u00a0(Iskolasz\u00f6vets\u00e9g) &#8211; eln\u00f6ks\u00e9gi tagF\u00e9nyes Elek T\u00e1rsadalomstatisztikai Egyes\u00fclet &#8211; tag Szakmai \u00e9rdekl\u0151d\u00e9s,kutat\u00e1si ter\u00fcletek P\u00e1rkapcsolati min\u0151s\u00e9g &hellip;<\/p>\n","protected":false},"author":101790,"featured_media":0,"parent":19,"menu_order":0,"comment_status":"closed","ping_status":"closed","template":"","meta":{"_acf_changed":false,"footnotes":""},"categories":[],"tags":[],"class_list":["post-3115","page","type-page","status-publish","hentry"],"acf":[],"_links":{"self":[{"href":"https:\/\/semmelweis.hu\/mental\/wp-json\/wp\/v2\/pages\/3115","targetHints":{"allow":["GET"]}}],"collection":[{"href":"https:\/\/semmelweis.hu\/mental\/wp-json\/wp\/v2\/pages"}],"about":[{"href":"https:\/\/semmelweis.hu\/mental\/wp-json\/wp\/v2\/types\/page"}],"author":[{"embeddable":true,"href":"https:\/\/semmelweis.hu\/mental\/wp-json\/wp\/v2\/users\/101790"}],"replies":[{"embeddable":true,"href":"https:\/\/semmelweis.hu\/mental\/wp-json\/wp\/v2\/comments?post=3115"}],"version-history":[{"count":10,"href":"https:\/\/semmelweis.hu\/mental\/wp-json\/wp\/v2\/pages\/3115\/revisions"}],"predecessor-version":[{"id":6464,"href":"https:\/\/semmelweis.hu\/mental\/wp-json\/wp\/v2\/pages\/3115\/revisions\/6464"}],"up":[{"embeddable":true,"href":"https:\/\/semmelweis.hu\/mental\/wp-json\/wp\/v2\/pages\/19"}],"wp:attachment":[{"href":"https:\/\/semmelweis.hu\/mental\/wp-json\/wp\/v2\/media?parent=3115"}],"wp:term":[{"taxonomy":"category","embeddable":true,"href":"https:\/\/semmelweis.hu\/mental\/wp-json\/wp\/v2\/categories?post=3115"},{"taxonomy":"post_tag","embeddable":true,"href":"https:\/\/semmelweis.hu\/mental\/wp-json\/wp\/v2\/tags?post=3115"}],"curies":[{"name":"wp","href":"https:\/\/api.w.org\/{rel}","templated":true}]}}