{"id":18,"date":"2018-06-08T00:00:00","date_gmt":"2018-06-07T22:00:00","guid":{"rendered":"http:\/\/semmelweis.hu\/mental\/intezetunk\/"},"modified":"2025-09-10T14:31:40","modified_gmt":"2025-09-10T12:31:40","slug":"intezetunk-bemutatasa","status":"publish","type":"page","link":"https:\/\/semmelweis.hu\/mental\/az-intezet\/intezetunk-bemutatasa\/","title":{"rendered":"Int\u00e9zet\u00fcnk bemutat\u00e1sa"},"content":{"rendered":"<p><a href=\"https:\/\/semmelweis.hu\/mental\/files\/2018\/06\/Bea_k.jpg\"><img loading=\"lazy\" decoding=\"async\" class=\"alignright wp-image-378 \" src=\"https:\/\/semmelweis.hu\/mental\/files\/2018\/06\/Bea_k-287x300.jpg\" alt=\"\" width=\"178\" height=\"186\" srcset=\"https:\/\/semmelweis.hu\/mental\/files\/2018\/06\/Bea_k-287x300.jpg 287w, https:\/\/semmelweis.hu\/mental\/files\/2018\/06\/Bea_k.jpg 339w\" sizes=\"auto, (max-width: 178px) 100vw, 178px\" \/><\/a><strong>Tisztelt L\u00e1togat\u00f3nk!<\/strong><\/p>\n<p>Szeretettel k\u00f6sz\u00f6nt\u00f6m \u00d6n\u00f6ket a <strong>Semmelweis Egyetem Eg\u00e9szs\u00e9g\u00fcgyi K\u00f6zszolg\u00e1lati Kar Ment\u00e1lhigi\u00e9n\u00e9 Int\u00e9zet<\/strong> minden oktat\u00f3ja \u00e9s munkat\u00e1rsa nev\u00e9ben. A honlapunkon olvashat\u00f3 inform\u00e1ci\u00f3kkal els\u0151sorban azoknak szeretn\u00e9nk t\u00e1j\u00e9koztat\u00e1st adni, akik Int\u00e9zet\u00fcnk oktat\u00e1si, kutat\u00e1si \u00e9s szakmai munk\u00e1ja ir\u00e1nt \u00e9rdekl\u0151dnek.<\/p>\n<p>A Ment\u00e1lhigi\u00e9n\u00e9 Int\u00e9zet a 2010-ben l\u00e9trej\u00f6tt <a href=\"https:\/\/semmelweis.hu\/ekk\/\" target=\"_blank\" rel=\"noopener\">Eg\u00e9szs\u00e9g\u00fcgyi K\u00f6zszolg\u00e1lati Kar<\/a> egyik alap\u00edt\u00f3 tagja, \u00e9s az\u00f3ta is fontos szervezeti egys\u00e9ge. Int\u00e9zet\u00fcnk munk\u00e1j\u00e1nak alapvet\u0151 c\u00e9lja az egy\u00e9nek, csal\u00e1dok \u00e9s k\u00f6z\u00f6ss\u00e9gek fejl\u0151d\u00e9s\u00e9nek, eg\u00e9szs\u00e9ges testi-lelki-szellemi m\u0171k\u00f6d\u00e9s\u00e9nek t\u00e1mogat\u00e1sa a magyar t\u00e1rsadalomban. Ezt a c\u00e9lt szolg\u00e1ljuk k\u00e9pz\u00e9seinkkel, tudom\u00e1nyos tev\u00e9kenys\u00e9g\u00fcnkkel, szakmai munk\u00e1nkkal. Kiemelt feladatunknak tartjuk a ment\u00e1lhigi\u00e9n\u00e9s kult\u00fara \u00e1ltal\u00e1nos terjeszt\u00e9s\u00e9t, ehhez ny\u00fajtanak seg\u00edts\u00e9get az <a href=\"https:\/\/semmelweis.hu\/mental\/az-intezet\/kiadvanyok\/\" target=\"_blank\" rel=\"noopener\">Int\u00e9zet\u00fcnk szerkeszt\u00e9s\u00e9ben, gondoz\u00e1s\u00e1ban megjelent kiadv\u00e1nyaink, szakk\u00f6nyveink<\/a>. B\u00fcszk\u00e9k vagyunk az \u00e1ltalunk szervezett konferenci\u00e1kra, a sz\u00e1mos hazai \u00e9s nemzetk\u00f6zi kongresszusokon val\u00f3 akt\u00edv r\u00e9szv\u00e9teleinkre, valamint munkat\u00e1rsaink seg\u00edt\u0151 szolg\u00e1latokban (pl. <a href=\"https:\/\/antroposkozpont.hu\/\" target=\"_blank\" rel=\"noopener\">Antropos Ment\u00e1lhigi\u00e9n\u00e9s M\u00f3dszertani K\u00f6zpont<\/a>) v\u00e9gzett k\u00fcl\u00f6nb\u00f6z\u0151 szakmai tev\u00e9kenys\u00e9g\u00e9re.<\/p>\n<p>Int\u00e9zet\u00fcnk jelenleg k\u00e9t mesterk\u00e9pz\u00e9st \u00e9s nyolc szakir\u00e1ny\u00fa tov\u00e1bbk\u00e9pz\u00e9si szakot m\u0171k\u00f6dtet.<\/p>\n<p><strong>Mesterk\u00e9pz\u00e9seink:<\/strong><\/p>\n<ul>\n<li><a href=\"https:\/\/semmelweis.hu\/mental\/mesterkepzesek\/szocialis-munka\/kepzes-bemutatasa\/\" target=\"_blank\" rel=\"noopener\">Szoci\u00e1lis munka mesterk\u00e9pz\u00e9si szak<\/a><\/li>\n<li><a href=\"https:\/\/semmelweis.hu\/mental\/mesterkepzesek\/interdiszciplinaris-csaladtudomany\/\" target=\"_blank\" rel=\"noopener noreferrer\">Interdiszciplin\u00e1ris csal\u00e1dtudom\u00e1nyi mesterk\u00e9pz\u00e9si szak<\/a><\/li>\n<\/ul>\n<p><strong>Szakir\u00e1ny\u00fa tov\u00e1bbk\u00e9pz\u00e9seink:<\/strong><\/p>\n<ul>\n<li><a href=\"https:\/\/semmelweis.hu\/mental\/szakiranyu-kepzesek\/mentalhigiene-tovabbkepzes\/kepzes-bemutatasa\/\" target=\"_blank\" rel=\"noopener\">Ment\u00e1lhigi\u00e9n\u00e9 szakir\u00e1ny\u00fa tov\u00e1bbk\u00e9pz\u00e9s<\/a><\/li>\n<li><a href=\"https:\/\/semmelweis.hu\/mental\/szakiranyu-kepzesek\/lelkigondozo-kepzes\/\">Lelkigondoz\u00f3 szakir\u00e1ny\u00fa tov\u00e1bbk\u00e9pz\u00e9s<\/a><\/li>\n<li><a href=\"https:\/\/semmelweis.hu\/mental\/szakiranyu-kepzesek\/laktacios-szaktanacsado\/\" target=\"_blank\" rel=\"noopener\">Lakt\u00e1ci\u00f3s szaktan\u00e1csad\u00f3 szakir\u00e1ny\u00fa tov\u00e1bbk\u00e9pz\u00e9s<\/a><\/li>\n<li><a href=\"https:\/\/semmelweis.hu\/mental\/szakiranyu-kepzesek\/integralt-szulo-csecsemo-konzultacio\/\" target=\"_blank\" rel=\"noopener\">Integr\u00e1lt sz\u00fcl\u0151-csecsem\u0151 konzult\u00e1ci\u00f3 szakir\u00e1ny\u00fa tov\u00e1bbk\u00e9pz\u00e9s<\/a><\/li>\n<li><a href=\"https:\/\/semmelweis.hu\/mental\/szakiranyu-kepzesek\/idosugyi-interaktiv-eletut-tanacsado-szakiranyu-tovabbkepzesi-szak\/\" target=\"_blank\" rel=\"noopener\">Id\u0151s\u00fcgyi interakt\u00edv \u00e9let\u00fat-tan\u00e1csad\u00f3 szakir\u00e1ny\u00fa tov\u00e1bbk\u00e9pz\u00e9s<\/a><\/li>\n<li><a href=\"https:\/\/semmelweis.hu\/mental\/szakiranyu-kepzesek\/kozossegi-es-csaladi-mediacio\/\" target=\"_blank\" rel=\"noopener\">K\u00f6z\u00f6ss\u00e9gi \u00e9s csal\u00e1di medi\u00e1ci\u00f3 szakir\u00e1ny\u00fa tov\u00e1bbk\u00e9pz\u00e9s<\/a><\/li>\n<li><a href=\"https:\/\/semmelweis.hu\/mental\/szakiranyu-kepzesek\/iskolai-szocialis-munka\/\" target=\"_blank\" rel=\"noopener\">Iskolai szoci\u00e1lis munka szakir\u00e1ny\u00fa tov\u00e1bbk\u00e9pz\u00e9s<\/a><\/li>\n<li><a href=\"https:\/\/semmelweis.hu\/mental\/szakiranyu-kepzesek\/csalad-lelkigondozo-tovabbkepzes\/\" target=\"_blank\" rel=\"noopener\">H\u00e1zass\u00e1g- \u00e9s csal\u00e1d-lelkigondoz\u00f3 szakir\u00e1ny\u00fa tov\u00e1bbk\u00e9pz\u00e9s<\/a><\/li>\n<li><a href=\"https:\/\/semmelweis.hu\/mental\/munkahelyi-mentalhigiene-szakiranyu-tovabbkepzes\/\" target=\"_blank\" rel=\"noopener\">Munkahelyi ment\u00e1lhigi\u00e9n\u00e9 szakir\u00e1ny\u00fa tov\u00e1bbk\u00e9pz\u00e9s<\/a><span style=\"font-size: 1rem\">.\u00a0<\/span><\/li>\n<\/ul>\n<p>Feladatunk nem \u00e9r v\u00e9get a k\u00e9pz\u00e9sek befejezt\u00e9vel, sz\u00e1munkra fontos a hallgat\u00f3k praxisk\u00eds\u00e9r\u00e9se, a kutat\u00e1son alapul\u00f3 folyamatos curriculum fejleszt\u00e9s, a k\u00e9pz\u00e9si szakanyagok k\u00e9sz\u00edt\u00e9se \u00e9s a ment\u00e1lhigi\u00e9n\u00e9s kult\u00fara terjeszt\u00e9se. K\u00e9pz\u00e9seink, valamint Int\u00e9zet\u00fcnk munkat\u00e1rsainak szakmai felk\u00e9sz\u00fclts\u00e9ge a megalapozott szakmai h\u00e1tt\u00e9ren t\u00fal t\u00f6bbet is ny\u00fajt hallgat\u00f3inknak \u2013 a szakmai tov\u00e1bbfejl\u0151d\u00e9s lehet\u0151s\u00e9g\u00e9t, \u00faj kutat\u00e1si ter\u00fcletek el\u00e9rhet\u0151s\u00e9g\u00e9t, valamint az egy\u00fcttgondolkod\u00e1s, tev\u00e9kenys\u00e9gk\u00eds\u00e9r\u00e9s lehet\u0151s\u00e9g\u00e9t.<\/p>\n<p>Int\u00e9zet\u00fcnk kezdem\u00e9nyez\u00e9s\u00e9vel l\u00e9trehozott <a href=\"https:\/\/semmelweis.hu\/mental\/doktori-kepzes\/\" target=\"_blank\" rel=\"noopener\">\u201eInterdiszciplin\u00e1ris T\u00e1rsadalomtudom\u00e1nyok\u201d doktori programja<\/a> az eg\u00e9szs\u00e9gtudom\u00e1nyok \u00e9s a t\u00e1rsadalomtudom\u00e1nyok hat\u00e1rmezsgy\u00e9j\u00e9n helyezkedik el. F\u0151 hangs\u00falyain\u00e1l fogva a szociol\u00f3gia tudom\u00e1ny\u00e1ghoz tartozik, azaz szociol\u00f3giai program. Doktori programunk r\u00e9v\u00e9n biztos\u00edtjuk hallgat\u00f3ink sz\u00e1m\u00e1ra a tudom\u00e1nyos fokozatra val\u00f3 felk\u00e9sz\u00edt\u00e9st. Doktori k\u00e9pz\u00e9s\u00fcnk c\u00e9lja, hogy megfelel\u0151 formai keretek k\u00f6z\u00f6tt a j\u00f6v\u0151 k\u00f6vetelm\u00e9nyeinek megfelel\u0151 tud\u00f3snemzed\u00e9ket nevelj\u00fcnk.<\/p>\n<p>Honlapunkon kereszt\u00fcl megismerhetik <a href=\"https:\/\/semmelweis.hu\/mental\/az-intezet\/munkatarsak\/\" target=\"_blank\" rel=\"noopener\">oktat\u00f3inkat, munkat\u00e1rsainkat<\/a>, Int\u00e9zet\u00fcnk tev\u00e9kenys\u00e9geit (k\u00e9pz\u00e9seinket, <a href=\"https:\/\/semmelweis.hu\/mental\/kutatas-fejlesztes\/\" target=\"_blank\" rel=\"noopener\">kutat\u00e1si ter\u00fcleteinket<\/a>, <a href=\"https:\/\/semmelweis.hu\/mental\/doktori-kepzes\/\" target=\"_blank\" rel=\"noopener\">doktori programunkat<\/a>), ezen k\u00edv\u00fcl olvashatnak a <a href=\"https:\/\/semmelweis.hu\/mental\/category\/hirek\/\" target=\"_blank\" rel=\"noopener\">legfrissebb esem\u00e9nyekr\u0151l, rendezv\u00e9nyeinkr\u0151l<\/a>, <a href=\"https:\/\/semmelweis.hu\/mental\/az-intezet\/kiadvanyok\/\" target=\"_blank\" rel=\"noopener\">kiadv\u00e1nyainkr\u00f3l<\/a>.<\/p>\n<p>J\u00f3 b\u00f6ng\u00e9sz\u00e9st k\u00edv\u00e1nok az \u00e9rdekl\u0151d\u0151knek,<\/p>\n<p>Dr. Pethesn\u00e9 D\u00e1vid Be\u00e1ta PhD habil. egyetemi tan\u00e1r, int\u00e9zetigazgat\u00f3<\/p>\n","protected":false},"excerpt":{"rendered":"<p>Int\u00e9zet\u00fcnk munk\u00e1j\u00e1nak alapvet\u0151 c\u00e9lja az egy\u00e9nek, csal\u00e1dok \u00e9s k\u00f6z\u00f6ss\u00e9gek fejl\u0151d\u00e9s\u00e9nek, eg\u00e9szs\u00e9ges testi-lelki-szellemi m\u0171k\u00f6d\u00e9s\u00e9nek t\u00e1mogat\u00e1sa a magyar t\u00e1rsadalomban. Ezt a c\u00e9lt szolg\u00e1ljuk k\u00e9pz\u00e9seinkkel, tudom\u00e1nyos tev\u00e9kenys\u00e9g\u00fcnkkel. Kiemelt feladatunknak tartjuk a ment\u00e1lhigi\u00e9n\u00e9s kult\u00fara \u00e1ltal\u00e1nos terjeszt\u00e9s\u00e9t.<\/p>\n<p>Int\u00e9zet\u00fcnk jelenleg k\u00e9t mesterk\u00e9pz\u00e9st \u00e9s \u00f6t\u00a0szakir\u00e1ny\u00fa tov\u00e1bbk\u00e9pz\u00e9si szakot m\u0171k\u00f6dtet. Feladatunk nem \u00e9r v\u00e9get a k\u00e9pz\u00e9sek befejezt\u00e9vel, sz\u00e1munkra fontos a hallgat\u00f3k praxisk\u00eds\u00e9r\u00e9se, a kutat\u00e1son alapul\u00f3 folyamatos curriculum fejleszt\u00e9s, a k\u00e9pz\u00e9si szakanyagok k\u00e9sz\u00edt\u00e9se \u00e9s a ment\u00e1lhigi\u00e9n\u00e9s kult\u00fara terjeszt\u00e9se.<\/p>\n","protected":false},"author":101790,"featured_media":2610,"parent":372,"menu_order":1,"comment_status":"closed","ping_status":"closed","template":"","meta":{"_acf_changed":false,"footnotes":""},"categories":[],"tags":[],"class_list":["post-18","page","type-page","status-publish","has-post-thumbnail","hentry"],"acf":[],"_links":{"self":[{"href":"https:\/\/semmelweis.hu\/mental\/wp-json\/wp\/v2\/pages\/18","targetHints":{"allow":["GET"]}}],"collection":[{"href":"https:\/\/semmelweis.hu\/mental\/wp-json\/wp\/v2\/pages"}],"about":[{"href":"https:\/\/semmelweis.hu\/mental\/wp-json\/wp\/v2\/types\/page"}],"author":[{"embeddable":true,"href":"https:\/\/semmelweis.hu\/mental\/wp-json\/wp\/v2\/users\/101790"}],"replies":[{"embeddable":true,"href":"https:\/\/semmelweis.hu\/mental\/wp-json\/wp\/v2\/comments?post=18"}],"version-history":[{"count":11,"href":"https:\/\/semmelweis.hu\/mental\/wp-json\/wp\/v2\/pages\/18\/revisions"}],"predecessor-version":[{"id":8057,"href":"https:\/\/semmelweis.hu\/mental\/wp-json\/wp\/v2\/pages\/18\/revisions\/8057"}],"up":[{"embeddable":true,"href":"https:\/\/semmelweis.hu\/mental\/wp-json\/wp\/v2\/pages\/372"}],"wp:featuredmedia":[{"embeddable":true,"href":"https:\/\/semmelweis.hu\/mental\/wp-json\/wp\/v2\/media\/2610"}],"wp:attachment":[{"href":"https:\/\/semmelweis.hu\/mental\/wp-json\/wp\/v2\/media?parent=18"}],"wp:term":[{"taxonomy":"category","embeddable":true,"href":"https:\/\/semmelweis.hu\/mental\/wp-json\/wp\/v2\/categories?post=18"},{"taxonomy":"post_tag","embeddable":true,"href":"https:\/\/semmelweis.hu\/mental\/wp-json\/wp\/v2\/tags?post=18"}],"curies":[{"name":"wp","href":"https:\/\/api.w.org\/{rel}","templated":true}]}}