{"id":14,"date":"2018-06-08T00:00:00","date_gmt":"2018-06-07T22:00:00","guid":{"rendered":"http:\/\/semmelweis.hu\/mental\/doktori-kepzes\/"},"modified":"2026-08-31T18:56:21","modified_gmt":"2026-08-31T16:56:21","slug":"doktori-kepzes","status":"publish","type":"page","link":"https:\/\/semmelweis.hu\/mental\/doktori-kepzes\/","title":{"rendered":"Doktori k\u00e9pz\u00e9s"},"content":{"rendered":"<p style=\"text-align: justify\"><span style=\"font-size: 1rem\">A Semmelweis Egyetem Doktori Iskola Ment\u00e1lis Eg\u00e9szs\u00e9gtudom\u00e1nyok Tagozat\u00e1nak <strong>Interdiszciplin\u00e1ris T\u00e1rsadalomtudom\u00e1nyok Programja<\/strong>\u00a0<\/span><span style=\"font-size: 1rem\">a Ment\u00e1lhigi\u00e9n\u00e9 Int\u00e9zet<\/span><span style=\"font-size: 1rem\">\u00a0vezet\u00e9s\u00e9vel, <\/span><span style=\"font-size: 1rem\">\u00a0munkat\u00e1rsainak akt\u00edv k\u00f6zrem\u0171k\u00f6d\u00e9s\u00e9vel<\/span><span style=\"font-size: 1rem\">\u00a0zajlik. A doktori program <\/span><span style=\"font-size: 1rem\">az eg\u00e9szs\u00e9gtudom\u00e1nyok \u00e9s a t\u00e1rsadalomtudom\u00e1nyok hat\u00e1rter\u00fcletein helyezkedik el<\/span><span style=\"font-size: 1rem\">. <\/span><span style=\"font-size: 1rem\">F\u0151 hangs\u00falyain\u00e1l fogva a szociol\u00f3gia tudom\u00e1ny\u00e1ghoz tartozik, azonban interdiszciplin\u00e1ris szeml\u00e9letben a pszichol\u00f3gia, a ment\u00e1lhigi\u00e9n\u00e9, a pedag\u00f3gia \u00e9s egy\u00e9b tudom\u00e1ny\u00e1gak \u00e9s alkalmazott szakter\u00fcletek ismeretanyagait is integr\u00e1lja az egy\u00e9nek \u00e9s csal\u00e1dok <\/span><span style=\"font-size: 1rem\">j\u00f3ll\u00e9t\u00e9nek, testi-lelki eg\u00e9szs\u00e9g\u00e9nek, valamint<\/span><span style=\"font-size: 1rem\"> a t\u00e1rsadalmi csoportok, k\u00f6z\u00f6ss\u00e9gek m\u0171k\u00f6d\u00e9s\u00e9nek meg\u00e9rt\u00e9se \u00e9rdek\u00e9ben.\u00a0<\/span><\/p>\n<p style=\"text-align: justify\">A doktori program, amely \u00e9vekkel ezel\u0151tt <span style=\"font-size: 1rem\">az Int\u00e9zet kezdem\u00e9nyez\u00e9s\u00e9vel j\u00f6tt l\u00e9tre, <\/span><span style=\"font-size: 1rem\">2023 j\u00fanius\u00e1t\u00f3l, <\/span><span style=\"font-size: 1rem\">az Egyetem Doktori Iskol\u00e1j\u00e1nak szervezeti \u00e1talakul\u00e1sa \u00f3ta <\/span><span style=\"font-size: 1rem\">viseli \u00faj elnevez\u00e9s\u00e9t. Kor\u00e1bban \u00e9vekig\u00a0 <\/span><em>\u201eAz egy\u00e9nek \u00e9s k\u00f6z\u00f6ss\u00e9gek er\u0151forr\u00e1sainak szociol\u00f3giai \u00e9s ment\u00e1lhigi\u00e9n\u00e9s megk\u00f6zel\u00edt\u00e9se\u201d<\/em><span style=\"font-size: 1rem\"> elnevez\u00e9s\u0171 doktori programk\u00e9nt m\u0171k\u00f6d\u00f6tt.<\/span><\/p>\n<p>A doktori program vezet\u0151je:<strong>\u00a0Dr. Pethesn\u00e9 D\u00e1vid Be\u00e1ta PhD, egyetemi tan\u00e1r<\/strong><\/p>\n<p><u>A doktori program kutat\u00e1si t\u00e9m\u00e1i \u00e9s s\u00falypontjai\u00a0az al\u00e1bbi ter\u00fcleteket \u00f6lelik fel:<\/u><\/p>\n<ul>\n<li>egy\u00e9nek, p\u00e1rok, csal\u00e1dok \u00e9s t\u00e1gabb k\u00f6z\u00f6ss\u00e9gek testi-lelki j\u00f3ll\u00e9t\u00e9nek, \u00e9letmin\u0151s\u00e9g\u00e9nek meghat\u00e1roz\u00f3i,<\/li>\n<li>mozg\u00f3s\u00edthat\u00f3 t\u00e1rsas \u00e9s k\u00f6z\u00f6ss\u00e9gi kapcsolatok,<\/li>\n<li>\u00e9rt\u00e9krend \u00e9s szimbolikus t\u0151ke (pl. vil\u00e1gn\u00e9zet, vall\u00e1s),<\/li>\n<li>szem\u00e9lyes er\u0151forr\u00e1sok \u00e9s ezek fejleszt\u00e9se,<\/li>\n<li>a testi-lelki j\u00f3ll\u00e9t t\u00e1mogat\u00e1s\u00e1nak form\u00e1lis (int\u00e9zm\u00e9nyi, szolg\u00e1ltat\u00e1si) keretei.<\/li>\n<\/ul>\n<p>Doktori programunkr\u00f3l b\u0151vebben a jobb oldali men\u00fcn kereszt\u00fcl el\u00e9rhet\u0151 oldalakon, a Ment\u00e1lis Eg\u00e9szs\u00e9gtudom\u00e1nyi Tagozatr\u00f3l pedig <a href=\"https:\/\/semmelweis.hu\/phd\/doktori-tagozatok\/mentalis-egeszsegtudomanyi-tagozat\/\" target=\"_blank\" rel=\"noopener noreferrer\"><strong>itt<\/strong><\/a> olvashat.<\/p>\n<div class=\"keretes w-100\"><a href=\"https:\/\/semmelweis.hu\/mental\/doktori-kepzes\/temavezetok-temak\/\">T\u00e9mavezet\u0151k, t\u00e9m\u00e1k<\/a><br \/>\n<a href=\"https:\/\/semmelweis.hu\/mental\/doktori-kepzes\/jelentkezes\/\">Jelentkez\u00e9s<\/a><br \/>\n<a href=\"https:\/\/semmelweis.hu\/mental\/doktori-kepzes\/doktori-hallgatoi-informacio\/\">Hallgat\u00f3i inform\u00e1ci\u00f3k<\/a><br \/>\n<a href=\"https:\/\/semmelweis.hu\/mental\/doktori-kepzes\/doktori-muhely\/\">Doktori M\u0171hely<\/a><br \/>\n<a href=\"https:\/\/semmelweis.hu\/mental\/doktori-kepzes\/kontaktszemelyek-doktori\/\">Kontaktszem\u00e9lyek<\/a><\/div>\n","protected":false},"excerpt":{"rendered":"<p>A Semmelweis Egyetem Doktori Iskola Ment\u00e1lis Eg\u00e9szs\u00e9gtudom\u00e1nyok Tagozat\u00e1nak Interdiszciplin\u00e1ris T\u00e1rsadalomtudom\u00e1nyok Programja\u00a0a Ment\u00e1lhigi\u00e9n\u00e9 Int\u00e9zet\u00a0vezet\u00e9s\u00e9vel, \u00a0munkat\u00e1rsainak akt\u00edv k\u00f6zrem\u0171k\u00f6d\u00e9s\u00e9vel\u00a0zajlik. A doktori program az eg\u00e9szs\u00e9gtudom\u00e1nyok \u00e9s a t\u00e1rsadalomtudom\u00e1nyok hat\u00e1rter\u00fcletein helyezkedik el. F\u0151 hangs\u00falyain\u00e1l fogva a szociol\u00f3gia tudom\u00e1ny\u00e1ghoz tartozik, azonban interdiszciplin\u00e1ris szeml\u00e9letben a pszichol\u00f3gia, a ment\u00e1lhigi\u00e9n\u00e9, a pedag\u00f3gia \u00e9s egy\u00e9b tudom\u00e1ny\u00e1gak \u00e9s alkalmazott szakter\u00fcletek ismeretanyagait is integr\u00e1lja az egy\u00e9nek \u00e9s &hellip;<\/p>\n","protected":false},"author":101790,"featured_media":0,"parent":0,"menu_order":4,"comment_status":"closed","ping_status":"closed","template":"","meta":{"_acf_changed":false,"footnotes":""},"categories":[],"tags":[],"class_list":["post-14","page","type-page","status-publish","hentry"],"acf":[],"_links":{"self":[{"href":"https:\/\/semmelweis.hu\/mental\/wp-json\/wp\/v2\/pages\/14","targetHints":{"allow":["GET"]}}],"collection":[{"href":"https:\/\/semmelweis.hu\/mental\/wp-json\/wp\/v2\/pages"}],"about":[{"href":"https:\/\/semmelweis.hu\/mental\/wp-json\/wp\/v2\/types\/page"}],"author":[{"embeddable":true,"href":"https:\/\/semmelweis.hu\/mental\/wp-json\/wp\/v2\/users\/101790"}],"replies":[{"embeddable":true,"href":"https:\/\/semmelweis.hu\/mental\/wp-json\/wp\/v2\/comments?post=14"}],"version-history":[{"count":10,"href":"https:\/\/semmelweis.hu\/mental\/wp-json\/wp\/v2\/pages\/14\/revisions"}],"predecessor-version":[{"id":9508,"href":"https:\/\/semmelweis.hu\/mental\/wp-json\/wp\/v2\/pages\/14\/revisions\/9508"}],"wp:attachment":[{"href":"https:\/\/semmelweis.hu\/mental\/wp-json\/wp\/v2\/media?parent=14"}],"wp:term":[{"taxonomy":"category","embeddable":true,"href":"https:\/\/semmelweis.hu\/mental\/wp-json\/wp\/v2\/categories?post=14"},{"taxonomy":"post_tag","embeddable":true,"href":"https:\/\/semmelweis.hu\/mental\/wp-json\/wp\/v2\/tags?post=14"}],"curies":[{"name":"wp","href":"https:\/\/api.w.org\/{rel}","templated":true}]}}