{"id":1308,"date":"2020-05-14T14:14:41","date_gmt":"2020-05-14T12:14:41","guid":{"rendered":"https:\/\/semmelweis.hu\/medicinatortenet\/?page_id=1308"},"modified":"2020-10-25T14:43:48","modified_gmt":"2020-10-25T13:43:48","slug":"hirek","status":"publish","type":"page","link":"https:\/\/semmelweis.hu\/medicinatortenet\/hirek\/","title":{"rendered":"H\u00edrek"},"content":{"rendered":"<ol>\n<li style=\"text-align: center\">\n<div style=\"text-align: justify\">\n<p>2020. november 12-13. megrendez\u00e9sre ker\u00fcl a <b>Paradigmav\u00e1lt\u00e1s a tudom\u00e1nyokban <\/b>c. online konferenci\u00e1nk.<\/p>\n<div style=\"text-align: left\">\u00a0<\/div>\n<div>\u00a0<\/div>\n<div style=\"text-align: center\">R\u00e9szletes program itt tal\u00e1lhat\u00f3:<\/div>\n<div>\u00a0<\/div>\n<div style=\"text-align: center\">\u00a0<\/div>\n<p style=\"text-align: center\"><a href=\"http:\/\/www.kaleidoscopehistory.hu\/index.php?subpage=cikk&amp;cikkid=554\" target=\"_blank\" rel=\"noopener noreferrer\">http:\/\/www.kaleidoscopehistory.hu\/index.php?subpage=cikk&amp;cikkid=554<\/a><\/p>\n<\/div>\n<\/li>\n<li style=\"text-align: justify\"><strong>Megjelent a medicina t\u00f6rt\u00e9nete <a href=\"https:\/\/semmelweis.hu\/medicinatortenet\/category\/tudomany\/\">h\u00edrlev\u00e9l<\/a><\/strong><\/li>\n<li>\n<p style=\"text-align: justify\"><strong>Schultheisz Emil D\u00edj Orvost\u00f6rt\u00e9neti cikkp\u00e1ly\u00e1zat fiatalok sz\u00e1m\u00e1ra 2020<\/strong><\/p>\n<p style=\"text-align: justify\">A d\u00edjat, melyet a Schultheisz Professzor \u00dar bar\u00e1tja alap\u00edtott tisztelet\u00e9re \u00e9s eml\u00e9k\u00e9re id\u00e9n is meghirdetj\u00fck<\/p>\n<p style=\"text-align: center\"><strong>A cikkp\u00e1ly\u00e1zat<\/strong><br \/>\n<strong>els\u0151 helyezettj\u00e9nek d\u00edja: 300 000 Ft,<\/strong><br \/>\n<strong>m\u00e1sodik helyezettj\u00e9nek d\u00edja: 150 000 Ft.<\/strong><\/p>\n<p style=\"text-align: justify\">A helyez\u00e9sekr\u0151l szakemberekb\u0151l \u00e1ll\u00f3 B\u00edr\u00e1l\u00f3 Bizotts\u00e1g d\u00f6nt a beadott p\u00e1ly\u00e1zatok alapj\u00e1n.<\/p>\n<p style=\"text-align: justify\"><strong>A p\u00e1ly\u00e1zaton olyan szabadon v\u00e1lasztott t\u00e9m\u00e1j\u00fa, angol, n\u00e9met vagy magyar nyelv\u0171, orvost\u00f6rt\u00e9neti t\u00e1rgy\u00fa tanulm\u00e1nnyal lehet r\u00e9szt venni, amelyek hazai \u00e9s\/vagy nemzetk\u00f6zi orvost\u00f6rt\u00e9nti t\u00e1rgy\u00fa, elemz\u0151 \u00e9s felt\u00e1r\u00f3, \u00faj kutat\u00e1si eredm\u00e9nyeket tartalmaz.<\/strong> Formailag terjedelme minimum 15 000 maximum 60 000 le\u00fct\u00e9s (sz\u00f3k\u00f6z\u00f6kkel egy\u00fctt), Word form\u00e1tumban \u00edrt, elektronikusan beny\u00fajtott anyagot v\u00e1runk.<\/p>\n<p style=\"text-align: justify\">K\u00e9rj\u00fck, hogy beny\u00fajtott tanulm\u00e1ny csak pontos hivatkoz\u00e1sokat tartalmazzon, az MTA el\u0151\u00edr\u00e1s\u00e1nak megfelel\u0151en. <a href=\"http:\/\/www.kaleidoscopehistory.hu\/index.php?subpage=szerzoknek\">http:\/\/www.kaleidoscopehistory.hu\/index.php?subpage=szerzoknek<\/a><\/p>\n<p style=\"text-align: justify\">A p\u00e1ly\u00e1zat nem jelig\u00e9s. A cikk elej\u00e9n k\u00e9rj\u00fck a szerz\u0151 nev\u00e9nek, \u00e9letkor\u00e1nak, munkahely\u00e9nek \u00e9s e-mail c\u00edm\u00e9nek megjel\u00f6l\u00e9s\u00e9t.<\/p>\n<p style=\"text-align: justify\">A p\u00e1ly\u00e1zaton minden 35 \u00e9vn\u00e9l fiatalabb szem\u00e9ly r\u00e9szt vehet. Magyar \u00e1llampolg\u00e1rs\u00e1g, iskolai v\u00e9gzetts\u00e9g nem felt\u00e9tel.<\/p>\n<p style=\"text-align: center\"><strong>A p\u00e1ly\u00e1zat bead\u00e1si hat\u00e1rideje:<br \/>\n2020. szeptember 1.<\/strong><\/p>\n<p style=\"text-align: justify\"><strong>A p\u00e1ly\u00e1zatokat a k\u00f6vetkez\u0151 c\u00edmre kell elk\u00fcldeni:<br \/>\n<\/strong><a href=\"mailto:kaleidoscope@kaleidoscopehistory.hu\">kaleidoscope@kaleidoscopehistory.hu<\/a><\/p>\n<p style=\"text-align: justify\">vagy\u00a0 <a href=\"mailto:forrai.judit@med.semmelweis-univ.hu\">forrai.judit@med.semmelweis-univ.hu<\/a><\/p>\n<p style=\"text-align: justify\">K\u00e9rj\u00fck k\u00eds\u00e9r\u0151level\u00fckben utaljanak arra, hogy a cikket a Schultheisz Emil-p\u00e1ly\u00e1zatra k\u00fcldte!<\/p>\n<p style=\"text-align: center\"><strong>Eredm\u00e9nyhirdet\u00e9s:<br \/>\n2020. november 12.<\/strong> <br \/>\naz Orsz\u00e1gos Tudom\u00e1nyt\u00f6rt\u00e9neti Konferenci\u00e1n a Semmelweis Egyetem Johan B\u00e9la term\u00e9ben<\/p>\n<p style=\"text-align: justify\">A nyertes, illetve a tov\u00e1bbi legjobb tanulm\u00e1nyokat a Kaleidoscope elektronikus tudom\u00e1nyt\u00f6rt\u00e9neti foly\u00f3irat <a href=\"http:\/\/www.kaleidoscopehistory.hu\/\">http:\/\/www.kaleidoscopehistory.hu<\/a> vagy az Orvost\u00f6rt\u00e9neti K\u00f6zlem\u00e9nyek k\u00f6zli.<\/p>\n<p style=\"text-align: right\">A Schultheisz Emil-D\u00edj B\u00edr\u00e1l\u00f3 Bizotts\u00e1g eln\u00f6ke<br \/>\nProf.dr. Forrai Judit DSc<\/p>\n<\/li>\n<\/ol>\n","protected":false},"excerpt":{"rendered":"<p>2020. november 12-13. megrendez\u00e9sre ker\u00fcl a Paradigmav\u00e1lt\u00e1s a tudom\u00e1nyokban c. online konferenci\u00e1nk. \u00a0 \u00a0 R\u00e9szletes program itt tal\u00e1lhat\u00f3: \u00a0 \u00a0 <a href=\"http:\/\/www.kaleidoscopehistory.hu\/index.php?subpage=cikk&amp;cikkid=554\" target=\"_blank\" rel=\"noopener noreferrer\">http:\/\/www.kaleidoscopehistory.hu\/index.php?subpage=cikk&amp;cikkid=554<\/a> Megjelent a medicina t\u00f6rt\u00e9nete <a href=\"https:\/\/semmelweis.hu\/medicinatortenet\/category\/tudomany\/\">h\u00edrlev\u00e9l<\/a> Schultheisz Emil D\u00edj Orvost\u00f6rt\u00e9neti cikkp\u00e1ly\u00e1zat fiatalok sz\u00e1m\u00e1ra 2020 A d\u00edjat, melyet a Schultheisz Professzor \u00dar bar\u00e1tja alap\u00edtott tisztelet\u00e9re \u00e9s eml\u00e9k\u00e9re id\u00e9n is meghirdetj\u00fck A cikkp\u00e1ly\u00e1zat els\u0151 helyezettj\u00e9nek d\u00edja: 300 000 Ft, &hellip;<\/p>\n","protected":false},"author":101084,"featured_media":1314,"parent":0,"menu_order":10,"comment_status":"closed","ping_status":"closed","template":"","meta":{"_acf_changed":false,"footnotes":""},"categories":[],"tags":[],"class_list":["post-1308","page","type-page","status-publish","has-post-thumbnail","hentry"],"acf":[],"_links":{"self":[{"href":"https:\/\/semmelweis.hu\/medicinatortenet\/wp-json\/wp\/v2\/pages\/1308","targetHints":{"allow":["GET"]}}],"collection":[{"href":"https:\/\/semmelweis.hu\/medicinatortenet\/wp-json\/wp\/v2\/pages"}],"about":[{"href":"https:\/\/semmelweis.hu\/medicinatortenet\/wp-json\/wp\/v2\/types\/page"}],"author":[{"embeddable":true,"href":"https:\/\/semmelweis.hu\/medicinatortenet\/wp-json\/wp\/v2\/users\/101084"}],"replies":[{"embeddable":true,"href":"https:\/\/semmelweis.hu\/medicinatortenet\/wp-json\/wp\/v2\/comments?post=1308"}],"version-history":[{"count":10,"href":"https:\/\/semmelweis.hu\/medicinatortenet\/wp-json\/wp\/v2\/pages\/1308\/revisions"}],"predecessor-version":[{"id":1370,"href":"https:\/\/semmelweis.hu\/medicinatortenet\/wp-json\/wp\/v2\/pages\/1308\/revisions\/1370"}],"wp:featuredmedia":[{"embeddable":true,"href":"https:\/\/semmelweis.hu\/medicinatortenet\/wp-json\/wp\/v2\/media\/1314"}],"wp:attachment":[{"href":"https:\/\/semmelweis.hu\/medicinatortenet\/wp-json\/wp\/v2\/media?parent=1308"}],"wp:term":[{"taxonomy":"category","embeddable":true,"href":"https:\/\/semmelweis.hu\/medicinatortenet\/wp-json\/wp\/v2\/categories?post=1308"},{"taxonomy":"post_tag","embeddable":true,"href":"https:\/\/semmelweis.hu\/medicinatortenet\/wp-json\/wp\/v2\/tags?post=1308"}],"curies":[{"name":"wp","href":"https:\/\/api.w.org\/{rel}","templated":true}]}}