{"id":2742,"date":"2021-02-05T17:59:44","date_gmt":"2021-02-05T16:59:44","guid":{"rendered":"https:\/\/semmelweis.hu\/laboratorium\/?page_id=2742"},"modified":"2025-06-04T11:54:03","modified_gmt":"2025-06-04T09:54:03","slug":"kutatomunka-a-laboratoriumi-medicina-intezetben","status":"publish","type":"page","link":"https:\/\/semmelweis.hu\/laboratorium\/kutatas\/kutatomunka-a-laboratoriumi-medicina-intezetben\/","title":{"rendered":"Kutat\u00f3munka a Laborat\u00f3riumi Medicina Int\u00e9zetben"},"content":{"rendered":"<p style=\"text-align: justify\">A Laborat\u00f3riumi Medicina Int\u00e9zet munkat\u00e1rsai a Semmelweis Egyetem betegell\u00e1t\u00f3 tev\u00e9kenys\u00e9g\u00e9nek diagnosztikai h\u00e1tter\u00e9t ny\u00fajt\u00f3 megfesz\u00edtett munk\u00e1juk, valamint lelkes oktat\u00e1si tev\u00e9kenys\u00e9g\u00fck mellett tudom\u00e1nyos kutat\u00f3munk\u00e1ra is igyekeznek id\u0151t szor\u00edtani.<\/p>\n<p style=\"text-align: justify\">Ennek keret\u00e9ben gy\u00f3gyszergy\u00e1rt\u00f3k \u00e1ltal szervezett klinikai vizsg\u00e1latok diagnosztikai h\u00e1tter\u00e9t biztos\u00edtj\u00e1k, tudom\u00e1nyos di\u00e1kk\u00f6ri munk\u00e1ra hallgat\u00f3kat fogadnak, PhD hallgat\u00f3k t\u00e9mavezet\u00e9s\u00e9ben vesznek r\u00e9sz. Munkat\u00e1rsaink a klinikummal szoros egy\u00fcttm\u0171k\u00f6d\u00e9sben a betegs\u00e9gek h\u00e1tter\u00e9nek jobb megismer\u00e9s\u00e9t, valamint azok diagnosztiz\u00e1l\u00e1s\u00e1nak \u00e9s ter\u00e1pi\u00e1j\u00e1nak jav\u00edt\u00e1s\u00e1t c\u00e9lz\u00f3 kutat\u00f3munk\u00e1kban vesznek r\u00e9szt.<\/p>\n<p>&nbsp;<\/p>\n<div class=\"lead\"><span style=\"font-size: 18pt\"><b>Kutat\u00e1si t\u00e9m\u00e1k:<\/b><\/span><\/div>\n<table style=\"width: 98.3325%;height: 636px\" width=\"1500\">\n<tbody>\n<tr>\n<td style=\"width: 100%\">\n<p>Az autoimmun szerol\u00f3giai vizsg\u00e1latok alakul\u00e1s\u00e1nak nemzetk\u00f6zi felt\u00e9rk\u00e9pez\u00e9se a Covid-19 pand\u00e9mia idej\u00e9n (Immunol\u00f3giai laborat\u00f3rium)<\/p>\n<\/td>\n<\/tr>\n<tr>\n<td style=\"width: 100%\">\n<p>NMDAR \u00e9s egy\u00e9b neurol\u00f3giai antitestek szerepe pszich\u00f3zisban (Immunol\u00f3giai laborat\u00f3rium, Pszichi\u00e1triai Klinika)<\/p>\n<\/td>\n<\/tr>\n<tr>\n<td style=\"width: 100%\">\n<p>EUROIMMUN vizsg\u00e1lat (Immunol\u00f3giai laborat\u00f3rium)<\/p>\n<\/td>\n<\/tr>\n<tr>\n<td style=\"width: 100%\">Surveillance \u00e9s invaz\u00edv klinikai mint\u00e1k mikrobiol\u00f3giai eredm\u00e9nyeinek \u00f6sszef\u00fcgg\u0151s\u00e9gi vizsg\u00e1lata (Mikrobiol\u00f3giai laborat\u00f3rium)<\/td>\n<\/tr>\n<tr>\n<td style=\"width: 100%\">Multirezisztens bakt\u00e9riumok vizsg\u00e1lata \u00faj antibiotikumokra (Mikrobiol\u00f3giai laborat\u00f3rium)<\/td>\n<\/tr>\n<tr>\n<td style=\"width: 100%\">Cytomegalovirus fert\u0151z\u00e9s kezel\u00e9s\u00e9re alkalmazott ganciclovirral szembeni rezisztencia magyarorsz\u00e1gi megjelen\u00e9s\u00e9nek igazol\u00e1sa transzplant\u00e1lt betegek eset\u00e9ben\u00a0(K\u00f6zponti Laborat\u00f3rium \u2013 Transzplant\u00e1ci\u00f3s Klinika)<\/td>\n<\/tr>\n<tr>\n<td style=\"width: 100%\">Hypohysis betegs\u00e9gek molekul\u00e1ris biol\u00f3giai vizsg\u00e1lata (ELKH \u00d6r\u00f6kletes Daganatok Kutat\u00f3csoport)<\/td>\n<\/tr>\n<tr>\n<td style=\"width: 100%\">Neuroendokrin rendszer daganatainak molekul\u00e1ris biol\u00f3giai vizsg\u00e1lata (ELKH \u00d6r\u00f6kletes Daganatok Kutat\u00f3csoport)<\/td>\n<\/tr>\n<tr>\n<td style=\"width: 100%\">\u00d6r\u00f6kletes daganatok genetikai, genomikai vizsg\u00e1latai (ELKH \u00d6r\u00f6kletes Daganatok Kutat\u00f3csoport)<\/td>\n<\/tr>\n<tr>\n<td style=\"width: 100%\">A szteroid \u00e9rz\u00e9kenys\u00e9g molekul\u00e1ris h\u00e1tter\u00e9nek vizsg\u00e1lata (ELKH \u00d6r\u00f6kletes Daganatok Kutat\u00f3csoport)<\/td>\n<\/tr>\n<tr>\n<td style=\"width: 100%\">Szem\u00e9lyre szabott gy\u00f3gyszeres kezel\u00e9s kialak\u00edt\u00e1sa gy\u00f3gyszerszintek meghat\u00e1roz\u00e1sa \u00e9s az ezek alapj\u00e1n fel\u00e1ll\u00edtott farmakokinetikai modellek seg\u00edts\u00e9g\u00e9vel (T\u00f6megspektrometriai \u00e9s Elv\u00e1laszt\u00e1stechnikai Laborat\u00f3rium)<\/td>\n<\/tr>\n<tr>\n<td style=\"width: 100%\">Ter\u00e1pi\u00e1s gy\u00f3gyszerszint monitoroz\u00e1s volumetrikus abszorpt\u00edv mikromintav\u00e9telez\u00e9ssel (T\u00f6megspektrometriai \u00e9s Elv\u00e1laszt\u00e1stechnikai Laborat\u00f3rium)<\/td>\n<\/tr>\n<tr>\n<td style=\"width: 100%\">Endog\u00e9n szteroid vegy\u00fcletek m\u00e9r\u00e9se klinikai mint\u00e1kban (T\u00f6megspektrometriai \u00e9s Elv\u00e1laszt\u00e1stechnikai Laborat\u00f3rium)<\/td>\n<\/tr>\n<tr>\n<td style=\"width: 100%\">Metabolomikai vizsg\u00e1latok folyad\u00e9kkromatogr\u00e1ffal kapcsolt tandem t\u00f6megspektrom\u00e9terrel (T\u00f6megspektrometriai \u00e9s Elv\u00e1laszt\u00e1stechnikai Laborat\u00f3rium)<\/td>\n<\/tr>\n<tr>\n<td style=\"width: 100%\">\n<p>Nagy laborat\u00f3riumi adatb\u00e1zis retrospekt\u00edv \u00e9rt\u00e9kel\u00e9se (Adatb\u00e1ny\u00e1szat k\u00e9rd\u00e9sk\u00f6re)<\/p>\n<\/td>\n<\/tr>\n<\/tbody>\n<\/table>\n","protected":false},"excerpt":{"rendered":"<p>A Laborat\u00f3riumi Medicina Int\u00e9zet munkat\u00e1rsai a Semmelweis Egyetem betegell\u00e1t\u00f3 tev\u00e9kenys\u00e9g\u00e9nek diagnosztikai h\u00e1tter\u00e9t ny\u00fajt\u00f3 megfesz\u00edtett munk\u00e1juk, valamint lelkes oktat\u00e1si tev\u00e9kenys\u00e9g\u00fck mellett tudom\u00e1nyos kutat\u00f3munk\u00e1ra is igyekeznek id\u0151t szor\u00edtani. Ennek keret\u00e9ben gy\u00f3gyszergy\u00e1rt\u00f3k \u00e1ltal szervezett klinikai vizsg\u00e1latok diagnosztikai h\u00e1tter\u00e9t biztos\u00edtj\u00e1k, tudom\u00e1nyos di\u00e1kk\u00f6ri munk\u00e1ra hallgat\u00f3kat fogadnak, PhD hallgat\u00f3k t\u00e9mavezet\u00e9s\u00e9ben vesznek r\u00e9sz. Munkat\u00e1rsaink a klinikummal szoros egy\u00fcttm\u0171k\u00f6d\u00e9sben a betegs\u00e9gek h\u00e1tter\u00e9nek jobb &hellip;<\/p>\n","protected":false},"author":101692,"featured_media":0,"parent":13,"menu_order":1,"comment_status":"closed","ping_status":"closed","template":"","meta":{"_acf_changed":false,"footnotes":""},"categories":[],"tags":[],"class_list":["post-2742","page","type-page","status-publish","hentry"],"acf":[],"_links":{"self":[{"href":"https:\/\/semmelweis.hu\/laboratorium\/wp-json\/wp\/v2\/pages\/2742","targetHints":{"allow":["GET"]}}],"collection":[{"href":"https:\/\/semmelweis.hu\/laboratorium\/wp-json\/wp\/v2\/pages"}],"about":[{"href":"https:\/\/semmelweis.hu\/laboratorium\/wp-json\/wp\/v2\/types\/page"}],"author":[{"embeddable":true,"href":"https:\/\/semmelweis.hu\/laboratorium\/wp-json\/wp\/v2\/users\/101692"}],"replies":[{"embeddable":true,"href":"https:\/\/semmelweis.hu\/laboratorium\/wp-json\/wp\/v2\/comments?post=2742"}],"version-history":[{"count":10,"href":"https:\/\/semmelweis.hu\/laboratorium\/wp-json\/wp\/v2\/pages\/2742\/revisions"}],"predecessor-version":[{"id":5024,"href":"https:\/\/semmelweis.hu\/laboratorium\/wp-json\/wp\/v2\/pages\/2742\/revisions\/5024"}],"up":[{"embeddable":true,"href":"https:\/\/semmelweis.hu\/laboratorium\/wp-json\/wp\/v2\/pages\/13"}],"wp:attachment":[{"href":"https:\/\/semmelweis.hu\/laboratorium\/wp-json\/wp\/v2\/media?parent=2742"}],"wp:term":[{"taxonomy":"category","embeddable":true,"href":"https:\/\/semmelweis.hu\/laboratorium\/wp-json\/wp\/v2\/categories?post=2742"},{"taxonomy":"post_tag","embeddable":true,"href":"https:\/\/semmelweis.hu\/laboratorium\/wp-json\/wp\/v2\/tags?post=2742"}],"curies":[{"name":"wp","href":"https:\/\/api.w.org\/{rel}","templated":true}]}}