{"id":150,"date":"2016-01-08T00:00:00","date_gmt":"2016-01-07T23:00:00","guid":{"rendered":"http:\/\/semmelweis.hu\/kutlab\/122-32427\/"},"modified":"2023-07-28T13:17:07","modified_gmt":"2023-07-28T11:17:07","slug":"husrol-orvosoknak","status":"publish","type":"page","link":"https:\/\/semmelweis.hu\/kutlab\/betegellatas\/hemolitikus-uremia\/husrol-orvosoknak\/","title":{"rendered":"A HUS-r\u00f3l orvosoknak"},"content":{"rendered":"<p><a href=\"https:\/\/semmelweis.hu\/kutlab\/betegellatas\/hemolitikus-uremia\/\">Hasznos linkek HUS betegeknek \u00e9s orvosaiknak \u2192<\/a><\/p>\n<div class=\"responsive-tabs\">\n<h2 class=\"tabtitle\">Patogenezis<\/h2>\n<div class=\"tabcontent\">\n\n<h2>A HUS etiopatogenezise<\/h2>\n<h4><strong>1. Elm\u00e9leti h\u00e1tt\u00e9r, etiopathogenezis<\/strong><\/h4>\n<h5>1.1 A, Shiga- \u00e9s verocytotoxin (shiga-like toxin) termel\u0151 bakt\u00e9riumok okozta fert\u0151z\u00e9sekhez kapcsol\u00f3d\u00f3 HUS (D+HUS)<\/h5>\n<p>Ez a HUS klasszikus, gyermekkori, j\u00f3 progn\u00f3zis\u00fa form\u00e1ja, amely enterohaemorrhagi\u00e1s Escherichia coli fert\u0151z\u00e9sekhez (VTEC\/STEC), egyes tr\u00f3pusi orsz\u00e1gokban Shigella dysenteriae 1-es t\u00edpus, valamint ritk\u00e1n Citrobacter freundii fert\u0151z\u00e9sekhez kapcsol\u00f3dhat. A betegs\u00e9g t\u00edpusosan iskol\u00e1s kor el\u0151tt l\u00e9p fel, a prodrom\u00e1lis szakban a betegnek v\u00e9res hasmen\u00e9ssel j\u00e1r\u00f3 akut gastroenteritise van, amelyet k\u00f6vet a hirtelen kialakul\u00f3 haemolyticus anaemia, thrombocytopaenia \u00e9s akut veseel\u00e9gtelens\u00e9g. A betegs\u00e9get emiatt diarrhoea (D+) pozit\u00edv HUS-k\u00e9nt is szokt\u00e1k nevezni. V\u00e1ltozatos neurol\u00f3giai t\u00fcnetek sz\u00ednezhetik a k\u00f3rk\u00e9pet, amelyek h\u00e1tter\u00e9ben az esetek t\u00f6bbs\u00e9g\u00e9ben a hyponatraemia \u00e1ll, de agyi thrombosis \u00e9s haemorrhagia is el\u0151fordulhat. A betegs\u00e9g oka a v\u00e1ltozatos toxinokat (leggyakrabban verocytotoxin 2-t) termel\u0151 VTEC t\u00f6rzsek okozta infekci\u00f3. A hat\u00e9kony, csoport-specifikus immunol\u00f3giai mem\u00f3ria miatt relapszus kifejezetten ritka ebben a form\u00e1ban. Ha nincs k\u00f6z\u00f6s expoz\u00edci\u00f3, akkor csal\u00e1di halmoz\u00f3d\u00e1st sem mutat ez a forma.<\/p>\n<p>A 2011. m\u00e1jus\u00e1ban N\u00e9metorsz\u00e1gban kialakult j\u00e1rv\u00e1nyt az <strong>E. coli O104:H4<\/strong> szerot\u00edpusa (Stx2 pozit\u00edv, intimin negat\u00edv, ESBL) okozza, amely kor\u00e1bban nem fordult el\u0151 j\u00e1rv\u00e1nyos form\u00e1ban. Az aktu\u00e1lis j\u00e1rv\u00e1ny els\u0151sorban <strong>feln\u0151tt n\u0151ket<\/strong> \u00e9rint, aminek az oka kett\u0151s lehet: kor\u00e1bban ezzel a t\u00f6rzzsel szemben nem alakult ki immunit\u00e1s, \u00edgy a fog\u00e9kony szervezetek sz\u00e1ma magas, valamint a fert\u0151z\u00f6tt \u00e9lelmiszert feltehet\u0151en els\u0151sorban feln\u0151tt n\u0151k fogyasztott\u00e1k.<\/p>\n<h5>1.1 B, Neuraminid\u00e1z termel\u0151 Streptococcus pneumonae okozta fert\u0151z\u00e9sek (P-HUS)<\/h5>\n<p>Ebben a form\u00e1ban a HUS neuraminid\u00e1zt termel\u0151 S. pneumoniae okozta l\u00e9g\u00fati fert\u0151z\u00e9sek, sepsis vagy meningitis talaj\u00e1n alakul ki. A betegek t\u00edpusos \u00e9letkora &lt;2 \u00e9v, az akut mortalit\u00e1s igen magas, azonban relapsust ebben a form\u00e1ban nem \u00edrtak le. A betegek plazm\u00e1j\u00e1ban kimutathat\u00f3 a neuraminid\u00e1z, ami az endothel sejtek, v\u00f6r\u00f6sv\u00e9rtestek \u00e9s v\u00e9rlemezk\u00e9k felsz\u00edn\u00e9r\u0151l elt\u00e1vol\u00edtja a szi\u00e1lsav tartalm\u00fa oldall\u00e1conkat. Ennek hat\u00e1s\u00e1ra felsz\u00ednre ker\u00fcl a Thomsen-Friedenreich (T-) antig\u00e9n, amely ellen term\u00e9szetes, IgM izot\u00edpus\u00fa, poliagglutin\u00e1ci\u00f3t okoz\u00f3 antitestek tal\u00e1lhat\u00f3k csaknem minden emberben. A betegs\u00e9g ezen form\u00e1j\u00e1ra a f\u0151 v\u00e9rcsoport meghat\u00e1roz\u00e1s\u00e1nak a neh\u00e9zs\u00e9ge h\u00edvhatja fel a figyelmet, diagnosztik\u00e1j\u00e1ban a T antig\u00e9n kimutat\u00e1sa \u00e9s a direkt Coombs pozitivit\u00e1s seg\u00edt.<\/p>\n<h5>1.2 A komplement regul\u00e1ci\u00f3s folyamatok k\u00e1rosod\u00e1sa (aHUS)<\/h5>\n<p>A HUS gyermek- vagy feln\u0151ttkorban fell\u00e9p\u0151, ritk\u00e1bb form\u00e1ja diarrhoea negat\u00edv, vagyis az anamn\u00e9zisben nem szerepel (v\u00e9res) hasmen\u00e9s. Ebben a form\u00e1ban relapszusokkal kell sz\u00e1molni \u00e9s a betegs\u00e9g familiarit\u00e1st mutathat, emiatt at\u00edpusos jelz\u0151vel szokt\u00e1k jelezni (aHUS). Az at\u00edpusos forma etiopathogenezise a komplementrendszer hib\u00e1s m\u0171k\u00f6d\u00e9s\u00e9re vezethet\u0151 vissza leggyakrabban.<\/p>\n<p>A komplementrendszer \u00e9p, eg\u00e9szs\u00e9ges k\u00f6r\u00fclm\u00e9nyek k\u00f6z\u00f6tt trigger hi\u00e1ny\u00e1ban nem aktiv\u00e1l\u00f3dik a klasszikus \u00e9s lektin \u00fatvonalakon, mert a megfelel\u0151 komponensek inakt\u00edv enzim (zymog\u00e9n) form\u00e1ban tal\u00e1lhat\u00f3k meg a kering\u00e9sben. Az alternat\u00edv \u00fatvonal (AP) alapvet\u0151 jellegzetess\u00e9ge azonban a lass\u00fa spont\u00e1n aktiv\u00e1ci\u00f3, folyamatos C3 hasad\u00e1s. Az aktiv\u00e1ci\u00f3 felgyorsul\u00e1s\u00e1nak (amplifik\u00e1ci\u00f3) elmarad\u00e1sa annak k\u00f6sz\u00f6nhet\u0151, hogy az \u00e9p, eg\u00e9szs\u00e9ges szervezetben a sejtek felsz\u00edne szialoproteinekkel fedett, ami f\u00e9kezi az aktiv\u00e1lt C3 felsz\u00ednhez k\u00f6t\u0151d\u00e9s\u00e9t. Ennek molekul\u00e1ris oka a komplement regul\u00e1tor feh\u00e9rj\u00e9k jelenl\u00e9te a plazm\u00e1ban (H faktor, C4bBP) \u00e9s a sejtek felsz\u00edn\u00e9n (membrane-cofactor protein, MCP vagy CD46; decay accelerating factor, DAF, vagy CD59). A H faktor a kering\u00e9sb\u0151l a sejtek felsz\u00edn\u00e9n v\u00e9g\u00e1ll\u00e1sban tal\u00e1lhat\u00f3 szi\u00e1lsav oldall\u00e1ncokhoz k\u00f6t\u0151dik, \u00e9s kofaktork\u00e9nt seg\u00edti az I faktor m\u0171k\u00f6d\u00e9s\u00e9t. Az I faktor feladata a felsz\u00ednhez k\u00f6t\u0151d\u00f6tt C3 fragmensek elt\u00e1vol\u00edt\u00e1sa, vagyis az alternat\u00edv C3-konvert\u00e1z enzim komplex (C3bBbP) l\u00e9trej\u00f6tt\u00e9nek f\u00e9kez\u00e9se. Az alternat\u00edv \u00fat szab\u00e1lyoz\u00e1sa t\u00f6bb mechanizmussal is s\u00e9r\u00fclhet. Funkci\u00f3veszt\u00e9ses mut\u00e1ci\u00f3 l\u00e9phet fel a kofaktor m\u0171k\u00f6d\u00e9s\u0171 komponensekben; ezekben az esetekben a felsz\u00ednhez k\u00f6t\u00f6tt C3b nem hasad el, nem inaktiv\u00e1l\u00f3dik, mert az I faktor nem k\u00e9pes a komplexhez k\u00f6t\u0151dni. Hasonl\u00f3 m\u00f3don vezet az I faktor mut\u00e1ci\u00f3ja is fokozott komplementaktiv\u00e1ci\u00f3hoz . Kialakulhat azonban funkci\u00f3nyer\u00e9ses mut\u00e1ci\u00f3 talaj\u00e1n is fokozott aktiv\u00e1ci\u00f3. Ha a C3 vagy a B faktor v\u00e1ltoz\u00e1sa miatt a C3-BF k\u00f6t\u0151d\u00e9s t\u00falzottan er\u0151s, a szab\u00e1lyoz\u00f3 folyamatok nem k\u00e9pesek azt f\u00e9kezni.<\/p>\n<p>A komplement regul\u00e1ci\u00f3s folyamatok s\u00e9r\u00fclhetnek mut\u00e1ci\u00f3k hi\u00e1ny\u00e1ban is. Leggyakrabban a regul\u00e1tor feh\u00e9rj\u00e9k el\u00e9rhet\u0151s\u00e9ge, termel\u00e9s\u00fck szab\u00e1lyoz\u00e1sa lehet el\u00e9gtelen akut stressz (gyullad\u00e1s) eset\u00e9n. Ennek h\u00e1tter\u00e9ben az \u00e9rintett g\u00e9nek polimorfizmusai \u00e9s azok haplot\u00edpusai \u00e1llhatnak. Az aHUS ritka form\u00e1ja a szerzett, autoantitestek \u00e1ltal okozott funkci\u00f3 hi\u00e1ny, n\u00e9h\u00e1ny beteg eset\u00e9ben anti-HF autoantitestek jelenl\u00e9t\u00e9t \u00edrt\u00e1k le.<\/p>\n<p>B\u00e1rmely mechanizmussal k\u00e1rosodjon is az alternat\u00edv \u00fat szab\u00e1lyoz\u00e1sa a v\u00e9geredm\u00e9ny azonos: a C3-konvert\u00e1z t\u00falzott m\u0171k\u00f6d\u00e9se \u00e9s a fokozott komplementaktiv\u00e1ci\u00f3 miatt a gyullad\u00e1skelt\u0151 hat\u00e1s az anafilatoxinok \u00e1ltal megn\u00f6vekszik, fokozott feh\u00e9rv\u00e9rsejtadh\u00e9zi\u00f3 alakul ki \u00e9s membr\u00e1nk\u00e1rosod\u00e1s l\u00e9p fel a termin\u00e1lis reakci\u00f3\u00fat aktivit\u00e1sa miatt.<\/p>\n<p>A komplementregul\u00e1ci\u00f3 zavara egy\u00e9rtelm\u0171en kapcsolatba hozhat\u00f3 az at\u00edpusos HUS-al. Ugyanakkor az eddig le\u00edrt genetikai elt\u00e9r\u00e9sek k\u00f6z\u00fcl egy sem tekinthet\u0151 a HUS ok\u00e1nak. A sz\u00f6vetk\u00e1rosod\u00e1st, majd a hib\u00e1s komplementregul\u00e1ci\u00f3 miatt fell\u00e9p\u0151 fokozott komplementaktiv\u00e1ci\u00f3t \u00e9s sz\u00f6vetpusztul\u00e1st kiv\u00e1lt\u00f3 ok eddig nem ker\u00fclt azonos\u00edt\u00e1sra, feltehet\u0151en fert\u0151z\u00e9sr\u0151l vagy gyullad\u00e1sos stimulusr\u00f3l van sz\u00f3. A komplement aktiv\u00e1l\u00f3d\u00e1sa alapvet\u0151en fontos a fert\u0151z\u00e9sekkel szembeni v\u00e9dekez\u00e9shez, azonban az aktiv\u00e1ci\u00f3val p\u00e1rhuzamosan beindul\u00f3 szab\u00e1lyoz\u00f3 folyamatok hivatottak a fert\u0151z\u00e9st\u0151l t\u00e1vol tal\u00e1lhat\u00f3 saj\u00e1t sejteket megv\u00e9deni ebben a szitu\u00e1ci\u00f3ban. E szab\u00e1lyoz\u00e1si folyamatok hib\u00e1ja okozhatja az els\u0151dleges sz\u00f6vetk\u00e1rosod\u00e1st, majd a klinikailag manifeszt HUS kialakul\u00e1s\u00e1t.<\/p>\n\n<\/div><h2 class=\"tabtitle\">Mikor gondoljunk <br \/>\nHUS-ra?<\/h2>\n<div class=\"tabcontent\">\n\n<h2>Mikor gondoljunk HUS-ra?<\/h2>\n<p>A <strong>HUS diagn\u00f3zist<\/strong> a k\u00f6vetkez\u0151 t\u00fcnetek egy\u00fcttes fenn\u00e1ll\u00e1sa eset\u00e9n lehet kimondani: 1, Thrombocytopenia; 2, Microangiopathi\u00e1s hemolitikus an\u00e9mia; 3, Vesek\u00e1rosod\u00e1s jelei,<\/p>\n<p>1, Thrombocyta sz\u00e1m &lt;150 G\/L<\/p>\n<p>2, \u00c9letkornak \u00e9s nemnek megfelel\u0151 hat\u00e1r\u00e9rt\u00e9k szerinti an\u00e9mia, direkt Coombs negativit\u00e1s, fragmentocyt\u00e1k vagy schistocyt\u00e1k jelenl\u00e9te a perif\u00e9ri\u00e1s kenetben, LDH aktivit\u00e1s \u00e9s indirekt bilirubin fokoz\u00f3d\u00e1s, szabad plazma hemoglobin, haptoglobin szint cs\u00f6kkent<\/p>\n<p>3, \u00c1ltal\u00e1ban hirtelen kezdet\u0171 oligo-an\u00faria, emelkedett sz\u00e9rum kreatinin \u00e9s\/vagy karbamid \u00e9rt\u00e9kek, cs\u00f6kkent kreatinin clearence, glomerul\u00e1ris k\u00e1rosod\u00e1s jeleivel<\/p>\n<p>A szindr\u00f3m\u00e1nak nem krit\u00e9riuma neurol\u00f3giai t\u00fcnetek fenn\u00e1ll\u00e1sa \u00e9s a l\u00e1z, b\u00e1r ezek gyakran megfigyelhet\u0151 jelek. A HUS szindr\u00f3ma nem \u00f6n\u00e1ll\u00f3 diagn\u00f3zis, annak h\u00e1tter\u00e9ben sz\u00e1mos rizik\u00f3t\u00e9nyez\u0151 \u00e9s k\u00f6zvetlen kiv\u00e1lt\u00f3 ok is \u00e1llhat, melyek tiszt\u00e1z\u00e1sa \u00e9s kezel\u00e9se alapvet\u0151en fontos.\u00a0<\/p>\n\n<\/div><h2 class=\"tabtitle\">Diagnosztika<\/h2>\n<div class=\"tabcontent\">\n\n<h2>Milyen vizsg\u00e1latot k\u00e9rj\u00fcnk HUS-gyan\u00fa eset\u00e9n?<\/h2>\n<p>HUS klinikai diagn\u00f3zis eset\u00e9n el\u0151sz\u00f6r az STEC-HUS, a P-HUS \u00e9s az aHUS k\u00f6z\u00f6tti gyors k\u00fcl\u00f6nbs\u00e9gt\u00e9tel \u00e9rdek\u00e9ben indokolt vizsg\u00e1latokat v\u00e9gezni.<\/p>\n<p>Az <strong>STEC-HUS <\/strong>al\u00e1t\u00e1maszt\u00e1s\u00e1ra alkalmas m\u00f3dszerek lehetnek a k\u00f3rokoz\u00f3 kiteny\u00e9szt\u00e9se \u00e9s azonos\u00edt\u00e1sa sz\u00e9kletb\u0151l \u00e9s a toxin kimutat\u00e1sa immunol\u00f3giai \u00e9s molekul\u00e1ris biol\u00f3giai m\u00f3dszerrel (a Semmelweis Egyetem Mikrobiol\u00f3giai laborat\u00f3rium\u00e1ban, \u00e9s az NNK II. Bakteriol\u00f3giai Oszt\u00e1ly\u00e1n\u00a0 el\u00e9rhet\u0151 vizsg\u00e1latok).\u00a0<\/p>\n<p>A <strong>P-HUS<\/strong> al\u00e1t\u00e1maszt\u00e1s\u00e1ra alkalmas vizsg\u00e1latok a k\u00f3rokoz\u00f3 <em>(S. pneumoniae)<\/em> vagy antig\u00e9njeinek kimutat\u00e1sa (v\u00e9rb\u0151l vagy egy\u00e9b testnedvb\u0151l), a direkt Coombs teszt \u00e9s a sz\u00e9rum neuraminid\u00e1z aktivit\u00e1s meghat\u00e1roz\u00e1sa.<\/p>\n<p>Amennyiben a klinikai diagn\u00f3zis <strong>at\u00edpusos HUS<\/strong>, indokolt a r\u00e9szletes komplement kivizsg\u00e1l\u00e1ssal folytatni a diagnosztik\u00e1t. Ennek r\u00e9sz\u00e9t k\u00e9pezi az alap komplement profil (komplement faktorok, regul\u00e1torok, aktivit\u00e1s, aktiv\u00e1ci\u00f3s term\u00e9k) valamint az autoimmun forma vizsg\u00e1lata az anti-H faktor autoantitest meghat\u00e1roz\u00e1s\u00e1val. Klinikailag igazolt aHUS eset\u00e9n indokolt molekul\u00e1ris genetikai vizsg\u00e1latokat is v\u00e9gezni a lehets\u00e9ges ok-okzati vari\u00e1ci\u00f3k (mut\u00e1ci\u00f3k), rizik\u00f3-haplot\u00edpusok \u00e9s k\u00f3piasz\u00e1m polimorfizmusok meghat\u00e1roz\u00e1s\u00e1ra.<\/p>\n\n<\/div><h2 class=\"tabtitle\">Eredm\u00e9nyek <br \/>\n\u00e9rt\u00e9kel\u00e9se<\/h2>\n<div class=\"tabcontent\">\n\n<h2>A HUS kivizsg\u00e1l\u00e1s sor\u00e1n v\u00e9gzett m\u00e9r\u00e9sek \u00e9rt\u00e9kel\u00e9se<\/h2>\n<p><strong>At\u00edpusos HUS<\/strong> megfelel\u0151 klinikai k\u00e9p (relapszus) vagy pozit\u00edv sz\u00f6vettani lelet kimondhat\u00f3 akkor is, ha a komplementparam\u00e9terek k\u00f6z\u00f6tt nem mutathat\u00f3 ki k\u00f3ros elt\u00e9r\u00e9s. A leggyakrabban l\u00e1tott komplement elt\u00e9r\u00e9s a C3 cs\u00f6kkent szintje (&lt;0,7 g\/L) \u00e9s az alternat\u00edv reakci\u00f3\u00fat cs\u00f6kkent (&lt;70%) aktivit\u00e1sa. Sz\u00e1mos m\u00e1s regul\u00e1tor szintj\u00e9ben is mutatkozhat elt\u00e9r\u00e9s (cs\u00f6kkent H-, B- vagy I-faktor szint), ami al\u00e1t\u00e1masztja a diagn\u00f3zist. Autoimmun eredet\u0171 aHUS anti-H-faktor autoantitestek eset\u00e9n mondhat\u00f3 ki, ilyenkor gyakran \u00e9szlelehet\u0151 elt\u00e9r\u00e9s a komplement regul\u00e1torok<span style=\"color: #000000; font-family: Times New Roman; font-size: medium;\"> szintj\u00e9ben is. <\/span><\/p>\n<p><strong>D+HUS<\/strong> eset\u00e9n egyes korai esetekben pozit\u00edv lehet az IgM anti-O157 LPS (enteropatog\u00e9n E. coli t\u00f6rzs specifikus antig\u00e9nje) vizsg\u00e1lat, de m\u00e1s esetekben minden vizsg\u00e1lati eredm\u00e9ny negat\u00edv.<\/p>\n<p>Az igazolt <strong>P-HUS <\/strong>esetekben eddig minden alkalommal pozit\u00edv eredm\u00e9nyt adott a neuraminid\u00e1z aktivit\u00e1s\u00e1nak meghat\u00e1roz\u00e1sa az \u00e1ltalunk l\u00e1tott betegekben.<\/p>\n<\/div><\/div>\n<p><a href=\"122-32433\">\u00a0<\/a><\/p>\n","protected":false},"excerpt":{"rendered":"<p><a href=\"https:\/\/semmelweis.hu\/kutlab\/betegellatas\/hemolitikus-uremia\/\">Hasznos linkek HUS betegeknek \u00e9s orvosaiknak \u2192<\/a> A HUS etiopatogenezise 1. Elm\u00e9leti h\u00e1tt\u00e9r, etiopathogenezis 1.1 A, Shiga- \u00e9s verocytotoxin (shiga-like toxin) termel\u0151 bakt\u00e9riumok okozta fert\u0151z\u00e9sekhez kapcsol\u00f3d\u00f3 HUS (D+HUS) Ez a HUS klasszikus, gyermekkori, j\u00f3 progn\u00f3zis\u00fa form\u00e1ja, amely enterohaemorrhagi\u00e1s Escherichia coli fert\u0151z\u00e9sekhez (VTEC\/STEC), egyes tr\u00f3pusi orsz\u00e1gokban Shigella dysenteriae 1-es t\u00edpus, valamint ritk\u00e1n Citrobacter freundii fert\u0151z\u00e9sekhez kapcsol\u00f3dhat. A betegs\u00e9g t\u00edpusosan iskol\u00e1s kor el\u0151tt l\u00e9p &hellip;<\/p>\n","protected":false},"author":1,"featured_media":0,"parent":74,"menu_order":0,"comment_status":"closed","ping_status":"closed","template":"","meta":{"_acf_changed":false,"footnotes":""},"categories":[],"tags":[],"class_list":["post-150","page","type-page","status-publish","hentry"],"acf":[],"_links":{"self":[{"href":"https:\/\/semmelweis.hu\/kutlab\/wp-json\/wp\/v2\/pages\/150","targetHints":{"allow":["GET"]}}],"collection":[{"href":"https:\/\/semmelweis.hu\/kutlab\/wp-json\/wp\/v2\/pages"}],"about":[{"href":"https:\/\/semmelweis.hu\/kutlab\/wp-json\/wp\/v2\/types\/page"}],"author":[{"embeddable":true,"href":"https:\/\/semmelweis.hu\/kutlab\/wp-json\/wp\/v2\/users\/1"}],"replies":[{"embeddable":true,"href":"https:\/\/semmelweis.hu\/kutlab\/wp-json\/wp\/v2\/comments?post=150"}],"version-history":[{"count":4,"href":"https:\/\/semmelweis.hu\/kutlab\/wp-json\/wp\/v2\/pages\/150\/revisions"}],"predecessor-version":[{"id":1720,"href":"https:\/\/semmelweis.hu\/kutlab\/wp-json\/wp\/v2\/pages\/150\/revisions\/1720"}],"up":[{"embeddable":true,"href":"https:\/\/semmelweis.hu\/kutlab\/wp-json\/wp\/v2\/pages\/74"}],"wp:attachment":[{"href":"https:\/\/semmelweis.hu\/kutlab\/wp-json\/wp\/v2\/media?parent=150"}],"wp:term":[{"taxonomy":"category","embeddable":true,"href":"https:\/\/semmelweis.hu\/kutlab\/wp-json\/wp\/v2\/categories?post=150"},{"taxonomy":"post_tag","embeddable":true,"href":"https:\/\/semmelweis.hu\/kutlab\/wp-json\/wp\/v2\/tags?post=150"}],"curies":[{"name":"wp","href":"https:\/\/api.w.org\/{rel}","templated":true}]}}