{"id":67,"date":"2012-09-07T06:04:38","date_gmt":"2012-09-07T04:04:38","guid":{"rendered":"http:\/\/semmelweis-egyetem.hu\/konzervalo-fogaszat\/?page_id=67"},"modified":"2025-09-02T13:34:12","modified_gmt":"2025-09-02T11:34:12","slug":"hallgatoi-hazirend","status":"publish","type":"page","link":"https:\/\/semmelweis.hu\/konzervalo-fogaszat\/oktatas\/hallgatoi-hazirend\/","title":{"rendered":"Hallgat\u00f3i h\u00e1zirend"},"content":{"rendered":"<p><strong>Hallgat\u00f3i h\u00e1zirend<\/strong><\/p>\n<p><strong>a Semmelweis Egyetem Helyre\u00e1ll\u00edt\u00f3 Fog\u00e1szati \u00e9s Endodonciai Klinik\u00e1j\u00e1n<\/strong><\/p>\n<p>Mint oktat\u00f3 \u00e9s gy\u00f3gy\u00edt\u00f3 int\u00e9zm\u00e9ny legfontosabb c\u00e9lkit\u0171z\u00e9se, hogy a klinika szolg\u00e1ltat\u00e1sait ig\u00e9nybe vev\u0151 valamennyi polg\u00e1r sz\u00e1m\u00e1ra megfelel\u0151 sz\u00ednvonal\u00fa, folyamatosan hozz\u00e1f\u00e9rhet\u0151 \u00e9s megk\u00fcl\u00f6nb\u00f6ztet\u00e9s n\u00e9lk\u00fcli oktat\u00e1st \u00e9s ell\u00e1t\u00e1st ny\u00fajtson.\u00a0 A Fogorvostudom\u00e1nyi Karon a szakt\u00e1rgyak elsaj\u00e1t\u00edt\u00e1sa kis csoportokban foly\u00f3 gyakorlati oktat\u00e1s keret\u00e9ben val\u00f3sul meg, melyek sor\u00e1n a hallgat\u00f3k \u00f6n\u00e1ll\u00f3 fogorvosi tev\u00e9kenys\u00e9get v\u00e9geznek az egyetemen oktat\u00f3 fogorvosok seg\u00edts\u00e9g\u00e9vel, fel\u00fcgyelet\u00e9vel. E speci\u00e1lis helyzetre tekintettel sz\u00fcks\u00e9ges a hallgat\u00f3i betegkezel\u00e9s rendj\u00e9nek szab\u00e1lyoz\u00e1sa.<\/p>\n<p>A h\u00e1zirendben megfogalmazott c\u00e9lok \u00e9s alapelvek az eg\u00e9szs\u00e9g\u00fcgyi szolg\u00e1ltat\u00e1st v\u00e9gz\u0151 hallgat\u00f3k sz\u00e1m\u00e1ra seg\u00edts\u00e9get ny\u00fajtanak a tanul\u00e1sban, a gy\u00f3gy\u00edt\u00e1s gyakorlati kivitelez\u00e9s\u00e9ben, \u00e9s ir\u00e1nymutat\u00e1st adnak a beteggel, ill. az eg\u00e9szs\u00e9g\u00fcgyi szem\u00e9lyzettel val\u00f3 partneri egy\u00fcttm\u0171k\u00f6d\u00e9sben. A hallgat\u00f3i h\u00e1zirend k\u00f6vet\u00e9se, betart\u00e1sa, az oktat\u00f3k \u00e1ltal a szemeszter v\u00e9g\u00e9n adott gyakorlati jegyben is t\u00fckr\u00f6z\u0151dik.<\/p>\n<p>Hozz\u00e1\u00e1ll\u00e1s<\/p>\n<p>\u2022 A hallgat\u00f3 pontos id\u0151ben, orvoshoz m\u00e9lt\u00f3 \u00e1polt, rendezett k\u00fcls\u0151vel, v\u00e9gig begombolt feh\u00e9r k\u00f6penyben jelenjen meg.\u00a0 Kiz\u00e1r\u00f3lag hallgat\u00f3i k\u00f6penyben lehet a gyakorlaton r\u00e9szt venni. Hossz\u00fa haj eset\u00e9n k\u00edv\u00e1natos annak \u00f6sszefog\u00e1sa. Az infekci\u00f3 kontroll megval\u00f3s\u00edt\u00e1sa kiemelt fontoss\u00e1g\u00fa (gumikeszty\u0171 alatt \u00e9kszer, felt\u0171n\u0151 sz\u00edn\u0171 k\u00f6r\u00f6mlakk!)<\/p>\n<p>\u2022 A kezel\u00e9sek alatt nem lehet enni, r\u00e1g\u00f3gumit r\u00e1gni, mobiltelefont haszn\u00e1lni, hangoskodni.\u00a0<\/p>\n<p>\u2022 A let\u00f6lt\u00f6tt f\u00e9l\u00e9v akkor \u00e9rv\u00e9nyes, ha a gyakorlatvezet\u0151 a teljes\u00edtm\u00e9nyt el\u00e9gs\u00e9ges, vagy ann\u00e1l jobb gyakorlati jeggyel \u00e9rt\u00e9keli. Ezt a szorgalmi id\u0151szak alatt kell el\u00e9rni, p\u00f3tgyakorlatra lehet\u0151s\u00e9g nincs.<\/p>\n<p>\u2022 A szemeszter sor\u00e1n maximum h\u00e1rom hi\u00e1nyz\u00e1s elfogadhat\u00f3, enn\u00e9l t\u00f6bb mulaszt\u00e1s eset\u00e9n a f\u00e9l\u00e9v nem ker\u00fcl elfogad\u00e1sra.\u00a0<\/p>\n<p>\u2022 A hallgat\u00f3nak motiv\u00e1ltnak, szorgalmasnak kell lennie. A klinikai gyakorlaton hivat\u00e1s\u00e1ra k\u00e9sz\u00fcl, minden alkalmat meg kell ragadnia szakt\u00e1rgyi tud\u00e1sa gyarap\u00edt\u00e1s\u00e1ra.<\/p>\n<p>Felk\u00e9sz\u00fclts\u00e9g<\/p>\n<p>\u2022 A hallgat\u00f3nak a naprak\u00e9sz dokument\u00e1ci\u00f3val \u00e9s<\/p>\n<p>\u2022 \u00c1tgondolt kezel\u00e9si tervvel kell rendelkeznie beteg\u00e9vel kapcsolatban.<\/p>\n<p>A kezel\u00e9s els\u0151 alkalommal mindig az \u00e1ltal\u00e1nos \u00e9s a fog\u00e1szati anamn\u00e9zis felv\u00e9tel\u00e9vel, sz\u00e1jvizsg\u00e1lattal, a diagn\u00f3zis fel\u00e1ll\u00edt\u00e1s\u00e1val, sz\u00e1jhigi\u00e9n\u00e9s tan\u00e1csad\u00e1ssal \u00e9s a kezel\u00e9si terv fel\u00e1ll\u00edt\u00e1s\u00e1val t\u00f6rt\u00e9nik, majd els\u0151 beavatkoz\u00e1sk\u00e9nt &#8211; az els\u0151seg\u00e9lyt ig\u00e9nyl\u0151 betegek kiv\u00e9tel\u00e9vel &#8211; a fogk\u0151 elt\u00e1vol\u00edt\u00e1sa \u00e9s sz\u00e1jhigi\u00e9n\u00e9s kezel\u00e9s k\u00f6vetkezik. A szan\u00e1l\u00e1s sokszor t\u00f6bb klinik\u00e1n p\u00e1rhuzamosan t\u00f6rt\u00e9nik, a m\u00e1sik int\u00e9zetekben foly\u00f3 kezel\u00e9sek saj\u00e1tunkkal val\u00f3 \u00f6sszehangol\u00e1sa, ir\u00e1ny\u00edt\u00e1sa is oktat\u00f3i seg\u00e9dlettel v\u00e9gzett hallgat\u00f3i feladat.\u00a0<\/p>\n<p>\u2022 K\u00edv\u00e1natos az adott gyakorlatra tervezett kezel\u00e9s elm\u00e9leti h\u00e1tter\u00e9nek tud\u00e1sa. A hallgat\u00f3nak a betegen v\u00e9gzend\u0151 beavatkoz\u00e1s minden mozzanat\u00e1val tiszt\u00e1ban kell lennie, ennek h\u00edj\u00e1n kezelni nem lehet!<\/p>\n<p>\u2022 Elengedhetetlen a szakt\u00e1rgyi el\u0151ad\u00e1sok anyag\u00e1nak ismerete, a hallgat\u00f3nak k\u00e9szen kell \u00e1llnia annak sz\u00f3beli, vagy \u00edr\u00e1sbeli sz\u00e1monk\u00e9r\u00e9s\u00e9re.<\/p>\n<p>A beteggel val\u00f3 kommunik\u00e1ci\u00f3<\/p>\n<p>\u2022 A hallgat\u00f3nak menedzselnie kell a beteg berendel\u00e9st.<\/p>\n<p>Betegeink eredm\u00e9nyes berendel\u00e9se \u00e9rdek\u00e9ben a p\u00e1ciensnek tudnia kell az \u0151t ell\u00e1t\u00f3 hallgat\u00f3 \u00e9s a gyakorlatvezet\u0151 nev\u00e9t is. Ez\u00e9rt c\u00e9lszer\u0171 ezeket olvashat\u00f3an fel\u00edrni neki egy c\u00e9dul\u00e1ra a visszarendel\u00e9s pontos d\u00e1tum\u00e1val, id\u0151pontj\u00e1val \u00e9s a kezel\u0151terem sz\u00e1m\u00e1val egy\u00fctt. Ugyanakkor a hallgat\u00f3nak is fel kell jegyeznie a beteg utol\u00e9rhet\u0151s\u00e9g\u00e9t, hogy a v\u00e1ltoz\u00e1sokr\u00f3l id\u0151ben \u00e9rtes\u00edteni tudja. Csak a sz\u00e1m\u00edt\u00f3g\u00e9pbe bejelentkezett betegeket lehet kezelni, ezt a kezel\u00e9s megkezd\u00e9se el\u0151tt a hallgat\u00f3 ellen\u0151rizze is.<\/p>\n<p>\u2022 A hallgat\u00f3nak hangs\u00falyoznia kell a megbesz\u00e9lt kezel\u00e9si id\u0151pontok pontos betart\u00e1s\u00e1nak fontoss\u00e1g\u00e1t a beteg r\u00e9sz\u00e9r\u0151l is. Ez nem csak a p\u00e1ciens \u00e9rdeke, hanem a hallgat\u00f3\u00e9 is, hiszen a beteg rendszeres k\u00e9s\u00e9sei vagy el\u0151re nem jelzett meg nem jelen\u00e9se h\u00e1tr\u00e1ltatja a hallgat\u00f3 gyakorlati munk\u00e1j\u00e1t; ilyenkor m\u00e1s p\u00e1ciens berendel\u00e9s\u00e9r\u0151l kell gondoskodni. \u00a0<\/p>\n<p>\u2022 A hallgat\u00f3nak nagy hangs\u00falyt kell fektetnie a beteg instru\u00e1l\u00e1s\u00e1ra, motiv\u00e1l\u00e1s\u00e1ra.<\/p>\n<p>\u2022 Id\u0151t kell sz\u00e1nnia betege korrekt felvil\u00e1gos\u00edt\u00e1s\u00e1ra, a tervezett beavatkoz\u00e1sok magyar\u00e1zat\u00e1ra, \u00e9s a kezel\u00e9s menet\u00e9nek, kimenetel\u00e9nek, esetleges sz\u00f6v\u0151dm\u00e9nyeinek elmond\u00e1s\u00e1ra.<\/p>\n<p>\u2022 A hallgat\u00f3 gondoskodni k\u00f6teles a f\u00e9l\u00e9v v\u00e9gezt\u00e9vel a p\u00e1ciens m\u00e9g sz\u00fcks\u00e9ges kezel\u00e9seinek folytat\u00e1s\u00e1r\u00f3l (kezel\u00e9s\u00e9t saj\u00e1t maga folytatja a k\u00f6vetkez\u0151 f\u00e9l\u00e9vben, a ny\u00e1ri gyakorlaton, ill. a beteget \u2013el\u0151zetes megbesz\u00e9l\u00e9s alapj\u00e1n- koll\u00e9g\u00e1j\u00e1nak adja \u00e1t).<\/p>\n<p>Infekci\u00f3kontroll<\/p>\n<p>\u2022 A Helyre\u00e1ll\u00edt\u00f3 Fog\u00e1szati \u00e9s Endodonciai Klinika eg\u00e9sz ter\u00fclet\u00e9n, \u00edgy az oktat\u00f3 termekben is (111,113,114) a betegell\u00e1t\u00e1shoz egy\u00e9ni v\u00e9d\u0151eszk\u00f6z (egyszerhaszn\u00e1latos keszty\u0171 \u00e9s arcmaszk) haszn\u00e1lata k\u00f6telez\u0151. Az eml\u00edtett v\u00e9d\u0151eszk\u00f6z\u00f6ket klinik\u00e1nk mindenki sz\u00e1m\u00e1ra biztos\u00edtja. A gyakorlati oktat\u00e1s sor\u00e1n a mindenkori betegell\u00e1t\u00e1s \u00e9s a betegkezel\u00e9shez t\u00f6rt\u00e9n\u0151 assziszt\u00e1l\u00e1s, egy\u00e9ni v\u00e9d\u0151eszk\u00f6z haszn\u00e1lata n\u00e9lk\u00fcl TILOS. Aki az egy\u00e9ni v\u00e9d\u0151eszk\u00f6z\u00f6k haszn\u00e1lat\u00e1ra vonatkoz\u00f3 rendelkez\u00e9st nem tartja be, nem vehet r\u00e9szt a gyakorlati oktat\u00e1sban, a betegek kezel\u00e9s\u00e9ben.<\/p>\n<p>\u2022 A m\u0171anyag v\u00e9d\u0151szem\u00fcvegek, aj\u00e1nlatos minden hallgat\u00f3nak saj\u00e1tr\u00f3l gondoskodnia. Turbin\u00e1t, g\u00e9pi depur\u00e1tort szemv\u00e9delem n\u00e9lk\u00fcl haszn\u00e1lni nem lehet!\u00a0<\/p>\n<p>\u2022 A hallgat\u00f3 a kezel\u00e9sekhez steril t\u00e1lc\u00e1kon m\u0171szerk\u00e9szletet kap. A t\u00e1lc\u00e1kr\u00f3l elt\u00e1vol\u00edtott csomagol\u00e1st a fekete zs\u00e1kkal b\u00e9lelt kommun\u00e1lis hullad\u00e9kgy\u0171jt\u0151be kell dobnia.<\/p>\n<p>\u2022 A kezel\u00e9sre a hallgat\u00f3nak terv szerint mindent \u00f6ssze kell k\u00e9sz\u00edtenie. A sz\u00fcks\u00e9ges anyagot, m\u0171szert sok esetben az asszisztensn\u0151kt\u0151l kell k\u00e9rni. A szekr\u00e9nybe, fi\u00f3kokba asszisztensn\u0151n k\u00edv\u00fcl m\u00e1s nem ny\u00falhat, a higi\u00e9n\u00e9s el\u0151\u00edr\u00e1sok betart\u00e1sa \u00e9rdek\u00e9ben!\u00a0<\/p>\n<p>\u2022 A mozgathat\u00f3 (gurul\u00f3) asztalka tetej\u00e9t is ki kell haszn\u00e1lni pl. a gy\u00f6k\u00e9rkezel\u0151 t\u00e1lca, vagy a lenyomatokhoz val\u00f3 veset\u00e1l elhelyez\u00e9s\u00e9re. Az alatta l\u00e9v\u0151 polc a hallgat\u00f3 szem\u00e9lyes jegyzetei, a betegkarton, a legals\u00f3 polc a beteg holmij\u00e1nak t\u00e1rol\u00e1s\u00e1ra szolg\u00e1l. (A p\u00e1ciensek a kab\u00e1tjukat, eserny\u0151j\u00fcket, nagyobb t\u00e1sk\u00e1jukat a ruhat\u00e1rban helyezz\u00e9k el \u2013 erre fel kell h\u00edvni a figyelmet!)<\/p>\n<p>\u2022 A hallgat\u00f3 telefont, sz\u00e1m\u00edt\u00f3g\u00e9pet nem \u00e9rinthet gumikeszty\u0171ben, hasonl\u00f3an a kartonok kezel\u00e9se is a keszty\u0171 elt\u00e1vol\u00edt\u00e1sa ut\u00e1n, tiszta k\u00e9zzel t\u00f6rt\u00e9njen.<\/p>\n<p>\u2022 A betegell\u00e1t\u00e1si hullad\u00e9kot (vattarolni, kofferd\u00e1m gumi), v\u00e9rrel, ny\u00e1llal szennyezett anyagokat (maszk, gumikeszty\u0171) vesz\u00e9lyes hullad\u00e9kk\u00e9nt kell kezelnie, \u00e9s a k\u00fcl\u00f6n speci\u00e1lis c\u00edmk\u00e9vel ell\u00e1tott, s\u00e1rga zs\u00e1kkal b\u00e9lelt szem\u00e9tt\u00e1rol\u00f3ba kell dobnia.\u00a0<\/p>\n<p>\u2022 Az endodonciai kezel\u00e9s sor\u00e1n sz\u00fcks\u00e9ges t\u0171s r\u00f6ntgenfelv\u00e9telre a bem\u00e9rt adatok r\u00f6gz\u00edt\u00e9se ut\u00e1n a hallgat\u00f3 \u00e9s a gyakorlatvezet\u0151 is k\u00eds\u00e9ri a beteget. Ilyenkor letakart t\u00e1lc\u00e1n a hallgat\u00f3 viszi mag\u00e1val a sz\u00fcks\u00e9ges eszk\u00f6z\u00f6ket. Az ajt\u00f3kilincseket vagy gumikeszty\u0171 n\u00e9lk\u00fcl, vagy pap\u00edrt\u00f6rl\u0151vel kell megfognia.\u00a0 A hallgat\u00f3nak \u00e9rtenie \u00e9s tudnia kell a t\u0171s felv\u00e9tel c\u00e9lj\u00e1t, kivitelez\u00e9s\u00e9nek m\u00f3dj\u00e1t, \u00e9s tev\u00e9kenyen seg\u00edtenie kell a beteg r\u00f6ntgenfelv\u00e9telhez val\u00f3 el\u0151k\u00e9sz\u00edt\u00e9s\u00e9t.<\/p>\n<p>\u2022 A hallgat\u00f3nak t\u00f6rekednie kell a munkaasztal \u00e1tl\u00e1that\u00f3s\u00e1g\u00e1ra, a ter\u00fclet tiszt\u00e1ntart\u00e1s\u00e1ra, az infekci\u00f3kontroll protokoll eg\u00e9szs\u00e9g\u00fcgyi szem\u00e9lyzetre vonatkoz\u00f3 el\u0151\u00edr\u00e1s\u00e1nak betart\u00e1s\u00e1ra!<\/p>\n<p>\u2022 Gondot kell ford\u00edtania a s\u00e9r\u00fcl\u00e9sek megel\u0151z\u00e9s\u00e9re: pl. haszn\u00e1lat ut\u00e1n t\u00e1vol\u00edtsa el a f\u00far\u00f3t, depur\u00e1torfejet a k\u00e9zidarabb\u00f3l, \u00e9s hagyja a m\u0171szerasztalk\u00e1n. \u00c9les, sz\u00far\u00f3 hullad\u00e9k (t\u0171, fecskend\u0151) csak a kem\u00e9nyfal\u00fa, feliratozott vesz\u00e9lyes hullad\u00e9ktart\u00f3 dobozokba ker\u00fclhet a k\u00e9s\u0151bbi (pl. szem\u00e9t \u00f6sszegy\u0171jt\u00e9se, takar\u00edt\u00e1s) s\u00e9r\u00fcl\u00e9ses baleset elker\u00fcl\u00e9se \u00e9rdek\u00e9ben.\u00a0<\/p>\n<p>&nbsp;<\/p>\n<p>Gyakorlati kivitelez\u00e9s<\/p>\n<p>\u2022 Klinik\u00e1nkon a fekvekezel\u00e9s, illetve az ezzel szorosan \u00f6sszetartoz\u00f3 n\u00e9gykezes kezel\u00e9s munkam\u00f3dszer\u00e9t oktatjuk. Ennek megval\u00f3s\u00edt\u00e1sa c\u00e9lj\u00e1b\u00f3l a gyakorlatokon a hallgat\u00f3k p\u00e1rban dolgoznak. Mind az orvosi, mind a sz\u00e9k melletti asszisztensi tev\u00e9kenys\u00e9gek elsaj\u00e1t\u00edtand\u00f3k, ez\u00e9rt a hallgat\u00f3knak t\u00f6rekedni kell az igazs\u00e1gos id\u0151beoszt\u00e1sra.<\/p>\n<p>\u2022 A kezel\u00e9shez sz\u00fcks\u00e9ges eszk\u00f6z\u00f6k, anyagok ismerete, alkalmaz\u00e1s\u00e1nak indik\u00e1ci\u00f3ja, bek\u00e9sz\u00edt\u00e9se, helyes haszn\u00e1lata alapvet\u0151 k\u00f6vetelm\u00e9ny.<\/p>\n<p>\u2022 A hallgat\u00f3knak a kezel\u0151kben rendelkez\u00e9s\u00fckre \u00e1ll\u00f3 anyagok nev\u00e9t, \u00f6sszet\u00e9tel\u00e9t, haszn\u00e1lati \u00fatmutat\u00f3j\u00e1t a helyes alkalmaz\u00e1s \u00e9rdek\u00e9ben ismerni\u00fck kell.<\/p>\n<p>\u2022 Fontos k\u00edv\u00e1nalom a takar\u00e9kos anyaghaszn\u00e1lat.\u00a0<\/p>\n<p>\u2022 Hasonl\u00f3an fontos a fog\u00e1szati m\u0171szerek \u00f3v\u00e1sa, k\u00f6r\u00fcltekint\u0151 alkalmaz\u00e1sa, a s\u00e9r\u00fcl\u00e9s\u00fck megel\u0151z\u00e9se. B\u00e1rmi leesik, elt\u00f6rik, elg\u00f6rb\u00fcl a hallgat\u00f3 ne sz\u00e9gyellje, jelezze az asszisztensn\u0151knek.\u00a0<\/p>\n<p>\u2022 A hallgat\u00f3 k\u00f6teles beteg\u00e9t a kezel\u00e9s megkezd\u00e9se el\u0151tt, bizonyos munkaf\u00e1zisok (pl. prepar\u00e1l\u00e1s, izol\u00e1l\u00e1s, matrica felhelyez\u00e9s\u00e9nek kivitelez\u00e9se, stb.) v\u00e9g\u00e9n \u00e9s a kezel\u00e9s elv\u00e9gz\u00e9se ut\u00e1n megmutatni gyakorlatvezet\u0151j\u00e9nek.\u00a0<\/p>\n<p>\u2022 Hallgat\u00f3 nem engedhet el beteget gyakorlatvezet\u0151je tudta n\u00e9lk\u00fcl!<\/p>\n<p>\u2022 A hallgat\u00f3nak t\u00f6rekednie kell a kezel\u00e9s \u2013 saj\u00e1t k\u00e9pess\u00e9geihez m\u00e9rt &#8211; legkorrektebb elv\u00e9gz\u00e9s\u00e9re.<\/p>\n<p>\u2022 A hallgat\u00f3nak igyekeznie kell megbecs\u00fclni a kezel\u00e9s elv\u00e9gz\u00e9s\u00e9hez sz\u00fcks\u00e9ges id\u0151t, \u00e9s be kell tartania az id\u0151korl\u00e1tokat. A munk\u00e1t gyakorlat v\u00e9ge el\u0151tt 5-10 perccel be kell fejeznie.<\/p>\n<p>\u2022 A hallgat\u00f3 &#8211; f\u00e9l\u00e9v sor\u00e1n tapasztalt &#8211; fejl\u0151d\u00e9s\u00e9nek ir\u00e1nya, annak m\u00e9rt\u00e9ke fontos szempont a gyakorlati jegy kialak\u00edt\u00e1s\u00e1ban.<\/p>\n<p>Adminisztr\u00e1ci\u00f3<\/p>\n<p>\u2022 Els\u0151 alkalommal anamn\u00e9zis lapot \u00e9s nyilatkozatot t\u00f6lt ki a p\u00e1ciens, \u00e9s al\u00e1\u00edr\u00e1s\u00e1val is hiteles\u00edti azokat.\u00a0<\/p>\n<p>\u2022 A kezel\u00e9s folytat\u00e1s\u00e1hoz sz\u00fcks\u00e9ges adatokat, az elv\u00e9gzett beavatkoz\u00e1sokat a hallgat\u00f3 k\u00f6teles a betegkartonra felvezetni, \u00e9s gyakorlatvezet\u0151j\u00e9vel hiteles\u00edttetni.<\/p>\n<p>\u2022 R\u00f6ntgenfelv\u00e9tel sz\u00e1m\u00edt\u00f3g\u00e9pes \u00e9s pap\u00edr alap\u00fa beutal\u00f3val k\u00e9rhet\u0151, melyet a p\u00e1ciens a harmadik emeleti R\u00f6ntgen Oszt\u00e1lyon k\u00e9sz\u00edttet el.<\/p>\n<p>A gyakorlati id\u0151 betart\u00e1sa<\/p>\n<p>\u2022 Az elv\u00e9gzett beavatkoz\u00e1sokat a gyakorlatvezet\u0151 a kezel\u00e9s sorrendj\u00e9ben, minden mozzanatra kiterjed\u0151en ellen\u0151rzi a betegkartonon. Ez a felt\u00e9tele, hogy a gyakorlat ut\u00e1n az orvos\u00edrnok a k\u00f3dokat hi\u00e1nytalanul tudja a sz\u00e1m\u00edt\u00f3g\u00e9pbe t\u00e1pl\u00e1lni. Ez az adminisztr\u00e1ci\u00f3 az alapja a Klinik\u00e1nk \u00e9s az NEAK \/Nemzeti Eg\u00e9szs\u00e9gbiztos\u00edt\u00e1si Alapkezel\u0151\/ k\u00f6z\u00f6tti elsz\u00e1mol\u00e1snak, ez\u00e9rt ennek az adatb\u00e1zisnak val\u00f3snak, korrektnek \u00e9s hi\u00e1nytalannak kell lennie. Ennek int\u00e9z\u00e9s\u00e9re id\u0151t kell sz\u00e1nni, ez\u00e9rt a hallgat\u00f3nak a munk\u00e1t &#8211; ennek figyelembe v\u00e9tel\u00e9vel &#8211; a gyakorlat v\u00e9ge el\u0151tt kb 5-10 perccel kell befejeznie.\u00a0<\/p>\n<p>\u2022 Csak pontos t\u00e1voz\u00e1s ut\u00e1n van es\u00e9ly arra, hogy a k\u00f6vetkez\u0151 csoport \u00e9rkez\u00e9se el\u0151tt az asszisztensn\u0151k ki tudjanak szell\u0151ztetni, fert\u0151tlen\u00edtsenek, \u00e9s el\u0151 tudjanak k\u00e9sz\u00fclni a k\u00f6vetkez\u0151 gyakorlatra.\u00a0<\/p>\n<p>K\u00e9rem, \u00e9s k\u00edv\u00e1nom, hogy a fentiek betart\u00e1sa mellett a Helyre\u00e1ll\u00edt\u00f3 Fog\u00e1szati \u00e9s Endodonciai Klinik\u00e1n t\u00f6lt\u00f6tt gyakorlati idej\u00fcket \u00f6r\u00f6mmel, tartalmasan \u00e9s hasznosan t\u00f6lts\u00e9k.<\/p>\n<p>Prof. Dr. V\u00e1g J\u00e1nos<br \/>\nklinikaigazgat\u00f3<\/p>\n","protected":false},"excerpt":{"rendered":"<p>Hallgat\u00f3i h\u00e1zirend a Semmelweis Egyetem Helyre\u00e1ll\u00edt\u00f3 Fog\u00e1szati \u00e9s Endodonciai Klinik\u00e1j\u00e1n Mint oktat\u00f3 \u00e9s gy\u00f3gy\u00edt\u00f3 int\u00e9zm\u00e9ny legfontosabb c\u00e9lkit\u0171z\u00e9se, hogy a klinika szolg\u00e1ltat\u00e1sait ig\u00e9nybe vev\u0151 valamennyi polg\u00e1r sz\u00e1m\u00e1ra megfelel\u0151 sz\u00ednvonal\u00fa, folyamatosan hozz\u00e1f\u00e9rhet\u0151 \u00e9s megk\u00fcl\u00f6nb\u00f6ztet\u00e9s n\u00e9lk\u00fcli oktat\u00e1st \u00e9s ell\u00e1t\u00e1st ny\u00fajtson.\u00a0 A Fogorvostudom\u00e1nyi Karon a szakt\u00e1rgyak elsaj\u00e1t\u00edt\u00e1sa kis csoportokban foly\u00f3 gyakorlati oktat\u00e1s keret\u00e9ben val\u00f3sul meg, melyek sor\u00e1n a hallgat\u00f3k &hellip;<\/p>\n","protected":false},"author":122,"featured_media":0,"parent":112,"menu_order":3,"comment_status":"closed","ping_status":"closed","template":"","meta":{"_acf_changed":false,"footnotes":""},"categories":[],"tags":[],"class_list":["post-67","page","type-page","status-publish","hentry"],"acf":[],"_links":{"self":[{"href":"https:\/\/semmelweis.hu\/konzervalo-fogaszat\/wp-json\/wp\/v2\/pages\/67","targetHints":{"allow":["GET"]}}],"collection":[{"href":"https:\/\/semmelweis.hu\/konzervalo-fogaszat\/wp-json\/wp\/v2\/pages"}],"about":[{"href":"https:\/\/semmelweis.hu\/konzervalo-fogaszat\/wp-json\/wp\/v2\/types\/page"}],"author":[{"embeddable":true,"href":"https:\/\/semmelweis.hu\/konzervalo-fogaszat\/wp-json\/wp\/v2\/users\/122"}],"replies":[{"embeddable":true,"href":"https:\/\/semmelweis.hu\/konzervalo-fogaszat\/wp-json\/wp\/v2\/comments?post=67"}],"version-history":[{"count":10,"href":"https:\/\/semmelweis.hu\/konzervalo-fogaszat\/wp-json\/wp\/v2\/pages\/67\/revisions"}],"predecessor-version":[{"id":7241,"href":"https:\/\/semmelweis.hu\/konzervalo-fogaszat\/wp-json\/wp\/v2\/pages\/67\/revisions\/7241"}],"up":[{"embeddable":true,"href":"https:\/\/semmelweis.hu\/konzervalo-fogaszat\/wp-json\/wp\/v2\/pages\/112"}],"wp:attachment":[{"href":"https:\/\/semmelweis.hu\/konzervalo-fogaszat\/wp-json\/wp\/v2\/media?parent=67"}],"wp:term":[{"taxonomy":"category","embeddable":true,"href":"https:\/\/semmelweis.hu\/konzervalo-fogaszat\/wp-json\/wp\/v2\/categories?post=67"},{"taxonomy":"post_tag","embeddable":true,"href":"https:\/\/semmelweis.hu\/konzervalo-fogaszat\/wp-json\/wp\/v2\/tags?post=67"}],"curies":[{"name":"wp","href":"https:\/\/api.w.org\/{rel}","templated":true}]}}