{"id":94033,"date":"2025-12-18T10:02:08","date_gmt":"2025-12-18T09:02:08","guid":{"rendered":"https:\/\/semmelweis.hu\/kontrolling\/?page_id=94033"},"modified":"2025-12-18T11:44:03","modified_gmt":"2025-12-18T10:44:03","slug":"ugyeleti-rend","status":"publish","type":"page","link":"https:\/\/semmelweis.hu\/kontrolling\/ugyeleti-rend\/","title":{"rendered":"\u00dcgyeleti rend"},"content":{"rendered":"<div class=\"keretes w-100\">\n<p class=\"x_MsoNormal\" style=\"text-align: center\"><span style=\"font-size: 14pt;color: #0000ff\"><strong><span style=\"font-family: 'pt serif'\" data-olk-copy-source=\"MessageBody\">Kedves Koll\u00e9g\u00e1k!<\/span><\/strong><\/span><\/p>\n<p class=\"x_MsoNormal\" style=\"text-align: center\"><span style=\"font-size: 14pt;color: #0000ff\"><strong>Mindenkinek b\u00e9k\u00e9s, boldog kar\u00e1csonyi \u00fcnnepeket \u00e9s eredm\u00e9nyekben gazdag \u00faj esztend\u0151t k\u00edv\u00e1nunk.<\/strong><\/span><\/p>\n<p class=\"x_MsoNormal\" style=\"text-align: center\"><span style=\"font-size: 14pt;color: #0000ff\"><strong>\u00dcdv\u00f6zlettel:<\/strong><\/span><br \/>\n<span style=\"font-size: 14pt;color: #0000ff\"><strong>K\u00f6lts\u00e9gvet\u00e9si \u00e9s Kontrolling F\u0151igazgat\u00f3s\u00e1g<\/strong><\/span><br \/>\n<span style=\"font-size: 14pt;color: #0000ff\"><strong>munkat\u00e1rsai<\/strong><\/span><\/p>\n<p class=\"x_MsoNormal\"><span style=\"font-size: 14pt\"><strong><span style=\"font-family: 'pt serif'\">A K\u00f6lts\u00e9gvet\u00e9si \u00e9s Kontrolling F\u0151igazgat\u00f3s\u00e1g szervezeti egys\u00e9geiben a 2025. december 22. \u00e9s 2026. janu\u00e1r 4. k\u00f6z\u00f6tti id\u0151szakban az \u00fcgyeleti rend az al\u00e1bbiak szerint alakul:<\/span><\/strong><\/span><\/p>\n<\/div>\n<h6><span style=\"font-size: 18pt;font-family: 'pt serif'\"><strong>Eg\u00e9szs\u00e9g\u00fcgyi H\u00e1l\u00f3zat-ir\u00e1ny\u00edt\u00e1si Igazgat\u00f3s\u00e1g<\/p>\n<p><\/strong><\/span><span style=\"font-family: 'pt serif';font-size: 14pt\"><a href=\"https:\/\/semmelweis.hu\/kontrolling\/files\/2025\/12\/Egeszsegugyi-Halozat_2025-ugyelet.pdf\">Eg\u00e9szs\u00e9g\u00fcgyi H\u00e1l\u00f3zat_2025 \u00fcgyelet<\/a><\/span><br \/>\n<span style=\"font-family: 'pt serif';font-size: 14pt\"><br \/>\nAmerikai \u00fati Klinikai T\u00f6mbigazgat\u00f3s\u00e1g<\/span><br \/>\n<span style=\"font-family: 'pt serif';font-size: 14pt\"><a href=\"https:\/\/semmelweis.hu\/kontrolling\/files\/2025\/12\/Amerikai-uti-Klinikai-Tomb_2025-ugyelet.pdf\">Amerikai \u00fati Klinikai T\u00f6mb_2025 \u00fcgyelet<\/a><\/span><br \/>\n<span style=\"font-family: 'pt serif';font-size: 14pt\">Bels\u0151 Klinikai T\u00f6mbigazgat\u00f3s\u00e1g<\/span><br \/>\n<span style=\"font-family: 'pt serif';font-size: 14pt\"><a href=\"https:\/\/semmelweis.hu\/kontrolling\/files\/2025\/12\/Belso-Klinikai-Tomb_2025-ugyelet.pdf\">Bels\u0151 Klinikai T\u00f6mb_2025 \u00fcgyelet<\/a><\/span><br \/>\n<span style=\"font-family: 'pt serif';font-size: 14pt\">Corvin-negyedi Klinikai T\u00f6mbigazgat\u00f3s\u00e1g<\/span><br \/>\n<span style=\"font-family: 'pt serif';font-size: 14pt\"><a href=\"https:\/\/semmelweis.hu\/kontrolling\/files\/2025\/12\/Corvin-negyedi-Klinikai-Tomb_2025-ugyelet.pdf\">Corvin-negyedi Klinikai T\u00f6mb_2025 \u00fcgyelet<\/a><\/span><br \/>\n<span style=\"font-family: 'pt serif';font-size: 14pt\">G\u00f6d\u00f6ll\u0151i Semmelweis Eg\u00e9szs\u00e9gk\u00f6zpont Gazdas\u00e1gi Hivatala<\/span><br \/>\n<span style=\"font-family: 'pt serif';font-size: 14pt\"><a href=\"https:\/\/semmelweis.hu\/kontrolling\/files\/2025\/12\/Godolloi-Semmelweis-Egeszsegkozpont-gazdasagi-Hivatal_-2025-ugyelet.pdf\">G\u00f6d\u00f6ll\u0151i Semmelweis Eg\u00e9szs\u00e9gk\u00f6zpont gazdas\u00e1gi Hivatal_ 2025 \u00fcgyelet<\/a><\/span><br \/>\n<span style=\"font-family: 'pt serif';font-size: 14pt\">Gyermekgy\u00f3gy\u00e1szati Klinikai T\u00f6mbigazgat\u00f3s\u00e1g<\/span><br \/>\n<span style=\"font-family: 'pt serif';font-size: 14pt\"><a href=\"https:\/\/semmelweis.hu\/kontrolling\/files\/2025\/12\/Gyermekgyogyaszati-Klinikai-Tomb_2025-ugyelet.pdf\">Gyermekgy\u00f3gy\u00e1szati Klinikai T\u00f6mb_2025 \u00fcgyelet<\/a><\/span><br \/>\n<span style=\"font-family: 'pt serif';font-size: 14pt\">K\u00fcls\u0151 Klinikai T\u00f6mbigazgat\u00f3s\u00e1g<\/span><br \/>\n<span style=\"font-family: 'pt serif';font-size: 14pt\"><a href=\"https:\/\/semmelweis.hu\/kontrolling\/files\/2025\/12\/Kulso-Klinikai-Tomb_2025-ugyelet.pdf\">K\u00fcls\u0151 Klinikai T\u00f6mb_2025 \u00fcgyelet<\/a><\/span><br \/>\n<span style=\"font-family: 'pt serif';font-size: 14pt\">Mer\u00e9nyi Klinikai T\u00f6mbigazgat\u00f3s\u00e1g<\/span><br \/>\n<span style=\"font-family: 'pt serif';font-size: 14pt\"><a href=\"https:\/\/semmelweis.hu\/kontrolling\/files\/2025\/12\/Merenyi-Klinikai-Tomb_2025-ugyelet.pdf\">Mer\u00e9nyi Klinikai T\u00f6mb_2025 \u00fcgyelet<\/a><\/span><br \/>\n<span style=\"font-family: 'pt serif';font-size: 14pt\">Orvosi Rehabilit\u00e1ci\u00f3s T\u00f6mbigazgat\u00f3s\u00e1g<\/span><br \/>\n<span style=\"font-family: 'pt serif';font-size: 14pt\"><a href=\"https:\/\/semmelweis.hu\/kontrolling\/files\/2025\/12\/Orvosi-Rehabilitacios-Tomb_2025-ugyelet.pdf\">Orvosi Rehabilit\u00e1ci\u00f3s T\u00f6mb_2025 \u00fcgyelet<\/a><\/span><br \/>\n<span style=\"font-family: 'pt serif';font-size: 14pt\">Szent Luk\u00e1cs Klinikai T\u00f6mbigazgat\u00f3s\u00e1g<\/span><br \/>\n<span style=\"font-family: 'pt serif';font-size: 14pt\"><a href=\"https:\/\/semmelweis.hu\/kontrolling\/files\/2025\/12\/Szent-Lukacs-Klinikai-Tomb_2025-ugyelet.pdf\">Szent Luk\u00e1cs Klinikai T\u00f6mb_2025 \u00fcgyelet<\/a><\/span><br \/>\n<span style=\"font-family: 'pt serif';font-size: 14pt\">Szent R\u00f3kus Klinikai T\u00f6mbigazgat\u00f3s\u00e1g<\/span><br \/>\n<span style=\"font-family: 'pt serif';font-size: 14pt\"><a href=\"https:\/\/semmelweis.hu\/kontrolling\/files\/2025\/12\/Szent-Rokus-Klinikai-Tomb_2025-ugyelet.pdf\">Szent R\u00f3kus Klinikai T\u00f6mb_2025 \u00fcgyelet<\/a><\/span><br \/>\n<span style=\"font-family: 'pt serif';font-size: 14pt\">T\u00f6m\u0151 utcai Klinikai T\u00f6mbigazgat\u00f3s\u00e1g<\/span><br \/>\n<span style=\"font-family: 'pt serif';font-size: 14pt\"><a href=\"https:\/\/semmelweis.hu\/kontrolling\/files\/2025\/12\/Tomo-utcai-Klinikai-Tombigazgatosag_2025-ugyelet.pdf\">T\u00f6m\u0151 utcai Klinikai T\u00f6mbigazgat\u00f3s\u00e1g_2025 \u00fcgyelet<\/a><\/span><br \/>\n<span style=\"font-family: 'pt serif';font-size: 14pt\">V\u00e1rosmajori Klinikai T\u00f6mbigazgat\u00f3s\u00e1g<\/span><br \/>\n<span style=\"font-family: 'pt serif';font-size: 14pt\"><a href=\"https:\/\/semmelweis.hu\/kontrolling\/files\/2025\/12\/Varosmajori-Klinikai-Tombigazgatosag-2025-ugyelet.pdf\">V\u00e1rosmajori Klinikai T\u00f6mbigazgat\u00f3s\u00e1g 2025 \u00fcgyelet<\/a><\/span><\/h6>\n<p><span style=\"font-size: 18pt;font-family: 'pt serif'\"><strong>Kontrolling Igazgat\u00f3s\u00e1g<br \/>\n<\/strong><span style=\"font-size: 14pt\"><a href=\"https:\/\/semmelweis.hu\/kontrolling\/files\/2025\/12\/Ugyelei-rend_Kontrolling-Igazgatosag_2025.pdf\">\u00dcgyelei rend_Kontrolling Igazgat\u00f3s\u00e1g_2025<\/a><\/span><strong><br \/>\n<\/strong><\/span><\/p>\n<p><span style=\"font-size: 18pt;font-family: 'pt serif'\"><strong>K\u00f6zponti Gazdas\u00e1gi H\u00e1l\u00f3zat-ir\u00e1ny\u00edt\u00e1si Igazgat\u00f3s\u00e1g<\/strong><\/span><br \/>\n<span style=\"font-family: 'pt serif';font-size: 14pt\"><a href=\"https:\/\/semmelweis.hu\/kontrolling\/files\/2025\/12\/KGHII-RKE_2025.pdf\">KGHII RKE_2025<\/a><\/span><\/p>\n<h6><span style=\"font-size: 18pt;font-family: 'pt serif'\"><strong>Oktat\u00e1si H\u00e1l\u00f3zat-ir\u00e1ny\u00edt\u00e1si Igazgat\u00f3s\u00e1g<\/strong><\/span><br \/>\n<span style=\"font-size: 14pt\"><span style=\"font-family: 'pt serif'\"><a href=\"https:\/\/semmelweis.hu\/kontrolling\/files\/2025\/12\/ugyeleti_rend_2025_OHII.pdf\">\u00fcgyeleti_rend_2025_OHII<\/a><br \/>\n<\/span><span style=\"font-family: 'pt serif'\"><br \/>\n\u00c1OK Kari Gazdas\u00e1gi Igazgat\u00f3s\u00e1g<\/span><\/span><br \/>\n<span style=\"font-size: 14pt\"><span style=\"font-family: 'pt serif'\"><a href=\"https:\/\/semmelweis.hu\/kontrolling\/files\/2025\/12\/ugyeleti_rend_2025_AOK_KGI.pdf\">\u00fcgyeleti_rend_2025_AOK_KGI<\/a><br \/>\n<\/span><span style=\"font-family: 'pt serif'\">EKK Kari Gazdas\u00e1gi Igazgat\u00f3s\u00e1g<\/span><\/span><br \/>\n<span style=\"font-size: 14pt\"><span style=\"font-family: 'pt serif'\"><a href=\"https:\/\/semmelweis.hu\/kontrolling\/files\/2025\/12\/ugyeleti_rend_2025_EKK-KGI.pdf\">\u00fcgyeleti_rend_2025_EKK KGI<\/a><br \/>\n<\/span><span style=\"font-family: 'pt serif'\">ETK Kari Gazdas\u00e1gi Igazgat\u00f3s\u00e1g<\/span><\/span><br \/>\n<span style=\"font-size: 14pt\"><span style=\"font-family: 'pt serif'\"><a href=\"https:\/\/semmelweis.hu\/kontrolling\/files\/2025\/12\/ugyeleti_rend_2025_ETK-KGI.pdf\">\u00fcgyeleti_rend_2025_ETK KGI<\/a><br \/>\n<\/span><span style=\"font-family: 'pt serif'\">FOK Kari Gazdas\u00e1gi Igazgat\u00f3s\u00e1g<\/span><\/span><br \/>\n<span style=\"font-size: 14pt\"><span style=\"font-family: 'pt serif'\"><a href=\"https:\/\/semmelweis.hu\/kontrolling\/files\/2025\/12\/ugyeleti_rend_2025_FOK-KGI.pdf\">\u00fcgyeleti_rend_2025_FOK KGI<\/a><br \/>\n<\/span><span style=\"font-family: 'pt serif'\">GYTK Kari Gazdas\u00e1gi Igazgat\u00f3s\u00e1g<\/span><\/span><br \/>\n<span style=\"font-size: 14pt\"><span style=\"font-family: 'pt serif'\"><a href=\"https:\/\/semmelweis.hu\/kontrolling\/files\/2025\/12\/ugyeleti_rend_2025_GyTK-KGI.pdf\">\u00fcgyeleti_rend_2025_GyTK KGI<\/a><br \/>\n<\/span><span style=\"font-family: 'pt serif'\">PAK Kari Gazdas\u00e1gi Igazgat\u00f3s\u00e1g<\/span><\/span><br \/>\n<span style=\"font-size: 14pt\"><span style=\"font-family: 'pt serif'\"><a href=\"https:\/\/semmelweis.hu\/kontrolling\/files\/2025\/12\/ugyeleti_rend_2025_PAK-KGI.pdf\">\u00fcgyeleti_rend_2025_PAK KGI<\/a><br \/>\n<\/span><span style=\"font-family: 'pt serif'\">Doktori Iskola Gazdas\u00e1gi Hivatala<\/span><\/span><br \/>\n<span style=\"font-size: 14pt\"><span style=\"font-family: 'pt serif'\"><a href=\"https:\/\/semmelweis.hu\/kontrolling\/files\/2025\/12\/ugyeleti_rend_2025_DIGH-GH.pdf\">\u00fcgyeleti_rend_2025_DIGH GH<\/a><br \/>\n<\/span><span style=\"font-family: 'pt serif'\">Koll\u00e9giumok Igazgat\u00f3s\u00e1g\u00e1nak Gazdas\u00e1gi Hivatala<\/span><\/span><br \/>\n<span style=\"font-size: 14pt\"><span style=\"font-family: 'pt serif'\"><a href=\"https:\/\/semmelweis.hu\/kontrolling\/files\/2025\/12\/ugyeleti_rend_2025_Kollegium-GH.pdf\">\u00fcgyeleti_rend_2025_Koll\u00e9gium GH<\/a><br \/>\n<\/span><span style=\"font-family: 'pt serif'\">K\u00f6zponti K\u00f6nyvt\u00e1r Gazdas\u00e1gi Hivatala<\/span><\/span><br \/>\n<span style=\"font-size: 14pt\"><span style=\"font-family: 'pt serif'\"><a href=\"https:\/\/semmelweis.hu\/kontrolling\/files\/2025\/12\/ugyeleti_rend_2025_KONYVTAR-GH.pdf\">\u00fcgyeleti_rend_2025_K\u00d6NYVT\u00c1R GH<\/a><br \/>\n<\/span><span style=\"font-family: 'pt serif'\">Nemzetk\u00f6zi Hallgat\u00f3k K\u00e9pz\u00e9seinek K\u00f6zpontja Gazdas\u00e1gi Hivatala<\/span><\/span><br \/>\n<span style=\"font-size: 14pt\"><span style=\"font-family: 'pt serif'\"><a href=\"https:\/\/semmelweis.hu\/kontrolling\/files\/2025\/12\/ugyeleti_rend_2025_NHKK-GH.pdf\">\u00fcgyeleti_rend_2025_NHKK GH<\/a><br \/>\n<\/span><span style=\"font-family: 'pt serif'\">Szak- \u00e9s Tov\u00e1bbk\u00e9pz\u00e9si K\u00f6zpont Gazdas\u00e1gi Hivatala<\/span><\/span><br \/>\n<span style=\"font-size: 14pt\"><span style=\"font-family: 'pt serif'\"><a href=\"https:\/\/semmelweis.hu\/kontrolling\/files\/2025\/12\/ugyeleti_rend_2025_SZTO_SZII-GH.pdf\">\u00fcgyeleti_rend_2025_SZTO_SZII GH<\/a><br \/>\n<\/span><span style=\"font-family: 'pt serif'\">Testnevel\u00e9si \u00e9s Sportk\u00f6zpont Gazdas\u00e1gi Hivatala<\/span><\/span><br \/>\n<span style=\"font-family: 'pt serif';font-size: 14pt\"><a href=\"https:\/\/semmelweis.hu\/kontrolling\/files\/2025\/12\/ugyeleti_rend_2025_TSK-GH.pdf\">\u00fcgyeleti_rend_2025_TSK GH<\/a><\/p>\n<p><\/span><\/h6>\n","protected":false},"excerpt":{"rendered":"<p>Kedves Koll\u00e9g\u00e1k! Mindenkinek b\u00e9k\u00e9s, boldog kar\u00e1csonyi \u00fcnnepeket \u00e9s eredm\u00e9nyekben gazdag \u00faj esztend\u0151t k\u00edv\u00e1nunk. \u00dcdv\u00f6zlettel: K\u00f6lts\u00e9gvet\u00e9si \u00e9s Kontrolling F\u0151igazgat\u00f3s\u00e1g munkat\u00e1rsai A K\u00f6lts\u00e9gvet\u00e9si \u00e9s Kontrolling F\u0151igazgat\u00f3s\u00e1g szervezeti egys\u00e9geiben a 2025. december 22. \u00e9s 2026. janu\u00e1r 4. k\u00f6z\u00f6tti id\u0151szakban az \u00fcgyeleti rend az al\u00e1bbiak szerint alakul: Eg\u00e9szs\u00e9g\u00fcgyi H\u00e1l\u00f3zat-ir\u00e1ny\u00edt\u00e1si Igazgat\u00f3s\u00e1g <a href=\"https:\/\/semmelweis.hu\/kontrolling\/files\/2025\/12\/Egeszsegugyi-Halozat_2025-ugyelet.pdf\">Eg\u00e9szs\u00e9g\u00fcgyi H\u00e1l\u00f3zat_2025 \u00fcgyelet<\/a> Amerikai \u00fati Klinikai T\u00f6mbigazgat\u00f3s\u00e1g <a href=\"https:\/\/semmelweis.hu\/kontrolling\/files\/2025\/12\/Amerikai-uti-Klinikai-Tomb_2025-ugyelet.pdf\">Amerikai \u00fati Klinikai T\u00f6mb_2025 \u00fcgyelet<\/a> Bels\u0151 Klinikai T\u00f6mbigazgat\u00f3s\u00e1g <a href=\"https:\/\/semmelweis.hu\/kontrolling\/files\/2025\/12\/Belso-Klinikai-Tomb_2025-ugyelet.pdf\">Bels\u0151 Klinikai T\u00f6mb_2025 \u00fcgyelet<\/a> Corvin-negyedi Klinikai &hellip;<\/p>\n","protected":false},"author":102400,"featured_media":0,"parent":0,"menu_order":0,"comment_status":"closed","ping_status":"closed","template":"","meta":{"_acf_changed":false,"footnotes":""},"categories":[],"tags":[],"class_list":["post-94033","page","type-page","status-publish","hentry"],"acf":[],"_links":{"self":[{"href":"https:\/\/semmelweis.hu\/kontrolling\/wp-json\/wp\/v2\/pages\/94033","targetHints":{"allow":["GET"]}}],"collection":[{"href":"https:\/\/semmelweis.hu\/kontrolling\/wp-json\/wp\/v2\/pages"}],"about":[{"href":"https:\/\/semmelweis.hu\/kontrolling\/wp-json\/wp\/v2\/types\/page"}],"author":[{"embeddable":true,"href":"https:\/\/semmelweis.hu\/kontrolling\/wp-json\/wp\/v2\/users\/102400"}],"replies":[{"embeddable":true,"href":"https:\/\/semmelweis.hu\/kontrolling\/wp-json\/wp\/v2\/comments?post=94033"}],"version-history":[{"count":10,"href":"https:\/\/semmelweis.hu\/kontrolling\/wp-json\/wp\/v2\/pages\/94033\/revisions"}],"predecessor-version":[{"id":94088,"href":"https:\/\/semmelweis.hu\/kontrolling\/wp-json\/wp\/v2\/pages\/94033\/revisions\/94088"}],"wp:attachment":[{"href":"https:\/\/semmelweis.hu\/kontrolling\/wp-json\/wp\/v2\/media?parent=94033"}],"wp:term":[{"taxonomy":"category","embeddable":true,"href":"https:\/\/semmelweis.hu\/kontrolling\/wp-json\/wp\/v2\/categories?post=94033"},{"taxonomy":"post_tag","embeddable":true,"href":"https:\/\/semmelweis.hu\/kontrolling\/wp-json\/wp\/v2\/tags?post=94033"}],"curies":[{"name":"wp","href":"https:\/\/api.w.org\/{rel}","templated":true}]}}