{"id":10,"date":"2012-01-29T12:12:45","date_gmt":"2012-01-29T11:12:45","guid":{"rendered":"http:\/\/semmelweis-egyetem.hu\/kontrolling\/?page_id=10"},"modified":"2026-01-14T13:55:51","modified_gmt":"2026-01-14T12:55:51","slug":"tervezo-elemzo-osztaly","status":"publish","type":"page","link":"https:\/\/semmelweis.hu\/kontrolling\/szervezeti-egysegek\/kontrolling-igazgatosag\/tervezo-elemzo-osztaly\/","title":{"rendered":"Tervez\u0151-elemz\u0151 Oszt\u00e1ly"},"content":{"rendered":"<h5><span style=\"color: #000000\">Oszt\u00e1lyvezet\u0151: Debreceni M\u00e1ria<\/span><\/h5>\n<h5>Az oszt\u00e1ly feladatai:\u00a0<\/h5>\n<ul>\n<li style=\"text-align: justify\">Kialak\u00edtja, m\u0171k\u00f6dteti \u00e9s folyamatosan karbantartja az Egyetem tervez\u00e9si, besz\u00e1mol\u00e1si rendszer\u00e9t.<\/li>\n<li style=\"text-align: justify\">R\u00e9szt vesz az Egyetem \u00e9ves vezet\u0151i k\u00f6lts\u00e9gvet\u00e9s\u00e9nek elk\u00e9sz\u00edt\u00e9s\u00e9ben, amelynek keret\u00e9ben szervezeti \u00e9s \u00fczlet\u00e1gi szinten t\u00f6rt\u00e9nik az \u00e9ves tervez\u00e9s.<\/li>\n<li class=\"x_MsoNormal\" style=\"text-align: justify\" data-olk-copy-source=\"MessageBody\">R\u00e9szt vesz az Egyetem forecast riportj\u00e1nak elk\u00e9sz\u00edt\u00e9s\u00e9ben, amelynek keret\u00e9ben szervezeti \u00e9s \u00fczlet\u00e1gi szinten t\u00f6rt\u00e9nik az \u00e9ves v\u00e1rhat\u00f3 k\u00f6lts\u00e9g \u00e9s bev\u00e9tel el\u0151rejelz\u00e9s.<\/li>\n<li class=\"x_text\" style=\"text-align: justify\" data-ogsc=\"\"><span data-ogsc=\"\">R\u00e9szt vesz a SAP rendszerb\u0151l el\u0151\u00e1ll\u00edtand\u00f3 riportok l\u00e9trehoz\u00e1s\u00e1ban, az adatok riportol\u00e1s\u00e1ban, a vezet\u0151i inform\u00e1ci\u00f3s fel\u00fclet (Power BI) aktualiz\u00e1l\u00e1s\u00e1ban, vezet\u0151i riportok \u00f6ssze\u00e1ll\u00edt\u00e1s\u00e1ban.<\/span><\/li>\n<li style=\"text-align: justify\">Rendszeres id\u0151k\u00f6z\u00f6nk\u00e9nt riportot k\u00e9sz\u00edt a vezet\u0151i k\u00f6lts\u00e9gvet\u00e9s strukt\u00far\u00e1j\u00e1ban a terv teljes\u00fcl\u00e9s\u00e9r\u0151l, elemz\u00e9st k\u00e9sz\u00edt a tervt\u0151l val\u00f3 elt\u00e9r\u00e9s okaira.<\/li>\n<li style=\"text-align: justify\">Adatot szolg\u00e1ltat a k\u00e9pz\u00e9sek el\u0151 \u00e9s ut\u00f3kalkul\u00e1ci\u00f3j\u00e1hoz, az elk\u00e9sz\u00fclt kimutat\u00e1sokat ellen\u0151rzi \u00e9s v\u00e9lem\u00e9nyezi.<\/li>\n<li style=\"text-align: justify\">Nyomon k\u00f6veti a vezet\u0151i k\u00f6lts\u00e9gvet\u00e9sben elfogadott bels\u0151 szolg\u00e1ltat\u00f3k elsz\u00e1mol\u00f3 \u00e1rainak t\u00e9nyleges alakul\u00e1s\u00e1t, elemzi az elt\u00e9r\u00e9s okait.<\/li>\n<li style=\"text-align: justify\">Havi rendszeress\u00e9ggel kimutat\u00e1st k\u00e9sz\u00edt a NEAK bev\u00e9telekr\u0151l \u00e9s teljes\u00edtm\u00e9nyekr\u0151l, felh\u00edvja a figyelmet a tervt\u0151l val\u00f3 elt\u00e9r\u00e9sekre.<\/li>\n<li style=\"text-align: justify\">Havi rendszeress\u00e9ggel begy\u0171jti \u00e9s ellen\u0151rzi a gazdas\u00e1gi \u00e9s m\u0171szaki szolg\u00e1ltat\u00e1sok kiterhel\u00e9s\u00e9hez sz\u00fcks\u00e9ges adatokat.<\/li>\n<li style=\"text-align: justify\">Elemz\u00e9sekkel, d\u00f6nt\u00e9s el\u0151k\u00e9sz\u00edt\u0151 anyagokkal el\u0151seg\u00edti a fels\u0151vezet\u0151k, vezet\u0151k munk\u00e1j\u00e1t.<\/li>\n<li style=\"text-align: justify\">A hat\u00e9kony egy\u00fcttm\u0171k\u00f6d\u00e9s \u00e9rdek\u00e9ben folyamatos szakmai kapcsolatot tart fenn a szervezeti egys\u00e9gek gazdas\u00e1gi munkat\u00e1rsaival.<\/li>\n<\/ul>\n","protected":false},"excerpt":{"rendered":"<p>Oszt\u00e1lyvezet\u0151: Debreceni M\u00e1ria Az oszt\u00e1ly feladatai:\u00a0 Kialak\u00edtja, m\u0171k\u00f6dteti \u00e9s folyamatosan karbantartja az Egyetem tervez\u00e9si, besz\u00e1mol\u00e1si rendszer\u00e9t. R\u00e9szt vesz az Egyetem \u00e9ves vezet\u0151i k\u00f6lts\u00e9gvet\u00e9s\u00e9nek elk\u00e9sz\u00edt\u00e9s\u00e9ben, amelynek keret\u00e9ben szervezeti \u00e9s \u00fczlet\u00e1gi szinten t\u00f6rt\u00e9nik az \u00e9ves tervez\u00e9s. R\u00e9szt vesz az Egyetem forecast riportj\u00e1nak elk\u00e9sz\u00edt\u00e9s\u00e9ben, amelynek keret\u00e9ben szervezeti \u00e9s \u00fczlet\u00e1gi szinten t\u00f6rt\u00e9nik az \u00e9ves v\u00e1rhat\u00f3 k\u00f6lts\u00e9g \u00e9s bev\u00e9tel el\u0151rejelz\u00e9s. &hellip;<\/p>\n","protected":false},"author":8,"featured_media":0,"parent":326,"menu_order":3,"comment_status":"closed","ping_status":"closed","template":"template-fullwidth.php","meta":{"_acf_changed":false,"footnotes":""},"categories":[],"tags":[],"class_list":["post-10","page","type-page","status-publish","hentry"],"acf":[],"_links":{"self":[{"href":"https:\/\/semmelweis.hu\/kontrolling\/wp-json\/wp\/v2\/pages\/10","targetHints":{"allow":["GET"]}}],"collection":[{"href":"https:\/\/semmelweis.hu\/kontrolling\/wp-json\/wp\/v2\/pages"}],"about":[{"href":"https:\/\/semmelweis.hu\/kontrolling\/wp-json\/wp\/v2\/types\/page"}],"author":[{"embeddable":true,"href":"https:\/\/semmelweis.hu\/kontrolling\/wp-json\/wp\/v2\/users\/8"}],"replies":[{"embeddable":true,"href":"https:\/\/semmelweis.hu\/kontrolling\/wp-json\/wp\/v2\/comments?post=10"}],"version-history":[{"count":11,"href":"https:\/\/semmelweis.hu\/kontrolling\/wp-json\/wp\/v2\/pages\/10\/revisions"}],"predecessor-version":[{"id":93996,"href":"https:\/\/semmelweis.hu\/kontrolling\/wp-json\/wp\/v2\/pages\/10\/revisions\/93996"}],"up":[{"embeddable":true,"href":"https:\/\/semmelweis.hu\/kontrolling\/wp-json\/wp\/v2\/pages\/326"}],"wp:attachment":[{"href":"https:\/\/semmelweis.hu\/kontrolling\/wp-json\/wp\/v2\/media?parent=10"}],"wp:term":[{"taxonomy":"category","embeddable":true,"href":"https:\/\/semmelweis.hu\/kontrolling\/wp-json\/wp\/v2\/categories?post=10"},{"taxonomy":"post_tag","embeddable":true,"href":"https:\/\/semmelweis.hu\/kontrolling\/wp-json\/wp\/v2\/tags?post=10"}],"curies":[{"name":"wp","href":"https:\/\/api.w.org\/{rel}","templated":true}]}}