{"id":1527,"date":"2016-10-04T11:39:39","date_gmt":"2016-10-04T09:39:39","guid":{"rendered":"http:\/\/semmelweis.hu\/kollegiumok\/?page_id=1527"},"modified":"2024-01-29T11:46:17","modified_gmt":"2024-01-29T10:46:17","slug":"alapszolgaltatasok-a-noverszallon","status":"publish","type":"page","link":"https:\/\/semmelweis.hu\/kollegiumok\/noverszallo\/alapszolgaltatasok-a-noverszallon\/","title":{"rendered":"Alapszolg\u00e1ltat\u00e1sok a N\u0151v\u00e9rsz\u00e1ll\u00f3n"},"content":{"rendered":"<p style=\"text-align: center\"><strong>A N\u0150V\u00c9RSZ\u00c1LL\u00d3BAN A RENDELTET\u00c9SSZER\u0170 HASZN\u00c1LATOT BIZTOS\u00cdT\u00d3 ALAPSZOLG\u00c1LTAT\u00c1SOK<br \/>\n<\/strong>(vonatkoz\u00f3 korm\u00e1nyrendelet szerint)<\/p>\n<p><strong>T\u00e1rgyi felt\u00e9telk\u00e9nt biztos\u00edtand\u00f3<\/strong><\/p>\n<ul>\n<li><strong>f\u00e9r\u0151helyenk\u00e9nt:<\/strong>\n<ul>\n<li>minimum 5 m2 nett\u00f3 lak\u00f3ter\u00fclet;<\/li>\n<li>nemek szerint elk\u00fcl\u00f6n\u00edtett lak\u00f3helyis\u00e9gek;<\/li>\n<li>1 \u00e1gy, (m\u00e9rete legal\u00e1bb 90X200 cm), \u00e1gybet\u00e9ttel, p\u00e1rn\u00e1val, takar\u00f3val felszerelt;<\/li>\n<li>fekv\u0151helysz\u00e1mnak megfelel\u0151 sz\u00e9k, legal\u00e1bb egy asztal, f\u00e9r\u0151helyenk\u00e9nt egy 60&#215;60 cm alapter\u00fclet\u0171 ruh\u00e1sszekr\u00e9ny-egys\u00e9g \u00e9s egy \u00e9jjeliszekr\u00e9ny\/falipolc;<\/li>\n<li>szob\u00e1nk\u00e9nt legal\u00e1bb egy k\u00f6zponti (mennyezeti) l\u00e1mpa (vil\u00e1g\u00edt\u00f3test);<\/li>\n<li>\u00e1gynem\u0171-biztos\u00edt\u00e1s;<\/li>\n<li>ig\u00e9ny eset\u00e9n legal\u00e1bb k\u00e9thetente, \u00faj vend\u00e9g eset\u00e9n k\u00f6telez\u0151 az \u00e1gynem\u0171csere;<\/li>\n<\/ul>\n<\/li>\n<li>Az orsz\u00e1gos telep\u00fcl\u00e9srendez\u00e9si \u00e9s \u00e9p\u00edt\u00e9si k\u00f6vetelm\u00e9nyekr\u0151l sz\u00f3l\u00f3 253\/1997. (XII. 20.) Korm. rendelet (OT\u00c9K) szerinti<strong> f\u00fcrd\u0151helyis\u00e9g, illemhely, felvon\u00f3, lift, parkol\u00f3.<\/strong><\/li>\n<li><strong>A f\u0151z\u00e9si \u00e9s \u00e9telmeleg\u00edt\u00e9si \u00e9s t\u00e1rol\u00e1si lehet\u0151s\u00e9g biztos\u00edt\u00e1sa:<\/strong>\n<ul>\n<li>konyha\/\u00e9tkez\u0151 helyis\u00e9g berendez\u00e9se, felszerelts\u00e9ge: szintenk\u00e9nt, 25 f\u00e9r\u0151helyenk\u00e9nt egy f\u0151z\u0151lap \u00e9s 50 f\u00e9r\u0151helyenk\u00e9nt egy k\u00e9tr\u00e9szes mosogat\u00f3, legal\u00e1bb egy asztal \u00e9s egy konyhaszekr\u00e9ny\/t\u00e1rol\u00f3polc;<\/li>\n<li>t\u00e1rol\u00e1si lehet\u0151s\u00e9g f\u00e9r\u0151helyenk\u00e9nt legal\u00e1bb 0,27m3 t\u00e9rfogategys\u00e9g\u0171 \u00e9lelmiszer-t\u00e1rol\u00f3 rekeszben \u00e9s 50 f\u00e9r\u0151helyenk\u00e9nt egy h\u0171t\u0151szekr\u00e9nyben;<\/li>\n<\/ul>\n<\/li>\n<li>csomagt\u00e1rol\u00e1si lehet\u0151s\u00e9g k\u00fcl\u00f6n z\u00e1rhat\u00f3 helyis\u00e9gben;<\/li>\n<li>f\u0171t\u00e9s, f\u0171t\u00e9si id\u0151szakban legal\u00e1bb 20 \u00b0C h\u0151m\u00e9rs\u00e9klet;<\/li>\n<li>meleg v\u00edz biztos\u00edt\u00e1sa:\n<ul>\n<li>f\u00e9r\u0151helyenk\u00e9nt legal\u00e1bb 50 liter\/nap mennyis\u00e9ggel sz\u00e1molva,<\/li>\n<\/ul>\n<\/li>\n<li>v\u00edzell\u00e1t\u00e1s biztos\u00edt\u00e1sa:\n<ul>\n<li>f\u00e9r\u0151helyenk\u00e9nt legal\u00e1bb 120 liter\/nap mennyis\u00e9ggel sz\u00e1molva,<\/li>\n<\/ul>\n<\/li>\n<li>mos\u00e1si \u00e9s vasal\u00e1si lehet\u0151s\u00e9g biztos\u00edt\u00e1sa:\n<ul>\n<li>100 f\u0151re legal\u00e1bb 1 darab 5 kg ruha mos\u00f3teljes\u00edtm\u00e9ny\u0171 automata mos\u00f3g\u00e9p \u00e9s legal\u00e1bb egy vasal\u00f3\u00e1llv\u00e1ny,<\/li>\n<\/ul>\n<\/li>\n<li>50 f\u0151 feletti sz\u00e1ll\u00e1shelyen nappali tart\u00f3zkod\u00f3 helyis\u00e9g;<\/li>\n<li>a szob\u00e1kban a h\u0171t\u0151g\u00e9pek, hajsz\u00e1r\u00edt\u00f3k \u00e9s a 200 watt teljes\u00edtm\u00e9ny alatti elektromos teljes\u00edtm\u00e9ny\u0171 nem h\u0151fejleszt\u0151 eszk\u00f6z\u00f6k (TV, k\u00e1v\u00e9- \u00e9s teaf\u0151z\u0151, sz\u00f3rakoztat\u00f3 elektronikai eszk\u00f6z\u00f6k, kis fogyaszt\u00e1s\u00fa h\u00e1ztart\u00e1si eszk\u00f6z\u00f6k) ell\u00e1t\u00e1s\u00e1ra alkalmas elektromos h\u00e1l\u00f3zat,<\/li>\n<li>k\u00f6nnyen tiszt\u00edthat\u00f3 padl\u00f3burkolat,<\/li>\n<li>\u00e9vi k\u00e9t alkalommal a N\u0151v\u00e9rsz\u00e1ll\u00f3 nagytakar\u00edt\u00e1s\u00e1nak biztos\u00edt\u00e1sa,<\/li>\n<li>a k\u00f6z\u00f6s haszn\u00e1lat\u00fa, tov\u00e1bb\u00e1 a f\u00fcrd\u0151- \u00e9s illemhelyis\u00e9gek napi (munkanap) takar\u00edt\u00e1sa,<\/li>\n<li>k\u00e9t\u00e9vente az eg\u00e9szs\u00e9g\u00fcgyi, f\u00fcrd\u0151- \u00e9s illemhelyis\u00e9gek higi\u00e9niai fest\u00e9se,<\/li>\n<li>sz\u00fcks\u00e9g szerint, de \u00e9vente legal\u00e1bb egy alkalommal az \u00e9p\u00fclet rovar- \u00e9s k\u00e1rtev\u0151-mentes\u00edt\u00e9se;<\/li>\n<li>24 \u00f3r\u00e1s portaszolg\u00e1lat, az \u00e9jszakai bej\u00e1r\u00e1s lehet\u0151s\u00e9g\u00e9nek biztos\u00edt\u00e1s\u00e1val;<\/li>\n<li>t\u00e1j\u00e9koztat\u00e1s a szolg\u00e1ltat\u00e1sokr\u00f3l \u00e9s a menek\u00fcl\u00e9si \u00fatvonalr\u00f3l.<\/li>\n<\/ul>\n<p>&nbsp;<\/p>\n<p>&nbsp;<\/p>\n","protected":false},"excerpt":{"rendered":"<p>A N\u0150V\u00c9RSZ\u00c1LL\u00d3BAN A RENDELTET\u00c9SSZER\u0170 HASZN\u00c1LATOT BIZTOS\u00cdT\u00d3 ALAPSZOLG\u00c1LTAT\u00c1SOK (vonatkoz\u00f3 korm\u00e1nyrendelet szerint) T\u00e1rgyi felt\u00e9telk\u00e9nt biztos\u00edtand\u00f3 f\u00e9r\u0151helyenk\u00e9nt: minimum 5 m2 nett\u00f3 lak\u00f3ter\u00fclet; nemek szerint elk\u00fcl\u00f6n\u00edtett lak\u00f3helyis\u00e9gek; 1 \u00e1gy, (m\u00e9rete legal\u00e1bb 90X200 cm), \u00e1gybet\u00e9ttel, p\u00e1rn\u00e1val, takar\u00f3val felszerelt; fekv\u0151helysz\u00e1mnak megfelel\u0151 sz\u00e9k, legal\u00e1bb egy asztal, f\u00e9r\u0151helyenk\u00e9nt egy 60&#215;60 cm alapter\u00fclet\u0171 ruh\u00e1sszekr\u00e9ny-egys\u00e9g \u00e9s egy \u00e9jjeliszekr\u00e9ny\/falipolc; szob\u00e1nk\u00e9nt legal\u00e1bb egy k\u00f6zponti (mennyezeti) l\u00e1mpa (vil\u00e1g\u00edt\u00f3test); &hellip;<\/p>\n","protected":false},"author":12,"featured_media":0,"parent":486,"menu_order":1,"comment_status":"closed","ping_status":"closed","template":"","meta":{"_acf_changed":false,"footnotes":""},"categories":[],"tags":[],"class_list":["post-1527","page","type-page","status-publish","hentry"],"acf":[],"_links":{"self":[{"href":"https:\/\/semmelweis.hu\/kollegiumok\/wp-json\/wp\/v2\/pages\/1527","targetHints":{"allow":["GET"]}}],"collection":[{"href":"https:\/\/semmelweis.hu\/kollegiumok\/wp-json\/wp\/v2\/pages"}],"about":[{"href":"https:\/\/semmelweis.hu\/kollegiumok\/wp-json\/wp\/v2\/types\/page"}],"author":[{"embeddable":true,"href":"https:\/\/semmelweis.hu\/kollegiumok\/wp-json\/wp\/v2\/users\/12"}],"replies":[{"embeddable":true,"href":"https:\/\/semmelweis.hu\/kollegiumok\/wp-json\/wp\/v2\/comments?post=1527"}],"version-history":[{"count":2,"href":"https:\/\/semmelweis.hu\/kollegiumok\/wp-json\/wp\/v2\/pages\/1527\/revisions"}],"predecessor-version":[{"id":3157,"href":"https:\/\/semmelweis.hu\/kollegiumok\/wp-json\/wp\/v2\/pages\/1527\/revisions\/3157"}],"up":[{"embeddable":true,"href":"https:\/\/semmelweis.hu\/kollegiumok\/wp-json\/wp\/v2\/pages\/486"}],"wp:attachment":[{"href":"https:\/\/semmelweis.hu\/kollegiumok\/wp-json\/wp\/v2\/media?parent=1527"}],"wp:term":[{"taxonomy":"category","embeddable":true,"href":"https:\/\/semmelweis.hu\/kollegiumok\/wp-json\/wp\/v2\/categories?post=1527"},{"taxonomy":"post_tag","embeddable":true,"href":"https:\/\/semmelweis.hu\/kollegiumok\/wp-json\/wp\/v2\/tags?post=1527"}],"curies":[{"name":"wp","href":"https:\/\/api.w.org\/{rel}","templated":true}]}}