{"id":293,"date":"2012-06-12T09:31:31","date_gmt":"2012-06-12T09:31:31","guid":{"rendered":"http:\/\/semmelweis-egyetem.hu\/klinikai-pszichologia\/?page_id=293"},"modified":"2026-08-22T06:08:20","modified_gmt":"2026-08-22T04:08:20","slug":"kutatasi-teruletek","status":"publish","type":"page","link":"https:\/\/semmelweis.hu\/klinikai-pszichologia\/tudomanyos-kutatomunka\/kutatasi-teruletek\/","title":{"rendered":"Aktu\u00e1lis kutat\u00e1si ter\u00fcletek"},"content":{"rendered":"<p style=\"text-align: justify\"><span style=\"font-family: Montserrat;font-size: 14pt\"><strong>Legfrissebb publik\u00e1ci\u00f3k:<\/strong><\/span><\/p>\n<p style=\"text-align: justify\"><span style=\"font-family: Montserrat;font-size: 14pt\">A Klinikai Pszichol\u00f3gia Tansz\u00e9k legfrissebb k\u00f6zlem\u00e9nyei a <a href=\"https:\/\/m2.mtmt.hu\/gui2\/?type=institutes&amp;mode=browse&amp;sel=institutes23849\">Magyar Tudom\u00e1nyos M\u0171vek T\u00e1rh\u00e1z\u00e1<\/a>ban<\/span><\/p>\n<p style=\"text-align: justify\"><span style=\"font-family: Montserrat;font-size: 14pt\"><a href=\"https:\/\/semmelweis.hu\/klinikai-pszichologia\/tudomanyos-kutatomunka\/kutatasi-teruletek\/\"><strong>Aktu\u00e1lis kutat\u00e1si t\u00e9m\u00e1k:<\/strong><\/a><\/span><\/p>\n<ol style=\"text-align: justify\" type=\"1\">\n<li><span style=\"font-family: Montserrat;font-size: 14pt\">N\u0151i reprodukt\u00edv ment\u00e1lis eg\u00e9szs\u00e9g<\/span><\/li>\n<li><span style=\"font-family: Montserrat;font-size: 14pt\">Szem\u00e9lyis\u00e9gzavarok dimenzion\u00e1lis megk\u00f6zel\u00edt\u00e9se<\/span><\/li>\n<li><span style=\"font-family: Montserrat;font-size: 14pt\">Mindfulness<b> <\/b>kutat\u00e1s a klinikumban: fejf\u00e1j\u00e1s, depresszi\u00f3,\u00a0 szoci\u00e1lis szorong\u00e1s<\/span><\/li>\n<li><span style=\"font-family: Montserrat;font-size: 14pt\">Az\u00a0\u00f6ngyilkoss\u00e1gi vesz\u00e9ly\u00e1llapot megel\u0151z\u00e9s\u00e9nek lehet\u0151s\u00e9gei\u00a0<\/span><\/li>\n<li><span style=\"font-family: Montserrat;font-size: 14pt\">Kognit\u00edv pszichoter\u00e1pi\u00e1s csoport hat\u00e9konys\u00e1ga eml\u0151r\u00e1kkal k\u00fczd\u0151 betegek k\u00f6r\u00e9ben (CBT-O\/KLO\u00c9) program hat\u00e9konys\u00e1gvizsg\u00e1lat<\/span><\/li>\n<li><span style=\"font-family: Montserrat;font-size: 14pt\">Az obesitas \u00e9s tests\u00falyprobl\u00e9m\u00e1k pszichol\u00f3gia t\u00e9nyez\u0151inek vizsg\u00e1lata \u00e9s kezel\u00e9si\u00a0lehet\u0151s\u00e9gei.<\/span><\/li>\n<li><span style=\"font-family: Montserrat;font-size: 14pt\">Asszertivit\u00e1s \u00e9s szoci\u00e1lis szorong\u00e1s, alacsony \u00f6n\u00e9rt\u00e9kel\u00e9s<\/span><\/li>\n<\/ol>\n<p style=\"text-align: justify\"><span style=\"font-family: Montserrat\">A <strong>PhD k\u00e9pz\u00e9s<\/strong> a fenti t\u00e9m\u00e1kban, a Semmelweis Egyetem 4. sz. Doktori Tagozat\u00e1ban a \u201eMent\u00e1lis eg\u00e9szs\u00e9gtudom\u00e1nyok\u201d keret\u00e9ben t\u00f6rt\u00e9nik.<\/span><\/p>\n<p style=\"text-align: justify\"><span style=\"font-family: Montserrat\">Tov\u00e1bbi r\u00e9szletek: <a href=\"https:\/\/semmelweis.hu\/phd\/doktori-iskolak\/mentalis-egeszsegtudomanyok\/\">https:\/\/semmelweis.hu\/phd\/doktori-iskolak\/mentalis-egeszsegtudomanyok\/<\/a><\/span><\/p>\n<p style=\"text-align: justify\"><span style=\"font-family: Montserrat\"><a href=\"https:\/\/doktori.hu\/index.php?menuid=191&amp;lang=HU&amp;di_ID=133\">https:\/\/doktori.hu\/index.php?menuid=191&amp;lang=HU&amp;di_ID=133<\/a><\/span><\/p>\n<p style=\"text-align: justify\"><span style=\"font-family: Montserrat\"><div class=\"responsive-tabs\">\n<h2 class=\"tabtitle\">Dimenzion\u00e1lis Szem\u00e9lyis\u00e9gpszichopatol\u00f3gia Kutat\u00f3csoport<\/h2>\n<div class=\"tabcontent\">\n<\/span><\/p>\n<div class=\"entry-content\" style=\"text-align: justify\">\n<div class=\"entry-content\">\n<p><img loading=\"lazy\" decoding=\"async\" class=\"alignnone  wp-image-8208\" src=\"https:\/\/semmelweis.hu\/klinikai-pszichologia\/files\/2026\/08\/Dimenzionalis_Szemelyisegpszichopatologia_Kutatocsoport_logo-1-400x160.png\" alt=\"\" width=\"430\" height=\"172\" srcset=\"https:\/\/semmelweis.hu\/klinikai-pszichologia\/files\/2026\/08\/Dimenzionalis_Szemelyisegpszichopatologia_Kutatocsoport_logo-1-400x160.png 400w, https:\/\/semmelweis.hu\/klinikai-pszichologia\/files\/2026\/08\/Dimenzionalis_Szemelyisegpszichopatologia_Kutatocsoport_logo-1-1024x410.png 1024w, https:\/\/semmelweis.hu\/klinikai-pszichologia\/files\/2026\/08\/Dimenzionalis_Szemelyisegpszichopatologia_Kutatocsoport_logo-1-768x307.png 768w, https:\/\/semmelweis.hu\/klinikai-pszichologia\/files\/2026\/08\/Dimenzionalis_Szemelyisegpszichopatologia_Kutatocsoport_logo-1-1536x614.png 1536w, https:\/\/semmelweis.hu\/klinikai-pszichologia\/files\/2026\/08\/Dimenzionalis_Szemelyisegpszichopatologia_Kutatocsoport_logo-1-2048x819.png 2048w, https:\/\/semmelweis.hu\/klinikai-pszichologia\/files\/2026\/08\/Dimenzionalis_Szemelyisegpszichopatologia_Kutatocsoport_logo-1-753x301.png 753w\" sizes=\"auto, (max-width: 430px) 100vw, 430px\" \/><\/p>\n<h2 style=\"text-align: left\"><span style=\"color: #ff9900\">Dimenzion\u00e1lis Szem\u00e9lyis\u00e9gpszichopatol\u00f3gia Kutat\u00f3csoport<\/span><\/h2>\n<p><span style=\"font-family: Montserrat;font-size: 18pt;color: #000080\"><strong>Kutat\u00e1si t\u00e9m\u00e1k:<\/strong><\/span><\/p>\n<ul>\n<li><span style=\"font-family: Montserrat;font-size: 12pt;color: #000080\">Szem\u00e9lyis\u00e9gzavarok dimenzion\u00e1lis megk\u00f6zel\u00edt\u00e9se<\/span><\/li>\n<li><span style=\"font-family: Montserrat;font-size: 12pt;color: #000080\">A dimenzion\u00e1lis megk\u00f6zel\u00edt\u00e9s modelljeinek \u00f6sszehasonl\u00edt\u00e1sa<\/span><\/li>\n<li><span style=\"font-family: Montserrat;font-size: 12pt;color: #000080\">Szem\u00e9lyis\u00e9gdiszfunkcionalit\u00e1s \u00f6sszef\u00fcgg\u00e9se az \u00e9letmin\u0151s\u00e9ggel, \u00e9rzelemszab\u00e1lyoz\u00e1ssal, szuicid kock\u00e1zattal \u00e9s egy\u00e9b pszichol\u00f3giai folyamatokkal<\/span><\/li>\n<\/ul>\n<p><span style=\"font-family: Montserrat;font-size: 18pt;color: #000080\"><strong>A kutat\u00f3csoport tagjai<\/strong><\/span><\/p>\n<ul>\n<li><span style=\"font-family: Montserrat;font-size: 12pt;color: #000080\"><strong>Dr. Gonda X\u00e9nia<\/strong> habilit\u00e1lt egyetemi docens, klinikai szakpszichol\u00f3gus, pszichoterapeuta<\/span><\/li>\n<li><span style=\"font-family: Montserrat;font-size: 12pt;color: #000080\"><strong>Dr. Szab\u00f3 Brigitta<\/strong> klinikai gyermek szakpszichol\u00f3gus rezidens<\/span><\/li>\n<li><span style=\"font-family: Montserrat;font-size: 12pt;color: #000080\"><strong>Elek L\u00edvia Priyanka<\/strong> klinikai szakpszichol\u00f3gus<\/span><\/li>\n<li><span style=\"font-family: Montserrat;font-size: 12pt;color: #000080\"><strong>Vadon Nikolett Be\u00e1ta<\/strong>\u00a0klinikai szakpszichol\u00f3gus<\/span><\/li>\n<li><span style=\"font-family: Montserrat;font-size: 12pt;color: #000080\"><strong>Szekeres Tam\u00e1s<\/strong> klinikai szakpszichol\u00f3gus<\/span><\/li>\n<li><span style=\"font-family: Montserrat;font-size: 12pt;color: #000080\"><strong>Adorj\u00e1ni Tomay<\/strong> orvostanhallgat\u00f3, TDK hallgat\u00f3<\/span><\/li>\n<li><span style=\"font-family: Montserrat;font-size: 12pt;color: #000080\"><strong>Pribula Vikt\u00f3ria<\/strong> klinikai szakpszichol\u00f3gus rezidens, PhD hallgat\u00f3<\/span><\/li>\n<li><span style=\"font-family: Montserrat;font-size: 12pt;color: #000080\"><strong>Doszpoly Anna Esztella<\/strong> klinikai szakpszichol\u00f3gus rezidens, PhD hallgat\u00f3<\/span><\/li>\n<li><span style=\"font-family: Montserrat;font-size: 12pt;color: #000080\"><strong>Heged\u0171s Anna<\/strong> klinikai gyermek szakpszichol\u00f3gus rezidens, PhD hallgat\u00f3<\/span><\/li>\n<li><span style=\"font-family: Montserrat;font-size: 12pt;color: #000080\"><strong>Moln\u00e1r Evelin<\/strong> pszichol\u00f3gus, PhD hallgat\u00f3<\/span><\/li>\n<li><span style=\"font-family: Montserrat;font-size: 12pt;color: #000080\"><strong>Hossz\u00fa M\u00e1t\u00e9<\/strong> pszichol\u00f3gus<\/span><\/li>\n<\/ul>\n<p><span style=\"font-size: 18pt;color: #000080\"><strong><span style=\"font-family: Montserrat\">Publik\u00e1ci\u00f3k, poszterek, el\u0151ad\u00e1sok:<\/span><\/strong><\/span><\/p>\n<\/div>\n<\/div>\n<ul>\n<li><span style=\"font-family: Montserrat;font-size: 12pt;color: #000080\">Pribula V, Kiraly L, Pongracz F, Biliczki J, Kovacs D, Ruscsak P, Szocs H, Vadon NB, Vizin G, Gonda X: Effect of personality dysfunction severity, maladaptive schemas, resilience, and coping strategies on quality of life during treatment of personality disorders, Neuroscience Applied, Volume 2, Supplement 2, 2023, <a href=\"https:\/\/doi.org\/10.1016\/j.nsa.2023.102491\">https:\/\/doi.org\/10.1016\/j.nsa.2023.102491<\/a><\/span><\/li>\n<li><span style=\"font-family: Montserrat;font-size: 12pt;color: #000080\">Ruscsak P, Pribula V, Renko TA, Elek LP, Pinter JN, Vizin G, Gonda X: Revealing stigmatization associated with personality disorders to improve well-being of patients: a study with quantitative methods and interpretative phenomenological analysis, Neuroscience Applied, Volume 3, Supplement 2, 2024, <a href=\"https:\/\/doi.org\/10.1016\/j.nsa.2024.104587\">https:\/\/doi.org\/10.1016\/j.nsa.2024.104587<\/a><\/span><\/li>\n<li><span style=\"font-family: Montserrat;font-size: 12pt;color: #000080\">Pribula V, Elek LP, Renko TA, Ruscsak P, Dobos D, Kiraly L, Pongracz F, Erdelyi-Hamza B, Vizin G, Gonda X: Exploring the relationship between level of personality functioning and quality of life in personality disorders: research plan and pilot results, Neuroscience Applied, Volume 3, Supplement 2, 2024, <a href=\"https:\/\/doi.org\/10.1016\/j.nsa.2024.104213\">https:\/\/doi.org\/10.1016\/j.nsa.2024.104213<\/a><\/span><\/li>\n<li><span style=\"font-family: Montserrat;font-size: 12pt;color: #000080\">Gubanyi S, Pribula V, Szalontai E, Elek LP, Pongracz F, Ruscsak P, Sandor F, Adorjani T, Gonda X, Vizin G, Szocs H: The role of internalised stigma and chronic shame in personality functioning among patients with personality disorders, Neuroscience Applied, Volume 5, Supplement 1, 2026, <a href=\"https:\/\/doi.org\/10.1016\/j.nsa.2025.106674\">https:\/\/doi.org\/10.1016\/j.nsa.2025.106674<\/a><\/span><\/li>\n<li><span style=\"font-family: Montserrat;font-size: 12pt;color: #000080\">Elek LP, Pribula V, Szekeres T, Renko TA, Vadon NB, Erdelyi-Hamza B, Gonda X: Associations between SCID-5-PD, SCID-5-AMPD, PID-5 and the Young Schema Questionnaire in a Hungarian psychiatric inpatient sample, Neuroscience Applied, Volume 3, Supplement 2, 2024, <a href=\"https:\/\/doi.org\/10.1016\/j.nsa.2024.104589\">https:\/\/doi.org\/10.1016\/j.nsa.2024.104589<\/a>.<\/span><\/li>\n<li><span style=\"font-family: Montserrat;font-size: 12pt;color: #000080\">Pribula V, Elek LP, Renko TA, Ruscsak P, Dobos D, Kiraly L, Pongracz F, Erdelyi-Hamza B, Vizin G, Gonda X: Examining the relationship between personality functioning and specific early maladaptive schema domains in individuals with personality disorders, Neuroscience Applied, Volume 3, Supplement 2, 2024, <a href=\"https:\/\/doi.org\/10.1016\/j.nsa.2024.104975\">https:\/\/doi.org\/10.1016\/j.nsa.2024.104975<\/a><\/span><\/li>\n<li><span style=\"font-family: Montserrat;font-size: 12pt;color: #000080\">Adorj\u00e1ni, Tomay, Pribula, Vikt\u00f3ria, Ruscs\u00e1k, P\u00e9ter, Pongr\u00e1cz, Fanni, Gub\u00e1nyi, S\u00e1ra, S\u00e1ndor, Fanni, Fejes, Zs\u00f3fia, Sz\u00e1nt\u00f3, Lili, Gonda, X\u00e9nia: Diagnosztikus egyez\u00e9s \u00e9s elt\u00e9r\u00e9sek a SCID-5-PD \u00e9s a SCID-5-AMPD III. modul k\u00f6z\u00f6tt: szem\u00e9lyis\u00e9gzavarok kategori\u00e1lis \u00e9s dimenzion\u00e1lis megk\u00f6zel\u00edt\u00e9s\u00e9nek \u00f6sszehasonl\u00edt\u00e1sa, Psychiatria Hungarica 41: Supplementum I. pp. 129-129. , 1 p. (2026)<\/span><\/li>\n<li><span style=\"font-family: Montserrat;font-size: 12pt;color: #000080\">Adorj\u00e1ni, Tomay, Pribula, Vikt\u00f3ria, Ruscs\u00e1k, P\u00e9ter, Pongr\u00e1cz, Fanni, Gub\u00e1nyi, S\u00e1ra, S\u00e1ndor, Fanni, Fejes, Zs\u00f3fia, Sz\u00e1nt\u00f3, Lili, Kundr\u00e1k, Vill\u0151, Elek, L\u00edvia Priyanka, Gonda X: Szem\u00e9lyis\u00e9gzavarok \u00e9s maladapt\u00edv megk\u00fczd\u00e9si m\u00f3dok \u00f6sszef\u00fcgg\u00e9seinek vizsg\u00e1lata: P11. (2025), XXI. Magyar Neuropszichofarmakol\u00f3giai Kongresszus, 2025. okt\u00f3ber 2-4., Balatonf\u00fcred. Poszter P11.<\/span><\/li>\n<li><span style=\"font-family: Montserrat;font-size: 12pt;color: #000080\">Ruscs\u00e1k, P\u00e9ter, Gonda, X\u00e9nia, Pint\u00e9r, Judit N\u00f3ra: Borderline szem\u00e9lyis\u00e9gzavarral \u00e9l\u0151k pszichi\u00e1triai tapasztalata \u00e9s a diagn\u00f3zisnak val\u00f3 \u00e9rtelemad\u00e1s folyamata. ALKALMAZOTT PSZICHOL\u00d3GIA 26 : 4 pp. 59-80., (2024)<\/span><\/li>\n<li><span style=\"font-family: Montserrat;font-size: 12pt;color: #000080\">Ruscs\u00e1k, P\u00e9ter, Pribula, Vikt\u00f3ria, Renk\u00f3, Tamara Anik\u00f3, Elek, L\u00edvia Priyanka, Pint\u00e9r, Judit N\u00f3ra, Vizin, Gabriella, Gonda, X\u00e9nia: \u00d6nstigmatiz\u00e1ci\u00f3 hat\u00e1sainak \u00e9s h\u00e1tt\u00e9rt\u00e9nyez\u0151inek felt\u00e1r\u00e1sa szem\u00e9lyis\u00e9gzavarral \u00e9l\u0151 betegekn\u00e9l: kvantitat\u00edv \u00e9s interpretat\u00edv fenomenol\u00f3giai elemz\u00e9s (2024) Poszter a XX. Magyar Neuropszichofarmakol\u00f3giai Kongresszuson. Balatonf\u00fcred, 2024. okt\u00f3ber 3-5.,<\/span><\/li>\n<li><span style=\"font-family: Montserrat;font-size: 12pt;color: #000080\">Gub\u00e1nyi, S\u00e1ra, Pribula, Vikt\u00f3ria, Elek, L\u00edvia Priyanka, Pongr\u00e1cz, Fanni, Ruscs\u00e1k, P\u00e9ter, Sz\u0151cs, Henrietta, Vizin, Gabriella, Gonda, X\u00e9nia: Az internaliz\u00e1lt stigma \u00e9s a kr\u00f3nikus sz\u00e9gyen hat\u00e1sa a szem\u00e9lyis\u00e9gfunkci\u00f3k m\u0171k\u00f6d\u00e9s\u00e9re szem\u00e9lyis\u00e9gzavarban szenved\u0151 p\u00e1ciensek k\u00f6r\u00e9ben, Psychiatria Hungarica 40 : Suppl. 1. p. 104 (2025)<\/span><\/li>\n<li><span style=\"font-family: Montserrat;font-size: 12pt;color: #000080\">Biliczki, Judit, Kir\u00e1ly, Lilien, Pribula, Vikt\u00f3ria, Pongr\u00e1cz, Fanni, Kov\u00e1cs, Dorka, Ruscs\u00e1k, P\u00e9ter, Vadon, Nikolett Be\u00e1ta, Erd\u00e9lyi, Hamza Berta, Renk\u00f3, Tamara, Sz\u0151cs, Gonda X\u00e9nia: Szem\u00e9lyis\u00e9gzavarok t\u00f6bbir\u00e1ny\u00fa vizsg\u00e1lata k\u00fcl\u00f6nb\u00f6z\u0151 elm\u00e9leti modellek alapj\u00e1n: A Young S\u00e9ma K\u00e9rd\u0151\u00edv, a SCID-5-AMPD struktur\u00e1lt diagnosztikus interj\u00fa, \u00e9s a PDS-ICD-11 eredm\u00e9nyeinek \u00f6sszehasonl\u00edt\u00e1sa, Psychiatria Hungarica 38 : Suppl. 1 p. 118 (2023)<\/span><\/li>\n<li><span style=\"font-family: Montserrat;font-size: 12pt;color: #000080\">Kir\u00e1ly, Lilien, Pribula, Vikt\u00f3ria, Pongr\u00e1cz, Fanni, Kov\u00e1cs, Dorka, Biliczki, Judit, Ruscs\u00e1k, P\u00e9ter, Vadon, Nikolett Be\u00e1ta, Sz\u0151cs, Henrietta, Vizin, Gabriella, Gonda, X\u00e9nia: A szem\u00e9lyis\u00e9gzavarok \u00faj koncepci\u00f3ja: a dimenzion\u00e1lis megk\u00f6zel\u00edt\u00e9s \u00e9s a patol\u00f3gi\u00e1s szem\u00e9lyis\u00e9gvon\u00e1sok s\u00falyoss\u00e1ga k\u00f6zti \u00f6sszef\u00fcgg\u00e9s vizsg\u00e1lata borderline p\u00e1ciensekn\u00e9l. Psychiatria Hungarica 38 : Suppl. 1 pp. 119-120. , 2 p. (2023)<\/span><\/li>\n<li><span style=\"font-family: Montserrat;font-size: 12pt;color: #000080\">Pribula, Vikt\u00f3ria, Kir\u00e1ly, Lilien, Pongr\u00e1cz, Fanni, Kov\u00e1cs, Dorka, Biliczki, Judit, Ruscs\u00e1k, P\u00e9ter, Vadon, Nikolett Be\u00e1ta, Sz\u0151cs, Henrietta, Vizin, Gabriella, Gonda, X\u00e9nia: A szem\u00e9lyis\u00e9gzavarok dimenzion\u00e1lis megk\u00f6zel\u00edt\u00e9se: a PDS-ICD-11 \u00e9s a SCID-5-AMPD I. modulj\u00e1nak alkalmaz\u00e1sa borderline szem\u00e9lyis\u00e9gzavar vizsg\u00e1lat\u00e1ra. Psychiatria Hungarica 38 : Suppl. 1 pp. 130-131. , 2 p. (2023)<\/span><\/li>\n<\/ul>\n<p style=\"text-align: justify\">\n<\/div><h2 class=\"tabtitle\">N\u0151i reprodukt\u00edv ment\u00e1lis eg\u00e9szs\u00e9g kutat\u00f3csoport<\/h2>\n<div class=\"tabcontent\">\n<\/p>\n<div class=\"entry-content\" style=\"text-align: justify\">\n<p><img loading=\"lazy\" decoding=\"async\" class=\"alignnone size-medium wp-image-8188\" src=\"https:\/\/semmelweis.hu\/klinikai-pszichologia\/files\/2026\/08\/Logo5-400x153.jpg\" alt=\"\" width=\"400\" height=\"153\" srcset=\"https:\/\/semmelweis.hu\/klinikai-pszichologia\/files\/2026\/08\/Logo5-400x153.jpg 400w, https:\/\/semmelweis.hu\/klinikai-pszichologia\/files\/2026\/08\/Logo5-768x294.jpg 768w, https:\/\/semmelweis.hu\/klinikai-pszichologia\/files\/2026\/08\/Logo5-753x288.jpg 753w, https:\/\/semmelweis.hu\/klinikai-pszichologia\/files\/2026\/08\/Logo5.jpg 980w\" sizes=\"auto, (max-width: 400px) 100vw, 400px\" \/><\/p>\n<h1 class=\"entry-title text-uppercase\" style=\"text-align: left\"><span style=\"color: #33cccc\">N\u0151i Reprodukt\u00edv Ment\u00e1lis Eg\u00e9szs\u00e9g Kutat\u00f3csoport<\/span><\/h1>\n<ul>\n<li><span style=\"font-family: Montserrat;color: #333399;font-size: 12pt\"><strong>Dr. Gonda X\u00e9nia, habilit\u00e1lt egyetemi docens,\u00a0 klinikai szakpszichol\u00f3gus, pszichoterapeuta, klinikai reprodukt\u00edv pszichol\u00f3giai szaktan\u00e1csad\u00f3<span style=\"color: #333399\"><span style=\"font-family: Montserrat;font-size: 12pt\"><span style=\"font-family: Montserrat\">, <\/span><\/span>csoportvezet\u0151<\/span><\/strong><\/span><br \/>\n<span style=\"font-family: Montserrat;color: #333399;font-size: 12pt\">Pszichi\u00e1triai \u00e9s Pszichoter\u00e1pi\u00e1s Klinika; Klinikai Pszichol\u00f3gia Tansz\u00e9k;NAP3.0 Neuropszichofarmakol\u00f3giai Kutat\u00f3csoport; Farmakol\u00f3giai \u00e9s Gy\u00f3gyszerkutat\u00e1si \u00e9s -fejleszt\u00e9si K\u00f6zpont<\/span><\/li>\n<li><span style=\"font-family: Montserrat;color: #333399;font-size: 12pt\"><strong>Dr. Szigeti F. Judit, egyetemi adjunktus,\u00a0 klinikai szakpszichol\u00f3gus, klinikai reprodukt\u00edv pszichol\u00f3giai szaktan\u00e1csad\u00f3<br \/>\n<\/strong>F\u00fcl-Orr-G\u00e9g\u00e9szeti \u00e9s Fejnyakseb\u00e9szeti Klinika; Assziszt\u00e1lt Reprodukci\u00f3s Centrum<\/span><\/li>\n<li><span style=\"font-family: Montserrat;color: #333399;font-size: 12pt\"><strong>Szekeres Tam\u00e1s, klinikai szakpszichol\u00f3gus<br \/>\n<\/strong>Orsz\u00e1gos Onkol\u00f3giai Int\u00e9zet<\/span><\/li>\n<li><span style=\"font-family: Montserrat;color: #333399;font-size: 12pt\"><strong>Zinner-G\u00e9recz \u00c1gnes, klinikai szakpszichol\u00f3gus, pszichoterapeuta, klinikai reprodukt\u00edv pszichol\u00f3giai szaktan\u00e1csad\u00f3<span style=\"color: #333399\"><span style=\"font-family: Montserrat;font-size: 12pt\"><span style=\"font-family: Montserrat\">, <\/span><\/span><\/span>PhD hallgat\u00f3<br \/>\n<\/strong>Pszichi\u00e1triai \u00e9s Pszichoter\u00e1pi\u00e1s Klinika; Klinikai Pszichol\u00f3gia Tansz\u00e9k<\/span><\/li>\n<li><span style=\"font-family: Montserrat;color: #333399;font-size: 12pt\"><strong>F\u00e1bi\u00e1n Rita, eg\u00e9szs\u00e9gpszichol\u00f3gus, klinikai szakpszichol\u00f3gus jel\u00f6lt<br \/>\n<\/strong>Pszichi\u00e1triai \u00e9s Pszichoter\u00e1pi\u00e1s Klinika; Klinikai Pszichol\u00f3gia Tansz\u00e9k<\/span><\/li>\n<li><span style=\"font-family: Montserrat;color: #333399;font-size: 12pt\"><strong>Dr. M\u00e1t\u00e9-Horv\u00e1th N\u00f3ra, aneszteziol\u00f3gus, intenz\u00edv ter\u00e1pi\u00e1s szakorvos, pszichoterapeuta, PhD hallgat\u00f3<br \/>\n<\/strong>Aneszteziol\u00f3gia \u00e9s Perioperat\u00edv Betegell\u00e1t\u00f3 Int\u00e9zet<\/span><\/li>\n<li><span style=\"font-family: Montserrat;color: #333399;font-size: 12pt\"><strong>Solt\u00e9sz Krisztina klinikai szakpszichol\u00f3gus, PhD hallgat\u00f3<\/strong><strong><br \/>\n<\/strong>Budai Term\u00e9kenys\u00e9gi K\u00f6zpont<\/span><\/li>\n<li><span style=\"font-family: Montserrat;color: #333399;font-size: 12pt\"><strong>Dr. Szab\u00f3 Georgina, klinikai szakpszichol\u00f3gus jel\u00f6lt<br \/>\n<\/strong>Budai Csal\u00e1dk\u00f6zpont\u00fa Lelki Eg\u00e9szs\u00e9g Centrum<\/span><\/li>\n<li><span style=\"font-family: Montserrat;color: #333399;font-size: 12pt\"><strong>Dr. Bohus Borb\u00e1la Laura, gy\u00f3gyszer\u00e9sz, orvostanhallgat\u00f3, PhD hallgat\u00f3, TDK hallgat\u00f3<br \/>\n<\/strong>Semmelweis Egyetem \u00c1ltal\u00e1nos Orvostudom\u00e1nyi kar<\/span><\/li>\n<\/ul>\n<p>&nbsp;<\/p>\n<p><span style=\"font-family: Montserrat;color: #333399\"><strong>KUTAT\u00c1SI T\u00c9M\u00c1K<\/strong><\/span><\/p>\n<ul>\n<li><span style=\"font-family: Montserrat;color: #333399;font-size: 12pt\">Peri- \u00e9s posztnat\u00e1lis pszich\u00e9s zavarok<\/span><\/li>\n<li><span style=\"font-family: Montserrat;color: #333399;font-size: 12pt\">In vitro fertiliz\u00e1ci\u00f3 sikeress\u00e9g\u00e9t el\u0151rejelz\u0151 pszich\u00e9s faktorok \u00e9s mechanizmusok<\/span><\/li>\n<li><span style=\"font-family: Montserrat;color: #333399;font-size: 12pt\">Medd\u0151s\u00e9gi neh\u00e9zs\u00e9gekhez t\u00e1rsul\u00f3 stigma vizsg\u00e1lata<\/span><\/li>\n<li><span style=\"font-family: Montserrat;color: #333399;font-size: 12pt\">In vitro fertiliz\u00e1ci\u00f3val j\u00e1r\u00f3 terheket vizsg\u00e1l\u00f3 m\u00e9r\u0151eszk\u00f6z\u00f6k adapt\u00e1l\u00e1sa<\/span><\/li>\n<li><span style=\"font-family: Montserrat;color: #333399;font-size: 12pt\">N\u0151gy\u00f3gy\u00e1szati m\u0171t\u00e9tekhez t\u00e1rsul\u00f3 pszichol\u00f3giai terhek, a m\u0171t\u00e9tet k\u00f6vet\u0151 id\u0151szak pszich\u00e9s v\u00e1ltoz\u00e1sait \u00e9s f\u00e1jdalomcsillap\u00edt\u00f3-ig\u00e9ny\u00e9t el\u0151rejelz\u0151 t\u00e9nyez\u0151k<\/span><\/li>\n<li><span style=\"font-family: Montserrat;color: #333399;font-size: 12pt\">Mindfulness-alap\u00fa kognit\u00edv ter\u00e1pi\u00e1s beavatkoz\u00e1si lehet\u0151s\u00e9gek endometri\u00f3zissal \u00e9l\u0151k pszich\u00e9s terheinek cs\u00f6kkent\u00e9s\u00e9re<\/span><\/li>\n<li><span style=\"font-family: Montserrat;color: #333399;font-size: 12pt\">Reprodukt\u00edv folyamatokkal kapcsolatos elt\u00e9r\u00e9sek pszichotikus zavarokkal \u00e9l\u0151 n\u0151k eset\u00e9ben<\/span><\/li>\n<\/ul>\n<p>&nbsp;<\/p>\n<p><span style=\"font-family: Montserrat;color: #333399;font-size: 12pt\"><strong>PUBLIK\u00c1CI\u00d3K<\/strong><\/span><\/p>\n<ul>\n<li><span style=\"font-family: Montserrat;color: #333399;font-size: 12pt\"><a class=\"docsum-title\" href=\"https:\/\/pubmed.ncbi.nlm.nih.gov\/40985624\/\"><span class=\"docsum-authors full-authors\">Szabo G, Soltesz K, Szigeti F J, Varbiro S, Sipos M,\u00a0Gonda X.\u00a0<\/span>A long shot? Affective temperaments predict adherence to pharmacotherapy during infertility treatment in a prospective longitudinal study.\u00a0<\/a>Dialogues Clin Neurosci. 2025 Dec;27(1):276-284. doi: 10.1080\/19585969.2025.2563529<\/span><\/li>\n<li><span style=\"font-family: Montserrat;color: #333399;font-size: 12pt\"><a class=\"docsum-title\" href=\"https:\/\/pubmed.ncbi.nlm.nih.gov\/38822094\/\"><span class=\"docsum-authors full-authors\">Szabo G, Szigeti F J, Sipos M, Varbiro S,\u00a0Gonda X.<\/span>Adherence to dietary recommendations mediates the effect of affective temperaments on infertility treatment outcomes.\u00a0<\/a>Sci Rep. 2024 May 31;14(1):12544. doi: 10.1038\/s41598-024-63343-x.<\/span><\/li>\n<li><span style=\"font-family: Montserrat;color: #333399;font-size: 12pt\">Szabo G, Szigeti F J, Sipos M, Varbiro S, Gonda X.<a class=\"docsum-title\" href=\"https:\/\/pubmed.ncbi.nlm.nih.gov\/38081851\/\">Affective temperaments show stronger association with infertility treatment success compared to somatic factors, highlighting the role of personality focused interventions.\u00a0<\/a>Sci Rep. 2023 Dec 11;13(1):21956. doi: 10.1038\/s41598-023-47969-x.<\/span><\/li>\n<li><span style=\"font-family: Montserrat;color: #333399;font-size: 12pt\">Szabo G, Szigeti F J, Sipos M, Varbiro S, Gonda X.<a class=\"docsum-title\" href=\"https:\/\/pubmed.ncbi.nlm.nih.gov\/37725749\/\">\u00a0A pszich\u00e9s faktorok szerepe a medd\u0151s\u00e9g kialakul\u00e1s\u00e1ban \u00e9s kezel\u00e9s\u00e9ben.\u00a0<\/a>Neuropsychopharmacol Hung. 2023 Sep;25(3):123-130.<\/span><\/li>\n<li><span style=\"font-family: Montserrat;color: #333399;font-size: 12pt\">Szabo G, Fornaro M, Dome P, Varbiro S, Gonda X.<a class=\"docsum-title\" href=\"https:\/\/pubmed.ncbi.nlm.nih.gov\/36056016\/\">A bitter pill to swallow? Impact of affective temperaments on treatment adherence: a systematic review and meta-analysis.\u00a0<\/a>Transl Psychiatry. 2022 Sep 2;12(1):360. doi: 10.1038\/s41398-022-02129-z.<\/span><\/li>\n<li><span style=\"font-family: Montserrat;color: #333399;font-size: 12pt\">Szab\u00f3 Georgina,\u00a0 Fornaro Michele,\u00a0 \u00a0 D\u00f6me P\u00e9ter,\u00a0 Gonda X\u00e9nia\u00a0<\/span><br \/>\n<span style=\"font-family: Montserrat;color: #333399;font-size: 12pt\">A ter\u00e1pi\u00e1s adherencia \u00e9s a szem\u00e9lyis\u00e9g kapcsolata<\/span><br \/>\n<span style=\"font-family: Montserrat;color: #333399;font-size: 12pt\">NEUROPSYCHOPHARMACOLOGIA HUNGARICA (1419-8711 2064-2512): 24 2 pp 69-77 (2022)<\/span><\/li>\n<\/ul>\n<p>&nbsp;<\/p>\n<p><span style=\"font-family: Montserrat;color: #333399;font-size: 12pt\">EL\u0150AD\u00c1SOK, POSZTEREK<\/span><\/p>\n<ul>\n<li><span style=\"font-family: Montserrat;color: #333399;font-size: 12pt\">Bohus Borb\u00e1la Laura,\u00a0 Gonda X\u00e9nia\u00a0<\/span><br \/>\n<span style=\"font-family: Montserrat;color: #333399;font-size: 12pt\">Perimenstru\u00e1lis hormon\u00e1lis v\u00e1ltoz\u00e1sok \u00e9s hospitaliz\u00e1ci\u00f3t ig\u00e9nyl\u0151 pszichotikus \u00e1llapotroml\u00e1s: pilot vizsg\u00e1lat<\/span><br \/>\n<span style=\"font-family: Montserrat;color: #333399;font-size: 12pt\">Poszter. XXX. Kor\u00e1nyi Frigyes Tudom\u00e1nyos F\u00f3rum, Budapest, 2026.04.29. \u2013 2026.04.30.<\/span><\/li>\n<li><span style=\"font-family: Montserrat;color: #333399;font-size: 12pt\">Bohus Borb\u00e1la Laura, Gonda X\u00e9nia<\/span><br \/>\n<span style=\"font-family: Montserrat;color: #333399;font-size: 12pt\">Hormon\u00e1lis hat\u00e1sok szerepe a pszichotikus zavarokkal diagnosztiz\u00e1lt n\u0151betegek hospitaliz\u00e1ci\u00f3t ig\u00e9nyl\u0151 dekompenz\u00e1ci\u00f3iban<\/span><br \/>\n<span style=\"font-family: Montserrat;color: #333399;font-size: 12pt\">El\u0151ad\u00e1s. Semmelweis Egyetem Tudom\u00e1nyos Di\u00e1kk\u00f6ri Konferencia, 2026 2026-02-12 [Budapest, Magyarorsz\u00e1g]<\/span><\/li>\n<li><span style=\"font-family: Montserrat;color: #333399;font-size: 12pt\">Bohus Borb\u00e1la Laura, Gonda X\u00e9nia<\/span><br \/>\n<span style=\"font-family: Montserrat;color: #333399;font-size: 12pt\">Reprodukt\u00edv eg\u00e9szs\u00e9g pszichotikus zavarokban: diagn\u00f3ziscsoportok k\u00f6z\u00f6tti k\u00fcl\u00f6nbs\u00e9gek<\/span><br \/>\n<span style=\"font-family: Montserrat;color: #333399;font-size: 12pt\">Poszter. Magyar Pszichi\u00e1triai T\u00e1rsas\u00e1g XI. Nemzeti Kongresszusa, Budapest, 2026. janu\u00e1r 21. \u2013 janu\u00e1r 24.<\/span><\/li>\n<li><span style=\"font-family: Montserrat;color: #333399;font-size: 12pt\">Bohus Borb\u00e1la Laura,\u00a0 Gonda X\u00e9nia<\/span><br \/>\n<span style=\"font-family: Montserrat;color: #333399;font-size: 12pt\">Perimenstru\u00e1lis pszichotikus dekompenz\u00e1ci\u00f3: pszichotikus zavarokkal \u00e9l\u0151 n\u0151betegek k\u00f3rh\u00e1zi felv\u00e9teleinek ciklusf\u00e1zis szerinti vizsg\u00e1lata<\/span><br \/>\n<span style=\"font-family: Montserrat;color: #333399;font-size: 12pt\">Poszter. Magyar Pszichi\u00e1triai T\u00e1rsas\u00e1g XI. Nemzeti Kongresszusa, Budapest, 2026. janu\u00e1r 21. \u2013 janu\u00e1r 24.<\/span><\/li>\n<li><span style=\"font-family: Montserrat;color: #333399;font-size: 12pt\">Bohus Borb\u00e1la Laura, Gonda X\u00e9nia<\/span><br \/>\n<span style=\"font-family: Montserrat;color: #333399;font-size: 12pt\">Reproductive Health and Contraceptive Use among Women with Psychotic Disorders<\/span><br \/>\n<span style=\"font-family: Montserrat;color: #333399;font-size: 12pt\">33rd Semmelweis Symposium November 17-19, 2025 \u2013 Budapest Hungary. Poszter.<\/span><\/li>\n<li><span style=\"font-family: Montserrat;color: #333399;font-size: 12pt\">Bohus Borb\u00e1la Laura,\u00a0 Gonda X\u00e9nia<\/span><br \/>\n<span style=\"font-family: Montserrat;color: #333399;font-size: 12pt\">Fogamz\u00e1sg\u00e1tl\u00e1si szok\u00e1sok \u00e9s a nem tervezett terhess\u00e9gek el\u0151fordul\u00e1sa pszichotikus betegs\u00e9ggel \u00e9l\u0151 n\u0151k k\u00f6r\u00e9ben : P10.<\/span><br \/>\n<span style=\"font-family: Montserrat;color: #333399;font-size: 12pt\">XXI. Magyar Neuropszichofarmakol\u00f3giai Kongresszus, 2025. okt\u00f3ber 2-4., Balatonf\u00fcred. Poszter P10.<\/span><\/li>\n<li><span style=\"font-family: Montserrat;color: #333399;font-size: 12pt\">Bohus Borbala Laura, Gonda Xenia<\/span><br \/>\n<span style=\"font-family: Montserrat;color: #333399;font-size: 12pt\">Reproductive health of hospitalized female patients diagnosed with a psychotic disorder or symptoms. P3227<\/span><br \/>\n<span style=\"font-family: Montserrat;color: #333399;font-size: 12pt\">NEUROSCIENCE APPLIED (2772-4085 ): 3 Suppl. 2 pp 495-496 Paper P3227. (2024)<\/span><br \/>\n<span style=\"font-family: Montserrat;color: #333399;font-size: 12pt\">37th ECNP Congress. Konferencia helye, ideje: Milano, Olaszorsz\u00e1g 2024.09.21. \u2013 2024.09.24. (European College of Neuropsychopharmacology (ECNP))<\/span><\/li>\n<li><span style=\"font-family: Montserrat;color: #333399;font-size: 12pt\">Bohus Borb\u00e1la Laura,\u00a0 Herm\u00e1n Levente, Gonda X\u00e9nia<\/span><br \/>\n<span style=\"font-family: Montserrat;color: #333399;font-size: 12pt\">N\u0151i nemi hormonok ciklikus fluktu\u00e1ci\u00f3j\u00e1nak hat\u00e1sa pszichotikus betegs\u00e9ggel diagnosztiz\u00e1lt n\u0151betegek t\u00fcnettan\u00e1ra<\/span><br \/>\n<span style=\"font-family: Montserrat;color: #333399;font-size: 12pt\">Poszter. Magyar Pszichi\u00e1triai T\u00e1rsas\u00e1g XXVIII. V\u00e1ndorgy\u0171l\u00e9se, Si\u00f3fok, 2025. janu\u00e1r 29-febru\u00e1r 1.<\/span><\/li>\n<li><span style=\"font-family: Montserrat;color: #333399;font-size: 12pt\">Bohus Borb\u00e1la Laura, Herm\u00e1n Levente, Gonda X\u00e9nia<\/span><br \/>\n<span style=\"font-family: Montserrat;color: #333399;font-size: 12pt\">N\u0151i hormonok \u00e9s a pszich\u00e9s t\u00fcnetek t\u00fcnetek fluktu\u00e1ci\u00f3ja k\u00f6zti \u00f6sszef\u00fcgg\u00e9s mint\u00e1zat\u00e1nak vizsg\u00e1lata pszichi\u00e1triai kezel\u00e9s alatt \u00e1ll\u00f3, kompenz\u00e1lt n\u0151kben \u00e9s eg\u00e9szs\u00e9ges kontrollokban<\/span><br \/>\n<span style=\"font-family: Montserrat;color: #333399;font-size: 12pt\">XX. Magyar Neuropszichofarmakol\u00f3giai Kongresszus 2024. okt\u00f3ber 3-5. [Balatonf\u00fcred, Magyarorsz\u00e1g]. Poszter.<\/span><\/li>\n<li><span style=\"font-family: Montserrat;color: #333399;font-size: 12pt\">Bohus Borbala Laura,\u00a0 Herman Levente, Gonda Xenia<\/span><br \/>\n<span style=\"font-family: Montserrat;color: #333399;font-size: 12pt\">The interface between reproductive and mental health: correlation of premenstrual symptoms and psychotic-like experiences. P5150<\/span><br \/>\n<span style=\"font-family: Montserrat;color: #333399;font-size: 12pt\">37th ECNP Congress, Mil\u00e1n\u00f3, Olaszorsz\u00e1g, 2024.09.21.-2024.09.24.<\/span><\/li>\n<li>\n<div><span style=\"font-family: Montserrat;color: #333399;font-size: 12pt\">Mate-Horvath Nora, Zima Endre, Acs Nandor, Gonda Xenia<\/span><\/div>\n<div><span style=\"font-family: Montserrat;color: #333399;font-size: 12pt\">Psychological factors in predicting perioperative pain: the relationship between preoperative affective temperament, anxiety and depression, and perioperative analgesic requirements. P5146\u00a0<\/span><\/div>\n<div><span style=\"font-family: Montserrat;color: #333399;font-size: 12pt\">37thECNP Congress, Mil\u00e1n\u00f3, Olaszorsz\u00e1g, 2024.09.21.-2024.09.24.<\/span><\/div>\n<\/li>\n<li>\n<div><span style=\"font-family: Montserrat;color: #333399;font-size: 12pt\">Mate-Horvath Nora, Acs Nandor, Gonda Xenia\u00a0<\/span><\/div>\n<div><span style=\"font-family: Montserrat;color: #333399;font-size: 12pt\">Affective temperaments, anxiety, and depression as predictors of perioperative pain and analgesic requirements<\/span><\/div>\n<div><span style=\"font-family: Montserrat;color: #333399;font-size: 12pt\">EUROPEAN PSYCHIATRY (0924-9338 1778-3585): 68 S1 pp S407-S408 (2025)<\/span><\/div>\n<\/li>\n<li>\n<div><span style=\"font-family: Montserrat;color: #333399;font-size: 12pt\">M\u00e1t\u00e9-Horv\u00e1th N\u00f3ra,\u00a0 Gonda X\u00e9nia<\/span><\/div>\n<div><span style=\"font-family: Montserrat;color: #333399;font-size: 12pt\">Psychological factors in predicting perioperative pain: the relationship between preoperative affective temperament, anxiety and depression, and perioperative analgesic requirements.\u00a0<\/span><br \/>\n<span style=\"font-family: Montserrat;color: #333399;font-size: 12pt\">32nd Semmelweis Symposium 2024 2024-11-11 [Budapest, Magyarorsz\u00e1g]<\/span><\/div>\n<\/li>\n<li>\n<p><span style=\"font-family: Montserrat;color: #333399;font-size: 12pt\">Szab\u00f3 Georgina, Szigeti F Judit, Sipos Mikl\u00f3s, V\u00e1rb\u00edr\u00f3 Szabolcs, Gonda X\u00e9nia<\/span><br \/>\n<span style=\"font-family: Montserrat;color: #333399;font-size: 12pt\">Az affekt\u00edv temperamentumok el\u0151jelzik a v\u00e1rhat\u00f3 gy\u00f3gyszer-adherenci\u00e1t a medd\u0151s\u00e9gi kezel\u00e9sek sor\u00e1n<\/span><br \/>\n<span style=\"font-family: Montserrat;color: #333399;font-size: 12pt\">PSYCHIATRIA HUNGARICA (0237-7896 ): 40 Suppl.1. p. 95. (2025)<\/span><\/p>\n<\/li>\n<li>\n<p><span style=\"font-family: Montserrat;color: #333399;font-size: 12pt\">Szab\u00f3 Georgina, Szigeti F Judit, Sipos Mikl\u00f3s, V\u00e1rb\u00edr\u00f3 Szabolcs, Gonda X\u00e9nia<\/span><br \/>\n<span style=\"font-family: Montserrat;color: #333399;font-size: 12pt\">Affective temperaments as potential predictors of medication adherence and infertility treatment outcomes: results from a prospective longitudinal study<\/span><br \/>\n<span style=\"font-family: Montserrat;color: #333399;font-size: 12pt\">EUROPEAN PSYCHIATRY (0924-9338 1778-3585): 68 S1 pp S289-S290 (2025)<\/span><br \/>\n<span style=\"font-family: Montserrat;color: #333399;font-size: 12pt\">33rd European Congress of Psychiatry, EPA 2025. Konferencia helye, ideje: Madrid, Spanyolorsz\u00e1g 2025.04.05. \u2013 2025.04.08<\/span><\/p>\n<\/li>\n<\/ul>\n<ul>\n<li><span style=\"font-family: Montserrat;color: #333399;font-size: 12pt\">Szab\u00f3 Georgina,\u00a0 \u00a0Szigeti F Judit, Sipos Mikl\u00f3s, V\u00e1rb\u00edr\u00f3 Szabolcs, Gonda X\u00e9nia<\/span><br \/>\n<span style=\"font-family: Montserrat;color: #333399;font-size: 12pt\">A depressz\u00edv, szorong\u00f3 \u00e9s ciklot\u00edm affekt\u00edv temperamentumok cs\u00f6kkentik a medd\u0151s\u00e9gi kezel\u00e9sek siker\u00e9nek e<\/span><br \/>\n<span style=\"font-family: Montserrat;color: #333399;font-size: 12pt\">PSYCHIATRIA HUNGARICA (0237-7896 ): 39 Suppl 1 p. n.a.. (2024)<\/span><br \/>\n<span style=\"font-family: Montserrat;color: #333399;font-size: 12pt\">A Magyar Pszichi\u00e1triai T\u00e1rsas\u00e1g XXVII. V\u00e1ndorgy\u0171l\u00e9se. Konferencia helye, ideje: Debrecen, Magyarorsz\u00e1g 2024.05.29. \u2013 2024.06.01.<\/span><\/li>\n<li><span style=\"font-family: Montserrat;color: #333399;font-size: 12pt\">Szab\u00f3 Georgina,\u00a0 Szigeti F Judit, Sipos Mikl\u00f3s, V\u00e1rb\u00edr\u00f3 Szabolcs, Gonda X\u00e9nia<\/span><br \/>\n<span style=\"font-family: Montserrat;color: #333399;font-size: 12pt\">Dominant depressive, anxious and cyclothymic affective temperaments lower the chance of infertility treatment success : EPV1127.<\/span><br \/>\n<span style=\"font-family: Montserrat;color: #333399;font-size: 12pt\">EUROPEAN PSYCHIATRY (0924-9338 1778-3585): 67 S1 pp S811-S811 (2024)<\/span><br \/>\n<span style=\"font-family: Montserrat;color: #333399;font-size: 12pt\">32nd European Congress of Psychiatry, EPA 2024. Konferencia helye, ideje: Budapest, Magyarorsz\u00e1g 2024.04.06. \u2013 2024.04.09.<\/span><\/li>\n<li><span style=\"font-family: Montserrat;color: #333399;font-size: 12pt\">Szab\u00f3 Georgina,\u00a0 Fornaro Michele,\u00a0 \u00a0D\u00f6me P\u00e9ter, V\u00e1rb\u00edr\u00f3 Szabolcs, Gonda X\u00e9nia<\/span><br \/>\n<span style=\"font-family: Montserrat;color: #333399;font-size: 12pt\">Affekt\u00edv temperamentumok mint a non-adherencia lehets\u00e9ges prediktorai: egy metaanal\u00edzis eredm\u00e9nyei<\/span><br \/>\n<span style=\"font-family: Montserrat;color: #333399;font-size: 12pt\">PSYCHIATRIA HUNGARICA (0237-7896 ): 37 Supplementum I p. 121. (2022)<\/span><br \/>\n<span style=\"font-family: Montserrat;color: #333399;font-size: 12pt\">A Magyar Pszichi\u00e1triai T\u00e1rsas\u00e1g XXV. V\u00e1ndorgy\u00fbl\u00e9se. Konferencia helye, ideje: Budapest, Magyarorsz\u00e1g 2022.09.28. \u2013 2022.10.01.<\/span><\/li>\n<li><span style=\"font-family: Montserrat;color: #333399;font-size: 12pt\">Georgina Szabo,\u00a0 Fornaro Michele, P\u00e9ter D\u00f6me, Szabolcs V\u00e1rb\u00edr\u00f3, X\u00e9nia Gonda<\/span><br \/>\n<span style=\"font-family: Montserrat;color: #333399;font-size: 12pt\">Meta-analysis suggests that affective temperaments may predict treatment adherence<\/span><br \/>\n<span style=\"font-family: Montserrat;color: #333399;font-size: 12pt\">Semmelweis symposium 2022<\/span><br \/>\n<span style=\"font-family: Montserrat;color: #333399;font-size: 12pt\">Budapest, Magyarorsz\u00e1g 2022.11.07. \u2013 2022.11.09.<\/span><\/li>\n<li><span style=\"font-family: Montserrat;color: #333399;font-size: 12pt\">Szabo Georgina, Szigeti F Judit, Sipos Miklos,\u00a0 V\u00e1rb\u00edr\u00f3 Szabolcs, Gonda X\u00e9nia<\/span><br \/>\n<span style=\"font-family: Montserrat;color: #333399;font-size: 12pt\">Affective temperaments robustly influence treatment success of assisted reproduction interventions<\/span><br \/>\n<span style=\"font-family: Montserrat;color: #333399;font-size: 12pt\">PhD Scientific Days 2023<\/span><br \/>\n<span style=\"font-family: Montserrat;color: #333399;font-size: 12pt\">Budapest, Magyarorsz\u00e1g 2023.06.22. \u2013 2023.06.23.<\/span><\/li>\n<li><span style=\"font-family: Montserrat;color: #333399;font-size: 12pt\">Szab\u00f3 Georgina,\u00a0\u00a0 Szigeti F Judit,\u00a0 Sipos Mikl\u00f3s, V\u00e1rb\u00edr\u00f3 Szabolcs, Gonda X\u00e9nia<\/span><br \/>\n<span style=\"font-family: Montserrat;color: #333399;font-size: 12pt\">Effect of hyperthymic affective temperament on infertility treatment success is mediated by adherence to recommended lifestyle changes \u2018<\/span><br \/>\n<span style=\"font-family: Montserrat;color: #333399;font-size: 12pt\">NEUROSCIENCE APPLIED (2772-4085 ): 2 Suppl. 2 Paper 103071. 1 p. (2023)<\/span><br \/>\n<span style=\"font-family: Montserrat;color: #333399;font-size: 12pt\">36th ECNP Congress. Konferencia helye, ideje: Barcelona, Spanyolorsz\u00e1g 2023.10.07. \u2013 2023.10.10. (European College of Neuropsychopharmacology (ECNP))<\/span><\/li>\n<li><span style=\"font-family: Montserrat;color: #333399;font-size: 12pt\">Szabo Georgina, Fornaro Michele, Dome Peter,\u00a0 \u00a0Varbiro Szabolcs,\u00a0 \u00a0Gonda Xenia<\/span><br \/>\n<span style=\"font-family: Montserrat;color: #333399;font-size: 12pt\">Hyperthymic temperament may protect against medication non-adherence among male but not female patients \u2013 results from a metaanalysis<\/span><br \/>\n<span style=\"font-family: Montserrat;color: #333399;font-size: 12pt\">NEUROSCIENCE APPLIED (2772-4085 ): 1 Paper 100446. (2022)<\/span><br \/>\n<span style=\"font-family: Montserrat;color: #333399;font-size: 12pt\">35th ECNP Congress. Konferencia helye, ideje: Vienna, Ausztria 2022.10.15. \u2013 2022.10.18.<\/span><\/li>\n<\/ul>\n<\/div>\n\n<\/div><h2 class=\"tabtitle\">Ment\u00e1lis Eg\u00e9szs\u00e9ggel \u00d6sszef\u00fcgg\u0151 \u00c9letmin\u0151s\u00e9g Kutat\u00f3csoport<\/h2>\n<div class=\"tabcontent\">\n\n<p><img loading=\"lazy\" decoding=\"async\" class=\"alignnone size-medium wp-image-8221\" src=\"https:\/\/semmelweis.hu\/klinikai-pszichologia\/files\/2026\/08\/Mentalis_Egeszseggel_Osszefuggo_Eletminoseg_Kutatocsoport_vegleges_4K-400x169.png\" alt=\"\" width=\"400\" height=\"169\" srcset=\"https:\/\/semmelweis.hu\/klinikai-pszichologia\/files\/2026\/08\/Mentalis_Egeszseggel_Osszefuggo_Eletminoseg_Kutatocsoport_vegleges_4K-400x169.png 400w, https:\/\/semmelweis.hu\/klinikai-pszichologia\/files\/2026\/08\/Mentalis_Egeszseggel_Osszefuggo_Eletminoseg_Kutatocsoport_vegleges_4K-1024x431.png 1024w, https:\/\/semmelweis.hu\/klinikai-pszichologia\/files\/2026\/08\/Mentalis_Egeszseggel_Osszefuggo_Eletminoseg_Kutatocsoport_vegleges_4K-768x324.png 768w, https:\/\/semmelweis.hu\/klinikai-pszichologia\/files\/2026\/08\/Mentalis_Egeszseggel_Osszefuggo_Eletminoseg_Kutatocsoport_vegleges_4K-1536x647.png 1536w, https:\/\/semmelweis.hu\/klinikai-pszichologia\/files\/2026\/08\/Mentalis_Egeszseggel_Osszefuggo_Eletminoseg_Kutatocsoport_vegleges_4K-2048x863.png 2048w, https:\/\/semmelweis.hu\/klinikai-pszichologia\/files\/2026\/08\/Mentalis_Egeszseggel_Osszefuggo_Eletminoseg_Kutatocsoport_vegleges_4K-753x317.png 753w\" sizes=\"auto, (max-width: 400px) 100vw, 400px\" \/><\/p>\n<p><span style=\"color: #333399\"><strong style=\"background-color: transparent;font-family: Montserrat, sans-serif\"><span style=\"font-family: Montserrat;font-size: 18pt\">Ment\u00e1lis Eg\u00e9szs\u00e9ggel \u00d6sszef\u00fcgg\u0151 \u00c9letmin\u0151s\u00e9g Kutat\u00f3csoport<\/span><\/strong><\/span><\/p>\n<p><span style=\"font-family: Montserrat;font-size: 18pt;color: #000080\"><strong>A kutat\u00f3csoport tagjai<\/strong><\/span><\/p>\n<ul>\n<li><span style=\"font-family: Montserrat;font-size: 12pt;color: #000080\"><strong>Dr. Gonda X\u00e9nia<\/strong> habilit\u00e1lt egyetemi docens, klinikai szakpszichol\u00f3gus, pszichoterapeuta<\/span><\/li>\n<li><span style=\"font-family: Montserrat;font-size: 12pt;color: #000080\"><strong>Elek L\u00edvia Priyanka<\/strong> klinikai szakpszichol\u00f3gus<\/span><\/li>\n<li><span style=\"font-family: Montserrat;font-size: 12pt;color: #000080\"><strong>Szekeres Tam\u00e1s<\/strong> klinikai szakpszichol\u00f3gus<\/span><\/li>\n<li><span style=\"font-family: Montserrat;font-size: 12pt;color: #000080\"><strong>Adorj\u00e1ni Tomay<\/strong> orvostanhallgat\u00f3, TDK hallgat\u00f3<\/span><\/li>\n<li><span style=\"font-family: Montserrat;font-size: 12pt;color: #000080\"><strong>Pribula Vikt\u00f3ria<\/strong> klinikai szakpszichol\u00f3gus rezidens, PhD hallgat\u00f3<\/span><\/li>\n<li><span style=\"font-family: Montserrat;font-size: 12pt;color: #000080\"><strong>Doszpoly Anna Esztella<\/strong> klinikai szakpszichol\u00f3gus rezidens, PhD hallgat\u00f3<\/span><\/li>\n<\/ul>\n<p>&nbsp;<\/p>\n<p style=\"text-align: justify\">\n<\/div><h2 class=\"tabtitle\">Mindfulness<\/h2>\n<div class=\"tabcontent\">\n<\/p>\n<div class=\"entry-content\" style=\"text-align: justify\">\n<h2><span style=\"font-size: 18pt\"><strong>Tudatos jelenl\u00e9t alap\u00fa kognit\u00edv ter\u00e1pia <\/strong>(Mindfulness-based cognitive therapy, MBCT)<\/span><\/h2>\n<div class=\"entry-content\">\n<p>Dr. Perczel-Forintos D\u00f3ra<\/p>\n<p style=\"text-align: justify\">A ment\u00e1lis btegs\u00e9gek ell\u00e1t\u00e1s\u00e1ban a klinikumban a 90-es \u00e9vekben kezdt\u00e9k felfedezni a\u00a0<em>tudatos jelenl\u00e9ten alapul\u00f3 stresszcs\u00f6kkent<\/em><em>\u0151 medit\u00e1ci\u00f3t<\/em>\u00a0(MBSR) a kr\u00f3nikus f\u00e1jdalom kezel\u00e9s\u00e9re (Kabat-Zinn, 1990). Klinikai vizsg\u00e1latok t\u00e1masztj\u00e1k al\u00e1 a hat\u00e9konys\u00e1g\u00e1t a k\u00fcl\u00f6nb\u00f6z\u0151 daganatos megbeteged\u00e9sek, sz\u00edv \u00e9s \u00e9rrendszeri betegs\u00e9gek, gasztrointesztin\u00e1lis betegs\u00e9gek, valamint szorong\u00e1sos \u00e9s hangulatzavarok kezel\u00e9s\u00e9ben. A\u00a0<em>tudatos jelenl\u00e9t-alap\u00fa alap\u00fa kognit\u00edv ter\u00e1pi\u00e1t<\/em>\u00a0(MBCT), mely \u00f6tv\u00f6zi a kognit\u00edv ter\u00e1pi\u00e1s \u00e9s mindfulness m\u00f3dszereket, Zindel Segal, John Teasdale \u00e9s Mark Williams dolgozta ki a kr\u00f3nikus pszich\u00e9s zavarok, s\u00falyos rekurrens depresszi\u00f3 kezel\u00e9s\u00e9re \u00e9s a visszaes\u00e9sek megel\u0151z\u00e9s\u00e9re.<\/p>\n<p style=\"text-align: justify\">A \u00a0mindfulness \u2013 magyarul tudatos jelenl\u00e9t \u2013 olyan speci\u00e1lis figyelmi \u00e1llapot \u00e9s\u00a0 tudati be\u00e1ll\u00edt\u00f3d\u00e1s, amely \u00edt\u00e9lkez\u00e9smentes, elfogad\u00f3, a jelen pillanatra f\u00f3kusz\u00e1lva megn\u00f6veli a ment\u00e1lis folyamatokkal kapcsolatos tudatoss\u00e1got. Ez a tudatos jelenl\u00e9t fontos eg\u00e9szs\u00e9gv\u00e9d\u0151 hat\u00e1ssal b\u00edr, mert kiz\u00e1rja a m\u00falton val\u00f3 r\u00e1g\u00f3d\u00e1st \u00e9s a j\u00f6v\u0151vel kapcsolatos aggodalmaskod\u00e1st, \u00edgy cs\u00f6kken a depresszi\u00f3, a szorong\u00e1sos probl\u00e9m\u00e1k kialakul\u00e1s\u00e1nak vesz\u00e9lye, javul a jelen \u00e9s \u00f6nmagunk elfogad\u00e1s\u00e1nak k\u00e9pess\u00e9ge, a\u00a0 figyelmi kapacit\u00e1s \u00e9s a megk\u00fczd\u0151 k\u00e9pess\u00e9g\u00fcnk is.<\/p>\n<p><strong>Kutat\u00e1si t\u00e9m\u00e1k:<\/strong><\/p>\n<ul>\n<li>Tudatos jelenl\u00e9t alap\u00fa kognit\u00edv ter\u00e1pia (MBCT) alkalmaz\u00e1si lehet\u0151s\u00e9ge \u00e9rzelemszab\u00e1lyoz\u00e1si zavarokban<\/li>\n<li>Tudatos jelenl\u00e9t alap\u00fa kognit\u00edv ter\u00e1pia (MBCT) alkalmaz\u00e1si lehet\u0151s\u00e9ge kr\u00f3nikus f\u00e1jdalomban<\/li>\n<\/ul>\n<p><strong>A Mindfulness kutat\u00f3csoport tagjai<\/strong><\/p>\n<ul>\n<li>Prof. Dr. Perczel-Forintos D\u00f3ra (kutat\u00f3csoport vezet\u0151je),<\/li>\n<li>Kresznerits Szilvia, klinikai szakpszichol\u00f3gus, PhD hallgat\u00f3<\/li>\n<li>Zinner-G\u00e9recz \u00c1gnes, klinikai szakpszichol\u00f3gus<\/li>\n<li>Dr.\u00a0Vir\u00e1g M\u00e1rta, klinikai szakpszichol\u00f3gus<\/li>\n<li>Pat\u00f3 Irina, klinikai szakpszichol\u00f3gus, PhD hallgat\u00f3<\/li>\n<li>Kov\u00e1cs Ill\u00e9s, klinikai szakpszichol\u00f3gus rezidens<\/li>\n<li>Sal Dorottya, pszichol\u00f3gus, kutat\u00e1si asszisztens<\/li>\n<\/ul>\n<p>&nbsp;<\/p>\n<p><strong style=\"font-size: 1rem\">Kapcsol\u00f3d\u00f3 cikkek, tanulm\u00e1nyok:<\/strong><\/p>\n<\/div>\n<ul>\n<li><a href=\"https:\/\/semmelweis.hu\/klinikai-pszichologia\/files\/2018\/03\/Hogyan-%C3%A9lj%C3%BCk-t%C3%BAl-%C3%B6nmagunkat_PFD_SZIV2017j%C3%BAl.pdf\">Perczel-Forintos D. (2017). Hogyan \u00e9lj\u00fck t\u00fal \u00f6nmagunkat posztmodern korunkban?\u00a0<em>Sz\u00edv<\/em>, 2017. j\u00falius.<\/a><\/li>\n<li><a href=\"https:\/\/semmelweis.hu\/klinikai-pszichologia\/files\/2018\/04\/MBCT_VIKOTEkonf_2017.pdf\">Perczel-Forintos D. (2017).\u00a0<em>Tudatos jelenl\u00e9t (mindfulness) alap\u00fa kognit\u00edv ter\u00e1pia<\/em>. El\u0151ad\u00e1s, elhangzott: VIKOTE Konferencia, Budapest, 2017.04.21.<\/a><\/li>\n<li>Perczel-Forintos D. (2017). Tudatos jelenl\u00e9t alap\u00fa intervenci\u00f3k. In: Vizin G., Simon L., Ajtay gy., (szerk.) Kih\u00edv\u00e1sok a kognit\u00edv viselked\u00e9ster\u00e1pi\u00e1ban. VIKOTE, Budapest. 25-33.o.<\/li>\n<li><a href=\"https:\/\/semmelweis.hu\/hirek\/2015\/01\/26\/tudatos-jelenlet-alapu-kognitiv-terapias-kepzes-magyarorszagon-eloszor\/\">Tudatos jelenl\u00e9t alap\u00fa kognit\u00edv ter\u00e1pi\u00e1s k\u00e9pz\u00e9s Magyarorsz\u00e1gon el\u0151sz\u00f6r. Semmelweis H\u00edrek, 2015. janu\u00e1r\u00a0<\/a><\/li>\n<li><a href=\"https:\/\/semmelweis.hu\/klinikai-pszichologia\/files\/2016\/10\/MiPszi_2015dec_PFDmegallazesz-1.pdf\">Perczel-Forintos D. (2015). Meg\u00e1ll az \u00e9sz s meg\u00e1ll az id\u0151.\u00a0<em>Mindennapi Pszichol\u00f3gia, 6<\/em>, 37-40.<\/a><\/li>\n<li><a href=\"https:\/\/semmelweis.hu\/klinikai-pszichologia\/files\/2016\/10\/MiPszi_2015dec_MM_online.pdf\">Mikl\u00f3si M\u00f3nika (2015). \u00c1lland\u00f3an bekapcsolva.\u00a0<em>Mindennapi Pszichol\u00f3gia 6,<\/em>\u00a041-43.<\/a><\/li>\n<li><a href=\"https:\/\/semmelweis.hu\/klinikai-pszichologia\/files\/2016\/10\/Mindfulness_honlapra_PFDnov2013-1.pdf\">Perczel-Forintos D. (2013).\u00a0Tudatos jelenl\u00e9t (mindfulness) alap\u00fa m\u00f3dszerek. El\u0151ad\u00e1s, elhangzott a k\u00f6telez\u0151 szintentart\u00f3 CME tanfolyamon<\/a>.<\/li>\n<li><a href=\"https:\/\/semmelweis.hu\/klinikai-pszichologia\/files\/2016\/10\/MBSR_Szondy.pdf\">Szondy M\u00e1t\u00e9 \u2013 A tudatos jelenl\u00e9t alap\u00fa stresszcs\u00f6kkent\u00e9s (MBSR) m\u00f3dszere.\u00a0<em>Mindennapi Pszichol\u00f3gia, 6.<\/em><\/a><\/li>\n<li><span style=\"font-size: 1rem\">Perczel Forintos D. (2012). A tudatos jelenl\u00e9t medit\u00e1ci\u00f3 klinikai alkalmaz\u00e1sa. El\u0151ad\u00e1s. Magyar Pszichol\u00f3giai T\u00e1rsas\u00e1g \u2013 Pozit\u00edv Pszichol\u00f3giai Szekci\u00f3.<\/span><\/li>\n<li><a href=\"https:\/\/www.researchgate.net\/publication\/274270997_A_kognitiv_terapia_fenykora_a_masodik_es_harmadik_hullam\">Perczel Forintos D. (2011). A kognit\u00edv ter\u00e1pia f\u00e9nykora: m\u00e1sodik \u00e9s harmadik hull\u00e1m.\u00a0<em>Magyar Pszichol\u00f3giai Szemle, 66<\/em>(1). 11\u201329.<\/a><\/li>\n<li><a href=\"https:\/\/hrcak.srce.hr\/64680\">Keune, P.M. &amp; Perczel Forintos D. (2010). Mindfulness Meditation: A Preliminary Study on Meditation Practice During Everyday Life Activities and its Association with Well-Being.\u00a0<em>Psychological Topics, 19<\/em>(2), 373-386.\u00a0<\/a><\/li>\n<li>Altbacker A. (2010). A depresszi\u00f3 \u00e9s a mindfulness kapcsolata A mindfulness fogalm\u00e1nak tiszt\u00e1z\u00e1sa, k\u00e9rd\u0151\u00edves alkalmaz\u00e1sa a depresszi\u00f3 vizsg\u00e1lat\u00e1ban.\u00a0Szakdolgozat, t\u00e9mavezet\u0151: Perczel-Forintos D.<\/li>\n<li><a href=\"https:\/\/semmelweis.hu\/klinikai-pszichologia\/files\/2016\/10\/Mindfulness-and-CBT_Fennell-Segal.pdf\">Melanie Fennell &amp; Zindel Segal \u2013 Mindfulness-based cognitive therapy: culture clash or creative fusion?<\/a><\/li>\n<li><a href=\"https:\/\/semmelweis.hu\/klinikai-pszichologia\/files\/2016\/10\/Interj%C3%BA_MelanieFennell.pdf\">A tudatos jelenl\u00e9t alap\u00fa kognit\u00edv ter\u00e1pia \u2013 Perczel J\u00falia interj\u00faja Melanie Fennellel<\/a><\/li>\n<\/ul>\n<\/div>\n<p style=\"text-align: justify\">\u00a0<\/p>\n<div class=\"publication-item publication-border\" style=\"text-align: justify\">\n<div class=\"optionals\">\u00a0<\/div>\n<\/div>\n<p style=\"text-align: justify\">\n<\/div><h2 class=\"tabtitle\">Szuicid-prevenci\u00f3<\/h2>\n<div class=\"tabcontent\">\n<\/p>\n<h2 style=\"text-align: justify\"><strong><span style=\"font-size: 18pt\">\u00d6ngyilkoss\u00e1g megel\u0151z\u00e9s<\/span><\/strong><\/h2>\n<p style=\"text-align: justify\">E t\u00e9m\u00e1n bel\u00fcl kiemelten az \u00f6ngyilkoss\u00e1g-megel\u0151z\u00e9s lehet\u0151s\u00e9geinek kutat\u00e1s\u00e1val foglalkozunk. Magyarorsz\u00e1gon az \u00f6ngyilkoss\u00e1gi hal\u00e1loz\u00e1s m\u00e9g mindig igen magas \u00e9rt\u00e9keket mutat, ez\u00e9rt az \u00f6ngyilkoss\u00e1g megel\u0151z\u00e9s\u00e9t c\u00e9lz\u00f3 kutat\u00e1soknak kiemelked\u0151 jelent\u0151s\u00e9g\u00fck van haz\u00e1nkban. Statisztikai adatok bizony\u00edtj\u00e1k, hogy az \u00f6ngyilkoss\u00e1gi k\u00eds\u00e9rletre k\u00e9sz\u00fcl\u0151 szem\u00e9lyek 45-75 %-a j\u00e1r a hal\u00e1l\u00e1t megel\u0151z\u0151 1 h\u00f3napban h\u00e1ziorvos\u00e1n\u00e1l ki nem mondott seg\u00edts\u00e9gk\u00e9r\u0151 sz\u00e1nd\u00e9kkal, a vesz\u00e9lyeztetett \u00e1llapot azonban sajnos a legt\u00f6bb esetben nem ker\u00fcl felismer\u00e9sre. Ez felh\u00edvja a figyelmet arra, hogy az \u00f6ngyilkoss\u00e1gi vesz\u00e9lyeztetetts\u00e9g diagnosztiz\u00e1l\u00e1sa nem kiel\u00e9g\u00edt\u0151 haz\u00e1nkban, a megfelel\u0151 sz\u0171r\u0151vizsg\u00e1latok hi\u00e1nyoznak, bevezet\u00e9s\u00fck a vesz\u00e9lyeztetettek korai sz\u0171r\u00e9se szempontj\u00e1b\u00f3l s\u00fcrget\u0151.<\/p>\n<p style=\"text-align: justify\">2001-ben indult el Dr. Perczel-Forintos D\u00f3ra ir\u00e1ny\u00edt\u00e1s\u00e1val egy retrospekt\u00edv vizsg\u00e1lat, mely egy \u00f6ngyilkoss\u00e1gi vesz\u00e9lyt felm\u00e9r\u0151 \u00e9s jelz\u0151 prevenci\u00f3s eszk\u00f6z hazai adapt\u00e1l\u00e1s\u00e1t c\u00e9lozta.<\/p>\n<p style=\"text-align: justify\">A Rem\u00e9nytelens\u00e9g Sk\u00e1l\u00e1t Aaron Beck vezet\u00e9s\u00e9vel egy amerikai kutat\u00f3csoport fejlesztette ki, kifejezetten az \u00f6ngyilkoss\u00e1gi vesz\u00e9lyeztetetts\u00e9g felm\u00e9r\u00e9s\u00e9re \u00e9s el\u0151rejelz\u00e9s\u00e9re. Kutat\u00e1saik sor\u00e1n azt tal\u00e1lt\u00e1k, hogy a rem\u00e9nytelens\u00e9g az \u00f6ngyilkoss\u00e1gi vesz\u00e9lyeztetetts\u00e9g megb\u00edzhat\u00f3bb el\u0151rejelz\u0151j\u00e9nek bizonyult, mint maga a depresszi\u00f3. A korai beavatkoz\u00e1s \u00e9s az id\u0151ben t\u00f6rt\u00e9n\u0151 seg\u00edts\u00e9gny\u00fajt\u00e1s szempontj\u00e1b\u00f3l a rem\u00e9nytelens\u00e9g m\u00e9rt\u00e9k\u00e9nek felm\u00e9r\u00e9se teh\u00e1t kiemelked\u0151 jelent\u0151s\u00e9g\u0171.<\/p>\n<p style=\"text-align: justify\">Kutat\u00e1sunk els\u0151 f\u00e1zis\u00e1ban \u00f6ngyilkoss\u00e1gi k\u00eds\u00e9reltet elk\u00f6vet\u0151 illetve nem elk\u00f6vet\u0151 depresszi\u00f3s betegek csoportj\u00e1ban valamint kontroll popul\u00e1ci\u00f3n felm\u00e9rt\u00fck \u00e9s \u00f6sszehasonl\u00edtottuk a rem\u00e9nytelens\u00e9g m\u00e9rt\u00e9k\u00e9t \u00e9s m\u00e1s kognit\u00edv valamint emocion\u00e1lis jellemz\u0151ket, tov\u00e1bb\u00e1 a Rem\u00e9nytelens\u00e9g Sk\u00e1la pszichometriai vizsg\u00e1lat\u00e1t v\u00e9gezt\u00fck el a k\u00e9rd\u0151\u00edv megb\u00edzhat\u00f3s\u00e1g\u00e1nak \u00e9s validit\u00e1s\u00e1nak vizsg\u00e1lat\u00e1ra. A nemzetk\u00f6zi haszn\u00e1latban l\u00e9v\u0151 teszt pszichometriai jellemz\u0151inek a meg\u00e1llap\u00edt\u00e1sa a teszt magyar popul\u00e1ci\u00f3n val\u00f3 alkalmazhat\u00f3s\u00e1g\u00e1t \u00e9s hasznoss\u00e1g\u00e1t t\u00e1masztj\u00e1k al\u00e1 az \u00f6ngyilkoss\u00e1g megel\u0151z\u00e9s\u00e9ben. Emiatt a Rem\u00e9nytelens\u00e9g Sk\u00e1la r\u00f6vid\u00edtett v\u00e1ltozat\u00e1t is megalkottuk, ami ak\u00e1r a k\u00f6rzeti orvosi rendel\u0151kben is alkalmazhat\u00f3 sz\u0171r\u0151tesztk\u00e9nt.<\/p>\n<p style=\"text-align: justify\">A kutat\u00e1s els\u0151 szakasz\u00e1ban magas rizik\u00f3faktor\u00fa norm\u00e1l popul\u00e1ci\u00f3s minta, h\u00e1ziorvosn\u00e1l megjelent szem\u00e9lyek depresszi\u00f3 \u00e9s rem\u00e9nytelens\u00e9g vizsg\u00e1lata t\u00f6rt\u00e9nt. A kutat\u00e1s k\u00e9s\u0151bbi\u00a0 f\u00e1zisaiban tov\u00e1bbi kutat\u00e1sok folytak ill. folynak az egy\u00e9b pszich\u00e9s zavarokban (pl. depresszi\u00f3, pszich\u00f3zis, szem\u00e9lyis\u00e9gzavar) szenved\u0151 betegek szuicid prevenci\u00f3j\u00e1val ill. megk\u00fczd\u00e9si strat\u00e9gi\u00e1ival kapcsolatban.<\/p>\n<p style=\"text-align: justify\">A magas rizik\u00f3faktor\u00fa klinikai minta, depresszi\u00f3s \u00e9s \u00f6ngyilkoss\u00e1gi k\u00eds\u00e9rletet m\u00e1r elk\u00f6vetett p\u00e1ciensek sz\u00e1m\u00e1ra folyamatosan ind\u00edtunk probl\u00e9mamegold\u00f3 tr\u00e9ninget, amelynek c\u00e9lkit\u0171z\u00e9se a probl\u00e9mamegold\u00f3 k\u00e9pess\u00e9gek fejleszt\u00e9se \u00e9s a pozit\u00edv probl\u00e9maorient\u00e1ci\u00f3 kialak\u00edt\u00e1sa. A probl\u00e9mamegold\u00f3 tr\u00e9ning eredm\u00e9nyek\u00e9nt bizony\u00edthat\u00f3an javulnak a r\u00e9sztvev\u0151k megk\u00fczd\u00e9si k\u00e9pess\u00e9gei. Egy\u00fcttm\u0171k\u00f6d\u0151 partner\u00fcnk a P\u00e9terffy S\u00e1ndor utcai k\u00f3rh\u00e1z Kr\u00edzisintervenci\u00f3s Oszt\u00e1lya.\u00a0<\/p>\n<p style=\"text-align: justify\"><strong>Kutat\u00e1si t\u00e9m\u00e1k:<\/strong><\/p>\n<ol style=\"text-align: justify\">\n<li>\u00d6ngyilkoss\u00e1g megel\u0151z\u00e9s, felm\u00e9r\u00e9s &#8211; Rem\u00e9nytelens\u00e9g Sk\u00e1la pszichometriai mutat\u00f3i<\/li>\n<li>Nem-szuicid\u00e1lis \u00f6ns\u00e9rt\u00e9s vizsg\u00e1lata, \u00f6sszef\u00fcgg\u00e9se az \u00e9rzelemszab\u00e1lyoz\u00e1ssal<\/li>\n<li>\u00d6ngyilkoss\u00e1ggal kapcsolatos attit\u0171d\u00f6k felm\u00e9r\u00e9se<\/li>\n<li>Probl\u00e9mamegold\u00f3 k\u00e9szs\u00e9gek fejleszt\u00e9s\u00e9nek szerepe az \u00f6ngyilkoss\u00e1g megel\u0151z\u00e9sben<\/li>\n<\/ol>\n<p style=\"text-align: justify\"><strong>Az \u00f6ngyilkoss\u00e1gmegel\u0151z\u00e9si kutat\u00e1sokban r\u00e9szt vett:<\/strong><\/p>\n<ul style=\"text-align: justify\">\n<li>Prof. Dr. Perczel-Forintos D\u00f3ra (kutat\u00e1sok vezet\u0151je),<\/li>\n<li><strong>Nem-szuicid\u00e1lis \u00f6ns\u00e9rt\u00e9s vizsg\u00e1lata<\/strong>: Zinner-G\u00e9recz \u00c1gnes, klinikai szakpszichol\u00f3gus; Kresznerits Szilvia, klinikai szakpszichol\u00f3gus, PhD hallgat\u00f3<\/li>\n<li><strong>Probl\u00e9mamegold\u00f3 k\u00e9szs\u00e9gek fejleszt\u00e9se<\/strong>: Ajtay Gy\u00f6ngyi, pszichoterapeuta, klinikai szakpszichol\u00f3gus, Antal-Uram D\u00f3ra, klinikai szakpszichol\u00f3gus, Dr. Vizin Gabriella, pszichoterapeuta, klinikai szakpszichol\u00f3gus<\/li>\n<\/ul>\n<p style=\"text-align: justify\"><strong>Tudom\u00e1nyos munk\u00e1k, tanulm\u00e1nyok:<\/strong><\/p>\n<ul style=\"text-align: justify\">\n<li><a href=\"https:\/\/semmelweis.hu\/klinikai-pszichologia\/files\/2018\/03\/Problem-Solving-Training-for-Suicidal-Patients_Perczel-For.pdf\">Perczel-Forintos D., Ajtay Gy., Enzs\u00f6l F., Uram D., Szil\u00e1gyi S., B\u00e9rdi M. (2017).\u00a0<em>Problem-solving training for patients with attempted suicide.<\/em>\u00a02nd Roman Forum os Suicide, March, 2017, Rome, Italy.<\/a><\/li>\n<li><a href=\"https:\/\/semmelweis.hu\/klinikai-pszichologia\/files\/2017\/04\/Szuicid-prevenci%C3%B3-ir%C3%A1nyelvek_RihmerN%C3%A9methKurimayPerczelForintos_2017_PH.pdf\">Rihmer Z., N\u00e9meth A., Kurimay T. &amp; Perczel-Forintos D. (2017). A feln\u0151ttkori \u00f6ngyilkos magatart\u00e1s felismer\u00e9s\u00e9r\u0151l, ell\u00e1t\u00e1s\u00e1r\u00f3l \u00e9s megel\u0151z\u00e9s\u00e9r\u0151l.\u00a0\u00a0<em>Psychiatria Hungarica, 32<\/em>(1), 4-40.<\/a><\/li>\n<li><a href=\"https:\/\/semmelweis.hu\/klinikai-pszichologia\/files\/2016\/11\/A-szuicid-vesz%C3%A9ly%C3%A1llapot-cs%C3%B6kkent%C3%A9s%C3%A9nek-lehet%C5%91s%C3%A9gei-a-gyakorlatban_Perczel-Forintos-2010-el%C5%91ad%C3%A1s.pdf\">Perczel-Forintos D. (2016).\u00a0<em>Kr\u00edzis\u00e1llapotok. Az \u00f6ngyilkoss\u00e1gi vesz\u00e9ly cs\u00f6kkent\u00e9s\u00e9nek lehet\u0151s\u00e9gei a gyakorlatban<\/em>. El\u0151ad\u00e1s. Semmelweis Egyetem, \u00c1OK, Klinikai \u00e9s ment\u00e1lhigi\u00e9n\u00e9s szakpszichol\u00f3gus szakk\u00e9pz\u00e9s.\u00a0<\/a><\/li>\n<li><a href=\"https:\/\/semmelweis.hu\/klinikai-pszichologia\/files\/2016\/11\/A-szuicid-vesz%C3%A9ly%C3%A1llapot-pszichodiagnosztik%C3%A1ja-Perczel-Forintos-2014-el%C5%91ad%C3%A1s.pdf\">Perczel-Forintos D. (2016).\u00a0<em>A szuicid vesz\u00e9ly\u00e1llapot felm\u00e9r\u00e9se.<\/em>\u00a0El\u0151ad\u00e1s. Semmelweis Egyetem, \u00c1OK, KLinikai \u00e9s ment\u00e1lhigi\u00e9n\u00e9s szakpszichol\u00f3gus szakk\u00e9pz\u00e9s.<\/a><\/li>\n<li><a href=\"https:\/\/semmelweis.hu\/klinikai-pszichologia\/files\/2016\/11\/Beck-Hopelessness-Scale_specific-factors-or-method-effects_Szabo-M%C3%A9sz%C3%A1ros-et-Perczel-Forintos_2015-EJPA.pdf\">Szab\u00f3 M., M\u00e9rsz\u00e1ros V., Sallay J., Ajtay Gy., Boross V., Udvardy-M\u00e9sz\u00e1ros \u00c1., Vizin G. &amp; Perczel-Forintos D. (2015). The Beck Hopelessness Scale: specific factors or method effects?\u00a0<em>European Journal os Psychological Assessment,<\/em>\u00a032, 111-118.<em>\u00a0<\/em><\/a><\/li>\n<li><a href=\"https:\/\/semmelweis.hu\/klinikai-pszichologia\/files\/2016\/11\/Probl%C3%A9mamegold%C3%B3-tr%C3%A9ning-kr.-depresszi%C3%B3ban_Perczel-Forintos-Ajtay-2014-MPT-konf.pdf\">Perczel-Forintos D. \u00e9s Ajtay Gy. (2014).\u00a0<em>Problemamegold\u00f3 tr\u00e9ning kr\u00f3nikus depresszi\u00f3ban.<\/em>\u00a0El\u0151ad\u00e1s. Magyar Pszichi\u00e1triai T\u00e1rsas\u00e1g VIII. Kongresszusa, Budapest.<\/a><\/li>\n<li><a href=\"https:\/\/semmelweis.hu\/klinikai-pszichologia\/files\/2016\/11\/Depresszi%C3%B3-%C3%A9s-%C3%B6ngyilkoss%C3%A1g-megel%C5%91z%C3%A9s_Rihmer-Perczel-Forintos-2014-Neuropharm.-2.pdf\">Rihmer Z. &amp; Perczel-Forintos D. (2014). A depresszi\u00f3 \u00e9s \u00f6ngyilkoss\u00e1gi rizik\u00f3 sz\u0171r\u00e9s\u00e9nek jelent\u0151s\u00e9ge.\u00a0<em>Neuropsychopharmacologia Hungarica, 16<\/em>(2).\u00a0<\/a><\/li>\n<li><a href=\"https:\/\/semmelweis.hu\/klinikai-pszichologia\/files\/2016\/11\/Proposal-for-short-version-Beck-Hopelessness-Scale_Perczel-Forintos-R%C3%B3zsa-Pilling-Kopp-2013-COMHJ.pdf\">Perczel-Forintos D., R\u00f3zsa S., Pilling J. &amp; Kopp M. (2013). Proposal for short version of the Beck hopelessness scale based on a national representative survey in Hungary.\u00a0<em>Community Health Journal, 49<\/em>(6), 822-830.<\/a><\/li>\n<li><a href=\"https:\/\/semmelweis.hu\/klinikai-pszichologia\/files\/2016\/11\/Probl%C3%A9mamegold%C3%B3-tr%C3%A9ning-a-szuicid-prevenci%C3%B3ban_Ajtay-mtsai-2012-PH.pdf\">Ajtay Gy., B\u00e9rdi M., Szil\u00e1gyi S. &amp; Perczel-Forintos D. (2012). Egy hat\u00e9kony beavatkoz\u00e1s szuicid prevenci\u00f3ban: A probl\u00e9mamegold\u00f3 tr\u00e9ning alkalmaz\u00e1sa a klinikumban.\u00a0<em>Psychiatria Hungarica, 27<\/em>(2), 92-102.\u00a0<\/a><\/li>\n<li><a href=\"https:\/\/semmelweis.hu\/klinikai-pszichologia\/files\/2016\/11\/A-klinikai-pszichol%C3%B3gus-szerepe-az-%C3%B6ngyilkoss%C3%A1gi-vesz%C3%A9lyeztetts%C3%A9g-felismer%C3%A9s%C3%A9ben_Perczel-Forintos-2012.pdf\">Perczel-Forintos D. (2012).\u00a0<em>A klinikai pszichol\u00f3gus \u00a0szerepe az \u00f6ngyilkoss\u00e1gi vesz\u00e9lyeztetetts\u00e9g felismer\u00e9s\u00e9ben \u00e9s ell\u00e1t\u00e1s\u00e1ban.<\/em>\u00a0In: Kalm\u00e1r S , N\u00e9meth A , Rihmer Z (szerk.): Az \u00f6ngyilkoss\u00e1g orvosi szemmel: Kock\u00e1zatfelm\u00e9r\u00e9s, kezel\u00e9s, prevenci\u00f3. Medicina K\u00f6nyvkiad\u00f3, Budapest. 319- 333.<\/a><\/li>\n<li><a href=\"https:\/\/semmelweis.hu\/klinikai-pszichologia\/files\/2016\/11\/G%C3%A1tolt-menek%C3%BCl%C3%A9s-az-%C3%B6ngyilkoss%C3%A1g-kogniit%C3%ADv-modellje_Perczel-Forintos-2011-MPSz.pdf\">Perczel-Forintos D. (2011). G\u00e1tolt menek\u00fcl\u00e9s \u2013 az \u00f6ngyilkoss\u00e1g kognit\u00edv modellje.\u00a0<em>Mayar Pszichol\u00f3gaii Szemle, 66<\/em>(1), 185-201.\u00a0<\/a><\/li>\n<li><a href=\"https:\/\/semmelweis.hu\/klinikai-pszichologia\/files\/2016\/11\/Adaptation-of-the-Beck-Hopelessness-Scale-in-Hungary_Perczel-Forintos-Sallai-R%C3%B3zsa_-2010-Psych.Topic_.pdf\">Perczel-Forintos D. &amp; Sallai J. (2010). Adaptation of the Beck Hopelessness Scale in Hungary.\u00a0<em>Psychological Topics, 19<\/em>, 307-321.<\/a><\/li>\n<li><a href=\"https:\/\/semmelweis.hu\/klinikai-pszichologia\/files\/2016\/11\/Beck-Rem%C3%A9nytelens%C3%A9g-Sk%C3%A1la-r%C3%B6vid%C3%ADtett-v%C3%A1ltozata_Hungarostudy_Perczel-Forintos-R%C3%B3zsa-Kopp_2007-PH.pdf\">Perczel-Forintos D., R\u00f3zsa S., Kopp M. (2007). A Beck-f\u00e9le Rem\u00e9nytelens\u00e9g Sk\u00e1la r\u00f6vid\u00edtett v\u00e1ltozat\u00e1nak vizsg\u00e1lata Magyarorsz\u00e1gon egy orsz\u00e1gos reprezentat\u00edv felm\u00e9r\u00e9s t\u00fckr\u00e9ben.\u00a0<em>Psychiatria Hungarica,<\/em>\u00a022(5), 379-389.<\/a><\/li>\n<li><a href=\"https:\/\/semmelweis.hu\/klinikai-pszichologia\/files\/2016\/11\/Az-%C3%B6ngyilkos-magatart%C3%A1s-kognitiv-h%C3%A1tt%C3%A9rt%C3%A9nyez%C5%91i-_-Perczel-Forintos-2001-PH.pdf\">Perczel-Forintos D. (2001). Az \u00f6ngyilkos magatart\u00e1s kognit\u00edv h\u00e1tt\u00e9rt\u00e9nyez\u0151i.\u00a0<em>Psychiatria Hungarica, 16<\/em>(6), 661-668.\u00a0<\/a><\/li>\n<li><a href=\"https:\/\/semmelweis.hu\/klinikai-pszichologia\/files\/2016\/11\/Beck-Rem%C3%A9nytelens%C3%A9g-Sk%C3%A1la-pszichometriai-vizsg%C3%A1lata_Perczel-Forintos-Sallai-R%C3%B3zsa-2001-PH.pdf\">Perczel-Forintos D., Sallai J. &amp; R\u00f3zsa S. (2001). A Beck-f\u00e9le Rem\u00e9nytelens\u00e9g Sk\u00e1la pszichometriai vizsg\u00e1lata.\u00a0<em>Psychiatria Hungarica, 16<\/em>(6), 632-643.<\/a><\/li>\n<\/ul>\n<p style=\"text-align: justify\">Psychiatria Hungarica \u2013 \u00d6ngyilkoss\u00e1g-megel\u0151z\u00e9s \u00e9s probl\u00e9mamegold\u00e1s (szerk.\u00a0Perczel-Forintos D.):<\/p>\n<ol style=\"text-align: justify\">\n<li><a href=\"https:\/\/semmelweis.hu\/klinikai-pszichologia\/files\/2016\/11\/1_Ki%C3%BAt-a-ki%C3%BAttalans%C3%A1gb%C3%B3l_prob%C3%A9mamegold%C3%B3-tr%C3%A9ning_Perczel-Forintos-Po%C3%B3s-2008-PH.pdf\">Perczel-Forintos D., Po\u00f3s J. (2008). Ki\u00fat a ki\u00fattalans\u00e1gb\u00f3l \u2013 probl\u00e9mamegold\u00f3 tr\u00e9ning az \u00f6ngyilkoss\u00e1g vesz\u00e9lyeztetetts\u00e9g megel\u0151z\u00e9s\u00e9ben. \u00c1ttekint\u0151 tanulm\u00e1ny.\u00a0<em>Psychiatria Hungarica, 23<\/em>(1), 4-21.<\/a><\/li>\n<li><a href=\"https:\/\/semmelweis.hu\/klinikai-pszichologia\/files\/2016\/11\/2_Borderline-szuicidalit%C3%A1s_Kurit%C3%A1rn%C3%A9-Szab%C3%B3-Ildik%C3%B3_2008-PH.pdf\">Kurit\u00e1rn\u00e9 Szab\u00f3 I. (2008). A borderline szuicidalit\u00e1s jellegztetess\u00e9gei. Szakirodalmi \u00e1ttekint\u00e9s.\u00a0<em>Psychiatria Hungarica, 23<\/em>(1), 22-33.<\/a><\/li>\n<li><a href=\"https:\/\/semmelweis.hu\/klinikai-pszichologia\/files\/2016\/11\/3_H%C3%A1ziorvosi-rendel%C5%91kben-megjelen%C5%91-rem%C3%A9nytelens%C3%A9g_Ajtay-Petruska-Hegyi-Perczel-Forintos_2008-PH.pdf\">Ajtay Gy., Petruska \u00c9., Hegyi N., Perczel-Forintos D. (2008). A h\u00e1ziorvosi rendel\u0151kben megjelen\u0151 szem\u00e9lyek rem\u00e9nytelens\u00e9g\u00e9nek vizsg\u00e1lata.\u00a0<em>Psychiatria Hungarica, 23<\/em>(1), 34-41.<\/a><\/li>\n<li><a href=\"https:\/\/semmelweis.hu\/klinikai-pszichologia\/files\/2016\/11\/4_Pszichi%C3%A1triai-betegek-probl%C3%A9mammegold%C3%B3-k%C3%A9pess%C3%A9g%C3%A9nek-vizsg%C3%A1lata_Po%C3%B3s-Annus-Perczel-Forintos-2008-PH.pdf\">Po\u00f3s J., Perczel-Forintos D. (2008). Pszichi\u00e1triai betegek probl\u00e9mamegold\u00f3 k\u00e9pess\u00e9g\u00e9nek vizsg\u00e1lata.\u00a0<em>Psychiatria Hungarica, 23<\/em>(1), 42-55.<\/a><\/li>\n<li><a href=\"https:\/\/semmelweis.hu\/klinikai-pszichologia\/files\/2016\/11\/5_Negat%C3%ADv-%C3%A9letesem%C3%A9nyek-%C3%A9s-rem%C3%A9nytelens%C3%A9g-pszich%C3%B3zisban_Perczel-Forintos-Kiss-2008-PH.pdf\">Perczel-Forintos D., Kiss Zs. (2008). Negat\u00edv \u00e9letesem\u00e9nyek \u00e9s rem\u00e9nytelens\u00e9g vizsg\u00e1lata pszichotikus betegek k\u00f6r\u00e9ben.\u00a0<em>Psychiatria Hungarica, 23<\/em>(1), 56-62._<\/a><\/li>\n<\/ol>\n<p style=\"text-align: justify\">\u00a0<\/p>\n<p style=\"text-align: justify\">\n<\/div><h2 class=\"tabtitle\">Obesitas-elh\u00edz\u00e1s<\/h2>\n<div class=\"tabcontent\">\n<\/p>\n<h2 style=\"text-align: justify\"><strong><span style=\"font-size: 18pt\">Elh\u00edz\u00e1s-megel\u0151z\u00e9s, kognit\u00edv-viselked\u00e9ster\u00e1pi\u00e1s tests\u00falycs\u00f6kkent\u0151 program<\/span><\/strong><\/h2>\n<p style=\"text-align: justify\">Az elh\u00edz\u00e1s vil\u00e1gm\u00e9ret\u0171 gyakoris\u00e1ga rendk\u00edv\u00fcl nagy kock\u00e1zatokkal j\u00e1r\u00f3 eg\u00e9szs\u00e9g\u00fcgyi probl\u00e9ma, amelynek kezel\u00e9se mind a mai napig hatalmas kih\u00edv\u00e1st jelent a klinikai pszichol\u00f3gia sz\u00e1m\u00e1ra. A Tansz\u00e9ken (az ELTE Szem\u00e9lyis\u00e9g- \u00e9s Eg\u00e9szs\u00e9gpszichol\u00f3gia Tansz\u00e9k\u00e9vel k\u00f6z\u00f6sen) foly\u00f3 kutat\u00e1sok a hossz\u00fa t\u00e1v\u00fa s\u00falycs\u00f6kken\u00e9sben szerepet j\u00e1tsz\u00f3 magatart\u00e1sbeli, emocion\u00e1lis \u00e9s kognit\u00edv t\u00e9nyez\u0151k felt\u00e1r\u00e1s\u00e1ra ir\u00e1nyulnak. A kognit\u00edv viselked\u00e9ster\u00e1pi\u00e1s tests\u00falycs\u00f6kkent\u0151 program sor\u00e1n fokozatosan tanulj\u00e1k meg a r\u00e9sztvev\u0151k a tests\u00falyuk kontroll\u00e1l\u00e1s\u00e1val kapcsolatos k\u00e9szs\u00e9geket. \u00cdgy 8-10 %-os fogy\u00e1st lehet el\u00e9rni, mely a kutat\u00e1si eredm\u00e9nyek szerint jelent\u0151s javul\u00e1ssal j\u00e1r k\u00fcl\u00f6nb\u00f6z\u0151 eg\u00e9szs\u00e9gi t\u00e9nyez\u0151k ter\u00fclet\u00e9n. A vizsg\u00e1latok sor\u00e1n a csoport fogy\u00e1sban el\u00e9rt hat\u00e9konys\u00e1gvizsg\u00e1lata mellett hangs\u00falyt helyeznek a visszah\u00edz\u00e1s h\u00e1tter\u00e9nek felt\u00e9rk\u00e9pez\u00e9s\u00e9re, megel\u0151z\u00e9s\u00e9nek met\u00f3dusaira, azok hat\u00e9konys\u00e1gvizsg\u00e1lat\u00e1ra is.<\/p>\n<p style=\"text-align: justify\"><strong>Az \u00f6ngyilkoss\u00e1gmegel\u0151z\u00e9si kutat\u00e1sokban r\u00e9sztvev\u0151 kutat\u00f3k:<\/strong><\/p>\n<ul style=\"text-align: justify\">\n<li>Prof. Dr. Perczel-Forintos D\u00f3ra (kutat\u00e1sok vezet\u0151je),<\/li>\n<li>Dr. Kohln\u00e9-Papp Ildik\u00f3, pszichol\u00f3gus, dietetikus<\/li>\n<li>Dr. Czegl\u00e9di Edit, eg\u00e9szs\u00e9gfejleszt\u0151 szakpszichol\u00f3gus<\/li>\n<li>Dr. Vizin Gabriella, klinikai szakpszichol\u00f3gus, pszichoterapeuta<\/li>\n<li>Kiss-Leizer M\u00e1rton, klinikai szakpszichol\u00f3gus<\/li>\n<\/ul>\n<p style=\"text-align: justify\"><strong>Tudom\u00e1nyos munk\u00e1k, tanulm\u00e1nyok:<\/strong><\/p>\n<ul style=\"text-align: justify\">\n<li>Perczel-Forintos, D., Kohln\u00e9 Papp, I., Vizin, G., &amp; Kiss-Leizer, M. (2021). A re\u00e1lis \u00e9s irre\u00e1lis tests\u00falyc\u00e9lok motiv\u00e1ci\u00f3s szerepe a fogy\u00e1sban.,\u00a0<em>Orvosi Hetilap<\/em>,\u00a0<em>162<\/em>(28), 1119-1128. Retrieved Jan 27, 2022, from\u00a0<a href=\"https:\/\/akjournals.com\/view\/journals\/650\/162\/28\/article-p1119.xml\" target=\"_blank\" rel=\"noopener\">https:\/\/akjournals.com\/view\/journals\/650\/162\/28\/article-p1119.xml<\/a><\/li>\n<li>Kohln\u00e9-Papp, I. &amp; Perczel-Forintos, D. (2020). Hogyan fogyjunk tudatosan? Munkaf\u00fczet kognit\u00edv viselked\u00e9ster\u00e1pi\u00e1s tests\u00falycs\u00f6kkent\u0151 programhoz. Oriold \u00e9s T\u00e1rsai Kft.<\/li>\n<li><a href=\"https:\/\/semmelweis.hu\/klinikai-pszichologia\/files\/2017\/06\/Tudatoss%C3%A1g-%C3%A9s-%C3%B6nreflexi%C3%B3_Ment%C3%A1lh2017_PFD.pdf\">Perczel-Forintos D. (2017). Tudatoss\u00e1g \u00e9s \u00f6nreflexi\u00f3: A mindfulness m\u00f3dszerek szerepe az elh\u00edz\u00e1s kezel\u00e9s\u00e9ben.\u00a0<em>Ment\u00e1lhigi\u00e9n\u00e9 \u00e9s Pszichoszomatika, 18<\/em>(2), 125-148.<\/a><\/li>\n<li><a href=\"https:\/\/semmelweis.hu\/klinikai-pszichologia\/files\/2016\/12\/Konszenzuskonf_2016_obesitas_PerczelForintos.pdf\">Perczel-Forintos D. (2017).<em>\u00a0Az elh\u00edz\u00e1s magatart\u00e1sbeli t\u00e9nyez\u0151i \u00e9s befoly\u00e1sol\u00e1si lehet\u0151s\u00e9g\u00fck: g\u00e9nek vagy k\u00f6rnyezet?<\/em>\u00a0El\u0151ad\u00e1s, elhangzott: 3. Konszenzus konferencia az elh\u00edz\u00e1s kialakul\u00e1s\u00e1r\u00f3l, diagnosztik\u00e1j\u00e1r\u00f3l, kezel\u00e9s\u00e9r\u0151l \u00e9s megel\u0151z\u00e9s\u00e9r\u0151l, Eger.<\/a><\/li>\n<li><a href=\"https:\/\/semmelweis.hu\/klinikai-pszichologia\/files\/2016\/11\/Obesity_Zagreb_Perczel-Forintos.pdf\">D\u00f3ra Perczel-Forintos (2015).\u00a0<em>EAT OR NOT TO EAT? A cognitive- behavioral approach to weight control.<\/em>\u00a0I. International Conference of the Croatian Association for Behavioural and Cognitive Therapies.<\/a><\/li>\n<li><a href=\"https:\/\/semmelweis.hu\/klinikai-pszichologia\/files\/2016\/11\/Fogyicsop_viselkth_Pappmtsai_2014OH.pdf\">Papp I., Czegl\u00e9di E., Udvardy-M\u00e9sz\u00e1ros \u00c1., Vizin G., Perczel Forintos D., (2014). A viselked\u00e9ster\u00e1pia eredm\u00e9nyeinek vizsg\u00e1lata az elh\u00edz\u00e1s kezel\u00e9s\u00e9ben egy \u00e9v t\u00e1vlat\u00e1ban.\u00a0<em>Orvosi Hetilap, 155<\/em>(30).<\/a><\/li>\n<li><a href=\"https:\/\/semmelweis.hu\/klinikai-pszichologia\/files\/2016\/11\/Elh%C3%ADz%C3%A1s_pszichoszomatik%C3%A1ka_2014Orvoskepzes_Perczel-ForintosPapp.pdf\">Perczel-Forintos D., Papp I. (2014). Az elh\u00edz\u00e1s_pszichoszomatik\u00e1ja. Orvosk\u00e9pz\u00e9s \u2013 A gradu\u00e1lis \u00e9s posztgradu\u00e1lis k\u00e9pz\u00e9s foly\u00f3irata, 89(3), 354-428.<\/a><\/li>\n<li><a href=\"https:\/\/semmelweis.hu\/klinikai-pszichologia\/files\/2016\/11\/Obes_viselkter%C3%A1pia_PappIldik%C3%B3-PhDkonf_2013.pdf\">Papp I., Udvardy \u2013 M\u00e9sz\u00e1ros \u00c1., Czegl\u00e9di E., Vizin G., Perczel Forintos D. (2013).\u00a0<em>A viselked\u00e9ster\u00e1pia hat\u00e9konys\u00e1g\u00e1nak vizsg\u00e1lata az elh\u00edz\u00e1s kezel\u00e9s\u00e9ben.<\/em>\u00a0Semmelweis Egyetem Doktori Iskola konferencia.<\/a><\/li>\n<li><a href=\"https:\/\/semmelweis.hu\/klinikai-pszichologia\/files\/2016\/11\/Elh%C3%ADz%C3%A1s_kognit%C3%ADv-viselked%C3%A9sth_Perczel-ForintosCzegl%C3%A9di_36-59old.pdf\">Perczel Forintos D., Czegl\u00e9di E. (2011). Az elh\u00edz\u00e1s kognit\u00edv (\u00e9s) viselked\u00e9ster\u00e1pi\u00e1s megk\u00f6zel\u00edt\u00e9si lehet\u0151s\u00e9gei. In. T\u00fary F. \u00e9s P\u00e1szthy B. (szerk). Az ev\u00e9szavarok pszichoter\u00e1pi\u00e1j\u00e1nak aktu\u00e1lis k\u00e9rd\u00e9sei. 36-59.old.\u00a0<\/a><\/li>\n<li><a href=\"https:\/\/semmelweis.hu\/klinikai-pszichologia\/files\/2016\/11\/Elhizas_diabetes_Sal_PI_PFD_2011.pdf\">Sal I., Papp I., Perczel Forintos D. (2011). Magatart\u00e1s-orvosl\u00e1si lehet\u0151s\u00e9gek a cukorbetegs\u00e9g \u00e9s az elh\u00edz\u00e1s kezel\u00e9s\u00e9ben.\u00a0<em>Orvosi Hetilap, 153<\/em>(11), 410-417.<\/a><\/li>\n<li><a href=\"https:\/\/semmelweis.hu\/klinikai-pszichologia\/files\/2016\/11\/Fal%C3%A1nks%C3%A1g_t%C3%BAls%C3%BAly_elhiz%C3%A1s_Perczel_Czegledi_2009PH.pdf\">Perczel Forintos D., Czegl\u00e9di E. (2009). Fal\u00e1nks\u00e1g, t\u00fals\u00faly, elh\u00edz\u00e1s. Az obesitas pszichoter\u00e1pi\u00e1s megk\u00f6zel\u00edt\u00e9se.\u00a0<em>Psychiatria Hungarica, 24(5).<\/em><\/a><\/li>\n<\/ul>\n<p style=\"text-align: justify\">\u00a0<\/p>\n<p style=\"text-align: justify\">\n<\/div><h2 class=\"tabtitle\">Szoci\u00e1lis szorong\u00e1s, asszertivit\u00e1s, alacsony \u00f6n\u00e9rt\u00e9kel\u00e9s<\/h2>\n<div class=\"tabcontent\">\n<\/p>\n<h2 style=\"text-align: justify\"><strong><span style=\"font-size: 18pt\">Alacsony \u00f6n\u00e9rt\u00e9kel\u00e9s kezel\u00e9s: szoci\u00e1lis szorong\u00e1s, asszertivit\u00e1s-kutat\u00e1s<\/span><\/strong><\/h2>\n<p style=\"text-align: justify\">A kutat\u00e1s c\u00e9lja a leggyakoribb szorong\u00e1sos megbeteged\u00e9s (Jefferys, D 1997), a szoci\u00e1lis f\u00f3bia kognit\u00edv jellemz\u0151inek vizsg\u00e1lata \u00e9s ehhez kapcsol\u00f3dva a szoci\u00e1lis f\u00f3bia kognit\u00edv viselked\u00e9ster\u00e1pi\u00e1j\u00e1nak (KVT) hat\u00e9konys\u00e1gvizsg\u00e1lata (\u00f6sszehasonl\u00edt\u00e1sa viselked\u00e9ster\u00e1pi\u00e1val \u00e9s v\u00e1r\u00f3list\u00e1s kontroll szem\u00e9lyekkel).<\/p>\n<p style=\"text-align: justify\">1. Kognit\u00edv jellemz\u0151k vizsg\u00e1lata:<\/p>\n<p style=\"text-align: justify\">Els\u0151sorban interj\u00fak \u00e9s k\u00e9rd\u0151\u00edvek seg\u00edts\u00e9g\u00e9vel vizsg\u00e1ljuk szoci\u00e1lis f\u00f3bi\u00e1s betegek kognit\u00edv strukt\u00far\u00e1j\u00e1t, \u00f6nk\u00e9p\u00e9t \u00e9s maladapt\u00edv, diszfunkcion\u00e1lis s\u00e9m\u00e1it.<\/p>\n<p style=\"text-align: justify\">2. \u00d6sszehasonl\u00edt\u00f3 ter\u00e1pi\u00e1s vizsg\u00e1lat<\/p>\n<p style=\"text-align: justify\">Az el\u0151z\u0151 t\u00e9m\u00e1hoz szorosan illeszked\u0151 m\u00e1sodik c\u00e9lunk pedig az, hogy a szoci\u00e1lis f\u00f3bia kognit\u00edv modellj\u00e9n alapul\u00f3 pszichoter\u00e1pi\u00e1s kezel\u00e9s c\u00e9lzottabban, a legink\u00e1bb problematikus kogn\u00edci\u00f3kra f\u00f3kusz\u00e1ljon: \u00faj, kev\u00e9sb\u00e9 szorong\u00e1st kelt\u0151 helyzet\u00e9rtelmez\u00e9s csak akkor v\u00e1rhat\u00f3, ha meg\u00e9rtj\u00fck, mi\u00e9rt problematikus az adott szitu\u00e1ci\u00f3 a p\u00e1ciens sz\u00e1m\u00e1ra. Ez az\u00e9rt is fontos, mert szoci\u00e1lis f\u00f3bi\u00e1n\u00e1l a negat\u00edv \u00f6n\u00e9rt\u00e9kel\u00e9s rendk\u00edv\u0171l szil\u00e1rd, a k\u00f3rk\u00e9p igen nehezen befoly\u00e1solhat\u00f3.<\/p>\n<p style=\"text-align: justify\">A szoci\u00e1lis f\u00f3bia kutat\u00e1sok szerint j\u00f3l reag\u00e1l farmakoter\u00e1pi\u00e1s (moclobemide) (Nutt \u00e9s Montgomery, 1996) \u00e9s kognit\u00edv viselked\u00e9ster\u00e1pi\u00e1s kezel\u00e9sre. Azonban m\u00e9g mindig nem \u00e1ll elegend\u0151 adat rendelkez\u00e9sre ahhoz, hogy el lehessen d\u00f6nteni, melyik a hat\u00e9konyabb kezel\u00e9si forma illetve sz\u00fcks\u00e9ges -e a kombin\u00e1ci\u00f3?<\/p>\n<p style=\"text-align: justify\">A kezel\u00e9st k\u00f6vet\u0151 id\u0151szakban a visszaes\u00e9si ar\u00e1nyok azt mutatj\u00e1k, hogy farmakoter\u00e1pia eset\u00e9n ez az ar\u00e1ny 40%, m\u00edg KVT ut\u00e1n 5% (Gelernter, Uhde, Cimbolic et al, 1991). A szakirodalomban nagy az ig\u00e9ny a randomiz\u00e1lt, kontroll\u00e1lt pszichoter\u00e1pi\u00e1s vizsg\u00e1latokra: ilyen jelleg\u0171 vizsg\u00e1lat nem folyik m\u00e9g haz\u00e1nkban. \u00c9ppen ez\u00e9rt kutat\u00e1sunkban szoci\u00e1lis f\u00f3bi\u00e1s betegek h\u00e1rom csoportj\u00e1t (25-25 beteget) hasonl\u00edtjuk \u00f6ssze: kognit\u00edv viselked\u00e9ster\u00e1pi\u00e1ban r\u00e9szes\u00fcl\u0151, \u0093tiszta\u0094 viselked\u00e9ster\u00e1pi\u00e1ban r\u00e9szes\u00fcl\u0151 \u00e9s v\u00e1r\u00f3list\u00e1n lev\u0151 csoport v\u00e1ltoz\u00e1s\u00e1t a kezel\u00e9s hat\u00e1s\u00e1ra.<\/p>\n<p style=\"text-align: justify\"><strong>Az alacsony \u00f6n\u00e9rt\u00e9kel\u00e9s, asszertivit\u00e1s \u00e9s szoci\u00e1lis szorong\u00e1s vizsg\u00e1lat\u00e1ban r\u00e9szt vev\u0151 kutat\u00f3k:<\/strong><\/p>\n<ul style=\"text-align: justify\">\n<li>Prof. Dr. Perczel-Forintos D\u00f3ra (kutat\u00e1sok vezet\u0151je),<\/li>\n<li>Kresznerits Szilvia, klinikai szakpszichol\u00f3gus<\/li>\n<li>Dr. Fellegin\u00e9 Tak\u00e1cs Anna, klinikai szakpszichol\u00f3gus, pszichoterapeuta<\/li>\n<\/ul>\n<p style=\"text-align: justify\"><strong>Tudom\u00e1nyos munk\u00e1k, tanulm\u00e1nyok:<\/strong><\/p>\n<ul style=\"text-align: justify\">\n<li>Kresznerits, Sz., R\u00f3zsa, S., &amp; Perczel-Forintos, D. (2021). A transdiagnostic model of low self-esteem: pathway analysis in a heterogeneous clinical sample.\u00a0<em>BEHAVIOURAL AND COGNITIVE PSYCHOTHERAPY<\/em>, 1\u201316. <a href=\"http:\/\/doi.org\/10.1017\/S1352465821000485\">http:\/\/doi.org\/10.1017\/S1352465821000485<\/a><\/li>\n<li><a href=\"https:\/\/semmelweis.hu\/klinikai-pszichologia\/files\/2017\/06\/Szoci%C3%A1lis-szorong%C3%A1s-%C3%A9s-%C3%B6n%C3%A9rt%C3%A9kel%C3%A9s_Perczel-Forintoskresznerits_2017.pdf\">Perczel-Forintos D. &amp; Kresznerits Sz. (2017). Szoci\u00e1lis szorong\u00e1s \u00e9s \u00f6n\u00e9rt\u00e9kel\u00e9s: a \u201cF\u00e9lelem a negat\u00edv meg\u00edt\u00e9l\u00e9st\u0151l\u201d (F\u00c9LNE) k\u00e9rd\u0151\u00edv hazai adap\u00e1ci\u00f3ja.\u00a0<em>Orvosi Hetilap, 158<\/em>(22), 843-850.<\/a><\/li>\n<li><a href=\"https:\/\/semmelweis.hu\/klinikai-pszichologia\/files\/2016\/11\/Introducing-Assertiveness-Training-in-Hungary.pdf\">Perczel D. &amp; Tringer L. (1998). Introducing assertiveness training Hungary.\u00a0<em>Scandinavian Journal of Behaviour Therapy,<\/em>\u00a027(3), 124-129<\/a>.<\/li>\n<li><a href=\"https:\/\/semmelweis.hu\/klinikai-pszichologia\/files\/2016\/11\/Szoci%C3%A1lis-f%C3%B3bia_Perczel-Forintos_1999_MagyarPszichologiaiSzemle.pdf\">Perczel-Forintos D. (1999). Szoci\u00e1lis f\u00f3bia.\u00a0<em>Magyar Pszichol\u00f3giai Szemle, 54<\/em>(4), 607-624.<\/a><\/li>\n<li><a href=\"https:\/\/semmelweis.hu\/klinikai-pszichologia\/files\/2016\/11\/Asszertivit%C3%A1st-vizsg%C3%A1l%C3%B3-k%C3%A9rd%C5%91%C3%ADvek-pszichometriai-elemz%C3%A9se_PerczelTringer_1995.pdf\">Perczel D. &amp; Tringer L. (1995). Asszertivit\u00e1st vizsg\u00e1l\u00f3 k\u00e9rd\u0151\u00edvek pszichometriai elemz\u00e9se.\u00a0<em>Psychiatria Hungarica, 10<\/em>(3), 251-267.<\/a><\/li>\n<li><a href=\"https:\/\/semmelweis.hu\/klinikai-pszichologia\/files\/2016\/11\/Az-asszert%C3%ADv-viselked%C3%A9s-%C3%A9s-fejleszt%C3%A9s%C3%A9nek-lehet%C5%91s%C3%A9gei-elm%C3%A9leti-%C3%A1ttekint%C3%A9s_PerczelTringer_1994.pdf\">Perczel D. &amp; Tringer L. (1994). Az asszert\u00edv viselked\u00e9s \u00e9s fejleszt\u00e9s\u00e9nek lehet\u0151s\u00e9gei, elm\u00e9leti \u00e1ttekint\u00e9s.\u00a0<em>Psychiatria Hungarica, 9<\/em>(6), 583-596.\u00a0<\/a><\/li>\n<li><a href=\"https:\/\/semmelweis.hu\/klinikai-pszichologia\/files\/2016\/11\/Asszert%C3%ADv-tr%C3%A9ning-alkalmaz%C3%A1sa-a-ment%C3%A1lhigi%C3%A9n%C3%A9s-ell%C3%A1t%C3%A1sban_PerczelTringer_1994.pdf\">Perczel D. &amp; Tringer L. (1994). Az asszert\u00edv tr\u00e9ning alkalmaz\u00e1sa a ment\u00e1lhigi\u00e9n\u00e9s ell\u00e1t\u00e1sban.\u00a0<em>Psychiatria Hungarica, 9<\/em>(6), 515-533.\u00a0<\/a><\/li>\n<\/ul>\n<p style=\"text-align: justify\">\u00a0<\/p>\n<p style=\"text-align: justify\">\n<\/div><h2 class=\"tabtitle\">Publik\u00e1ci\u00f3k<\/h2>\n<div class=\"tabcontent\">\n<\/p>\n<p><span style=\"font-size: 1rem\"><\/div><\/div><\/span><\/p>\n","protected":false},"excerpt":{"rendered":"<p>Legfrissebb publik\u00e1ci\u00f3k: A Klinikai Pszichol\u00f3gia Tansz\u00e9k legfrissebb k\u00f6zlem\u00e9nyei a <a href=\"https:\/\/m2.mtmt.hu\/gui2\/?type=institutes&amp;mode=browse&amp;sel=institutes23849\">Magyar Tudom\u00e1nyos M\u0171vek T\u00e1rh\u00e1z\u00e1<\/a> ban <a href=\"https:\/\/semmelweis.hu\/klinikai-pszichologia\/tudomanyos-kutatomunka\/kutatasi-teruletek\/\">Aktu\u00e1lis kutat\u00e1si t\u00e9m\u00e1k:<\/a> N\u0151i reprodukt\u00edv ment\u00e1lis eg\u00e9szs\u00e9g Szem\u00e9lyis\u00e9gzavarok dimenzion\u00e1lis megk\u00f6zel\u00edt\u00e9se Mindfulness kutat\u00e1s a klinikumban: fejf\u00e1j\u00e1s, depresszi\u00f3,\u00a0 szoci\u00e1lis szorong\u00e1s Az\u00a0\u00f6ngyilkoss\u00e1gi vesz\u00e9ly\u00e1llapot megel\u0151z\u00e9s\u00e9nek lehet\u0151s\u00e9gei\u00a0 Kognit\u00edv pszichoter\u00e1pi\u00e1s csoport hat\u00e9konys\u00e1ga eml\u0151r\u00e1kkal k\u00fczd\u0151 betegek k\u00f6r\u00e9ben (CBT-O\/KLO\u00c9) program hat\u00e9konys\u00e1gvizsg\u00e1lat Az obesitas \u00e9s tests\u00falyprobl\u00e9m\u00e1k pszichol\u00f3gia t\u00e9nyez\u0151inek vizsg\u00e1lata \u00e9s kezel\u00e9si\u00a0lehet\u0151s\u00e9gei. Asszertivit\u00e1s \u00e9s szoci\u00e1lis szorong\u00e1s, alacsony \u00f6n\u00e9rt\u00e9kel\u00e9s &hellip;<\/p>\n","protected":false},"author":336,"featured_media":0,"parent":9,"menu_order":1,"comment_status":"open","ping_status":"open","template":"","meta":{"_acf_changed":false,"footnotes":""},"categories":[],"tags":[],"class_list":["post-293","page","type-page","status-publish","hentry"],"acf":[],"_links":{"self":[{"href":"https:\/\/semmelweis.hu\/klinikai-pszichologia\/wp-json\/wp\/v2\/pages\/293","targetHints":{"allow":["GET"]}}],"collection":[{"href":"https:\/\/semmelweis.hu\/klinikai-pszichologia\/wp-json\/wp\/v2\/pages"}],"about":[{"href":"https:\/\/semmelweis.hu\/klinikai-pszichologia\/wp-json\/wp\/v2\/types\/page"}],"author":[{"embeddable":true,"href":"https:\/\/semmelweis.hu\/klinikai-pszichologia\/wp-json\/wp\/v2\/users\/336"}],"replies":[{"embeddable":true,"href":"https:\/\/semmelweis.hu\/klinikai-pszichologia\/wp-json\/wp\/v2\/comments?post=293"}],"version-history":[{"count":12,"href":"https:\/\/semmelweis.hu\/klinikai-pszichologia\/wp-json\/wp\/v2\/pages\/293\/revisions"}],"predecessor-version":[{"id":8223,"href":"https:\/\/semmelweis.hu\/klinikai-pszichologia\/wp-json\/wp\/v2\/pages\/293\/revisions\/8223"}],"up":[{"embeddable":true,"href":"https:\/\/semmelweis.hu\/klinikai-pszichologia\/wp-json\/wp\/v2\/pages\/9"}],"wp:attachment":[{"href":"https:\/\/semmelweis.hu\/klinikai-pszichologia\/wp-json\/wp\/v2\/media?parent=293"}],"wp:term":[{"taxonomy":"category","embeddable":true,"href":"https:\/\/semmelweis.hu\/klinikai-pszichologia\/wp-json\/wp\/v2\/categories?post=293"},{"taxonomy":"post_tag","embeddable":true,"href":"https:\/\/semmelweis.hu\/klinikai-pszichologia\/wp-json\/wp\/v2\/tags?post=293"}],"curies":[{"name":"wp","href":"https:\/\/api.w.org\/{rel}","templated":true}]}}