{"id":8,"date":"2015-12-28T00:00:00","date_gmt":"2015-12-27T23:00:00","guid":{"rendered":"http:\/\/semmelweis.hu\/kiserletimuto\/az-allatmuto-tortenete-1950-1980\/"},"modified":"2023-04-13T09:46:00","modified_gmt":"2023-04-13T07:46:00","slug":"a-kiserleti-muto-tortenete","status":"publish","type":"page","link":"https:\/\/semmelweis.hu\/kiserletimuto\/bemutatkozas\/a-kiserleti-muto-tortenete\/","title":{"rendered":"A K\u00eds\u00e9rleti M\u0171t\u0151 t\u00f6rt\u00e9nete"},"content":{"rendered":"<h2>Az \u201e\u00e1llatm\u0171t\u0151\u201d t\u00f6rt\u00e9nete<\/h2>\n<p>A Semmelweis Egyetem Seb\u00e9szeti, Transzplant\u00e1ci\u00f3s \u00e9s Gasztroenterol\u00f3giai Klinik\u00e1ja id\u00e9n \u00fcnnepli fenn\u00e1ll\u00e1s\u00e1nak 112. \u00e9vfordul\u00f3j\u00e1t. A klinika alagsor\u00e1ban tal\u00e1lhat\u00f3 \u00e1llatm\u0171t\u0151 l\u00e9trehoz\u00e1s\u00e1r\u00f3l pontos adataink nincsenek, de az bizonyos, hogy m\u00e1r az \u201956-os forradalom \u00e9s szabads\u00e1gharc idej\u00e9n l\u00e9tezett. Ezt igazolja Prof. K\u00f3s Rudolf visszaeml\u00e9kez\u00e9se (Orvosok Lapja 2006 III\/8:5.), mely szerint: <em>\u201eA Budapesti Orvosegyetem \u00dcll\u0151 \u00fati I. sz. Seb\u00e9szeti Klinik\u00e1ja m\u00e1r az els\u0151 napokban \u00bbharci k\u00f6r\u00fclm\u00e9nyek\u00ab k\u00f6z\u00e9 ker\u00fclt. Kit\u00f6rt ablakai miatt hamarosan csak az alagsori \u201ekutyam\u0171t\u0151t\u201d \u00e1talak\u00edtva tudtak oper\u00e1lni. Okt\u00f3ber 26-28-a k\u00f6zt az \u00e9p\u00fcletben a helyzet tarthatatlann\u00e1 v\u00e1lt, \u00e9s 300 beteget r\u00e9szben az alagsorban kellett helyezni\u00fck\u2026\u201d<\/em> Sajnos a Klinik\u00e1nkon az \u00f6tvenes \u00e9vek el\u0151tti id\u0151szakr\u00f3l, ami az \u00e1llatm\u0171t\u0151t illeti, csak igen kev\u00e9s inform\u00e1ci\u00f3 \u00e1ll rendelkez\u00e9s\u00fcnkre.<\/p>\n<div class=\"responsive-tabs\">\n<h2 class=\"tabtitle\">A Kezdetek<\/h2>\n<div class=\"tabcontent\">\n\n<h2>A kezdetek<\/h2>\n<p>Ismeretes, az Eg\u00e9szs\u00e9g\u00fcgyi Miniszt\u00e9rium 1951-ben hat\u00e1rozta el t\u00e1janat\u00f3miai \u00e9s m\u0171t\u00e9ttani int\u00e9zetek l\u00e9trehoz\u00e1s\u00e1t az orvosi egyetemen. A Budapesti Orvostudom\u00e1nyi Egyetem \u00c1ltal\u00e1nos Orvoskari Tan\u00e1cs\u00e1nak 1951. decemberi \u00fcl\u00e9s\u00e9n jelentette be a kar d\u00e9k\u00e1nja az int\u00e9zet megalap\u00edt\u00e1s\u00e1t. A d\u00e9k\u00e1n t\u00e1j\u00e9koztatta a Kari Tan\u00e1csot arr\u00f3l, hogy az eg\u00e9szs\u00e9g\u00fcgyi miniszter 1951.december 1-jei hat\u00e1llyal a tansz\u00e9k megszervez\u00e9s\u00e9vel \u00e9s ideiglenes vezet\u00e9s\u00e9vel dr. Bornemissza Gy\u00f6rgy miniszt\u00e9riumi f\u0151el\u0151ad\u00f3t b\u00edzta meg, aki egy\u00e9bk\u00e9nt seb\u00e9sz f\u0151orvos volt \u00e9s az I. Sz. Seb\u00e9szeti Klinik\u00e1r\u00f3l ker\u00fclt a miniszt\u00e9riumba. Az int\u00e9zetek feladata az orvostanhallgat\u00f3k seb\u00e9szeti gyakorlati k\u00e9pz\u00e9se volt k\u00e9t f\u00e9l\u00e9ves klinikai el\u0151ad\u00e1sokon \u00e9s t\u00e1janat\u00f3miai gyakorlatokon. A szegedi int\u00e9zet vezet\u0151je Petri G\u00e1bor volt, a debreceni\u00e9 Bornemissza Gy\u00f6rgy, a p\u00e9csi\u00e9 Karlinger Tiham\u00e9r.<\/p>\n<p>Budapesten az int\u00e9zet az 1951\/1952-es tan\u00e9v m\u00e1sodik f\u00e9l\u00e9v\u00e9ben kezdte meg m\u0171k\u00f6d\u00e9s\u00e9t. A tansz\u00e9k az Anat\u00f3miai Int\u00e9zetben nyert elhelyez\u00e9st a d\u00e9k\u00e1n szerint \u201eideiglenes jelleggel\u201d, azonban megsz\u0171n\u00e9s\u00e9ig mindv\u00e9gig ott m\u0171k\u00f6d\u00f6tt, meglehet\u0151sen sz\u0171k\u00f6s \u00e9s mostoha k\u00f6r\u00fclm\u00e9nyek k\u00f6z\u00f6tt. 1952. janu\u00e1rj\u00e1ban meghirdetik a p\u00e1ly\u00e1zatot a T\u00e1janat\u00f3miai \u00e9s M\u0171t\u00e9ttani Int\u00e9zet tansz\u00e9kvezet\u0151i \u00e1ll\u00e1s\u00e1ra. A p\u00e1ly\u00e1zat eredm\u00e9nyek\u00e9nt az \u00c1ltal\u00e1nos Orvoskari Tan\u00e1cs 1952. m\u00e1rcius 26-ai \u00fcl\u00e9s\u00e9n dr. Nagy D\u00e9nes kinevez\u00e9s\u00e9t t\u00e1mogatta huszonnyolc igen \u00e9s \u00f6t nem szavazat mellett. \u201eIsten malmai\u201d akkor is lassan \u0151r\u00f6ltek, mert az \u00c1ltal\u00e1nos Orvoskar d\u00e9k\u00e1nja pontosan egy \u00e9vre r\u00e1, 1953. m\u00e1rcius 11-ei tan\u00e1cs\u00fcl\u00e9s\u00e9n t\u00e1j\u00e9koztatja a kart, hogy az eg\u00e9szs\u00e9g\u00fcgyi minisztert, dr. Nagy D\u00e9nest tansz\u00e9kvezet\u0151, egyetemi docenss\u00e9 nevezte ki a T\u00e1janat\u00f3miai M\u0171t\u00e9ttani Int\u00e9zet \u00e9l\u00e9re. Nagy D\u00e9nes docens kor\u00e1bban a Szent R\u00f3kus K\u00f3rh\u00e1zban dolgozott seb\u00e9szk\u00e9nt f\u00e9l \u00e9vet, majd az Anat\u00f3miai Int\u00e9zetben Kiss Ferencz professzor adjunktusa lett. Dr. Nagy D\u00e9nes kinevez\u00e9s\u00e9vel egyid\u0151ben dr. Bornemissza Gy\u00f6rgy docens a Debreceni Orvostudom\u00e1nyi Egyetem T\u00e1janat\u00f3miai \u00e9s M\u0171t\u00e9ttani Int\u00e9zet\u00e9nek \u00e9l\u00e9re nyert kinevez\u00e9st.<\/p>\n<p>M\u00e9g 1953-ban az int\u00e9zet nev\u00e9t Seb\u00e9szeti Anat\u00f3miai \u00e9s M\u0171t\u00e9ttani Int\u00e9zetre v\u00e1ltoztatt\u00e1k, dr. Nagy D\u00e9nest egyetemi tan\u00e1rr\u00e1 nevezik ki, miut\u00e1n r\u00f6ntgen-anat\u00f3miai atlasz\u00e1\u00e9rt Kossuth-d\u00edjat kapott. Rajta k\u00edv\u00fcl ekkor az int\u00e9zetben tizenk\u00e9t orvos dolgozott. A budapesti int\u00e9zet megalakul\u00e1s\u00e1t k\u00f6vet\u0151en \u2013 \u00e9s l\u00e9nyeg\u00e9ben megsz\u0171n\u00e9s\u00e9ig- d\u00f6nt\u0151 m\u00f3don oktat\u00e1si feladatokat l\u00e1tott el. Ennek keret\u00e9ben negyed\u00e9ves \u00e1ltal\u00e1nos orvostanhallgat\u00f3kat oktatott k\u00e9t f\u00e9l\u00e9ves t\u00e1rgyk\u00e9nt \u00e9s fogorvostanhallgat\u00f3kat egy f\u00e9l\u00e9ves t\u00e1rgyk\u00e9nt heti kett\u0151 \u00f3ra tantermi el\u0151ad\u00e1ssal \u00e9s heti k\u00e9t \u00f3ra tantermi gyakorlattal. A gyakorlatokon a hallgat\u00f3k heti rendszeress\u00e9ggel \u00e1llat \u00e9s tetem m\u0171t\u00e9teket v\u00e9geztek \u00f6n\u00e1ll\u00f3an, a gyakorlatvezet\u0151k ir\u00e1ny\u00edt\u00e1s\u00e1val.<\/p>\n<p>Az Anat\u00f3miai Int\u00e9zet els\u0151 emelet\u00e9n m\u0171k\u00f6d\u0151 Int\u00e9zetben egy \u00e1llatm\u0171t\u0151 volt csup\u00e1n erre a c\u00e9lra k\u00e9t asztallal, ahol a gyakorlatok napi rendszeress\u00e9ggel folytak. A t\u00e1rgy oktat\u00e1s\u00e1t szigorlat z\u00e1rta. Az oktat\u00e1s mellett az int\u00e9zet- munkat\u00e1rsai r\u00e9sz\u00e9re- klinikai gyakorlati tov\u00e1bbk\u00e9pz\u00e9sre fektette a f\u0151 hangs\u00falyt. A Baross utcai, akkor II. Sz. Seb\u00e9szeti Klinika \u00e9s M\u0171t\u00e9ttani Int\u00e9zet k\u00f6z\u00f6tt l\u00e9trej\u00f6tt meg\u00e1llapod\u00e1s szerint az int\u00e9zet h\u00fasz \u00e1gyas r\u00e9szleget kapott a klinik\u00e1n bel\u00fcl, ahol az int\u00e9zet orvosai l\u00e1tt\u00e1k el az oszt\u00e1lyos orvosi feladatokat a klinika egyik adjunktus\u00e1nak ir\u00e1ny\u00edt\u00e1sa alatt. Teljes jog\u00fa tagk\u00e9nt vettek r\u00e9szt a klinika munk\u00e1j\u00e1ban, m\u0171t\u00e9tekben assziszt\u00e1ltak \u00e9s \u00f6n\u00e1ll\u00f3an v\u00e9geztek m\u0171t\u00e9teket. Az int\u00e9zet orvosai megfelel\u0151 beoszt\u00e1s szerint forg\u00f3sz\u00ednpad-szer\u0171en vettek r\u00e9szt ebben a tev\u00e9kenys\u00e9gben. Ez a rendszer hat-h\u00e9t \u00e9ven kereszt\u00fcl m\u0171k\u00f6d\u00f6tt, majd szem\u00e9lyi okok miatt a 60-as \u00e9vek elej\u00e9n megsz\u0171nt. R\u00e9szint a lehet\u0151s\u00e9g (igen sz\u0171k\u00f6s elhelyez\u00e9s, igen rossz felszerelts\u00e9g), r\u00e9szint azonban megfelel\u0151 aktivit\u00e1s hi\u00e1ny\u00e1ban az int\u00e9zetben \u00f6n\u00e1ll\u00f3 tudom\u00e1nyos tev\u00e9kenys\u00e9g, k\u00eds\u00e9rletes munka nem folyt. Ezt r\u00e9szben az azonos \u00e9p\u00fcletben m\u0171k\u00f6d\u0151 Anat\u00f3miai Int\u00e9zettel \u00e9s a Sz\u00f6vettani \u00e9s Fejl\u0151d\u00e9stani Int\u00e9zettel k\u00f6z\u00f6sen v\u00e9gzett egy\u00e9ni tudom\u00e1nyos kapcsolat \u00e9s k\u00f6z\u00f6s munka, r\u00e9szben a rendszeres tudom\u00e1nyos refer\u00e1l\u00f3 \u00fcl\u00e9sek p\u00f3tolt\u00e1k.<\/p>\n<p>Sajn\u00e1latos m\u00f3don dr. Nagy D\u00e9nes professzor szem\u00e9lyes probl\u00e9m\u00e1i miatt 1964. november\u00e9ben elhagyta az orsz\u00e1got. Ez id\u0151 t\u00e1jt egyetem\u00fcnk\u00f6n, els\u0151sorban az \u00e1ltal\u00e1nos orvoskaron bel\u00fcl er\u0151sen megoszlottak a v\u00e9lem\u00e9nynek az int\u00e9zet l\u00e9tjogosults\u00e1g\u00e1val kapcsolatban. Kedvez\u0151tlen\u00fcl hatottak a meg\u00edt\u00e9l\u00e9s \u00e9s d\u00f6nt\u00e9s szempontj\u00e1b\u00f3l az \u00f6n\u00e1ll\u00f3 k\u00eds\u00e9rletes \u00e9s tudom\u00e1nyos munka eml\u00edtett hi\u00e1nya, a betegell\u00e1t\u00f3 tev\u00e9kenys\u00e9g megsz\u0171n\u00e9se \u00e9s az azonos \u00e9p\u00fcletben lev\u0151 int\u00e9zetek sz\u0171k\u00f6s elhelyezked\u00e9se. Ez\u00e9rt az egyetemen bel\u00fcl az int\u00e9zet megsz\u0171n\u00e9s\u00e9nek koncepci\u00f3ja ker\u00fclt elfogad\u00e1sra.<\/p>\n<p>Megegyez\u00e9s sz\u00fcletett dr. T\u00f6r\u0151 Imre a Sz\u00f6vettani \u00e9s Fejl\u0151d\u00e9stani Int\u00e9zet professzora \u00e9s <a href=\"https:\/\/semmelweis.hu\/sebeszet\/a-klinikarol\/a-xvii-szazadtol-napjainkig\/tanszekvezetok\/rubanyi-pal\/\" target=\"_blank\" rel=\"noopener\">dr. Rub\u00e1nyi P\u00e1l<\/a> az I. Sz. Seb\u00e9szeti Klinika professzora k\u00f6z\u00f6tt, hogy a M\u0171t\u00e9ttani Int\u00e9zet oktat\u00f3 feladatai k\u00f6z\u00fcl az anat\u00f3miai oktat\u00e1st a T\u00f6r\u0151 professzor \u00e1ltal vezetett int\u00e9zet, a m\u0171t\u00e9ttan oktat\u00e1s\u00e1t az I. Sz. Seb\u00e9szeti Klinika veszi \u00e1t. Ennek megfelel\u0151en az egyetemi tan\u00e1cs hat\u00e1rozat\u00e1val a M\u0171t\u00e9ttani Int\u00e9zetet 1966. j\u00fanius 30-\u00e1val megsz\u00fcntett\u00e9k. Az Int\u00e9zetben dogoz\u00f3k r\u00e9szben az Anat\u00f3miai Int\u00e9zetben (Somogyi Barnab\u00e1s dr., Kausz M\u00e1ria dr., Juh\u00e1sz \u00c1gnes dr.) m\u00e1sok a Baross utcai Seb\u00e9szeti Klinik\u00e1n (Moln\u00e1r K\u00e1roly dr.), illetve az int\u00e9zet jelent\u0151s r\u00e9sz\u00e9t kitev\u0151, fiatalabb gener\u00e1ci\u00f3 az I. sz. Seb\u00e9szeti Klinik\u00e1n folytatta a munk\u00e1j\u00e1t klinikai vonalon, seb\u00e9szk\u00e9nt (Faller J\u00f3zsef dr., Kiszti N\u00f3ra dr., Szita Mih\u00e1ly dr., Sulyok Bal\u00e1zs dr.,) vagy anaesthesiol\u00f3gusk\u00e9nt (P\u00e1sztor M\u00e1ria dr.).<\/p>\n<p>A klinikai kutat\u00f3munka el\u0151seg\u00edt\u00e9s\u00e9re ezt k\u00f6vet\u0151en az egyetem l\u00e9trehozta a k\u00fcls\u0151 klinikai telepen a Klinikai Kutat\u00f3 Laborat\u00f3riumot Kov\u00e1ch Arisztid professzor vezet\u00e9s\u00e9vel. Ez az int\u00e9zet magas szint\u0171 tudom\u00e1nyos tev\u00e9kenys\u00e9get ind\u00edtott el, els\u0151sorban \u00e9lettani jelleggel. Az int\u00e9zet k\u00e9s\u0151bb az egyetem II. Sz. \u00c9lettani Int\u00e9zet\u00e9v\u00e9 v\u00e1lt. Nagyon sok klinikus sz\u00e1m\u00e1ra ny\u00fajtott kutat\u00e1si lehet\u0151s\u00e9get \u00e9s seg\u00edts\u00e9get disszert\u00e1ci\u00f3j\u00e1nak elk\u00e9sz\u00edt\u00e9s\u00e9hez. A m\u0171t\u00e9ttani oktat\u00e1s azonban teljesen elveszett.<\/p>\n<p>A Klinik\u00e1n m\u0171k\u00f6d\u0151 K\u00eds\u00e9rleti M\u0171t\u0151 \u2013 kor\u00e1bban \u00e1llatm\u0171t\u0151 n\u00e9vre hallgat\u00f3, nem \u00f6n\u00e1ll\u00f3 szervezeti egys\u00e9g \u2013 az 1960-as \u00e9vek v\u00e9g\u00e9t\u0151l a \u201980-as \u00e9vek v\u00e9g\u00e9ig sz\u00e1mos, jelenleg vezet\u0151 beoszt\u00e1s\u00fa egyetemi oktat\u00f3seb\u00e9sznek \u00e9s aneszteziol\u00f3gus orvosnak szolg\u00e1lt laborat\u00f3riumi m\u0171helyk\u00e9nt tudom\u00e1nyos fokozatuk megszerz\u00e9s\u00e9hez. Itt a hely sz\u0171k\u00f6s volta miatt -szemben a Seb\u00e9szeti Anat\u00f3miai \u00e9s M\u0171t\u00e9ttani Int\u00e9zettel\u2013 oktat\u00e1s nem, csak kutat\u00f3 munka folyt.<\/p>\n<p>A K\u00eds\u00e9rleti M\u0171t\u0151, ak\u00e1rcsak ma, h\u00e1rom helyis\u00e9gb\u0151l: egy \u00e1llattart\u00f3, egy el\u0151k\u00e9sz\u00edt\u0151 \u00e9s egy m\u0171t\u0151 helys\u00e9gb\u0151l \u00e1llt. A Klinika ezen laborj\u00e1ban sz\u00fcletett disszert\u00e1ci\u00f3k, kandid\u00e1tusi \u00e9s nagydoktori \u00e9rtekez\u00e9sek a magyar seb\u00e9szt\u00e1rsadalom mai nagyjainak munk\u00e1j\u00e1t seg\u00edtett\u00e9k el\u0151mozd\u00edtani \u00e9s teret engedetek az alkalmazott kutat\u00e1sok ezen speci\u00e1lis form\u00e1j\u00e1nak, a k\u00eds\u00e9rletes seb\u00e9szetnek a kibontakoz\u00e1s\u00e1hoz. A klinik\u00e1n foly\u00f3 \u00e1llatk\u00eds\u00e9rletek kifejezetten seb\u00e9szi jelleg\u0171ek voltak, f\u0151k\u00e9nt kuty\u00e1kon \u00e9s nyulakon. A hatvanas \u00e9vek sor\u00e1n itt ker\u00fclt sor t\u00f6bbek k\u00f6z\u00f6tt Kov\u00e1cs Andr\u00e1s plasztikai seb\u00e9sz nyulakon v\u00e9gzett orr-, \u00e9s f\u00fclplasztikai k\u00eds\u00e9rleteire. Innen sz\u00e1rmaznak a klinikai \u201ev\u00e1rosi legend\u00e1k\u201d a lyukasztott f\u00fcl\u0171, v\u00e9letlen\u00fcl elszabadult nyulakr\u00f3l \u00e9s kuty\u00e1kr\u00f3l, melyek\u00e9rt egy \u00e9jszaka \u201ehajt\u00f3vad\u00e1szat\u201d indult a k\u00fcls\u0151 klinikai t\u00f6mb kertj\u00e9ben.<\/p>\n<p>A hetvenes \u00e9vek elej\u00e9n v\u00e1lt id\u0151szer\u0171v\u00e9 a transzplant\u00e1ci\u00f3 k\u00e9rd\u00e9se, els\u0151sorban k\u00eds\u00e9rleti szinten. Az I. sz. Seb\u00e9szeti Klinika, azon bel\u00fcl <a href=\"https:\/\/semmelweis.hu\/sebeszet\/a-klinikarol\/a-xvii-szazadtol-napjainkig\/tanszekvezetok\/szecseny-andor\/\" target=\"_blank\" rel=\"noopener\">Sz\u00e9cs\u00e9ny Professzor<\/a> miniszt\u00e9riumi megb\u00edz\u00e1st kapott, hogy transzplant\u00e1ci\u00f3s kutat\u00e1sokat v\u00e9gezzen. Az akkor m\u00e9g adjunktusk\u00e9nt, k\u00e9s\u0151bb docensk\u00e9nt, majd Szegeden professzork\u00e9nt m\u0171k\u00f6d\u0151 Kar\u00e1csonyi S\u00e1ndor doktor nev\u00e9vel kezd\u0151dtek a vese-, \u00e9s m\u00e1jtraszplant\u00e1ci\u00f3s k\u00eds\u00e9rletek, melyek egy r\u00e9sze a szervprezerv\u00e1ci\u00f3t c\u00e9lozta meg. Kar\u00e1csony S\u00e1ndor 1974-ben v\u00e9dte meg disszert\u00e1ci\u00f3j\u00e1t az anhepatikus f\u00e1zis fiziol\u00f3gi\u00e1j\u00e1b\u00f3l, majd 1976-ban \u201c\u00c1t\u00fcltet\u00e9sre el\u0151k\u00e9sz\u00edtett m\u00e1j konzerv\u00e1l\u00e1s\u00e1val nyert tapasztalataink\u201d c\u00edmmel Faller J\u00f3zsef Professzor k\u00e9sz\u00edtette el kandid\u00e1tusi \u00e9rtekez\u00e9s\u00e9t. 1976-ban <a href=\"https:\/\/semmelweis.hu\/sebeszet\/a-klinikarol\/a-xvii-szazadtol-napjainkig\/tanszekvezetok\/kupcsulik-peter\/\" target=\"_blank\" rel=\"noopener\">Prof. Kupcsulik P\u00e9ter<\/a> \u201eAz ischaemia hat\u00e1sa a m\u00e1jra. A m\u00e1jk\u00e1rosod\u00e1s megel\u0151z\u00e9s\u00e9nek lehet\u0151s\u00e9gei\u201d munk\u00e1j\u00e1val eg\u00e9sz\u00edtette ki a sort a m\u00e1j\u00e1t\u00fcltet\u00e9ssel kapcsolatos k\u00eds\u00e9rletekben. Ezzel k\u00f6zel egy id\u0151ben (1975) sz\u00fcletett meg <a href=\"https:\/\/semmelweis.hu\/sebeszet\/a-klinikarol\/a-xvii-szazadtol-napjainkig\/tanszekvezetok\/flautner-lajos\/\" target=\"_blank\" rel=\"noopener\">Flautner Lajos Professzor \u00dar<\/a> \u201eK\u00eds\u00e9rletes pancreas-transplantatio egyes k\u00e9rd\u00e9sei\u201d c\u00edm\u0171 \u00e9rt\u00e9kez\u00e9se is, mely kivitelez\u00e9s\u00e9ben nagy seg\u00edts\u00e9get ny\u00fajtott Tihanyi Tibor Professzor \u00dar \u00e9s Boch Gy\u00f6rgy Doktor.<\/p>\n<p>A transzplant\u00e1ci\u00f3s k\u00eds\u00e9rletekkel egy id\u0151ben egyre t\u00f6bb t\u00e9ma, kandid\u00e1tusi \u00f6szt\u00f6nd\u00edj \u00e9s tudom\u00e1nyos fokozat l\u00e1tott napvil\u00e1got. Az akkor aspir\u00e1nsnak (ma Ph.D. hallgat\u00f3nak) nevezett kutat\u00f3k k\u00f6z\u00f6tt szerepelt t\u00f6bbek k\u00f6zt Herceg B\u00e9la Dr. (k\u00e9s\u0151bb a R\u00f3bert K\u00e1roly \u00dati K\u00f3rh\u00e1z seb\u00e9sz f\u0151orvosa), aki az ileus k\u00f3rtan\u00e1val \u00e9s ennek seb\u00e9szeti k\u00f6vetkezm\u00e9nyeivel fogalakozott. Nev\u00e9hez egy-egy szellemes t\u00f6rt\u00e9net k\u00f6t\u0151dik. Az \u00c1llatm\u0171t\u0151ben seb\u00e9sztechnikai k\u00e9rd\u00e9sek megold\u00e1s\u00e1ra \u00e9s megval\u00f3s\u00edt\u00e1s\u00e1ra volt lehet\u0151s\u00e9g \u00e9s ig\u00e9ny. M\u00edg a k\u00eds\u00e9rlet seb\u00e9szi, technikai r\u00e9sze az \u00c1llatm\u0171t\u0151ben folyt, addig a pontosabb m\u0171szeres, laborat\u00f3riumi munk\u00e1khoz Kov\u00e1cs Arisztid Professzor \u00dar vezette Klinikai K\u00eds\u00e9rleti Kutat\u00f3 Laborat\u00f3rium \u00e9s Stekker K\u00e1roly Dr. vezette klinikai laborat\u00f3rium ny\u00fajtott seg\u00edts\u00e9get. Az ilyen t\u00edpus\u00fa kollabor\u00e1ci\u00f3k napjainkban is nagym\u00e9rt\u00e9kben seg\u00edtik a K\u00eds\u00e9rleti M\u0171t\u0151 \u00e9let\u00e9t. Ebben az id\u0151ben az \u00e1llatm\u0171t\u0151 napi rendszeress\u00e9ggel, programszer\u0171en m\u0171k\u00f6d\u00f6tt. Ebben a mindenki \u00e1ltal csak \u201ekuty\u00e1s Lacinak\u201d nevezett Szeg\u0151 L\u00e1szl\u00f3 ny\u00fajtott seg\u00edts\u00e9get \u2013 \u0150 volt felel\u0151s az \u00e1llatok gondoz\u00e1s\u00e1\u00e9rt. Ez id\u0151 t\u00e1jt rendszeres tudom\u00e1nyos di\u00e1kk\u00f6ri kutat\u00f3k (Kokas P\u00e9ter, Ung\u00e1r L\u00e1szl\u00f3, Simon G\u00e1bor\u2026) csatlakoztak az \u00c1llatm\u0171t\u0151 \u00e9let\u00e9hez.<\/p>\n<p>A hetvenes \u00e9vek m\u00e1sodik fel\u00e9t \u00e9s a nyolcvanas \u00e9vek elej\u00e9t az acut pancreatitissel kapcsolatos k\u00eds\u00e9rletek uralt\u00e1k, melyekben Popik Ervin Dr. volt az \u00e9len, akinek kuty\u00e1i alkalmank\u00e9nt megett\u00e9k a plasztik\u00e1zott f\u00fcl\u0171 nyulakat. Tam\u00e1si S\u00e1ndor bordat\u00f6r\u00e9sek f\u00e9mlemezes r\u00f6gz\u00edt\u00e9s\u00e9t tanulm\u00e1nyozta nyulakon, mely t\u00f6bb technikai neh\u00e9zs\u00e9gre is r\u00e1vil\u00e1g\u00edtott a t\u00e9m\u00e1ban. A fenti kutat\u00e1sokkal k\u00f6zel egyid\u0151ben Al\u00e1nt Oszk\u00e1r Dr. \u00e9s Pulay Istv\u00e1n Dr. klinik\u00e1nk Klinikofarmakol\u00f3giai laborat\u00f3rium\u00e1ban a pipecuronium bromide-dal folytatott kutyak\u00eds\u00e9rleteivel az aneszteziol\u00f3gia ter\u00fclet\u00e9n \u00e9rt el jelent\u0151s kutat\u00e1si eredm\u00e9nyeket.<\/p>\n<p>Al\u00e1nt Oszk\u00e1r Dr. vezet\u00e9s\u00e9vel folyt tov\u00e1bb\u00e1 a transzplant\u00e1ci\u00f3s id\u0151szak egyik \u00e9get\u0151 k\u00e9rd\u00e9s\u00e9nek megv\u00e1laszol\u00e1sa, \u00fam: pancreas b\u00e9ta sejt izol\u00e1ci\u00f3, encapsul\u00e1ci\u00f3. Ennek alapj\u00e1n sz\u00fcletett meg Hor\u00e1nyi J\u00e1nos Dr. \u201eBioartefici\u00e1lis pancreas \u00e9s egy\u00e9b endocrin sz\u00f6vetek k\u00eds\u00e9rletes \u00e9s klinikai transzplant\u00e1ci\u00f3ja\u201d c\u00edm\u0171 disszert\u00e1ci\u00f3ja 1987-ben.<\/p>\n<p>A gasztroenterol\u00f3gia tov\u00e1bbi izgalmas, a nyolcvanas \u00e9vek aktu\u00e1lis k\u00e9rd\u00e9sk\u00f6r\u00e9vel, a fek\u00e9lyseb\u00e9szettel kapcsolatban Dr. Forg\u00e1cs Andr\u00e1snak \u201eNyom\u00e1s \u00e9s pH v\u00e1ltoz\u00e1sok in vivo m\u00e9r\u00e9se \u00e9s diagnosztikus \u00e9rt\u00e9ke a t\u00e1pcsatorna fels\u0151 szakasz\u00e1n\u201e c\u00edm\u0171 1987-es \u00e9rtekez\u00e9se tartalmaz sok k\u00eds\u00e9rletes elemet. Forg\u00e1cs Andr\u00e1s Dr. 1978-t\u00f3l a 2001-ig volt megb\u00edzott vezet\u0151je a K\u00eds\u00e9rleti M\u0171t\u0151nek, mely sor\u00e1n a m\u0171t\u0151 eszk\u00f6zparkja b\u0151v\u00fclt, mikroseb\u00e9szeti technik\u00e1k, m\u0171szerek, mikroszk\u00f3pok ker\u00fcltek beszerz\u00e9sre.<\/p>\n<p>A kilencvenes \u00e9vek elej\u00e9ig tart\u00f3 akt\u00edv kutat\u00e1sok mellett (Dr. Farkas Andr\u00e1s: Az umbilicalis kan\u00fcl\u00e1l\u00e1s diagnosztikus \u00e9s ter\u00e1pi\u00e1s lehet\u0151s\u00e9gei. 1980; Dr. Kokas P\u00e9ter: K-vitamin f\u00fcgg\u0151 \u00e9s a XI, XII alvad\u00e1si faktor aktivit\u00e1si szintj\u00e9nek v\u00e1ltoz\u00e1sai izol\u00e1ltan perfund\u00e1lt \u00e9p \u00e9s k\u00f3r\u00f3s patk\u00e1nym\u00e1jban. 1986; Prof. Bodoky Gy\u00f6rgy \u00e9s <a href=\"https:\/\/semmelweis.hu\/sebeszet\/a-klinikarol\/a-xvii-szazadtol-napjainkig\/tanszekvezetok\/harsanyi-laszlo\/\" target=\"_blank\" rel=\"noopener\">Dr. Hars\u00e1nyi L\u00e1szl\u00f3<\/a>: A mesters\u00e9ges t\u00e1pl\u00e1l\u00e1s \u00faj lehet\u0151s\u00e9geinek k\u00eds\u00e9rletes \u00e9s klinikai vizsg\u00e1lata. 1991) egyre nagyobb ig\u00e9ny mutatkozott az oktat\u00e1s, a m\u0171t\u00e9ttani k\u00e9pz\u00e9s ir\u00e1nt. Tihanyi Tibor Professzor vezet\u00e9s\u00e9vel, az Ethicon t\u00e1mogat\u00e1sa mellett, az akkoriban \u00fajszer\u0171nek min\u0151s\u00fcl\u0151 laparoscopos oktat\u00e1s bevezet\u00e9se jelentett \u00faj feladatot a Klinika sz\u00e1m\u00e1ra. Seb\u00e9szek sz\u00e1m\u00e1ra k\u00f6vetelm\u00e9nyk\u00e9nt el\u0151\u00edrt, sert\u00e9seken v\u00e9gezett laparoscopos cholecystectomia igen nagy \u00e9rdekl\u0151d\u00e9st v\u00e1ltott ki szakmai k\u00f6r\u00f6kben, t\u00f6bb sz\u00e1z seb\u00e9sz r\u00e9szes\u00fclt laparoscopos k\u00e9pz\u00e9sben p\u00e1r \u00e9v alatt. Ugyanilyen lend\u00fclettel folyt a h\u00e1ziorvosok, csal\u00e1dorvosok seb\u00e9szeti m\u0171t\u00e9ttani alapk\u00e9pz\u00e9se is, mely jelenleg \u201eCsal\u00e1dorvos seb\u00e9szete\u201d c\u00edmmel v\u00e1laszthat\u00f3 t\u00e1rgyk\u00e9nt van jelen a gradu\u00e1lis oktat\u00e1sban.<\/p>\n\n<\/div><h2 class=\"tabtitle\">A k\u00f6zelm\u00falt<\/h2>\n<div class=\"tabcontent\">\n\n<h2>A k\u00f6zelm\u00faltt\u00f3l napjainkig<\/h2>\n<p class=\"hiddenContentp\">Az 1990-es \u00e9vekben a megv\u00e1ltozott finansz\u00edroz\u00e1si rendszer miatt, a programszer\u0171en m\u0171k\u00f6d\u0151 K\u00eds\u00e9rleti M\u0171t\u0151 munk\u00e1ja lelassult, meg\u00e1llt. 1997-ben Szij\u00e1rt\u00f3 Attila \u00e9s Hahn Oszk\u00e1r, akkor negyed\u00e9ves orvostanhallgat\u00f3k egyetemi tanulm\u00e1nyaik mellett kapcsol\u00f3dtak be a Semmelweis Egyetem I. sz. Seb\u00e9szeti Klinik\u00e1j\u00e1n foly\u00f3 seb\u00e9szeti k\u00e9pz\u00e9sbe. T\u00e9mavezet\u0151j\u00fckkel \u2013 Kupcsulik P\u00e9ter Professzor \u00darral \u2013 egy\u00fctt c\u00e9lul t\u0171zt\u00e9k ki az \u00e1llatk\u00eds\u00e9rletek ism\u00e9telt megszervez\u00e9ses\u00e9t, seb\u00e9szeti klinikai k\u00e9rd\u00e9sek k\u00eds\u00e9rletes k\u00f6r\u00fclm\u00e9nyek k\u00f6z\u00f6tt fel\u00e1ll\u00edtott modelleken val\u00f3 tanulm\u00e1nyoz\u00e1s\u00e1t.<\/p>\n<p class=\"hiddenContentp\">Az akkor m\u00e1r igen rossz \u00e1llapotban l\u00e9v\u0151 alagsori helyis\u00e9g sz\u0171k\u00f6s anyagi forr\u00e1sokb\u00f3l \u00e9s \u00f6ner\u0151b\u0151l fel\u00faj\u00edt\u00e1sra ker\u00fclt, \u00fajra haszn\u00e1lhat\u00f3v\u00e1 v\u00e1lt. A 1990-es \u00e9vek v\u00e9g\u00e9re a m\u00e1j microcirculatioj\u00e1nak \u00e9s ischaemi\u00e1s k\u00e1rosod\u00e1s\u00e1nak t\u00e9mak\u00f6r\u00e9ben kor\u00e1n \u00f6n\u00e1ll\u00f3 kutat\u00e1si terv k\u00e9sz\u00fclt. Az \u00edgy \u00e9letre keltett m\u0171t\u0151i tev\u00e9kenys\u00e9g gasztroenterol\u00f3giai, onkol\u00f3giai kutat\u00e1sokat vett c\u00e9lba, kollabor\u00e1ci\u00f3k keret\u00e9ben gasztroenterol\u00f3giai profil\u00fa seb\u00e9szeti vizsg\u00e1latoknak sz\u00e9les k\u00f6rben adott \u00e9s ad ma is teret.<\/p>\n<p class=\"hiddenContentp\">Hossz\u00fa id\u0151 ut\u00e1n \u00fajra, 2007-ben Ph.D. fokozat sz\u00fcletett \u201eAz ischaemi\u00e1s tolerancia n\u00f6vel\u00e9s\u00e9nek lehet\u0151s\u00e9gei a m\u00e1jseb\u00e9szetben. \u2013 <a href=\"https:\/\/semmelweis.hu\/sebeszet\/a-klinikarol\/a-xvii-szazadtol-napjainkig\/tanszekvezetok\/szijarto-attila\/\" target=\"_blank\" rel=\"noopener\">Dr. Szij\u00e1rt\u00f3 Attila<\/a>\u201d c\u00edmmel Prof. Schaff Zsuzsa (II. sz. Patol\u00f3giai Int\u00e9zet) \u00e9s Prof. Kupcsulik P\u00e9ter t\u00e9mavezet\u00e9s\u00e9vel. Ezt k\u00f6vet\u0151en Szij\u00e1rt\u00f3 Attila Dr. vezet\u00e9s\u00e9vel a klinik\u00e1n foly\u00f3 k\u00eds\u00e9rletes seb\u00e9szeti tev\u00e9kenys\u00e9gek \u00fajra elindultak. Ebben a munkacsoportban dolgoz\u00f3 60-70 TDK hallgat\u00f3 sz\u00e1mos els\u0151d\u00edjas rektori p\u00e1lyamunk\u00e1t, szakdolgozatot k\u00e9sz\u00edtett k\u00eds\u00e9rletes munk\u00e1b\u00f3l. Mind a Semmelweis Egyetem TDK Konferenci\u00e1j\u00e1n, mind az orsz\u00e1gos TDK konferenci\u00e1n val\u00f3 r\u00e9szv\u00e9tel\u00fcnk kimagasl\u00f3 volt az elm\u00falt \u00e9vekben.<\/p>\n<p class=\"hiddenContentp\">A fentiek csak egy szoros munkak\u00f6z\u00f6ss\u00e9gben \u00e9s kollabor\u00e1ci\u00f3ban voltak el\u00e9rhet\u0151ek. 2008\/2009-es tan\u00e9vben, a K\u00eds\u00e9rleti M\u0171t\u0151 lelkes tagjainak kezdem\u00e9nyez\u00e9s\u00e9re a k\u00eds\u00e9rletes munka mellett oktat\u00e1si c\u00e9llal elind\u00edtottuk a Mindentud\u00e1s Egyeteme anal\u00f3gi\u00e1j\u00e1ra a Mit Sem Sejt\u00e9s Egyetem el\u0151ad\u00e1s sorozatot (MISSE). A k\u00e9thetente klinik\u00e1nk k\u00f6nyvt\u00e1r\u00e1ban megrendezett k\u00f6tetlen \u00fcl\u00e9seken csatlakozva a kutat\u00e1si t\u00e9m\u00e1khoz, egy-egy elm\u00e9leti \u00e9s klinikai refer\u00e1l\u00f3t tartottunk \u2013 \u00e9s tartunk jelenleg is \u2013 egy t\u00e9m\u00e1b\u00f3l kb. k\u00e9tszer 25 perc hossz\u00fas\u00e1gban. A komoly felk\u00e9sz\u00fcl\u00e9st ig\u00e9nyl\u0151 el\u0151ad\u00e1sok nagy tetsz\u00e9st v\u00e1ltottak ki. F\u0151k\u00e9nt olyan t\u00e9m\u00e1k ker\u00fclnek ter\u00edt\u00e9kre, melyek a curriculumban komplett m\u00f3don nem, csup\u00e1n a k\u00fcl\u00f6nb\u00f6z\u0151 diszcipl\u00edn\u00e1kban elsz\u00f3rtan, \u00e9rint\u0151legesen szerepelnek.<\/p>\n<p class=\"hiddenContentp\">A fenti kezdem\u00e9nyez\u00e9s folytat\u00e1sak\u00e9nt a 2009\/2010-es tan\u00e9vt\u0151l a Seb\u00e9szet hat\u00e1rter\u00fcletei \u2013 Gondolkod\u00f3 seb\u00e9szet c\u00edmmel nyilv\u00e1nos el\u0151ad\u00e1sok keret\u00e9ben gradu\u00e1lis \u00e9s posztgradu\u00e1lis k\u00e9pz\u00e9si programot ind\u00edtottunk. A m\u0171helynek a posztgradu\u00e1lis k\u00e9pz\u00e9sben is jelent\u0151s szerepe van: 2008-t\u00f3l a Semmelweis Egyetem Doktori Iskol\u00e1ja k\u00e9t t\u00e9m\u00e1t fogadott be vezet\u00e9semmel, \u00fam.: Klinikai orvostudom\u00e1nyok Tudom\u00e1ny\u00e1gi Doktori Iskola \u2013 Gasztroenterol\u00f3gia \u2013 \u201cMikrocirkul\u00e1ci\u00f3s \u00e9s molekul\u00e1ris v\u00e1ltoz\u00e1sok vizsg\u00e1lata seb\u00e9szeti megbeteged\u00e9sekben\u201d, illetve Klinikai orvostudom\u00e1nyok Tudom\u00e1ny\u00e1gi Doktori Iskola \u2013 Klinikai \u00e9s k\u00eds\u00e9rletes angiol\u00f3giai kutat\u00e1sok \u2013 K\u00eds\u00e9rletes \u00e9rseb\u00e9szet \u2013 klinikai alkalmaz\u00e1sok. Ennek kapcs\u00e1n a K\u00eds\u00e9rleti M\u0171t\u0151ben 10 PhD hallgat\u00f3 v\u00e9gzett. Jelenleg Dr. Daradics No\u00e9mi (fokozatszerz\u0151) \u00e9s Dr. L\u00e9vay Kl\u00e1ra (PhD hallgat\u00f3) v\u00e9gzi \u00e1llatk\u00eds\u00e9rletes kutat\u00f3munk\u00e1j\u00e1t laborunkban.<\/p>\n\n<\/div><h2 class=\"tabtitle\">Gal\u00e9ria<\/h2>\n<div class=\"tabcontent\">\n\n<h2>Gal\u00e9ria (2000-t\u0151l napjainkig)<\/h2>\n[slb_exclude]<div data-carousel-extra='{\"blog_id\":149,\"permalink\":\"https:\\\/\\\/semmelweis.hu\\\/kiserletimuto\\\/bemutatkozas\\\/a-kiserleti-muto-tortenete\\\/\"}' class=\"tiled-gallery type-rectangular\" data-original-width=\"753\"><div class=\"gallery-row\" style=\"width: 748px; height: 334px;\"><div class=\"gallery-group images-1\" style=\"width: 449px; height: 338px;\"><div class=\"tiled-gallery-item tiled-gallery-item-large\"><a href=\"https:\/\/semmelweis.hu\/kiserletimuto\/files\/2023\/03\/300_b5148b9b7795c0a19e7193c159f521de_20140708112444SE_TDK_2014-1024x768-1.jpg\"><img loading=\"lazy\" decoding=\"async\" data-attachment-id=\"1441\" data-orig-file=\"https:\/\/semmelweis.hu\/kiserletimuto\/files\/2023\/03\/300_b5148b9b7795c0a19e7193c159f521de_20140708112444SE_TDK_2014-1024x768-1.jpg\" data-orig-size=\"1024,768\" data-comments-opened=\"0\" data-image-meta=\"{&quot;aperture&quot;:&quot;0&quot;,&quot;credit&quot;:&quot;&quot;,&quot;camera&quot;:&quot;&quot;,&quot;caption&quot;:&quot;&quot;,&quot;created_timestamp&quot;:&quot;0&quot;,&quot;copyright&quot;:&quot;&quot;,&quot;focal_length&quot;:&quot;0&quot;,&quot;iso&quot;:&quot;0&quot;,&quot;shutter_speed&quot;:&quot;0&quot;,&quot;title&quot;:&quot;&quot;,&quot;orientation&quot;:&quot;0&quot;}\" data-image-title=\"300_b5148b9b7795c0a19e7193c159f521de_20140708112444SE_TDK_2014-1024&#215;768\" data-image-description=\"\" data-medium-file=\"https:\/\/semmelweis.hu\/kiserletimuto\/files\/2023\/03\/300_b5148b9b7795c0a19e7193c159f521de_20140708112444SE_TDK_2014-1024x768-1-300x225.jpg\" data-large-file=\"https:\/\/semmelweis.hu\/kiserletimuto\/files\/2023\/03\/300_b5148b9b7795c0a19e7193c159f521de_20140708112444SE_TDK_2014-1024x768-1.jpg\" src=\"https:\/\/semmelweis.hu\/kiserletimuto\/files\/2023\/03\/300_b5148b9b7795c0a19e7193c159f521de_20140708112444SE_TDK_2014-1024x768-1-445x334.jpg\" width=\"445\" height=\"334\" align=\"left\" title=\"\" \/><\/a><\/div><\/div><div class=\"gallery-group images-2\" style=\"width: 299px; height: 338px;\"><div class=\"tiled-gallery-item tiled-gallery-item-large\"><a href=\"https:\/\/semmelweis.hu\/kiserletimuto\/files\/2023\/03\/289_bd8925cdcc3b3c49bf31c6320f880112_20140120215242IMG_1699-1024x768-1.jpg\"><img loading=\"lazy\" decoding=\"async\" data-attachment-id=\"1440\" data-orig-file=\"https:\/\/semmelweis.hu\/kiserletimuto\/files\/2023\/03\/289_bd8925cdcc3b3c49bf31c6320f880112_20140120215242IMG_1699-1024x768-1.jpg\" data-orig-size=\"1024,768\" data-comments-opened=\"0\" data-image-meta=\"{&quot;aperture&quot;:&quot;0&quot;,&quot;credit&quot;:&quot;&quot;,&quot;camera&quot;:&quot;&quot;,&quot;caption&quot;:&quot;&quot;,&quot;created_timestamp&quot;:&quot;0&quot;,&quot;copyright&quot;:&quot;&quot;,&quot;focal_length&quot;:&quot;0&quot;,&quot;iso&quot;:&quot;0&quot;,&quot;shutter_speed&quot;:&quot;0&quot;,&quot;title&quot;:&quot;&quot;,&quot;orientation&quot;:&quot;0&quot;}\" data-image-title=\"289_bd8925cdcc3b3c49bf31c6320f880112_20140120215242IMG_1699-1024&#215;768\" data-image-description=\"\" data-medium-file=\"https:\/\/semmelweis.hu\/kiserletimuto\/files\/2023\/03\/289_bd8925cdcc3b3c49bf31c6320f880112_20140120215242IMG_1699-1024x768-1-300x225.jpg\" data-large-file=\"https:\/\/semmelweis.hu\/kiserletimuto\/files\/2023\/03\/289_bd8925cdcc3b3c49bf31c6320f880112_20140120215242IMG_1699-1024x768-1.jpg\" src=\"https:\/\/semmelweis.hu\/kiserletimuto\/files\/2023\/03\/289_bd8925cdcc3b3c49bf31c6320f880112_20140120215242IMG_1699-1024x768-1-295x222.jpg\" width=\"295\" height=\"222\" align=\"left\" title=\"\" \/><\/a><\/div><div class=\"tiled-gallery-item tiled-gallery-item-large\"><a href=\"https:\/\/semmelweis.hu\/kiserletimuto\/files\/2023\/03\/u12-e1452164211234.jpg\"><img loading=\"lazy\" decoding=\"async\" data-attachment-id=\"1449\" data-orig-file=\"https:\/\/semmelweis.hu\/kiserletimuto\/files\/2023\/03\/u12-e1452164211234.jpg\" data-orig-size=\"450,165\" data-comments-opened=\"0\" data-image-meta=\"{&quot;aperture&quot;:&quot;0&quot;,&quot;credit&quot;:&quot;&quot;,&quot;camera&quot;:&quot;&quot;,&quot;caption&quot;:&quot;&quot;,&quot;created_timestamp&quot;:&quot;0&quot;,&quot;copyright&quot;:&quot;&quot;,&quot;focal_length&quot;:&quot;0&quot;,&quot;iso&quot;:&quot;0&quot;,&quot;shutter_speed&quot;:&quot;0&quot;,&quot;title&quot;:&quot;&quot;,&quot;orientation&quot;:&quot;0&quot;}\" data-image-title=\"u12-e1452164211234\" data-image-description=\"\" data-medium-file=\"https:\/\/semmelweis.hu\/kiserletimuto\/files\/2023\/03\/u12-e1452164211234-300x110.jpg\" data-large-file=\"https:\/\/semmelweis.hu\/kiserletimuto\/files\/2023\/03\/u12-e1452164211234.jpg\" src=\"https:\/\/semmelweis.hu\/kiserletimuto\/files\/2023\/03\/u12-e1452164211234-295x108.jpg\" width=\"295\" height=\"108\" align=\"left\" title=\"\" \/><\/a><\/div><\/div><\/div><div class=\"gallery-row\" style=\"width: 748px; height: 184px;\"><div class=\"gallery-group images-1\" style=\"width: 250px; height: 188px;\"><div class=\"tiled-gallery-item tiled-gallery-item-small\"><a href=\"https:\/\/semmelweis.hu\/kiserletimuto\/files\/2023\/03\/281_bd8925cdcc3b3c49bf31c6320f880112_20140120215206IMG_1688-1024x768-1.jpg\"><img loading=\"lazy\" decoding=\"async\" data-attachment-id=\"1439\" data-orig-file=\"https:\/\/semmelweis.hu\/kiserletimuto\/files\/2023\/03\/281_bd8925cdcc3b3c49bf31c6320f880112_20140120215206IMG_1688-1024x768-1.jpg\" data-orig-size=\"1024,768\" data-comments-opened=\"0\" data-image-meta=\"{&quot;aperture&quot;:&quot;0&quot;,&quot;credit&quot;:&quot;&quot;,&quot;camera&quot;:&quot;&quot;,&quot;caption&quot;:&quot;&quot;,&quot;created_timestamp&quot;:&quot;0&quot;,&quot;copyright&quot;:&quot;&quot;,&quot;focal_length&quot;:&quot;0&quot;,&quot;iso&quot;:&quot;0&quot;,&quot;shutter_speed&quot;:&quot;0&quot;,&quot;title&quot;:&quot;&quot;,&quot;orientation&quot;:&quot;0&quot;}\" data-image-title=\"281_bd8925cdcc3b3c49bf31c6320f880112_20140120215206IMG_1688-1024&#215;768\" data-image-description=\"\" data-medium-file=\"https:\/\/semmelweis.hu\/kiserletimuto\/files\/2023\/03\/281_bd8925cdcc3b3c49bf31c6320f880112_20140120215206IMG_1688-1024x768-1-300x225.jpg\" data-large-file=\"https:\/\/semmelweis.hu\/kiserletimuto\/files\/2023\/03\/281_bd8925cdcc3b3c49bf31c6320f880112_20140120215206IMG_1688-1024x768-1.jpg\" src=\"https:\/\/semmelweis.hu\/kiserletimuto\/files\/2023\/03\/281_bd8925cdcc3b3c49bf31c6320f880112_20140120215206IMG_1688-1024x768-1-246x184.jpg\" width=\"246\" height=\"184\" align=\"left\" title=\"\" \/><\/a><\/div><\/div><div class=\"gallery-group images-1\" style=\"width: 249px; height: 188px;\"><div class=\"tiled-gallery-item tiled-gallery-item-small\"><a href=\"https:\/\/semmelweis.hu\/kiserletimuto\/files\/2023\/03\/277_856e724381126c0bf41c550650f6dea5_20131006143106iphone_copy_2013_10_05_236-1024x768-1.jpg\"><img loading=\"lazy\" decoding=\"async\" data-attachment-id=\"1437\" data-orig-file=\"https:\/\/semmelweis.hu\/kiserletimuto\/files\/2023\/03\/277_856e724381126c0bf41c550650f6dea5_20131006143106iphone_copy_2013_10_05_236-1024x768-1.jpg\" data-orig-size=\"1024,768\" data-comments-opened=\"0\" data-image-meta=\"{&quot;aperture&quot;:&quot;0&quot;,&quot;credit&quot;:&quot;&quot;,&quot;camera&quot;:&quot;&quot;,&quot;caption&quot;:&quot;&quot;,&quot;created_timestamp&quot;:&quot;0&quot;,&quot;copyright&quot;:&quot;&quot;,&quot;focal_length&quot;:&quot;0&quot;,&quot;iso&quot;:&quot;0&quot;,&quot;shutter_speed&quot;:&quot;0&quot;,&quot;title&quot;:&quot;&quot;,&quot;orientation&quot;:&quot;0&quot;}\" data-image-title=\"277_856e724381126c0bf41c550650f6dea5_20131006143106iphone_copy_2013_10_05_236-1024&#215;768\" data-image-description=\"\" data-medium-file=\"https:\/\/semmelweis.hu\/kiserletimuto\/files\/2023\/03\/277_856e724381126c0bf41c550650f6dea5_20131006143106iphone_copy_2013_10_05_236-1024x768-1-300x225.jpg\" data-large-file=\"https:\/\/semmelweis.hu\/kiserletimuto\/files\/2023\/03\/277_856e724381126c0bf41c550650f6dea5_20131006143106iphone_copy_2013_10_05_236-1024x768-1.jpg\" src=\"https:\/\/semmelweis.hu\/kiserletimuto\/files\/2023\/03\/277_856e724381126c0bf41c550650f6dea5_20131006143106iphone_copy_2013_10_05_236-1024x768-1-245x184.jpg\" width=\"245\" height=\"184\" align=\"left\" title=\"\" \/><\/a><\/div><\/div><div class=\"gallery-group images-1\" style=\"width: 249px; height: 188px;\"><div class=\"tiled-gallery-item tiled-gallery-item-small\"><a href=\"https:\/\/semmelweis.hu\/kiserletimuto\/files\/2023\/03\/278_856e724381126c0bf41c550650f6dea5_20131006143357iphone_copy_2013_10_05_609-1024x768-1.jpg\"><img loading=\"lazy\" decoding=\"async\" data-attachment-id=\"1438\" data-orig-file=\"https:\/\/semmelweis.hu\/kiserletimuto\/files\/2023\/03\/278_856e724381126c0bf41c550650f6dea5_20131006143357iphone_copy_2013_10_05_609-1024x768-1.jpg\" data-orig-size=\"1024,768\" data-comments-opened=\"0\" data-image-meta=\"{&quot;aperture&quot;:&quot;0&quot;,&quot;credit&quot;:&quot;&quot;,&quot;camera&quot;:&quot;&quot;,&quot;caption&quot;:&quot;&quot;,&quot;created_timestamp&quot;:&quot;0&quot;,&quot;copyright&quot;:&quot;&quot;,&quot;focal_length&quot;:&quot;0&quot;,&quot;iso&quot;:&quot;0&quot;,&quot;shutter_speed&quot;:&quot;0&quot;,&quot;title&quot;:&quot;&quot;,&quot;orientation&quot;:&quot;0&quot;}\" data-image-title=\"278_856e724381126c0bf41c550650f6dea5_20131006143357iphone_copy_2013_10_05_609-1024&#215;768\" data-image-description=\"\" data-medium-file=\"https:\/\/semmelweis.hu\/kiserletimuto\/files\/2023\/03\/278_856e724381126c0bf41c550650f6dea5_20131006143357iphone_copy_2013_10_05_609-1024x768-1-300x225.jpg\" data-large-file=\"https:\/\/semmelweis.hu\/kiserletimuto\/files\/2023\/03\/278_856e724381126c0bf41c550650f6dea5_20131006143357iphone_copy_2013_10_05_609-1024x768-1.jpg\" src=\"https:\/\/semmelweis.hu\/kiserletimuto\/files\/2023\/03\/278_856e724381126c0bf41c550650f6dea5_20131006143357iphone_copy_2013_10_05_609-1024x768-1-245x184.jpg\" width=\"245\" height=\"184\" align=\"left\" title=\"\" \/><\/a><\/div><\/div><\/div><div class=\"gallery-row\" style=\"width: 748px; height: 355px;\"><div class=\"gallery-group images-1\" style=\"width: 478px; height: 359px;\"><div class=\"tiled-gallery-item tiled-gallery-item-large\"><a href=\"https:\/\/semmelweis.hu\/kiserletimuto\/files\/2023\/03\/276_856e724381126c0bf41c550650f6dea5_20131006143058iphone_copy_2013_10_05_056-1024x768-1.jpg\"><img loading=\"lazy\" decoding=\"async\" data-attachment-id=\"1436\" data-orig-file=\"https:\/\/semmelweis.hu\/kiserletimuto\/files\/2023\/03\/276_856e724381126c0bf41c550650f6dea5_20131006143058iphone_copy_2013_10_05_056-1024x768-1.jpg\" data-orig-size=\"1024,768\" data-comments-opened=\"0\" data-image-meta=\"{&quot;aperture&quot;:&quot;0&quot;,&quot;credit&quot;:&quot;&quot;,&quot;camera&quot;:&quot;&quot;,&quot;caption&quot;:&quot;&quot;,&quot;created_timestamp&quot;:&quot;0&quot;,&quot;copyright&quot;:&quot;&quot;,&quot;focal_length&quot;:&quot;0&quot;,&quot;iso&quot;:&quot;0&quot;,&quot;shutter_speed&quot;:&quot;0&quot;,&quot;title&quot;:&quot;&quot;,&quot;orientation&quot;:&quot;0&quot;}\" data-image-title=\"276_856e724381126c0bf41c550650f6dea5_20131006143058iphone_copy_2013_10_05_056-1024&#215;768\" data-image-description=\"\" data-medium-file=\"https:\/\/semmelweis.hu\/kiserletimuto\/files\/2023\/03\/276_856e724381126c0bf41c550650f6dea5_20131006143058iphone_copy_2013_10_05_056-1024x768-1-300x225.jpg\" data-large-file=\"https:\/\/semmelweis.hu\/kiserletimuto\/files\/2023\/03\/276_856e724381126c0bf41c550650f6dea5_20131006143058iphone_copy_2013_10_05_056-1024x768-1.jpg\" src=\"https:\/\/semmelweis.hu\/kiserletimuto\/files\/2023\/03\/276_856e724381126c0bf41c550650f6dea5_20131006143058iphone_copy_2013_10_05_056-1024x768-1-474x355.jpg\" width=\"474\" height=\"355\" align=\"left\" title=\"\" \/><\/a><\/div><\/div><div class=\"gallery-group images-1\" style=\"width: 270px; height: 359px;\"><div class=\"tiled-gallery-item tiled-gallery-item-large\"><a href=\"https:\/\/semmelweis.hu\/kiserletimuto\/files\/2023\/03\/274_856e724381126c0bf41c550650f6dea5_20131006142923iphone_copy_2013_10_05_226-768x1024-1.jpg\"><img loading=\"lazy\" decoding=\"async\" data-attachment-id=\"1434\" data-orig-file=\"https:\/\/semmelweis.hu\/kiserletimuto\/files\/2023\/03\/274_856e724381126c0bf41c550650f6dea5_20131006142923iphone_copy_2013_10_05_226-768x1024-1.jpg\" data-orig-size=\"768,1024\" data-comments-opened=\"0\" data-image-meta=\"{&quot;aperture&quot;:&quot;0&quot;,&quot;credit&quot;:&quot;&quot;,&quot;camera&quot;:&quot;&quot;,&quot;caption&quot;:&quot;&quot;,&quot;created_timestamp&quot;:&quot;0&quot;,&quot;copyright&quot;:&quot;&quot;,&quot;focal_length&quot;:&quot;0&quot;,&quot;iso&quot;:&quot;0&quot;,&quot;shutter_speed&quot;:&quot;0&quot;,&quot;title&quot;:&quot;&quot;,&quot;orientation&quot;:&quot;0&quot;}\" data-image-title=\"274_856e724381126c0bf41c550650f6dea5_20131006142923iphone_copy_2013_10_05_226-768&#215;1024\" data-image-description=\"\" data-medium-file=\"https:\/\/semmelweis.hu\/kiserletimuto\/files\/2023\/03\/274_856e724381126c0bf41c550650f6dea5_20131006142923iphone_copy_2013_10_05_226-768x1024-1-225x300.jpg\" data-large-file=\"https:\/\/semmelweis.hu\/kiserletimuto\/files\/2023\/03\/274_856e724381126c0bf41c550650f6dea5_20131006142923iphone_copy_2013_10_05_226-768x1024-1.jpg\" src=\"https:\/\/semmelweis.hu\/kiserletimuto\/files\/2023\/03\/274_856e724381126c0bf41c550650f6dea5_20131006142923iphone_copy_2013_10_05_226-768x1024-1-266x355.jpg\" width=\"266\" height=\"355\" align=\"left\" title=\"\" \/><\/a><\/div><\/div><\/div><div class=\"gallery-row\" style=\"width: 748px; height: 389px;\"><div class=\"gallery-group images-2\" style=\"width: 224px; height: 393px;\"><div class=\"tiled-gallery-item tiled-gallery-item-small\"><a href=\"https:\/\/semmelweis.hu\/kiserletimuto\/files\/2023\/03\/275_856e724381126c0bf41c550650f6dea5_20131006143052iphone_copy_2013_10_05_027-1024x768-1.jpg\"><img loading=\"lazy\" decoding=\"async\" data-attachment-id=\"1435\" data-orig-file=\"https:\/\/semmelweis.hu\/kiserletimuto\/files\/2023\/03\/275_856e724381126c0bf41c550650f6dea5_20131006143052iphone_copy_2013_10_05_027-1024x768-1.jpg\" data-orig-size=\"1024,768\" data-comments-opened=\"0\" data-image-meta=\"{&quot;aperture&quot;:&quot;0&quot;,&quot;credit&quot;:&quot;&quot;,&quot;camera&quot;:&quot;&quot;,&quot;caption&quot;:&quot;&quot;,&quot;created_timestamp&quot;:&quot;0&quot;,&quot;copyright&quot;:&quot;&quot;,&quot;focal_length&quot;:&quot;0&quot;,&quot;iso&quot;:&quot;0&quot;,&quot;shutter_speed&quot;:&quot;0&quot;,&quot;title&quot;:&quot;&quot;,&quot;orientation&quot;:&quot;0&quot;}\" data-image-title=\"275_856e724381126c0bf41c550650f6dea5_20131006143052iphone_copy_2013_10_05_027-1024&#215;768\" data-image-description=\"\" data-medium-file=\"https:\/\/semmelweis.hu\/kiserletimuto\/files\/2023\/03\/275_856e724381126c0bf41c550650f6dea5_20131006143052iphone_copy_2013_10_05_027-1024x768-1-300x225.jpg\" data-large-file=\"https:\/\/semmelweis.hu\/kiserletimuto\/files\/2023\/03\/275_856e724381126c0bf41c550650f6dea5_20131006143052iphone_copy_2013_10_05_027-1024x768-1.jpg\" src=\"https:\/\/semmelweis.hu\/kiserletimuto\/files\/2023\/03\/275_856e724381126c0bf41c550650f6dea5_20131006143052iphone_copy_2013_10_05_027-1024x768-1-220x165.jpg\" width=\"220\" height=\"165\" align=\"left\" title=\"\" \/><\/a><\/div><div class=\"tiled-gallery-item tiled-gallery-item-small\"><a href=\"https:\/\/semmelweis.hu\/kiserletimuto\/files\/2023\/03\/260_53147db22dcf20f452800d9ddd609343_20121212121234kutej-1024x1024-1.jpg\"><img loading=\"lazy\" decoding=\"async\" data-attachment-id=\"1431\" data-orig-file=\"https:\/\/semmelweis.hu\/kiserletimuto\/files\/2023\/03\/260_53147db22dcf20f452800d9ddd609343_20121212121234kutej-1024x1024-1.jpg\" data-orig-size=\"1024,1024\" data-comments-opened=\"0\" data-image-meta=\"{&quot;aperture&quot;:&quot;0&quot;,&quot;credit&quot;:&quot;&quot;,&quot;camera&quot;:&quot;&quot;,&quot;caption&quot;:&quot;&quot;,&quot;created_timestamp&quot;:&quot;0&quot;,&quot;copyright&quot;:&quot;&quot;,&quot;focal_length&quot;:&quot;0&quot;,&quot;iso&quot;:&quot;0&quot;,&quot;shutter_speed&quot;:&quot;0&quot;,&quot;title&quot;:&quot;&quot;,&quot;orientation&quot;:&quot;0&quot;}\" data-image-title=\"260_53147db22dcf20f452800d9ddd609343_20121212121234kutej-1024&#215;1024\" data-image-description=\"\" data-medium-file=\"https:\/\/semmelweis.hu\/kiserletimuto\/files\/2023\/03\/260_53147db22dcf20f452800d9ddd609343_20121212121234kutej-1024x1024-1-300x300.jpg\" data-large-file=\"https:\/\/semmelweis.hu\/kiserletimuto\/files\/2023\/03\/260_53147db22dcf20f452800d9ddd609343_20121212121234kutej-1024x1024-1.jpg\" src=\"https:\/\/semmelweis.hu\/kiserletimuto\/files\/2023\/03\/260_53147db22dcf20f452800d9ddd609343_20121212121234kutej-1024x1024-1-220x220.jpg\" width=\"220\" height=\"220\" align=\"left\" title=\"\" \/><\/a><\/div><\/div><div class=\"gallery-group images-1\" style=\"width: 524px; height: 393px;\"><div class=\"tiled-gallery-item tiled-gallery-item-large\"><a href=\"https:\/\/semmelweis.hu\/kiserletimuto\/files\/2023\/03\/245_AachenAttilaZoli_jpg_1ea0dfe180aff19ecc034de8af7f748c_20121024194605-1024x767-1.jpg\"><img loading=\"lazy\" decoding=\"async\" data-attachment-id=\"1427\" data-orig-file=\"https:\/\/semmelweis.hu\/kiserletimuto\/files\/2023\/03\/245_AachenAttilaZoli_jpg_1ea0dfe180aff19ecc034de8af7f748c_20121024194605-1024x767-1.jpg\" data-orig-size=\"1024,767\" data-comments-opened=\"0\" data-image-meta=\"{&quot;aperture&quot;:&quot;0&quot;,&quot;credit&quot;:&quot;&quot;,&quot;camera&quot;:&quot;&quot;,&quot;caption&quot;:&quot;&quot;,&quot;created_timestamp&quot;:&quot;0&quot;,&quot;copyright&quot;:&quot;&quot;,&quot;focal_length&quot;:&quot;0&quot;,&quot;iso&quot;:&quot;0&quot;,&quot;shutter_speed&quot;:&quot;0&quot;,&quot;title&quot;:&quot;&quot;,&quot;orientation&quot;:&quot;0&quot;}\" data-image-title=\"245_AachenAttilaZoli_jpg_1ea0dfe180aff19ecc034de8af7f748c_20121024194605-1024&#215;767\" data-image-description=\"\" data-medium-file=\"https:\/\/semmelweis.hu\/kiserletimuto\/files\/2023\/03\/245_AachenAttilaZoli_jpg_1ea0dfe180aff19ecc034de8af7f748c_20121024194605-1024x767-1-300x225.jpg\" data-large-file=\"https:\/\/semmelweis.hu\/kiserletimuto\/files\/2023\/03\/245_AachenAttilaZoli_jpg_1ea0dfe180aff19ecc034de8af7f748c_20121024194605-1024x767-1.jpg\" src=\"https:\/\/semmelweis.hu\/kiserletimuto\/files\/2023\/03\/245_AachenAttilaZoli_jpg_1ea0dfe180aff19ecc034de8af7f748c_20121024194605-1024x767-1-520x389.jpg\" width=\"520\" height=\"389\" align=\"left\" title=\"\" \/><\/a><\/div><\/div><\/div><div class=\"gallery-row\" style=\"width: 748px; height: 215px;\"><div class=\"gallery-group images-1\" style=\"width: 291px; height: 219px;\"><div class=\"tiled-gallery-item tiled-gallery-item-large\"><a href=\"https:\/\/semmelweis.hu\/kiserletimuto\/files\/2023\/03\/257_53147db22dcf20f452800d9ddd609343_20121212121146Iphone_310-1024x768-1.jpg\"><img loading=\"lazy\" decoding=\"async\" data-attachment-id=\"1429\" data-orig-file=\"https:\/\/semmelweis.hu\/kiserletimuto\/files\/2023\/03\/257_53147db22dcf20f452800d9ddd609343_20121212121146Iphone_310-1024x768-1.jpg\" data-orig-size=\"1024,768\" data-comments-opened=\"0\" data-image-meta=\"{&quot;aperture&quot;:&quot;0&quot;,&quot;credit&quot;:&quot;&quot;,&quot;camera&quot;:&quot;&quot;,&quot;caption&quot;:&quot;&quot;,&quot;created_timestamp&quot;:&quot;0&quot;,&quot;copyright&quot;:&quot;&quot;,&quot;focal_length&quot;:&quot;0&quot;,&quot;iso&quot;:&quot;0&quot;,&quot;shutter_speed&quot;:&quot;0&quot;,&quot;title&quot;:&quot;&quot;,&quot;orientation&quot;:&quot;0&quot;}\" data-image-title=\"257_53147db22dcf20f452800d9ddd609343_20121212121146Iphone_310-1024&#215;768\" data-image-description=\"\" data-medium-file=\"https:\/\/semmelweis.hu\/kiserletimuto\/files\/2023\/03\/257_53147db22dcf20f452800d9ddd609343_20121212121146Iphone_310-1024x768-1-300x225.jpg\" data-large-file=\"https:\/\/semmelweis.hu\/kiserletimuto\/files\/2023\/03\/257_53147db22dcf20f452800d9ddd609343_20121212121146Iphone_310-1024x768-1.jpg\" src=\"https:\/\/semmelweis.hu\/kiserletimuto\/files\/2023\/03\/257_53147db22dcf20f452800d9ddd609343_20121212121146Iphone_310-1024x768-1-287x215.jpg\" width=\"287\" height=\"215\" align=\"left\" title=\"\" \/><\/a><\/div><\/div><div class=\"gallery-group images-1\" style=\"width: 166px; height: 219px;\"><div class=\"tiled-gallery-item tiled-gallery-item-small\"><a href=\"https:\/\/semmelweis.hu\/kiserletimuto\/files\/2023\/03\/258_53147db22dcf20f452800d9ddd609343_20121212121206Iphone_313-768x1024-1.jpg\"><img loading=\"lazy\" decoding=\"async\" data-attachment-id=\"1430\" data-orig-file=\"https:\/\/semmelweis.hu\/kiserletimuto\/files\/2023\/03\/258_53147db22dcf20f452800d9ddd609343_20121212121206Iphone_313-768x1024-1.jpg\" data-orig-size=\"768,1024\" data-comments-opened=\"0\" data-image-meta=\"{&quot;aperture&quot;:&quot;0&quot;,&quot;credit&quot;:&quot;&quot;,&quot;camera&quot;:&quot;&quot;,&quot;caption&quot;:&quot;&quot;,&quot;created_timestamp&quot;:&quot;0&quot;,&quot;copyright&quot;:&quot;&quot;,&quot;focal_length&quot;:&quot;0&quot;,&quot;iso&quot;:&quot;0&quot;,&quot;shutter_speed&quot;:&quot;0&quot;,&quot;title&quot;:&quot;&quot;,&quot;orientation&quot;:&quot;0&quot;}\" data-image-title=\"258_53147db22dcf20f452800d9ddd609343_20121212121206Iphone_313-768&#215;1024\" data-image-description=\"\" data-medium-file=\"https:\/\/semmelweis.hu\/kiserletimuto\/files\/2023\/03\/258_53147db22dcf20f452800d9ddd609343_20121212121206Iphone_313-768x1024-1-225x300.jpg\" data-large-file=\"https:\/\/semmelweis.hu\/kiserletimuto\/files\/2023\/03\/258_53147db22dcf20f452800d9ddd609343_20121212121206Iphone_313-768x1024-1.jpg\" src=\"https:\/\/semmelweis.hu\/kiserletimuto\/files\/2023\/03\/258_53147db22dcf20f452800d9ddd609343_20121212121206Iphone_313-768x1024-1-162x215.jpg\" width=\"162\" height=\"215\" align=\"left\" title=\"\" \/><\/a><\/div><\/div><div class=\"gallery-group images-1\" style=\"width: 291px; height: 219px;\"><div class=\"tiled-gallery-item tiled-gallery-item-large\"><a href=\"https:\/\/semmelweis.hu\/kiserletimuto\/files\/2023\/03\/261_53147db22dcf20f452800d9ddd609343_20121212121240fot_1_-1024x768-1.jpg\"><img loading=\"lazy\" decoding=\"async\" data-attachment-id=\"1432\" data-orig-file=\"https:\/\/semmelweis.hu\/kiserletimuto\/files\/2023\/03\/261_53147db22dcf20f452800d9ddd609343_20121212121240fot_1_-1024x768-1.jpg\" data-orig-size=\"1024,768\" data-comments-opened=\"0\" data-image-meta=\"{&quot;aperture&quot;:&quot;0&quot;,&quot;credit&quot;:&quot;&quot;,&quot;camera&quot;:&quot;&quot;,&quot;caption&quot;:&quot;&quot;,&quot;created_timestamp&quot;:&quot;0&quot;,&quot;copyright&quot;:&quot;&quot;,&quot;focal_length&quot;:&quot;0&quot;,&quot;iso&quot;:&quot;0&quot;,&quot;shutter_speed&quot;:&quot;0&quot;,&quot;title&quot;:&quot;&quot;,&quot;orientation&quot;:&quot;0&quot;}\" data-image-title=\"261_53147db22dcf20f452800d9ddd609343_20121212121240fot_1_-1024&#215;768\" data-image-description=\"\" data-medium-file=\"https:\/\/semmelweis.hu\/kiserletimuto\/files\/2023\/03\/261_53147db22dcf20f452800d9ddd609343_20121212121240fot_1_-1024x768-1-300x225.jpg\" data-large-file=\"https:\/\/semmelweis.hu\/kiserletimuto\/files\/2023\/03\/261_53147db22dcf20f452800d9ddd609343_20121212121240fot_1_-1024x768-1.jpg\" src=\"https:\/\/semmelweis.hu\/kiserletimuto\/files\/2023\/03\/261_53147db22dcf20f452800d9ddd609343_20121212121240fot_1_-1024x768-1-287x215.jpg\" width=\"287\" height=\"215\" align=\"left\" title=\"\" \/><\/a><\/div><\/div><\/div><div class=\"gallery-row\" style=\"width: 748px; height: 371px;\"><div class=\"gallery-group images-1\" style=\"width: 499px; height: 375px;\"><div class=\"tiled-gallery-item tiled-gallery-item-large\"><a href=\"https:\/\/semmelweis.hu\/kiserletimuto\/files\/2023\/03\/256_53147db22dcf20f452800d9ddd609343_20121212120707photo_2_B-1024x768-1.jpg\"><img loading=\"lazy\" decoding=\"async\" data-attachment-id=\"1428\" data-orig-file=\"https:\/\/semmelweis.hu\/kiserletimuto\/files\/2023\/03\/256_53147db22dcf20f452800d9ddd609343_20121212120707photo_2_B-1024x768-1.jpg\" data-orig-size=\"1024,768\" data-comments-opened=\"0\" data-image-meta=\"{&quot;aperture&quot;:&quot;0&quot;,&quot;credit&quot;:&quot;&quot;,&quot;camera&quot;:&quot;&quot;,&quot;caption&quot;:&quot;&quot;,&quot;created_timestamp&quot;:&quot;0&quot;,&quot;copyright&quot;:&quot;&quot;,&quot;focal_length&quot;:&quot;0&quot;,&quot;iso&quot;:&quot;0&quot;,&quot;shutter_speed&quot;:&quot;0&quot;,&quot;title&quot;:&quot;&quot;,&quot;orientation&quot;:&quot;0&quot;}\" data-image-title=\"256_53147db22dcf20f452800d9ddd609343_20121212120707photo_2_B-1024&#215;768\" data-image-description=\"\" data-medium-file=\"https:\/\/semmelweis.hu\/kiserletimuto\/files\/2023\/03\/256_53147db22dcf20f452800d9ddd609343_20121212120707photo_2_B-1024x768-1-300x225.jpg\" data-large-file=\"https:\/\/semmelweis.hu\/kiserletimuto\/files\/2023\/03\/256_53147db22dcf20f452800d9ddd609343_20121212120707photo_2_B-1024x768-1.jpg\" src=\"https:\/\/semmelweis.hu\/kiserletimuto\/files\/2023\/03\/256_53147db22dcf20f452800d9ddd609343_20121212120707photo_2_B-1024x768-1-495x371.jpg\" width=\"495\" height=\"371\" align=\"left\" title=\"\" \/><\/a><\/div><\/div><div class=\"gallery-group images-2\" style=\"width: 249px; height: 375px;\"><div class=\"tiled-gallery-item tiled-gallery-item-small\"><a href=\"https:\/\/semmelweis.hu\/kiserletimuto\/files\/2023\/03\/221_K_p_534_jpg_c17aa3d108214e9fca408b2a51d0640f_20120207023946-1024x768-1.jpg\"><img loading=\"lazy\" decoding=\"async\" data-attachment-id=\"1421\" data-orig-file=\"https:\/\/semmelweis.hu\/kiserletimuto\/files\/2023\/03\/221_K_p_534_jpg_c17aa3d108214e9fca408b2a51d0640f_20120207023946-1024x768-1.jpg\" data-orig-size=\"1024,768\" data-comments-opened=\"0\" data-image-meta=\"{&quot;aperture&quot;:&quot;0&quot;,&quot;credit&quot;:&quot;&quot;,&quot;camera&quot;:&quot;&quot;,&quot;caption&quot;:&quot;&quot;,&quot;created_timestamp&quot;:&quot;0&quot;,&quot;copyright&quot;:&quot;&quot;,&quot;focal_length&quot;:&quot;0&quot;,&quot;iso&quot;:&quot;0&quot;,&quot;shutter_speed&quot;:&quot;0&quot;,&quot;title&quot;:&quot;&quot;,&quot;orientation&quot;:&quot;0&quot;}\" data-image-title=\"221_K_p_534_jpg_c17aa3d108214e9fca408b2a51d0640f_20120207023946-1024&#215;768\" data-image-description=\"\" data-medium-file=\"https:\/\/semmelweis.hu\/kiserletimuto\/files\/2023\/03\/221_K_p_534_jpg_c17aa3d108214e9fca408b2a51d0640f_20120207023946-1024x768-1-300x225.jpg\" data-large-file=\"https:\/\/semmelweis.hu\/kiserletimuto\/files\/2023\/03\/221_K_p_534_jpg_c17aa3d108214e9fca408b2a51d0640f_20120207023946-1024x768-1.jpg\" src=\"https:\/\/semmelweis.hu\/kiserletimuto\/files\/2023\/03\/221_K_p_534_jpg_c17aa3d108214e9fca408b2a51d0640f_20120207023946-1024x768-1-245x184.jpg\" width=\"245\" height=\"184\" align=\"left\" title=\"\" \/><\/a><\/div><div class=\"tiled-gallery-item tiled-gallery-item-small\"><a href=\"https:\/\/semmelweis.hu\/kiserletimuto\/files\/2023\/03\/220_DSCN0234_jpg_c17aa3d108214e9fca408b2a51d0640f_20120207023938-1024x768-1.jpg\"><img loading=\"lazy\" decoding=\"async\" data-attachment-id=\"1420\" data-orig-file=\"https:\/\/semmelweis.hu\/kiserletimuto\/files\/2023\/03\/220_DSCN0234_jpg_c17aa3d108214e9fca408b2a51d0640f_20120207023938-1024x768-1.jpg\" data-orig-size=\"1024,768\" data-comments-opened=\"0\" data-image-meta=\"{&quot;aperture&quot;:&quot;0&quot;,&quot;credit&quot;:&quot;&quot;,&quot;camera&quot;:&quot;&quot;,&quot;caption&quot;:&quot;&quot;,&quot;created_timestamp&quot;:&quot;0&quot;,&quot;copyright&quot;:&quot;&quot;,&quot;focal_length&quot;:&quot;0&quot;,&quot;iso&quot;:&quot;0&quot;,&quot;shutter_speed&quot;:&quot;0&quot;,&quot;title&quot;:&quot;&quot;,&quot;orientation&quot;:&quot;0&quot;}\" data-image-title=\"220_DSCN0234_jpg_c17aa3d108214e9fca408b2a51d0640f_20120207023938-1024&#215;768\" data-image-description=\"\" data-medium-file=\"https:\/\/semmelweis.hu\/kiserletimuto\/files\/2023\/03\/220_DSCN0234_jpg_c17aa3d108214e9fca408b2a51d0640f_20120207023938-1024x768-1-300x225.jpg\" data-large-file=\"https:\/\/semmelweis.hu\/kiserletimuto\/files\/2023\/03\/220_DSCN0234_jpg_c17aa3d108214e9fca408b2a51d0640f_20120207023938-1024x768-1.jpg\" src=\"https:\/\/semmelweis.hu\/kiserletimuto\/files\/2023\/03\/220_DSCN0234_jpg_c17aa3d108214e9fca408b2a51d0640f_20120207023938-1024x768-1-245x183.jpg\" width=\"245\" height=\"183\" align=\"left\" title=\"\" \/><\/a><\/div><\/div><\/div><div class=\"gallery-row\" style=\"width: 748px; height: 599px;\"><div class=\"gallery-group images-1\" style=\"width: 453px; height: 603px;\"><div class=\"tiled-gallery-item tiled-gallery-item-large\"><a href=\"https:\/\/semmelweis.hu\/kiserletimuto\/files\/2023\/03\/Hallgatok.png\"><img loading=\"lazy\" decoding=\"async\" data-attachment-id=\"1621\" data-orig-file=\"https:\/\/semmelweis.hu\/kiserletimuto\/files\/2023\/03\/Hallgatok.png\" data-orig-size=\"2155,2873\" data-comments-opened=\"0\" data-image-meta=\"{&quot;aperture&quot;:&quot;0&quot;,&quot;credit&quot;:&quot;&quot;,&quot;camera&quot;:&quot;&quot;,&quot;caption&quot;:&quot;&quot;,&quot;created_timestamp&quot;:&quot;0&quot;,&quot;copyright&quot;:&quot;&quot;,&quot;focal_length&quot;:&quot;0&quot;,&quot;iso&quot;:&quot;0&quot;,&quot;shutter_speed&quot;:&quot;0&quot;,&quot;title&quot;:&quot;&quot;,&quot;orientation&quot;:&quot;0&quot;}\" data-image-title=\"Hallgatok\" data-image-description=\"\" data-medium-file=\"https:\/\/semmelweis.hu\/kiserletimuto\/files\/2023\/03\/Hallgatok-225x300.png\" data-large-file=\"https:\/\/semmelweis.hu\/kiserletimuto\/files\/2023\/03\/Hallgatok-768x1024.png\" src=\"https:\/\/semmelweis.hu\/kiserletimuto\/files\/2023\/03\/Hallgatok-449x599.png\" width=\"449\" height=\"599\" align=\"left\" title=\"\" \/><\/a><\/div><\/div><div class=\"gallery-group images-3\" style=\"width: 295px; height: 603px;\"><div class=\"tiled-gallery-item tiled-gallery-item-large\"><a href=\"https:\/\/semmelweis.hu\/kiserletimuto\/files\/2023\/03\/MST_KSK.jpg\"><img loading=\"lazy\" decoding=\"async\" data-attachment-id=\"1457\" data-orig-file=\"https:\/\/semmelweis.hu\/kiserletimuto\/files\/2023\/03\/MST_KSK.jpg\" data-orig-size=\"1247,930\" data-comments-opened=\"0\" data-image-meta=\"{&quot;aperture&quot;:&quot;0&quot;,&quot;credit&quot;:&quot;&quot;,&quot;camera&quot;:&quot;&quot;,&quot;caption&quot;:&quot;&quot;,&quot;created_timestamp&quot;:&quot;0&quot;,&quot;copyright&quot;:&quot;&quot;,&quot;focal_length&quot;:&quot;0&quot;,&quot;iso&quot;:&quot;0&quot;,&quot;shutter_speed&quot;:&quot;0&quot;,&quot;title&quot;:&quot;&quot;,&quot;orientation&quot;:&quot;0&quot;}\" data-image-title=\"MST_KSK\" data-image-description=\"\" data-medium-file=\"https:\/\/semmelweis.hu\/kiserletimuto\/files\/2023\/03\/MST_KSK-300x224.jpg\" data-large-file=\"https:\/\/semmelweis.hu\/kiserletimuto\/files\/2023\/03\/MST_KSK-1024x764.jpg\" src=\"https:\/\/semmelweis.hu\/kiserletimuto\/files\/2023\/03\/MST_KSK-291x217.jpg\" width=\"291\" height=\"217\" align=\"left\" title=\"\" \/><\/a><\/div><div class=\"tiled-gallery-item tiled-gallery-item-large\"><a href=\"https:\/\/semmelweis.hu\/kiserletimuto\/files\/2023\/03\/330022242_3390251334627873_2123309004114699989_n.jpg\"><img loading=\"lazy\" decoding=\"async\" data-attachment-id=\"1454\" data-orig-file=\"https:\/\/semmelweis.hu\/kiserletimuto\/files\/2023\/03\/330022242_3390251334627873_2123309004114699989_n.jpg\" data-orig-size=\"1943,1490\" data-comments-opened=\"0\" data-image-meta=\"{&quot;aperture&quot;:&quot;0&quot;,&quot;credit&quot;:&quot;&quot;,&quot;camera&quot;:&quot;&quot;,&quot;caption&quot;:&quot;&quot;,&quot;created_timestamp&quot;:&quot;0&quot;,&quot;copyright&quot;:&quot;&quot;,&quot;focal_length&quot;:&quot;0&quot;,&quot;iso&quot;:&quot;0&quot;,&quot;shutter_speed&quot;:&quot;0&quot;,&quot;title&quot;:&quot;&quot;,&quot;orientation&quot;:&quot;0&quot;}\" data-image-title=\"330022242_3390251334627873_2123309004114699989_n\" data-image-description=\"\" data-medium-file=\"https:\/\/semmelweis.hu\/kiserletimuto\/files\/2023\/03\/330022242_3390251334627873_2123309004114699989_n-300x230.jpg\" data-large-file=\"https:\/\/semmelweis.hu\/kiserletimuto\/files\/2023\/03\/330022242_3390251334627873_2123309004114699989_n-1024x785.jpg\" src=\"https:\/\/semmelweis.hu\/kiserletimuto\/files\/2023\/03\/330022242_3390251334627873_2123309004114699989_n-291x223.jpg\" width=\"291\" height=\"223\" align=\"left\" title=\"\" \/><\/a><\/div><div class=\"tiled-gallery-item tiled-gallery-item-large\"><a href=\"https:\/\/semmelweis.hu\/kiserletimuto\/files\/2023\/03\/SE-Riport_Attila-es-Mate-1-e1503562021275.jpg\"><img loading=\"lazy\" decoding=\"async\" data-attachment-id=\"1446\" data-orig-file=\"https:\/\/semmelweis.hu\/kiserletimuto\/files\/2023\/03\/SE-Riport_Attila-es-Mate-1-e1503562021275.jpg\" data-orig-size=\"950,491\" data-comments-opened=\"0\" data-image-meta=\"{&quot;aperture&quot;:&quot;0&quot;,&quot;credit&quot;:&quot;&quot;,&quot;camera&quot;:&quot;&quot;,&quot;caption&quot;:&quot;&quot;,&quot;created_timestamp&quot;:&quot;0&quot;,&quot;copyright&quot;:&quot;&quot;,&quot;focal_length&quot;:&quot;0&quot;,&quot;iso&quot;:&quot;0&quot;,&quot;shutter_speed&quot;:&quot;0&quot;,&quot;title&quot;:&quot;&quot;,&quot;orientation&quot;:&quot;0&quot;}\" data-image-title=\"SE-Riport_Attila-\u00e9s-M\u00e1t\u00e9-1-e1503562021275\" data-image-description=\"\" data-medium-file=\"https:\/\/semmelweis.hu\/kiserletimuto\/files\/2023\/03\/SE-Riport_Attila-es-Mate-1-e1503562021275-300x155.jpg\" data-large-file=\"https:\/\/semmelweis.hu\/kiserletimuto\/files\/2023\/03\/SE-Riport_Attila-es-Mate-1-e1503562021275.jpg\" src=\"https:\/\/semmelweis.hu\/kiserletimuto\/files\/2023\/03\/SE-Riport_Attila-es-Mate-1-e1503562021275-291x151.jpg\" width=\"291\" height=\"151\" align=\"left\" title=\"\" \/><\/a><\/div><\/div><\/div><div class=\"gallery-row\" style=\"width: 748px; height: 316px;\"><div class=\"gallery-group images-1\" style=\"width: 320px; height: 320px;\"><div class=\"tiled-gallery-item tiled-gallery-item-large\"><a href=\"https:\/\/semmelweis.hu\/kiserletimuto\/files\/2023\/03\/Latin-Viki-2-1024x1024-1.jpg\"><img loading=\"lazy\" decoding=\"async\" data-attachment-id=\"1443\" data-orig-file=\"https:\/\/semmelweis.hu\/kiserletimuto\/files\/2023\/03\/Latin-Viki-2-1024x1024-1.jpg\" data-orig-size=\"1024,1024\" data-comments-opened=\"0\" data-image-meta=\"{&quot;aperture&quot;:&quot;0&quot;,&quot;credit&quot;:&quot;&quot;,&quot;camera&quot;:&quot;&quot;,&quot;caption&quot;:&quot;&quot;,&quot;created_timestamp&quot;:&quot;0&quot;,&quot;copyright&quot;:&quot;&quot;,&quot;focal_length&quot;:&quot;0&quot;,&quot;iso&quot;:&quot;0&quot;,&quot;shutter_speed&quot;:&quot;0&quot;,&quot;title&quot;:&quot;&quot;,&quot;orientation&quot;:&quot;0&quot;}\" data-image-title=\"Latin-Viki-2-1024&#215;1024\" data-image-description=\"\" data-medium-file=\"https:\/\/semmelweis.hu\/kiserletimuto\/files\/2023\/03\/Latin-Viki-2-1024x1024-1-300x300.jpg\" data-large-file=\"https:\/\/semmelweis.hu\/kiserletimuto\/files\/2023\/03\/Latin-Viki-2-1024x1024-1.jpg\" src=\"https:\/\/semmelweis.hu\/kiserletimuto\/files\/2023\/03\/Latin-Viki-2-1024x1024-1-316x316.jpg\" width=\"316\" height=\"316\" align=\"left\" title=\"\" \/><\/a><\/div><\/div><div class=\"gallery-group images-1\" style=\"width: 214px; height: 320px;\"><div class=\"tiled-gallery-item tiled-gallery-item-small\"><a href=\"https:\/\/semmelweis.hu\/kiserletimuto\/files\/2023\/03\/209_Marko2_jpg_c17aa3d108214e9fca408b2a51d0640f_20120207023749-682x1024-1.jpg\"><img loading=\"lazy\" decoding=\"async\" data-attachment-id=\"1417\" data-orig-file=\"https:\/\/semmelweis.hu\/kiserletimuto\/files\/2023\/03\/209_Marko2_jpg_c17aa3d108214e9fca408b2a51d0640f_20120207023749-682x1024-1.jpg\" data-orig-size=\"682,1024\" data-comments-opened=\"0\" data-image-meta=\"{&quot;aperture&quot;:&quot;0&quot;,&quot;credit&quot;:&quot;&quot;,&quot;camera&quot;:&quot;&quot;,&quot;caption&quot;:&quot;&quot;,&quot;created_timestamp&quot;:&quot;0&quot;,&quot;copyright&quot;:&quot;&quot;,&quot;focal_length&quot;:&quot;0&quot;,&quot;iso&quot;:&quot;0&quot;,&quot;shutter_speed&quot;:&quot;0&quot;,&quot;title&quot;:&quot;&quot;,&quot;orientation&quot;:&quot;0&quot;}\" data-image-title=\"209_Marko2_jpg_c17aa3d108214e9fca408b2a51d0640f_20120207023749-682&#215;1024\" data-image-description=\"\" data-medium-file=\"https:\/\/semmelweis.hu\/kiserletimuto\/files\/2023\/03\/209_Marko2_jpg_c17aa3d108214e9fca408b2a51d0640f_20120207023749-682x1024-1-200x300.jpg\" data-large-file=\"https:\/\/semmelweis.hu\/kiserletimuto\/files\/2023\/03\/209_Marko2_jpg_c17aa3d108214e9fca408b2a51d0640f_20120207023749-682x1024-1.jpg\" src=\"https:\/\/semmelweis.hu\/kiserletimuto\/files\/2023\/03\/209_Marko2_jpg_c17aa3d108214e9fca408b2a51d0640f_20120207023749-682x1024-1-210x316.jpg\" width=\"210\" height=\"316\" align=\"left\" title=\"\" \/><\/a><\/div><\/div><div class=\"gallery-group images-1\" style=\"width: 214px; height: 320px;\"><div class=\"tiled-gallery-item tiled-gallery-item-small\"><a href=\"https:\/\/semmelweis.hu\/kiserletimuto\/files\/2023\/03\/210_Mester_jpg_c17aa3d108214e9fca408b2a51d0640f_20120207023754-682x1024-1.jpg\"><img loading=\"lazy\" decoding=\"async\" data-attachment-id=\"1418\" data-orig-file=\"https:\/\/semmelweis.hu\/kiserletimuto\/files\/2023\/03\/210_Mester_jpg_c17aa3d108214e9fca408b2a51d0640f_20120207023754-682x1024-1.jpg\" data-orig-size=\"682,1024\" data-comments-opened=\"0\" data-image-meta=\"{&quot;aperture&quot;:&quot;0&quot;,&quot;credit&quot;:&quot;&quot;,&quot;camera&quot;:&quot;&quot;,&quot;caption&quot;:&quot;&quot;,&quot;created_timestamp&quot;:&quot;0&quot;,&quot;copyright&quot;:&quot;&quot;,&quot;focal_length&quot;:&quot;0&quot;,&quot;iso&quot;:&quot;0&quot;,&quot;shutter_speed&quot;:&quot;0&quot;,&quot;title&quot;:&quot;&quot;,&quot;orientation&quot;:&quot;0&quot;}\" data-image-title=\"210_Mester_jpg_c17aa3d108214e9fca408b2a51d0640f_20120207023754-682&#215;1024\" data-image-description=\"\" data-medium-file=\"https:\/\/semmelweis.hu\/kiserletimuto\/files\/2023\/03\/210_Mester_jpg_c17aa3d108214e9fca408b2a51d0640f_20120207023754-682x1024-1-200x300.jpg\" data-large-file=\"https:\/\/semmelweis.hu\/kiserletimuto\/files\/2023\/03\/210_Mester_jpg_c17aa3d108214e9fca408b2a51d0640f_20120207023754-682x1024-1.jpg\" src=\"https:\/\/semmelweis.hu\/kiserletimuto\/files\/2023\/03\/210_Mester_jpg_c17aa3d108214e9fca408b2a51d0640f_20120207023754-682x1024-1-210x316.jpg\" width=\"210\" height=\"316\" align=\"left\" title=\"\" \/><\/a><\/div><\/div><\/div><\/div>[\/slb_exclude]\n<\/div><\/div>\n","protected":false},"excerpt":{"rendered":"<p>Az \u201e\u00e1llatm\u0171t\u0151\u201d t\u00f6rt\u00e9nete A Semmelweis Egyetem Seb\u00e9szeti, Transzplant\u00e1ci\u00f3s \u00e9s Gasztroenterol\u00f3giai Klinik\u00e1ja id\u00e9n \u00fcnnepli fenn\u00e1ll\u00e1s\u00e1nak 112. \u00e9vfordul\u00f3j\u00e1t. A klinika alagsor\u00e1ban tal\u00e1lhat\u00f3 \u00e1llatm\u0171t\u0151 l\u00e9trehoz\u00e1s\u00e1r\u00f3l pontos adataink nincsenek, de az bizonyos, hogy m\u00e1r az \u201956-os forradalom \u00e9s szabads\u00e1gharc idej\u00e9n l\u00e9tezett. Ezt igazolja Prof. K\u00f3s Rudolf visszaeml\u00e9kez\u00e9se (Orvosok Lapja 2006 III\/8:5.), mely szerint: \u201eA Budapesti Orvosegyetem \u00dcll\u0151 \u00fati I. &hellip;<\/p>\n","protected":false},"author":102106,"featured_media":0,"parent":7,"menu_order":1,"comment_status":"closed","ping_status":"closed","template":"","meta":{"_acf_changed":false,"footnotes":""},"categories":[],"tags":[],"class_list":["post-8","page","type-page","status-publish","hentry"],"acf":[],"_links":{"self":[{"href":"https:\/\/semmelweis.hu\/kiserletimuto\/wp-json\/wp\/v2\/pages\/8","targetHints":{"allow":["GET"]}}],"collection":[{"href":"https:\/\/semmelweis.hu\/kiserletimuto\/wp-json\/wp\/v2\/pages"}],"about":[{"href":"https:\/\/semmelweis.hu\/kiserletimuto\/wp-json\/wp\/v2\/types\/page"}],"author":[{"embeddable":true,"href":"https:\/\/semmelweis.hu\/kiserletimuto\/wp-json\/wp\/v2\/users\/102106"}],"replies":[{"embeddable":true,"href":"https:\/\/semmelweis.hu\/kiserletimuto\/wp-json\/wp\/v2\/comments?post=8"}],"version-history":[{"count":10,"href":"https:\/\/semmelweis.hu\/kiserletimuto\/wp-json\/wp\/v2\/pages\/8\/revisions"}],"predecessor-version":[{"id":1690,"href":"https:\/\/semmelweis.hu\/kiserletimuto\/wp-json\/wp\/v2\/pages\/8\/revisions\/1690"}],"up":[{"embeddable":true,"href":"https:\/\/semmelweis.hu\/kiserletimuto\/wp-json\/wp\/v2\/pages\/7"}],"wp:attachment":[{"href":"https:\/\/semmelweis.hu\/kiserletimuto\/wp-json\/wp\/v2\/media?parent=8"}],"wp:term":[{"taxonomy":"category","embeddable":true,"href":"https:\/\/semmelweis.hu\/kiserletimuto\/wp-json\/wp\/v2\/categories?post=8"},{"taxonomy":"post_tag","embeddable":true,"href":"https:\/\/semmelweis.hu\/kiserletimuto\/wp-json\/wp\/v2\/tags?post=8"}],"curies":[{"name":"wp","href":"https:\/\/api.w.org\/{rel}","templated":true}]}}