{"id":7,"date":"2015-12-28T00:00:00","date_gmt":"2015-12-27T23:00:00","guid":{"rendered":"http:\/\/semmelweis.hu\/kiserletimuto\/bemutatkozas\/"},"modified":"2023-04-13T10:36:22","modified_gmt":"2023-04-13T08:36:22","slug":"bemutatkozas","status":"publish","type":"page","link":"https:\/\/semmelweis.hu\/kiserletimuto\/","title":{"rendered":"Bemutatkoz\u00e1s"},"content":{"rendered":"<blockquote>\n<p>&#8221; &#8230; ahol egy az \u00e9let, egy lehet csak az \u00e9lettan, egy a boncz- \u00e9s k\u00f3rtan is. A\u00a0 ne legyen egyed\u00fcl k\u00fclform\u00e1kban alapul\u00f3, \u00e9sz n\u00e9lk\u00fcli k\u00e9zm\u0171, hanem az eg\u00e9szet egyes r\u00e9szeiben feltal\u00e1l\u00f3 tudom\u00e1ny.&#8221; <span style=\"font-size: 14pt;\">Balassa J\u00e1nos<\/span><\/p>\n<\/blockquote>\n<p><strong>A Semmelweis Egyetem, Seb\u00e9szeti, Transzplant\u00e1ci\u00f3s \u00e9s Gasztroenterol\u00f3giai Klinik\u00e1j\u00e1n \u00e9vtizedes m\u00faltra ny\u00falik vissza <a href=\"https:\/\/semmelweis.hu\/kiserletimuto\/bemutatkozas\/a-kiserleti-muto-tortenete\/\">a K\u00eds\u00e9rleti M\u0171t\u0151 t\u00f6rt\u00e9nete<\/a>.<\/strong><\/p>\n<p>Az egykori klinik\u00e1n dolgoz\u00f3 Balassa J\u00e1nost\u00f3l id\u00e9zett sorok, kell\u0151en t\u00fckr\u00f6zik a hely szellemis\u00e9g\u00e9t. Jelen\u00fcnket \u00e9s j\u00f6v\u0151nket szervesen meghat\u00e1roz\u00f3 innov\u00e1ci\u00f3k nem lenn\u00e9nek megval\u00f3s\u00edthat\u00f3ak a seb\u00e9szet magas szint\u0171 m\u0171vel\u00e9se n\u00e9lk\u00fcl, melyhez kimagasl\u00f3 gyakorlati felk\u00e9sz\u00fclts\u00e9g \u00e9s tapasztalaton k\u00edv\u00fcl elengedhetetlen a seb\u00e9szeti k\u00f3r\u00e1llapotok pontos, m\u00e9lyrehat\u00f3 ismerete. Ez\u00e9rt <strong>Laborunk k\u00fcl\u00f6n\u00f6s hangs\u00falyt fektet a seb\u00e9szeti megbeteged\u00e9sek m\u00f6g\u00f6tt \u00e1ll\u00f3 fiziol\u00f3giai \u00e9s k\u00f3r\u00e9lettani folyamatok megismer\u00e9s\u00e9re<\/strong>. Ennek \u00e9rdek\u00e9ben a napi seb\u00e9szeti gyakorlatban el\u0151fordul\u00f3 helyzetek hiteles \u00e1llatk\u00eds\u00e9rletes modellez\u00e9s\u00e9t v\u00e9gezz\u00fck. Ezek seg\u00edts\u00e9g\u00e9vel olyan elj\u00e1r\u00e1sokat fejleszt\u00fcnk ki, melyek a klinikai gyakorlatban napi szinten alkalmazhat\u00f3k a m\u0171t\u0151asztal \u00e9s a beteg\u00e1gy mellett.\u00a0<a href=\"https:\/\/semmelweis.hu\/kiserletimuto\/kutatasi-profilok\/\">Olvasson t\u00f6bbet a kutat\u00e1si tev\u00e9kenys\u00e9g\u00fcnkr\u0151l \u2192<\/a><\/p>\n<p>A Semmelweis Egyetem Seb\u00e9szeti, Transzplant\u00e1ci\u00f3s \u00e9s Gasztroenterol\u00f3giai Klinik\u00e1j\u00e1n a k\u00eds\u00e9rletes seb\u00e9szeti kutat\u00e1sok, seb\u00e9szeti hat\u00e1rter\u00fcleti k\u00e9rd\u00e9sek megv\u00e1laszol\u00e1sa \u00e9vtizedes m\u00faltra tekint vissza. A labor hosszas, t\u00f6bb \u00e9vtizedes kihagy\u00e1s ut\u00e1n 2000-t\u0151l ism\u00e9t m\u0171k\u00f6d\u0151k\u00e9pes lett. Az elm\u00falt dek\u00e1dban el\u00e9rte az alapkutat\u00e1sokhoz sz\u00fcks\u00e9ges felszerelts\u00e9get, kutat\u00f3i szellemet. Jelenleg a Semmelweis Egyetem Seb\u00e9szeti, Transzplant\u00e1ci\u00f3s \u00e9s Gasztroenterol\u00f3giai Klinik\u00e1n, nem \u00f6n\u00e1ll\u00f3 szervezeti egys\u00e9gk\u00e9nt m\u0171k\u00f6d\u0151 \u201cK\u00eds\u00e9rletes Seb\u00e9szeti R\u00e9szleg\u201d nevet viseli. Mintegy 20 \u00e9ve c\u00e9lul kit\u0171z\u00f6tt \u00e1llatk\u00eds\u00e9rletes h\u00e1tt\u00e9rrel m\u0171k\u00f6d\u0151 laborat\u00f3rium m\u00e1ra gasztroenterol\u00f3giai, m\u00e1jseb\u00e9szeti, onkol\u00f3giai, \u00e9rseb\u00e9szeti \u00e9s diagnosztikus c\u00e9lokat is szolg\u00e1l\u00f3 alapkutat\u00e1sokat vett c\u00e9lba.<\/p>\n<p><strong>A tev\u00e9kenys\u00e9g\u00fcnk f\u0151 c\u00e9lja els\u0151dlegesen a seb\u00e9szeti vonatkoz\u00e1s\u00fa klinikai k\u00e9rd\u00e9sek k\u00eds\u00e9rletes k\u00f6r\u00fclm\u00e9nyek k\u00f6z\u00f6tt, \u00e1llatmodelleken val\u00f3 tanulm\u00e1nyoz\u00e1sa.<\/strong> A laborat\u00f3riumban m\u0171k\u00f6d\u0151 k\u00eds\u00e9rletes seb\u00e9szet, mint alkalmazott tudom\u00e1ny, szorosan \u00f6sszefon\u00f3dott az elm\u00falt \u00e9vekben egy\u00e9b k\u00eds\u00e9rletes \u00e9s nem k\u00eds\u00e9rletes tudom\u00e1ny\u00e1gakkal. A <a href=\"https:\/\/semmelweis.hu\/kiserletimuto\/aktiv-munkatarsaink\/\">K\u00eds\u00e9rleti M\u0171t\u0151 dolgoz\u00f3i<\/a> az egyetemi t\u00e1rsint\u00e9zetekkel folytatott szoros <a href=\"https:\/\/semmelweis.hu\/kiserletimuto\/kutatasi-profilok\/kollaboraciok\/\">kollabor\u00e1ci\u00f3<\/a> keret\u00e9ben a t\u00e1rszakm\u00e1k (patol\u00f3gia, k\u00f3r\u00e9lettan, anat\u00f3mia, biok\u00e9mia) r\u00e1nk vonatkoz\u00f3 lapismereteit elsaj\u00e1t\u00edtott\u00e1k. Az ilyen ir\u00e1ny\u00fa vizsg\u00e1latokat napi folyamatokat napi rutinban v\u00e9gezz\u00fck. A kutat\u00e1sokban az egyik k\u00f6z\u00f6s vonal a prehabilit\u00e1ci\u00f3 k\u00eds\u00e9rletes vizsg\u00e1lata \u00e9s a m\u00e1jregener\u00e1ci\u00f3, colon anastomosis valamint mikrobiom\u00a0 tanulm\u00e1nyoz\u00e1sa \u00e9s klinikai adapt\u00e1ci\u00f3ja volt. A jelen eredm\u00e9nyek arra \u00f6szt\u00f6n\u00f6ztek minket, hogy kutat\u00e1saikat a testedz\u00e9s \u00e9s t\u00e1pl\u00e1l\u00e1ster\u00e1pi\u00e1k \u00a0m\u00e9lyebb tanulm\u00e1nyoz\u00e1s\u00e1val (immunol\u00f3giai folyamatok, jel\u00e1tviteli rendszerek, mikrobiom diverzit\u00e1s) folytassuk. A nagysz\u00e1m\u00fa sikeres <a href=\"https:\/\/semmelweis.hu\/kiserletimuto\/tdk\/\">tudom\u00e1nyos di\u00e1kk\u00f6r\u00f6s hallgat\u00f3<\/a> mellett a <a href=\"https:\/\/semmelweis.hu\/kiserletimuto\/phd-kepzes\/\">Doktori Iskol\u00e1ban ind\u00edtott t\u00e9m\u00e1nk<\/a> is lehet\u0151s\u00e9get ad posztgradu\u00e1lis k\u00e9pz\u00e9sre is.<\/p>\n<p><strong>A K\u00eds\u00e9rleti M\u0171t\u0151ben a kutat\u00e1sok els\u0151dleges c\u00e9lja az \u00e1llatk\u00eds\u00e9rletek sor\u00e1n kapott eredm\u00e9nyek klinikai gyakorlatban t\u00f6rt\u00e9n\u0151 alkalmaz\u00e1sa, \u00e1tvezet\u00e9se.<\/strong> Kutat\u00e1si profiljaink k\u00f6z\u00fcl kiemelend\u0151 a m\u00e1jregener\u00e1ci\u00f3 sz\u00e9lesk\u00f6r\u0171 vizsg\u00e1lata, mely lehet\u0151v\u00e9 teszi nagykiterjed\u00e9s\u0171 vagy multiplex daganatok elt\u00e1vol\u00edt\u00e1s\u00e1t. Tov\u00e1bb\u00e1 kutat\u00e1si profiljaink k\u00f6z\u00e9 tartozik a colorectalis seb\u00e9szetben sz\u00e1mos sz\u00f6v\u0151dm\u00e9nyt okoz\u00f3 anastomosis el\u00e9gtelens\u00e9g vizsg\u00e1lata. Laborunk, a nemzetk\u00f6zi ir\u00e1nyvonalakat k\u00f6vetve, az el\u0151bb felsorolt kutat\u00e1si ter\u00fcleteket \u00f6tv\u00f6zni igyekszik a prehabilit\u00e1ci\u00f3k\u00e9nt elh\u00edres\u00fclt multimod\u00e1lis preoperativ ter\u00e1pi\u00e1val. <a href=\"https:\/\/semmelweis.hu\/kiserletimuto\/kutatasi-profilok\/\">B\u0151vebben \u2192<\/a><\/p>\n","protected":false},"excerpt":{"rendered":"<p>&#8221; &#8230; ahol egy az \u00e9let, egy lehet csak az \u00e9lettan, egy a boncz- \u00e9s k\u00f3rtan is. A\u00a0 ne legyen egyed\u00fcl k\u00fclform\u00e1kban alapul\u00f3, \u00e9sz n\u00e9lk\u00fcli k\u00e9zm\u0171, hanem az eg\u00e9szet egyes r\u00e9szeiben feltal\u00e1l\u00f3 tudom\u00e1ny.&#8221; Balassa J\u00e1nos A Semmelweis Egyetem, Seb\u00e9szeti, Transzplant\u00e1ci\u00f3s \u00e9s Gasztroenterol\u00f3giai Klinik\u00e1j\u00e1n \u00e9vtizedes m\u00faltra ny\u00falik vissza <a href=\"https:\/\/semmelweis.hu\/kiserletimuto\/bemutatkozas\/a-kiserleti-muto-tortenete\/\">a K\u00eds\u00e9rleti M\u0171t\u0151 t\u00f6rt\u00e9nete<\/a> . Az egykori klinik\u00e1n dolgoz\u00f3 Balassa J\u00e1nost\u00f3l id\u00e9zett &hellip;<\/p>\n","protected":false},"author":102106,"featured_media":0,"parent":0,"menu_order":0,"comment_status":"closed","ping_status":"closed","template":"","meta":{"_acf_changed":false,"footnotes":""},"categories":[],"tags":[],"class_list":["post-7","page","type-page","status-publish","hentry"],"acf":[],"_links":{"self":[{"href":"https:\/\/semmelweis.hu\/kiserletimuto\/wp-json\/wp\/v2\/pages\/7","targetHints":{"allow":["GET"]}}],"collection":[{"href":"https:\/\/semmelweis.hu\/kiserletimuto\/wp-json\/wp\/v2\/pages"}],"about":[{"href":"https:\/\/semmelweis.hu\/kiserletimuto\/wp-json\/wp\/v2\/types\/page"}],"author":[{"embeddable":true,"href":"https:\/\/semmelweis.hu\/kiserletimuto\/wp-json\/wp\/v2\/users\/102106"}],"replies":[{"embeddable":true,"href":"https:\/\/semmelweis.hu\/kiserletimuto\/wp-json\/wp\/v2\/comments?post=7"}],"version-history":[{"count":10,"href":"https:\/\/semmelweis.hu\/kiserletimuto\/wp-json\/wp\/v2\/pages\/7\/revisions"}],"predecessor-version":[{"id":1688,"href":"https:\/\/semmelweis.hu\/kiserletimuto\/wp-json\/wp\/v2\/pages\/7\/revisions\/1688"}],"wp:attachment":[{"href":"https:\/\/semmelweis.hu\/kiserletimuto\/wp-json\/wp\/v2\/media?parent=7"}],"wp:term":[{"taxonomy":"category","embeddable":true,"href":"https:\/\/semmelweis.hu\/kiserletimuto\/wp-json\/wp\/v2\/categories?post=7"},{"taxonomy":"post_tag","embeddable":true,"href":"https:\/\/semmelweis.hu\/kiserletimuto\/wp-json\/wp\/v2\/tags?post=7"}],"curies":[{"name":"wp","href":"https:\/\/api.w.org\/{rel}","templated":true}]}}