{"id":654,"date":"2016-01-18T12:25:50","date_gmt":"2016-01-18T11:25:50","guid":{"rendered":"http:\/\/semmelweis.hu\/kiserletimuto\/?page_id=654"},"modified":"2024-05-06T09:27:48","modified_gmt":"2024-05-06T07:27:48","slug":"eredmenyeink","status":"publish","type":"page","link":"https:\/\/semmelweis.hu\/kiserletimuto\/eredmenyeink\/","title":{"rendered":"Eredm\u00e9nyeink"},"content":{"rendered":"<div><strong>B\u00fcszk\u00e9k vagyunk hallgat\u00f3ink sikereire<\/strong>, melyet az \u00e9vek bont\u00e1s\u00e1ban al\u00e1bb szeretn\u00e9nk bemutatni.<\/div>\n<div>\u00a0<\/div>\n<div>\n\r\n        [slb_exclude]\r\n        <div class=\"row galeria-wrapper mx-0 h-auto\">\r\n            <div class=\"col-9 pl-0 pr-2\">\r\n            <span class=\"gallery-item frame\">\r\n\t\t\t\t<div class=\"galeria-left-img\"><a href=\"https:\/\/semmelweis.hu\/kiserletimuto\/files\/2024\/05\/KFTF1-scaled.jpg\"><img src=https:\/\/semmelweis.hu\/kiserletimuto\/files\/2024\/05\/KFTF1-scaled.jpg  \r\n                            alt=\"\" \r\n                            class=\"attachment-sote-gallery-big size-sote-gallery-big\" \r\n                            srcset=\"https:\/\/semmelweis.hu\/kiserletimuto\/files\/2024\/05\/KFTF1-323x400.jpg 323w, https:\/\/semmelweis.hu\/kiserletimuto\/files\/2024\/05\/KFTF1-826x1024.jpg 826w, https:\/\/semmelweis.hu\/kiserletimuto\/files\/2024\/05\/KFTF1-768x953.jpg 768w, https:\/\/semmelweis.hu\/kiserletimuto\/files\/2024\/05\/KFTF1-1238x1536.jpg 1238w, https:\/\/semmelweis.hu\/kiserletimuto\/files\/2024\/05\/KFTF1-1651x2048.jpg 1651w, https:\/\/semmelweis.hu\/kiserletimuto\/files\/2024\/05\/KFTF1-753x934.jpg 753w\" ><\/a><\/div>\r\n            <\/span>\r\n\r\n            <\/div>\r\n\r\n\t\t\t<div class=\"col-3 pl-0 pr-0\">\r\n\t\t\t\t<div class=\"galeria-right-img d-flex justify-content-between flex-column h-100 w-100 px-0 mx-0 \">\r\n                <div class=\"galeria-box\">\r\n\t\t\t\t\t<h3 class=\"galeria-title\">Gal\u00e9ria<\/h3>\r\n\t\t\t\t\t<div class=\"galeria-subtitle\">\r\n\r\n\t\t\t\t\t\t<div class=\"galeria-page-counter\"><span>18<\/span>k\u00e9p<\/div>\r\n                    <\/div> <\/div>\r\n                    <span class=\"gallery-item frame d-none d-md-flex\">\r\n\t\t\t\t\t<div class=\"galeria-small-img mt-0\"><a href=\"https:\/\/semmelweis.hu\/kiserletimuto\/files\/2024\/05\/KFTF3-scaled.jpg\"><img src=https:\/\/semmelweis.hu\/kiserletimuto\/files\/2024\/05\/KFTF3-scaled.jpg \r\n                                alt=\"\"  \r\n                                class=\"attachment-sote-gallery-small size-sote-gallery-small\" \r\n                                srcset=\"https:\/\/semmelweis.hu\/kiserletimuto\/files\/2024\/05\/KFTF3-334x400.jpg 334w, https:\/\/semmelweis.hu\/kiserletimuto\/files\/2024\/05\/KFTF3-855x1024.jpg 855w, https:\/\/semmelweis.hu\/kiserletimuto\/files\/2024\/05\/KFTF3-768x920.jpg 768w, https:\/\/semmelweis.hu\/kiserletimuto\/files\/2024\/05\/KFTF3-1282x1536.jpg 1282w, https:\/\/semmelweis.hu\/kiserletimuto\/files\/2024\/05\/KFTF3-1710x2048.jpg 1710w, https:\/\/semmelweis.hu\/kiserletimuto\/files\/2024\/05\/KFTF3-753x902.jpg 753w\" ><\/a><\/div>\r\n                    <\/span>\r\n                    <span class=\"gallery-item frame d-none d-md-flex\">\r\n\t\t\t\t\t<div class=\"galeria-small-img mt-0\"><a href=\"https:\/\/semmelweis.hu\/kiserletimuto\/files\/2023\/03\/330022242_3390251334627873_2123309004114699989_n.jpg\"><img src=https:\/\/semmelweis.hu\/kiserletimuto\/files\/2023\/03\/330022242_3390251334627873_2123309004114699989_n.jpg \r\n                                alt=\"\" \r\n                                class=\"attachment-sote-gallery-small size-sote-gallery-small\" \r\n                                srcset=\"https:\/\/semmelweis.hu\/kiserletimuto\/files\/2023\/03\/330022242_3390251334627873_2123309004114699989_n-300x230.jpg 300w, https:\/\/semmelweis.hu\/kiserletimuto\/files\/2023\/03\/330022242_3390251334627873_2123309004114699989_n-1024x785.jpg 1024w, https:\/\/semmelweis.hu\/kiserletimuto\/files\/2023\/03\/330022242_3390251334627873_2123309004114699989_n-768x589.jpg 768w, https:\/\/semmelweis.hu\/kiserletimuto\/files\/2023\/03\/330022242_3390251334627873_2123309004114699989_n-391x300.jpg 391w, https:\/\/semmelweis.hu\/kiserletimuto\/files\/2023\/03\/330022242_3390251334627873_2123309004114699989_n-1536x1178.jpg 1536w, https:\/\/semmelweis.hu\/kiserletimuto\/files\/2023\/03\/330022242_3390251334627873_2123309004114699989_n.jpg 1943w\" ><\/a><\/div>\r\n                    <\/span>\r\n\r\n                <\/div>\r\n\r\n            <\/div>\r\n\r\n            <span class=\"gallery-item\"><div class=\"hidden\"><a href=\"https:\/\/semmelweis.hu\/kiserletimuto\/files\/2023\/03\/SE-Riport_Attila-es-Mate-1-e1503562021275.jpg\">\r\n        <img src=https:\/\/semmelweis.hu\/kiserletimuto\/files\/2023\/03\/SE-Riport_Attila-es-Mate-1-e1503562021275.jpg alt=\"\" class=\"attachment-sote-gallery-big size-sote-gallery-big\" srcset=\"https:\/\/semmelweis.hu\/kiserletimuto\/files\/2023\/03\/SE-Riport_Attila-es-Mate-1-e1503562021275-300x155.jpg 300w, https:\/\/semmelweis.hu\/kiserletimuto\/files\/2023\/03\/SE-Riport_Attila-es-Mate-1-e1503562021275-768x397.jpg 768w, https:\/\/semmelweis.hu\/kiserletimuto\/files\/2023\/03\/SE-Riport_Attila-es-Mate-1-e1503562021275-580x300.jpg 580w, https:\/\/semmelweis.hu\/kiserletimuto\/files\/2023\/03\/SE-Riport_Attila-es-Mate-1-e1503562021275.jpg 950w\" >\r\n        <\/a><\/div><\/span><span class=\"gallery-item\"><div class=\"hidden\"><a href=\"https:\/\/semmelweis.hu\/kiserletimuto\/files\/2023\/03\/Latin-Viki-2-1024x1024-1.jpg\">\r\n        <img src=https:\/\/semmelweis.hu\/kiserletimuto\/files\/2023\/03\/Latin-Viki-2-1024x1024-1.jpg alt=\"\" class=\"attachment-sote-gallery-big size-sote-gallery-big\" srcset=\"https:\/\/semmelweis.hu\/kiserletimuto\/files\/2023\/03\/Latin-Viki-2-1024x1024-1-300x300.jpg 300w, https:\/\/semmelweis.hu\/kiserletimuto\/files\/2023\/03\/Latin-Viki-2-1024x1024-1-150x150.jpg 150w, https:\/\/semmelweis.hu\/kiserletimuto\/files\/2023\/03\/Latin-Viki-2-1024x1024-1-768x768.jpg 768w, https:\/\/semmelweis.hu\/kiserletimuto\/files\/2023\/03\/Latin-Viki-2-1024x1024-1-90x90.jpg 90w, https:\/\/semmelweis.hu\/kiserletimuto\/files\/2023\/03\/Latin-Viki-2-1024x1024-1.jpg 1024w\" >\r\n        <\/a><\/div><\/span><span class=\"gallery-item\"><div class=\"hidden\"><a href=\"https:\/\/semmelweis.hu\/kiserletimuto\/files\/2023\/03\/MST_KSK.jpg\">\r\n        <img src=https:\/\/semmelweis.hu\/kiserletimuto\/files\/2023\/03\/MST_KSK.jpg alt=\"\" class=\"attachment-sote-gallery-big size-sote-gallery-big\" srcset=\"https:\/\/semmelweis.hu\/kiserletimuto\/files\/2023\/03\/MST_KSK-300x224.jpg 300w, https:\/\/semmelweis.hu\/kiserletimuto\/files\/2023\/03\/MST_KSK-1024x764.jpg 1024w, https:\/\/semmelweis.hu\/kiserletimuto\/files\/2023\/03\/MST_KSK-768x573.jpg 768w, https:\/\/semmelweis.hu\/kiserletimuto\/files\/2023\/03\/MST_KSK-402x300.jpg 402w, https:\/\/semmelweis.hu\/kiserletimuto\/files\/2023\/03\/MST_KSK.jpg 1247w\" >\r\n        <\/a><\/div><\/span><span class=\"gallery-item\"><div class=\"hidden\"><a href=\"https:\/\/semmelweis.hu\/kiserletimuto\/files\/2023\/03\/300_b5148b9b7795c0a19e7193c159f521de_20140708112444SE_TDK_2014-1024x768-1.jpg\">\r\n        <img src=https:\/\/semmelweis.hu\/kiserletimuto\/files\/2023\/03\/300_b5148b9b7795c0a19e7193c159f521de_20140708112444SE_TDK_2014-1024x768-1.jpg alt=\"\" class=\"attachment-sote-gallery-big size-sote-gallery-big\" srcset=\"https:\/\/semmelweis.hu\/kiserletimuto\/files\/2023\/03\/300_b5148b9b7795c0a19e7193c159f521de_20140708112444SE_TDK_2014-1024x768-1-300x225.jpg 300w, https:\/\/semmelweis.hu\/kiserletimuto\/files\/2023\/03\/300_b5148b9b7795c0a19e7193c159f521de_20140708112444SE_TDK_2014-1024x768-1-768x576.jpg 768w, https:\/\/semmelweis.hu\/kiserletimuto\/files\/2023\/03\/300_b5148b9b7795c0a19e7193c159f521de_20140708112444SE_TDK_2014-1024x768-1-400x300.jpg 400w, https:\/\/semmelweis.hu\/kiserletimuto\/files\/2023\/03\/300_b5148b9b7795c0a19e7193c159f521de_20140708112444SE_TDK_2014-1024x768-1.jpg 1024w\" >\r\n        <\/a><\/div><\/span><span class=\"gallery-item\"><div class=\"hidden\"><a href=\"https:\/\/semmelweis.hu\/kiserletimuto\/files\/2023\/03\/270_a4f59a1c53fbf34e6476460f72395d97_20130704002137RM_SA.jpg\">\r\n        <img src=https:\/\/semmelweis.hu\/kiserletimuto\/files\/2023\/03\/270_a4f59a1c53fbf34e6476460f72395d97_20130704002137RM_SA.jpg alt=\"\" class=\"attachment-sote-gallery-big size-sote-gallery-big\" srcset=\"https:\/\/semmelweis.hu\/kiserletimuto\/files\/2023\/03\/270_a4f59a1c53fbf34e6476460f72395d97_20130704002137RM_SA-300x200.jpg 300w, https:\/\/semmelweis.hu\/kiserletimuto\/files\/2023\/03\/270_a4f59a1c53fbf34e6476460f72395d97_20130704002137RM_SA-768x512.jpg 768w, https:\/\/semmelweis.hu\/kiserletimuto\/files\/2023\/03\/270_a4f59a1c53fbf34e6476460f72395d97_20130704002137RM_SA-450x300.jpg 450w, https:\/\/semmelweis.hu\/kiserletimuto\/files\/2023\/03\/270_a4f59a1c53fbf34e6476460f72395d97_20130704002137RM_SA.jpg 900w\" >\r\n        <\/a><\/div><\/span><span class=\"gallery-item\"><div class=\"hidden\"><a href=\"https:\/\/semmelweis.hu\/kiserletimuto\/files\/2023\/03\/260_53147db22dcf20f452800d9ddd609343_20121212121234kutej-1024x1024-1.jpg\">\r\n        <img src=https:\/\/semmelweis.hu\/kiserletimuto\/files\/2023\/03\/260_53147db22dcf20f452800d9ddd609343_20121212121234kutej-1024x1024-1.jpg alt=\"\" class=\"attachment-sote-gallery-big size-sote-gallery-big\" srcset=\"https:\/\/semmelweis.hu\/kiserletimuto\/files\/2023\/03\/260_53147db22dcf20f452800d9ddd609343_20121212121234kutej-1024x1024-1-300x300.jpg 300w, https:\/\/semmelweis.hu\/kiserletimuto\/files\/2023\/03\/260_53147db22dcf20f452800d9ddd609343_20121212121234kutej-1024x1024-1-150x150.jpg 150w, https:\/\/semmelweis.hu\/kiserletimuto\/files\/2023\/03\/260_53147db22dcf20f452800d9ddd609343_20121212121234kutej-1024x1024-1-768x768.jpg 768w, https:\/\/semmelweis.hu\/kiserletimuto\/files\/2023\/03\/260_53147db22dcf20f452800d9ddd609343_20121212121234kutej-1024x1024-1-90x90.jpg 90w, https:\/\/semmelweis.hu\/kiserletimuto\/files\/2023\/03\/260_53147db22dcf20f452800d9ddd609343_20121212121234kutej-1024x1024-1.jpg 1024w\" >\r\n        <\/a><\/div><\/span><span class=\"gallery-item\"><div class=\"hidden\"><a href=\"https:\/\/semmelweis.hu\/kiserletimuto\/files\/2023\/03\/278_856e724381126c0bf41c550650f6dea5_20131006143357iphone_copy_2013_10_05_609-1024x768-1.jpg\">\r\n        <img src=https:\/\/semmelweis.hu\/kiserletimuto\/files\/2023\/03\/278_856e724381126c0bf41c550650f6dea5_20131006143357iphone_copy_2013_10_05_609-1024x768-1.jpg alt=\"\" class=\"attachment-sote-gallery-big size-sote-gallery-big\" srcset=\"https:\/\/semmelweis.hu\/kiserletimuto\/files\/2023\/03\/278_856e724381126c0bf41c550650f6dea5_20131006143357iphone_copy_2013_10_05_609-1024x768-1-300x225.jpg 300w, https:\/\/semmelweis.hu\/kiserletimuto\/files\/2023\/03\/278_856e724381126c0bf41c550650f6dea5_20131006143357iphone_copy_2013_10_05_609-1024x768-1-768x576.jpg 768w, https:\/\/semmelweis.hu\/kiserletimuto\/files\/2023\/03\/278_856e724381126c0bf41c550650f6dea5_20131006143357iphone_copy_2013_10_05_609-1024x768-1-400x300.jpg 400w, https:\/\/semmelweis.hu\/kiserletimuto\/files\/2023\/03\/278_856e724381126c0bf41c550650f6dea5_20131006143357iphone_copy_2013_10_05_609-1024x768-1.jpg 1024w\" >\r\n        <\/a><\/div><\/span><span class=\"gallery-item\"><div class=\"hidden\"><a href=\"https:\/\/semmelweis.hu\/kiserletimuto\/files\/2023\/03\/258_53147db22dcf20f452800d9ddd609343_20121212121206Iphone_313-768x1024-1.jpg\">\r\n        <img src=https:\/\/semmelweis.hu\/kiserletimuto\/files\/2023\/03\/258_53147db22dcf20f452800d9ddd609343_20121212121206Iphone_313-768x1024-1.jpg alt=\"\" class=\"attachment-sote-gallery-big size-sote-gallery-big\" srcset=\"https:\/\/semmelweis.hu\/kiserletimuto\/files\/2023\/03\/258_53147db22dcf20f452800d9ddd609343_20121212121206Iphone_313-768x1024-1-225x300.jpg 225w, https:\/\/semmelweis.hu\/kiserletimuto\/files\/2023\/03\/258_53147db22dcf20f452800d9ddd609343_20121212121206Iphone_313-768x1024-1.jpg 768w\" >\r\n        <\/a><\/div><\/span><span class=\"gallery-item\"><div class=\"hidden\"><a href=\"https:\/\/semmelweis.hu\/kiserletimuto\/files\/2023\/03\/245_AachenAttilaZoli_jpg_1ea0dfe180aff19ecc034de8af7f748c_20121024194605-1024x767-1.jpg\">\r\n        <img src=https:\/\/semmelweis.hu\/kiserletimuto\/files\/2023\/03\/245_AachenAttilaZoli_jpg_1ea0dfe180aff19ecc034de8af7f748c_20121024194605-1024x767-1.jpg alt=\"\" class=\"attachment-sote-gallery-big size-sote-gallery-big\" srcset=\"https:\/\/semmelweis.hu\/kiserletimuto\/files\/2023\/03\/245_AachenAttilaZoli_jpg_1ea0dfe180aff19ecc034de8af7f748c_20121024194605-1024x767-1-300x225.jpg 300w, https:\/\/semmelweis.hu\/kiserletimuto\/files\/2023\/03\/245_AachenAttilaZoli_jpg_1ea0dfe180aff19ecc034de8af7f748c_20121024194605-1024x767-1-768x575.jpg 768w, https:\/\/semmelweis.hu\/kiserletimuto\/files\/2023\/03\/245_AachenAttilaZoli_jpg_1ea0dfe180aff19ecc034de8af7f748c_20121024194605-1024x767-1-401x300.jpg 401w, https:\/\/semmelweis.hu\/kiserletimuto\/files\/2023\/03\/245_AachenAttilaZoli_jpg_1ea0dfe180aff19ecc034de8af7f748c_20121024194605-1024x767-1.jpg 1024w\" >\r\n        <\/a><\/div><\/span><span class=\"gallery-item\"><div class=\"hidden\"><a href=\"https:\/\/semmelweis.hu\/kiserletimuto\/files\/2023\/03\/232_fi_k_jpg_db96b53d6483e986e09b716783da3ba2_20120302121035.jpg\">\r\n        <img src=https:\/\/semmelweis.hu\/kiserletimuto\/files\/2023\/03\/232_fi_k_jpg_db96b53d6483e986e09b716783da3ba2_20120302121035.jpg alt=\"\" class=\"attachment-sote-gallery-big size-sote-gallery-big\" srcset=\"https:\/\/semmelweis.hu\/kiserletimuto\/files\/2023\/03\/232_fi_k_jpg_db96b53d6483e986e09b716783da3ba2_20120302121035-300x200.jpg 300w, https:\/\/semmelweis.hu\/kiserletimuto\/files\/2023\/03\/232_fi_k_jpg_db96b53d6483e986e09b716783da3ba2_20120302121035-450x300.jpg 450w, https:\/\/semmelweis.hu\/kiserletimuto\/files\/2023\/03\/232_fi_k_jpg_db96b53d6483e986e09b716783da3ba2_20120302121035.jpg 720w\" >\r\n        <\/a><\/div><\/span><span class=\"gallery-item\"><div class=\"hidden\"><a href=\"https:\/\/semmelweis.hu\/kiserletimuto\/files\/2023\/03\/234_DSC_2107_jpg_420c48bd39f8bb984af20decac5675ea_20120617110736-1024x680-1.jpg\">\r\n        <img src=https:\/\/semmelweis.hu\/kiserletimuto\/files\/2023\/03\/234_DSC_2107_jpg_420c48bd39f8bb984af20decac5675ea_20120617110736-1024x680-1.jpg alt=\"\" class=\"attachment-sote-gallery-big size-sote-gallery-big\" srcset=\"https:\/\/semmelweis.hu\/kiserletimuto\/files\/2023\/03\/234_DSC_2107_jpg_420c48bd39f8bb984af20decac5675ea_20120617110736-1024x680-1-300x199.jpg 300w, https:\/\/semmelweis.hu\/kiserletimuto\/files\/2023\/03\/234_DSC_2107_jpg_420c48bd39f8bb984af20decac5675ea_20120617110736-1024x680-1-768x510.jpg 768w, https:\/\/semmelweis.hu\/kiserletimuto\/files\/2023\/03\/234_DSC_2107_jpg_420c48bd39f8bb984af20decac5675ea_20120617110736-1024x680-1-452x300.jpg 452w, https:\/\/semmelweis.hu\/kiserletimuto\/files\/2023\/03\/234_DSC_2107_jpg_420c48bd39f8bb984af20decac5675ea_20120617110736-1024x680-1.jpg 1024w\" >\r\n        <\/a><\/div><\/span><span class=\"gallery-item\"><div class=\"hidden\"><a href=\"https:\/\/semmelweis.hu\/kiserletimuto\/files\/2023\/03\/231_Zsolt_a_d_j_tad_n_jpg_db96b53d6483e986e09b716783da3ba2_20120302121032.jpg\">\r\n        <img src=https:\/\/semmelweis.hu\/kiserletimuto\/files\/2023\/03\/231_Zsolt_a_d_j_tad_n_jpg_db96b53d6483e986e09b716783da3ba2_20120302121032.jpg alt=\"\" class=\"attachment-sote-gallery-big size-sote-gallery-big\" srcset=\"https:\/\/semmelweis.hu\/kiserletimuto\/files\/2023\/03\/231_Zsolt_a_d_j_tad_n_jpg_db96b53d6483e986e09b716783da3ba2_20120302121032-300x200.jpg 300w, https:\/\/semmelweis.hu\/kiserletimuto\/files\/2023\/03\/231_Zsolt_a_d_j_tad_n_jpg_db96b53d6483e986e09b716783da3ba2_20120302121032-450x300.jpg 450w, https:\/\/semmelweis.hu\/kiserletimuto\/files\/2023\/03\/231_Zsolt_a_d_j_tad_n_jpg_db96b53d6483e986e09b716783da3ba2_20120302121032.jpg 720w\" >\r\n        <\/a><\/div><\/span><span class=\"gallery-item\"><div class=\"hidden\"><a href=\"https:\/\/semmelweis.hu\/kiserletimuto\/files\/2023\/03\/229_IMG_9772_jpg_7ff965b740c308e460698772a53779de_20120220171159.jpg\">\r\n        <img src=https:\/\/semmelweis.hu\/kiserletimuto\/files\/2023\/03\/229_IMG_9772_jpg_7ff965b740c308e460698772a53779de_20120220171159.jpg alt=\"\" class=\"attachment-sote-gallery-big size-sote-gallery-big\" srcset=\"https:\/\/semmelweis.hu\/kiserletimuto\/files\/2023\/03\/229_IMG_9772_jpg_7ff965b740c308e460698772a53779de_20120220171159-300x200.jpg 300w, https:\/\/semmelweis.hu\/kiserletimuto\/files\/2023\/03\/229_IMG_9772_jpg_7ff965b740c308e460698772a53779de_20120220171159-768x512.jpg 768w, https:\/\/semmelweis.hu\/kiserletimuto\/files\/2023\/03\/229_IMG_9772_jpg_7ff965b740c308e460698772a53779de_20120220171159-450x300.jpg 450w, https:\/\/semmelweis.hu\/kiserletimuto\/files\/2023\/03\/229_IMG_9772_jpg_7ff965b740c308e460698772a53779de_20120220171159.jpg 800w\" >\r\n        <\/a><\/div><\/span><span class=\"gallery-item\"><div class=\"hidden\"><a href=\"https:\/\/semmelweis.hu\/kiserletimuto\/files\/2023\/03\/230_IMG_9780_jpg_7ff965b740c308e460698772a53779de_20120220171203.jpg\">\r\n        <img src=https:\/\/semmelweis.hu\/kiserletimuto\/files\/2023\/03\/230_IMG_9780_jpg_7ff965b740c308e460698772a53779de_20120220171203.jpg alt=\"\" class=\"attachment-sote-gallery-big size-sote-gallery-big\" srcset=\"https:\/\/semmelweis.hu\/kiserletimuto\/files\/2023\/03\/230_IMG_9780_jpg_7ff965b740c308e460698772a53779de_20120220171203-300x200.jpg 300w, https:\/\/semmelweis.hu\/kiserletimuto\/files\/2023\/03\/230_IMG_9780_jpg_7ff965b740c308e460698772a53779de_20120220171203-768x512.jpg 768w, https:\/\/semmelweis.hu\/kiserletimuto\/files\/2023\/03\/230_IMG_9780_jpg_7ff965b740c308e460698772a53779de_20120220171203-450x300.jpg 450w, https:\/\/semmelweis.hu\/kiserletimuto\/files\/2023\/03\/230_IMG_9780_jpg_7ff965b740c308e460698772a53779de_20120220171203.jpg 800w\" >\r\n        <\/a><\/div><\/span><span class=\"gallery-item\"><div class=\"hidden\"><a href=\"https:\/\/semmelweis.hu\/kiserletimuto\/files\/2023\/03\/220_DSCN0234_jpg_c17aa3d108214e9fca408b2a51d0640f_20120207023938-1024x768-1.jpg\">\r\n        <img src=https:\/\/semmelweis.hu\/kiserletimuto\/files\/2023\/03\/220_DSCN0234_jpg_c17aa3d108214e9fca408b2a51d0640f_20120207023938-1024x768-1.jpg alt=\"\" class=\"attachment-sote-gallery-big size-sote-gallery-big\" srcset=\"https:\/\/semmelweis.hu\/kiserletimuto\/files\/2023\/03\/220_DSCN0234_jpg_c17aa3d108214e9fca408b2a51d0640f_20120207023938-1024x768-1-300x225.jpg 300w, https:\/\/semmelweis.hu\/kiserletimuto\/files\/2023\/03\/220_DSCN0234_jpg_c17aa3d108214e9fca408b2a51d0640f_20120207023938-1024x768-1-768x576.jpg 768w, https:\/\/semmelweis.hu\/kiserletimuto\/files\/2023\/03\/220_DSCN0234_jpg_c17aa3d108214e9fca408b2a51d0640f_20120207023938-1024x768-1-400x300.jpg 400w, https:\/\/semmelweis.hu\/kiserletimuto\/files\/2023\/03\/220_DSCN0234_jpg_c17aa3d108214e9fca408b2a51d0640f_20120207023938-1024x768-1.jpg 1024w\" >\r\n        <\/a><\/div><\/span>\r\n            <\/div>\r\n\r\n            [\/slb_exclude]\r\n\t\n<\/div>\n<div>\u00a0<\/div>\n<div><span style=\"font-size: 18pt\"><strong>2024-es eredm\u00e9nyeink:<\/strong><\/span><\/div>\n<div>\u00a0<\/div>\n<div><strong><em><span style=\"font-size: 14pt\">31. Marosv\u00e1s\u00e1rhelyi Tudom\u00e1nyos Di\u00e1kk\u00f6ri Konferencia<\/span><\/em><\/strong><\/div>\n<div>\n<p><span style=\"font-size: 12pt\">C\u00edm: Testedz\u00e9s \u00e9s t\u00e1pl\u00e1l\u00e1ster\u00e1pia hat\u00e1sa az anastomosis gy\u00f3gyul\u00e1s\u00e1ra kis\u00e1llat modellben<br \/>\n<\/span><span style=\"font-size: 12pt\">Szerz\u0151(k): Hendlein T\u00edmea Helga SE-\u00c1OK V., Varga Martin Dori\u00e1n SE-\u00c1OK V.<br \/>\n<\/span><span style=\"font-size: 12pt\">T\u00e9mavezet\u0151(k): Dr. L\u00e9vay Kl\u00e1ra, Dr. F\u00fcl\u00f6p Andr\u00e1s<br \/>\n<\/span><span style=\"font-size: 12pt\">Konferencia \u00e9ve, neve: 2024, 31. Marosv\u00e1s\u00e1rhelyi Tudom\u00e1nyos Di\u00e1kk\u00f6ri Konferencia<br \/>\n<\/span><span style=\"font-size: 12pt\">D\u00edjaz\u00e1s: K\u00fcl\u00f6nd\u00edj<\/p>\n<p><\/span><\/p>\n<\/div>\n<div><span style=\"font-size: 14pt\"><em><strong>XXVIII. Kor\u00e1nyi Frigyes Tudom\u00e1nyos F\u00f3rum<\/strong><\/em><\/span><\/div>\n<div>\n<p><span style=\"font-size: 12pt\">C\u00edm: Preoperat\u00edv t\u00e1pl\u00e1l\u00e1s \u00e9s edz\u00e9ster\u00e1pia szerep\u00e9nek vizsg\u00e1lata colon anastomosis gy\u00f3gyul\u00e1s\u00e1ban patk\u00e1ny modellben<br \/>\n<\/span><span style=\"font-size: 12pt\">Szerz\u0151(k): Varga Martin Dori\u00e1n SE-\u00c1OK V., Hendlein T\u00edmea Helga SE-\u00c1OK V.<br \/>\n<\/span><span style=\"font-size: 12pt\">T\u00e9mavezet\u0151(k): Dr. L\u00e9vay Kl\u00e1ra, Dr. F\u00fcl\u00f6p Andr\u00e1s<br \/>\n<\/span><span style=\"font-size: 12pt\">Konferencia \u00e9ve, neve: 2024, XXVIII. Kor\u00e1nyi Frigyes Tudom\u00e1nyos F\u00f3rum<br \/>\n<\/span><span style=\"font-size: 12pt\">D\u00edjaz\u00e1s: I. d\u00edj \u2013 Operat\u00edv medicina<\/p>\n<p><\/span><\/p>\n<\/div>\n<div><span style=\"font-size: 14pt\"><em><strong>Tudom\u00e1nyos Di\u00e1kk\u00f6ri Konferencia<\/strong><\/em><\/span><\/div>\n<div><span style=\"font-size: 12pt\">C\u00edm: Fizikai prehabilit\u00e1cio hat\u00e1sa m\u00e1jregener\u00e1ciora partialis hepatectomia ut\u00e1n kis\u00e1llat modellben<\/span><\/div>\n<div><span style=\"font-size: 12pt\">Szerz\u0151(k): Csiktusn\u00e1di-Kiss Kolos SE-\u00c1OK V., K\u00e1rp\u00e1ti Krist\u00f3f J\u00e1nos SE-\u00c1OK IV.<\/span><\/div>\n<div><span style=\"font-size: 12pt\">T\u00e9mavezet\u0151(k): Dr. L\u00e9vay Kl\u00e1ra, Prof. Dr. Szij\u00e1rt\u00f3 Attila<\/span><\/div>\n<div><span style=\"font-size: 12pt\">Konferencia \u00e9ve, neve: 2024, Semmelweis Egyetem Tudom\u00e1nyos Di\u00e1kk\u00f6ri Konferencia<\/span><\/div>\n<div><span style=\"font-size: 12pt\">D\u00edjaz\u00e1s: I. d\u00edj &#8211; OTDK jel\u00f6lt, Operat\u00edv B szekci\u00f3<\/span><\/div>\n<div>\u00a0<\/div>\n<div><span style=\"font-size: 12pt\">C\u00edm: Bimod\u00e1lis prehabilit\u00e1ci\u00f3 hat\u00e1s\u00e1nak vizsg\u00e1lata colon anastomosis gy\u00f3gyul\u00e1sra patk\u00e1ny modellben<\/span><\/div>\n<div><span style=\"font-size: 12pt\">Szerz\u0151(k): Hendlein T\u00edmea Helga SE-\u00c1OK V., Varga Martin Dori\u00e1n SE-\u00c1OK V.<\/span><\/div>\n<div><span style=\"font-size: 12pt\">T\u00e9mavezet\u0151(k): Dr. L\u00e9vay Kl\u00e1ra, Dr. F\u00fcl\u00f6p Andr\u00e1s<\/span><\/div>\n<div><span style=\"font-size: 12pt\">Konferencia \u00e9ve, neve: 2024, Semmelweis Egyetem Tudom\u00e1nyos Di\u00e1kk\u00f6ri Konferencia<\/span><\/div>\n<div><span style=\"font-size: 12pt\">D\u00edjaz\u00e1s: II. d\u00edj &#8211; OTDK javasolt, Operat\u00edv A szekci\u00f3<\/span><\/div>\n<div>\u00a0<\/div>\n<div><span style=\"font-size: 18pt\"><strong>2023-as eredm\u00e9nyeink:<\/strong><\/span><\/div>\n<div>\u00a0<\/div>\n<div><span style=\"font-size: 14pt\"><strong><em>Tudom\u00e1nyos Di\u00e1kk\u00f6ri Konferencia<\/em><\/strong><\/span><\/div>\n<div>\n<p><span style=\"font-size: 12pt\">C\u00edm: Fizikai prehabilit\u00e1ci\u00f3 postoperativ kimenetelre gyakorolt hat\u00e1sa k\u00e9tl\u00e9pcs\u0151s m\u00e1jresectiot<br \/>\n<\/span><span style=\"font-size: 12pt\">k\u00f6vet\u0151en kis\u00e1llat modellen<br \/>\n<\/span><span style=\"font-size: 12pt\">Szerz\u0151(k): Kov\u00e1cs Szabina SE \u00c1OK VI., Hendlein T\u00edmea Helga SE \u00c1OK IV.<br \/>\n<\/span><span style=\"font-size: 12pt\">T\u00e9mavezet\u0151(k): Dr. Daradics No\u00e9mi, Prof. Dr. Szij\u00e1rt\u00f3 Attila<br \/>\n<\/span><span style=\"font-size: 12pt\">Konferencia \u00e9ve, neve: 2023 SE TDK Konferencia<br \/>\n<\/span><span style=\"font-size: 12pt\">D\u00edjaz\u00e1s: I. d\u00edj, OTDK jel\u00f6l\u00e9s<\/span><\/p>\n<p><span style=\"font-size: 12pt\">C\u00edm: A fizikai prehabilit\u00e1ci\u00f3 partialis hepatectomi\u00e1ra gyakorolt hat\u00e1s\u00e1nak vizsg\u00e1lata patk\u00e1ny<br \/>\n<\/span><span style=\"font-size: 12pt\">modellen<br \/>\n<\/span><span style=\"font-size: 12pt\">Szerz\u0151(k): Vit\u00e1lis L\u00eddia SE-\u00c1OK V., Kov\u00e1cs Szabina SE-\u00c1OK VI.<br \/>\n<\/span><span style=\"font-size: 12pt\">T\u00e9mavezet\u0151(k): Dr. L\u00e9vay Kl\u00e1ra, Dr. F\u00fcl\u00f6p Andr\u00e1s<br \/>\n<\/span><span style=\"font-size: 12pt\">Konferencia \u00e9ve, neve: 2023 SE TDK Konferencia<br \/>\n<\/span><span style=\"font-size: 12pt\">D\u00edjaz\u00e1s: I. d\u00edj, OTDK jel\u00f6lt<\/span><\/p>\n<p><span style=\"font-size: 14pt\"><br \/>\n<strong><em>Kor\u00e1nyi Frigyes Tudom\u00e1nyos F\u00f3rum<\/em><\/strong><br \/>\n<\/span><span style=\"font-size: 12pt\">C\u00edm: Fizikai prehabilit\u00e1ci\u00f3 hat\u00e1sa k\u00e9tl\u00e9pcs\u0151s m\u00e1jresectiot k\u00f6vet\u0151 m\u00e1jregener\u00e1ci\u00f3ra \u00e9s postoperativ kimenetelre<br \/>\n<\/span><span style=\"font-size: 12pt\">Szerz\u0151(k): Hendlein T\u00edmea Helga SE-\u00c1OK IV., Kov\u00e1cs Szabina SE-\u00c1OK VI.<br \/>\n<\/span><span style=\"font-size: 12pt\">T\u00e9mavezet\u0151(k): Dr. Daradics No\u00e9mi, Prof. Dr. Szij\u00e1rt\u00f3 Attila<br \/>\n<\/span><span style=\"font-size: 12pt\">Konferencia \u00e9ve, neve: XXVII. Kor\u00e1nyi Frigyes Tudom\u00e1nyos F\u00f3rum<br \/>\n<\/span><span style=\"font-size: 12pt\">D\u00edjaz\u00e1s: II. d\u00edj<\/span><\/p>\n<p><span style=\"font-size: 12pt\">C\u00edm: A fizikai prehabilit\u00e1ci\u00f3 hat\u00e1sa a m\u00e1jregener\u00e1ci\u00f3ra partialis hepatectomiat k\u00f6vet\u0151en<br \/>\n<\/span><span style=\"font-size: 12pt\">Szerz\u0151(k): Csiktusn\u00e1di-Kiss Kolos SE-\u00c1OK IV., Vit\u00e1lis L\u00eddia SE-\u00c1OK V.<br \/>\n<\/span><span style=\"font-size: 12pt\">T\u00e9mavezet\u0151(k): Dr. L\u00e9vay Kl\u00e1ra, Dr. F\u00fcl\u00f6p Andr\u00e1s<br \/>\n<\/span><span style=\"font-size: 12pt\">Konferencia \u00e9ve, neve: XXVII. Kor\u00e1nyi Frigyes Tudom\u00e1nyos F\u00f3rum<br \/>\n<\/span><span style=\"font-size: 12pt\">D\u00edjaz\u00e1s: &#8211;<\/span><\/p>\n<p><span style=\"font-size: 14pt\"><br \/>\n<strong><em>Orsz\u00e1gos Tudom\u00e1nyos Di\u00e1kk\u00f6ri Konferencia<\/em><\/strong><br \/>\n<\/span><span style=\"font-size: 12pt\">C\u00edm: Fizikai prehabilit\u00e1ci\u00f3 postoperativ kimenetelre gyakorolt hat\u00e1sa k\u00e9tl\u00e9pcs\u00f5s m\u00e1jresectiot k\u00f6vet\u00f5en kis\u00e1llat modellen<br \/>\n<\/span><span style=\"font-size: 12pt\">Szerz\u0151(k): Kov\u00e1cs Szabina SE-\u00c1OK VI., Hendlein T\u00edmea Helga SE-\u00c1OK IV.<br \/>\n<\/span><span style=\"font-size: 12pt\">T\u00e9mavezet\u0151(k): Dr. Daradics No\u00e9mi, Prof. Dr. Szij\u00e1rt\u00f3 Attila<br \/>\n<\/span><span style=\"font-size: 12pt\">Konferencia \u00e9ve, neve: 2023 OTDK konferencia<br \/>\n<\/span><span style=\"font-size: 12pt\">D\u00edjaz\u00e1s: II. d\u00edj<\/span><\/p>\n<p><span style=\"font-size: 12pt\">C\u00edm: A fizikai prehabilit\u00e1ci\u00f3 partialis hepatectomi\u00e1ra gyakorolt hat\u00e1s\u00e1nak vizsg\u00e1lata patk\u00e1ny modellen<br \/>\n<\/span><span style=\"font-size: 12pt\">Szerz\u0151(k): Vit\u00e1lis L\u00eddia SE-\u00c1OK V., Kov\u00e1cs Szabina SE-\u00c1OK VI.<br \/>\n<\/span><span style=\"font-size: 12pt\">T\u00e9mavezet\u0151(k): Dr. L\u00e9vay Kl\u00e1ra, Dr. F\u00fcl\u00f6p Andr\u00e1s<br \/>\n<\/span><span style=\"font-size: 12pt\">Konferencia \u00e9ve, neve: 2023 OTDK konferencia<br \/>\n<\/span><span style=\"font-size: 12pt\">D\u00edjaz\u00e1s: I. d\u00edj<\/p>\n<p><\/span><\/p>\n<p><span style=\"font-size: 14pt\"><em><strong>Marosv\u00e1s\u00e1rhelyi Tudom\u00e1nyos Di\u00e1kk\u00f6ri Konferencia<\/strong><\/em><br \/>\n<\/span><span style=\"font-size: 12pt\">C\u00edm: A fizikai prehabilit\u00e1ci\u00f3 seb\u00e9szileg induk\u00e1lt m\u00e1jregener\u00e1ci\u00f3ra kifejtett hat\u00e1s\u00e1nak vizsg\u00e1lata r\u00e1gcs\u00e1l\u00f3 modellen<br \/>\n<\/span><span style=\"font-size: 12pt\">Szerz\u0151(k): Vit\u00e1lis L\u00eddia SE-\u00c1OK V., Csiktusn\u00e1di-Kiss Kolos SE-\u00c1OK IV.<br \/>\n<\/span><span style=\"font-size: 12pt\">T\u00e9mavezet\u0151(k): Dr. L\u00e9vay Kl\u00e1ra, Dr. F\u00fcl\u00f6p Andr\u00e1s<br \/>\n<\/span><span style=\"font-size: 12pt\">Konferencia \u00e9ve, neve: 2023 MTDK konferencia<br \/>\n<\/span><span style=\"font-size: 12pt\">D\u00edjaz\u00e1s: K\u00fcl\u00f6nd\u00edj<\/span><\/p>\n<p><span style=\"font-size: 12pt\">C\u00edm: Fizikai prehabilit\u00e1ci\u00f3 hat\u00e1sa k\u00e9tl\u00e9pcs\u0151s m\u00e1jresectiot k\u00f6vet\u0151 m\u00e1jregener\u00e1ci\u00f3ra \u00e9s postoperativ kimenetelre<br \/>\n<\/span><span style=\"font-size: 12pt\">Szerz\u0151(k): Hendlein T\u00edmea SE-\u00c1OK IV., Kov\u00e1cs Szabina SE-\u00c1OK VI.<br \/>\n<\/span><span style=\"font-size: 12pt\">T\u00e9mavezet\u0151(k): Dr. Daradics No\u00e9mi, Prof. Dr. Szij\u00e1rt\u00f3 Attila<br \/>\n<\/span><span style=\"font-size: 12pt\">Konferencia \u00e9ve, neve: 2023 MTDK konferencia<br \/>\n<\/span><span style=\"font-size: 12pt\">D\u00edjaz\u00e1s: &#8211;<\/p>\n<p><\/span><\/p>\n<\/div>\n<div>\u00a0<\/div>\n<div><strong>Konferenci\u00e1k, rektori p\u00e1lyamunk\u00e1k, szakdolgozatok \u00e9s p\u00e1ly\u00e1zatok\u00a0<\/strong><\/div>\n<div>\u00a0<\/div>\n<div class=\"exp-col-content-holder\"><a class=\"expand-cnt-link\" href=\"#\">2015<\/a><\/p>\n<div class=\"hidden-content\">\n<p class=\"hiddenContentp\"><span style=\"text-decoration: underline\">Tudom\u00e1nyos Di\u00e1kk\u00f6ri Konferencia<\/span><\/p>\n<p class=\"hiddenContentp\">C\u00edm: Az ALPPS \u00e1ltal el\u0151id\u00e9zett morfol\u00f3giai \u00e9s mikrocirkul\u00e1ci\u00f3s v\u00e1ltoz\u00e1sok vizsg\u00e1lata \u00e1llatk\u00eds\u00e9rletes modell seg\u00edts\u00e9g\u00e9vel <br \/>\nSzerz\u0151(k): Budai Andr\u00e1s \u2013 Szinvai Attila <br \/>\nT\u00e9mavezet\u0151(k): Dr. Szij\u00e1rt\u00f3 Attila <br \/>\nKonferencia \u00e9ve, neve: 2015, Semmelweis Egyetem Tudom\u00e1nyos Di\u00e1kk\u00f6ri Konferencia<br \/>\nD\u00edjaz\u00e1s: II. d\u00edj &#8211; OTDK javasolt, Seb\u00e9szet, idegseb\u00e9szet, transzplant\u00e1ci\u00f3 I.<\/p>\n<p class=\"hiddenContentp\">C\u00edm: M\u00e1jregener\u00e1ci\u00f3 vizsg\u00e1lata k\u00fcl\u00f6nb\u00f6z\u0151 m\u00e9rt\u00e9k\u0171 port\u00e1lis kirekeszt\u00e9s alkalmaz\u00e1s\u00e1t k\u00f6vet\u0151en <br \/>\nSzerz\u0151(k): Tihanyi D\u00f3ra Krisztina \u2013 Lauber D\u00e1vid Tibor <br \/>\nT\u00e9mavezet\u0151(k): Dr. Szij\u00e1rt\u00f3 Attila, Dr. F\u00fcl\u00f6p Andr\u00e1s <br \/>\nKonferencia \u00e9ve, neve: 2015, Semmelweis Egyetem Tudom\u00e1nyos Di\u00e1kk\u00f6ri Konferencia<br \/>\nD\u00edjaz\u00e1s: III. d\u00edj &#8211; Seb\u00e9szet, idegseb\u00e9szet, transzplant\u00e1ci\u00f3 I.<\/p>\n<p class=\"hiddenContentp\">C\u00edm: Levosimendan \u00e9s iszk\u00e9mi\u00e1s posztkond\u00edcion\u00e1l\u00e1s protekt\u00edv hat\u00e1sa als\u00f3 v\u00e9gtagi iszk\u00e9mia okozta akut vesek\u00e1rosod\u00e1sra <br \/>\nSzerz\u0151(k): Bok\u00e1nyi Krist\u00f3f \u2013 Szil\u00e1gyi Katalin <br \/>\nT\u00e9mavezet\u0151(k): Dr. Szij\u00e1rt\u00f3 Attila <br \/>\nKonferencia \u00e9ve, neve: 2015, Semmelweis Egyetem Tudom\u00e1nyos Di\u00e1kk\u00f6ri Konferencia<br \/>\nD\u00edjaz\u00e1s: I. d\u00edj &#8211; OTDK javasolt, Seb\u00e9szet, idegseb\u00e9szet, transzplant\u00e1ci\u00f3 II.<\/p>\n<p class=\"hiddenContentp\">C\u00edm: Vena portae ligat\u00fara \u00e1ltal el\u0151id\u00e9zett funkcion\u00e1lis v\u00e1ltoz\u00e1sok vizsg\u00e1lata szelekt\u00edv epe\u00fati drainage seg\u00edts\u00e9g\u00e9vel <br \/>\nSzerz\u0151(k): Ko\u00f3s Oliv\u00e9r, Ill\u00e9s Krist\u00f3f <br \/>\nT\u00e9mavezet\u0151(k): Dr. Szij\u00e1rt\u00f3 Attila, Dr. F\u00fcl\u00f6p Andr\u00e1s <br \/>\nKonferencia \u00e9ve, neve: 2015, Semmelweis Egyetem Tudom\u00e1nyos Di\u00e1kk\u00f6ri Konferencia<br \/>\nD\u00edjaz\u00e1s: &#8211; , Seb\u00e9szet, idegseb\u00e9szet, transzplant\u00e1ci\u00f3 I.<\/p>\n<p class=\"hiddenContentp\"><span style=\"text-decoration: underline\">Orsz\u00e1gos Tudom\u00e1nyos Di\u00e1kk\u00f6ri Konferencia<\/span><\/p>\n<p class=\"hiddenContentp\">C\u00edm: Az ALPPS \u00e1ltal el\u0151id\u00e9zett morfol\u00f3giai \u00e9s mikrocirkul\u00e1ci\u00f3s v\u00e1ltoz\u00e1sok vizsg\u00e1lata \u00e1llatk\u00eds\u00e9rletes modell seg\u00edts\u00e9g\u00e9vel <br \/>\nSzerz\u0151(k): Budai Andr\u00e1s SE \u00c1OK VI. \u2013 Szinvai Attila SE \u00c1OK V. <br \/>\nT\u00e9mavezet\u0151(k): Dr. Szij\u00e1rt\u00f3 Attila, I. Sz. Seb\u00e9szeti Klinika <br \/>\nKonferencia \u00e9ve, neve: 2015, Orsz\u00e1gos Tudom\u00e1nyos Di\u00e1kk\u00f6ri Konferencia<br \/>\nD\u00edjaz\u00e1s: I. d\u00edj &#8211; K\u00eds\u00e9rletes seb\u00e9szet, k\u00eds\u00e9rletes aneszteziol\u00f3gia I.<\/p>\n<p class=\"hiddenContentp\">C\u00edm: Levosimendan \u00e9s iszk\u00e9mi\u00e1s posztkond\u00edcion\u00e1l\u00e1s protekt\u00edv hat\u00e1sa als\u00f3 v\u00e9gtagi iszk\u00e9mia okozta akut vesek\u00e1rosod\u00e1sra <br \/>\nSzerz\u0151(k): Bok\u00e1nyi Krist\u00f3f, Szil\u00e1gyi Katalin <br \/>\nT\u00e9mavezet\u0151(k): Dr. Szij\u00e1rt\u00f3 Attila <br \/>\nKonferencia \u00e9ve, neve: 2015, Orsz\u00e1gos Tudom\u00e1nyos Di\u00e1kk\u00f6ri Konferencia <br \/>\nD\u00edjaz\u00e1s: &#8211;<\/p>\n<p class=\"hiddenContentp\">C\u00edm: A t\u00e1voli szervi ischaemi\u00e1s percondition\u00e1l\u00e1s mechanizmus\u00e1nak vizsg\u00e1lata m\u00e1j ischaemia-reperfusio patk\u00e1nymodellj\u00e9ben: a neur\u00e1lis hipot\u00e9zis <br \/>\nSzerz\u0151(k): Pusk\u00e1s Fl\u00f3ra, Tak\u00e1cs Tam\u00e1s <br \/>\nT\u00e9mavezet\u0151(k): Dr. Szij\u00e1rt\u00f3 Attila <br \/>\nKonferencia \u00e9ve, neve: 2015, Orsz\u00e1gos Tudom\u00e1nyos Di\u00e1kk\u00f6ri Konferencia <br \/>\nD\u00edjaz\u00e1s: &#8211;<\/p>\n<p class=\"hiddenContentp\"><span style=\"text-decoration: underline\">Marosv\u00e1s\u00e1rhelyi Tudom\u00e1nyos Di\u00e1kk\u00f6ri Konferencia<\/span><\/p>\n<p class=\"hiddenContentp\">C\u00edm: Posztkondicion\u00e1l\u00f3 algoritmusok vizsg\u00e1lata patk\u00e1nyban mezenteri\u00e1lis kering\u00e9si zavarokat k\u00f6vet\u0151en <br \/>\nSzerz\u0151(k): Kov\u00e1cs Tibor, Budai Andr\u00e1s, Tihanyi D\u00f3ra <br \/>\nT\u00e9mavezet\u0151(k): Dr. Szij\u00e1rt\u00f3 Attila, I. Sz. Seb\u00e9szeti Klinika <br \/>\nKonferencia \u00e9ve, neve: 2015, XXII. Tudom\u00e1nyos Di\u00e1kk\u00f6ri Konferencia, Marosv\u00e1s\u00e1rhely<br \/>\nD\u00edjaz\u00e1s: \u00c1ltal\u00e1nos Seb\u00e9szet szekci\u00f3<\/p>\n<p class=\"hiddenContentp\"><span style=\"text-decoration: underline\">Szakdolgozat v\u00e9d\u00e9sek<\/span><\/p>\n<p class=\"hiddenContentp\">C\u00edm: Vena portae okkl\u00fazi\u00f3t k\u00f6vet\u0151 funkcion\u00e1lis \u00e9s morfol\u00f3giai v\u00e1ltoz\u00e1sok \u2013 k\u00eds\u00e9rletes modell <br \/>\nSzerz\u0151(k): Budai Andr\u00e1s <br \/>\nT\u00e9mavezet\u0151(k): Dr. Szij\u00e1rt\u00f3 Attila Megjegyz\u00e9s: 2015, szakdolgozat<\/p>\n<p class=\"hiddenContentp\">C\u00edm: V\u00e9konyb\u00e9l-immunit\u00e1s vizsg\u00e1lata seb\u00e9szeti k\u00f3r\u00e1llapotokban \u2013 Posztkondicion\u00e1l\u00e1s hat\u00e1sa akut mezenteri\u00e1lis iszk\u00e9mia lok\u00e1lis, sziszt\u00e9m\u00e1s- \u00e9s immunol\u00f3giai sz\u00f6v\u0151dm\u00e9nyeire<br \/>\nSzerz\u0151(k): Kov\u00e1cs Tibor <br \/>\nT\u00e9mavezet\u0151(k): Dr. Szij\u00e1rt\u00f3 Attila <br \/>\nMegjegyz\u00e9s: 2015, szakdolgozat<\/p>\n<p class=\"hiddenContentp\"><span style=\"text-decoration: underline\">PhD v\u00e9d\u00e9sek<\/span><\/p>\n<p class=\"hiddenContentp\">C\u00edm: Akut als\u00f3 v\u00e9gtagi art\u00e9ri\u00e1s kering\u00e9szavarok sz\u00f6v\u0151dm\u00e9nyeinek megel\u0151z\u00e9se farmakol\u00f3giai \u00e9s seb\u00e9sztechnikai kondicion\u00e1l\u00e1si elj\u00e1r\u00e1sokkal <br \/>\nSzerz\u0151(k): Dr. Garbaisz D\u00e1vid <br \/>\nT\u00e9mavezet\u0151(k): Dr. Szij\u00e1rt\u00f3 Attila Megjegyz\u00e9s: 2015, PhD v\u00e9d\u00e9s<\/p>\n<p class=\"hiddenContentp\">C\u00edm: A postcondicion\u00e1l\u00e1s szerepe a v\u00e9konyb\u00e9l ischaemi\u00e1s-reperf\u00fazi\u00f3s k\u00e1rosod\u00e1s\u00e1nak modul\u00e1l\u00e1s\u00e1ban <br \/>\nSzerz\u0151(k): Dr. Rosero Oliv\u00e9r <br \/>\nT\u00e9mavezet\u0151(k): Dr. Szij\u00e1rt\u00f3 Attila Megjegyz\u00e9s: 2015, PhD v\u00e9d\u00e9s<\/p>\n<\/div>\n<\/div>\n<div class=\"exp-col-content-holder\"><a class=\"expand-cnt-link\" href=\"#\">2016<\/a><\/p>\n<div class=\"hidden-content\">\n<p class=\"hiddenContentp\"><span style=\"text-decoration: underline\">Tudom\u00e1nyos Di\u00e1kk\u00f6ri Konferencia<\/span><\/p>\n<p class=\"hiddenContentp\">C\u00edm: A m\u00e1j drogmetabolizmus\u00e1nak vizsg\u00e1lata induk\u00e1lt m\u00e1jregener\u00e1ci\u00f3 kapcs\u00e1n <br \/>\nSzerz\u0151(k): Kov\u00e1cs Krist\u00f3f \u2013 Ill\u00e9s Krist\u00f3f <br \/>\nT\u00e9mavezet\u0151(k): Dr. Szij\u00e1rt\u00f3 Attila, Dr. F\u00fcl\u00f6p Andr\u00e1s I. Sz. Seb\u00e9szeti Klinika Konferencia \u00e9ve, neve: 2016, Semmelweis Egyetem Tudom\u00e1nyos Di\u00e1kk\u00f6ri Konferencia <br \/>\nD\u00edjaz\u00e1s: I. d\u00edj &#8211; OTDK jel\u00f6lt, Seb\u00e9szet, idegseb\u00e9szet, transzplant\u00e1ci\u00f3 I.<\/p>\n<p class=\"hiddenContentp\">C\u00edm: Energetikai v\u00e1ltoz\u00e1sok a seb\u00e9szileg induk\u00e1lt m\u00e1jregener\u00e1ci\u00f3 sor\u00e1n <br \/>\nSzerz\u0151(k): Drozgyik D\u00f3ra Lilla &#8211; Tihanyi D\u00f3ra Krisztina <br \/>\nT\u00e9mavezet\u0151(k): Dr. Szij\u00e1rt\u00f3 Atilla, I. Sz. Seb\u00e9szeti Klinika Dr. TretterL\u00e1szl\u00f3, Orvosi Biok\u00e9mia Int\u00e9zet <br \/>\nKonferencia \u00e9ve, neve: 2016, Semmelweis Egyetem Tudom\u00e1nyos Di\u00e1kk\u00f6ri Konferencia<br \/>\nD\u00edjaz\u00e1s: I. d\u00edj &#8211; OTDK jel\u00f6lt, Seb\u00e9szet, idegseb\u00e9szet, transzplant\u00e1ci\u00f3 II.<\/p>\n<p class=\"hiddenContentp\">C\u00edm: Szegment\u00e1lis m\u00e1jfunkci\u00f3 meghat\u00e1roz\u00e1sa hepatobili\u00e1ris szcintigr\u00e1fia seg\u00edts\u00e9g\u00e9vel<br \/>\nSzerz\u0151(k): Ill\u00e9s Krist\u00f3f &#8211; Szinvai Attila <br \/>\nT\u00e9mavezet\u0151(k): Dr. Szij\u00e1rt\u00f3 Attila, Dr. F\u00fcl\u00f6p Andr\u00e1s I. Sz. Seb\u00e9szeti Klinika Konferencia \u00e9ve, neve: 2016, Semmelweis Egyetem Tudom\u00e1nyos Di\u00e1kk\u00f6ri Konferencia <br \/>\nD\u00edjaz\u00e1s: I. d\u00edj &#8211; OTDK jel\u00f6lt, Seb\u00e9szet, idegseb\u00e9szet, transzplant\u00e1ci\u00f3 III.<\/p>\n<p class=\"hiddenContentp\">C\u00edm: A m\u0171t\u0151asztalt\u00f3l a laborat\u00f3riumig: ALPPS \u00e1llatmodellek fel\u00e1ll\u00edt\u00e1sa \u00e9s \u00f6sszehasonl\u00edt\u00e1sa <br \/>\nSzerz\u0151(k): Ko\u00f3s Oliv\u00e9r &#8211; Szil\u00e1gyi Katalin <br \/>\nT\u00e9mavezet\u0151(k): Dr. Szij\u00e1rt\u00f3 Attila, I. Sz. Seb\u00e9szeti Klinika <br \/>\nKonferencia \u00e9ve, neve: 2016, Semmelweis Egyetem Tudom\u00e1nyos Di\u00e1kk\u00f6ri Konferencia<br \/>\nD\u00edjaz\u00e1s: III. d\u00edj &#8211; Seb\u00e9szet, idegseb\u00e9szet, transzplant\u00e1ci\u00f3 III.<\/p>\n<p class=\"hiddenContentp\"><span style=\"text-decoration: underline\">Marosv\u00e1s\u00e1rhelyi Tudom\u00e1nyos Di\u00e1kk\u00f6ri Konferencia<\/span><\/p>\n<p class=\"hiddenContentp\">C\u00edm: A m\u00e1j gy\u00f3gyszer-metabolizmus\u00e1nak vizsg\u00e1lata induk\u00e1lt m\u00e1jregener\u00e1ci\u00f3 kapcs\u00e1n<br \/>\nSzerz\u0151(k): Kov\u00e1cs Krist\u00f3f, Ill\u00e9s Krist\u00f3f <br \/>\nT\u00e9mavezet\u0151(k): Dr. Szij\u00e1rt\u00f3 Attila, Dr. F\u00fcl\u00f6p Andr\u00e1s <br \/>\nKonferencia \u00e9ve, neve: 2016, XXIII. Tudom\u00e1nyos Di\u00e1kk\u00f6ri Konferencia, Marosv\u00e1s\u00e1rhely<br \/>\nD\u00edjaz\u00e1s: K\u00fcl\u00f6nd\u00edj \u2013 \u00c1ltal\u00e1nos Seb\u00e9szet szekci\u00f3<\/p>\n<p class=\"hiddenContentp\"><span style=\"text-decoration: underline\">HMAA <\/span><\/p>\n<p class=\"hiddenContentp\">C\u00edm: ? <br \/>\nSzerz\u0151(k): Bencsics M\u00e1t\u00e9 <br \/>\nT\u00e9mavezet\u0151(k): Dr. Szij\u00e1rt\u00f3 Attila Konferencia \u00e9ve, neve: 10th HMAA Summer Conference is Balatonf\u00fcred <br \/>\nD\u00edjaz\u00e1s: &#8211;<\/p>\n<p class=\"hiddenContentp\"><span style=\"text-decoration: underline\">Rektori p\u00e1lyamunk\u00e1k<\/span><\/p>\n<p class=\"hiddenContentp\">C\u00edm: K\u00fcl\u00f6nb\u00f6z\u0151 m\u00e9rt\u00e9k\u0171 port\u00e1lis okkl\u00fazi\u00f3k hat\u00e1sa a m\u00e1j regener\u00e1ci\u00f3j\u00e1ra <br \/>\nSzerz\u0151(k): Lauber D\u00e1vid Tibor <br \/>\nT\u00e9mavezet\u0151(k): Dr. Szij\u00e1rt\u00f3 Attila, Dr. F\u00fcl\u00f6p Andr\u00e1s <br \/>\nMegjegyz\u00e9s: Rektori p\u00e1ly\u00e1zat &#8211; I. d\u00edj 2016<\/p>\n<p class=\"hiddenContentp\"><span style=\"text-decoration: underline\">Szakdolgozat<\/span><\/p>\n<p class=\"hiddenContentp\">C\u00edm: Programozott m\u00e1jregener\u00e1ci\u00f3 morfol\u00f3giai \u00e9s funkcion\u00e1lis v\u00e1ltoz\u00e1sainak vizsg\u00e1lata<br \/>\nSzerz\u0151(k): Tihanyi D\u00f3ra Krisztina <br \/>\nT\u00e9mavezet\u0151(k): Dr. Szij\u00e1rt\u00f3 Attila Megjegyz\u00e9s: 2016, szakdolgozat<\/p>\n<p class=\"hiddenContentp\">C\u00edm: Ver\u0151\u00e9rrekonstrukci\u00f3k sz\u00f6v\u0151dm\u00e9nyei \u00e9s kezel\u00e9s\u00fck &#8211; klinikai \u00e9s kis\u00e9rletes megfontol\u00e1sok <br \/>\nSzerz\u0151(k): Bok\u00e1nyi Krist\u00f3f <br \/>\nT\u00e9mavezet\u0151(k): Dr. Szij\u00e1rt\u00f3 Attila Megjegyz\u00e9s: 2016, szakdolgozat<\/p>\n<p class=\"hiddenContentp\">C\u00edm: Programozott m\u00e1jregener\u00e1ci\u00f3 morfol\u00f3giai \u00e9s funkcion\u00e1lis v\u00e1ltoz\u00e1sainak vizsg\u00e1lata<br \/>\nSzerz\u0151(k): Lauber D\u00e1vid Tibor <br \/>\nT\u00e9mavezet\u0151(k): Dr. Szij\u00e1rt\u00f3 Attila <br \/>\nMegjegyz\u00e9s: 2016, szakdolgozat<\/p>\n<p class=\"hiddenContentp\">C\u00edm: Programozott m\u00e1jregener\u00e1ci\u00f3 morfol\u00f3giai \u00e9s funkcion\u00e1lis v\u00e1ltoz\u00e1sainak vizsg\u00e1lata<br \/>\nSzerz\u0151(k): Szinvai Attila <br \/>\nT\u00e9mavezet\u0151(k): Dr. Szij\u00e1rt\u00f3 Attila, Dr. F\u00fcl\u00f6p Andr\u00e1s <br \/>\nMegjegyz\u00e9s: 2016, szakdolgozat<\/p>\n<p class=\"hiddenContentp\"><span style=\"text-decoration: underline\">PhD v\u00e9d\u00e9s<\/span><\/p>\n<p class=\"hiddenContentp\">C\u00edm: Iszk\u00e9mia tolerancia vizsg\u00e1lata akut als\u00f3 v\u00e9gtagi ver\u0151\u00e9r-elz\u00e1r\u00f3d\u00e1sok kapcs\u00e1n<br \/>\nSzerz\u0151(k): Dr. Tur\u00f3czi Zsolt <br \/>\nT\u00e9mavezet\u0151(k): Dr. Szij\u00e1rt\u00f3 Attila <br \/>\nMegjegyz\u00e9s: PhD v\u00e9d\u00e9s &#8211; 2016<\/p>\n<\/div>\n<\/div>\n<div class=\"exp-col-content-holder\"><a class=\"expand-cnt-link\" href=\"#\">2017<\/a><\/p>\n<div class=\"hidden-content\">\n<p class=\"hiddenContentp\"><span style=\"text-decoration: underline\">Tudom\u00e1nyos Di\u00e1kk\u00f6ri Konferencia<\/span><\/p>\n<p class=\"hiddenContentp\">C\u00edm: Induk\u00e1lt m\u00e1jregener\u00e1ci\u00f3t jellemz\u0151 kiv\u00e1laszt\u00f3 funkci\u00f3 \u00e9s molekul\u00e1ris h\u00e1tter\u00e9nek vizsg\u00e1lata <br \/>\nSzerz\u0151(k): Ill\u00e9s Krist\u00f3f \u2013 Bencsics M\u00e1t\u00e9 <br \/>\nT\u00e9mavezet\u0151(k): Dr. Szij\u00e1rt\u00f3 Attila, Dr. F\u00fcl\u00f6p Andr\u00e1s <br \/>\nKonferencia \u00e9ve, neve: 2017, Semmelweis Egyetem Tudom\u00e1nyos Di\u00e1kk\u00f6ri Konferencia<br \/>\nD\u00edjaz\u00e1s: II. d\u00edj &#8211; Seb\u00e9szet II. \u00c1ltal\u00e1nos, K\u00eds\u00e9rletes, Plasztikai Seb\u00e9szet<\/p>\n<p class=\"hiddenContentp\">C\u00edm: A mitochondri\u00e1lis biogenezis, morfol\u00f3gia \u00e9s funkci\u00f3 vizsg\u00e1lata ALPPS sor\u00e1n<br \/>\nSzerz\u0151(k): Anker P\u00e1lma \u2013 Latin Vikt\u00f3ria <br \/>\nT\u00e9mavezet\u0151(k): Dr. Szij\u00e1rt\u00f3 Attila, Dr. F\u00fcl\u00f6p Andr\u00e1s <br \/>\nKonferencia \u00e9ve, neve: 2017, Semmelweis Egyetem Tudom\u00e1nyos Di\u00e1kk\u00f6ri Konferencia<br \/>\nD\u00edjaz\u00e1s: III. d\u00edj &#8211; Seb\u00e9szet, idegseb\u00e9szet, transzplant\u00e1ci\u00f3 II.<\/p>\n<p class=\"hiddenContentp\">C\u00edm: M\u00e1jfunkci\u00f3 in vivo vizsg\u00e1lata multimod\u00e1lis k\u00e9palkot\u00f3 technik\u00e1k seg\u00edts\u00e9g\u00e9vel porta vena ligat\u00fara patk\u00e1ny modellj\u00e9ben <br \/>\nSzerz\u0151(k): Bencsics M\u00e1t\u00e9 \u2013 Ill\u00e9s Krist\u00f3f <br \/>\nT\u00e9mavezet\u0151(k): Dr. Szij\u00e1rt\u00f3 Attila, Dr. F\u00fcl\u00f6p Andr\u00e1s <br \/>\nKonferencia \u00e9ve, neve: 2017, Semmelweis Egyetem Tudom\u00e1nyos Di\u00e1kk\u00f6ri Konferencia<br \/>\nD\u00edjaz\u00e1s: I. d\u00edj &#8211; OTDK jel\u00f6lt, Seb\u00e9szet II. \u00c1ltal\u00e1nos, K\u00eds\u00e9rletes, Plasztikai Seb\u00e9szet<\/p>\n<p class=\"hiddenContentp\">C\u00edm: A b\u00e9l-m\u00e1j tengely szerepe az ALPPS induk\u00e1lta m\u00e1jregener\u00e1ci\u00f3ban <br \/>\nSzerz\u0151(k): Latin Vikt\u00f3ria, Anker P\u00e1lma <br \/>\nT\u00e9mavezet\u0151(k): Dr. Szij\u00e1rt\u00f3 Attila, Dr. F\u00fcl\u00f6p Andr\u00e1s <br \/>\nKonferencia \u00e9ve, neve: 2017, Semmelweis Egyetem Tudom\u00e1nyos Di\u00e1kk\u00f6ri Konferencia<br \/>\nD\u00edjaz\u00e1s: I. d\u00edj &#8211; OTDK javasolt, Seb\u00e9szet II. \u00c1ltal\u00e1nos, K\u00eds\u00e9rletes, Plasztikai Seb\u00e9szet<\/p>\n<p class=\"hiddenContentp\">C\u00edm: Barcelona-klasszifik\u00e1ci\u00f3 seb\u00e9sz szemmel <br \/>\nSzerz\u0151(k): Keczer B\u00e1nk <br \/>\nT\u00e9mavezet\u0151(k): Dr. Szij\u00e1rt\u00f3 Attila, Dr. Pekli Damj\u00e1n <br \/>\nKonferencia \u00e9ve, neve: 2017, Semmelweis Egyetem Tudom\u00e1nyos Di\u00e1kk\u00f6ri Konferencia<br \/>\nD\u00edjaz\u00e1s: &#8211; Seb\u00e9szet, idegseb\u00e9szet, transzplant\u00e1ci\u00f3 II.<\/p>\n<p class=\"hiddenContentp\"><span style=\"text-decoration: underline\">Orsz\u00e1gos Tudom\u00e1nyos Di\u00e1kk\u00f6ri Konferencia<\/span><\/p>\n<p class=\"hiddenContentp\">C\u00edm: M\u00e1jfunkci\u00f3 in vivo vizsg\u00e1lata multimod\u00e1lis k\u00e9palkot\u00f3 technik\u00e1k seg\u00edts\u00e9g\u00e9vel porta vena ligat\u00fara patk\u00e1ny modellj\u00e9ben <br \/>\nSzerz\u0151(k): Bencsics M\u00e1t\u00e9, Ill\u00e9s Krist\u00f3f <br \/>\nT\u00e9mavezet\u0151(k): Dr. Szij\u00e1rt\u00f3 Attila, Dr. F\u00fcl\u00f6p Andr\u00e1s <br \/>\nKonferencia \u00e9ve, neve: 2017, Orsz\u00e1gos Tudom\u00e1nyos Di\u00e1kk\u00f6ri Konferencia <br \/>\nD\u00edjaz\u00e1s: I. helyez\u00e9s &#8211; K\u00eds\u00e9rletes seb\u00e9szet I. tagozat<\/p>\n<p class=\"hiddenContentp\">C\u00edm: A b\u00e9l-m\u00e1j tengely szerepe az ALPPS induk\u00e1lta m\u00e1jregener\u00e1ci\u00f3ban <br \/>\nSzerz\u0151(k): Latin Vikt\u00f3ria, Anker P\u00e1lma <br \/>\nT\u00e9mavezet\u0151(k): Dr. Szij\u00e1rt\u00f3 Attila, Dr. F\u00fcl\u00f6p Andr\u00e1s <br \/>\nKonferencia \u00e9ve, neve: 2017, Orsz\u00e1gos Tudom\u00e1nyos Di\u00e1kk\u00f6ri Konferencia <br \/>\nD\u00edjaz\u00e1s: \u2013 K\u00eds\u00e9rletes Seb\u00e9szet II.<\/p>\n<p class=\"hiddenContentp\">C\u00edm: A m\u00e1j drogmetabolizmus\u00e1nak vizsg\u00e1lata induk\u00e1lt m\u00e1jregener\u00e1ci\u00f3 kapcs\u00e1n <br \/>\nSzerz\u0151(k): Kov\u00e1cs Krist\u00f3f, Ill\u00e9s Krist\u00f3f <br \/>\nT\u00e9mavezet\u0151(k): Dr. Szij\u00e1rt\u00f3 Attila, Dr. F\u00fcl\u00f6p Andr\u00e1s <br \/>\nKonferencia \u00e9ve, neve: 2017, Orsz\u00e1gos Tudom\u00e1nyos Di\u00e1kk\u00f6ri Konferencia <br \/>\nD\u00edjaz\u00e1s: K\u00fcl\u00f6nd\u00edj &#8211; K\u00eds\u00e9rletes Seb\u00e9szet I.<\/p>\n<p class=\"hiddenContentp\">C\u00edm: Energetikai v\u00e1ltoz\u00e1sok a seb\u00e9szileg induk\u00e1lt m\u00e1jregener\u00e1ci\u00f3 sor\u00e1n <br \/>\nSzerz\u0151(k): Drozgyik D\u00f3ra Lilla, Tihanyi D\u00f3ra Krisztina <br \/>\nT\u00e9mavezet\u0151(k): Dr. Szij\u00e1rt\u00f3 Attila, Dr. F\u00fcl\u00f6p Andr\u00e1s <br \/>\nKonferencia \u00e9ve, neve: 2017, Orsz\u00e1gos Tudom\u00e1nyos Di\u00e1kk\u00f6ri Konferencia <br \/>\nD\u00edjaz\u00e1s: &#8211; K\u00eds\u00e9rletes Seb\u00e9szet I.<\/p>\n<p class=\"hiddenContentp\"><span style=\"text-decoration: underline\">Marosv\u00e1s\u00e1rhelyi Tudom\u00e1nyos Di\u00e1kk\u00f6ri Konferencia<\/span><\/p>\n<p class=\"hiddenContentp\">C\u00edm: Funkcion\u00e1lis v\u00e1ltoz\u00e1sok multimod\u00e1lis, in vivo vizsg\u00e1lata seb\u00e9szileg induk\u00e1lt m\u00e1jregener\u00e1ci\u00f3 patk\u00e1ny modellj\u00e9ben <br \/>\nSzerz\u0151(k): Bencsics M\u00e1t\u00e9, Ill\u00e9s Krist\u00f3f <br \/>\nT\u00e9mavezet\u0151(k): Dr. Szij\u00e1rt\u00f3 Attila, Dr. F\u00fcl\u00f6p Andr\u00e1s <br \/>\nKonferencia \u00e9ve, neve: 2017, XXIV. Tudom\u00e1nyos Di\u00e1kk\u00f6ri Konferencia, Marosv\u00e1s\u00e1rhely<br \/>\nD\u00edjaz\u00e1s: &#8211; , \u00c1ltal\u00e1nos Seb\u00e9szet szekci\u00f3<\/p>\n<p class=\"hiddenContentp\"><span style=\"text-decoration: underline\">HMAA <\/span><\/p>\n<p class=\"hiddenContentp\">C\u00edm: ? Szerz\u0151(k): Bencsics M\u00e1t\u00e9 <br \/>\nT\u00e9mavezet\u0151(k): Dr. Szij\u00e1rt\u00f3 Attila <br \/>\nKonferencia \u00e9ve, neve: 2017, 11th HMAA Summer Conference in Balatonf\u00fcred <br \/>\nD\u00edjaz\u00e1s: &#8211;<\/p>\n<p class=\"hiddenContentp\"><span style=\"text-decoration: underline\">Oroszorsz\u00e1gi N\u00e9pek Bar\u00e1ts\u00e1ga Egyetem &#8211; Konferencia (Moszkva)<\/span><\/p>\n<p class=\"hiddenContentp\">C\u00edm: Multimodal, in vivo investigation of functional alterations in rat model of surgically induced liver regeneration <br \/>\nSzerz\u0151(k): M\u00e1t\u00e9 Bencsics, Krist\u00f3f Ill\u00e9s, Tibor Kov\u00e1cs, Andr\u00e1s F\u00fcl\u00f6p, D\u00e1niel S\u00e1ndor Veres, Domokos M\u00e1th\u00e9, Kriszti\u00e1n Szigeti, Ildik\u00f3 Horv\u00e1th, Attila Szij\u00e1rt\u00f3 <br \/>\nT\u00e9mavezet\u0151(k): Dr. Szij\u00e1rt\u00f3 Attila, Dr. F\u00fcl\u00f6p Andr\u00e1s <br \/>\nKonferencia \u00e9ve, neve: 2017, Science4Health VIII International Scientific Conference, RUDN University, Moscow, Russia <br \/>\nD\u00edjaz\u00e1s: I. d\u00edj \u2013 Basic Sciences III.<\/p>\n<p class=\"hiddenContentp\">C\u00edm: The role of the Gut-Lier Exis in Liver Regeneration induced by ALPPS <br \/>\nSzerz\u0151(k): Vikt\u00f3ria Latin, P\u00e1lma Anker <br \/>\nT\u00e9mavezet\u0151(k): Dr. Szij\u00e1rt\u00f3 Attila, Dr. F\u00fcl\u00f6p Andr\u00e1s <br \/>\nKonferencia \u00e9ve, neve: 2017, Science4Health VIII International Scientific Conference, RUDN University, Moscow, Russia <br \/>\nD\u00edjaz\u00e1s: Basic Sciences III.<\/p>\n<p class=\"hiddenContentp\"><span style=\"text-decoration: underline\">Rektori p\u00e1lyamunka<\/span><\/p>\n<p class=\"hiddenContentp\">C\u00edm: A mitochondri\u00e1lis morfol\u00f3gia \u00e9s biogenesis vizsg\u00e1lata induk\u00e1lt m\u00e1jregener\u00e1ci\u00f3 sor\u00e1n<br \/>\nSzerz\u0151(k): Anker P\u00e1lma <br \/>\nT\u00e9mavezet\u0151(k): Dr. Szij\u00e1rt\u00f3 Attila, Dr. F\u00fcl\u00f6p Andr\u00e1s <br \/>\nKonferencia \u00e9ve, neve: 2016\/17, rektori p\u00e1lyamunka<br \/>\nMegjegyz\u00e9s: I. d\u00edj<\/p>\n<p class=\"hiddenContentp\"><span style=\"text-decoration: underline\">Szakdolgozat <\/span><\/p>\n<p class=\"hiddenContentp\">C\u00edm: Programozott m\u00e1jregener\u00e1ci\u00f3 modellez\u00e9se &#8211; energetikai v\u00e1ltoz\u00e1sok a seb\u00e9szileg induk\u00e1lt m\u00e1jregener\u00e1ci\u00f3 sor\u00e1n <br \/>\nSzerz\u0151(k): Drozgyik D\u00f3ra Lilla <br \/>\nT\u00e9mavezet\u0151(k): Dr. Szij\u00e1rt\u00f3 Attila <br \/>\nMegjegyz\u00e9s: 2017, szakdolgozat<\/p>\n<p class=\"hiddenContentp\">C\u00edm: A posztoperat\u00edv kering\u00e9sv\u00e1ltoz\u00e1sok jelent\u0151s\u00e9ge a m\u00e1jseb\u00e9szetben <br \/>\nSzerz\u0151(k): Ko\u00f3s Oliv\u00e9r <br \/>\nT\u00e9mavezet\u0151(k): Dr. Szij\u00e1rt\u00f3 Attila <br \/>\nMegjegyz\u00e9s: 2017, szakdolgozat<\/p>\n<p class=\"hiddenContentp\">C\u00edm: Programozott m\u00e1jregener\u00e1ci\u00f3 morfol\u00f3giai \u00e9s funkcion\u00e1lis v\u00e1ltoz\u00e1sainak vizsg\u00e1lata &#8211; Porta v\u00e9na ligat\u00fara hat\u00e1s\u00e1ra bek\u00f6vetkez\u0151 biotranszform\u00e1ci\u00f3s v\u00e1ltoz\u00e1sok <br \/>\nSzerz\u0151(k): Kov\u00e1cs Krist\u00f3f Elem\u00e9r <br \/>\nT\u00e9mavezet\u0151(k): Dr. Szij\u00e1rt\u00f3 Attila <br \/>\nMegjegyz\u00e9s: 2017, szakdolgozat<\/p>\n<p class=\"hiddenContentp\">C\u00edm: Mikrocirkul\u00e1ci\u00f3s v\u00e1ltoz\u00e1sok vizsg\u00e1lata ischaemia-reperf\u00fazi\u00f3 kapcs\u00e1n: A posztkondicion\u00e1l\u00e1s vizsg\u00e1lata ischaemia-reperf\u00fazi\u00f3s modellen <br \/>\nSzerz\u0151(k): Ill\u00e9s Krist\u00f3f <br \/>\nT\u00e9mavezet\u0151(k): Dr. Szij\u00e1rt\u00f3 Attila <br \/>\nMegjegyz\u00e9s: 2017, szakdolgozat<\/p>\n<p class=\"hiddenContentp\"><span style=\"text-decoration: underline\">PhD v\u00e9d\u00e9s <\/span><\/p>\n<p class=\"hiddenContentp\">C\u00edm: Investigating the hepatoprotective effects of limb remote ischemic perconditioning<br \/>\nSzerz\u0151(k): Dr. Czig\u00e1ny Zolt\u00e1n <br \/>\nT\u00e9mavezet\u0151(k): Dr. Szij\u00e1rt\u00f3 Attila <br \/>\nMegjegyz\u00e9s: 2017, PhD v\u00e9d\u00e9s<\/p>\n<p class=\"hiddenContentp\"><span style=\"text-decoration: underline\">Magyar \u00c9lettani T\u00e1rsas\u00e1g, a Magyar K\u00eds\u00e9rletes \u00e9s Klinikai Farmakol\u00f3giai T\u00e1rsas\u00e1g \u00e9s a Magyar Mikrocirkul\u00e1ci\u00f3s \u00e9s Vaszkul\u00e1ris Biol\u00f3giai T\u00e1rsas\u00e1g k\u00f6z\u00f6s V\u00e1ndorgy\u0171l\u00e9se <\/span><\/p>\n<p class=\"hiddenContentp\">C\u00edm: Funkcion\u00e1lis v\u00e1ltoz\u00e1sok multimod\u00e1lis, in vivo monitoroz\u00e1sa porta vena ligat\u00fara patk\u00e1ny modellj\u00e9ben <br \/>\nSzerz\u0151(k): Bencsics M\u00e1t\u00e9 <br \/>\nT\u00e9mavezet\u0151(k): Dr. Szij\u00e1rt\u00f3 Attila <br \/>\nKonferencia \u00e9ve, neve: 2017, Magyar \u00c9lettani T\u00e1rsas\u00e1g, a Magyar K\u00eds\u00e9rletes \u00e9s Klinikai Farmakol\u00f3giai T\u00e1rsas\u00e1g \u00e9s a Magyar Mikrocirkul\u00e1ci\u00f3s \u00e9s Vaszkul\u00e1ris Biol\u00f3giai T\u00e1rsas\u00e1g k\u00f6z\u00f6s V\u00e1ndorgy\u0171l\u00e9se <br \/>\nD\u00edjaz\u00e1s: &#8211;<\/p>\n<p class=\"hiddenContentp\">C\u00edm: Az ALPPS (Associating Liver Partition and Portal vein ligation for Staged hepatectomy) m\u0171t\u00e9t sejtenergetikai v\u00e1ltoz\u00e1sainak vizsg\u00e1la patk\u00e1nymodell seg\u00edts\u00e9g\u00e9vel<br \/>\nSzerz\u0151(k): Anker P\u00e1lma <br \/>\nT\u00e9mavezet\u0151(k): Dr. Szij\u00e1rt\u00f3 Attila <br \/>\nKonferencia \u00e9ve, neve: 2017, Magyar \u00c9lettani T\u00e1rsas\u00e1g, a Magyar K\u00eds\u00e9rletes \u00e9s Klinikai Farmakol\u00f3giai T\u00e1rsas\u00e1g \u00e9s a Magyar Mikrocirkul\u00e1ci\u00f3s \u00e9s Vaszkul\u00e1ris Biol\u00f3giai T\u00e1rsas\u00e1g k\u00f6z\u00f6s V\u00e1ndorgy\u0171l\u00e9se <br \/>\nD\u00edjaz\u00e1s: &#8211;<\/p>\n<p class=\"hiddenContentp\"><span style=\"text-decoration: underline\">Magyar Gasztroenterol\u00f3giai T\u00e1rsas\u00e1g <\/span><\/p>\n<p class=\"hiddenContentp\">C\u00edm: Multimodal, in vivo investigation of functional effects of portal vein ligation in rat model <br \/>\nSzerz\u0151(k): Bencsics M\u00e1t\u00e9 <br \/>\nT\u00e9mavezet\u0151(k): Dr. Szij\u00e1rt\u00f3 Attila <br \/>\nKonferencia \u00e9ve, neve: 2017, 59. Magyar Gasztroenterol\u00f3giai T\u00e1rsas\u00e1g Nagygy\u0171l\u00e9s <br \/>\nD\u00edjaz\u00e1s: &#8211;<\/p>\n<p class=\"hiddenContentp\">C\u00edm: ALPPS (Associating liver partition and portal vein ligation for staged hepatectomy): investigating the cell energetic changes on a rat model <br \/>\nSzerz\u0151(k): Anker P\u00e1lma <br \/>\nT\u00e9mavezet\u0151(k): Dr. Szij\u00e1rt\u00f3 Attila <br \/>\nKonferencia \u00e9ve, neve: 2017, 59. Magyar Gasztroenterol\u00f3giai T\u00e1rsas\u00e1g Nagygy\u0171l\u00e9s <br \/>\nD\u00edjaz\u00e1s: &#8211;<\/p>\n<p class=\"hiddenContentp\"><span style=\"text-decoration: underline\">Magyar Seb\u00e9sz T\u00e1rsas\u00e1g &#8211; K\u00eds\u00e9rletes Seb\u00e9szeti Kongresszus<\/span><\/p>\n<p class=\"hiddenContentp\">C\u00edm: Porta vena ligat\u00far\u00e1t k\u00f6vet\u0151 funkcion\u00e1lis v\u00e1ltoz\u00e1sok multimod\u00e1lis, in vivo vizsg\u00e1lata seb\u00e9szileg induk\u00e1lt m\u00e1jregener\u00e1ci\u00f3 patk\u00e1ny modellj\u00e9ben <br \/>\nSzerz\u0151(k): Bencsics M\u00e1t\u00e9 <br \/>\nT\u00e9mavezet\u0151(k): Dr. Szij\u00e1rt\u00f3 Attila <br \/>\nKonferencia \u00e9ve, neve: 2017, Magyar Seb\u00e9sz T\u00e1rsas\u00e1g K\u00eds\u00e9rletes Seb\u00e9szeti Szekci\u00f3 XXVI. Kongresszusa <br \/>\nD\u00edjaz\u00e1s: &#8211;<\/p>\n<p class=\"hiddenContentp\"><span style=\"text-decoration: underline\">\u00daj Nemzeti Kiv\u00e1l\u00f3s\u00e1gi Program &#8211; \u00f6szt\u00f6nd\u00edj<\/span><\/p>\n<p class=\"hiddenContentp\">\u00c9v: 2017\/2018 <br \/>\nA d\u00edj tulajdonosa: Bencsics M\u00e1t\u00e9 <br \/>\nA d\u00edj megnevez\u00e9se: \u00daj Nemzeti Kiv\u00e1l\u00f3s\u00e1g Program <br \/>\nAz adom\u00e1nyoz\u00f3 neve: Emberi Er\u0151forr\u00e1sok Miniszt\u00e9riuma <br \/>\nMegjegyz\u00e9s: 1 \u00e9ves d\u00edj<\/p>\n<p class=\"hiddenContentp\"><span style=\"text-decoration: underline\">Nemzeti Fels\u0151oktat\u00e1si \u00d6szt\u00f6nd\u00edj<\/span><\/p>\n<p class=\"hiddenContentp\">\u00c9v: 2017\/2018 <br \/>\nA d\u00edj tulajdonosa: Bencsics M\u00e1t\u00e9 <br \/>\nA d\u00edj megnevez\u00e9se: Nemzeti Fels\u0151oktat\u00e1si \u00d6szt\u00f6nd\u00edj <br \/>\nAz adom\u00e1nyoz\u00f3 neve: Emberi Er\u0151forr\u00e1sok Miniszt\u00e9riuma <br \/>\nMegjegyz\u00e9s: 1 \u00e9ves d\u00edj<\/p>\n<p>&nbsp;<\/p>\n<\/div>\n<\/div>\n<div class=\"exp-col-content-holder\"><a class=\"expand-cnt-link\" href=\"#\">2018<\/a><\/p>\n<div class=\"hidden-content\">\n<p class=\"hiddenContentp\"><span style=\"text-decoration: underline\">Tudom\u00e1nyos Di\u00e1kk\u00f6ri Konferencia<\/span><\/p>\n<p class=\"hiddenContentp\">C\u00edm: A m\u00e1j drogmetabolizmus\u00e1nak vizsg\u00e1lata, citokr\u00f3m p450 rendszeren kereszt\u00fcl, PVL induk\u00e1lta m\u00e1jregener\u00e1ci\u00f3 sor\u00e1n <br \/>\nSzerz\u0151(k): Nagy Petronella &#8211; L\u00e9vay Kl\u00e1ra <br \/>\nT\u00e9mavezet\u0151(k): Dr. F\u00fcl\u00f6p Andr\u00e1s, Dr. Szij\u00e1rt\u00f3 Attila <br \/>\nKonferencia \u00e9ve, neve: 2018, Semmelweis Egyetem Tudom\u00e1nyos Di\u00e1kk\u00f6ri Konferencia<br \/>\nD\u00edjaz\u00e1s: I. d\u00edj &#8211; OTDK jel\u00f6lt, Seb\u00e9szet II.<\/p>\n<p class=\"hiddenContentp\">C\u00edm: Cyclophyllin D g\u00e1tl\u00e1s hat\u00e1sa a m\u00e1j mitokondri\u00e1lis funkci\u00f3j\u00e1ra ALPPS-t k\u00f6vet\u0151en<br \/>\nSzerz\u0151(k): Bencsics M\u00e1t\u00e9 \u2013 Danielle Vos<br \/>\nT\u00e9mavezet\u0151(k): Dr. Szij\u00e1rt\u00f3 Attila, Dr. F\u00fcl\u00f6p Andr\u00e1s <br \/>\nKonferencia \u00e9ve, neve: 2018, Semmelweis Egyetem Tudom\u00e1nyos Di\u00e1kk\u00f6ri Konferencia<br \/>\nD\u00edjaz\u00e1s: II.d\u00edj &#8211; Seb\u00e9szet II.<\/p>\n<p class=\"hiddenContentp\">C\u00edm: Associating Liver Partition and Portal vein Ligation for Staged hepatectomy (ALPPS) induk\u00e1lta sejt-energetika vizsg\u00e1lata r\u00e1gcs\u00e1l\u00f3modellben <br \/>\nSzerz\u0151(k): Czibere Gr\u00e9ta \u2013 Anker P\u00e1lma <br \/>\nT\u00e9mavezet\u0151(k): Dr. Szij\u00e1rt\u00f3 Attila, Dr. F\u00fcl\u00f6p Andr\u00e1s <br \/>\nKonferencia \u00e9ve, neve: 2018, Semmelweis Egyetem Tudom\u00e1nyos Di\u00e1kk\u00f6ri Konferencia<br \/>\nD\u00edjaz\u00e1s: III. d\u00edj &#8211; Seb\u00e9szet II.<\/p>\n<p class=\"hiddenContentp\">C\u00edm: Prehabilit\u00e1ci\u00f3 hat\u00e1sa az ALPPS-en \u00e1tesett \u00e1llatok mitochondrialis biogenesis\u00e9re \u00e9s funkci\u00f3j\u00e1ra <br \/>\nSzerz\u0151(k): Federics Vikt\u00f3ria, N\u00e9meth Krist\u00f3f <br \/>\nT\u00e9mavezet\u0151(k): Dr. Szij\u00e1rt\u00f3 Attila, Dr. F\u00fcl\u00f6p Andr\u00e1s <br \/>\nKonferencia \u00e9ve, neve: 2018, Semmelweis Egyetem Tudom\u00e1nyos Di\u00e1kk\u00f6ri Konferencia<br \/>\nD\u00edjaz\u00e1s: &#8211; Seb\u00e9szet II. szekci\u00f3<\/p>\n<p class=\"hiddenContentp\">C\u00edm: Laparoszk\u00f3pos cholecystectomi\u00e1t k\u00f6vet\u0151 sz\u00f6v\u0151dm\u00e9nyek \u00e9s azok ell\u00e1t\u00e1sa <br \/>\nSzerz\u0151(k): Keczer B\u00e1nk, Csuja N\u00e1ndor Mikl\u00f3s <br \/>\nT\u00e9mavezet\u0151(k): Dr. Szij\u00e1rt\u00f3 Attila, Dr. F\u00fcl\u00f6p Andr\u00e1s <br \/>\nKonferencia \u00e9ve, neve: 2018, Semmelweis Egyetem Tudom\u00e1nyos Di\u00e1kk\u00f6ri Konferencia<br \/>\nD\u00edjaz\u00e1s: II. d\u00edj, OTDK javasolt \u2013 Seb\u00e9szet I.<\/p>\n<p class=\"hiddenContentp\"><span style=\"text-decoration: underline\">Marosv\u00e1s\u00e1rhelyi Tudom\u00e1nyos Di\u00e1kk\u00f6ri Konferencia<\/span><\/p>\n<p class=\"hiddenContentp\">C\u00edm: Drogmetabolizmus v\u00e1ltoz\u00e1sainak vizsg\u00e1lata PVL-induk\u00e1lt m\u00e1jregener\u00e1ci\u00f3 sor\u00e1n<br \/>\nSzerz\u0151(k): Nagy Petronella, L\u00e9vay Kl\u00e1ra <br \/>\nT\u00e9mavezet\u0151(k): Dr. Szij\u00e1rt\u00f3 Attila, Dr. F\u00fcl\u00f6p Andr\u00e1s <br \/>\nKonferencia \u00e9ve, neve: 2018, XXV. Tudom\u00e1nyos Di\u00e1kk\u00f6ri Konferencia, Marosv\u00e1s\u00e1rhely, Rom\u00e1nia <br \/>\nD\u00edjaz\u00e1s: &#8211;<\/p>\n<p class=\"hiddenContentp\">C\u00edm: Mitokondri\u00e1lis ter\u00e1pia lehet\u0151s\u00e9g\u00e9nek vizsg\u00e1lata eg\u00e9rm\u00e1jban, ALPPS-t k\u00f6vet\u0151en<br \/>\nSzerz\u0151(k): Bencsics M\u00e1t\u00e9, Keczer B\u00e1nk, Federics Vikt\u00f3ria <br \/>\nT\u00e9mavezet\u0151(k): Dr. Szij\u00e1rt\u00f3 Attila, Dr. F\u00fcl\u00f6p Andr\u00e1s <br \/>\nKonferencia \u00e9ve, neve: 2018, XXV. Tudom\u00e1nyos Di\u00e1kk\u00f6ri Konferencia, Marosv\u00e1s\u00e1rhely, Rom\u00e1nia <br \/>\nD\u00edjaz\u00e1s: &#8211;<\/p>\n<p class=\"hiddenContentp\">C\u00edm: A laparoszk\u00f3pos cholecystect\u00f3mi\u00e1t k\u00f6vet\u0151 sz\u00f6v\u0151dm\u00e9nyek \u00e9s azok ell\u00e1t\u00e1sa <br \/>\nSzerz\u0151(k): Keczer B\u00e1nk, Csuja N\u00e1ndor Mikl\u00f3s <br \/>\nT\u00e9mavezet\u0151(k): Dr. Szij\u00e1rt\u00f3 Attila, Dr. F\u00fcl\u00f6p Andr\u00e1s, Dr. Pekli Damj\u00e1n <br \/>\nKonferencia \u00e9ve, neve:2018, XXV. Tudom\u00e1nyos Di\u00e1kk\u00f6ri Konferencia, Marosv\u00e1s\u00e1rhely, Rom\u00e1nia <br \/>\nD\u00edjaz\u00e1s: &#8211;<\/p>\n<p class=\"hiddenContentp\">C\u00edm: Az ALPPS \u00e1ltal induk\u00e1lt sejt-energetikai v\u00e1ltoz\u00e1sok vizsg\u00e1lata r\u00e1gcs\u00e1l\u00f3modellben<br \/>\nSzerz\u0151(k): Anker P\u00e1lma, Czibere Gr\u00e9ta, Federics Vikt\u00f3ria <br \/>\nT\u00e9mavezet\u0151(k): Dr. Szij\u00e1rt\u00f3 Attila <br \/>\nKonferencia \u00e9ve, neve: 2018, XXV. Tudom\u00e1nyos Di\u00e1kk\u00f6ri Konferencia, Marosv\u00e1s\u00e1rhely, Rom\u00e1nia <br \/>\nD\u00edjaz\u00e1s: K\u00fcl\u00f6nd\u00edj \u2013 \u00c1ltal\u00e1nos seb\u00e9szet szekci\u00f3<\/p>\n<p class=\"hiddenContentp\"><span style=\"text-decoration: underline\">Kor\u00e1nyi Frigyes Tudom\u00e1nyos F\u00f3rum<\/span><\/p>\n<p class=\"hiddenContentp\">C\u00edm: Drogmetabolizmus v\u00e1ltoz\u00e1s\u00e1nak vizsg\u00e1lata PVL induk\u00e1lta m\u00e1jregener\u00e1ci\u00f3 sor\u00e1n<br \/>\nSzerz\u0151(k): L\u00e9vay Kl\u00e1ra &#8211; Nagy Petronella <br \/>\nT\u00e9mavezet\u0151(k): Dr. F\u00fcl\u00f6p Andr\u00e1s, Prof. Dr. Szij\u00e1rt\u00f3 Attila <br \/>\nKonferencia \u00e9ve, neve: 2018, XXIII. Kor\u00e1nyi Frigyes Tudom\u00e1nyos F\u00f3rum <br \/>\nD\u00edjaz\u00e1s: -, Transzl\u00e1ci\u00f3s medicina<\/p>\n<p class=\"hiddenContentp\">C\u00edm: Reverzibilis port\u00e1lis emboliz\u00e1ci\u00f3 vizsg\u00e1lata patk\u00e1nyban -Modellalkot\u00e1s <br \/>\nSzerz\u0151(k): Bencsics M\u00e1t\u00e9, Keczer B\u00e1nk <br \/>\nT\u00e9mavezet\u0151(k): Prof. Dr. Szij\u00e1rt\u00f3 Attila, Dr. F\u00fcl\u00f6p Andr\u00e1s <br \/>\nKonferencia \u00e9ve, neve: 2018, XXIII. Kor\u00e1nyi Frigyes Tudom\u00e1nyos F\u00f3rum <br \/>\nD\u00edjaz\u00e1s: I. d\u00edj &#8211; Operat\u00edv medicina<\/p>\n<p class=\"hiddenContentp\">C\u00edm: Az ALPPS \u00e1ltal induk\u00e1lt sejt-energetika v\u00e1ltoz\u00e1sok vizsg\u00e1lata r\u00e1gcs\u00e1l\u00f3modellben<br \/>\nSzerz\u0151(k): Anker P\u00e1lma, Czibere Gr\u00e9ta <br \/>\nT\u00e9mavezet\u0151(k): Prof. Dr. Szij\u00e1rt\u00f3 Attila <br \/>\nKonferencia \u00e9ve, neve: 2018, XXIII. Kor\u00e1nyi Frigyes Tudom\u00e1nyos F\u00f3rum <br \/>\nD\u00edjaz\u00e1s: K\u00fcl\u00f6nd\u00edj &#8211; Molekul\u00e1ris onkol\u00f3gia, jel\u00e1tvitel \u00e9s szubcellul\u00e1ris folyamatok<\/p>\n<p class=\"hiddenContentp\">C\u00edm: A laparoszk\u00f3pos cholecystect\u00f3mi\u00e1t k\u00f6vet\u0151 sz\u00f6v\u0151dm\u00e9nyek \u00e9s azok ell\u00e1t\u00e1sa <br \/>\nSzerz\u0151(k): Keczer B\u00e1nk, Csuja N\u00e1ndor Mikl\u00f3s <br \/>\nT\u00e9mavezet\u0151(k): Dr. F\u00fcl\u00f6p Andr\u00e1s, Prof. Dr. Szij\u00e1rt\u00f3 Attila <br \/>\nKonferencia \u00e9ve, neve: 2018, XXIII. Kor\u00e1nyi Frigyes Tudom\u00e1nyos F\u00f3rum <br \/>\nD\u00edjaz\u00e1s: -, Operat\u00edv medicina<\/p>\n<p class=\"hiddenContentp\">C\u00edm: Fizikai prehabilit\u00e1ci\u00f3 hat\u00e1sa az ALPPS-en \u00e1tesett \u00e1llatok mitochondrialis funkci\u00f3j\u00e1ra<br \/>\nSzerz\u0151(k): Federics Vikt\u00f3ria, N\u00e9meth Krist\u00f3f <br \/>\nT\u00e9mavezet\u0151(k): Dr. Szij\u00e1rt\u00f3 Attila, Dr. F\u00fcl\u00f6p Andr\u00e1s <br \/>\nKonferencia \u00e9ve, neve: 2018, XXIII. Kor\u00e1nyi Frigyes Tudom\u00e1nyos F\u00f3rum <br \/>\nD\u00edjaz\u00e1s: -, Molekul\u00e1ris onkol\u00f3gia, jel\u00e1tvitel \u00e9s szubcellul\u00e1ris folyamatok<\/p>\n<p class=\"hiddenContentp\">C\u00edm: Cyclophyllin D g\u00e1tl\u00e1s hat\u00e1sa a m\u00e1jfunkci\u00f3ra Associating Liver Partition and Portal vein Ligation for Staged hepatectomy (ALPPS) eset\u00e9n <br \/>\nSzerz\u0151(k): Czibere Gr\u00e9ta, Danielle Vos <br \/>\nT\u00e9mavezet\u0151(k): Dr. Szij\u00e1rt\u00f3 Attila, Dr. F\u00fcl\u00f6p Andr\u00e1s <br \/>\nKonferencia \u00e9ve, neve: 2018, XXIII. Kor\u00e1nyi Frigyes Tudom\u00e1nyos F\u00f3rum <br \/>\nD\u00edjaz\u00e1s: -, Transzl\u00e1ci\u00f3s medicina<\/p>\n<p class=\"hiddenContentp\"><span style=\"text-decoration: underline\">HMAA<\/span><\/p>\n<p class=\"hiddenContentp\">C\u00edm: Examination of drug metabolism changes during PVL-induced hepatic regeneration<br \/>\nSzerz\u0151(k): Nagy Petronella &#8211; L\u00e9vay Kl\u00e1ra <br \/>\nT\u00e9mavezet\u0151(k): Dr. Szij\u00e1rt\u00f3 Attila, Dr. Kov\u00e1cs Tibor, Dr. F\u00fcl\u00f6p Andr\u00e1s <br \/>\nKonferencia \u00e9ve, neve: 2018, Amerikai Magyar Orvossz\u00f6vets\u00e9g \u00c9ves Konferenci\u00e1ja (HMAA), Balatonf\u00fcred D\u00edjaz\u00e1s: -, Multidiszciplin\u00e1ris szekci\u00f3 I.<\/p>\n<p class=\"hiddenContentp\"><span style=\"text-decoration: underline\">Rektori p\u00e1lyamunka <\/span><\/p>\n<p class=\"hiddenContentp\">C\u00edm: Programozott m\u00e1jregener\u00e1ci\u00f3 vizsg\u00e1lata M\u00e1jdaganatok reszekabilit\u00e1s\u00e1nak funkcion\u00e1lis aspektusai <br \/>\nSzerz\u0151(k): Bencsics M\u00e1t\u00e9 <br \/>\nT\u00e9mavezet\u0151(k): Dr. Szij\u00e1rt\u00f3 Attila, Dr. F\u00fcl\u00f6p Andr\u00e1s <br \/>\nKonferencia \u00e9ve, neve: 2017\/2018<br \/>\nMegjegyz\u00e9s: I. d\u00edj &#8211; 2017\/2018, rektori p\u00e1lyamunka<\/p>\n<p class=\"hiddenContentp\"><span style=\"text-decoration: underline\">Szakdolgozat v\u00e9d\u00e9s <\/span><\/p>\n<p class=\"hiddenContentp\">C\u00edm: Programozott m\u00e1jregener\u00e1ci\u00f3 morfol\u00f3giai \u00e9s funkcion\u00e1lis v\u00e1ltoz\u00e1sainak vizsg\u00e1lata \u2013 Induk\u00e1lt m\u00e1jregener\u00e1ci\u00f3 funkcion\u00e1lis aspektusainak vizsg\u00e1lata in vivo <br \/>\nSzerz\u0151(k): Bencsics M\u00e1t\u00e9 <br \/>\nT\u00e9mavezet\u0151(k): Dr. Szij\u00e1rt\u00f3 Attila, Dr. F\u00fcl\u00f6p Andr\u00e1s <br \/>\nMegjegyz\u00e9s: 2018, szakdolgozat<\/p>\n<p class=\"hiddenContentp\">C\u00edm: Hepatobili\u00e1ris betegs\u00e9gek \u2013 k\u00eds\u00e9rletes \u00e9s klinikai szempontok \u2013 Cholecystectomi\u00e1t k\u00f6vet\u0151 epe\u00fats\u00e9r\u00fcl\u00e9sek ell\u00e1t\u00e1sa <br \/>\nSzerz\u0151(k): Keczer B\u00e1nk <br \/>\nT\u00e9mavezet\u0151(k): Dr. Szij\u00e1rt\u00f3 Attila, Dr. F\u00fcl\u00f6p Andr\u00e1s <br \/>\nMegjegyz\u00e9s: 2018, szakdolgozat<\/p>\n<p class=\"hiddenContentp\"><span style=\"text-decoration: underline\">PhD v\u00e9d\u00e9s <\/span><\/p>\n<p class=\"hiddenContentp\">C\u00edm: Vesesz\u00f6v\u0151dm\u00e9nyek \u00e9s a megel\u0151z\u00e9s lehet\u0151s\u00e9gei als\u00f3 v\u00e9gtagi rekonstrukci\u00f3s \u00e9rseb\u00e9szeti beavatkoz\u00e1sok modellj\u00e9ben \u2013 ATP- f\u00fcgg\u0151 k\u00e1lium csatorn\u00e1kon hat\u00f3 kond\u00edcion\u00e1l\u00e1si elj\u00e1r\u00e1sok <br \/>\nSzerz\u0151(k): Dr. Ar\u00e1nyi P\u00e9ter <br \/>\nT\u00e9mavezet\u0151(k): Dr. Szij\u00e1rt\u00f3 Attila <br \/>\nMegjegyz\u00e9s: 2018, PhD v\u00e9d\u00e9s<\/p>\n<p>&nbsp;<\/p>\n<\/div>\n<\/div>\n<div class=\"exp-col-content-holder\"><a class=\"expand-cnt-link\" href=\"#\">2019<\/a><\/p>\n<div class=\"hidden-content\">\n<p class=\"hiddenContentp\"><span style=\"text-decoration: underline\">Tudom\u00e1nyos Di\u00e1kk\u00f6ri Konferenci\u00e1k<\/span><\/p>\n<p class=\"hiddenContentp\">C\u00edm: Preoperat\u00edv testedz\u00e9s hat\u00e1sa a mitokondri\u00e1lis funkci\u00f3ra seb\u00e9szileg induk\u00e1lt m\u00e1jregener\u00e1ci\u00f3 sor\u00e1n <br \/>\nSzerz\u0151(k): L\u00e9vay Kl\u00e1ra \u2013 M\u00e1rai D\u00e1vid <br \/>\nT\u00e9mavezet\u0151(k): Dr. Szij\u00e1rt\u00f3 Attila, Dr. F\u00fcl\u00f6p Andr\u00e1s <br \/>\nKonferencia \u00e9ve, neve: 2019, Semmelweis Egyetem Tudom\u00e1nyos Di\u00e1kk\u00f6ri Konferencia<br \/>\nD\u00edjaz\u00e1s: I. d\u00edj &#8211; OTDK jel\u00f6lt, Seb\u00e9szet I.<\/p>\n<p class=\"hiddenContentp\">C\u00edm: Mikro-RNS-ek induk\u00e1lt m\u00e1jregener\u00e1ci\u00f3ban bet\u00f6lt\u00f6tt szab\u00e1lyoz\u00f3 szerep\u00e9nek vizsg\u00e1lata <br \/>\nSzerz\u0151(k): Rozman Petra \u2013 Farkas \u00c1kos <br \/>\nT\u00e9mavezet\u0151(k): Dr. Szij\u00e1rt\u00f3 Attila, Dr. Tihanyi D\u00f3ra <br \/>\nKonferencia \u00e9ve, neve: 2019, Semmelweis Egyetem Tudom\u00e1nyos Di\u00e1kk\u00f6ri Konferencia<br \/>\nD\u00edjaz\u00e1s: II. d\u00edj &#8211; Seb\u00e9szet I.<\/p>\n<p class=\"hiddenContentp\">C\u00edm: Prehabilit\u00e1ci\u00f3s program alkalmazhat\u00f3s\u00e1ga colorectalis daganatos betegek seb\u00e9szi ell\u00e1t\u00e1s\u00e1ban, kelet-k\u00f6z\u00e9p-eur\u00f3pai viszonylatban <br \/>\nSzerz\u0151(k): N\u00e9meth Krist\u00f3f, Czibere Gr\u00e9ta <br \/>\nT\u00e9mavezet\u0151(k): Dr. Szij\u00e1rt\u00f3 Attila, Dr. F\u00fcl\u00f6p Andr\u00e1s <br \/>\nKonferencia \u00e9ve, neve: 2019, Semmelweis Egyetem Tudom\u00e1nyos Di\u00e1kk\u00f6ri Konferencia<br \/>\nD\u00edjaz\u00e1s: &#8211;<\/p>\n<p class=\"hiddenContentp\"><span style=\"text-decoration: underline\">Orsz\u00e1gos Tudom\u00e1nyos Di\u00e1kk\u00f6ri Konferencia<\/span><\/p>\n<p class=\"hiddenContentp\">C\u00edm: A m\u00e1j drogmetabolizmus\u00e1nak vizsg\u00e1lata, citokr\u00f3m p450 rendszeren kereszt\u00fcl, PVL induk\u00e1lta m\u00e1jregener\u00e1ci\u00f3 sor\u00e1n <br \/>\nSzerz\u0151(k): Nagy Petronella, L\u00e9vay Kl\u00e1ra <br \/>\nT\u00e9mavezet\u0151(k): Dr. Szij\u00e1rt\u00f3 Attila, Dr. F\u00fcl\u00f6p Andr\u00e1s <br \/>\nKonferencia \u00e9ve, neve: 2019, Orsz\u00e1gos Tudom\u00e1nyos Di\u00e1kk\u00f6ri Konferencia <br \/>\nD\u00edjaz\u00e1s: I. d\u00edj &#8211; K\u00eds\u00e9rletes seb\u00e9szet, k\u00eds\u00e9rletes aneszteziol\u00f3gia I. tagozat<\/p>\n<p class=\"hiddenContentp\">C\u00edm: Preoperat\u00edv testedz\u00e9s hat\u00e1sa a mitokondri\u00e1lis funkci\u00f3ra seb\u00e9szileg induk\u00e1lt m\u00e1jregener\u00e1ci\u00f3 sor\u00e1n <br \/>\nSzerz\u0151(k): L\u00e9vay Kl\u00e1ra, M\u00e1rai D\u00e1vid <br \/>\nT\u00e9mavezet\u0151(k): Dr. Szij\u00e1rt\u00f3 Attila; Dr. F\u00fcl\u00f6p Andr\u00e1s <br \/>\nKonferencia \u00e9ve, neve: 2019, Orsz\u00e1gos Tudom\u00e1nyos Di\u00e1kk\u00f6ri Konferencia <br \/>\nD\u00edjaz\u00e1s: K\u00fcl\u00f6nd\u00edj &#8211; K\u00eds\u00e9rletes seb\u00e9szet, k\u00eds\u00e9rletes aneszteziol\u00f3gia II.<\/p>\n<p class=\"hiddenContentp\">C\u00edm: Laparoszk\u00f3pos cholecystectomi\u00e1t k\u00f6vet\u0151 sz\u00f6v\u0151dm\u00e9nyek \u00e9s azok ell\u00e1t\u00e1sa <br \/>\nSzerz\u0151(k): Keczer B\u00e1nk, Csuja N\u00e1ndor Mikl\u00f3s <br \/>\nT\u00e9mavezet\u0151(k): Dr. Szij\u00e1rt\u00f3 Attila, Dr. F\u00fcl\u00f6p Andr\u00e1s <br \/>\nKonferencia \u00e9ve, neve: 2019, Orsz\u00e1gos Tudom\u00e1nyos Di\u00e1kk\u00f6ri Konferencia <br \/>\nD\u00edjaz\u00e1s: I. d\u00edj \u2013 Mellkasi- hasi- \u00e9s plasztikai seb\u00e9szet, transzplant\u00e1ci\u00f3s seb\u00e9szet II.<\/p>\n<p class=\"hiddenContentp\"><span style=\"text-decoration: underline\">Marosv\u00e1s\u00e1rhelyi Tudom\u00e1nyos Di\u00e1kk\u00f6ri Konferencia<\/span><\/p>\n<p class=\"hiddenContentp\">C\u00edm: Colorectalis daganatos betegek prehabilit\u00e1ci\u00f3s programmal kieg\u00e9sz\u00edtett ell\u00e1t\u00e1sa<br \/>\nSzerz\u0151(k): Czibere Gr\u00e9ta, N\u00e9meth Krist\u00f3f <br \/>\nT\u00e9mavezet\u0151(k): Dr. Szij\u00e1rt\u00f3 Attila, Dr. F\u00fcl\u00f6p Andr\u00e1s, Dr. B\u00e1nky Bal\u00e1zs<br \/>\nKonferencia \u00e9ve, neve: 2019, XXVI. Tudom\u00e1nyos Di\u00e1kk\u00f6ri Konferencia, Marosv\u00e1s\u00e1rhely<br \/>\nD\u00edjaz\u00e1s: &#8211;<\/p>\n<p class=\"hiddenContentp\">C\u00edm: Preoperat\u00edv testedz\u00e9s hat\u00e1sa a mitokondri\u00e1lis funkci\u00f3ra seb\u00e9szileg induk\u00e1lt m\u00e1jregener\u00e1ci\u00f3 sor\u00e1n <br \/>\nSzerz\u0151(k): L\u00e9vay Kl\u00e1ra, Pollner N\u00f3ra <br \/>\nT\u00e9mavezet\u0151(k): Dr. Szij\u00e1rt\u00f3 Attila, Dr. F\u00fcl\u00f6p Andr\u00e1s <br \/>\nKonferencia \u00e9ve, neve: 2019, XXVI. Tudom\u00e1nyos Di\u00e1kk\u00f6ri Konferencia, Marosv\u00e1s\u00e1rhely<br \/>\nD\u00edjaz\u00e1s: K\u00fcl\u00f6nd\u00edj<\/p>\n<p class=\"hiddenContentp\">C\u00edm: Mikro-RNS-ek szab\u00e1lyoz\u00f3 szerep\u00e9nek vizsg\u00e1lata induk\u00e1lt m\u00e1jregener\u00e1ci\u00f3ban<br \/>\nSzerz\u0151(k): Farkas \u00c1kos, Rozman Petra <br \/>\nT\u00e9mavezet\u0151(k): Dr. F\u00fcl\u00f6p Andr\u00e1s, Dr. Tihanyi D\u00f3ra <br \/>\nKonferencia \u00e9ve, neve: 2019, XXVI. Tudom\u00e1nyos Di\u00e1kk\u00f6ri Konferencia, Marosv\u00e1s\u00e1rhely<br \/>\nD\u00edjaz\u00e1s: &#8211;<\/p>\n<p class=\"hiddenContentp\"><span style=\"text-decoration: underline\">Kor\u00e1nyi Frigyes Tudom\u00e1nyos F\u00f3rum <\/span><\/p>\n<p class=\"hiddenContentp\">C\u00edm: A prehabilit\u00e1ci\u00f3 hat\u00e1sa a mitokondri\u00e1lis funkci\u00f3kra seb\u00e9szileg induk\u00e1lt m\u00e1jregener\u00e1ci\u00f3 sor\u00e1n <br \/>\nSzerz\u0151(k): M\u00e1rai D\u00e1vid, L\u00e9vay Kl\u00e1ra <br \/>\nT\u00e9mavezet\u0151(k): Dr. Szij\u00e1rt\u00f3 Attila; Dr. F\u00fcl\u00f6p Andr\u00e1s <br \/>\nKonferencia \u00e9ve, neve: 2019, XXIV. Kor\u00e1nyi Frigyes Tudom\u00e1nyos F\u00f3rum <br \/>\nD\u00edjaz\u00e1s: -, Operat\u00edv medicina<\/p>\n<p class=\"hiddenContentp\">C\u00edm: Mikro-RNS-ek szerep\u00e9nek vizsg\u00e1lata, az Associating Liver Partition and Portal vein Ligation for Staged hepatectomy (ALPPS) induk\u00e1lta m\u00e1jregener\u00e1ci\u00f3ban <br \/>\nSzerz\u0151(k): N\u00e9meth Krist\u00f3f, Czibere Gr\u00e9ta <br \/>\nT\u00e9mavezet\u0151(k): Dr. Szij\u00e1rt\u00f3 Attila; Dr. Tihanyi D\u00f3ra Krisztina <br \/>\nKonferencia \u00e9ve, neve: 2019, XXIV. Kor\u00e1nyi Frigyes Tudom\u00e1nyos F\u00f3rum <br \/>\nD\u00edjaz\u00e1s: <br \/>\nK\u00fcl\u00f6nd\u00edj &#8211; Operat\u00edv medicina<\/p>\n<p class=\"hiddenContentp\">C\u00edm: Colorectalis daganatos betegek prehabilit\u00e1ci\u00f3s programmal kieg\u00e9sz\u00edtett seb\u00e9szeti ell\u00e1t\u00e1sa <br \/>\nSzerz\u0151(k): Czibere Gr\u00e9ta, Federics Vikt\u00f3ria <br \/>\nT\u00e9mavezet\u0151(k): Dr. Szij\u00e1rt\u00f3 Attila; Dr. B\u00e1nky Bal\u00e1zs <br \/>\nKonferencia \u00e9ve, neve: 2019, XXIV. Kor\u00e1nyi Frigyes Tudom\u00e1nyos F\u00f3rum D\u00edjaz\u00e1s: -, Klinikai onkol\u00f3gia \u00e9s onkodiagnosztika szekci\u00f3<\/p>\n<p class=\"hiddenContentp\"><span style=\"text-decoration: underline\">HMAA <\/span><\/p>\n<p class=\"hiddenContentp\">C\u00edm: The role of MicroRNA in the regulation of programmed liver regeneration <br \/>\nSzerz\u0151(k): Rozman Petra <br \/>\nT\u00e9mavezet\u0151(k): Dr. Szij\u00e1rt\u00f3 Attila, Dr. F\u00fcl\u00f6p Andr\u00e1s <br \/>\nKonferencia \u00e9ve, neve: 2019, Amerikai Magyar Orvossz\u00f6vets\u00e9g Magyarorsz\u00e1gi Tagozat\u00e1nak XIII. Konferenci\u00e1ja <br \/>\nD\u00edjaz\u00e1s: &#8211;<\/p>\n<p class=\"hiddenContentp\"><span style=\"text-decoration: underline\">Rektori p\u00e1lyamunka <\/span><\/p>\n<p class=\"hiddenContentp\">C\u00edm: Programozott m\u00e1jregener\u00e1ci\u00f3 vizsg\u00e1lata Szerz\u0151(k): Federics Vikt\u00f3ria <br \/>\nT\u00e9mavezet\u0151(k): Dr. Szij\u00e1rt\u00f3 Attila, Dr. F\u00fcl\u00f6p Andr\u00e1s <br \/>\nMegjegyz\u00e9s: III. d\u00edj &#8211; Rektori p\u00e1ly\u00e1zat<\/p>\n<p class=\"hiddenContentp\"><span style=\"text-decoration: underline\">Szakdolgozat <\/span><\/p>\n<p class=\"hiddenContentp\">C\u00edm: Drogmetabolizmus k\u00eds\u00e9rletes vizsg\u00e1lata vena portae ligat\u00far\u00e1t k\u00f6vet\u0151en <br \/>\nSzerz\u0151(k): Nagy Petronella <br \/>\nT\u00e9mavezet\u0151(k): Dr. Szij\u00e1rt\u00f3 Attila, Dr. F\u00fcl\u00f6p Andr\u00e1s <br \/>\nMegjegyz\u00e9s: 2019, szakdolgozat<\/p>\n<p class=\"hiddenContentp\">C\u00edm: A mitochondri\u00e1lis funkci\u00f3 v\u00e1ltoz\u00e1sainak vizsg\u00e1lata Associating Liver Partition and Portal Vein Ligation for Staged hepatectomy (ALPPS) m\u0171t\u00e9tet k\u00f6vet\u0151en <br \/>\nSzerz\u0151(k): Anker P\u00e1lma <br \/>\nT\u00e9mavezet\u0151(k): Dr. Szij\u00e1rt\u00f3 Attila, Dr. F\u00fcl\u00f6p Andr\u00e1s <br \/>\nMegjegyz\u00e9s: 2019, szakdolgozat<\/p>\n<p class=\"hiddenContentp\">C\u00edm: A hepatocellularis carcinoma komplex kezel\u00e9se k\u00fcl\u00f6n\u00f6s tekintettel a staging rendszerekre <br \/>\nSzerz\u0151(k): Csuja N\u00e1ndor Mikl\u00f3s <br \/>\nT\u00e9mavezet\u0151(k): Dr. Szij\u00e1rt\u00f3 Attila, Dr. F\u00fcl\u00f6p Andr\u00e1s <br \/>\nMegjegyz\u00e9s: 2019, szakdolgozat<\/p>\n<p class=\"hiddenContentp\"><span style=\"text-decoration: underline\">PhD v\u00e9d\u00e9sek<\/span><\/p>\n<p class=\"hiddenContentp\">C\u00edm: A m\u00e1j funkci\u00f3j\u00e1nak vizsg\u00e1lata vena portae elz\u00e1r\u00e1ssal kiv\u00e1ltott m\u00e1jregener\u00e1ci\u00f3 sor\u00e1n<br \/>\nSzerz\u0151(k): Dr. Kov\u00e1cs Tibor <br \/>\nT\u00e9mavezet\u0151(k): Dr. Szij\u00e1rt\u00f3 Attila <br \/>\nMegjegyz\u00e9s: 2019, PhD v\u00e9d\u00e9s<\/p>\n<p class=\"hiddenContentp\"><span style=\"text-decoration: underline\">\u00daj Nemzeti Kiv\u00e1l\u00f3s\u00e1g Program &#8211; \u00f6szt\u00f6nd\u00edj<\/span><\/p>\n<p class=\"hiddenContentp\">\u00c9v: 2019 A d\u00edj tulajdonosa: L\u00e9vay Kl\u00e1ra <br \/>\nA d\u00edj megnevez\u00e9se: \u00daj Nemzeti Kiv\u00e1l\u00f3s\u00e1g Program <br \/>\nAz adom\u00e1nyoz\u00f3 neve: Emberi Er\u0151forr\u00e1sok Miniszt\u00e9riuma <br \/>\nMegjegyz\u00e9s: 1 \u00e9ves d\u00edj<\/p>\n<p class=\"hiddenContentp\"><span style=\"text-decoration: underline\">Magyar Seb\u00e9sz T\u00e1rsas\u00e1g K\u00eds\u00e9rletes Seb\u00e9szeti Kongresszusa<\/span><\/p>\n<p class=\"hiddenContentp\">C\u00edm: A prehabilit\u00e1ci\u00f3 hat\u00e1sa a mitokondri\u00e1lis funkci\u00f3ra seb\u00e9szileg induk\u00e1lt m\u00e1jregener\u00e1ci\u00f3 sor\u00e1n <br \/>\nSzerz\u0151(k): L\u00e9vay Kl\u00e1ra, Dr. Budai Andr\u00e1s, Dr. F\u00fcl\u00f6p Andr\u00e1s, Dr. Szij\u00e1rt\u00f3 Attila<br \/>\nKonferencia \u00e9ve, neve: 2019, Magyar Seb\u00e9sz T\u00e1rsas\u00e1g K\u00eds\u00e9rletes Seb\u00e9szeti Szekci\u00f3 XXVII. Kongresszusa <br \/>\nD\u00edjaz\u00e1s: &#8211;<\/p>\n<p class=\"hiddenContentp\">C\u00edm: A prehabilit\u00e1ci\u00f3s program hat\u00e9konys\u00e1g\u00e1nak vizsg\u00e1lata colorectalis daganatos betegek seb\u00e9szi kezel\u00e9s\u00e9ben, kelet-k\u00f6z\u00e9p-eur\u00f3pai k\u00f6r\u00fclm\u00e9nyek k\u00f6z\u00f6tt <br \/>\nSzerz\u0151(k): N\u00e9meth Krist\u00f3f, Czibere Gr\u00e9ta, Dr. F\u00fcl\u00f6p Andr\u00e1s, Dr. Szij\u00e1rt\u00f3 Attila, Dr. B\u00e1nky Bal\u00e1zs, Dr. Lakatos L\u00f3r\u00e1nd, Cseh Zsuzsanna, Tegzes Gy\u00f6ngyi <br \/>\nKonferencia \u00e9ve, neve: 2019, Magyar Seb\u00e9sz T\u00e1rsas\u00e1g K\u00eds\u00e9rletes Seb\u00e9szeti Szekci\u00f3 XXVII.<br \/>\nD\u00edjaz\u00e1s: &#8211;<\/p>\n<p>&nbsp;<\/p>\n<\/div>\n<\/div>\n<div class=\"exp-col-content-holder\"><a class=\"expand-cnt-link\" href=\"#\">2020<\/a><\/p>\n<div class=\"hidden-content\">\n<p class=\"hiddenContentp\"><span style=\"text-decoration: underline\">Tudom\u00e1nyos Di\u00e1kk\u00f6ri Konferencia<\/span><\/p>\n<p class=\"hiddenContentp\">C\u00edm: Preoperat\u00edv testedz\u00e9s mitokondri\u00e1lis hat\u00e1s\u00e1nak vizsg\u00e1lata induk\u00e1lt m\u00e1jregener\u00e1ci\u00f3 patk\u00e1ny modellj\u00e9ben <br \/>\nSzerz\u0151(k): L\u00e9vay Kl\u00e1ra, Pollner N\u00f3ra <br \/>\nT\u00e9mavezet\u0151(k): Prof.Dr. Szij\u00e1rt\u00f3 Attila, Dr. F\u00fcl\u00f6p Andr\u00e1s <br \/>\nKonferencia \u00e9ve, neve: 2020, Semmelweis Egyetem Tudom\u00e1nyos Di\u00e1kk\u00f6ri Konferencia<br \/>\nD\u00edjaz\u00e1s: I. d\u00edj &#8211; OTDK jel\u00f6lt Fiatal Seb\u00e9szek Szekci\u00f3ja k\u00fcl\u00f6nd\u00edja, Seb\u00e9szet<\/p>\n<p class=\"hiddenContentp\">C\u00edm: Reverzibilis vena portae emboliz\u00e1ci\u00f3 vizsg\u00e1lat\u00e1ra alkalmas kis\u00e1llat modell kidolgoz\u00e1sa <br \/>\nSzerz\u0151(k): Lehoczki Csaba Ferenc, Sepp Yvette <br \/>\nT\u00e9mavezet\u0151(k): Prof.Dr. Szij\u00e1rt\u00f3 Attila, Dr. F\u00fcl\u00f6p Andr\u00e1s <br \/>\nKonferencia \u00e9ve, neve: 2020, Semmelweis Egyetem Tudom\u00e1nyos Di\u00e1kk\u00f6ri Konferencia<br \/>\nD\u00edjaz\u00e1s: I. d\u00edj &#8211; OTDK javasolt, Seb\u00e9szet<\/p>\n<p class=\"hiddenContentp\">C\u00edm: A colorectalis daganatos betegek multimod\u00e1lis preoperat\u00edv felk\u00e9sz\u00edt\u00e9si programj\u00e1nak (Prehabilit\u00e1ci\u00f3) \u00f6sszehasonl\u00edt\u00e1sa az ERAS (Enhance Recovery After Surgery) programmal<br \/>\nSzerz\u0151(k): Rozman Petra <br \/>\nT\u00e9mavezet\u0151(k): Prof.Dr. Szij\u00e1rt\u00f3 Attila, Dr. B\u00e1nky Bal\u00e1zs <br \/>\nKonferencia \u00e9ve, neve: 2020, Semmelweis Egyetem Tudom\u00e1nyos Di\u00e1kk\u00f6ri Konferencia<br \/>\nD\u00edjaz\u00e1s: II. d\u00edj &#8211; Seb\u00e9szet<\/p>\n<p class=\"hiddenContentp\">C\u00edm: Az intrahepatikus cholangiocarcinoma seb\u00e9szete <br \/>\nSzerz\u0151(k): Farkas \u00c1kos, M\u00e1rai D\u00e1vid <br \/>\nT\u00e9mavezet\u0151(k): Dr. Hahn Oszk\u00e1r, Dr. Kokas B\u00e1lint <br \/>\nKonferencia \u00e9ve, neve: 2020, Semmelweis Egyetem Tudom\u00e1nyos Di\u00e1kk\u00f6ri Konferencia<br \/>\nD\u00edjaz\u00e1s: -, Seb\u00e9szet<\/p>\n<p class=\"hiddenContentp\"><span style=\"text-decoration: underline\">Marosv\u00e1s\u00e1rhelyi Tudom\u00e1nyos Di\u00e1kk\u00f6ri Konferencia (online) <\/span><\/p>\n<p class=\"hiddenContentp\">C\u00edm: Modellalkot\u00e1s reverzibilis vena portae emboliz\u00e1ci\u00f3 vizsg\u00e1lata c\u00e9lj\u00e1b\u00f3l <br \/>\nSzerz\u0151(k): Lehoczki Csaba <br \/>\nT\u00e9mavezet\u0151(k): Prof. Dr. Szij\u00e1rt\u00f3 Attila, Dr. F\u00fcl\u00f6p Andr\u00e1s <br \/>\nKonferencia \u00e9ve, neve: 2020, XXVII. Tudom\u00e1nyos Di\u00e1kk\u00f6ri Konferencia, Marosv\u00e1s\u00e1rhely<br \/>\nD\u00edjaz\u00e1s: K\u00fcl\u00f6nd\u00edj<\/p>\n<p class=\"hiddenContentp\">C\u00edm: A prehabilit\u00e1ci\u00f3t k\u00f6vet\u0151 mitokondri\u00e1lis v\u00e1ltoz\u00e1sok vizsg\u00e1lata induk\u00e1lt m\u00e1jregener\u00e1ci\u00f3 sor\u00e1n <br \/>\nSzerz\u0151(k): L\u00e9vay Kl\u00e1ra, Pollner N\u00f3ra <br \/>\nT\u00e9mavezet\u0151(k): Prof. Dr. Szij\u00e1rt\u00f3 Attila, Dr. F\u00fcl\u00f6p Andr\u00e1s <br \/>\nKonferencia \u00e9ve, neve: 2020, XXVII. Tudom\u00e1nyos Di\u00e1kk\u00f6ri Konferencia, Marosv\u00e1s\u00e1rhely<br \/>\nD\u00edjaz\u00e1s: &#8211;<\/p>\n<p class=\"hiddenContentp\">C\u00edm: Prehabilit\u00e1ci\u00f3, avagy a colorectalis daganatos betegek perioperat\u00edv ell\u00e1t\u00e1s\u00e1nak j\u00f6v\u0151je<br \/>\nSzerz\u0151(k): Czibere Gr\u00e9ta, N\u00e9meth Krist\u00f3f <br \/>\nT\u00e9mavezet\u0151(k): Prof. Dr. Szij\u00e1rt\u00f3 Attila, Dr. F\u00fcl\u00f6p Andr\u00e1s <br \/>\nKonferencia \u00e9ve, neve: 2020, XXVII. Tudom\u00e1nyos Di\u00e1kk\u00f6ri Konferencia, Marosv\u00e1s\u00e1rhely<br \/>\nD\u00edjaz\u00e1s: &#8211;<\/p>\n<p class=\"hiddenContentp\"><span style=\"text-decoration: underline\">Kor\u00e1nyi Frigyes Tudom\u00e1nyos F\u00f3rum (2020. m\u00e1rcius 26-28. helyette: 2021. m\u00e1jus) <\/span><\/p>\n<p class=\"hiddenContentp\">C\u00edm: A prehabilit\u00e1ci\u00f3 mitokondri\u00e1lis hat\u00e1sainak vizsg\u00e1lata ALPPS ( Associating Liver Partition and Portal Vein Ligation for Staged Hepatectomy) sor\u00e1n <br \/>\nSzerz\u0151(k): L\u00e9vay Kl\u00e1ra, Pollner N\u00f3ra <br \/>\nT\u00e9mavezet\u0151(k): Prof. Dr. Szij\u00e1rt\u00f3 Attila, Dr. F\u00fcl\u00f6p Andr\u00e1s <br \/>\nKonferencia \u00e9ve, neve: : 2020, XXV. Kor\u00e1nyi Frigyes Tudom\u00e1nyos F\u00f3rum <br \/>\nD\u00edjaz\u00e1s: -, Operat\u00edv medicina<\/p>\n<p class=\"hiddenContentp\">C\u00edm: Prehabilit\u00e1ci\u00f3, avagy a colorectalis daganatos betegek perioperat\u00edv ell\u00e1t\u00e1s\u00e1nak j\u00f6v\u0151je? <br \/>\nSzerz\u0151(k): Czibere Gr\u00e9ta, N\u00e9meth Krist\u00f3f <br \/>\nT\u00e9mavezet\u0151(k): Prof. Dr. Szij\u00e1rt\u00f3 Attila, Dr. B\u00e1nky Bal\u00e1zs <br \/>\nKonferencia \u00e9ve, neve: 2020, XXV. Kor\u00e1nyi Frigyes Tudom\u00e1nyos F\u00f3rum <br \/>\nD\u00edjaz\u00e1s: -, Belgy\u00f3gy\u00e1szat, konzervat\u00edv orvostudom\u00e1ny<\/p>\n<p class=\"hiddenContentp\"><span style=\"text-decoration: underline\">PhD v\u00e9d\u00e9s<\/span><\/p>\n<p class=\"hiddenContentp\">C\u00edm: Morfol\u00f3giai \u00e9s funkcion\u00e1lis v\u00e1ltoz\u00e1sok akceler\u00e1lt m\u00e1jregener\u00e1ci\u00f3 sor\u00e1n <br \/>\nSzerz\u0151(k): Dr. Budai Andr\u00e1s <br \/>\nT\u00e9mavezet\u0151(k): Prof. Dr. Szij\u00e1rt\u00f3 Attila <br \/>\nMegjegyz\u00e9s: 2020, PhD v\u00e9d\u00e9s<\/p>\n<\/div>\n<\/div>\n<div class=\"exp-col-content-holder\"><a class=\"expand-cnt-link\" href=\"#\">2021<\/a><\/p>\n<div class=\"hidden-content\">\n<p class=\"hiddenContentp\"><span style=\"text-decoration: underline\">Tudom\u00e1nyos Di\u00e1kk\u00f6ri Konferencia<\/span><\/p>\n<p class=\"hiddenContentp\">C\u00edm: Laparoscopos m\u00e1jm\u0171t\u00e9tek retrospekt\u00edv vizsg\u00e1lata <br \/>\nSzerz\u0151(k): Lehoczki Csaba Ferenc \u2013 L\u00e9vay Kl\u00e1ra <br \/>\nT\u00e9mavezet\u0151(k): Dr. F\u00fcl\u00f6p Andr\u00e1s, Prof. Dr. Szij\u00e1rt\u00f3 Attila, Dr. Hahn Oszk\u00e1r <br \/>\nKonferencia \u00e9ve, neve: 2021, Semmelweis Egyetem Tudom\u00e1nyos Di\u00e1kk\u00f6ri Konferencia<br \/>\nD\u00edjaz\u00e1s: II. d\u00edj- Operat\u00edv C<\/p>\n<p class=\"hiddenContentp\"><span style=\"text-decoration: underline\">Orsz\u00e1gos Tudom\u00e1nyos Di\u00e1kk\u00f6ri Konferencia<\/span><\/p>\n<p class=\"hiddenContentp\">C\u00edm: Preoperat\u00edv testedz\u00e9s mitokondri\u00e1lis hat\u00e1s\u00e1nak vizsg\u00e1lata induk\u00e1lt m\u00e1jregener\u00e1ci\u00f3 patk\u00e1ny modellj\u00e9ben <br \/>\nSzerz\u0151(k): L\u00e9vay Kl\u00e1ra, Pollner N\u00f3ra <br \/>\nT\u00e9mavezet\u0151(k): Prof. Dr. Szij\u00e1rt\u00f3 Attila, Dr. F\u00fcl\u00f6p Andr\u00e1s <br \/>\nKonferencia \u00e9ve, neve: 2021, Orsz\u00e1gos Tudom\u00e1nyos Di\u00e1kk\u00f6ri Konferencia <br \/>\nD\u00edjaz\u00e1s: II. d\u00edj &#8211; Operat\u00edv orvostudom\u00e1nyok \u2013 K\u00eds\u00e9rletes seb\u00e9szet, k\u00eds\u00e9rletes aneszteziol\u00f3gia II.<\/p>\n<p class=\"hiddenContentp\">C\u00edm: Reverzibilis vena portae emboliz\u00e1ci\u00f3 vizsg\u00e1lat\u00e1ra alkalmas kis\u00e1llat modell kidolgoz\u00e1sa <br \/>\nSzerz\u0151(k): Lehoczki Csaba Ferenc, Sepp Yvette <br \/>\nT\u00e9mavezet\u0151(k): Prof. Dr. Szij\u00e1rt\u00f3 Attila, Dr. F\u00fcl\u00f6p Andr\u00e1s <br \/>\nKonferencia \u00e9ve, neve: 2021, Orsz\u00e1gos Tudom\u00e1nyos Di\u00e1kk\u00f6ri Konferencia <br \/>\nD\u00edjaz\u00e1s: -, Operat\u00edv orvostudom\u00e1nyok- K\u00eds\u00e9rletes seb\u00e9szet, k\u00eds\u00e9rletes aneszteziol\u00f3gia<\/p>\n<p class=\"hiddenContentp\"><span style=\"text-decoration: underline\">Kor\u00e1nyi Frigyes Tudom\u00e1nyos F\u00f3rum<\/span><\/p>\n<p class=\"hiddenContentp\">C\u00edm: K\u00eds\u00e9rletes \u00e1llatmodell kidolgoz\u00e1sa reverzibilis vena portae emboliz\u00e1ci\u00f3 vizsg\u00e1lat\u00e1nak c\u00e9lj\u00e1b\u00f3l <br \/>\nSzerz\u0151(k): Lehoczki Csaba Ferenc &#8211; Sepp Yvette <br \/>\nT\u00e9mavezet\u0151(k): Prof. Dr. Szij\u00e1rt\u00f3 Attila, Dr. F\u00fcl\u00f6p Andr\u00e1s <br \/>\nKonferencia \u00e9ve, neve: 2021, XXVI. Kor\u00e1nyi Frigyes Tudom\u00e1nyos F\u00f3rum <br \/>\nD\u00edjaz\u00e1s: I. d\u00edj &#8211; Operat\u00edv medicina<\/p>\n<p class=\"hiddenContentp\"><span style=\"text-decoration: underline\">Szakdolgozat v\u00e9d\u00e9s<\/span><\/p>\n<p class=\"hiddenContentp\">C\u00edm: Colorectalis m\u00e1jmetaszt\u00e1zisok komplex seb\u00e9szi ter\u00e1pi\u00e1ja <br \/>\nSzerz\u0151(k): Pollner N\u00f3ra <br \/>\nT\u00e9mavezet\u0151(k): Dr. F\u00fcl\u00f6p Andr\u00e1s <br \/>\nMegjegyz\u00e9s: 2021, szakdolgozat<\/p>\n<p class=\"hiddenContentp\">C\u00edm: A colorectalis daganatos betegek multimod\u00e1lis preoperat\u00edv felk\u00e9sz\u00edt\u00e9si programj\u00e1nak (Prehabilit\u00e1ci\u00f3) \u00f6sszehasonl\u00edt\u00e1sa az ERAS (Enhanced Recovery After Surgery) programmal <br \/>\nSzerz\u0151(k): Rozman Petra <br \/>\nT\u00e9mavezet\u0151(k): Prof. Dr. Szij\u00e1rt\u00f3 Attila, Dr. F\u00fcl\u00f6p Andr\u00e1s <br \/>\nMegjegyz\u00e9s: 2021, szakdolgozat<\/p>\n<p class=\"hiddenContentp\">C\u00edm: A perihilaris cholangio carcinoma seb\u00e9szete <br \/>\nSzerz\u0151(k): Farkas \u00c1kos <br \/>\nT\u00e9mavezet\u0151(k): Dr. Hahn Oszk\u00e1r, Dr. Kokas B\u00e1lint <br \/>\nMegjegyz\u00e9s: 2021, szakdolgozat<\/p>\n<p class=\"hiddenContentp\">C\u00edm: Preoperat\u00edv testedz\u00e9s m\u00e1jregener\u00e1ci\u00f3ra gyakorolt hat\u00e1s\u00e1nak vizsg\u00e1lata <br \/>\nSzerz\u0151(k): L\u00e9vay Kl\u00e1ra <br \/>\nT\u00e9mavezet\u0151(k): Prof. Dr. Szij\u00e1rt\u00f3 Attila, Dr. F\u00fcl\u00f6p Andr\u00e1s <br \/>\nMegjegyz\u00e9s: 2021, szakdolgozat<\/p>\n<p class=\"hiddenContentp\"><span style=\"text-decoration: underline\">Semmelweis Egyetem Kiv\u00e1l\u00f3 Di\u00e1kk\u00f6r\u00f6se<\/span><\/p>\n<p class=\"hiddenContentp\">\u00c9v: 2021 <br \/>\nA d\u00edj tulajdonosa: Dr. L\u00e9vay Kl\u00e1ra <br \/>\nA d\u00edj megnevez\u00e9se: Semmelweis Egyetem Kiv\u00e1l\u00f3 Di\u00e1kk\u00f6r\u00f6se <br \/>\nAz adom\u00e1nyoz\u00f3 neve: Semmelweis Egyetem<\/p>\n<p class=\"hiddenContentp\"><span style=\"text-decoration: underline\">\u00daj Nemzeti Kiv\u00e1l\u00f3s\u00e1gi Program<\/span><\/p>\n<p class=\"hiddenContentp\">\u00c9v: 2021 <br \/>\nA d\u00edj tulajdonosa: Dr. Daradics No\u00e9mi <br \/>\nA d\u00edj megnevez\u00e9se: \u00daj Nemzeti Kiv\u00e1l\u00f3s\u00e1g Program <br \/>\nAz adom\u00e1nyoz\u00f3 neve: Emberi Er\u0151forr\u00e1sok Miniszt\u00e9riuma <br \/>\nMegjegyz\u00e9s: 1 \u00e9ves d\u00edj<\/p>\n<p>&nbsp;<\/p>\n<\/div>\n<\/div>\n<div class=\"exp-col-content-holder\"><a class=\"expand-cnt-link\" href=\"#\">2022<\/a><\/p>\n<div class=\"hidden-content\">\n<p class=\"hiddenContentp\"><span style=\"text-decoration: underline\">Tudom\u00e1nyos Di\u00e1kk\u00f6ri Konferencia<\/span><\/p>\n<p class=\"hiddenContentp\">C\u00edm: Cyclophilin D g\u00e1tl\u00e1s, mint lehets\u00e9ges mitokondri\u00e1lis ter\u00e1pia akceler\u00e1lt m\u00e1jregener\u00e1ci\u00f3t k\u00f6vet\u0151en eg\u00e9r knockout modellben <br \/>\nSzerz\u0151(k): Vit\u00e1lis L\u00eddia \u2013 Husz\u00e1r Borb\u00e1la <br \/>\nT\u00e9mavezet\u0151(k): Dr. Daradics No\u00e9mi, Prof. Dr. Szij\u00e1rt\u00f3 Attila <br \/>\nKonferencia \u00e9ve, neve: 2022, Semmelweis Egyetem Tudom\u00e1nyos Di\u00e1kk\u00f6ri Konferencia<br \/>\nD\u00edjaz\u00e1s: I. d\u00edj, OTDK jel\u00f6lt &#8211; Operat\u00edv D<\/p>\n<p class=\"hiddenContentp\">C\u00edm: A farnesoid X receptor szerepe az akceler\u00e1lt m\u00e1jregener\u00e1ci\u00f3 patk\u00e1ny modellj\u00e9ben<br \/>\nSzerz\u0151(k): Husz\u00e1r Borb\u00e1la Anna \u2013 Vit\u00e1lis L\u00eddia <br \/>\nT\u00e9mavezet\u0151(k): Prof. Dr. Szij\u00e1rt\u00f3 Attila, Dr. F\u00fcl\u00f6p Andr\u00e1s <br \/>\nKonferencia \u00e9ve, neve: 2022, Semmelweis Egyetem Tudom\u00e1nyos Di\u00e1kk\u00f6ri Konferencia<br \/>\nD\u00edjaz\u00e1s: II. d\u00edj, OTDK javasolt &#8211; Operat\u00edv E<\/p>\n<p class=\"hiddenContentp\">C\u00edm: Laparoszk\u00f3pos m\u00e1jseb\u00e9szeti beavatkoz\u00e1sok retrospekt\u00edv vizsg\u00e1lata Klinik\u00e1nkon<br \/>\nSzerz\u0151(k): Lehoczki Csaba Ferenc<br \/>\nT\u00e9mavezet\u0151(k): Dr. F\u00fcl\u00f6p Andr\u00e1s, Prof. Dr. Szij\u00e1rt\u00f3 Attila <br \/>\nKonferencia \u00e9ve, neve: 2022, Semmelweis Egyetem Tudom\u00e1nyos Di\u00e1kk\u00f6ri Konferencia<br \/>\nD\u00edjaz\u00e1s: III. d\u00edj &#8211; Operat\u00edv C<\/p>\n<p class=\"hiddenContentp\"><span style=\"text-decoration: underline\">Marosv\u00e1s\u00e1rhelyi Tudom\u00e1nyos Di\u00e1kk\u00f6ri Konferencia<\/span><\/p>\n<p class=\"hiddenContentp\">C\u00edm: A cyclophilin D g\u00e1tl\u00e1s, mint mitochondrialis ter\u00e1pia ALPPS m\u0171t\u00e9tet k\u00f6vet\u0151en eg\u00e9r knockout modellben <br \/>\nSzerz\u0151(k): Vit\u00e1lis L\u00eddia &#8211; Husz\u00e1r Borb\u00e1la Anna <br \/>\nT\u00e9mavezet\u0151(k): Dr. Daradics No\u00e9mi, Dr. F\u00fcl\u00f6p Andr\u00e1s, Prof. Dr. Szij\u00e1rt\u00f3 Attila<br \/>\nKonferencia \u00e9ve, neve: Marosv\u00e1s\u00e1rhelyi Tudom\u00e1nyos Di\u00e1kk\u00f6ri Konferencia, 2022<br \/>\nD\u00edjaz\u00e1s: K\u00fcl\u00f6nd\u00edj<\/p>\n<p class=\"hiddenContentp\">C\u00edm: Kis \u00e1llatmodell a farnesoid X receptor szerep\u00e9nek vizsg\u00e1lat\u00e1ra ALPPS m\u0171t\u00e9tet k\u00f6vet\u0151 induk\u00e1lt m\u00e1jregener\u00e1ci\u00f3ban <br \/>\nSzerz\u0151(k): Husz\u00e1r Borb\u00e1la Anna &#8211; Vit\u00e1lis L\u00eddia &#8211; Kov\u00e1cs Szabina <br \/>\nT\u00e9mavezet\u0151(k): Dr. Daradics No\u00e9mi, Dr. F\u00fcl\u00f6p Andr\u00e1s, Prof. Dr. Szij\u00e1rt\u00f3 Attila<br \/>\nKonferencia \u00e9ve, neve: 2022, XXIX. Tudom\u00e1nyos Di\u00e1kk\u00f6ri Konferencia, Marosv\u00e1s\u00e1rhely<br \/>\nD\u00edjaz\u00e1s: &#8211;<\/p>\n<p class=\"hiddenContentp\"><span style=\"text-decoration: underline\">Kor\u00e1nyi Frigyes Tudom\u00e1nyos F\u00f3rum<\/span><\/p>\n<p class=\"hiddenContentp\">C\u00edm: Mitokondri\u00e1lis ter\u00e1piak\u00e9nt alkalmazott Cyclophilin D g\u00e1tl\u00e1s szerep\u00e9nek vizsg\u00e1lata induk\u00e1lt m\u00e1jregener\u00e1ci\u00f3 knockout eg\u00e9r modellj\u00e9ben <br \/>\nSzerz\u0151(k): Vit\u00e1lis L\u00eddia &#8211; Husz\u00e1r Borb\u00e1la Anna <br \/>\nT\u00e9mavezet\u0151(k): Dr. Daradics No\u00e9mi, Dr. F\u00fcl\u00f6p Andr\u00e1s, Prof. Dr. Szij\u00e1rt\u00f3 Attila<br \/>\nKonferencia \u00e9ve, neve: 2022, XXVII. Kor\u00e1nyi Frigyes Tudom\u00e1nyos F\u00f3rum <br \/>\nD\u00edjaz\u00e1s: I. d\u00edj<\/p>\n<p class=\"hiddenContentp\">C\u00edm: A farnesoid X receptor szerepe az induk\u00e1lt m\u00e1jregener\u00e1ci\u00f3 patk\u00e1ny modellj\u00e9ben<br \/>\nSzerz\u0151(k): Husz\u00e1r Borb\u00e1la Anna &#8211; Vit\u00e1lis L\u00eddia <br \/>\nT\u00e9mavezet\u0151(k): Dr. Daradics No\u00e9mi, Dr. F\u00fcl\u00f6p Andr\u00e1s, Prof. Dr. Szij\u00e1rt\u00f3 Attila<br \/>\nKonferencia \u00e9ve, neve: 2022, XXVII. Kor\u00e1nyi Frigyes Tudom\u00e1nyos F\u00f3rum <br \/>\nD\u00edjaz\u00e1s: I. d\u00edj<\/p>\n<p class=\"hiddenContentp\"><span style=\"text-decoration: underline\">Magyar Seb\u00e9sz T\u00e1rsas\u00e1g &#8211; K\u00eds\u00e9rletes Seb\u00e9szeti Kongresszus<\/span><\/p>\n<p class=\"hiddenContentp\">C\u00edm: A farnesoid X receptor szerepe az akceler\u00e1lt m\u00e1jregener\u00e1ci\u00f3 patk\u00e1ny modellj\u00e9ben<br \/>\nSzerz\u0151(k): Kov\u00e1cs Szabina, Dr. Daradics No\u00e9mi, Dr. Pim B. Olthof, Dr. Budai Andr\u00e1s, Dr. Michal Heger, Dr. Thomas M. van Gulik, Dr. F\u00fcl\u00f6p Andr\u00e1s, Prof. Dr. Szij\u00e1rt\u00f3 Attila<br \/>\nKonferencia \u00e9ve, neve: 2022, Magyar Seb\u00e9sz T\u00e1rsas\u00e1g K\u00eds\u00e9rletes Seb\u00e9szeti Szekci\u00f3 XXIX. Kongresszusa <br \/>\nD\u00edjaz\u00e1s: &#8211;<\/p>\n<p class=\"hiddenContentp\">C\u00edm: A Cyclophilin D g\u00e1tl\u00e1s mitochondrialis ter\u00e1piak\u00e9nt bet\u00f6lt\u00f6tt szerep\u00e9nek vizsg\u00e1lata akceler\u00e1lt m\u00e1jregegener\u00e1ci\u00f3t k\u00f6vet\u0151en eg\u00e9r knockout modellben <br \/>\nSzerz\u0151(k): Vit\u00e1lis L\u00eddia, Dr. Daradics No\u00e9mi, Dr. Horv\u00e1th Gerg\u0151, Prof. Dr. Tretter L\u00e1szl\u00f3, Dr. F\u00fcl\u00f6p Andr\u00e1s, Dr. Budai Andr\u00e1s, Prof. Dr. Szij\u00e1rt\u00f3 Attila <br \/>\nKonferencia \u00e9ve, neve: 2022, Magyar Seb\u00e9sz T\u00e1rsas\u00e1g K\u00eds\u00e9rletes Seb\u00e9szeti Szekci\u00f3 XXIX. Kongresszusa <br \/>\nD\u00edjaz\u00e1s: &#8211; Semmelweis Egyetem &#8211;<\/p>\n<p class=\"hiddenContentp\"><span style=\"text-decoration: underline\">PhD napok<\/span><\/p>\n<p class=\"hiddenContentp\">C\u00edm: A Farnesoid X receptor szerepe az induk\u00e1lt m\u00e1jregener\u00e1ci\u00f3 patk\u00e1ny modellj\u00e9ben<br \/>\nSzerz\u0151(k): Dr. L\u00e9vay Kl\u00e1ra <br \/>\nT\u00e9mavezet\u0151(k): Prof. Dr. Szij\u00e1rt\u00f3 Attila, Dr. F\u00fcl\u00f6p Andr\u00e1s <br \/>\nKonferencia \u00e9ve, neve: 2022, Semmelweis Egyetem PhD Tudom\u00e1yos napok <br \/>\nD\u00edjaz\u00e1s: I. d\u00edj<\/p>\n<p class=\"hiddenContentp\"><span style=\"text-decoration: underline\">\u00daj Nemzeti Kiv\u00e1l\u00f3s\u00e1gi Program<\/span><\/p>\n<p class=\"hiddenContentp\">\u00c9v: 2022 <br \/>\nA d\u00edj tulajdonosa: Dr. L\u00e9vay Kl\u00e1ra <br \/>\nA d\u00edj megnevez\u00e9se: \u00daj Nemzeti Kiv\u00e1l\u00f3s\u00e1g Program <br \/>\nAz adom\u00e1nyoz\u00f3 neve: Emberi Er\u0151forr\u00e1sok Miniszt\u00e9riuma <br \/>\nMegjegyz\u00e9s: 1 \u00e9ves d\u00edj<\/p>\n<p>&nbsp;<\/p>\n<\/div>\n<\/div>\n<div class=\"exp-col-content-holder\"><a class=\"expand-cnt-link\" href=\"#\">Publik\u00e1ci\u00f3k<\/a><\/p>\n<div class=\"hidden-content\">\n<p class=\"hiddenContentp\"><span style=\"text-decoration: underline\">K\u00f6nyvfejezet<\/span> <br \/>\n<strong>1<\/strong>. Szij\u00e1rt\u00f3 A.: A kis\u00e9rleti m\u0171t\u0151 t\u00f6rt\u00e9nete, 1950-2009. In: Az \u00dcll\u0151i \u00fati Seb\u00e9szeti Klinika, 1909-2009 : Jubileumi kiadv\u00e1ny \/ szerk. Kupcsulik P. &#8211; Bp. Semmelweis K., 2009. -105-08 p. <br \/>\n<strong>2<\/strong>. Hars\u00e1nyi L., Szij\u00e1rt\u00f3 A.: Orvostudom\u00e1nyi kutat\u00e1s seb\u00e9szeti szakter\u00fcleteken. In: Klinikai vizsg\u00e1latok k\u00e9zik\u00f6nyve \/ szerk. Lakner G., Renczes G., Antal J. &#8211; Bp. : SpringMed K., 2009. &#8211; 82-86 p. <br \/>\n<strong>3<\/strong>. Zolt\u00e1n Czig\u00e1ny, Pramod Kadaba Srinivasan, Junji Iwasaki, Attila Szij\u00e1rt\u00f3, Ren\u00e9 H. Tolba: Adhesion Molecules: Therapeutic Targets for Allograft Rejection and Ischemia-Reperfusion Injury. In: Chen (editor), Current Immunosupressive Therapy in Organ Transplantation. Nova Science Publishers, New York. 2015 (in press.) <br \/>\n<strong>4.<\/strong> Rosero Oliv\u00e9r, Kov\u00e1cs Tibor, Garbaisz D\u00e1vid, Tur\u00f3czi Zsolt, F\u00fcl\u00f6p Andr\u00e1s, Hars\u00e1nyi L\u00e1szl\u00f3, Szij\u00e1rt\u00f3 Attila: V\u00e9konyb\u00e9l ischaemias k\u00e1rosod\u00e1s\u00e1nak kiv\u00e9d\u00e9se adapt\u00edv seb\u00e9szi technik\u00e1kkal. Algoritmusok In: Bl\u00e1zovics Anna, M\u00e9zes Mikl\u00f3s, R\u0151th Erzs\u00e9bet (szerk.) Oxidat\u00edv stressz \u00e9s betegs\u00e9gek. 243 p. Konferencia helye, ideje: Budapest, Magyarorsz\u00e1g, 2014.10.06-2014.10.07. G\u00f6d\u00f6ll\u0151: Szent Istv\u00e1n Egyetemi Kiad\u00f3, 2015. pp. 121-124. (ISBN:978-963-269-500-6) <br \/>\n<strong>5.<\/strong> Szij\u00e1rt\u00f3 Attila Ischaemia-reperf\u00fazi\u00f3 In: Jakab Ferenc (szerk.) M\u00e1jseb\u00e9szet. 274 p. Budapest: Medicina K\u00f6nyvkiad\u00f3 Zrt., 2016. pp. 61-72. (ISBN:978-963-226-571-1) Hazai foly\u00f3iratban megjelent<\/p>\n<p class=\"hiddenContentp\"><span style=\"text-decoration: underline\">K\u00f6zlem\u00e9nyek<\/span> <br \/>\n<strong>1.<\/strong> V\u00e1li L., Szij\u00e1rt\u00f3 A., Hahn O., Feh\u00e9r J., Kupcsulik P.: A benignus m\u00e1jdaganatok \u00e9s szabadgy\u00f6k\u00f6k kapcsolata Orvosi Hetilap 2004 145 (40) 2043-50 p. <br \/>\n<strong>2.<\/strong> Stangl R., Szij\u00e1rt\u00f3 A., \u00d3nody P., Tam\u00e1s J., T\u00e1trai M., Heged\u0171s V., Bl\u00e1zovics A., Lotz G., Sz\u00e1sz M., Kiss A., Ger\u0151 D., Szab\u00f3 Cs., Kupcsulik P., Darvas K., Hars\u00e1nyi L.: Hossz\u00fa latenci\u00e1j\u00fa preoperat\u00edv glutamin el\u0151kezel\u00e9s vizsg\u00e1lata patk\u00e1ny ischaemia-reperf\u00fazi\u00f3s modellben Aneszteziol\u00f3gia \u00e9s Intenz\u00edv Ter\u00e1pia 2008 38 (4) 179-87 p. <br \/>\n<strong>3.<\/strong> Szij\u00e1rt\u00f3 A.: Az ischaemiatolerancia n\u00f6vel\u00e9s\u00e9nek lehet\u0151s\u00e9gei a m\u00e1jseb\u00e9szetben (Doktori munka) Magyar Seb\u00e9szet 2008 61 (3) 128-35 p. <br \/>\n<strong>4.<\/strong> Szij\u00e1rt\u00f3 A., Gyurkovics E., Ar\u00e1nyi P., \u00d3nody P., Stangl R., T\u00e1trai M., Lotz G., Mih\u00e1ly Z., Heged\u0171s V., Bl\u00e1zovics A., Kupcsulik P.: Posztkondicion\u00e1l\u00e1s kis\u00e9rletes alkalmaz\u00e1sa aortakirekeszt\u00e9s kapcs\u00e1n Magyar Seb\u00e9szet 2009 62 (4) 180-87 p. <br \/>\n<strong>5.<\/strong> Szij\u00e1rt\u00f3 A., Ar\u00e1nyi P., Tur\u00f3czi Zs., Kupcsulik P., Gyurkovics E.: Ischaemi\u00e1s-reperf\u00fazi\u00f3s k\u00e1rosod\u00e1s cs\u00f6kkent\u00e9s\u00e9nek elvi \u00e9s gyakorlati lehet\u0151s\u00e9gei az \u00e9rseb\u00e9szetben. Irodalmi \u00e1ttekint\u00e9s \u00c9rbetegs\u00e9gek 2009 16 (4) 113-120 p. <br \/>\n<strong>6.<\/strong> Szij\u00e1rt\u00f3 A., Ar\u00e1nyi P., Tur\u00f3czi Zs., Kupcsulik P., Gyurkovics E.: A reperf\u00fazi\u00f3s szindr\u00f3ma \u00e9s a postcondicion\u00e1l\u00e1s sejtszint\u0171 mechanizmusa. Irodalmi \u00e1ttekint\u00e9s \u00c9rbetegs\u00e9gek 2010 17 (1) 11-18 p. <br \/>\n<strong>7.<\/strong> Szij\u00e1rt\u00f3 A., Tur\u00f3czi Z., Ar\u00e1nyi P., Nagy Z., Gyurkovics E.: Akut kr\u00f3nikus ischaemia az als\u00f3 v\u00e9gtagon. Irodalmi \u00f6sszefoglal\u00f3 Orvosi Hetilap 2010 151 (50) 2057-66 p. <br \/>\n<strong>8.<\/strong> Szij\u00e1rt\u00f3 A., Tur\u00f3czi Zs., Ar\u00e1nyi P., Garbaisz D., Varga M., Stangl R., Lotz G., Kupcsulik P.: Hossz\u00fa idej\u0171 v\u00e9gtagi ver\u0151\u00e9r-elz\u00e1r\u00f3d\u00e1s \u00e9s izomsz\u00f6vet-\u00e9letk\u00e9pess\u00e9g vizsg\u00e1lata kis\u00e9rletes \u00e1llatmodellben Magyar Seb\u00e9szet 2010 63 (6) 374-79 p. <br \/>\n<strong>9.<\/strong> Rosero O., \u00d3n\u00f3dy P., Stangl R.,Heged\u0171s V.,Lotz G., Bl\u00e1zovics A., Kupcsulik P., Szij\u00e1rt\u00f3 A.: Posztkondicion\u00e1l\u00e1s kis\u00e9rletes vizsg\u00e1lata v\u00e9konyb\u00e9l ischaemi\u00e1s-reperf\u00fazi\u00f3s modellj\u00e9ben Magyar Seb\u00e9szet 2011 64 (1) 28-36 p. <br \/>\n<strong>10.<\/strong> Ar\u00e1nyi P., Tur\u00f3czi Zs., Garbaisz D., Varga M., Dr. Lotz G., Kupcsulik P., Szij\u00e1rt\u00f3 A.: Posztkondicion\u00e1l\u00e1s: \u00e9rseb\u00e9szeti technika posztoperat\u00edv veseel\u00e9gtelns\u00e9g megel\u0151z\u00e9s\u00e9re. \u00c1llatk\u00eds\u00e9rletes modell. Hypertonia \u00e9s Nephrologia2011;15(3):117-124. <br \/>\n<strong>11.<\/strong> Szij\u00e1rt\u00f3 A., F\u00fcl\u00f6p A, Tur\u00f3czi Zs, Garbaisz D, Dud\u00e1s E, Szab\u00f3 J, N\u00e1n\u00e1si R, Kupcsulik P.: Ruptur\u00e1lt hasi aorta aneurysma k\u00eds\u00e9rletes modellje. A folyad\u00e9k reszuszcit\u00e1c\u00f3 technikai megfontol\u00e1sa. Aneszteziol\u00f3gia \u00e9s Intez\u00edv Ter\u00e1pia 2011; 41 (2):61-70 <br \/>\n<strong>12.<\/strong> Heged\u00fcs V., Ger\u00f6 D., Mih\u00e1ly Z., Szij\u00e1rt\u00f3 A., Zelles T., S\u00e1rdi E.: Aliment\u00e1ris eredet\u0171 k\u00eds\u00e9rletes zs\u00edrm\u00e1j \u00e9s adjuv\u00e1ns kezel\u00e9se term\u00e9szetes eredet\u0171 bioakt\u00edv hat\u00f3anyagokkal &#8211; Alimentary induced fatty liver and adjuvant therapy with effective natural bioactive molecules. Orvosi Hetilap2011; 152, 1035-1042 (2011) <br \/>\n<strong>13.<\/strong> Szij\u00e1rt\u00f3 A., Czig\u00e1ny Z., Tur\u00f3czi Zs., Hars\u00e1nyi L.: Iszk\u00e9mi\u00e1s perkondicion\u00e1l\u00e1s \u2013 Alternat\u00edv adapt\u00edv technika a miokardi\u00e1lis iszk\u00e9mia-tolerancia n\u00f6vel\u00e9s\u00e9re. \u00d6sszefoglal\u00f3 K\u00f6zlem\u00e9ny. Cardiol\u00f3gica Hungarica 2011; 41(5):344-353. <br \/>\n<strong>14.<\/strong> Czig\u00e1ny Z.. Tur\u00f3czi Zs., Bulhardt O., Heged\u00fcs V., Lotz G., Rakonczay Z., Balla Zs., Hars\u00e1nyi L., Szij\u00e1rt\u00f3 A.: T\u00e1voli szervi kondicion\u00e1l\u00e1s: r\u00f6vid t\u00e1v\u00fa hepatoprotectiv hat\u00e1sok patk\u00e1nymodellben Orvosi Hetilap 2012; 153(40): 1578-1586. <br \/>\n<strong>15.<\/strong> \u00d3nody P., Rosero O., Kov\u00e1cs T., Garbaisz D., Heged\u00fcs V., Lotz G., Hars\u00e1nyi L., Szij\u00e1rt\u00f3 A.: Posztkondicion\u00e1l\u00e1s \u2013 A t\u00e1voli szervi dysfuncti\u00f3k ellenszere? Magyar Seb\u00e9szet2012; 65 (4); 222-229 <br \/>\n<strong>16.<\/strong> Szij\u00e1rt\u00f3 A., \u00d3nody P., Rosero O., Hars\u00e1nyi L.: Kritikus mesenteri\u00e1lis ischaemia. Adapt\u00edv mechanizmusok. T\u00e1voli szervi diszfunkci\u00f3k. Magyar Belorvosi Archivum 2013; 66 (1): 13-20 <br \/>\n<strong>17.<\/strong> Garbaisz D., Tur\u00f3czi Zs., F\u00fcl\u00f6p A., Rosero O., Ar\u00e1nyi P., \u00d3nody P., Lotz G., Rakonczay Z., Balla Zs., Hars\u00e1nyi L., Szij\u00e1rt\u00f3 A.: Als\u00f3 v\u00e9gtagi ischaemi\u00e1s-reperfusi\u00f3s k\u00e1rosod\u00e1s hossz\u00fa t\u00e1v\u00fa t\u00fcd\u0151sz\u00f6v\u0151dm\u00e9nyeinek megel\u0151z\u00e9se posztkondicion\u00e1l\u00e1ssal Magyar Seb\u00e9szet 2013; 66 (3): 146\u2013154 <br \/>\n<strong>18.<\/strong> Rosero O, Kovacs T., Onody P., Harsanyi L., Szijarto A. Bakteri\u00e1lis transzlok\u00e1ci\u00f3: r\u00e9s a pajzson &#8211; \u00d6sszefoglal\u00f3 k\u00f6zlem\u00e9ny Orvosi Hetilap 2014, 155 (8), 304\u2013312 <\/p>\n<p><strong>24.<\/strong> Rosero O, Harsanyi L., Szijarto A. Akut mezenteri\u00e1lis iszk\u00e9mia: biomarker egyenl\u0151 diagn\u00f3zis? &#8211; \u00d6sszefoglal\u00f3 k\u00f6zlem\u00e9ny Orvosi Hetilap 2014, 155 (41): 1615\u20131623<br \/>\n<strong>25.<\/strong> Koos O, Kovacs T, Fulop A, Pekli D, Onody P, Lukovich P, Harsanyi L, Kupcsulik P, Hahn O, Szijarto A A posztoperat\u00edv kering\u00e9sv\u00e1ltoz\u00e1sok jelent\u0151s\u00e9ge a m\u00e1jseb\u00e9szetben [The importance of postoperative circulatory alterations in hepatic surgery] Orvosi Hetilap 2015, 156:(48) pp. 1938-1948. <br \/>\n<strong>26.<\/strong> Szij\u00e1rt\u00f3 A Szabad gy\u00f6k\u00f6k \u00e9s a m\u00e1j ischaemi\u00e1s-reperf\u00fazi\u00f3s k\u00e1rosod\u00e1sa [Free radicals and hepatic ischemia-reperfusion] Orvosi Hetilap 2015, 156:(47) pp. 1904-1907.<\/p>\n<p class=\"hiddenContentp\"><span style=\"text-decoration: underline\"> Nemzetk\u00f6zi Foly\u00f3iratban megjelent K\u00f6zlem\u00e9nyek \u03a3 IF: 66.217<\/span> <br \/>\n<strong>1.<\/strong> Szij\u00e1rt\u00f3 A., Hahn O., Lotz G., Schaff Z., Madar\u00e1sz E., Kupcsulik P.: Effect of ischemic preconditioning on rat liver microcirculation monitored with laser doppler flowmetry Journal of Surgical Research 2006 131 (1) 150-57 p. IF: 2.038 <br \/>\n<strong>2.<\/strong> Hahn O., Szij\u00e1rt\u00f3 A., Lotz G., Schaff Zs., V\u00edgv\u00e1ry Z., V\u00e1li L., Kupcsulik P.: The effect of ischemic preconditioning prior to intraoperative radiotherapy on ischemic and on reperfused rat liver Journal of Surgical Research 2007 142 (1) 32-44 p. IF: 1.836 <br \/>\n<strong>3<\/strong>. Szij\u00e1rt\u00f3 A., Batmunkh E., Hahn O., Mih\u00e1ly Z., Kreiss \u00c1., Kiss A., Lotz G., Schaff Zs., V\u00e1li L., Bl\u00e1zovics A., Ger\u0151 D., Szab\u00f3 Cs., Kupcsulik P.: Effect of PJ-34 PARP-inhibitor on rat liver microcirculation and antioxidant status Journal of Surgical Research 2007 142 (1) 72-80 p. IF: 1.836 <br \/>\n<strong>4.<\/strong> Szij\u00e1rt\u00f3 A., Hahn O., Batmunkh E., Stangl R., Kiss A., Lotz G., Schaff Zs., V\u00e1li L., Bl\u00e1zovics A., Ger\u0151 D., Szab\u00f3 Cs., Kupcsulik P., Hars\u00e1nyi L.: Short-term alanyl-glutamine dipeptide pretreatment in liver ischemia-reperfusion model: effects on microcirculation and antioxidant status in rats Clinical Nutriton 2007 (26) 640-48 p. IF: 2.878 <br \/>\n<strong>5.<\/strong> Gyurkovics E., Ar\u00e1nyi P., Stangl R., \u00d3nody P., Ferreira G., Lotz G., Kupcsulik P., Szij\u00e1rt\u00f3 A. Postconditioning of the Lower Limb-Protection Against the Reperfusion Syndrome Journal of Surgical Research 169, 139\u2013147 2011 DOI: 10.1016\/j.jss.2009.10.014 IF: 2.176<br \/>\n<strong>6.<\/strong> Stangl R., Szij\u00e1rt\u00f3 A., \u00d3nody P., Tam\u00e1s J., T\u00e1trai M., Heged\u0171s V., Bl\u00e1zovics A., Lotz, G., Kiss A., M\u00f3dis K., Ger\u0151 D., Szab\u00f3 C., Kupcsulik P., Hars\u00e1nyi L. Reduction of Liver Ischemia-Reperfusion Injury Via Glutamine Pretreatment Journal of Surgical Research 2011 166 (1) 95-103 p. IF: 2.176 <br \/>\n<strong>7.<\/strong> Gyurkovics E., Ar\u00e1nyi P., Tur\u00f3czi Zs., Garbaisz D., Varga M., Heged\u0171s V., Lotz G., Kupcsulik P., Szij\u00e1rt\u00f3 A.: Postconditioning attenuates remote organ injury after lower limb arterial occlusion Interventional Medicine and Applied Science 2010 2 (4) 169-77 p. IF: 2,539 <br \/>\n<strong>8.<\/strong> Szijart\u00f3 A., Tur\u00f3czi Zs, Czig\u00e1ny Z., Hars\u00e1nyi L.: Remote ischemic perconditioning: simple, low risk method to decrease ischemic-reperfusion injury. Review article. Journal of Surgical Research 2012 178 (2) 797-806 p. IF: 2.247 <br \/>\n<strong>9.<\/strong> M\u00f3dis K., Ger\u0151 D., Stangl R., Rosero O., Szij\u00e1rt\u00f3 A., Lotz G., Moh\u00e1csik P., Szoleczky P., Coletta C., Szab\u00f3 Cs.: Adenosine and inosine exert cytoprotective effects in an in vitro model of liver ischemia-reperfusion injury. International Journal Of Molecular Medicine2013 31:(2) 437-446 p. IF: 1.573 <\/p>\n<p><strong>16.<\/strong> F\u00fcl\u00f6p A., Tur\u00f3czi Zs., Garbaisz D., Hars\u00e1nyi L., Szij\u00e1rt\u00f3 A.: Experimental models of hemorrhagic shock. Review. European Surgical Research 50 (2): 57-70p. IF: 0.93 <br \/>\n<strong>17.<\/strong> Szijarto A., Turoczi Zs., Szabo J., Kaliszky P., Gyurkovics E., Aranyi P., Regali L., Harsanyi L., Lotz G.: Rapidly progressing, fatal reperfusion syndrome caused by acute critical ischemia of the lower limb Cardiovascular Pathology &#8211; elfogadva IF: 2.066 <br \/>\n<strong>18.<\/strong> Garbaisz D., Turoczi Zs, Fulop A., Rosero O., Aranyi P., Onody P., Lotz G., Rakonczay Z., Balla Zs.; Harsanyi L., Szijarto A. Therapeutic option for managing lung injury induced by infrarenal aortic cross-clamping Journal of Surgical Research 2013 185:469-476 IF: 2.018 (2012) <br \/>\n<strong>19.<\/strong> Czig\u00e1ny Z., Tur\u00f3czi Zs., \u00d3nody P., Hars\u00e1nyi L., Lotz G., Heged\u00fcs V., Szij\u00e1rt\u00f3 A. Remote ischemic perconditioning protects the liver from ischemia-reperfusion injury. Journal of Surgical Research &#8211; elfogadva IF: 2.018 (2012) <br \/>\n<strong>20.<\/strong> Onody P., Stangl R., Fulop A., Rosero O., Garbaisz G., Turoczi Zs., Lotz G., Rakonczay Zs., Balla Zs., Hegedus V., Harsanyi L., Szijarto A.: Levosimendan: a cardiovascular drug to prevent liver ischemia-reperfusion injury? PLoS One. 2013; 8(9): e73758. doi: 10.1371\/journal.pone.0073758 IF: 3.730 (2012) <br \/>\n<strong>21.<\/strong> Szij\u00e1rt\u00f3 A., L\u00e9vay B., Kupcsulik P.: Postoperative complications of spilled gallstones: A report on two cases European Journal of Gastroenterology &amp; Hepatology \u2013 elfogadva IF: 1.915 (2012) <br \/>\n<strong>22.<\/strong> Rosero O., \u00d3nody P., Stangl R., Tur\u00f3czi Zs., F\u00fcl\u00f6p A., Garbaisz D., Lotz G., Hars\u00e1nyi L., Szij\u00e1rt\u00f3 A.: Postconditioning of the small intestine: which is the most effective algorithm in a rat model? Journal of Surgical Research IF: 2.018 (2012) <br \/>\n<strong>23.<\/strong> Tur\u00f3czi Zs., Ar\u00e1nyi P., Luk\u00e1ts A, Garbaisz D., Lotz G., Hars\u00e1nyi L., Szij\u00e1rt\u00f3 A.: Muscle fiber viability, a novel method for the fast detection of ischemic muscle injury in rats. PLoS One. IF: 3.730 (2012) <br \/>\n<strong>24.<\/strong> Rosero O., N\u00e9meth K., Tur\u00f3czi Zs., F\u00fcl\u00f6p A., Garbaisz D., Gy\u0151rffy A., Szu\u00e1k A., Dorogi B., Kiss M., Nemesk\u00e9ri \u00c1., Hars\u00e1nyi L, Szij\u00e1rt\u00f3 A. : Collateral circulation of rat lower limb and its significance in ischemia-reperfusion studies Surgery Today IF: 0.963 (2012) <br \/>\n<strong>25.<\/strong> Fulop A., Szijarto A., Harsanyi L., Budai A., Pekli D., Korsos D., Horvath I., Kovacs N., Karlinger K., Mathe D., Szigeti K: Demonstration of metabolic and cellular effects of portal vein ligation using multi-modal PET\/MRI measurements in healthy rat liver PLoS One. IF: 3.730 (2012) <br \/>\n<strong>26.<\/strong> Tur\u00f3czi Zs., F\u00fcl\u00f6p A., Luk\u00e1ts A., Garbaisz D., Lotz G., Hars\u00e1nyi L., Szij\u00e1rt\u00f3 A.: Postconditioning protects skeletal muscle against a long-lasting vascular occlusion. Journal of Investigative Surgery 2014, 27 (5):282-90 IF: 1.158 <br \/>\n<strong>27.<\/strong> Rosero O., \u00d3nody P., Kov\u00e1cs T., Moln\u00e1r D., Lotz G., T\u00f3th Sz., Tur\u00f3czi Zs., F\u00fcl\u00f6p A., Garbaisz D., Hars\u00e1nyi L., Szij\u00e1rt\u00f3 A.: Impaired Intestinal Mucosal Barrier upon Ischemia-Reperfusion: Patching Holes in the Shield with a Simple Surgical Method BioMed Research International 2014, Article ID 210901, 11 pages, doi:10.1155\/2014\/210901 IF: 2.88 (2014) <br \/>\n<strong>28.<\/strong> Garbaisz D., Turoczi Zs., Aranyi P, Fulop A.; Rosero O., Hermesz E., Ferencz A., Lotz G., Harsanyi L., Szijarto A.: Attenuation of skeletal muscle and renal injury to the lower limb following ischemia-reperfusion using mPTP inhibitor NIM-811 PLoS ONE 2014, 9(6): e101067. doi:10.1371\/journal.pone.0101067 IF: 3.234 <br \/>\n<strong>29.<\/strong> Szijarto A., Fulop A.: Triggered liver regeneration: from experimental model to clinical implications &#8211; Invited review European Surgical Reseach 2015, 54:148-161 IF: 2.474 (2014) <br \/>\n<strong>30.<\/strong> Czig\u00e1ny Z., Tur\u00f3czi Zs., Kleiner D., Lotz G., Homeyer A., Hars\u00e1nyi L., Szij\u00e1rt\u00f3 A.: Neural elements behind the hepatoprotection of remote perconditioning. Journal of Surgical Research 2015, 193: pp. 642-651 IF: 1.936 (2014) <br \/>\n<strong>31.<\/strong> Aranyi P, Turoczi Zs, Garbaisz D, Lotz G, Geleji J, Hegedus V, Rakonczay Z, Balla Zs, Harsanyi L, Szijarto A: Postconditioning in major vascular surgery: Prevention of renal failure Journal of Translational Medicine 2015, 13:21 DOI: 10.1186\/s12967-014-0379-7 IF: 3.930 (2014) <br \/>\n<strong>32.<\/strong> Tur\u00f3czi Zs, F\u00fcl\u00f6p A, Czig\u00e1ny Z, Varga G, Rosero O, T\u0151k\u00e9s T, Kaszaki J, Lotz G, Hars\u00e1nyi L, Szij\u00e1rt\u00f3 A: Improvement of small intestinal microcirculation by postconditioning after lower limb ischemia Microvascular Research 2015, 98:119-125 IF: 2.126 (2014) <br \/>\n<strong>33.<\/strong> F\u00fcl\u00f6p A; Budai A; Czig\u00e1ny Z; Lotz G; Paku S; Dezs\u0151 K; Hars\u00e1nyi L; Szij\u00e1rt\u00f3 A: Alterations in Hepatic Lobar Function in Regenerating Rat Liver Journal of Surgical Research 2015, 197: 307-317 IF: 1.936 (2014) <br \/>\n<strong>34.<\/strong> Czig\u00e1ny Z, Iwasaki J, Yagi S, Nagai K, Szij\u00e1rt\u00f3 A, Uemoto S, Tolba RH: Improving research practice in rat orthotopic and partial orthotopic liver transplantation: a review, recommendation, and publication guide European Surgical Reseach 2015, 55:119\u2013138 IF: 2.474 (2014) <br \/>\n<strong>35.<\/strong> Lauber DT, Tihanyi DK, Czig\u00e1ny Z, Kov\u00e1cs T, Budai A, Drozgyik D, F\u00fcl\u00f6p A, Szij\u00e1rt\u00f3 A: Liver regeneration after different degrees of portal vein ligation Journal of Surgical Research 2016, 203:451-458 IF:1.936 (2015) <br \/>\n<strong>36.<\/strong> Czig\u00e1ny Z, Tur\u00f3czi Z, Kleiner D, Lotz G, Homeyer A, Hars\u00e1nyi L, Szij\u00e1rt\u00f3 A. Neural elements behind the hepatoprotection of remote perconditioning. J Surg Res. 2015 Feb;193(2):642-51. <br \/>\n<strong>37.<\/strong> Rosero O, \u00d3nody P, Kov\u00e1cs T, Moln\u00e1r D, F\u00fcl\u00f6p A, Lotz G, Hars\u00e1nyi L, Szij\u00e1rt\u00f3 A. Postconditioning: &#8222;Toll-erating&#8221; mesenteric ischemia-reperfusion injury? Surgery. 2017 Apr;161(4):1004-1015. <br \/>\n<strong>38.<\/strong> Lauber DT, F\u00fcl\u00f6p A, Kov\u00e1cs T, Szigeti K, M\u00e1th\u00e9 D, Szij\u00e1rt\u00f3 A. State of the art in vivo imaging techniques for laboratory animals. Lab Anim. 2017 Oct;51(5):465-478.<br \/>\n<strong>39.<\/strong> Budai A, Fulop A, Hahn O, Onody P, Kovacs T, Nemeth T, Dunay M, Szijarto A. Animal Models for Associating Liver Partition and Portal Vein Ligation for Staged Hepatectomy (ALPPS): Achievements and Future Perspectives. Eur Surg Res. 2017;58(3-4):140-157. <br \/>\n<strong>40.<\/strong> Kov\u00e1cs T, M\u00e1th\u00e9 D, F\u00fcl\u00f6p A, Jemnitz K, B\u00e1tai-Konczos A, Veres Z, T\u00f6r\u00f6k G, Veres DS, Horv\u00e1th I, Szigeti K, Homolya L, Szij\u00e1rt\u00f3 A. Functional shift with maintained regenerative potential following portal vein ligation. Sci Rep. 2017 Dec 22;7(1):18065. <br \/>\n<strong>41.<\/strong> Czigany Z, Bleilevens C, Beckers C, Stoppe C, M\u00f6hring M, F\u00fcl\u00f6p A, Szijarto A, Lurje G, Neumann UP, Tolba RH. Limb remote ischemic conditioning of the recipient protects the liver in a rat model of arterialized orthotopic liver transplantation. PLoS One. 2018 Apr 4;13(4):e0195507. <br \/>\n<strong>42.<\/strong> Kov\u00e1cs T, D\u00e9ri M, F\u00fcl\u00f6p A, P\u00e1lh\u00e1zy T, H\u00e1fra E, Sirok D, Kiss \u00c1F, Lotz G, Szij\u00e1rt\u00f3 A, Monostory K. Isoform-Dependent Changes in Cytochrome P450-Mediated Drug Metabolism after Portal Vein Ligation in the Rat. Eur Surg Res. 2018;59(5-6):301-319. <br \/>\n<strong>43.<\/strong> Tihanyi DK, Szijarto A, F\u00fcl\u00f6p A, Denecke B, Lurje G, Neumann UP, Czigany Z, Tolba R. Systematic Review on Characteristics and Reporting Quality of Animal Studies in Liver Regeneration Triggered by Portal Vein Occlusion and Associating Liver Partition and Portal Vein Ligation for Staged Hepatectomy: Adherence to the ARRIVE Guidelines. J Surg Res. 2019 Mar;235:578-590. <br \/>\n<strong>44.<\/strong> Budai A, Horv\u00e1th G, Tretter L, Rad\u00e1k Z, Koltai E, Bori Z, Torma F, Luk\u00e1ts \u00c1, R\u00f6hlich P, Szij\u00e1rt\u00f3 A, F\u00fcl\u00f6p A. Mitochondrial function after associating liver partition and portal vein ligation for staged hepatectomy in an experimental model. Br J Surg. 2019 Jan;106(1):120-131. <br \/>\n<strong>45.<\/strong> Fard-Aghaie MH, Budai A, Daradics N, Horvath G, Oldhafer KJ, Szijarto A, Fulop A. The effects of physical prehabilitation: Improved liver regeneration and mitochondrial function after ALPPS operation in a rodent model. J Hepatobiliary Pancreat Sci. 2021 Aug;28(8):692-702. <br \/>\n<strong>46.<\/strong> Daradics N, Olthof PB, Budai A, Heger M, van Gulik TM, Fulop A, Szijarto A. The Role of Farnesoid X Receptor in Accelerated Liver Regeneration in Rats Subjected to ALPPS. Curr Oncol. 2021 Dec 9;28(6):5240-5254. <br \/>\n<strong>47.<\/strong> Daradics N, Horvath G, Tretter L, Paal A, Fulop A, Budai A, Szijarto A. The effect of Cyclophilin D depletion on liver regeneration following associating liver partition and portal vein ligation for staged hepatectomy. PLoS One. 2022 Jul 14;17(7):e0271606. <br \/>\n<strong>48.<\/strong> Daradics N, Levay K, Horvath I, Kovacs N, Mathe D, Szigeti K, Szijarto A, Fulop A. Physical prehabilitation improves the postoperative outcome of associating liver partition and portal vein ligation for staged hepatectomy in experimental model. Sci Rep. 2022 Nov 14;12(1):19441.<\/p>\n<\/div>\n<\/div>\n<p>&nbsp;<\/p>\n","protected":false},"excerpt":{"rendered":"<p>B\u00fcszk\u00e9k vagyunk hallgat\u00f3ink sikereire, melyet az \u00e9vek bont\u00e1s\u00e1ban al\u00e1bb szeretn\u00e9nk bemutatni. \u00a0 \u00a0 2024-es eredm\u00e9nyeink: \u00a0 31. Marosv\u00e1s\u00e1rhelyi Tudom\u00e1nyos Di\u00e1kk\u00f6ri Konferencia C\u00edm: Testedz\u00e9s \u00e9s t\u00e1pl\u00e1l\u00e1ster\u00e1pia hat\u00e1sa az anastomosis gy\u00f3gyul\u00e1s\u00e1ra kis\u00e1llat modellben Szerz\u0151(k): Hendlein T\u00edmea Helga SE-\u00c1OK V., Varga Martin Dori\u00e1n SE-\u00c1OK V. T\u00e9mavezet\u0151(k): Dr. L\u00e9vay Kl\u00e1ra, Dr. F\u00fcl\u00f6p Andr\u00e1s Konferencia \u00e9ve, neve: 2024, 31. Marosv\u00e1s\u00e1rhelyi &hellip;<\/p>\n","protected":false},"author":363,"featured_media":0,"parent":0,"menu_order":5,"comment_status":"closed","ping_status":"closed","template":"","meta":{"_acf_changed":false,"footnotes":""},"categories":[],"tags":[],"class_list":["post-654","page","type-page","status-publish","hentry"],"acf":[],"_links":{"self":[{"href":"https:\/\/semmelweis.hu\/kiserletimuto\/wp-json\/wp\/v2\/pages\/654","targetHints":{"allow":["GET"]}}],"collection":[{"href":"https:\/\/semmelweis.hu\/kiserletimuto\/wp-json\/wp\/v2\/pages"}],"about":[{"href":"https:\/\/semmelweis.hu\/kiserletimuto\/wp-json\/wp\/v2\/types\/page"}],"author":[{"embeddable":true,"href":"https:\/\/semmelweis.hu\/kiserletimuto\/wp-json\/wp\/v2\/users\/363"}],"replies":[{"embeddable":true,"href":"https:\/\/semmelweis.hu\/kiserletimuto\/wp-json\/wp\/v2\/comments?post=654"}],"version-history":[{"count":11,"href":"https:\/\/semmelweis.hu\/kiserletimuto\/wp-json\/wp\/v2\/pages\/654\/revisions"}],"predecessor-version":[{"id":1729,"href":"https:\/\/semmelweis.hu\/kiserletimuto\/wp-json\/wp\/v2\/pages\/654\/revisions\/1729"}],"wp:attachment":[{"href":"https:\/\/semmelweis.hu\/kiserletimuto\/wp-json\/wp\/v2\/media?parent=654"}],"wp:term":[{"taxonomy":"category","embeddable":true,"href":"https:\/\/semmelweis.hu\/kiserletimuto\/wp-json\/wp\/v2\/categories?post=654"},{"taxonomy":"post_tag","embeddable":true,"href":"https:\/\/semmelweis.hu\/kiserletimuto\/wp-json\/wp\/v2\/tags?post=654"}],"curies":[{"name":"wp","href":"https:\/\/api.w.org\/{rel}","templated":true}]}}