{"id":20,"date":"2015-12-28T00:00:00","date_gmt":"2015-12-27T23:00:00","guid":{"rendered":"http:\/\/semmelweis.hu\/kiserletimuto\/aktiv-munkatarsaink\/"},"modified":"2024-02-20T11:17:33","modified_gmt":"2024-02-20T10:17:33","slug":"aktiv-munkatarsaink","status":"publish","type":"page","link":"https:\/\/semmelweis.hu\/kiserletimuto\/aktiv-munkatarsaink\/","title":{"rendered":"Akt\u00edv munkat\u00e1rsaink"},"content":{"rendered":"<h4><span style=\"text-decoration: underline\"><strong><img loading=\"lazy\" decoding=\"async\" class=\"size-medium wp-image-1622 alignleft\" src=\"https:\/\/semmelweis.hu\/kiserletimuto\/files\/2023\/03\/SzA-225x300.png\" alt=\"\" width=\"225\" height=\"300\" srcset=\"https:\/\/semmelweis.hu\/kiserletimuto\/files\/2023\/03\/SzA-225x300.png 225w, https:\/\/semmelweis.hu\/kiserletimuto\/files\/2023\/03\/SzA.png 500w\" sizes=\"auto, (max-width: 225px) 100vw, 225px\" \/><\/strong><\/span><strong>Prof. Dr. \u00a0Szij\u00e1rt\u00f3 Attila med. habil. Ph.D<\/strong><\/h4>\n<p>seb\u00e9sz szakorvos, egyetemi tan\u00e1r,<br \/>\na K\u00eds\u00e9rleti M\u0171t\u0151 szakmai vezet\u0151je, klinikaigazgat\u00f3<br \/>\nSeb\u00e9szeti, Transzplant\u00e1ci\u00f3s \u00e9s Gasztroenterol\u00f3giai Klinika<\/p>\n<hr \/>\n<h4><span style=\"text-decoration: underline\"><strong><img loading=\"lazy\" decoding=\"async\" class=\"size-medium wp-image-1620 alignleft\" src=\"https:\/\/semmelweis.hu\/kiserletimuto\/files\/2023\/03\/FA-225x300.png\" alt=\"\" width=\"225\" height=\"300\" srcset=\"https:\/\/semmelweis.hu\/kiserletimuto\/files\/2023\/03\/FA-225x300.png 225w, https:\/\/semmelweis.hu\/kiserletimuto\/files\/2023\/03\/FA.png 251w\" sizes=\"auto, (max-width: 225px) 100vw, 225px\" \/><\/strong><\/span><strong>Dr. F\u00fcl\u00f6p Andr\u00e1s Ph.D<\/strong><\/h4>\n<p>seb\u00e9sz szakorvos<br \/>\na K\u00eds\u00e9rleti M\u0171t\u0151 megb\u00edzott vezet\u0151je<\/p>\n<hr \/>\n<h4><span style=\"text-decoration: underline\"><strong><img loading=\"lazy\" decoding=\"async\" class=\"size-medium wp-image-1616 alignleft\" src=\"https:\/\/semmelweis.hu\/kiserletimuto\/files\/2023\/03\/LK-225x300.png\" alt=\"\" width=\"225\" height=\"300\" srcset=\"https:\/\/semmelweis.hu\/kiserletimuto\/files\/2023\/03\/LK-225x300.png 225w, https:\/\/semmelweis.hu\/kiserletimuto\/files\/2023\/03\/LK-768x1024.png 768w, https:\/\/semmelweis.hu\/kiserletimuto\/files\/2023\/03\/LK-1152x1536.png 1152w, https:\/\/semmelweis.hu\/kiserletimuto\/files\/2023\/03\/LK-1536x2048.png 1536w\" sizes=\"auto, (max-width: 225px) 100vw, 225px\" \/><\/strong><\/span><strong>Dr. L\u00e9vay Kl\u00e1ra<\/strong><\/h4>\n<p>PhD hallgat\u00f3 (fokozatszerz\u0151)<\/p>\n<hr \/>\n<h4><strong><img loading=\"lazy\" decoding=\"async\" class=\"wp-image-1712 alignleft\" src=\"https:\/\/semmelweis.hu\/kiserletimuto\/files\/2024\/02\/Szabina-768x1024.jpeg\" alt=\"\" width=\"222\" height=\"296\" srcset=\"https:\/\/semmelweis.hu\/kiserletimuto\/files\/2024\/02\/Szabina-768x1024.jpeg 768w, https:\/\/semmelweis.hu\/kiserletimuto\/files\/2024\/02\/Szabina-300x400.jpeg 300w, https:\/\/semmelweis.hu\/kiserletimuto\/files\/2024\/02\/Szabina-1152x1536.jpeg 1152w, https:\/\/semmelweis.hu\/kiserletimuto\/files\/2024\/02\/Szabina-1536x2048.jpeg 1536w, https:\/\/semmelweis.hu\/kiserletimuto\/files\/2024\/02\/Szabina-753x1004.jpeg 753w, https:\/\/semmelweis.hu\/kiserletimuto\/files\/2024\/02\/Szabina-scaled.jpeg 1920w\" sizes=\"auto, (max-width: 222px) 100vw, 222px\" \/>Dr. Kov\u00e1cs Szabina<\/strong><\/h4>\n<p>PhD hallgat\u00f3<\/p>\n<h4>\u00a0<\/h4>\n<h4>\u00a0<\/h4>\n<h4>\u00a0<\/h4>\n<h4>\u00a0<\/h4>\n<h4>\u00a0<\/h4>\n<h4><strong>TDK hallgat\u00f3ink<\/strong><\/h4>\n<p>Csiktusn\u00e1di-Kiss Kolos<br \/>\nHendlein T\u00edmea<br \/>\nK\u00e1rp\u00e1ti Krist\u00f3f<br \/>\nK\u00f3rodi Krist\u00f3f<br \/>\nVarga Martin<\/p>\n","protected":false},"excerpt":{"rendered":"<p>Prof. Dr. \u00a0Szij\u00e1rt\u00f3 Attila med. habil. Ph.D seb\u00e9sz szakorvos, egyetemi tan\u00e1r, a K\u00eds\u00e9rleti M\u0171t\u0151 szakmai vezet\u0151je, klinikaigazgat\u00f3 Seb\u00e9szeti, Transzplant\u00e1ci\u00f3s \u00e9s Gasztroenterol\u00f3giai Klinika Dr. F\u00fcl\u00f6p Andr\u00e1s Ph.D seb\u00e9sz szakorvos a K\u00eds\u00e9rleti M\u0171t\u0151 megb\u00edzott vezet\u0151je Dr. L\u00e9vay Kl\u00e1ra PhD hallgat\u00f3 (fokozatszerz\u0151) Dr. Kov\u00e1cs Szabina PhD hallgat\u00f3 \u00a0 \u00a0 \u00a0 \u00a0 \u00a0 TDK hallgat\u00f3ink Csiktusn\u00e1di-Kiss Kolos Hendlein T\u00edmea &hellip;<\/p>\n","protected":false},"author":102106,"featured_media":0,"parent":0,"menu_order":1,"comment_status":"closed","ping_status":"closed","template":"","meta":{"_acf_changed":false,"footnotes":""},"categories":[],"tags":[],"class_list":["post-20","page","type-page","status-publish","hentry"],"acf":[],"_links":{"self":[{"href":"https:\/\/semmelweis.hu\/kiserletimuto\/wp-json\/wp\/v2\/pages\/20","targetHints":{"allow":["GET"]}}],"collection":[{"href":"https:\/\/semmelweis.hu\/kiserletimuto\/wp-json\/wp\/v2\/pages"}],"about":[{"href":"https:\/\/semmelweis.hu\/kiserletimuto\/wp-json\/wp\/v2\/types\/page"}],"author":[{"embeddable":true,"href":"https:\/\/semmelweis.hu\/kiserletimuto\/wp-json\/wp\/v2\/users\/102106"}],"replies":[{"embeddable":true,"href":"https:\/\/semmelweis.hu\/kiserletimuto\/wp-json\/wp\/v2\/comments?post=20"}],"version-history":[{"count":12,"href":"https:\/\/semmelweis.hu\/kiserletimuto\/wp-json\/wp\/v2\/pages\/20\/revisions"}],"predecessor-version":[{"id":1709,"href":"https:\/\/semmelweis.hu\/kiserletimuto\/wp-json\/wp\/v2\/pages\/20\/revisions\/1709"}],"wp:attachment":[{"href":"https:\/\/semmelweis.hu\/kiserletimuto\/wp-json\/wp\/v2\/media?parent=20"}],"wp:term":[{"taxonomy":"category","embeddable":true,"href":"https:\/\/semmelweis.hu\/kiserletimuto\/wp-json\/wp\/v2\/categories?post=20"},{"taxonomy":"post_tag","embeddable":true,"href":"https:\/\/semmelweis.hu\/kiserletimuto\/wp-json\/wp\/v2\/tags?post=20"}],"curies":[{"name":"wp","href":"https:\/\/api.w.org\/{rel}","templated":true}]}}