{"id":1912,"date":"2019-05-22T09:40:39","date_gmt":"2019-05-22T09:40:39","guid":{"rendered":"http:\/\/test.semmelweis.hu\/kerpel\/?page_id=1912"},"modified":"2022-07-05T10:02:59","modified_gmt":"2022-07-05T08:02:59","slug":"dr-lenti-katalin","status":"publish","type":"page","link":"https:\/\/semmelweis.hu\/kerpel\/mentorok\/dr-lenti-katalin\/","title":{"rendered":"Dr. Lenti Katalin"},"content":{"rendered":"<p><strong>Dr. F\u00f6ldv\u00e1ri-Nagy L\u00e1szl\u00f3n\u00e9 Dr. Lenti Katalin<img loading=\"lazy\" decoding=\"async\" class=\"alignright\" src=\"http:\/\/www.kutdiak.hu\/wp-content\/uploads\/2020\/08\/Lenti_Kata_2020_medium.jpg\" alt=\"F\u00f6ldv\u00e1ri-Nagy L\u00e1szl\u00f3n\u00e9 Dr. Lenti Katalin\" width=\"301\" height=\"372\" \/><\/strong><\/p>\n<p>Dr. F\u00f6ldv\u00e1ri-Nagy L\u00e1szl\u00f3n\u00e9 Dr. Lenti Katalin<\/p>\n<p>Semmelweis Egyetem Eg\u00e9szs\u00e9gtudom\u00e1nyi Kar, Morfol\u00f3giai \u00e9s Fiziol\u00f3giai Tansz\u00e9k, f\u0151iskolai tan\u00e1r<\/p>\n<p>Semmelweis Egyetem Eg\u00e9szs\u00e9gtudom\u00e1nyi Doktori Iskola, Elm\u00e9leti \u00e9s preklinikai eg\u00e9szs\u00e9gtudom\u00e1nyok doktori program, programvezet\u0151<\/p>\n<p>Semmelweis Egyetem Eg\u00e9szs\u00e9gtudom\u00e1nyi Kar<\/p>\n<p>\u00a0&#8211; Tudom\u00e1nyos Di\u00e1kk\u00f6ri Tan\u00e1cs, eln\u00f6k<\/p>\n<p>\u00a0&#8211; Tehets\u00e9gtan\u00e1cs, eln\u00f6k<\/p>\n<p>\u00a0&#8211; Eg\u00e9szs\u00e9g\u00fcgyi tan\u00e1r MSc szak, szakfelel\u0151s<\/p>\n<p>(Oktatott t\u00e1rgyaim: \u00c9lettan-k\u00f3r\u00e9lettan, Hum\u00e1n\u00e9lettan, K\u00f3rtan, Biok\u00e9mia, \u00c9letfolyamatok molekul\u00e1ris mechanizmusai, Kutat\u00f3i attit\u0171dform\u00e1l\u00e1s \u00e9s szakmai kompetenciafejleszt\u00e9s I-II., Demonstr\u00e1torok a katedr\u00e1n, Szakm\u00f3dszertan)<\/p>\n<p>&nbsp;<\/p>\n<p>Iskolai v\u00e9gzetts\u00e9g:<\/p>\n<p>K\u00f6zoktat\u00e1svezet\u0151i \u00e9s pedag\u00f3gus szakvizsg\u00e1val z\u00e1rul\u00f3 szakir\u00e1ny\u00fa v\u00e9gzetts\u00e9g (2008)<\/p>\n<p>ELTE TTK Doktori iskola, PhD. Biol\u00f3gia Tudom\u00e1ny (2005)<\/p>\n<p>ELTE TTK Biol\u00f3gia-k\u00e9mia szakos k\u00f6z\u00e9piskolai tan\u00e1r (1998)<\/p>\n<p>ELTE TTK Okleveles biol\u00f3gus (1997)<\/p>\n<p>Kutat\u00f3 munka:<\/p>\n<p>ORCID: 0000-0002-1252-822X, Scopus ID: 6506517470, ResearchGate: Katalin_Lenti<\/p>\n<p>&nbsp;<\/p>\n<p>Gasztrointesztin\u00e1lis k\u00f3rk\u00e9pek \u00e9s mikrobiom vizsg\u00e1lata (2018-t\u00f3l)<\/p>\n<p>De Quervain-f\u00e9le tendinop\u00e1tia vizsg\u00e1lata \u00e9s kezel\u00e9si lehet\u0151s\u00e9gei (2017-t\u0151l)<\/p>\n<p>H\u00e1l\u00f3zatos rendszerek vizsg\u00e1lata (2008-t\u00f3l)<\/p>\n<p>Idegrendszeri \u00e9retlens\u00e9g m\u00e9rt\u00e9ke a tanul\u00f3k k\u00f6r\u00e9ben a k\u00f6zoktat\u00e1s minden szintj\u00e9n, a fejleszt\u00e9si lehet\u0151s\u00e9gek (2008-2019)<\/p>\n<p>K\u00f6z\u00e9piskolai di\u00e1kok TUDOK konferencia megjelen\u00e9s \u00e9s helyez\u00e9s, egyetemi hallgat\u00f3k TDK-OTDK el\u0151ad\u00e1sok, helyez\u00e9sek, n\u00edv\u00f3 d\u00edj, k\u00fcl\u00f6nd\u00edj, rektori p\u00e1lyamunka helyezett, doktoranduszok\u00a0 t\u00e9mavezet\u00e9s.<\/p>\n<p>&nbsp;<\/p>\n","protected":false},"excerpt":{"rendered":"<p>Dr. F\u00f6ldv\u00e1ri-Nagy L\u00e1szl\u00f3n\u00e9 Dr. Lenti Katalin Dr. F\u00f6ldv\u00e1ri-Nagy L\u00e1szl\u00f3n\u00e9 Dr. Lenti Katalin Semmelweis Egyetem Eg\u00e9szs\u00e9gtudom\u00e1nyi Kar, Morfol\u00f3giai \u00e9s Fiziol\u00f3giai Tansz\u00e9k, f\u0151iskolai tan\u00e1r Semmelweis Egyetem Eg\u00e9szs\u00e9gtudom\u00e1nyi Doktori Iskola, Elm\u00e9leti \u00e9s preklinikai eg\u00e9szs\u00e9gtudom\u00e1nyok doktori program, programvezet\u0151 Semmelweis Egyetem Eg\u00e9szs\u00e9gtudom\u00e1nyi Kar \u00a0&#8211; Tudom\u00e1nyos Di\u00e1kk\u00f6ri Tan\u00e1cs, eln\u00f6k \u00a0&#8211; Tehets\u00e9gtan\u00e1cs, eln\u00f6k \u00a0&#8211; Eg\u00e9szs\u00e9g\u00fcgyi tan\u00e1r MSc szak, szakfelel\u0151s (Oktatott t\u00e1rgyaim: \u00c9lettan-k\u00f3r\u00e9lettan, &hellip;<\/p>\n","protected":false},"author":158,"featured_media":0,"parent":1028,"menu_order":11,"comment_status":"closed","ping_status":"closed","template":"","meta":{"_acf_changed":false,"footnotes":""},"categories":[],"tags":[],"class_list":["post-1912","page","type-page","status-publish","hentry"],"acf":[],"_links":{"self":[{"href":"https:\/\/semmelweis.hu\/kerpel\/wp-json\/wp\/v2\/pages\/1912","targetHints":{"allow":["GET"]}}],"collection":[{"href":"https:\/\/semmelweis.hu\/kerpel\/wp-json\/wp\/v2\/pages"}],"about":[{"href":"https:\/\/semmelweis.hu\/kerpel\/wp-json\/wp\/v2\/types\/page"}],"author":[{"embeddable":true,"href":"https:\/\/semmelweis.hu\/kerpel\/wp-json\/wp\/v2\/users\/158"}],"replies":[{"embeddable":true,"href":"https:\/\/semmelweis.hu\/kerpel\/wp-json\/wp\/v2\/comments?post=1912"}],"version-history":[{"count":3,"href":"https:\/\/semmelweis.hu\/kerpel\/wp-json\/wp\/v2\/pages\/1912\/revisions"}],"predecessor-version":[{"id":3169,"href":"https:\/\/semmelweis.hu\/kerpel\/wp-json\/wp\/v2\/pages\/1912\/revisions\/3169"}],"up":[{"embeddable":true,"href":"https:\/\/semmelweis.hu\/kerpel\/wp-json\/wp\/v2\/pages\/1028"}],"wp:attachment":[{"href":"https:\/\/semmelweis.hu\/kerpel\/wp-json\/wp\/v2\/media?parent=1912"}],"wp:term":[{"taxonomy":"category","embeddable":true,"href":"https:\/\/semmelweis.hu\/kerpel\/wp-json\/wp\/v2\/categories?post=1912"},{"taxonomy":"post_tag","embeddable":true,"href":"https:\/\/semmelweis.hu\/kerpel\/wp-json\/wp\/v2\/tags?post=1912"}],"curies":[{"name":"wp","href":"https:\/\/api.w.org\/{rel}","templated":true}]}}