{"id":1475,"date":"2018-01-03T08:52:11","date_gmt":"2018-01-03T07:52:11","guid":{"rendered":"http:\/\/semmelweis.hu\/radiologia\/?page_id=1475"},"modified":"2026-02-11T12:34:29","modified_gmt":"2026-02-11T11:34:29","slug":"uh-tanfolyam","status":"publish","type":"page","link":"https:\/\/semmelweis.hu\/kepalkotas\/oktatas\/postgradualis-oktatas\/uh-tanfolyam\/","title":{"rendered":"Ultrahang alaptanfolyam"},"content":{"rendered":"<h1>Ultrahang diagnosztikai alaptanfolyam<\/h1>\n<p>Tisztelt Jelentkez\u0151! K\u00f6sz\u00f6nj\u00fck \u00e9rdekl\u0151d\u00e9s\u00e9t az\u00a0<b>Ultrahang diagnosztikai<\/b>\u00a0\u00a0tanfolyamunk ir\u00e1nt.<\/p>\n<div><b><u data-olk-copy-source=\"MessageBody\">2026 augusztus 24-28.<\/u><\/b><\/div>\n<div>5 nap \u2013 elm\u00e9let \u00e9s gyakorlat<\/div>\n<div>\u00a0<\/div>\n<div>\n<div><span data-olk-copy-source=\"MessageBody\">El\u0151ad\u00e1sok helysz\u00edne: Semmelweis Egyetem<\/span><br \/>\nBelgy\u00f3gy\u00e1szati \u00e9s Onkol\u00f3giai Klinika,\u00a0tanterem<br \/>\n<i>1083 Budapest, Kor\u00e1nyi S\u00e1ndor u. 2\/a<\/i><br \/>\nGyakorlatok helysz\u00edne: Semmelweis Egyetem<br \/>\nOrvosi K\u00e9palkot\u00f3 Klinika UH r\u00e9szleg<br \/>\n<i>1083 Budapest, Kor\u00e1nyi S\u00e1ndor u. 2\/a<\/i><\/div>\n<div>Tanfolyam c\u00e9lcsoportja: radiol\u00f3gus rezidensek, szakorvos-jel\u00f6ltek, radiol\u00f3gus szakorvosok, radiol\u00f3gia, nukle\u00e1ris medicina<\/p>\n<p>Tanfolyam szervez\u0151: SE Orvosi K\u00e9palkot\u00f3 Klinika, az MRT Ultrahang Szekci\u00f3 t\u00e1mogat\u00e1s\u00e1val<\/p>\n<p>Szervez\u00e9s\u00e9rt felel\u0151s: Dr. habil. T\u00e1rnoki D\u00e1vid L\u00e1szl\u00f3, Dr. habil. T\u00e1rnoki \u00c1d\u00e1m Domonkos, Dr. Gy\u0151ri Gabriella<\/p><\/div>\n<p>&nbsp;<\/p>\n<p>Jelentkez\u0151k sz\u00e1ma: minimum 35, maximum 60 f\u0151<\/p>\n<div>Regisztr\u00e1ci\u00f3: Online \u00e9s Oftexen kereszt\u00fcl is sz\u00fcks\u00e9ges!<\/div>\n<div><span data-olk-copy-source=\"MessageBody\">SE-SZTOK\/2025.II\/00054<\/span><\/div>\n<div>&#8212;&#8212;&#8212;&#8212;&#8212;-<\/div>\n<div>online \u0171rlap (<a id=\"OWA219e40e3-b960-0bc2-e0a6-0bcb41fbe4f2\" href=\"https:\/\/forms.gle\/p95Eyt3KuyXmcvPj9\" rel=\"noopener noreferrer\">https:\/\/forms.gle\/p95Eyt3KuyXmcvPj9<\/a>)<\/div>\n<div>\u00a0<\/div>\n<\/div>\n<div>\n<div class=\"fontos_div\">\n<p><strong>Jelentkez\u00e9si hat\u00e1rid\u0151: 2026.05.31. \u00e9jf\u00e9l<\/strong><\/p>\n<\/div>\n<p>Tanfolyam d\u00edja: 70.000 Ft, melyet Semmelweis Egyetem szab\u00e1lyzata alapj\u00e1n az egyetem sz\u00e1mlasz\u00e1m\u00e1ra sz\u00fcks\u00e9ges el\u0151re befizetni.<\/p>\n<div class=\"fontos_div\"><strong><span style=\"font-size: 18pt\">A r\u00e9szv\u00e9teli d\u00edj befizet\u00e9s\u00e9nek lehets\u00e9ges m\u00f3djai:<\/span><\/strong><br aria-hidden=\"true\" \/><\/p>\n<p>&nbsp;<\/p>\n<p>K\u00e9rj\u00fck, olvassa el figyelmesen az al\u00e1bbi t\u00e1j\u00e9koztat\u00f3t, mely a tanfolyam d\u00edj befizet\u00e9s r\u00e9szleteit tartalmazza.<\/p>\n<p>&nbsp;<\/p>\n<p><strong><u>Nyilatkozat a tanfolyam d\u00edj\u00e1nak megfizet\u00e9s\u00e9r\u0151l (Ki fizeti a d\u00edjat?)<\/u><\/strong><\/p>\n<p>Azon szem\u00e9ly,<\/p>\n<p>&#8211; akin\u00e9l<strong> int\u00e9zm\u00e9ny viseli (saj\u00e1t Egyetem, Orvosi Kamara, saj\u00e1t c\u00e9g\u2026stb.) a tanfolyam k\u00f6lts\u00e9geit<\/strong>, k\u00e9rj\u00fck, hogy a <a href=\"https:\/\/semmelweis.hu\/kepalkotas\/files\/Koltsegatvallaloi-nyilatkozat.docx\">K\u00f6lts\u00e9g\u00e1tv\u00e1llal\u00f3i nyilatkozat<\/a> &#8211;<strong><em>ot<\/em>; <\/strong>&#8211; aki<strong> \u00f6nk\u00f6lts\u00e9gesen (saj\u00e1t maga, mint mag\u00e1nszem\u00e9ly fizeti) vesz r\u00e9szt<\/strong> a k\u00e9pz\u00e9sen a mell\u00e9kelt <strong><em><a href=\"https:\/\/semmelweis.hu\/kepalkotas\/files\/Maganyszemely-szamlaigenylo-formanyomtatvany.docx\">Mag\u00e1nyszem\u00e9ly sz\u00e1mlaig\u00e9nyl\u0151 formanyomtatv\u00e1ny<\/a><\/em><\/strong> -t k\u00e9k tollal olvashat\u00f3an kit\u00f6ltve a gazdas\u00e1gi irodavezet\u0151 Asszony r\u00e9sz\u00e9re a <b><u><a id=\"OWAb559e094-5134-d9e2-6ccd-4de2f0dacb18\" class=\"x_OWAAutoLink\" href=\"mailto:farkas.eva@semmelweis.hu\">farkas.eva@semmelweis.hu<\/a><\/u><\/b> e-mail c\u00edmre, tov\u00e1bb\u00e1 \u00fcgyint\u00e9z\u0151inknek a\u00a0 <a href=\"mailto:karacsony.gabriella@semmelweis.hu\">karacsony.gabriella@semmelweis.hu<\/a> <a href=\"mailto:szagos.viktoria@semmelweis.hu\">szagos.viktoria@semmelweis.hu<\/a> c\u00edmekre megk\u00fcldeni sz\u00edveskedj\u00e9k.<\/p>\n<p>&nbsp;<\/p>\n<p><strong><u>Az esetleges adatm\u00f3dos\u00edt\u00e1sok kezel\u00e9se<\/u><\/strong><\/p>\n<p>Az OFTEX fel\u00fcleten megadott sz\u00e1ml\u00e1z\u00e1si adatokat k\u00e9rj\u00fck, hogy ellen\u0151rizze, sz\u00fcks\u00e9g eset\u00e9n a sz\u00e1ml\u00e1z\u00e1si adatok m\u00f3dos\u00edt\u00e1s\u00e1r\u00f3l emailen visszajelezni sz\u00edveskedjen.<\/p>\n<p>&nbsp;<\/p>\n<p><b><u>A befizet\u00e9s igazol\u00e1sa<\/u><\/b><\/p>\n<div class=\"x_elementToProof\">A tanfolyamon val\u00f3 r\u00e9szv\u00e9tel felt\u00e9tele a tanfolyam d\u00edj\u00e1nak rendez\u00e9se, \u00e9s az igazol\u00f3 dokumentum megk\u00fcld\u00e9se.<\/div>\n<div class=\"x_elementToProof\">\u00a0<\/div>\n<div class=\"x_elementToProof\">Fizet\u00e9ssel kapcsolatos k\u00e9rd\u00e9sekkel kapcsolatban keress\u00e9k Farkas \u00c9va gazdas\u00e1gi irodavezet\u0151 Asszonyt a\u00a0<u><a id=\"OWA4bb7e1c1-ec18-fe07-3a98-228bb49daf9e\" class=\"x_OWAAutoLink\" href=\"mailto:farkas.eva@semmelweis.hu\">farkas.eva@semmelweis.hu<\/a><\/u>\u00a0e-mail c\u00edmen, tov\u00e1bb\u00e1 p\u00e9nz\u00fcgyi \u00fcgyint\u00e9z\u0151ink\u00a0 Kar\u00e1csony Gabriell\u00e1t \u00e9s Sz\u0171csn\u00e9 Sz\u00e1gos Vikt\u00f3ri\u00e1t a\u00a0<u><a id=\"OWAdfd4d4c0-813f-3fa5-6e70-fe963428870b\" class=\"x_OWAAutoLink\" href=\"mailto:karacsony.gabriella@semmelweis.hu\">karacsony.gabriella@semmelweis.hu<\/a><\/u><u>\u00a0<\/u>valamint\u00a0<u><a id=\"OWA67a8af1a-0829-b4ca-796b-cb15469e9c93\" class=\"x_OWAAutoLink\" href=\"mailto:szagos.viktoria@semmelweis.hu\">szagos.viktoria@semmelweis.hu<\/a><\/u><u>\u00a0<\/u>e-mail c\u00edmen.<\/div>\n<div class=\"x_elementToProof\">Az utal\u00e1st igazol\u00f3 banki bizonylatot szint\u00e9n a fent megadott gazdas\u00e1gi iroda vezet\u0151 Asszony \u00e9s p\u00e9nz\u00fcgyi \u00fcgyint\u00e9z\u0151k r\u00e9sz\u00e9re sz\u00edveskedjenek megk\u00fcldeni.<\/div>\n<div class=\"x_elementToProof\">Befizet\u00e9si \u00e9s a bizonylat megk\u00fcld\u00e9s\u00e9nek hat\u00e1rideje a tanfolyam kezdete el\u0151tt egy h\u00e9ttel.<\/div>\n<div class=\"x_elementToProof\" aria-hidden=\"true\">\u00a0<\/div>\n<div class=\"x_elementToProof\">A tanfolyammal kapcsolatos elm\u00e9leti k\u00e9rd\u00e9sekkel kapcsolatban az\u00a0<u><a id=\"OWA522af19e-bf1e-d6d3-f9af-678a1fc166d7\" class=\"x_OWAAutoLink\" href=\"mailto:okk.oktatas@semmelweis.hu\">okk.oktatas@semmelweis.hu<\/a><\/u>\u00a0e-mail c\u00edmen tudnak \u00e9rdekl\u0151dni Ma\u00e1r-Sipos Edina tanulm\u00e1nyi szak\u00e9rt\u0151 \u00e9s Csorba Regina tanulm\u00e1nyi \u00fcgyint\u00e9z\u0151n\u00e9l.&#8221;<\/div>\n<p>K\u00e9rj\u00fck sz\u00e9pen, hogy a tanfolyam kezdete el\u0151tt legal\u00e1bb 1 munkanappal rendezze a tanfolyam d\u00edj\u00e1t \u00e9s <strong>a befizet\u00e9si bizonylatot a tanfolyam kezdete el\u0151tti munkanap 12:00 \u00f3r\u00e1ig k\u00fcldje meg<\/strong>, tekintettel arra, hogy hozz\u00e1f\u00e9r\u00e9st csak azok sz\u00e1m\u00e1ra tudunk biztos\u00edtani, akik teljes\u00edtett\u00e9k azt.<\/p>\n<p>&nbsp;<\/p>\n<\/div>\n<\/div>\n<p><strong>LEMOND\u00c1ST 2026.08.19-IG TUDUNK ELFOGADNI. MEG\u00c9RT\u00c9S\u00dcKET K\u00d6SZ\u00d6NJ\u00dcK!\u00a0<\/strong><\/p>\n<div dir=\"ltr\">\n<div>\n<div>\n<div dir=\"ltr\">\n<div>\n<div>\u00a0<\/div>\n<\/div>\n<\/div>\n<\/div>\n<\/div>\n<\/div>\n<div dir=\"ltr\">\n<div><strong>El\u0151zetes program:\u00a0<\/strong><\/div>\n<div><a href=\"https:\/\/semmelweis.hu\/kepalkotas\/files\/UH-tanfolyam-program-elozetes-2026_honlapra.pdf\">UH tanfolyam program elozetes 2026_honlapra<\/a><\/div>\n<\/div>\n<div>\u00a0<\/div>\n<div>Let\u00f6lthet\u0151 \/ megtekinthet\u0151 el\u0151ad\u00e1s anyagok<\/div>\n<div>\u00a0<\/div>\n<div><span id=\"sample-permalink\"><a href=\"https:\/\/semmelweis.hu\/kepalkotas\/oktatas\/postgradualis-oktatas\/uh-tanfolyam\/eloadas-kivonatok-uh-2026\/\">https:\/\/semmelweis.hu\/kepalkotas\/oktatas\/postgradualis-oktatas\/uh-tanfolyam\/<span id=\"editable-post-name\">eloadas-kivonatok-uh-2026<\/span>\/<\/a><\/span><\/div>\n<div dir=\"ltr\">\n<div>\u00a0<\/div>\n<div>a v\u00e1ltoz\u00e1s jog\u00e1t fenntartjuk!<\/div>\n<div>\u00a0<\/div>\n<div><strong>Kontakt:<\/strong><\/p>\n<div><span data-olk-copy-source=\"MessageBody\">Kontakt:<\/span><\/div>\n<div>Dr. med. habil. T\u00e1rnoki D\u00e1vid L\u00e1szl\u00f3<br \/>\nSE Orvosi K\u00e9palkot\u00f3 Klinika kor\u00e1bbi ultrahang r\u00e9szlegvezet\u0151<br \/>\nEmail:\u00a0<a id=\"OWA4efd6c37-7831-2953-2f90-83c08a42b7be\" href=\"mailto:tarnoki4@gmail.com\">tarnoki.david@<\/a>semmelweis.hu<br \/>\nDr. Gy\u0151ri Gabriella<br \/>\nSE Orvosi K\u00e9palkot\u00f3 Klinika r\u00e9szlegvezet\u0151<br \/>\nEmail:\u00a0<a id=\"OWAd2b0b623-c831-279a-deec-1c13f5f97d43\" href=\"mailto:gyoriga@gmail.com\">gyoriga@gmail.com<\/a><\/div>\n<\/div>\n<div>\u00a0<\/div>\n<\/div>\n<p><a href=\"https:\/\/semmelweis.hu\/kepalkotas\/oktatas\/postgradualis-oktatas\/uh-tanfolyam\/eloadas-kivonatok-uh\/\">El\u0151ad\u00e1s kivonatok<\/a><\/p>\n<p>&nbsp;<\/p>\n<p><span style=\"font-size: 1rem\"><strong>AJ\u00c1NLOTT K\u00d6NYVEK<\/strong> \u00a0 <\/span><\/p>\n<ul>\n<li><span style=\"font-size: 1rem\">Hark\u00e1nyi Zolt\u00e1n &#8211; Morvay Zita: Ultraszonogr\u00e1fia &#8211; +dvd, Minerva, 2006 <br \/>\n<\/span><\/li>\n<li><span style=\"font-size: 1rem\">Hark\u00e1nyi Zolt\u00e1n &#8211; Morvay Zita (szerkeszt\u0151k): Hogyan vizsg\u00e1ljunk ultrahanggal? Medicina, 2015 (<\/span><a href=\"https:\/\/www.medicina-kiado.hu\/kiadvanyaink\/szak-es-tankonyvek\/kepalkotas\/hogyan-vizsgaljunk-ultrahanggal-\/\">https:\/\/www.medicina-kiado.hu\/kiadvanyaink\/szak-es-tankonyvek\/kepalkotas\/hogyan-vizsgaljunk-ultrahanggal-\/<\/a><span style=\"font-size: 1rem\">) <br \/>\n<\/span><\/li>\n<li><span style=\"font-size: 1rem\">Richter P\u00e9ter: Az ultrahang k\u00e9palkot\u00e1s alapelemei \u00e9s \u00f6sszef\u00fcgg\u00e9sei Medicina, 2013 (<\/span><a href=\"https:\/\/univgyor.hu\/egeszsegugy\/9786156491213-az-ultrahang-kepalkotas-alapelemei-es-osszefuggesei\">https:\/\/univgyor.hu\/egeszsegugy\/9786156491213-az-ultrahang-kepalkotas-alapelemei-es-osszefuggesei<\/a><span style=\"font-size: 1rem\">) <br \/>\n<\/span><\/li>\n<li><span style=\"font-size: 1rem\">Palk\u00f3 A. &#8211; Szarvas F. &#8211; Lonovics J. T\u00fcnetorient\u00e1lt klinikoradiol\u00f3gia, Medicina, 2015 (<\/span><a href=\"https:\/\/www.medicina-kiado.hu\/kiadvanyaink\/szak-es-tankonyvek\/kepalkotas\/tunetorientalt-klinikoradiologia\/\">https:\/\/www.medicina-kiado.hu\/kiadvanyaink\/szak-es-tankonyvek\/kepalkotas\/tunetorientalt-klinikoradiologia\/<\/a><span style=\"font-size: 1rem\">) <br \/>\n<\/span><\/li>\n<li><span style=\"font-size: 1rem\">Karlinger Kinga: Radiol\u00f3gia a gyakorlatban \u2013 Hogyan k\u00e9sz\u00fcl? Nevezz\u00fck nev\u00e9n! Semmelweis Kiad\u00f3, 2013 (<\/span><a href=\"https:\/\/www.semmelweiskiado.hu\/termek\/546\/radiologia-a-gyakorlatban-hogyan-keszul-nevezzuk-neven\">https:\/\/www.semmelweiskiado.hu\/termek\/546\/radiologia-a-gyakorlatban-hogyan-keszul-nevezzuk-neven<\/a><span style=\"font-size: 1rem\">)\u00a0\u00a0<\/span><\/li>\n<\/ul>\n<p>&nbsp;<\/p>\n","protected":false},"excerpt":{"rendered":"<p>Ultrahang diagnosztikai alaptanfolyam Tisztelt Jelentkez\u0151! K\u00f6sz\u00f6nj\u00fck \u00e9rdekl\u0151d\u00e9s\u00e9t az\u00a0Ultrahang diagnosztikai\u00a0\u00a0tanfolyamunk ir\u00e1nt. 2026 augusztus 24-28. 5 nap \u2013 elm\u00e9let \u00e9s gyakorlat \u00a0 El\u0151ad\u00e1sok helysz\u00edne: Semmelweis Egyetem Belgy\u00f3gy\u00e1szati \u00e9s Onkol\u00f3giai Klinika,\u00a0tanterem 1083 Budapest, Kor\u00e1nyi S\u00e1ndor u. 2\/a Gyakorlatok helysz\u00edne: Semmelweis Egyetem Orvosi K\u00e9palkot\u00f3 Klinika UH r\u00e9szleg 1083 Budapest, Kor\u00e1nyi S\u00e1ndor u. 2\/a Tanfolyam c\u00e9lcsoportja: radiol\u00f3gus rezidensek, szakorvos-jel\u00f6ltek, radiol\u00f3gus &hellip;<\/p>\n","protected":false},"author":142,"featured_media":0,"parent":2194,"menu_order":2,"comment_status":"closed","ping_status":"closed","template":"","meta":{"_acf_changed":false,"footnotes":""},"categories":[],"tags":[],"class_list":["post-1475","page","type-page","status-publish","hentry"],"acf":[],"_links":{"self":[{"href":"https:\/\/semmelweis.hu\/kepalkotas\/wp-json\/wp\/v2\/pages\/1475","targetHints":{"allow":["GET"]}}],"collection":[{"href":"https:\/\/semmelweis.hu\/kepalkotas\/wp-json\/wp\/v2\/pages"}],"about":[{"href":"https:\/\/semmelweis.hu\/kepalkotas\/wp-json\/wp\/v2\/types\/page"}],"author":[{"embeddable":true,"href":"https:\/\/semmelweis.hu\/kepalkotas\/wp-json\/wp\/v2\/users\/142"}],"replies":[{"embeddable":true,"href":"https:\/\/semmelweis.hu\/kepalkotas\/wp-json\/wp\/v2\/comments?post=1475"}],"version-history":[{"count":12,"href":"https:\/\/semmelweis.hu\/kepalkotas\/wp-json\/wp\/v2\/pages\/1475\/revisions"}],"predecessor-version":[{"id":4548,"href":"https:\/\/semmelweis.hu\/kepalkotas\/wp-json\/wp\/v2\/pages\/1475\/revisions\/4548"}],"up":[{"embeddable":true,"href":"https:\/\/semmelweis.hu\/kepalkotas\/wp-json\/wp\/v2\/pages\/2194"}],"wp:attachment":[{"href":"https:\/\/semmelweis.hu\/kepalkotas\/wp-json\/wp\/v2\/media?parent=1475"}],"wp:term":[{"taxonomy":"category","embeddable":true,"href":"https:\/\/semmelweis.hu\/kepalkotas\/wp-json\/wp\/v2\/categories?post=1475"},{"taxonomy":"post_tag","embeddable":true,"href":"https:\/\/semmelweis.hu\/kepalkotas\/wp-json\/wp\/v2\/tags?post=1475"}],"curies":[{"name":"wp","href":"https:\/\/api.w.org\/{rel}","templated":true}]}}