{"id":14089,"date":"2014-10-21T11:49:36","date_gmt":"2014-10-21T09:49:36","guid":{"rendered":"https:\/\/semmelweis.hu\/kanizsaidorottya\/?page_id=14089"},"modified":"2024-09-11T09:31:54","modified_gmt":"2024-09-11T07:31:54","slug":"diak-onkor","status":"publish","type":"page","link":"https:\/\/semmelweis.hu\/kanizsaidorottya\/iskolankrol\/diak-onkor\/","title":{"rendered":"Di\u00e1k\u00f6nkorm\u00e1nyzat"},"content":{"rendered":"<p>A Di\u00e1k\u00f6nkorm\u00e1nyzat sz\u00e9lesk\u00f6r\u0171 feladatokat l\u00e1t el az iskol\u00e1ban. \u00a0<\/p>\n<p><strong>Feladataink:<\/strong><\/p>\n<ul>\n<li>Tanul\u00f3i \u00e9rdekv\u00e9delem,<\/li>\n<li>Iskolai rendezv\u00e9nyek lebonyol\u00edt\u00e1s\u00e1nak seg\u00edt\u00e9se<\/li>\n<li>Szabadid\u0151s tev\u00e9kenys\u00e9g szervez\u00e9se,<\/li>\n<li>Saj\u00e1t rendezv\u00e9nyeinek felel\u0151s megszervez\u00e9se (Mikul\u00e1s, Dorottya nap, Kanizsai napok, \u00a0 \u00a0 \u00a0 \u00a0 \u00a0 \u00a0Pedag\u00f3gusnap),<\/li>\n<li>Az iskola di\u00e1k\u00f6nkorm\u00e1nyzat\u00e1nak k\u00e9pviselete v\u00e1rosi szint\u0171 rendezv\u00e9nyeken. \u00a0<\/li>\n<\/ul>\n<p>A di\u00e1k\u00f6nkorm\u00e1nyzat a jogszab\u00e1lyokban megfogalmazott jogk\u00f6r\u00f6kkel rendelkezik, tev\u00e9kenys\u00e9g\u00fcket saj\u00e1t szervezeti \u00e9s m\u0171k\u00f6d\u00e9si szab\u00e1lyzatuk szerint folytatj\u00e1k. A di\u00e1k\u00f6nkorm\u00e1nyzat fel\u00e9p\u00edt\u00e9s\u00e9t \u00e9s m\u0171k\u00f6d\u00e9si rendj\u00e9t, kapcsolattart\u00e1suk rendj\u00e9t a H\u00e1zirend \u00e9s a saj\u00e1t szervezeti \u00e9s m\u0171k\u00f6d\u00e9si szab\u00e1lyzatuk tartalmazza. Havonta egy alkalommal \u00fcl\u00e9sez\u00fcnk, illetve az aktu\u00e1lis feladatok f\u00fcggv\u00e9ny\u00e9ben. Minden tan\u00e9vkezd\u00e9skor r\u00e9szt vesz\u00fcnk a v\u00e1rosi Tan\u00e9vnyit\u00f3 fesztiv\u00e1lon. \u00a0<\/p>\n<p>Di\u00e1k\u00f6nkorm\u00e1nyzat feln\u0151tt seg\u00edt\u0151je :\u00a0 Par\u00f3czai Judit<br \/>Di\u00e1k\u00f6nkorm\u00e1nyzat di\u00e1k vezet\u0151je : Horny\u00e1k Hanna Csenge<br \/>Di\u00e1k\u00f6nkorm\u00e1nyzat vezet\u0151 helyettesek : Ant\u00f3ni Csenge Mira ,Vass Elizabet<br \/>Di\u00e1k\u00f6nkorm\u00e1nyzat titk\u00e1ra : Ol\u00e1h Orsolya D\u00f6niz<\/p>\n<p>&nbsp;<\/p>\n<p>Di\u00e1k\u00f6nkorm\u00e1nyzati \u00fcl\u00e9sek id\u0151pontja :\u00a0 szerda 5. \u00f3ra ut\u00e1ni sz\u00fcnet <br \/>minden h\u00f3napban egy alkalommal, illetve az aktu\u00e1lis feladatok f\u00fcggv\u00e9ny\u00e9ben<\/p>\n<p>Az\u00a0 oszt\u00e1lyok k\u00e9pvisel\u0151i :<\/p>\n<table style=\"width: 74.4326%;height: 354px\" border=\"1\" cellspacing=\"0\" cellpadding=\"0\">\n<tbody>\n<tr style=\"height: 51px\">\n<td style=\"height: 51px;width: 33.3333%\" valign=\"top\" width=\"201\">\n<p>9.a<\/p>\n<\/td>\n<td style=\"height: 51px;width: 33.6043%\" valign=\"top\" width=\"201\">\n<p>Danyik\u00f3 Hanna<\/p>\n<\/td>\n<td style=\"height: 51px;width: 33.0623%\" valign=\"top\" width=\"201\">\n<p>R\u00f3th Szonja<\/p>\n<\/td>\n<\/tr>\n<tr style=\"height: 10px\">\n<td style=\"height: 10px;width: 33.3333%\" valign=\"top\" width=\"201\">\n<p>1\/9.Am<\/p>\n<\/td>\n<td style=\"height: 10px;width: 33.6043%\" valign=\"top\" width=\"201\">\n<p>Ajtai Zs\u00fcliett<\/p>\n<\/td>\n<td style=\"height: 10px;width: 33.0623%\" valign=\"top\" width=\"201\">\n<p>Sz\u00e9ll Vencel<\/p>\n<\/td>\n<\/tr>\n<tr style=\"height: 10px\">\n<td style=\"height: 10px;width: 33.3333%\" valign=\"top\" width=\"201\">\n<p>10.a<\/p>\n<\/td>\n<td style=\"height: 10px;width: 33.6043%\" valign=\"top\" width=\"201\">\n<p>Ol\u00e1h Csaba<\/p>\n<\/td>\n<td style=\"height: 10px;width: 33.0623%\" valign=\"top\" width=\"201\">\n<p>Ol\u00e1h Dzsesszika R\u00f3zsa<\/p>\n<\/td>\n<\/tr>\n<tr style=\"height: 51px\">\n<td style=\"height: 51px;width: 33.3333%\" valign=\"top\" width=\"201\">\n<p>2\/10.Am<\/p>\n<\/td>\n<td style=\"height: 51px;width: 33.6043%\" valign=\"top\" width=\"201\">\n<p>Cs\u00edk Fruzsina<\/p>\n<\/td>\n<td style=\"height: 51px;width: 33.0623%\" valign=\"top\" width=\"201\">\n<p>Danyik\u00f3 Di\u00e1na<\/p>\n<\/td>\n<\/tr>\n<tr style=\"height: 39px\">\n<td style=\"height: 39px;width: 33.3333%\" valign=\"top\" width=\"201\">\n<p>11.a<\/p>\n<\/td>\n<td style=\"height: 39px;width: 33.6043%\" valign=\"top\" width=\"201\">\n<p>Puporka Tina Kiara<\/p>\n<\/td>\n<td style=\"height: 39px;width: 33.0623%\" valign=\"top\" width=\"201\">\n<p>Varga Szabina<\/p>\n<\/td>\n<\/tr>\n<tr style=\"height: 51px\">\n<td style=\"height: 51px;width: 33.3333%\" valign=\"top\" width=\"201\">\n<p>11.b<\/p>\n<\/td>\n<td style=\"height: 51px;width: 33.6043%\" valign=\"top\" width=\"201\">\n<p>Luk\u00e1cs Nikolett<\/p>\n<\/td>\n<td style=\"height: 51px;width: 33.0623%\" valign=\"top\" width=\"201\">\n<p>H\u00e1rom Georgina<\/p>\n<\/td>\n<\/tr>\n<tr style=\"height: 36px\">\n<td style=\"height: 36px;width: 33.3333%\" valign=\"top\" width=\"201\">12.a<\/td>\n<td style=\"height: 36px;width: 33.6043%\" valign=\"top\" width=\"201\">\n<p>Horny\u00e1k Hanna Csenge<\/p>\n<\/td>\n<td style=\"height: 36px;width: 33.0623%\" valign=\"top\" width=\"201\">\n<p>Ant\u00f3ni Csenge\u00a0<\/p>\n<\/td>\n<\/tr>\n<tr style=\"height: 51px\">\n<td style=\"height: 51px;width: 33.3333%\" valign=\"top\" width=\"201\">\n<p>12.b\u00a0<\/p>\n<\/td>\n<td style=\"height: 51px;width: 33.6043%\" valign=\"top\" width=\"201\">\n<p>Vass Elizabet<\/p>\n<\/td>\n<td style=\"height: 51px;width: 33.0623%\" valign=\"top\" width=\"201\">R\u00e1cz Ram\u00f3na<\/td>\n<\/tr>\n<tr style=\"height: 55px\">\n<td style=\"width: 33.3333%;height: 55px\">\n<p>13.a<\/p>\n<\/td>\n<td style=\"width: 33.6043%;height: 55px;vertical-align: top\">\n<p style=\"text-align: left\">Ol\u00e1h Orsolya D\u00f6niz<\/p>\n<\/td>\n<td style=\"width: 33.0623%;height: 55px;text-align: left;vertical-align: top\">R\u00e1cz Fanni<\/td>\n<\/tr>\n<\/tbody>\n<\/table>\n<p>&nbsp;<\/p>\n<p><strong>Szeretettel v\u00e1runk mindenkit!<\/strong><strong>\u00a0\u00a0\u00a0\u00a0\u00a0\u00a0\u00a0\u00a0\u00a0\u00a0\u00a0\u00a0\u00a0\u00a0\u00a0\u00a0\u00a0\u00a0\u00a0\u00a0\u00a0\u00a0\u00a0\u00a0\u00a0\u00a0\u00a0\u00a0\u00a0\u00a0<\/strong><em><strong>\u201eSeg\u00edts, hogy seg\u00edthess\u00fcnk!\u201d\u00a0 \u00a0 \u00a0<\/strong><\/em><\/p>\n<p><strong>\u00a0<\/strong><\/p>\n","protected":false},"excerpt":{"rendered":"<p>A Di\u00e1k\u00f6nkorm\u00e1nyzat sz\u00e9lesk\u00f6r\u0171 feladatokat l\u00e1t el az iskol\u00e1ban. \u00a0 Feladataink: Tanul\u00f3i \u00e9rdekv\u00e9delem, Iskolai rendezv\u00e9nyek lebonyol\u00edt\u00e1s\u00e1nak seg\u00edt\u00e9se Szabadid\u0151s tev\u00e9kenys\u00e9g szervez\u00e9se, Saj\u00e1t rendezv\u00e9nyeinek felel\u0151s megszervez\u00e9se (Mikul\u00e1s, Dorottya nap, Kanizsai napok, \u00a0 \u00a0 \u00a0 \u00a0 \u00a0 \u00a0Pedag\u00f3gusnap), Az iskola di\u00e1k\u00f6nkorm\u00e1nyzat\u00e1nak k\u00e9pviselete v\u00e1rosi szint\u0171 rendezv\u00e9nyeken. \u00a0 A di\u00e1k\u00f6nkorm\u00e1nyzat a jogszab\u00e1lyokban megfogalmazott jogk\u00f6r\u00f6kkel rendelkezik, tev\u00e9kenys\u00e9g\u00fcket saj\u00e1t szervezeti \u00e9s m\u0171k\u00f6d\u00e9si szab\u00e1lyzatuk &hellip;<\/p>\n","protected":false},"author":101765,"featured_media":0,"parent":14536,"menu_order":7,"comment_status":"closed","ping_status":"closed","template":"","meta":{"_acf_changed":false,"footnotes":""},"categories":[],"tags":[],"class_list":["post-14089","page","type-page","status-publish","hentry"],"acf":[],"_links":{"self":[{"href":"https:\/\/semmelweis.hu\/kanizsaidorottya\/wp-json\/wp\/v2\/pages\/14089","targetHints":{"allow":["GET"]}}],"collection":[{"href":"https:\/\/semmelweis.hu\/kanizsaidorottya\/wp-json\/wp\/v2\/pages"}],"about":[{"href":"https:\/\/semmelweis.hu\/kanizsaidorottya\/wp-json\/wp\/v2\/types\/page"}],"author":[{"embeddable":true,"href":"https:\/\/semmelweis.hu\/kanizsaidorottya\/wp-json\/wp\/v2\/users\/101765"}],"replies":[{"embeddable":true,"href":"https:\/\/semmelweis.hu\/kanizsaidorottya\/wp-json\/wp\/v2\/comments?post=14089"}],"version-history":[{"count":10,"href":"https:\/\/semmelweis.hu\/kanizsaidorottya\/wp-json\/wp\/v2\/pages\/14089\/revisions"}],"predecessor-version":[{"id":16970,"href":"https:\/\/semmelweis.hu\/kanizsaidorottya\/wp-json\/wp\/v2\/pages\/14089\/revisions\/16970"}],"up":[{"embeddable":true,"href":"https:\/\/semmelweis.hu\/kanizsaidorottya\/wp-json\/wp\/v2\/pages\/14536"}],"wp:attachment":[{"href":"https:\/\/semmelweis.hu\/kanizsaidorottya\/wp-json\/wp\/v2\/media?parent=14089"}],"wp:term":[{"taxonomy":"category","embeddable":true,"href":"https:\/\/semmelweis.hu\/kanizsaidorottya\/wp-json\/wp\/v2\/categories?post=14089"},{"taxonomy":"post_tag","embeddable":true,"href":"https:\/\/semmelweis.hu\/kanizsaidorottya\/wp-json\/wp\/v2\/tags?post=14089"}],"curies":[{"name":"wp","href":"https:\/\/api.w.org\/{rel}","templated":true}]}}