{"id":14087,"date":"2014-10-21T11:20:45","date_gmt":"2014-10-21T09:20:45","guid":{"rendered":"https:\/\/semmelweis.hu\/kanizsaidorottya\/?page_id=14087"},"modified":"2024-09-13T08:28:46","modified_gmt":"2024-09-13T06:28:46","slug":"iskolatortenet","status":"publish","type":"page","link":"https:\/\/semmelweis.hu\/kanizsaidorottya\/iskolankrol\/iskolatortenet\/","title":{"rendered":"Iskolat\u00f6rt\u00e9net"},"content":{"rendered":"<p><strong>Kanizsai Dorottya Eg\u00e9szs\u00e9g\u00fcgyi Szakk\u00f6z\u00e9piskola<\/strong><\/p>\n<p><strong>1958\u00a0<\/strong>\u2013 Az Eg\u00e9szs\u00e9g\u00fcgyi Miniszt\u00e9rium j\u00f3v\u00e1hagy\u00e1s\u00e1val megalakult a N\u00f3gr\u00e1d Megyei Tan\u00e1cs Eg\u00e9szs\u00e9g\u00fcgyi Szakiskol\u00e1ja. A k\u00e9t\u00e9ves bentlak\u00e1sos k\u00e9pz\u00e9s v\u00e9gzetteinek \u00e1pol\u00f3i oklevelet ny\u00fajtott.<\/p>\n<p><strong>1960\u00a0<\/strong>\u2013 Az Eg\u00e9szs\u00e9g\u00fcgyi Szakiskol\u00e1ban 25 \u2013 els\u0151 \u00edzben v\u00e9gzett \u2013 hallgat\u00f3 vehette \u00e1t \u00e1pol\u00f3i oklevel\u00e9t.<\/p>\n<p><strong>1967<\/strong>\u00a0\u2013 a szakiskol\u00e1ban foly\u00f3 k\u00e9pz\u00e9ssel p\u00e1rhuzamosan megkezd\u0151d\u00f6tt a Mad\u00e1ch Imre Gimn\u00e1zium \u00e9s Szakk\u00f6z\u00e9piskol\u00e1ban a 4 \u00e9ves, \u00e9retts\u00e9gi-k\u00e9pes\u00edt\u0151 vizsg\u00e1val z\u00e1r\u00f3d\u00f3 eg\u00e9szs\u00e9g\u00fcgyi szakk\u00f6z\u00e9piskolai oktat\u00e1s.<\/p>\n<p><strong>1971<\/strong>\u00a0\u2013 Els\u0151k\u00e9nt kapta meg \u00e9retts\u00e9gi-k\u00e9pes\u00edt\u0151 bizony\u00edtv\u00e1ny\u00e1t a Mad\u00e1ch Imre Gimn\u00e1zium 56 v\u00e9gz\u0151s n\u00f6vend\u00e9ke.<\/p>\n<p><strong>1975<\/strong>\u00a0\u2013 A szakiskol\u00e1ban a k\u00e9pz\u00e9s 2 \u00e9vesr\u0151l 3 \u00e9vesre b\u0151v\u00fclt, \u00e9s min\u0151s\u00edt\u0151 vizsg\u00e1val z\u00e1rult.<\/p>\n<p><strong>1976\u00a0<\/strong>\u2013 A 9 \u00e9ve k\u00e9t int\u00e9zm\u00e9nyben p\u00e1rhuzamosan foly\u00f3 eg\u00e9szs\u00e9g\u00fcgyi k\u00e9pz\u00e9s \u2013 a Mad\u00e1ch \u201eprofiltiszt\u00edt\u00e1sa\u201d miatt \u2013 teljes eg\u00e9sz\u00e9ben \u00e1tker\u00fclt az eg\u00e9szs\u00e9g\u00fcgyi szakiskola \u00e9p\u00fclet\u00e9be. Az int\u00e9zm\u00e9ny neve 1976-t\u00f3l Eg\u00e9szs\u00e9g\u00fcgyi Szakk\u00f6z\u00e9piskola \u00e9s Szakiskola lett. T\u00edpusa kett\u0151s volt: 3 \u00e9ves szakiskola, \u00e9s 4 \u00e9ves \u00e9retts\u00e9gi-k\u00e9pes\u00edt\u0151 vizsg\u00e1val z\u00e1r\u00f3d\u00f3 szakk\u00f6z\u00e9piskola.<\/p>\n<p><strong>1989<\/strong>\u00a0\u2013 A szakk\u00f6z\u00e9piskolai oszt\u00e1lyokban megkezd\u0151d\u00f6tt a 4+1-es k\u00e9pz\u00e9sforma. A + 1 \u00e9v eg\u00e9szs\u00e9g\u00fcgyi &#8211; technikusi-feln\u0151tt szak\u00e1pol\u00f3i v\u00e9gzetts\u00e9get jelentett.<\/p>\n<p><strong>1993\u00a0<\/strong>\u2013 v\u00e9gzett az utols\u00f3 szakiskolai oszt\u00e1ly.<\/p>\n<p><strong>1994<\/strong>\u00a0\u2013 Az int\u00e9zm\u00e9ny m\u00e1r csak szakk\u00f6z\u00e9piskolai \u00e9vfolyamot ind\u00edtott. Neve Eg\u00e9szs\u00e9g\u00fcgyi Szakk\u00f6z\u00e9piskola. Ugyanezen \u00e9vben indult a hum\u00e1n vil\u00e1gbanki modell szerinti, 4+3-as k\u00e9pz\u00e9sforma. Ennek l\u00e9nyege, hogy a szakk\u00e9pz\u00e9s kitol\u00f3dik \u00e9retts\u00e9gi ut\u00e1nra, \u00e9s m\u00e1r fels\u0151fok\u00fa k\u00e9pes\u00edt\u00e9st ny\u00fajt.<\/p>\n<p><strong>1996\u00a0<\/strong>\u2013 Megkezd\u0151d\u00f6tt hagyom\u00e1nyos szakk\u00f6z\u00e9piskolai oszt\u00e1lyaink emelt szint\u0171 \u2013 k\u00e9t\u00e9ves \u2013 szakk\u00e9pz\u00e9se. Beindult \u2013 m\u00e1shol \u00e9retts\u00e9gizettek sz\u00e1m\u00e1ra is \u2013 a fels\u0151fok\u00fa \u00e1pol\u00f3i oklevelet ad\u00f3 3 \u00e9ves oktat\u00e1s.<\/p>\n<p><strong>1998\u00a0<\/strong>\u2013 int\u00e9zm\u00e9ny\u00fcnk 40 \u00e9ves \u00e9vfordul\u00f3j\u00e1n felveszi a Kanizsai Dorottya nevet. Ebben a tan\u00e9vben \u00e9retts\u00e9gizik iskol\u00e1nk utols\u00f3 \u201ehagyom\u00e1nyos\u201d eg\u00e9szs\u00e9g\u00fcgyi oszt\u00e1lya, ugyanakkor ez \u00e9vben \u00e9retts\u00e9gizik el\u0151sz\u00f6r az \u00faj t\u00edpus\u00fa \u2013 hum\u00e1n vil\u00e1gbanki \u2013 oszt\u00e1ly. S ebben a tan\u00e9vben teszik le els\u0151k\u00e9nt \u2013 az Orsz\u00e1gos K\u00e9pz\u00e9si Jegyz\u00e9k szerint \u2013 fels\u0151fok\u00fa \u00e1pol\u00f3i v\u00e9gzetts\u00e9get ad\u00f3 szakvizsg\u00e1jukat a hatod\u00e9vesek.<\/p>\n<p><strong>2003<\/strong>\u00a0\u2013 Iskol\u00e1nk elk\u00f6lt\u00f6z\u00f6tt az Ac\u00e9lgy\u00e1ri \u00fat 73. sz\u00e1m\u00fa \u00e9p\u00fcletbe.<\/p>\n<p><strong>2007 \u2013\u00a0<\/strong>L\u00e9trej\u00f6tt az integr\u00e1ci\u00f3 a Mad\u00e1ch Imre Gimn\u00e1zium \u00e9s Szakk\u00f6z\u00e9piskol\u00e1val.<\/p>\n<p><strong>2008\u00a0<\/strong>\u2013 Int\u00e9zm\u00e9ny\u00fcnk 50 \u00e9ves \u00e9vfordul\u00f3ja.<\/p>\n<p><strong>2013<\/strong> \u2013 K\u00e9t \u00e9retts\u00e9giz\u0151s \u00e9vfolyamunk eg\u00e9szs\u00e9g\u00fcgyi \u00e1gazati szakmacsoportos k\u00e9pz\u00e9ssel indult. Ez \u00e9vben kett\u00e9v\u00e1lt az \u00e1pol\u00f3 k\u00e9pz\u00e9s, 2 \u00e9ves Gyakorl\u00f3 \u00e1pol\u00f3 \u00e9s + 1 \u00e9v \u00c1pol\u00f3 szakk\u00e9pes\u00edt\u00e9sre.<\/p>\n<p><strong>2014<\/strong> \u2013 Elind\u00edtottuk a Szoci\u00e1lis gondoz\u00f3 \u00e9s \u00e1pol\u00f3 szakiskolai k\u00e9pz\u00e9st.<\/p>\n<p><strong>2015 &#8211; <\/strong>Levizsg\u00e1zott az utols\u00f3 modul\u00e1ris k\u00e9pz\u00e9s\u0171 3\/15 \u00c1pol\u00f3 oszt\u00e1lyunk.<\/p>\n<p><strong>2015\u00a0<\/strong>\u2013 Int\u00e9zm\u00e9ny\u00fcnk a Salg\u00f3tarj\u00e1ni Szakk\u00e9pz\u00e9si Centrum tagint\u00e9zm\u00e9nye. Nev\u00fcnk: SSZC Kanizsai Dorottya Eg\u00e9szs\u00e9g\u00fcgyi Szakk\u00f6z\u00e9piskol\u00e1ja \u00e9s Szakiskol\u00e1ja.<\/p>\n<p><strong>2016\u00a0<\/strong>\u2013\u00a0Le\u00e9retts\u00e9gizett utols\u00f3 h\u00e1rom eg\u00e9szs\u00e9g\u00fcgyi szakmacsoportos oszt\u00e1lyunk. Kifutott a nyelvi el\u0151k\u00e9sz\u00edt\u0151s \u00e9vfolyamunk.<\/p>\n<p><strong>2016\u00a0<\/strong>\u2013 Beindult szakgimn\u00e1ziumi k\u00e9pz\u00e9s\u00fcnk. Nev\u00fcnk: SSZC\u00a0Kanizsai Dorottya Eg\u00e9szs\u00e9g\u00fcgyi Szakgimn\u00e1ziuma, Szakk\u00f6z\u00e9piskol\u00e1ja \u00e9s Szakiskol\u00e1ja.<\/p>\n<p><strong>2019<\/strong> &#8211; Elnyert\u00fck a &#8222;Boldog iskola&#8221; c\u00edmet.<\/p>\n<p><strong>2019<\/strong> &#8211; Iskol\u00e1nk fenntart\u00f3ja 2019. augusztus 1. \u00f3ta a Semmelweis Egyetem, amely 2021. augusztus 1.t\u0151l alap\u00edtv\u00e1nyi fenntart\u00e1s\u00fa.<\/p>\n<p>&nbsp;<\/p>\n<p><strong>Az iskola k\u00e9pz\u00e9si szerkezet\u00e9nek legut\u00f3bbi v\u00e1ltoz\u00e1sai:<\/strong><\/p>\n<table style=\"width: 100%\" border=\"0\" cellspacing=\"0\" cellpadding=\"0\">\n<tbody>\n<tr>\n<td style=\"width: 30.4598%\" valign=\"top\" width=\"161\">\n<p align=\"center\"><strong>K\u00e9pz\u00e9si id\u0151<\/strong><\/p>\n<\/td>\n<td style=\"width: 19.9234%\" valign=\"top\" width=\"105\">\n<p align=\"center\"><strong>\u00c9retts\u00e9gi<\/strong><\/p>\n<\/td>\n<td style=\"width: 25.8621%\" valign=\"top\" width=\"137\">\n<p align=\"center\"><strong>Szakmai k\u00e9pzetts\u00e9g<\/strong><\/p>\n<\/td>\n<td style=\"width: 23.5632%\" valign=\"top\" width=\"124\">\n<p align=\"center\"><strong>Szakos\u00edt\u00f3 k\u00e9pz\u00e9s<\/strong><\/p>\n<\/td>\n<\/tr>\n<tr>\n<td style=\"width: 30.4598%\" valign=\"top\" width=\"161\">\n<p align=\"center\">szakk\u00f6z\u00e9piskola 3+2 \u00e9v<\/p>\n<\/td>\n<td style=\"width: 19.9234%\" valign=\"top\" width=\"105\">\n<p align=\"center\">+2 \u00e9v igen<\/p>\n<\/td>\n<td style=\"width: 25.8621%\" valign=\"top\" width=\"137\">\n<p align=\"center\">szoci\u00e1lis gondoz\u00f3 \u00e9s \u00e1pol\u00f3<\/p>\n<\/td>\n<td style=\"width: 23.5632%\" valign=\"top\" width=\"124\">\n<p align=\"center\">igen +1+1 \u00e9v<\/p>\n<\/td>\n<\/tr>\n<tr>\n<td style=\"width: 30.4598%\" valign=\"top\" width=\"161\">\n<p align=\"center\">szakgimn\u00e1zium 4+1 \u00e9v<\/p>\n<\/td>\n<td style=\"width: 19.9234%\" valign=\"top\" width=\"105\">\n<p align=\"center\">igen<\/p>\n<\/td>\n<td style=\"width: 25.8621%\" valign=\"top\" width=\"137\">\n<p align=\"center\">\u00e1ltal\u00e1nos \u00e1pol\u00f3 \u00e9s \u00e1ltal\u00e1nos asszisztens<\/p>\n<\/td>\n<td style=\"width: 23.5632%\" valign=\"top\" width=\"124\">\n<p align=\"center\">igen + 1 \u00e9v<\/p>\n<\/td>\n<\/tr>\n<tr>\n<td style=\"width: 30.4598%\" valign=\"top\" width=\"161\">\n<p align=\"center\">szakiskola 3 \u00e9v<\/p>\n<\/td>\n<td style=\"width: 19.9234%\" valign=\"top\" width=\"105\">\n<p align=\"center\">nem<\/p>\n<\/td>\n<td style=\"width: 25.8621%\" valign=\"top\" width=\"137\">\n<p align=\"center\">szoci\u00e1lis gondoz\u00f3 \u00e9s \u00e1pol\u00f3<\/p>\n<\/td>\n<td style=\"width: 23.5632%\" valign=\"top\" width=\"124\">\n<p align=\"center\">nem<\/p>\n<\/td>\n<\/tr>\n<tr>\n<td style=\"width: 30.4598%\" valign=\"top\" width=\"161\">\n<p align=\"center\">szakk\u00f6z\u00e9piskola 4+1 \u00e9v<\/p>\n<\/td>\n<td style=\"width: 19.9234%\" valign=\"top\" width=\"105\">\n<p align=\"center\">igen<\/p>\n<\/td>\n<td style=\"width: 25.8621%\" valign=\"top\" width=\"137\">\n<p align=\"center\">kiseg\u00edt\u0151 \u00e1pol\u00f3<\/p>\n<\/td>\n<td style=\"width: 23.5632%\" valign=\"top\" width=\"124\">\n<p align=\"center\">igen (+1+1 \u00e9vben)<\/p>\n<\/td>\n<\/tr>\n<\/tbody>\n<\/table>\n<p>&nbsp;<\/p>\n","protected":false},"excerpt":{"rendered":"<p>Kanizsai Dorottya Eg\u00e9szs\u00e9g\u00fcgyi Szakk\u00f6z\u00e9piskola 1958\u00a0\u2013 Az Eg\u00e9szs\u00e9g\u00fcgyi Miniszt\u00e9rium j\u00f3v\u00e1hagy\u00e1s\u00e1val megalakult a N\u00f3gr\u00e1d Megyei Tan\u00e1cs Eg\u00e9szs\u00e9g\u00fcgyi Szakiskol\u00e1ja. A k\u00e9t\u00e9ves bentlak\u00e1sos k\u00e9pz\u00e9s v\u00e9gzetteinek \u00e1pol\u00f3i oklevelet ny\u00fajtott. 1960\u00a0\u2013 Az Eg\u00e9szs\u00e9g\u00fcgyi Szakiskol\u00e1ban 25 \u2013 els\u0151 \u00edzben v\u00e9gzett \u2013 hallgat\u00f3 vehette \u00e1t \u00e1pol\u00f3i oklevel\u00e9t. 1967\u00a0\u2013 a szakiskol\u00e1ban foly\u00f3 k\u00e9pz\u00e9ssel p\u00e1rhuzamosan megkezd\u0151d\u00f6tt a Mad\u00e1ch Imre Gimn\u00e1zium \u00e9s Szakk\u00f6z\u00e9piskol\u00e1ban a 4 \u00e9ves, &hellip;<\/p>\n","protected":false},"author":101765,"featured_media":0,"parent":14536,"menu_order":1,"comment_status":"closed","ping_status":"closed","template":"","meta":{"_acf_changed":false,"footnotes":""},"categories":[],"tags":[],"class_list":["post-14087","page","type-page","status-publish","hentry"],"acf":[],"_links":{"self":[{"href":"https:\/\/semmelweis.hu\/kanizsaidorottya\/wp-json\/wp\/v2\/pages\/14087","targetHints":{"allow":["GET"]}}],"collection":[{"href":"https:\/\/semmelweis.hu\/kanizsaidorottya\/wp-json\/wp\/v2\/pages"}],"about":[{"href":"https:\/\/semmelweis.hu\/kanizsaidorottya\/wp-json\/wp\/v2\/types\/page"}],"author":[{"embeddable":true,"href":"https:\/\/semmelweis.hu\/kanizsaidorottya\/wp-json\/wp\/v2\/users\/101765"}],"replies":[{"embeddable":true,"href":"https:\/\/semmelweis.hu\/kanizsaidorottya\/wp-json\/wp\/v2\/comments?post=14087"}],"version-history":[{"count":9,"href":"https:\/\/semmelweis.hu\/kanizsaidorottya\/wp-json\/wp\/v2\/pages\/14087\/revisions"}],"predecessor-version":[{"id":16983,"href":"https:\/\/semmelweis.hu\/kanizsaidorottya\/wp-json\/wp\/v2\/pages\/14087\/revisions\/16983"}],"up":[{"embeddable":true,"href":"https:\/\/semmelweis.hu\/kanizsaidorottya\/wp-json\/wp\/v2\/pages\/14536"}],"wp:attachment":[{"href":"https:\/\/semmelweis.hu\/kanizsaidorottya\/wp-json\/wp\/v2\/media?parent=14087"}],"wp:term":[{"taxonomy":"category","embeddable":true,"href":"https:\/\/semmelweis.hu\/kanizsaidorottya\/wp-json\/wp\/v2\/categories?post=14087"},{"taxonomy":"post_tag","embeddable":true,"href":"https:\/\/semmelweis.hu\/kanizsaidorottya\/wp-json\/wp\/v2\/tags?post=14087"}],"curies":[{"name":"wp","href":"https:\/\/api.w.org\/{rel}","templated":true}]}}