{"id":84445,"date":"2022-08-04T15:48:44","date_gmt":"2022-08-04T13:48:44","guid":{"rendered":"https:\/\/semmelweis.hu\/jogigfoig\/?page_id=84445"},"modified":"2022-11-21T14:45:25","modified_gmt":"2022-11-21T13:45:25","slug":"2022-julius-28","status":"publish","type":"page","link":"https:\/\/semmelweis.hu\/jogigfoig\/testuletek\/szenatus\/2022-evi-szenatusi-hatarozatok\/2022-julius-28\/","title":{"rendered":"2022. j\u00falius 28."},"content":{"rendered":"<p style=\"text-align: justify\"><a href=\"https:\/\/semmelweis.hu\/jogigfoig\/files\/2022\/08\/N_6_2022_hatarozat.pdf\">A Semmelweis Egyetem Szen\u00e1tus\u00e1nak N-6.2022. (VII.28.) sz\u00e1m\u00fa hat\u00e1rozata a szen\u00e1tusi \u00fcl\u00e9s napirendj\u00e9r\u0151l<\/a><\/p>\n<p style=\"text-align: justify\"><a href=\"https:\/\/semmelweis.hu\/jogigfoig\/files\/2022\/08\/52_2022_Az-SzMSz-egyes-rendelkezeseinek-modositasarol.pdf\">A Semmelweis Egyetem\u00a0Szen\u00e1tus\u00e1nak\u00a052\/2022. (VII.28.) sz\u00e1m\u00fa hat\u00e1rozata\u00a0a Szervezeti \u00e9s M\u0171k\u00f6d\u00e9si Szab\u00e1lyzat egyes rendelkez\u00e9seinek m\u00f3dos\u00edt\u00e1s\u00e1r\u00f3l<\/a><\/p>\n<p style=\"text-align: justify\"><a href=\"https:\/\/semmelweis.hu\/jogigfoig\/files\/2022\/08\/52_2022_melleklet_az-SzMSz-egyes-rendelkezeseinek-modositasarol_.pdf\">A Semmelweis Egyetem Szen\u00e1tus\u00e1nak 52\/2022. (VII.28.) sz\u00e1m\u00fa hat\u00e1rozata a Szervezeti \u00e9s M\u0171k\u00f6d\u00e9si Szab\u00e1lyzat egyes rendelkez\u00e9seinek m\u00f3dos\u00edt\u00e1s\u00e1r\u00f3l &#8211; 1. sz\u00e1m\u00fa mell\u00e9klet<\/a><\/p>\n<p style=\"text-align: justify\"><a href=\"https:\/\/semmelweis.hu\/jogigfoig\/files\/2022\/08\/52_2022_HOK-egyetertes.pdf\">A Semmelweis Egyetem Szen\u00e1tus\u00e1nak 52\/2022. (VII.28.) sz\u00e1m\u00fa hat\u00e1rozata a Szervezeti \u00e9s M\u0171k\u00f6d\u00e9si Szab\u00e1lyzat egyes rendelkez\u00e9seinek m\u00f3dos\u00edt\u00e1s\u00e1r\u00f3l \u2013 Hallgat\u00f3i \u00d6nkorm\u00e1nyzat egyet\u00e9rt\u00e9s<\/a><\/p>\n<p style=\"text-align: justify\"><a href=\"https:\/\/semmelweis.hu\/jogigfoig\/files\/2022\/08\/52_2022_DOK-egyetertes.pdf\">A Semmelweis Egyetem Szen\u00e1tus\u00e1nak 52\/2022. (VII.28.) sz\u00e1m\u00fa hat\u00e1rozata a Szervezeti \u00e9s M\u0171k\u00f6d\u00e9si Szab\u00e1lyzat egyes rendelkez\u00e9seinek m\u00f3dos\u00edt\u00e1s\u00e1r\u00f3l \u2013 Doktorandusz \u00d6nkorm\u00e1nyzat egyet\u00e9rt\u00e9s<\/a><\/p>\n<p style=\"text-align: justify\"><a href=\"https:\/\/semmelweis.hu\/jogigfoig\/files\/2022\/08\/53_2022_az-SzMSz-egyes-rendelkezeseinek-modositasarol_FKR.pdf\">A Semmelweis Egyetem Szen\u00e1tus\u00e1nak 53\/2022. (VII.28.) sz\u00e1m\u00fa hat\u00e1rozata a Szervezeti \u00e9s M\u0171k\u00f6d\u00e9si Szab\u00e1lyzat egyes rendelkez\u00e9seinek m\u00f3dos\u00edt\u00e1s\u00e1r\u00f3l (foglalkoztat\u00e1si k\u00f6vetelm\u00e9nyrendszer)<\/a><\/p>\n<p style=\"text-align: justify\"><a href=\"https:\/\/semmelweis.hu\/jogigfoig\/files\/2022\/08\/53_2022_melleklet_FKR-modositasa.pdf\">A Semmelweis Egyetem Szen\u00e1tus\u00e1nak 53\/2022. (VII.28.) sz\u00e1m\u00fa hat\u00e1rozata a Szervezeti \u00e9s M\u0171k\u00f6d\u00e9si Szab\u00e1lyzat egyes rendelkez\u00e9seinek m\u00f3dos\u00edt\u00e1s\u00e1r\u00f3l (foglalkoztat\u00e1si k\u00f6vetelm\u00e9nyrendszer) &#8211; 1. sz\u00e1m\u00fa mell\u00e9klet<\/a><\/p>\n<p style=\"text-align: justify\"><a href=\"https:\/\/semmelweis.hu\/jogigfoig\/files\/2022\/08\/54_2022_SzMSz-modositas_HKR_TJSZ.pdf\">A Semmelweis Egyetem\u00a0Szen\u00e1tus\u00e1nak\u00a054\/2022. (VII.28.) sz\u00e1m\u00fa hat\u00e1rozata\u00a0a 2021\/2022. tan\u00e9vben az \u00e1tsorol\u00e1shoz sz\u00fcks\u00e9ges megszerzend\u0151 kreditek sz\u00e1m\u00e1nak \u00e9s el\u00e9rend\u0151 s\u00falyozott tanulm\u00e1nyi \u00e1tlag m\u00e9rt\u00e9k\u00e9nek v\u00e9lem\u00e9nyez\u00e9s\u00e9r\u0151l, tov\u00e1bb\u00e1 a 2022\/2023-as tan\u00e9vt\u0151l a Szervezeti \u00e9s M\u0171k\u00f6d\u00e9si Szab\u00e1lyzat III.4. T\u00e9r\u00edt\u00e9si \u00e9s Juttat\u00e1si szab\u00e1lyzat \u00e1tsorol\u00e1shoz kapcsol\u00f3d\u00f3 egyes rendelkez\u00e9seinek m\u00f3dos\u00edt\u00e1s\u00e1r\u00f3l<\/a><\/p>\n<p style=\"text-align: justify\"><a href=\"https:\/\/semmelweis.hu\/jogigfoig\/files\/2022\/09\/Szenatusi-Eloterjesztes-atsorolas_melleklet_1.pdf\">A Semmelweis Egyetem Szen\u00e1tus\u00e1nak 54\/2022. (VII.28.) sz\u00e1m\u00fa hat\u00e1rozata a 2021\/2022. tan\u00e9vben az \u00e1tsorol\u00e1shoz sz\u00fcks\u00e9ges megszerzend\u0151 kreditek sz\u00e1m\u00e1nak \u00e9s el\u00e9rend\u0151 s\u00falyozott tanulm\u00e1nyi \u00e1tlag m\u00e9rt\u00e9k\u00e9nek v\u00e9lem\u00e9nyez\u00e9s\u00e9r\u0151l, tov\u00e1bb\u00e1 a 2022\/2023-as tan\u00e9vt\u0151l a Szervezeti \u00e9s M\u0171k\u00f6d\u00e9si Szab\u00e1lyzat III.4. T\u00e9r\u00edt\u00e9si \u00e9s Juttat\u00e1si szab\u00e1lyzat \u00e1tsorol\u00e1shoz kapcsol\u00f3d\u00f3 egyes rendelkez\u00e9seinek m\u00f3dos\u00edt\u00e1s\u00e1r\u00f3l &#8211; 1. sz\u00e1m\u00fa mell\u00e9klet<\/a><\/p>\n<p style=\"text-align: justify\"><a href=\"https:\/\/semmelweis.hu\/jogigfoig\/files\/2022\/08\/54_2022_HOK-egyetertes.pdf\">A Semmelweis Egyetem Szen\u00e1tus\u00e1nak 54\/2022. (VII.28.) sz\u00e1m\u00fa hat\u00e1rozata a 2021\/2022. tan\u00e9vben az \u00e1tsorol\u00e1shoz sz\u00fcks\u00e9ges megszerzend\u0151 kreditek sz\u00e1m\u00e1nak \u00e9s el\u00e9rend\u0151 s\u00falyozott tanulm\u00e1nyi \u00e1tlag m\u00e9rt\u00e9k\u00e9nek v\u00e9lem\u00e9nyez\u00e9s\u00e9r\u0151l, tov\u00e1bb\u00e1 a 2022\/2023-as tan\u00e9vt\u0151l a Szervezeti \u00e9s M\u0171k\u00f6d\u00e9si Szab\u00e1lyzat III.4. T\u00e9r\u00edt\u00e9si \u00e9s Juttat\u00e1si szab\u00e1lyzat \u00e1tsorol\u00e1shoz kapcsol\u00f3d\u00f3 egyes rendelkez\u00e9seinek m\u00f3dos\u00edt\u00e1s\u00e1r\u00f3l \u2013 Hallgat\u00f3i \u00d6nkorm\u00e1nyzat egyet\u00e9rt\u00e9s<\/a><\/p>\n<p style=\"text-align: justify\"><a href=\"https:\/\/semmelweis.hu\/jogigfoig\/files\/2022\/08\/55_2022_KK-ugyrend-modositas.pdf\">A Semmelweis Egyetem Szen\u00e1tus\u00e1nak 55\/2022. (VII.28.) sz\u00e1m\u00fa hat\u00e1rozata a Klinikai K\u00f6zpont \u00fcgyrendj\u00e9nek m\u00f3dos\u00edt\u00e1s\u00e1r\u00f3l<\/a><\/p>\n<p style=\"text-align: justify\"><a href=\"https:\/\/semmelweis.hu\/jogigfoig\/files\/2022\/08\/55_2022_melleklet_KK-ugyrend.pdf\">A Semmelweis Egyetem Szen\u00e1tus\u00e1nak 55\/2022. (VII.28.) sz\u00e1m\u00fa hat\u00e1rozata a Klinikai K\u00f6zpont \u00fcgyrendj\u00e9nek m\u00f3dos\u00edt\u00e1s\u00e1r\u00f3l\u00a0 &#8211; 1. sz\u00e1m\u00fa mell\u00e9klet<\/a><\/p>\n<p style=\"text-align: justify\"><a href=\"https:\/\/semmelweis.hu\/jogigfoig\/files\/2022\/08\/56_2022_Klinikai-Kutatasokrol-szolo-Szabalyzat-modositasa.pdf\">A Semmelweis Egyetem Szen\u00e1tus\u00e1nak 56\/2022. (VII.28.) sz\u00e1m\u00fa hat\u00e1rozata a Klinikai Kutat\u00e1sokr\u00f3l sz\u00f3l\u00f3 Szab\u00e1lyzat m\u00f3dos\u00edt\u00e1s\u00e1r\u00f3l<\/a><\/p>\n<p style=\"text-align: justify\"><a href=\"https:\/\/semmelweis.hu\/jogigfoig\/files\/2022\/08\/56_2022_melleklet_Klinikai-kutatasok-vizsgalatok-szabalyzata.pdf\">A Semmelweis Egyetem Szen\u00e1tus\u00e1nak 56\/2022. (VII.28.) sz\u00e1m\u00fa hat\u00e1rozata a Klinikai Kutat\u00e1sokr\u00f3l sz\u00f3l\u00f3 Szab\u00e1lyzat m\u00f3dos\u00edt\u00e1s\u00e1r\u00f3l &#8211; 1. sz\u00e1m\u00fa mell\u00e9klet<\/a><\/p>\n<p style=\"text-align: justify\"><a href=\"https:\/\/semmelweis.hu\/jogigfoig\/files\/2022\/08\/57_2022_2019-2020-as-kurrikulum-modositas_AOK.pdf\">A Semmelweis Egyetem Szen\u00e1tus\u00e1nak 57\/2022. (VII.28.) sz\u00e1m\u00fa hat\u00e1rozata az \u00c1ltal\u00e1nos Orvostudom\u00e1nyi Karon a 2019\/2020-as tan\u00e9vt\u0151l bevezetett orvosk\u00e9pz\u00e9s kurrikulum\u00e1nak m\u00f3dos\u00edt\u00e1s\u00e1ra tett javaslatr\u00f3l<\/a><\/p>\n<p style=\"text-align: justify\"><a href=\"https:\/\/semmelweis.hu\/jogigfoig\/files\/2022\/08\/57_2022_melleklet_2019-2020-as-kurrikulum-modositas.pdf\">A Semmelweis Egyetem Szen\u00e1tus\u00e1nak 57\/2022. (VII.28.) sz\u00e1m\u00fa hat\u00e1rozata az \u00c1ltal\u00e1nos Orvostudom\u00e1nyi Karon a 2019\/2020-as tan\u00e9vt\u0151l bevezetett orvosk\u00e9pz\u00e9s kurrikulum\u00e1nak m\u00f3dos\u00edt\u00e1s\u00e1ra tett javaslatr\u00f3l &#8211; 1. sz\u00e1m\u00fa mell\u00e9klet<\/a><\/p>\n<p style=\"text-align: justify\"><a href=\"https:\/\/semmelweis.hu\/jogigfoig\/files\/2022\/08\/58_2022_2022-2023-as-tantargyi-kovetelmenyrendszer_AOK.pdf\">A Semmelweis Egyetem Szen\u00e1tus\u00e1nak 58\/2022. (VII.28.) sz\u00e1m\u00fa hat\u00e1rozata a 2022\/2023-as tan\u00e9v tant\u00e1rgyi k\u00f6vetelm\u00e9nyrendszereir\u0151l az \u00c1ltal\u00e1nos Orvostudom\u00e1nyi Karon<\/a><\/p>\n<p style=\"text-align: justify\"><a href=\"https:\/\/semmelweis.hu\/jogigfoig\/files\/2022\/08\/58_2022_melleklet-1_AOK-kovetelmenyrendszer_HU.pdf\">A Semmelweis Egyetem Szen\u00e1tus\u00e1nak 58\/2022. (VII.28.) sz\u00e1m\u00fa hat\u00e1rozata a 2022\/2023-as tan\u00e9v tant\u00e1rgyi k\u00f6vetelm\u00e9nyrendszereir\u0151l az \u00c1ltal\u00e1nos Orvostudom\u00e1nyi Karon &#8211; 1. sz\u00e1m\u00fa mell\u00e9klet<\/a><\/p>\n<p style=\"text-align: justify\"><a href=\"https:\/\/semmelweis.hu\/jogigfoig\/files\/2022\/08\/58_2022_melleklet-2_AOK-kovetelmenyrendszer_EN-DE.pdf\">A Semmelweis Egyetem Szen\u00e1tus\u00e1nak 58\/2022. (VII.28.) sz\u00e1m\u00fa hat\u00e1rozata a 2022\/2023-as tan\u00e9v tant\u00e1rgyi k\u00f6vetelm\u00e9nyrendszereir\u0151l az \u00c1ltal\u00e1nos Orvostudom\u00e1nyi Karon &#8211; 2. sz\u00e1m\u00fa mell\u00e9klet<\/a><\/p>\n<p style=\"text-align: justify\"><a href=\"https:\/\/semmelweis.hu\/jogigfoig\/files\/2022\/08\/58_2022_melleklet-3_AOK-kovetelmenyrendszer_ujonnan-bevezetendo-valaszthato-targyak.pdf\">A Semmelweis Egyetem Szen\u00e1tus\u00e1nak 58\/2022. (VII.28.) sz\u00e1m\u00fa hat\u00e1rozata a 2022\/2023-as tan\u00e9v tant\u00e1rgyi k\u00f6vetelm\u00e9nyrendszereir\u0151l az \u00c1ltal\u00e1nos Orvostudom\u00e1nyi Karon &#8211; 3. sz\u00e1m\u00fa mell\u00e9klet<\/a><\/p>\n<p style=\"text-align: justify\"><a href=\"https:\/\/semmelweis.hu\/jogigfoig\/files\/2022\/08\/59_2022_GYTK-kurrikulum-modositas.pdf\">A Semmelweis Egyetem Szen\u00e1tus\u00e1nak 59\/2022. (VII.28.) sz\u00e1m\u00fa hat\u00e1rozata a Gy\u00f3gyszer\u00e9sztudom\u00e1nyi Karon a 2022\/2023. tan\u00e9vt\u0151l felmen\u0151 rendszerben bevezetend\u0151 \u00faj mintatantervr\u0151l, valamint a hat\u00e1lyban l\u00e9v\u0151 mintatantervek m\u00f3dos\u00edt\u00e1s\u00e1r\u00f3l<\/a><\/p>\n<p style=\"text-align: justify\"><a href=\"https:\/\/semmelweis.hu\/jogigfoig\/files\/2022\/08\/59_2022_GYTK-kurrikulum-modositas_melleklet-1_GYTK_mintatanterv_I-evf_HU-EN-DE.pdf\">A Semmelweis Egyetem Szen\u00e1tus\u00e1nak 59\/2022. (VII.28.) sz\u00e1m\u00fa hat\u00e1rozata a Gy\u00f3gyszer\u00e9sztudom\u00e1nyi Karon a 2022\/2023. tan\u00e9vt\u0151l felmen\u0151 rendszerben bevezetend\u0151 \u00faj mintatantervr\u0151l, valamint a hat\u00e1lyban l\u00e9v\u0151 mintatantervek m\u00f3dos\u00edt\u00e1s\u00e1r\u00f3l &#8211; 1. sz\u00e1m\u00fa mell\u00e9klet<\/a><\/p>\n<p style=\"text-align: justify\"><a href=\"https:\/\/semmelweis.hu\/jogigfoig\/files\/2022\/08\/59_2022_GYTK-kurrikulum-modositas_melleklet-2_GYTK_mintatanterv_II-evf_HU-EN-DE.pdf\">A Semmelweis Egyetem Szen\u00e1tus\u00e1nak 59\/2022. (VII.28.) sz\u00e1m\u00fa hat\u00e1rozata a Gy\u00f3gyszer\u00e9sztudom\u00e1nyi Karon a 2022\/2023. tan\u00e9vt\u0151l felmen\u0151 rendszerben bevezetend\u0151 \u00faj mintatantervr\u0151l, valamint a hat\u00e1lyban l\u00e9v\u0151 mintatantervek m\u00f3dos\u00edt\u00e1s\u00e1r\u00f3l &#8211; 2. sz\u00e1m\u00fa mell\u00e9klet<\/a><\/p>\n<p style=\"text-align: justify\"><a href=\"https:\/\/semmelweis.hu\/jogigfoig\/files\/2022\/08\/59_2022_GYTK-kurrikulum-modositas_melleklet-3_GYTK_mintatanterv_III-evf_HU-EN-DE.pdf\">A Semmelweis Egyetem Szen\u00e1tus\u00e1nak 59\/2022. (VII.28.) sz\u00e1m\u00fa hat\u00e1rozata a Gy\u00f3gyszer\u00e9sztudom\u00e1nyi Karon a 2022\/2023. tan\u00e9vt\u0151l felmen\u0151 rendszerben bevezetend\u0151 \u00faj mintatantervr\u0151l, valamint a hat\u00e1lyban l\u00e9v\u0151 mintatantervek m\u00f3dos\u00edt\u00e1s\u00e1r\u00f3l &#8211; 3. sz\u00e1m\u00fa mell\u00e9klet<\/a><\/p>\n<p style=\"text-align: justify\"><a href=\"https:\/\/semmelweis.hu\/jogigfoig\/files\/2022\/08\/59_2022_GYTK-kurrikulum-modositas_melleklet-4_GYTK_mintatanterv_IV-evf_HU-EN-DE.pdf\">A Semmelweis Egyetem Szen\u00e1tus\u00e1nak 59\/2022. (VII.28.) sz\u00e1m\u00fa hat\u00e1rozata a Gy\u00f3gyszer\u00e9sztudom\u00e1nyi Karon a 2022\/2023. tan\u00e9vt\u0151l felmen\u0151 rendszerben bevezetend\u0151 \u00faj mintatantervr\u0151l, valamint a hat\u00e1lyban l\u00e9v\u0151 mintatantervek m\u00f3dos\u00edt\u00e1s\u00e1r\u00f3l &#8211; 4. sz\u00e1m\u00fa mell\u00e9klet<\/a><\/p>\n<p style=\"text-align: justify\"><a href=\"https:\/\/semmelweis.hu\/jogigfoig\/files\/2022\/08\/60_2022_EKK-MHI_szakfelelos-valtozas.pdf\">A Semmelweis Egyetem Szen\u00e1tus\u00e1nak 60\/2022. (VII.28.) sz\u00e1m\u00fa hat\u00e1rozata az Eg\u00e9szs\u00e9g\u00fcgyi K\u00f6zszolg\u00e1lati Kar Ment\u00e1lhigi\u00e9n\u00e9 Int\u00e9zet egyes k\u00e9pz\u00e9sei szakfelel\u0151seinek v\u00e1ltoz\u00e1s\u00e1r\u00f3l<\/a><\/p>\n<p style=\"text-align: justify\"><a href=\"https:\/\/semmelweis.hu\/jogigfoig\/files\/2022\/08\/61_2022_AT-Szabalyzat-modositas.pdf\">A Semmelweis Egyetem Szen\u00e1tus\u00e1nak 61\/2022. (VII.28.) sz\u00e1m\u00fa hat\u00e1rozata az Alkalmazotti Szab\u00e1lyzat elfogad\u00e1s\u00e1r\u00f3l<\/a><\/p>\n<p style=\"text-align: justify\"><a href=\"https:\/\/semmelweis.hu\/jogigfoig\/files\/2022\/08\/61_2022_melleklet_Alkalmazotti-Szabalyzat.pdf\">A Semmelweis Egyetem Szen\u00e1tus\u00e1nak 61\/2022. (VII.28.) sz\u00e1m\u00fa hat\u00e1rozata az Alkalmazotti Szab\u00e1lyzat elfogad\u00e1s\u00e1r\u00f3l &#8211; 1. sz\u00e1m\u00fa mell\u00e9klet<\/a><\/p>\n<p style=\"text-align: justify\"><a href=\"https:\/\/semmelweis.hu\/jogigfoig\/files\/2022\/08\/62_2022_Egeszseg-es-tudomanykommunikacio-szabvall.pdf\">A Semmelweis Egyetem Szen\u00e1tus\u00e1nak 62\/2022. (VII.28.) sz\u00e1m\u00fa hat\u00e1rozata az Eg\u00e9szs\u00e9g- \u00e9s tudom\u00e1nykommunik\u00e1ci\u00f3 I-II. elnevez\u00e9s\u0171, szabadon v\u00e1laszthat\u00f3 tant\u00e1rgy ind\u00edt\u00e1s\u00e1r\u00f3l<\/a><\/p>\n<p style=\"text-align: justify\"><a href=\"https:\/\/semmelweis.hu\/jogigfoig\/files\/2022\/08\/62_2022_melleklet_Egeszseg-es-tudomanykommunikacio-szabvall.pdf\">A Semmelweis Egyetem Szen\u00e1tus\u00e1nak 62\/2022. (VII.28.) sz\u00e1m\u00fa hat\u00e1rozata az Eg\u00e9szs\u00e9g- \u00e9s tudom\u00e1nykommunik\u00e1ci\u00f3 I-II. elnevez\u00e9s\u0171, szabadon v\u00e1laszthat\u00f3 tant\u00e1rgy ind\u00edt\u00e1s\u00e1r\u00f3l &#8211; 1. sz\u00e1m\u00fa mell\u00e9klet<\/a><\/p>\n<p style=\"text-align: justify\"><a href=\"https:\/\/semmelweis.hu\/jogigfoig\/files\/2022\/08\/63_2022_2023-evi-allami-miniszteri-kituntetes.pdf\">A Semmelweis Egyetem Szen\u00e1tus\u00e1nak 63\/2022. (VII.28.) sz\u00e1m\u00fa hat\u00e1rozata a 2023. \u00e9vi \u00e1llami, miniszteri szint\u0171 kit\u00fcntet\u00e9sekre t\u00f6rt\u00e9n\u0151 felterjeszt\u00e9sr\u0151l<\/a><\/p>\n<p style=\"text-align: justify\"><a href=\"https:\/\/semmelweis.hu\/jogigfoig\/files\/2022\/08\/64_2022_aktualis-oktatoi.pdf\">A Semmelweis Egyetem Szen\u00e1tus\u00e1nak 64\/2022. (VII.28.) sz\u00e1m\u00fa hat\u00e1rozata az aktu\u00e1lis oktat\u00f3i p\u00e1ly\u00e1zat v\u00e9lem\u00e9nyez\u00e9s\u00e9r\u0151l<\/a><\/p>\n","protected":false},"excerpt":{"rendered":"<p><a href=\"https:\/\/semmelweis.hu\/jogigfoig\/files\/2022\/08\/N_6_2022_hatarozat.pdf\">A Semmelweis Egyetem Szen\u00e1tus\u00e1nak N-6.2022. (VII.28.) sz\u00e1m\u00fa hat\u00e1rozata a szen\u00e1tusi \u00fcl\u00e9s napirendj\u00e9r\u0151l<\/a><br \/>\n<a href=\"https:\/\/semmelweis.hu\/jogigfoig\/files\/2022\/08\/52_2022_Az-SzMSz-egyes-rendelkezeseinek-modositasarol.pdf\">A Semmelweis Egyetem\u00a0Szen\u00e1tus\u00e1nak\u00a052\/2022. (VII.28.) sz\u00e1m\u00fa hat\u00e1rozata\u00a0a Szervezeti \u00e9s M\u0171k\u00f6d\u00e9si Szab\u00e1lyzat egyes rendelkez\u00e9seinek m\u00f3dos\u00edt\u00e1s\u00e1r\u00f3l<\/a><br \/>\n<a href=\"https:\/\/semmelweis.hu\/jogigfoig\/files\/2022\/08\/52_2022_melleklet_az-SzMSz-egyes-rendelkezeseinek-modositasarol_.pdf\">A Semmelweis Egyetem Szen\u00e1tus\u00e1nak 52\/2022. (VII.28.) sz\u00e1m\u00fa hat\u00e1rozata a Szervezeti \u00e9s M\u0171k\u00f6d\u00e9si Szab\u00e1lyzat egyes rendelkez\u00e9seinek m\u00f3dos\u00edt\u00e1s\u00e1r\u00f3l &#8211; 1. sz\u00e1m\u00fa mell\u00e9klet<\/a><br \/>\n<a href=\"https:\/\/semmelweis.hu\/jogigfoig\/files\/2022\/08\/52_2022_HOK-egyetertes.pdf\">A Semmelweis Egyetem Szen\u00e1tus\u00e1nak 52\/2022. (VII.28.) sz\u00e1m\u00fa hat\u00e1rozata a Szervezeti \u00e9s M\u0171k\u00f6d\u00e9si Szab\u00e1lyzat egyes rendelkez\u00e9seinek m\u00f3dos\u00edt\u00e1s\u00e1r\u00f3l \u2013 Hallgat\u00f3i \u00d6nkorm\u00e1nyzat egyet\u00e9rt\u00e9s<\/a><br \/>\n<a href=\"https:\/\/semmelweis.hu\/jogigfoig\/files\/2022\/08\/52_2022_DOK-egyetertes.pdf\">A Semmelweis Egyetem Szen\u00e1tus\u00e1nak 52\/2022. (VII.28.) sz\u00e1m\u00fa hat\u00e1rozata a Szervezeti \u00e9s M\u0171k\u00f6d\u00e9si Szab\u00e1lyzat egyes rendelkez\u00e9seinek m\u00f3dos\u00edt\u00e1s\u00e1r\u00f3l \u2013 Doktorandusz \u00d6nkorm\u00e1nyzat egyet\u00e9rt\u00e9s<\/a><br \/>\n<a href=\"https:\/\/semmelweis.hu\/jogigfoig\/files\/2022\/08\/53_2022_az-SzMSz-egyes-rendelkezeseinek-modositasarol_FKR.pdf\">A Semmelweis Egyetem Szen\u00e1tus\u00e1nak 53\/2022. (VII.28.) sz\u00e1m\u00fa hat\u00e1rozata a Szervezeti \u00e9s M\u0171k\u00f6d\u00e9si Szab\u00e1lyzat egyes rendelkez\u00e9seinek m\u00f3dos\u00edt\u00e1s\u00e1r\u00f3l (foglalkoztat\u00e1si k\u00f6vetelm\u00e9nyrendszer)<\/a><br \/>\n<a href=\"https:\/\/semmelweis.hu\/jogigfoig\/files\/2022\/08\/53_2022_melleklet_FKR-modositasa.pdf\">A Semmelweis Egyetem Szen\u00e1tus\u00e1nak 53\/2022. (VII.28.) sz\u00e1m\u00fa hat\u00e1rozata a Szervezeti \u00e9s M\u0171k\u00f6d\u00e9si Szab\u00e1lyzat egyes rendelkez\u00e9seinek m\u00f3dos\u00edt\u00e1s\u00e1r\u00f3l (foglalkoztat\u00e1si k\u00f6vetelm\u00e9nyrendszer) &#8211; 1. sz\u00e1m\u00fa mell\u00e9klet<\/a><br \/>\n<a href=\"https:\/\/semmelweis.hu\/jogigfoig\/files\/2022\/08\/54_2022_SzMSz-modositas_HKR_TJSZ.pdf\">A Semmelweis Egyetem\u00a0Szen\u00e1tus\u00e1nak\u00a054\/2022. (VII.28.) sz\u00e1m\u00fa hat\u00e1rozata\u00a0a 2021\/2022. tan\u00e9vben az \u00e1tsorol\u00e1shoz sz\u00fcks\u00e9ges megszerzend\u0151 kreditek sz\u00e1m\u00e1nak \u00e9s el\u00e9rend\u0151 s\u00falyozott tanulm\u00e1nyi \u00e1tlag m\u00e9rt\u00e9k\u00e9nek v\u00e9lem\u00e9nyez\u00e9s\u00e9r\u0151l, tov\u00e1bb\u00e1 a 2022\/2023-as tan\u00e9vt\u0151l a Szervezeti \u00e9s M\u0171k\u00f6d\u00e9si Szab\u00e1lyzat III.4. T\u00e9r\u00edt\u00e9si \u00e9s Juttat\u00e1si szab\u00e1lyzat \u00e1tsorol\u00e1shoz kapcsol\u00f3d\u00f3 egyes rendelkez\u00e9seinek m\u00f3dos\u00edt\u00e1s\u00e1r\u00f3l<\/a><br \/>\n<a href=\"https:\/\/semmelweis.hu\/jogigfoig\/files\/2022\/09\/Szenatusi-Eloterjesztes-atsorolas_melleklet_1.pdf\">A Semmelweis Egyetem Szen\u00e1tus\u00e1nak 54\/2022. (VII.28.) sz\u00e1m\u00fa hat\u00e1rozata a 2021\/2022. tan\u00e9vben az \u00e1tsorol\u00e1shoz sz\u00fcks\u00e9ges megszerzend\u0151 kreditek sz\u00e1m\u00e1nak \u00e9s el\u00e9rend\u0151 s\u00falyozott tanulm\u00e1nyi \u00e1tlag m\u00e9rt\u00e9k\u00e9nek v\u00e9lem\u00e9nyez\u00e9s\u00e9r\u0151l, tov\u00e1bb\u00e1 a 2022\/2023-as tan\u00e9vt\u0151l a Szervezeti \u00e9s M\u0171k\u00f6d\u00e9si Szab\u00e1lyzat III.4. T\u00e9r\u00edt\u00e9si \u00e9s Juttat\u00e1si szab\u00e1lyzat \u00e1tsorol\u00e1shoz kapcsol\u00f3d\u00f3 egyes rendelkez\u00e9seinek m\u00f3dos\u00edt\u00e1s\u00e1r\u00f3l &#8211; 1. sz\u00e1m\u00fa mell\u00e9klet<\/a><br \/>\n<a href=\"https:\/\/semmelweis.hu\/jogigfoig\/files\/2022\/08\/54_2022_HOK-egyetertes.pdf\">A Semmelweis Egyetem Szen\u00e1tus\u00e1nak 54\/2022. (VII.28.) sz\u00e1m\u00fa hat\u00e1rozata a 2021\/2022. tan\u00e9vben az \u00e1tsorol\u00e1shoz sz\u00fcks\u00e9ges megszerzend\u0151 kreditek sz\u00e1m\u00e1nak \u00e9s el\u00e9rend\u0151 s\u00falyozott tanulm\u00e1nyi \u00e1tlag m\u00e9rt\u00e9k\u00e9nek v\u00e9lem\u00e9nyez\u00e9s\u00e9r\u0151l, tov\u00e1bb\u00e1 a 2022\/2023-as tan\u00e9vt\u0151l a Szervezeti \u00e9s M\u0171k\u00f6d\u00e9si Szab\u00e1lyzat III.4. T\u00e9r\u00edt\u00e9si \u00e9s Juttat\u00e1si szab\u00e1lyzat \u00e1tsorol\u00e1shoz kapcsol\u00f3d\u00f3 egyes rendelkez\u00e9seinek m\u00f3dos\u00edt\u00e1s\u00e1r\u00f3l \u2013 Hallgat\u00f3i \u00d6nkorm\u00e1nyzat egyet\u00e9rt\u00e9s<\/a><br \/>\n<a href=\"https:\/\/semmelweis.hu\/jogigfoig\/files\/2022\/08\/55_2022_KK-ugyrend-modositas.pdf\">A Semmelweis Egyetem Szen\u00e1tus\u00e1nak 55\/2022. (VII.28.) sz\u00e1m\u00fa hat\u00e1rozata a Klinikai K\u00f6zpont \u00fcgyrendj\u00e9nek m\u00f3dos\u00edt\u00e1s\u00e1r\u00f3l<\/a><br \/>\n<a href=\"https:\/\/semmelweis.hu\/jogigfoig\/files\/2022\/08\/55_2022_melleklet_KK-ugyrend.pdf\">A Semmelweis Egyetem Szen\u00e1tus\u00e1nak 55\/2022. (VII.28.) sz\u00e1m\u00fa hat\u00e1rozata a Klinikai K\u00f6zpont \u00fcgyrendj\u00e9nek m\u00f3dos\u00edt\u00e1s\u00e1r\u00f3l\u00a0 &#8211; 1. sz\u00e1m\u00fa mell\u00e9klet<\/a><br \/>\n<a href=\"https:\/\/semmelweis.hu\/jogigfoig\/files\/2022\/08\/56_2022_Klinikai-Kutatasokrol-szolo-Szabalyzat-modositasa.pdf\">A Semmelweis Egyetem Szen\u00e1tus\u00e1nak 56\/2022. (VII.28.) sz\u00e1m\u00fa hat\u00e1rozata a Klinikai Kutat\u00e1sokr\u00f3l sz\u00f3l\u00f3 Szab\u00e1lyzat m\u00f3dos\u00edt\u00e1s\u00e1r\u00f3l<\/a><br \/>\n<a href=\"https:\/\/semmelweis.hu\/jogigfoig\/files\/2022\/08\/56_2022_melleklet_Klinikai-kutatasok-vizsgalatok-szabalyzata.pdf\">A Semmelweis Egyetem Szen\u00e1tus\u00e1nak 56\/2022. (VII.28.) sz\u00e1m\u00fa hat\u00e1rozata a Klinikai Kutat\u00e1sokr\u00f3l sz\u00f3l\u00f3 Szab\u00e1lyzat m\u00f3dos\u00edt\u00e1s\u00e1r\u00f3l &#8211; 1. sz\u00e1m\u00fa mell\u00e9klet<\/a><br \/>\n<a href=\"https:\/\/semmelweis.hu\/jogigfoig\/files\/2022\/08\/57_2022_2019-2020-as-kurrikulum-modositas_AOK.pdf\">A Semmelweis Egyetem Szen\u00e1tus\u00e1nak 57\/2022. (VII.28.) sz\u00e1m\u00fa hat\u00e1rozata az \u00c1ltal\u00e1nos Orvostudom\u00e1nyi Karon a 2019\/2020-as tan\u00e9vt\u0151l bevezetett orvosk\u00e9pz\u00e9s kurrikulum\u00e1nak m\u00f3dos\u00edt\u00e1s\u00e1ra tett javaslatr\u00f3l<\/a><br \/>\n<a href=\"https:\/\/semmelweis.hu\/jogigfoig\/files\/2022\/08\/57_2022_melleklet_2019-2020-as-kurrikulum-modositas.pdf\">A Semmelweis Egyetem Szen\u00e1tus\u00e1nak 57\/2022. (VII.28.) sz\u00e1m\u00fa hat\u00e1rozata az \u00c1ltal\u00e1nos Orvostudom\u00e1nyi Karon a 2019\/2020-as tan\u00e9vt\u0151l bevezetett orvosk\u00e9pz\u00e9s kurrikulum\u00e1nak m\u00f3dos\u00edt\u00e1s\u00e1ra tett javaslatr\u00f3l &#8211; 1. sz\u00e1m\u00fa mell\u00e9klet<\/a><br \/>\n<a href=\"https:\/\/semmelweis.hu\/jogigfoig\/files\/2022\/08\/58_2022_2022-2023-as-tantargyi-kovetelmenyrendszer_AOK.pdf\">A Semmelweis Egyetem Szen\u00e1tus\u00e1nak 58\/2022. (VII.28.) sz\u00e1m\u00fa hat\u00e1rozata a 2022\/2023-as tan\u00e9v tant\u00e1rgyi k\u00f6vetelm\u00e9nyrendszereir\u0151l az \u00c1ltal\u00e1nos Orvostudom\u00e1nyi Karon<\/a><br \/>\n<a href=\"https:\/\/semmelweis.hu\/jogigfoig\/files\/2022\/08\/58_2022_melleklet-1_AOK-kovetelmenyrendszer_HU.pdf\">A Semmelweis Egyetem Szen\u00e1tus\u00e1nak 58\/2022. (VII.28.) sz\u00e1m\u00fa hat\u00e1rozata a 2022\/2023-as tan\u00e9v tant\u00e1rgyi k\u00f6vetelm\u00e9nyrendszereir\u0151l az \u00c1ltal\u00e1nos Orvostudom\u00e1nyi Karon &#8211; 1. sz\u00e1m\u00fa mell\u00e9klet<\/a><br \/>\n<a href=\"https:\/\/semmelweis.hu\/jogigfoig\/files\/2022\/08\/58_2022_melleklet-2_AOK-kovetelmenyrendszer_EN-DE.pdf\">A Semmelweis Egyetem Szen\u00e1tus\u00e1nak 58\/2022. (VII.28.) sz\u00e1m\u00fa hat\u00e1rozata a 2022\/2023-as tan\u00e9v tant\u00e1rgyi k\u00f6vetelm\u00e9nyrendszereir\u0151l az \u00c1ltal\u00e1nos Orvostudom\u00e1nyi Karon &#8211; 2. sz\u00e1m\u00fa mell\u00e9klet<\/a><br \/>\n<a href=\"https:\/\/semmelweis.hu\/jogigfoig\/files\/2022\/08\/58_2022_melleklet-3_AOK-kovetelmenyrendszer_ujonnan-bevezetendo-valaszthato-targyak.pdf\">A Semmelweis Egyetem Szen\u00e1tus\u00e1nak 58\/2022. (VII.28.) sz\u00e1m\u00fa hat\u00e1rozata a 2022\/2023-as tan\u00e9v tant\u00e1rgyi k\u00f6vetelm\u00e9nyrendszereir\u0151l az \u00c1ltal\u00e1nos Orvostudom\u00e1nyi Karon &#8211; 3. sz\u00e1m\u00fa mell\u00e9klet<\/a><br \/>\n<a href=\"https:\/\/semmelweis.hu\/jogigfoig\/files\/2022\/08\/59_2022_GYTK-kurrikulum-modositas.pdf\">A Semmelweis Egyetem Szen\u00e1tus\u00e1nak 59\/2022. (VII.28.) sz\u00e1m\u00fa hat\u00e1rozata a Gy\u00f3gyszer\u00e9sztudom\u00e1nyi Karon a 2022\/2023. tan\u00e9vt\u0151l felmen\u0151 rendszerben bevezetend\u0151 \u00faj mintatantervr\u0151l, valamint a hat\u00e1lyban l\u00e9v\u0151 mintatantervek m\u00f3dos\u00edt\u00e1s\u00e1r\u00f3l<\/a><br \/>\n<a href=\"https:\/\/semmelweis.hu\/jogigfoig\/files\/2022\/08\/59_2022_GYTK-kurrikulum-modositas_melleklet-1_GYTK_mintatanterv_I-evf_HU-EN-DE.pdf\">A Semmelweis Egyetem Szen\u00e1tus\u00e1nak 59\/2022. (VII.28.) sz\u00e1m\u00fa hat\u00e1rozata a Gy\u00f3gyszer\u00e9sztudom\u00e1nyi Karon a 2022\/2023. tan\u00e9vt\u0151l felmen\u0151 rendszerben bevezetend\u0151 \u00faj mintatantervr\u0151l, valamint a hat\u00e1lyban l\u00e9v\u0151 mintatantervek m\u00f3dos\u00edt\u00e1s\u00e1r\u00f3l &#8211; 1. sz\u00e1m\u00fa mell\u00e9klet<\/a><br \/>\n<a href=\"https:\/\/semmelweis.hu\/jogigfoig\/files\/2022\/08\/59_2022_GYTK-kurrikulum-modositas_melleklet-2_GYTK_mintatanterv_II-evf_HU-EN-DE.pdf\">A Semmelweis Egyetem Szen\u00e1tus\u00e1nak 59\/2022. (VII.28.) sz\u00e1m\u00fa hat\u00e1rozata a Gy\u00f3gyszer\u00e9sztudom\u00e1nyi Karon a 2022\/2023. tan\u00e9vt\u0151l felmen\u0151 rendszerben bevezetend\u0151 \u00faj mintatantervr\u0151l, valamint a hat\u00e1lyban l\u00e9v\u0151 mintatantervek m\u00f3dos\u00edt\u00e1s\u00e1r\u00f3l &#8211; 2. sz\u00e1m\u00fa mell\u00e9klet<\/a><br \/>\n<a href=\"https:\/\/semmelweis.hu\/jogigfoig\/files\/2022\/08\/59_2022_GYTK-kurrikulum-modositas_melleklet-3_GYTK_mintatanterv_III-evf_HU-EN-DE.pdf\">A Semmelweis Egyetem Szen\u00e1tus\u00e1nak 59\/2022. (VII.28.) sz\u00e1m\u00fa hat\u00e1rozata a Gy\u00f3gyszer\u00e9sztudom\u00e1nyi Karon a 2022\/2023. tan\u00e9vt\u0151l felmen\u0151 rendszerben bevezetend\u0151 \u00faj mintatantervr\u0151l, valamint a hat\u00e1lyban l\u00e9v\u0151 mintatantervek m\u00f3dos\u00edt\u00e1s\u00e1r\u00f3l &#8211; 3. sz\u00e1m\u00fa mell\u00e9klet<\/a><br \/>\n<a href=\"https:\/\/semmelweis.hu\/jogigfoig\/files\/2022\/08\/59_2022_GYTK-kurrikulum-modositas_melleklet-4_GYTK_mintatanterv_IV-evf_HU-EN-DE.pdf\">A Semmelweis Egyetem Szen\u00e1tus\u00e1nak 59\/2022. (VII.28.) sz\u00e1m\u00fa hat\u00e1rozata a Gy\u00f3gyszer\u00e9sztudom\u00e1nyi Karon a 2022\/2023. tan\u00e9vt\u0151l felmen\u0151 rendszerben bevezetend\u0151 \u00faj mintatantervr\u0151l, valamint a hat\u00e1lyban l\u00e9v\u0151 mintatantervek m\u00f3dos\u00edt\u00e1s\u00e1r\u00f3l &#8211; 4. sz\u00e1m\u00fa mell\u00e9klet<\/a><br \/>\n<a href=\"https:\/\/semmelweis.hu\/jogigfoig\/files\/2022\/08\/60_2022_EKK-MHI_szakfelelos-valtozas.pdf\">A Semmelweis Egyetem Szen\u00e1tus\u00e1nak 60\/2022. (VII.28.) sz\u00e1m\u00fa hat\u00e1rozata az Eg\u00e9szs\u00e9g\u00fcgyi K\u00f6zszolg\u00e1lati Kar Ment\u00e1lhigi\u00e9n\u00e9 Int\u00e9zet egyes k\u00e9pz\u00e9sei szakfelel\u0151seinek v\u00e1ltoz\u00e1s\u00e1r\u00f3l<\/a><br \/>\n<a href=\"https:\/\/semmelweis.hu\/jogigfoig\/files\/2022\/08\/61_2022_AT-Szabalyzat-modositas.pdf\">A Semmelweis Egyetem Szen\u00e1tus\u00e1nak 61\/2022. (VII.28.) sz\u00e1m\u00fa hat\u00e1rozata az Alkalmazotti Szab\u00e1lyzat elfogad\u00e1s\u00e1r\u00f3l<\/a><br \/>\n<a href=\"https:\/\/semmelweis.hu\/jogigfoig\/files\/2022\/08\/61_2022_melleklet_Alkalmazotti-Szabalyzat.pdf\">A Semmelweis Egyetem Szen\u00e1tus\u00e1nak 61\/2022. (VII.28.) sz\u00e1m\u00fa hat\u00e1rozata az Alkalmazotti Szab\u00e1lyzat elfogad\u00e1s\u00e1r\u00f3l &#8211; 1. sz\u00e1m\u00fa mell\u00e9klet<\/a><br \/>\n<a href=\"https:\/\/semmelweis.hu\/jogigfoig\/files\/2022\/08\/62_2022_Egeszseg-es-tudomanykommunikacio-szabvall.pdf\">A Semmelweis Egyetem Szen\u00e1tus\u00e1nak 62\/2022. (VII.28.) sz\u00e1m\u00fa hat\u00e1rozata az Eg\u00e9szs\u00e9g- \u00e9s tudom\u00e1nykommunik\u00e1ci\u00f3 I-II. elnevez\u00e9s\u0171, szabadon v\u00e1laszthat\u00f3 tant\u00e1rgy ind\u00edt\u00e1s\u00e1r\u00f3l<\/a><br \/>\n<a href=\"https:\/\/semmelweis.hu\/jogigfoig\/files\/2022\/08\/62_2022_melleklet_Egeszseg-es-tudomanykommunikacio-szabvall.pdf\">A Semmelweis Egyetem Szen\u00e1tus\u00e1nak 62\/2022. (VII.28.) sz\u00e1m\u00fa hat\u00e1rozata az Eg\u00e9szs\u00e9g- \u00e9s tudom\u00e1nykommunik\u00e1ci\u00f3 I-II. elnevez\u00e9s\u0171, szabadon v\u00e1laszthat\u00f3 tant\u00e1rgy ind\u00edt\u00e1s\u00e1r\u00f3l &#8211; 1. sz\u00e1m\u00fa mell\u00e9klet<\/a><br \/>\n<a href=\"https:\/\/semmelweis.hu\/jogigfoig\/files\/2022\/08\/63_2022_2023-evi-allami-miniszteri-kituntetes.pdf\">A Semmelweis Egyetem Szen\u00e1tus\u00e1nak 63\/2022. (VII.28.) sz\u00e1m\u00fa hat\u00e1rozata a 2023. \u00e9vi \u00e1llami, miniszteri szint\u0171 kit\u00fcntet\u00e9sekre t\u00f6rt\u00e9n\u0151 felterjeszt\u00e9sr\u0151l<\/a><br \/>\n<a href=\"https:\/\/semmelweis.hu\/jogigfoig\/files\/2022\/08\/64_2022_aktualis-oktatoi.pdf\">A Semmelweis Egyetem Szen\u00e1tus\u00e1nak 64\/2022. (VII.28.) sz\u00e1m\u00fa hat\u00e1rozata az aktu\u00e1lis oktat\u00f3i p\u00e1ly\u00e1zat v\u00e9lem\u00e9nyez\u00e9s\u00e9r\u0151l<\/a><\/p>\n","protected":false},"author":101095,"featured_media":0,"parent":82992,"menu_order":8,"comment_status":"closed","ping_status":"closed","template":"","meta":{"_acf_changed":false,"footnotes":""},"categories":[],"tags":[],"class_list":["post-84445","page","type-page","status-publish","hentry"],"acf":[],"_links":{"self":[{"href":"https:\/\/semmelweis.hu\/jogigfoig\/wp-json\/wp\/v2\/pages\/84445","targetHints":{"allow":["GET"]}}],"collection":[{"href":"https:\/\/semmelweis.hu\/jogigfoig\/wp-json\/wp\/v2\/pages"}],"about":[{"href":"https:\/\/semmelweis.hu\/jogigfoig\/wp-json\/wp\/v2\/types\/page"}],"author":[{"embeddable":true,"href":"https:\/\/semmelweis.hu\/jogigfoig\/wp-json\/wp\/v2\/users\/101095"}],"replies":[{"embeddable":true,"href":"https:\/\/semmelweis.hu\/jogigfoig\/wp-json\/wp\/v2\/comments?post=84445"}],"version-history":[{"count":10,"href":"https:\/\/semmelweis.hu\/jogigfoig\/wp-json\/wp\/v2\/pages\/84445\/revisions"}],"predecessor-version":[{"id":84654,"href":"https:\/\/semmelweis.hu\/jogigfoig\/wp-json\/wp\/v2\/pages\/84445\/revisions\/84654"}],"up":[{"embeddable":true,"href":"https:\/\/semmelweis.hu\/jogigfoig\/wp-json\/wp\/v2\/pages\/82992"}],"wp:attachment":[{"href":"https:\/\/semmelweis.hu\/jogigfoig\/wp-json\/wp\/v2\/media?parent=84445"}],"wp:term":[{"taxonomy":"category","embeddable":true,"href":"https:\/\/semmelweis.hu\/jogigfoig\/wp-json\/wp\/v2\/categories?post=84445"},{"taxonomy":"post_tag","embeddable":true,"href":"https:\/\/semmelweis.hu\/jogigfoig\/wp-json\/wp\/v2\/tags?post=84445"}],"curies":[{"name":"wp","href":"https:\/\/api.w.org\/{rel}","templated":true}]}}