{"id":833,"date":"2012-12-20T09:54:14","date_gmt":"2012-12-20T09:54:14","guid":{"rendered":"http:\/\/semmelweis-egyetem.hu\/rektori-hivatal\/?page_id=833"},"modified":"2020-02-13T09:46:46","modified_gmt":"2020-02-13T08:46:46","slug":"2012-decmeber-13","status":"publish","type":"page","link":"https:\/\/semmelweis.hu\/jogigfoig\/testuletek\/szenatus\/2012-evi-szenatusi-hatarozatok\/2012-decmeber-13\/","title":{"rendered":"2012. december 13."},"content":{"rendered":"<ul>\n<li style=\"text-align: justify\"><a href=\"https:\/\/semmelweis.hu\/rektori-hivatal\/files\/2012\/12\/N-XII_13_2012_napirend-elfogad\u00e1sa.pdf\" target=\"_blank\" rel=\"noopener noreferrer\">N-XII. 13\/2012. sz. hat. a szen\u00e1tusi \u00fcl\u00e9s napirendi pontjainak elfogad\u00e1s\u00e1r\u00f3l <\/a><\/li>\n<li style=\"text-align: justify\"><a href=\"https:\/\/semmelweis.hu\/rektori-hivatal\/files\/2012\/12\/121_a_2012_XII_13_h_a_oxiologia.pdf\" target=\"_blank\" rel=\"noopener noreferrer\">121\/a\/2012. (XII.13.) sz. hat. a S\u00fcrg\u0151ss\u00e9gi Orvostan-Oxiol\u00f3gia Tansz\u00e9ki Csoport l\u00e9trehoz\u00e1s\u00e1r\u00f3l, tov\u00e1bb\u00e1 a Honv\u00e9d-, Katasztr\u00f3fa-orvostani \u00e9s Oxiol\u00f3giai Tansz\u00e9k\u00a0 elnevez\u00e9s\u00e9nek m\u00f3dos\u00edt\u00e1s\u00e1r\u00f3l, valamint ezekkel \u00f6sszef\u00fcgg\u00e9sben a Szervezeti \u00e9s M\u0171k\u00f6d\u00e9si Szab\u00e1lyzat m\u00f3dos\u00edt\u00e1s\u00e1r\u00f3l <\/a><\/li>\n<li style=\"text-align: justify\"><a href=\"https:\/\/semmelweis.hu\/rektori-hivatal\/files\/2012\/12\/121_b_2012_XII_13_hat_oxiologia.pdf\" target=\"_blank\" rel=\"noopener noreferrer\">121\/b\/2012. (XII.13.) sz. hat. a S\u00fcrg\u0151ss\u00e9gi Orvostan-Oxiol\u00f3gia Tansz\u00e9ki Csoport l\u00e9trehoz\u00e1s\u00e1r\u00f3l, tov\u00e1bb\u00e1 a Honv\u00e9d-, Katasztr\u00f3fa-orvostani \u00e9s Oxiol\u00f3giai Tansz\u00e9k elnevez\u00e9s\u00e9nek m\u00f3dos\u00edt\u00e1s\u00e1r\u00f3l, valamint ezekkel \u00f6sszef\u00fcgg\u00e9sben a Szervezeti \u00e9s M\u0171k\u00f6d\u00e9si Szab\u00e1lyzat m\u00f3dos\u00edt\u00e1s\u00e1r\u00f3l <\/a><\/li>\n<li style=\"text-align: justify\"><a href=\"https:\/\/semmelweis.hu\/rektori-hivatal\/files\/2012\/12\/122_a_Nyilatkozatt\u00e9telrendje.pdf\" target=\"_blank\" rel=\"noopener noreferrer\">122\/a\/2012. (XII.13.) sz. hat. a Nyilatkozatt\u00e9tel \u00e9s a sajt\u00f3esem\u00e9nyek szervez\u00e9s\u00e9nek, valamint a honlaprendszer tartalmi m\u0171k\u00f6d\u00e9s\u00e9nek rendj\u00e9r\u0151l a Semmelweis Egyetemen <\/a><\/li>\n<li style=\"text-align: justify\"><a href=\"https:\/\/semmelweis.hu\/rektori-hivatal\/files\/2012\/12\/122_b_Nyilatkozatt\u00e9telrendje.pdf\" target=\"_blank\" rel=\"noopener noreferrer\">122\/b\/2012. (XII.13.) sz. hat. a Nyilatkozatt\u00e9tel \u00e9s a sajt\u00f3esem\u00e9nyek szervez\u00e9s\u00e9nek, valamint a honlaprendszer tartalmi m\u0171k\u00f6d\u00e9s\u00e9nek rendj\u00e9r\u0151l a Semmelweis Egyetemen <\/a><\/li>\n<li style=\"text-align: justify\"><a href=\"https:\/\/semmelweis.hu\/rektori-hivatal\/files\/2013\/02\/123_sz_XII_13_\u00e1lland\u00f3-bizotts\u00e1gok-szem\u00e9lyi-\u00f6sszet\u00e9tel\u00e9r\u0151l.pdf\" target=\"_blank\" rel=\"noopener noreferrer\">123\/2012. (XII.13.) sz. hat. az \u00e1lland\u00f3 bizotts\u00e1gok szem\u00e9lyi \u00f6sszet\u00e9tel\u00e9r\u0151l <\/a><\/li>\n<li style=\"text-align: justify\"><a href=\"https:\/\/semmelweis.hu\/rektori-hivatal\/files\/2012\/12\/124_a_2012_XII_13_hat_szen\u00e1tus_tan\u00e1rk\u00e9pz\u0151_kp.pdf\">124\/a\/2012. (XII.13.) sz. hat. a Szervezeti \u00e9s M\u0171k\u00f6d\u00e9si Szab\u00e1lyzat m\u00f3dos\u00edt\u00e1s\u00e1r\u00f3l a Szen\u00e1tus \u00f6sszet\u00e9tel\u00e9vel\u00a0 \u00e9s m\u0171k\u00f6d\u00e9s\u00e9nek\u00a0 rendj\u00e9vel, valamint a Tan\u00e1rk\u00e9pz\u0151 K\u00f6zpont l\u00e9trehoz\u00e1s\u00e1val \u00f6sszef\u00fcgg\u00e9sben <\/a><\/li>\n<li style=\"text-align: justify\"><a href=\"https:\/\/semmelweis.hu\/rektori-hivatal\/files\/2012\/12\/124_b_2012_XII_13_hat_szen\u00e1tus_tan\u00e1rk\u00e9pz\u0151_kp.pdf\" target=\"_blank\" rel=\"noopener noreferrer\">124\/b\/2012. (XII.13.) sz. hat. a Szervezeti \u00e9s M\u0171k\u00f6d\u00e9si Szab\u00e1lyzat m\u00f3dos\u00edt\u00e1s\u00e1r\u00f3l a Szen\u00e1tus \u00f6sszet\u00e9tel\u00e9vel \u00e9s m\u0171k\u00f6d\u00e9s\u00e9nek rendj\u00e9vel, valamint a Tan\u00e1rk\u00e9pz\u0151 K\u00f6zpont l\u00e9trehoz\u00e1s\u00e1val \u00f6sszef\u00fcgg\u00e9sben <\/a><\/li>\n<li style=\"text-align: justify\"><a href=\"https:\/\/semmelweis.hu\/rektori-hivatal\/files\/2012\/12\/125_a_2012_XII_13_hat._\u00c1OK_FOK_GYTK_TVSZ.pdf\" target=\"_blank\" rel=\"noopener noreferrer\">125\/a\/2012. (XII.13.) sz. hat. az \u00c1ltal\u00e1nos Orvostudom\u00e1nyi Kar, a Fogorvostudom\u00e1nyi Kar \u00e9s Gy\u00f3gyszer\u00e9sztudom\u00e1nyi Kar Kreditrendszer\u0171 Tanulm\u00e1nyi\u00a0 \u00e9s Vizsgaszab\u00e1lyzat\u00e1nak m\u00f3dos\u00edt\u00e1s\u00e1r\u00f3l <\/a><\/li>\n<li style=\"text-align: justify\"><a href=\"https:\/\/semmelweis.hu\/rektori-hivatal\/files\/2012\/12\/125_b_2012_XII_13_hat_\u00c1OK_FOK_GYTK_TVSZ.pdf\" target=\"_blank\" rel=\"noopener noreferrer\">125\/b\/2012. (XII.13.) sz. hat. az \u00c1ltal\u00e1nos Orvostudom\u00e1nyi Kar, a Fogorvostudom\u00e1nyi Kar \u00e9s Gy\u00f3gyszer\u00e9sztudom\u00e1nyi Kar Kreditrendszer\u0171 Tanulm\u00e1nyi \u00e9s Vizsgaszab\u00e1lyzat\u00e1nak\u00a0 m\u00f3dos\u00edt\u00e1s\u00e1r\u00f3<\/a>l<\/li>\n<li style=\"text-align: justify\"><a href=\"https:\/\/semmelweis.hu\/rektori-hivatal\/files\/2012\/12\/126_a_2012_XII_13_hat_ETK_TVSZ.pdf\" target=\"_blank\" rel=\"noopener noreferrer\">126\/a\/2012. (XII.13.) sz. hat. a Semmelweis Egyetem Eg\u00e9szs\u00e9gtudom\u00e1nyi Kar Tanulm\u00e1nyi \u00e9s Vizsgaszab\u00e1lyzat\u00e1nak\u00a0 m\u00f3dos\u00edt\u00e1s\u00e1r\u00f3l <\/a><\/li>\n<li style=\"text-align: justify\"><a href=\"https:\/\/semmelweis.hu\/rektori-hivatal\/files\/2013\/04\/126_b_2012_XII_13_hat_ETK_TVSZ.pdf\" target=\"_blank\" rel=\"noopener noreferrer\">126\/b\/2012. (XII.13.) sz. hat. a Semmelweis Egyetem Eg\u00e9szs\u00e9gtudom\u00e1nyi Kar Tanulm\u00e1nyi \u00e9s Vizsgaszab\u00e1lyzat\u00e1nak m\u00f3dos\u00edt\u00e1s\u00e1r\u00f3l <\/a><\/li>\n<li style=\"text-align: justify\"><a href=\"https:\/\/semmelweis.hu\/rektori-hivatal\/files\/2012\/12\/127_a_2012_XII_13_hat_EKK_TVSZ.pdf\" target=\"_blank\" rel=\"noopener noreferrer\">127\/a\/2012. (XII.13.) sz. hat az Eg\u00e9szs\u00e9g\u00fcgyi K\u00f6zszolg\u00e1lati Kar Tanulm\u00e1nyi Vizsgaszab\u00e1lyzat\u00e1nak m\u00f3dos\u00edt\u00e1s\u00e1r\u00f3l <\/a><\/li>\n<li style=\"text-align: justify\"><a href=\"https:\/\/semmelweis.hu\/rektori-hivatal\/files\/2012\/12\/127_b_2012_XII_13_hat_EKK_TVSZ.pdf\" target=\"_blank\" rel=\"noopener noreferrer\">127\/b\/2012. (XII.13.) sz. hat. az Eg\u00e9szs\u00e9g\u00fcgyi K\u00f6zszolg\u00e1lati Kar Tanulm\u00e1nyi Vizsgaszab\u00e1lyzat\u00e1nak m\u00f3dos\u00edt\u00e1s\u00e1r\u00f3l <\/a><\/li>\n<li style=\"text-align: justify\"><a href=\"https:\/\/semmelweis.hu\/rektori-hivatal\/files\/2012\/12\/128_a_2012_XII_13_hat_TSK_TVSZ.pdf\" target=\"_blank\" rel=\"noopener noreferrer\">128\/a\/2012. (XII.13.) sz. hat. a Testnevel\u00e9si \u00e9s Sporttudom\u00e1nyi Kar Tanulm\u00e1nyi \u00e9s Vizsgaszab\u00e1lyzat\u00e1nak m\u00f3dos\u00edt\u00e1s\u00e1r\u00f3l <\/a><\/li>\n<li style=\"text-align: justify\"><a href=\"https:\/\/semmelweis.hu\/rektori-hivatal\/files\/2012\/12\/128_b_2012_XII_13_hat_TSK_TVSZ.pdf\" target=\"_blank\" rel=\"noopener noreferrer\">128\/b\/2012. (XII.13.) sz. hat. a Testnevel\u00e9si \u00e9s Sporttudom\u00e1nyi Kar Tanulm\u00e1nyi \u00e9s Vizsgaszab\u00e1lyzat\u00e1nak m\u00f3dos\u00edt\u00e1s\u00e1r\u00f3l <\/a><\/li>\n<li style=\"text-align: justify\"><a href=\"https:\/\/semmelweis.hu\/rektori-hivatal\/files\/2012\/12\/129_sz_XII_13_hat_egyetemi-docensi-\u00e1ll\u00e1shelyek_TF_FOK.pdf\" target=\"_blank\" rel=\"noopener noreferrer\">129\/2012. (XII.13.) sz. hat. 2013. \u00e9vre meghirdetni tervezett egyetemi docensi \u00e1ll\u00e1shelyek l\u00e9trehoz\u00e1s\u00e1r\u00f3l a Fogorvostudom\u00e1nyi Karon \u00e9s a Testnevel\u00e9si \u00e9s Sporttudom\u00e1nyi Karon <\/a><\/li>\n<li style=\"text-align: justify\"><a href=\"https:\/\/semmelweis.hu\/rektori-hivatal\/files\/2012\/12\/130_a_2012_XII_13_hat_VBKJ.pdf\" target=\"_blank\" rel=\"noopener noreferrer\">130\/a\/2012. (XII.13.) sz. hat. a Semmelweis Egyetem\u00a0 \u00e1ltal foglalkoztatottak\u00a0 V\u00e1laszthat\u00f3 B\u00e9ren K\u00edv\u00fcli Juttat\u00e1sainak rendszer\u00e9r\u0151l sz\u00f3l\u00f3 szab\u00e1lyzat m\u00f3dos\u00edt\u00e1s\u00e1r\u00f3l <\/a><\/li>\n<li style=\"text-align: justify\"><a href=\"https:\/\/semmelweis.hu\/rektori-hivatal\/files\/2012\/12\/130_b_2012_XII_13_hat_VBKJ.pdf\" target=\"_blank\" rel=\"noopener noreferrer\">130\/b\/2012. (XII.13.) sz. hat. a Semmelweis Egyetem \u00e1ltal foglalkoztatottak\u00a0 V\u00e1laszthat\u00f3 B\u00e9ren K\u00edv\u00fcli Juttat\u00e1sainak\u00a0 rendszer\u00e9r\u0151l sz\u00f3l\u00f3 szab\u00e1lyzat m\u00f3dos\u00edt\u00e1s\u00e1r\u00f3l <\/a><\/li>\n<li style=\"text-align: justify\"><a href=\"https:\/\/semmelweis.hu\/rektori-hivatal\/files\/2012\/12\/131_a_2012_XII_13_hat_k\u00e9szletgazd.pdf\" target=\"_blank\" rel=\"noopener noreferrer\">131\/a\/2012. (XII.13.) sz. hat. a K\u00e9szletgazd\u00e1lkod\u00e1si szab\u00e1lyzatr\u00f3l <\/a><\/li>\n<li style=\"text-align: justify\"><a href=\"https:\/\/semmelweis.hu\/rektori-hivatal\/files\/2012\/12\/131_b_2012_XII_13_hat_k\u00e9szletgazd.pdf\" target=\"_blank\" rel=\"noopener noreferrer\">131\/b\/2012. (XII.13.) sz. hat. a K\u00e9szletgazd\u00e1lkod\u00e1si szab\u00e1lyzat <\/a><\/li>\n<li style=\"text-align: justify\"><a href=\"https:\/\/semmelweis.hu\/rektori-hivatal\/files\/2012\/12\/132_a_2012_XII_13_hat_\u00f6nk\u00f6lts\u00e9g.pdf\" target=\"_blank\" rel=\"noopener noreferrer\">132\/a\/2012. (XII.13.) sz. hat. az \u00d6nk\u00f6lts\u00e9g-sz\u00e1m\u00edt\u00e1si \u00e9s \u00e1rk\u00e9pz\u00e9si szab\u00e1lyzatr\u00f3l <\/a><\/li>\n<li style=\"text-align: justify\"><a href=\"https:\/\/semmelweis.hu\/rektori-hivatal\/files\/2012\/12\/132_b_2012_XII_13_hat_\u00f6nk\u00f6lts\u00e9g.pdf\" target=\"_blank\" rel=\"noopener noreferrer\">132\/b\/2012. (XII.13.) sz. hat. a Semmelweis Egyetem \u00d6nk\u00f6lts\u00e9g-sz\u00e1m\u00edt\u00e1si \u00e9s \u00e1rk\u00e9pz\u00e9si szab\u00e1lyzata <\/a><\/li>\n<li style=\"text-align: justify\"><a href=\"https:\/\/semmelweis.hu\/rektori-hivatal\/files\/2012\/12\/133_sz_XII_13_hat_osztatlan-k\u00e9pz\u00e9s.pdf\" target=\"_blank\" rel=\"noopener noreferrer\">133\/2012. (XII.13.) sz. hat. az osztatlan k\u00e9pz\u00e9si szerkezetben t\u00f6rt\u00e9n\u0151 tan\u00e1rk\u00e9pz\u00e9si szakok meghirdet\u00e9s\u00e9r\u0151l \u00e9s ind\u00edt\u00e1s\u00e1r\u00f3l <\/a><\/li>\n<li style=\"text-align: justify\"><a href=\"https:\/\/semmelweis.hu\/rektori-hivatal\/files\/2012\/12\/134_sz_XII_13_hat_szoci\u00e1lis-munka-mesterk\u00e9pz\u00e9si-szak.pdf\" target=\"_blank\" rel=\"noopener noreferrer\">134\/2012. (XII.13.) sz. hat. az Eg\u00e9szs\u00e9g\u00fcgyi K\u00f6zszolg\u00e1lati Kar Szoci\u00e1lis munka mesterk\u00e9pz\u00e9si szak k\u00e9pz\u00e9si programj\u00e1nak fel\u00fclvizsg\u00e1lat\u00e1r\u00f3l<\/a><\/li>\n<li style=\"text-align: justify\"><a href=\"https:\/\/semmelweis.hu\/rektori-hivatal\/files\/2012\/12\/135_sz_XII_13_hat_sz\u00e1nd\u00e9knyilatkozat_-bionikus-m\u00e9rn\u00f6k.pdf\" target=\"_blank\" rel=\"noopener noreferrer\">135\/2012. (XII.13.) sz. hat. Sz\u00e1nd\u00e9knyilatkozat a bionikus m\u00e9rn\u00f6k osztatlan egyetemi mesterk\u00e9pz\u00e9si szak P\u00e1zm\u00e1ny P\u00e9ter Katolikus Egyetemmel egy\u00fcttm\u0171k\u00f6d\u00e9sben t\u00f6rt\u00e9n\u0151 l\u00e9tes\u00edt\u00e9se \u00e9s ind\u00edt\u00e1sa t\u00e1rgy\u00e1ban <\/a><\/li>\n<\/ul>\n<p>&nbsp;<\/p>\n","protected":false},"excerpt":{"rendered":"<p><a href=\"https:\/\/semmelweis.hu\/rektori-hivatal\/files\/2012\/12\/N-XII_13_2012_napirend-elfogad\u00e1sa.pdf\" target=\"_blank\" rel=\"noopener noreferrer\">N-XII. 13\/2012. sz. hat. a szen\u00e1tusi \u00fcl\u00e9s napirendi pontjainak elfogad\u00e1s\u00e1r\u00f3l <\/a><br \/>\n<a href=\"https:\/\/semmelweis.hu\/rektori-hivatal\/files\/2012\/12\/121_a_2012_XII_13_h_a_oxiologia.pdf\" target=\"_blank\" rel=\"noopener noreferrer\">121\/a\/2012. (XII.13.) sz. hat. a S\u00fcrg\u0151ss\u00e9gi Orvostan-Oxiol\u00f3gia Tansz\u00e9ki Csoport l\u00e9trehoz\u00e1s\u00e1r\u00f3l, tov\u00e1bb\u00e1 a Honv\u00e9d-, Katasztr\u00f3fa-orvostani \u00e9s Oxiol\u00f3giai Tansz\u00e9k\u00a0 elnevez\u00e9s\u00e9nek m\u00f3dos\u00edt\u00e1s\u00e1r\u00f3l, valamint ezekkel \u00f6sszef\u00fcgg\u00e9sben a Szervezeti \u00e9s M\u0171k\u00f6d\u00e9si Szab\u00e1lyzat m\u00f3dos\u00edt\u00e1s\u00e1r\u00f3l <\/a><br \/>\n<a href=\"https:\/\/semmelweis.hu\/rektori-hivatal\/files\/2012\/12\/121_b_2012_XII_13_hat_oxiologia.pdf\" target=\"_blank\" rel=\"noopener noreferrer\">121\/b\/2012. (XII.13.) sz. hat. a S\u00fcrg\u0151ss\u00e9gi Orvostan-Oxiol\u00f3gia Tansz\u00e9ki Csoport l\u00e9trehoz\u00e1s\u00e1r\u00f3l, tov\u00e1bb\u00e1 a Honv\u00e9d-, Katasztr\u00f3fa-orvostani \u00e9s Oxiol\u00f3giai Tansz\u00e9k elnevez\u00e9s\u00e9nek m\u00f3dos\u00edt\u00e1s\u00e1r\u00f3l, valamint ezekkel \u00f6sszef\u00fcgg\u00e9sben a Szervezeti \u00e9s M\u0171k\u00f6d\u00e9si Szab\u00e1lyzat m\u00f3dos\u00edt\u00e1s\u00e1r\u00f3l <\/a><br \/>\n<a href=\"https:\/\/semmelweis.hu\/rektori-hivatal\/files\/2012\/12\/122_a_Nyilatkozatt\u00e9telrendje.pdf\" target=\"_blank\" rel=\"noopener noreferrer\">122\/a\/2012. (XII.13.) sz. hat. a Nyilatkozatt\u00e9tel \u00e9s a sajt\u00f3esem\u00e9nyek szervez\u00e9s\u00e9nek, valamint a honlaprendszer tartalmi m\u0171k\u00f6d\u00e9s\u00e9nek rendj\u00e9r\u0151l a Semmelweis Egyetemen <\/a><br \/>\n<a href=\"https:\/\/semmelweis.hu\/rektori-hivatal\/files\/2012\/12\/122_b_Nyilatkozatt\u00e9telrendje.pdf\" target=\"_blank\" rel=\"noopener noreferrer\">122\/b\/2012. (XII.13.) sz. hat. a Nyilatkozatt\u00e9tel \u00e9s a sajt\u00f3esem\u00e9nyek szervez\u00e9s\u00e9nek, valamint a honlaprendszer tartalmi m\u0171k\u00f6d\u00e9s\u00e9nek rendj\u00e9r\u0151l a Semmelweis Egyetemen <\/a><br \/>\n<a href=\"https:\/\/semmelweis.hu\/rektori-hivatal\/files\/2013\/02\/123_sz_XII_13_\u00e1lland\u00f3-bizotts\u00e1gok-szem\u00e9lyi-\u00f6sszet\u00e9tel\u00e9r\u0151l.pdf\" target=\"_blank\" rel=\"noopener noreferrer\">123\/2012. (XII.13.) sz. hat. az \u00e1lland\u00f3 bizotts\u00e1gok szem\u00e9lyi \u00f6sszet\u00e9tel\u00e9r\u0151l <\/a><br \/>\n<a href=\"https:\/\/semmelweis.hu\/rektori-hivatal\/files\/2012\/12\/124_a_2012_XII_13_hat_szen\u00e1tus_tan\u00e1rk\u00e9pz\u0151_kp.pdf\">124\/a\/2012. (XII.13.) sz. hat. a Szervezeti \u00e9s M\u0171k\u00f6d\u00e9si Szab\u00e1lyzat m\u00f3dos\u00edt\u00e1s\u00e1r\u00f3l a Szen\u00e1tus \u00f6sszet\u00e9tel\u00e9vel\u00a0 \u00e9s m\u0171k\u00f6d\u00e9s\u00e9nek\u00a0 rendj\u00e9vel, valamint a Tan\u00e1rk\u00e9pz\u0151 K\u00f6zpont l\u00e9trehoz\u00e1s\u00e1val \u00f6sszef\u00fcgg\u00e9sben <\/a><br \/>\n<a href=\"https:\/\/semmelweis.hu\/rektori-hivatal\/files\/2012\/12\/124_b_2012_XII_13_hat_szen\u00e1tus_tan\u00e1rk\u00e9pz\u0151_kp.pdf\" target=\"_blank\" rel=\"noopener noreferrer\">124\/b\/2012. (XII.13.) sz. hat. a Szervezeti \u00e9s M\u0171k\u00f6d\u00e9si Szab\u00e1lyzat m\u00f3dos\u00edt\u00e1s\u00e1r\u00f3l a Szen\u00e1tus \u00f6sszet\u00e9tel\u00e9vel \u00e9s m\u0171k\u00f6d\u00e9s\u00e9nek rendj\u00e9vel, valamint a Tan\u00e1rk\u00e9pz\u0151 K\u00f6zpont l\u00e9trehoz\u00e1s\u00e1val \u00f6sszef\u00fcgg\u00e9sben <\/a><br \/>\n<a href=\"https:\/\/semmelweis.hu\/rektori-hivatal\/files\/2012\/12\/125_a_2012_XII_13_hat._\u00c1OK_FOK_GYTK_TVSZ.pdf\" target=\"_blank\" rel=\"noopener noreferrer\">125\/a\/2012. (XII.13.) sz. hat. az \u00c1ltal\u00e1nos Orvostudom\u00e1nyi Kar, a Fogorvostudom\u00e1nyi Kar \u00e9s Gy\u00f3gyszer\u00e9sztudom\u00e1nyi Kar Kreditrendszer\u0171 Tanulm\u00e1nyi\u00a0 \u00e9s Vizsgaszab\u00e1lyzat\u00e1nak m\u00f3dos\u00edt\u00e1s\u00e1r\u00f3l <\/a><br \/>\n<a href=\"https:\/\/semmelweis.hu\/rektori-hivatal\/files\/2012\/12\/125_b_2012_XII_13_hat_\u00c1OK_FOK_GYTK_TVSZ.pdf\" target=\"_blank\" rel=\"noopener noreferrer\">125\/b\/2012. (XII.13.) sz. hat. az \u00c1ltal\u00e1nos Orvostudom\u00e1nyi Kar, a Fogorvostudom\u00e1nyi Kar \u00e9s Gy\u00f3gyszer\u00e9sztudom\u00e1nyi Kar Kreditrendszer\u0171 Tanulm\u00e1nyi \u00e9s Vizsgaszab\u00e1lyzat\u00e1nak\u00a0 m\u00f3dos\u00edt\u00e1s\u00e1r\u00f3<\/a>l<br \/>\n<a href=\"https:\/\/semmelweis.hu\/rektori-hivatal\/files\/2012\/12\/126_a_2012_XII_13_hat_ETK_TVSZ.pdf\" target=\"_blank\" rel=\"noopener noreferrer\">126\/a\/2012. (XII.13.) sz. hat. a Semmelweis Egyetem Eg\u00e9szs\u00e9gtudom\u00e1nyi Kar Tanulm\u00e1nyi \u00e9s Vizsgaszab\u00e1lyzat\u00e1nak\u00a0 m\u00f3dos\u00edt\u00e1s\u00e1r\u00f3l <\/a><br \/>\n<a href=\"https:\/\/semmelweis.hu\/rektori-hivatal\/files\/2013\/04\/126_b_2012_XII_13_hat_ETK_TVSZ.pdf\" target=\"_blank\" rel=\"noopener noreferrer\">126\/b\/2012. (XII.13.) sz. hat. a Semmelweis Egyetem Eg\u00e9szs\u00e9gtudom\u00e1nyi Kar Tanulm\u00e1nyi \u00e9s Vizsgaszab\u00e1lyzat\u00e1nak m\u00f3dos\u00edt\u00e1s\u00e1r\u00f3l <\/a><br \/>\n<a href=\"https:\/\/semmelweis.hu\/rektori-hivatal\/files\/2012\/12\/127_a_2012_XII_13_hat_EKK_TVSZ.pdf\" target=\"_blank\" rel=\"noopener noreferrer\">127\/a\/2012. (XII.13.) sz. hat az Eg\u00e9szs\u00e9g\u00fcgyi K\u00f6zszolg\u00e1lati Kar Tanulm\u00e1nyi Vizsgaszab\u00e1lyzat\u00e1nak m\u00f3dos\u00edt\u00e1s\u00e1r\u00f3l <\/a><br \/>\n<a href=\"https:\/\/semmelweis.hu\/rektori-hivatal\/files\/2012\/12\/127_b_2012_XII_13_hat_EKK_TVSZ.pdf\" target=\"_blank\" rel=\"noopener noreferrer\">127\/b\/2012. (XII.13.) sz. hat. az Eg\u00e9szs\u00e9g\u00fcgyi K\u00f6zszolg\u00e1lati Kar Tanulm\u00e1nyi Vizsgaszab\u00e1lyzat\u00e1nak m\u00f3dos\u00edt\u00e1s\u00e1r\u00f3l <\/a><br \/>\n<a href=\"https:\/\/semmelweis.hu\/rektori-hivatal\/files\/2012\/12\/128_a_2012_XII_13_hat_TSK_TVSZ.pdf\" target=\"_blank\" rel=\"noopener noreferrer\">128\/a\/2012. (XII.13.) sz. hat. a Testnevel\u00e9si \u00e9s Sporttudom\u00e1nyi Kar Tanulm\u00e1nyi \u00e9s Vizsgaszab\u00e1lyzat\u00e1nak m\u00f3dos\u00edt\u00e1s\u00e1r\u00f3l <\/a><br \/>\n<a href=\"https:\/\/semmelweis.hu\/rektori-hivatal\/files\/2012\/12\/128_b_2012_XII_13_hat_TSK_TVSZ.pdf\" target=\"_blank\" rel=\"noopener noreferrer\">128\/b\/2012. (XII.13.) sz. hat. a Testnevel\u00e9si \u00e9s Sporttudom\u00e1nyi Kar Tanulm\u00e1nyi \u00e9s Vizsgaszab\u00e1lyzat\u00e1nak m\u00f3dos\u00edt\u00e1s\u00e1r\u00f3l <\/a><br \/>\n<a href=\"https:\/\/semmelweis.hu\/rektori-hivatal\/files\/2012\/12\/129_sz_XII_13_hat_egyetemi-docensi-\u00e1ll\u00e1shelyek_TF_FOK.pdf\" target=\"_blank\" rel=\"noopener noreferrer\">129\/2012. (XII.13.) sz. hat. 2013. \u00e9vre meghirdetni tervezett egyetemi docensi \u00e1ll\u00e1shelyek l\u00e9trehoz\u00e1s\u00e1r\u00f3l a Fogorvostudom\u00e1nyi Karon \u00e9s a Testnevel\u00e9si \u00e9s Sporttudom\u00e1nyi Karon <\/a><br \/>\n<a href=\"https:\/\/semmelweis.hu\/rektori-hivatal\/files\/2012\/12\/130_a_2012_XII_13_hat_VBKJ.pdf\" target=\"_blank\" rel=\"noopener noreferrer\">130\/a\/2012. (XII.13.) sz. hat. a Semmelweis Egyetem\u00a0 \u00e1ltal foglalkoztatottak\u00a0 V\u00e1laszthat\u00f3 B\u00e9ren K\u00edv\u00fcli Juttat\u00e1sainak rendszer\u00e9r\u0151l sz\u00f3l\u00f3 szab\u00e1lyzat m\u00f3dos\u00edt\u00e1s\u00e1r\u00f3l <\/a><br \/>\n<a href=\"https:\/\/semmelweis.hu\/rektori-hivatal\/files\/2012\/12\/130_b_2012_XII_13_hat_VBKJ.pdf\" target=\"_blank\" rel=\"noopener noreferrer\">130\/b\/2012. (XII.13.) sz. hat. a Semmelweis Egyetem \u00e1ltal foglalkoztatottak\u00a0 V\u00e1laszthat\u00f3 B\u00e9ren K\u00edv\u00fcli Juttat\u00e1sainak\u00a0 rendszer\u00e9r\u0151l sz\u00f3l\u00f3 szab\u00e1lyzat m\u00f3dos\u00edt\u00e1s\u00e1r\u00f3l <\/a><br \/>\n<a href=\"https:\/\/semmelweis.hu\/rektori-hivatal\/files\/2012\/12\/131_a_2012_XII_13_hat_k\u00e9szletgazd.pdf\" target=\"_blank\" rel=\"noopener noreferrer\">131\/a\/2012. (XII.13.) sz. hat. a K\u00e9szletgazd\u00e1lkod\u00e1si szab\u00e1lyzatr\u00f3l <\/a><br \/>\n<a href=\"https:\/\/semmelweis.hu\/rektori-hivatal\/files\/2012\/12\/131_b_2012_XII_13_hat_k\u00e9szletgazd.pdf\" target=\"_blank\" rel=\"noopener noreferrer\">131\/b\/2012. (XII.13.) sz. hat. a K\u00e9szletgazd\u00e1lkod\u00e1si szab\u00e1lyzat <\/a><br \/>\n<a href=\"https:\/\/semmelweis.hu\/rektori-hivatal\/files\/2012\/12\/132_a_2012_XII_13_hat_\u00f6nk\u00f6lts\u00e9g.pdf\" target=\"_blank\" rel=\"noopener noreferrer\">132\/a\/2012. (XII.13.) sz. hat. az \u00d6nk\u00f6lts\u00e9g-sz\u00e1m\u00edt\u00e1si \u00e9s \u00e1rk\u00e9pz\u00e9si szab\u00e1lyzatr\u00f3l <\/a><br \/>\n<a href=\"https:\/\/semmelweis.hu\/rektori-hivatal\/files\/2012\/12\/132_b_2012_XII_13_hat_\u00f6nk\u00f6lts\u00e9g.pdf\" target=\"_blank\" rel=\"noopener noreferrer\">132\/b\/2012. (XII.13.) sz. hat. a Semmelweis Egyetem \u00d6nk\u00f6lts\u00e9g-sz\u00e1m\u00edt\u00e1si \u00e9s \u00e1rk\u00e9pz\u00e9si szab\u00e1lyzata <\/a><br \/>\n<a href=\"https:\/\/semmelweis.hu\/rektori-hivatal\/files\/2012\/12\/133_sz_XII_13_hat_osztatlan-k\u00e9pz\u00e9s.pdf\" target=\"_blank\" rel=\"noopener noreferrer\">133\/2012. (XII.13.) sz. hat. az osztatlan k\u00e9pz\u00e9si szerkezetben t\u00f6rt\u00e9n\u0151 tan\u00e1rk\u00e9pz\u00e9si szakok meghirdet\u00e9s\u00e9r\u0151l \u00e9s ind\u00edt\u00e1s\u00e1r\u00f3l <\/a><br \/>\n<a href=\"https:\/\/semmelweis.hu\/rektori-hivatal\/files\/2012\/12\/134_sz_XII_13_hat_szoci\u00e1lis-munka-mesterk\u00e9pz\u00e9si-szak.pdf\" target=\"_blank\" rel=\"noopener noreferrer\">134\/2012. (XII.13.) sz. hat. az Eg\u00e9szs\u00e9g\u00fcgyi K\u00f6zszolg\u00e1lati Kar Szoci\u00e1lis munka mesterk\u00e9pz\u00e9si szak k\u00e9pz\u00e9si programj\u00e1nak fel\u00fclvizsg\u00e1lat\u00e1r\u00f3l<\/a><br \/>\n<a href=\"https:\/\/semmelweis.hu\/rektori-hivatal\/files\/2012\/12\/135_sz_XII_13_hat_sz\u00e1nd\u00e9knyilatkozat_-bionikus-m\u00e9rn\u00f6k.pdf\" target=\"_blank\" rel=\"noopener noreferrer\">135\/2012. (XII.13.) sz. hat. Sz\u00e1nd\u00e9knyilatkozat a bionikus m\u00e9rn\u00f6k osztatlan egyetemi mesterk\u00e9pz\u00e9si szak P\u00e1zm\u00e1ny P\u00e9ter Katolikus Egyetemmel egy\u00fcttm\u0171k\u00f6d\u00e9sben t\u00f6rt\u00e9n\u0151 l\u00e9tes\u00edt\u00e9se \u00e9s ind\u00edt\u00e1sa t\u00e1rgy\u00e1ban <\/a><\/p>\n<p>&nbsp;<\/p>\n","protected":false},"author":12,"featured_media":0,"parent":7842,"menu_order":12,"comment_status":"open","ping_status":"open","template":"","meta":{"_acf_changed":false,"footnotes":""},"categories":[1],"tags":[],"class_list":["post-833","page","type-page","status-publish","hentry","category-egyeb"],"acf":[],"_links":{"self":[{"href":"https:\/\/semmelweis.hu\/jogigfoig\/wp-json\/wp\/v2\/pages\/833","targetHints":{"allow":["GET"]}}],"collection":[{"href":"https:\/\/semmelweis.hu\/jogigfoig\/wp-json\/wp\/v2\/pages"}],"about":[{"href":"https:\/\/semmelweis.hu\/jogigfoig\/wp-json\/wp\/v2\/types\/page"}],"author":[{"embeddable":true,"href":"https:\/\/semmelweis.hu\/jogigfoig\/wp-json\/wp\/v2\/users\/12"}],"replies":[{"embeddable":true,"href":"https:\/\/semmelweis.hu\/jogigfoig\/wp-json\/wp\/v2\/comments?post=833"}],"version-history":[{"count":11,"href":"https:\/\/semmelweis.hu\/jogigfoig\/wp-json\/wp\/v2\/pages\/833\/revisions"}],"predecessor-version":[{"id":7918,"href":"https:\/\/semmelweis.hu\/jogigfoig\/wp-json\/wp\/v2\/pages\/833\/revisions\/7918"}],"up":[{"embeddable":true,"href":"https:\/\/semmelweis.hu\/jogigfoig\/wp-json\/wp\/v2\/pages\/7842"}],"wp:attachment":[{"href":"https:\/\/semmelweis.hu\/jogigfoig\/wp-json\/wp\/v2\/media?parent=833"}],"wp:term":[{"taxonomy":"category","embeddable":true,"href":"https:\/\/semmelweis.hu\/jogigfoig\/wp-json\/wp\/v2\/categories?post=833"},{"taxonomy":"post_tag","embeddable":true,"href":"https:\/\/semmelweis.hu\/jogigfoig\/wp-json\/wp\/v2\/tags?post=833"}],"curies":[{"name":"wp","href":"https:\/\/api.w.org\/{rel}","templated":true}]}}