{"id":81562,"date":"2021-07-13T11:40:43","date_gmt":"2021-07-13T09:40:43","guid":{"rendered":"https:\/\/semmelweis.hu\/jogigfoig\/?page_id=81562"},"modified":"2022-11-21T14:39:58","modified_gmt":"2022-11-21T13:39:58","slug":"2021-junius-24","status":"publish","type":"page","link":"https:\/\/semmelweis.hu\/jogigfoig\/testuletek\/szenatus\/2021-evi-szenatusi-hatarozatok\/2021-junius-24\/","title":{"rendered":"2021. j\u00fanius 24."},"content":{"rendered":"<p style=\"text-align: justify\"><a href=\"https:\/\/semmelweis.hu\/jogigfoig\/files\/2021\/07\/N_5_2021_hat\u00e1rozat.pdf\">6A Semmelweis Egyetem Szen\u00e1tus\u00e1nak N-5.2021. (VI.24.) sz\u00e1m\u00fa hat\u00e1rozata a szen\u00e1tusi \u00fcl\u00e9s napirendj\u00e9r\u0151l<\/a><\/p>\n<p style=\"text-align: justify\"><a href=\"https:\/\/semmelweis.hu\/jogigfoig\/files\/2021\/07\/56_2021_a-Hallgat\u00f3k-Szoci\u00e1lis-\u00e9s-Es\u00e9lyegyenl\u0151s\u00e9gi-\u00dcgyeivel-Foglalkoz\u00f3-Bizotts\u00e1g-SZEB-szem\u00e9lyi-\u00f6sszet\u00e9tel\u00e9nek-a-meg\u00faj\u00edt\u00e1s\u00e1r\u00f3l.pdf\">A Semmelweis Egyetem\u00a0Szen\u00e1tus\u00e1nak 56\/2021. (VI.24.) sz\u00e1m\u00fa hat\u00e1rozata\u00a0a Hallgat\u00f3k Szoci\u00e1lis \u00e9s Es\u00e9lyegyenl\u0151s\u00e9gi \u00dcgyeivel Foglalkoz\u00f3 Bizotts\u00e1g (SZEB) szem\u00e9lyi \u00f6sszet\u00e9tel\u00e9nek meg\u00faj\u00edt\u00e1s\u00e1r\u00f3l<\/a><\/p>\n<p style=\"text-align: justify\"><a href=\"https:\/\/semmelweis.hu\/jogigfoig\/files\/2021\/07\/57_2021_az-\u00faj-v\u00e1laszthat\u00f3-tant\u00e1rgyak-Ny\u00e1ri-Egyetem-I.-II.-bevezet\u00e9s\u00e9r\u0151l.pdf\">A Semmelweis Egyetem\u00a0Szen\u00e1tus\u00e1nak 57\/2021. (VI.24.) sz\u00e1m\u00fa hat\u00e1rozata\u00a0\u00faj v\u00e1laszthat\u00f3 tant\u00e1rgy (Ny\u00e1ri Egyetem I. II.) bevezet\u00e9s\u00e9r\u0151l<\/a><\/p>\n<p style=\"text-align: justify\"><a href=\"https:\/\/semmelweis.hu\/jogigfoig\/files\/2021\/07\/57_2021_Mell\u00e9klet_K\u00f6vetelm\u00e9nyrendszer.pdf\">A Semmelweis Egyetem Szen\u00e1tus\u00e1nak 57\/2021. (VI.24.) sz\u00e1m\u00fa hat\u00e1rozata \u00faj v\u00e1laszthat\u00f3 tant\u00e1rgy (Ny\u00e1ri Egyetem I. II.) bevezet\u00e9s\u00e9r\u0151l &#8211; 1. sz\u00e1m\u00fa mell\u00e9klet<\/a><\/p>\n<p style=\"text-align: justify\"><a href=\"https:\/\/semmelweis.hu\/jogigfoig\/files\/2021\/07\/58_2021_a-Klinikai-K\u00f6zpont-szervezeti-egys\u00e9geinek-struktur\u00e1lis-v\u00e1ltoz\u00e1sair\u00f3l-valamint-\u00fajonnan-l\u00e9trej\u00f6v\u0151-betegell\u00e1t\u00e1si-szervezeti-egys\u00e9geir\u0151l.pdf\">A Semmelweis Egyetem\u00a0Szen\u00e1tus\u00e1nak 58\/2021. (VI.24.) sz\u00e1m\u00fa hat\u00e1rozata a\u00a0Klinikai K\u00f6zpont szervezeti egys\u00e9geinek struktur\u00e1lis v\u00e1ltoz\u00e1sair\u00f3l, valamint \u00fajonnan l\u00e9trej\u00f6v\u0151 betegell\u00e1t\u00e1si szervezeti egys\u00e9geir\u0151l<\/a><\/p>\n<p style=\"text-align: justify\"><a href=\"https:\/\/semmelweis.hu\/jogigfoig\/files\/2021\/07\/59_2021_a-2019_2020-as-tan\u00e9vt\u0151l-bevezetett-orvosk\u00e9pz\u00e9s-kurrikulum\u00e1nak-m\u00f3dos\u00edt\u00e1s\u00e1ra-az-\u00c1ltal\u00e1nos-Orvostudom\u00e1nyi-Karon.pdf\">A Semmelweis Egyetem\u00a0Szen\u00e1tus\u00e1nak 59\/2021. (VI.24.) sz\u00e1m\u00fa hat\u00e1rozata a\u00a02019\/2020-as tan\u00e906vt\u0151l bevezetett orvosk\u00e9pz\u00e9s kurrikulum\u00e1nak m\u00f3dos\u00edt\u00e1s\u00e1r\u00f3l az \u00c1ltal\u00e1nos Orvostudom\u00e1nyi Karon<\/a><\/p>\n<p style=\"text-align: justify\"><a href=\"https:\/\/semmelweis.hu\/jogigfoig\/files\/2021\/07\/59_2021_mell\u00e9klet_\u00e1ltal\u00e1nos-orvos-mesterszak-\u00faj-2019-2020-tan\u00e9vt\u0151l-bevezetett-aj\u00e1nlott-tanterve.pdf\">A Semmelweis Egyetem Szen\u00e1tus\u00e1nak 59\/2021. (VI.24.) sz\u00e1m\u00fa hat\u00e1rozata a 2019\/2020-as tan\u00e9vt\u0151l bevezetett orvosk\u00e9pz\u00e9s kurrikulum\u00e1nak m\u00f3dos\u00edt\u00e1s\u00e1r\u00f3l az \u00c1ltal\u00e1nos Orvostudom\u00e1nyi Karon &#8211; 1. sz\u00e1m\u00fa mell\u00e9klet<\/a><\/p>\n<p style=\"text-align: justify\"><a href=\"https:\/\/semmelweis.hu\/jogigfoig\/files\/2021\/07\/60_2021_az-Asklepios-Campus-Hamburg-tant\u00e1rgyfelel\u0151si-p\u00e1ly\u00e1zatok-v\u00e9lem\u00e9nyez\u00e9s\u00e9r\u0151l.pdf\">A Semmelweis Egyetem\u00a0Szen\u00e1tus\u00e1nak 60\/2021. (VI.24.) sz\u00e1m\u00fa hat\u00e1rozata\u00a0az Asklepios Campus Hamburg tant\u00e1rgyfelel\u0151si p\u00e1ly\u00e1zatok v\u00e9lem\u00e9nyez\u00e9s\u00e9r\u0151l<\/a><\/p>\n<p style=\"text-align: justify\"><a href=\"https:\/\/semmelweis.hu\/jogigfoig\/files\/2021\/07\/60_2021_Kancell\u00e1ri-egyet\u00e9rt\u00e9s.pdf\">A Semmelweis Egyetem Szen\u00e1tus\u00e1nak 60\/2021. (VI.24.) sz\u00e1m\u00fa hat\u00e1rozata az Asklepios Campus Hamburg tant\u00e1rgyfelel\u0151si p\u00e1ly\u00e1zatok v\u00e9lem\u00e9nyez\u00e9s\u00e9r\u0151l &#8211; kancell\u00e1ri egyet\u00e9rt\u00e9si jog gyakorl\u00e1sa<\/a><\/p>\n<p style=\"text-align: justify\"><a href=\"https:\/\/semmelweis.hu\/jogigfoig\/files\/2021\/07\/61_2021_a-Szen\u00e1tus-\u00e1ltal-megv\u00e1lasztott-Gy\u00f3gyszer\u00e9sztudom\u00e1nyi-Karon-m\u0171k\u00f6d\u0151-\u00e1lland\u00f3-bizotts\u00e1gok-\u00fcgyrendj\u00e9nek-j\u00f3v\u00e1hagy\u00e1s\u00e1ra.pdf\">A Semmelweis Egyetem\u00a0Szen\u00e1tus\u00e1nak\u00a061\/2021. (VI.24.) sz\u00e1m\u00fa hat\u00e1rozata\u00a0a Szen\u00e1tus \u00e1ltal megv\u00e1lasztott Gy\u00f3gyszer\u00e9sztudom\u00e1nyi Karon m\u0171k\u00f6d\u0151\u00a0\u00e1lland\u00f3 bizotts\u00e1gok \u00fcgyrendj\u00e9nek j\u00f3v\u00e1hagy\u00e1s\u00e1r\u00f3l<\/a><\/p>\n<p style=\"text-align: justify\"><a href=\"https:\/\/semmelweis.hu\/jogigfoig\/files\/2021\/07\/61_2021_Mell\u00e9klet_1.pdf\">A Semmelweis Egyetem Szen\u00e1tus\u00e1nak 61\/2021. (VI.24.) sz\u00e1m\u00fa hat\u00e1rozata a Szen\u00e1tus \u00e1ltal megv\u00e1lasztott Gy\u00f3gyszer\u00e9sztudom\u00e1nyi Karon m\u0171k\u00f6d\u0151 \u00e1lland\u00f3 bizotts\u00e1gok \u00fcgyrendj\u00e9nek j\u00f3v\u00e1hagy\u00e1s\u00e1r\u00f3l &#8211; 1. sz\u00e1m\u00fa mell\u00e9klet<\/a><\/p>\n<p style=\"text-align: justify\"><a href=\"https:\/\/semmelweis.hu\/jogigfoig\/files\/2021\/07\/61_2021_Mell\u00e9klet_2.pdf\">A Semmelweis Egyetem\u00a0Szen\u00e1tus\u00e1nak\u00a061\/2021. (VI.24.) sz\u00e1m\u00fa hat\u00e1rozata\u00a0a Szen\u00e1tus \u00e1ltal megv\u00e1lasztott Gy\u00f3gyszer\u00e9sztudom\u00e1nyi Karon m\u0171k\u00f6d\u0151\u00a0\u00e1lland\u00f3 bizotts\u00e1gok \u00fcgyrendj\u00e9nek j\u00f3v\u00e1hagy\u00e1s\u00e1r\u00f3l &#8211; 2. sz\u00e1m\u00fa mell\u00e9klet<\/a><\/p>\n<p style=\"text-align: justify\"><a href=\"https:\/\/semmelweis.hu\/jogigfoig\/files\/2021\/07\/61_2021_Mell\u00e9klet_3.pdf\">A Semmelweis Egyetem\u00a0Szen\u00e1tus\u00e1nak\u00a061\/2021. (VI.24.) sz\u00e1m\u00fa hat\u00e1rozata\u00a0a Szen\u00e1tus \u00e1ltal megv\u00e1lasztott Gy\u00f3gyszer\u00e9sztudom\u00e1nyi Karon m\u0171k\u00f6d\u0151\u00a0\u00e1lland\u00f3 bizotts\u00e1gok \u00fcgyrendj\u00e9nek j\u00f3v\u00e1hagy\u00e1s\u00e1r\u00f3l &#8211; 3. sz\u00e1m\u00fa mell\u00e9klet<\/a><\/p>\n<p style=\"text-align: justify\"><a href=\"https:\/\/semmelweis.hu\/jogigfoig\/files\/2021\/07\/62_2021_EKK_e\u00fc.-menedzser_N-\u00e9s-L-tanterv.pdf\">A Semmelweis Egyetem\u00a0Szen\u00e1tus\u00e1nak 62\/2021. (VI.24.) sz\u00e1m\u00fa hat\u00e1rozata a Semmelweis Egyetem Eg\u00e9szs\u00e9g\u00fcgyi K\u00f6zszolg\u00e1lati Kar Eg\u00e9szs\u00e9g\u00fcgyi Menedzserk\u00e9pz\u0151 K\u00f6zpont eg\u00e9szs\u00e9g\u00fcgyi menedzser mesterk\u00e9pz\u00e9si szak nappali munkarend\u0171 k\u00e9pz\u00e9s tanterv\u00e9nek elfogad\u00e1s\u00e1r\u00f3l \u00e9s levelez\u0151 munkarend\u0171 k\u00e9pz\u00e9s tanterv\u00e9nek m\u00f3dos\u00edt\u00e1s\u00e1r\u00f3l<\/a><\/p>\n<p style=\"text-align: justify\"><a href=\"https:\/\/semmelweis.hu\/jogigfoig\/files\/2021\/07\/62_2021_Mell\u00e9klet_levelez\u0151.pdf\">A Semmelweis Egyetem Szen\u00e1tus\u00e1nak 62\/2021. (VI.24.) sz\u00e1m\u00fa hat\u00e1rozata a Semmelweis Egyetem Eg\u00e9szs\u00e9g\u00fcgyi K\u00f6zszolg\u00e1lati Kar Eg\u00e9szs\u00e9g\u00fcgyi Menedzserk\u00e9pz\u0151 K\u00f6zpont eg\u00e9szs\u00e9g\u00fcgyi menedzser mesterk\u00e9pz\u00e9si szak nappali munkarend\u0171 k\u00e9pz\u00e9s tanterv\u00e9nek elfogad\u00e1s\u00e1r\u00f3l \u00e9s levelez\u0151 munkarend\u0171 k\u00e9pz\u00e9s tanterv\u00e9nek m\u00f3dos\u00edt\u00e1s\u00e1r\u00f3l &#8211; 1. sz\u00e1m\u00fa mell\u00e9klet<\/a><\/p>\n<p style=\"text-align: justify\"><a href=\"https:\/\/semmelweis.hu\/jogigfoig\/files\/2021\/07\/62_2021_Mell\u00e9klet_nappali.pdf\">A Semmelweis Egyetem\u00a0Szen\u00e1tus\u00e1nak 62\/2021. (VI.24.) sz\u00e1m\u00fa hat\u00e1rozata a Semmelweis Egyetem Eg\u00e9szs\u00e9g\u00fcgyi K\u00f6zszolg\u00e1lati Kar Eg\u00e9szs\u00e9g\u00fcgyi Menedzserk\u00e9pz\u0151 K\u00f6zpont eg\u00e9szs\u00e9g\u00fcgyi menedzser mesterk\u00e9pz\u00e9si szak nappali munkarend\u0171 k\u00e9pz\u00e9s tanterv\u00e9nek elfogad\u00e1s\u00e1r\u00f3l \u00e9s levelez\u0151 munkarend\u0171 k\u00e9pz\u00e9s tanterv\u00e9nek m\u00f3dos\u00edt\u00e1s\u00e1r\u00f3l &#8211; 2. sz\u00e1m\u00fa mell\u00e9klet<\/a><\/p>\n<p style=\"text-align: justify\"><a href=\"https:\/\/semmelweis.hu\/jogigfoig\/files\/2021\/11\/63_2021_a-Pet\u0151-Andr\u00e1s-Kar-D\u00e9k\u00e1ni-Hivatal\u00e1t-\u00e9rint\u0151-szervezeti-fel\u00e9p\u00edt\u00e9s-m\u00f3d_.pdf\">A Semmelweis Egyetem\u00a0Szen\u00e1tus\u00e1nak 63\/2021. (VI.24.) sz\u00e1m\u00fa hat\u00e1rozata a Pet\u0151 Andr\u00e1s Kar D\u00e9k\u00e1ni Hivatal\u00e1t \u00e9rint\u0151 szervezeti fel\u00e9p\u00edt\u00e9s m\u00f3dos\u00edt\u00e1s\u00e1r\u00f3l<\/a><\/p>\n<p style=\"text-align: justify\"><a href=\"https:\/\/semmelweis.hu\/jogigfoig\/files\/2021\/07\/63_2021_Mell\u00e9klet_1.pdf\">A Semmelweis Egyetem Szen\u00e1tus\u00e1nak 63\/2021. (VI.24.) sz\u00e1m\u00fa hat\u00e1rozata a Pet\u0151 Andr\u00e1s Kar D\u00e9k\u00e1ni Hivatal\u00e1t \u00e9rint\u0151 szervezeti fel\u00e9p\u00edt\u00e9s m\u00f3dos\u00edt\u00e1s\u00e1r\u00f3l &#8211; 1. sz\u00e1m\u00fa mell\u00e9klet<\/a><\/p>\n<p style=\"text-align: justify\"><a href=\"https:\/\/semmelweis.hu\/jogigfoig\/files\/2021\/07\/63_2021_Mell\u00e9klet_2.pdf\">A Semmelweis Egyetem\u00a0Szen\u00e1tus\u00e1nak 63\/2021. (VI.24.) sz\u00e1m\u00fa hat\u00e1rozata a Pet\u0151 Andr\u00e1s Kar D\u00e9k\u00e1ni Hivatal\u00e1t \u00e9rint\u0151 szervezeti fel\u00e9p\u00edt\u00e9s m\u00f3dos\u00edt\u00e1s\u00e1r\u00f3l &#8211; 2. sz\u00e1m\u00fa mell\u00e9klet<\/a><\/p>\n<p style=\"text-align: justify\"><a href=\"https:\/\/semmelweis.hu\/jogigfoig\/files\/2021\/07\/64_2021_a-Doctor-Honoris-Causa-c\u00edm-adom\u00e1nyoz\u00e1s\u00e1r\u00f3l.pdf\">A Semmelweis Egyetem\u00a0Szen\u00e1tus\u00e1nak 64\/2021. (VI.24.) sz\u00e1m\u00fa hat\u00e1rozata\u00a0a <em>Doctor Honoris Causa<\/em> c\u00edm adom\u00e1nyoz\u00e1s\u00e1r\u00f3l<\/a><\/p>\n<p style=\"text-align: justify\"><a href=\"https:\/\/semmelweis.hu\/jogigfoig\/files\/2021\/07\/64_2021_Kancell\u00e1ri-egyet\u00e9rt\u00e9s.pdf\">A Semmelweis Egyetem\u00a0Szen\u00e1tus\u00e1nak 64\/2021. (VI.24.) sz\u00e1m\u00fa hat\u00e1rozata\u00a0a <em>Doctor Honoris Causa<\/em> c\u00edm adom\u00e1nyoz\u00e1s\u00e1r\u00f3l &#8211; kancell\u00e1ri egyet\u00e9rt\u00e9si jog gyakorl\u00e1sa<\/a><\/p>\n<p style=\"text-align: justify\"><a href=\"https:\/\/semmelweis.hu\/jogigfoig\/files\/2021\/07\/65_2021_a-Szervezeti-\u00e9s-M\u0171k\u00f6d\u00e9si-Szab\u00e1lyzat-egyes-rendelkez\u00e9seinek-m\u00f3dos\u00edt\u00e1s\u00e1r\u00f3l.pdf\">A Semmelweis Egyetem\u00a0Szen\u00e1tus\u00e1nak 65\/2021. (VI.24.) sz\u00e1m\u00fa hat\u00e1rozata a Szervezeti \u00e9s M\u0171k\u00f6d\u00e9si Szab\u00e1lyzat egyes rendelkez\u00e9seinek m\u00f3dos\u00edt\u00e1s\u00e1r\u00f3l<\/a><\/p>\n<p style=\"text-align: justify\"><a href=\"https:\/\/semmelweis.hu\/jogigfoig\/files\/2021\/07\/65_2021_Mell\u00e9klet.pdf\">A Semmelweis Egyetem Szen\u00e1tus\u00e1nak 65\/2021. (VI.24.) sz\u00e1m\u00fa hat\u00e1rozata a Szervezeti \u00e9s M\u0171k\u00f6d\u00e9si Szab\u00e1lyzat egyes rendelkez\u00e9seinek m\u00f3dos\u00edt\u00e1s\u00e1r\u00f3l &#8211; 1. sz\u00e1m\u00fa mell\u00e9klet<\/a><\/p>\n<p style=\"text-align: justify\"><a href=\"https:\/\/semmelweis.hu\/jogigfoig\/files\/2021\/07\/66_2021_az-egyetemi-kit\u00fcntet\u00e9sek-d\u00edjak-adom\u00e1nyoz\u00e1s\u00e1r\u00f3l-valamint-az-\u00e1llami-kit\u00fcntet\u00e9sek-felterjeszt\u00e9si-elj\u00e1r\u00e1s\u00e1r\u00f3l-sz\u00f3l\u00f3-szab\u00e1lyzat-m\u00f3dos\u00edt\u00e1s\u00e1r\u00f3l.pdf\">A Semmelweis Egyetem\u00a0Szen\u00e1tus\u00e1nak 66\/2021. (VI.24.) sz\u00e1m\u00fa hat\u00e1rozata az Egyetemi kit\u00fcntet\u00e9sek, d\u00edjak adom\u00e1nyoz\u00e1s\u00e1r\u00f3l, valamint az \u00e1llami kit\u00fcntet\u00e9sek felterjeszt\u00e9si elj\u00e1r\u00e1s\u00e1r\u00f3l sz\u00f3l\u00f3 szab\u00e1lyzat m\u00f3dos\u00edt\u00e1s\u00e1r\u00f3l<\/a><\/p>\n<p style=\"text-align: justify\"><a href=\"https:\/\/semmelweis.hu\/jogigfoig\/files\/2021\/07\/67_2021_Pro-Universitate-d\u00edj-adom\u00e1nyoz\u00e1s\u00e1r\u00f3l.pdf\">A Semmelweis Egyetem\u00a0Szen\u00e1tus\u00e1nak 67\/2021. (VI.24.) sz\u00e1m\u00fa hat\u00e1rozata Pro Universitate d\u00edj adom\u00e1nyoz\u00e1s\u00e1r\u00f3l<\/a><\/p>\n<p style=\"text-align: justify\"><a href=\"https:\/\/semmelweis.hu\/jogigfoig\/files\/2021\/07\/67_2021_Kancell\u00e1ri-egyet\u00e9rt\u00e9s.pdf\">A Semmelweis Egyetem Szen\u00e1tus\u00e1nak 67\/2021. (VI.24.) sz\u00e1m\u00fa hat\u00e1rozata Pro Universitate d\u00edj adom\u00e1nyoz\u00e1s\u00e1r\u00f3l &#8211; kancell\u00e1ri egyet\u00e9rt\u00e9si jog gyakorl\u00e1sa<\/a><\/p>\n<p style=\"text-align: justify\"><a href=\"https:\/\/semmelweis.hu\/jogigfoig\/files\/2021\/07\/68_2021_az-aktu\u00e1lis-vezet\u0151i-\u00e9s-oktat\u00f3i-p\u00e1ly\u00e1zatok-v\u00e9lem\u00e9nyez\u00e9s\u00e9r\u0151l.pdf\">A Semmelweis Egyetem\u00a0Szen\u00e1tus\u00e1nak 68\/2021. (VI.24.) sz\u00e1m\u00fa hat\u00e1rozata az aktu\u00e1lis vezet\u0151i \u00e9s oktat\u00f3i p\u00e1ly\u00e1zatok v\u00e9lem\u00e9nyez\u00e9s\u00e9r\u0151l<\/a><\/p>\n<p style=\"text-align: justify\"><a href=\"https:\/\/semmelweis.hu\/jogigfoig\/files\/2021\/07\/68_2021_Kancell\u00e1ri-egyet\u00e9rt\u00e9s.pdf\">A Semmelweis Egyetem Szen\u00e1tus\u00e1nak 68\/2021. (VI.24.) sz\u00e1m\u00fa hat\u00e1rozata az aktu\u00e1lis vezet\u0151i \u00e9s oktat\u00f3i p\u00e1ly\u00e1zatok v\u00e9lem\u00e9nyez\u00e9s\u00e9r\u0151l &#8211; kancell\u00e1ri egyet\u00e9rt\u00e9si jog gyakorl\u00e1sa<\/a><\/p>\n<p style=\"text-align: justify\"><a href=\"https:\/\/semmelweis.hu\/jogigfoig\/files\/2021\/07\/69_2021_a-2021.-\u00e9vi-Semmelweis-Budapest-Award-adom\u00e1nyoz\u00e1s\u00e1r\u00f3l.pdf\">A Semmelweis Egyetem\u00a0Szen\u00e1tus\u00e1nak 69\/2021. (VI.24.) sz\u00e1m\u00fa hat\u00e1rozata a 2021. \u00e9vi Semmelweis Budapest Award adom\u00e1nyoz\u00e1s\u00e1r\u00f3l<\/a><\/p>\n<p style=\"text-align: justify\"><a href=\"https:\/\/semmelweis.hu\/jogigfoig\/files\/2021\/07\/69_2021_Kancell\u00e1ri-egyet\u00e9rt\u00e9s.pdf\">A Semmelweis Egyetem Szen\u00e1tus\u00e1nak 69\/2021. (VI.24.) sz\u00e1m\u00fa hat\u00e1rozata a 2021. \u00e9vi Semmelweis Budapest Award adom\u00e1nyoz\u00e1s\u00e1r\u00f3l &#8211; kancell\u00e1ri egyet\u00e9rt\u00e9si jog gyakorl\u00e1sa<\/a><\/p>\n<p style=\"text-align: justify\"><a href=\"https:\/\/semmelweis.hu\/jogigfoig\/files\/2021\/07\/70_2021_a-2021.-\u00e9vi-Hugonnai-Vilma-eml\u00e9k\u00e9rem-\u00e9s-jutalomd\u00edj-adom\u00e1nyoz\u00e1s\u00e1r\u00f3l.pdf\">A Semmelweis Egyetem Szen\u00e1tus\u00e1nak 70\/2021. (VI.24.) sz\u00e1m\u00fa hat\u00e1rozata a 2021. \u00e9vi Hugonnai Vilma eml\u00e9k\u00e9rem \u00e9s jutalomd\u00edj adom\u00e1nyoz\u00e1s\u00e1r\u00f3l<\/a><\/p>\n<p style=\"text-align: justify\"><a href=\"https:\/\/semmelweis.hu\/jogigfoig\/files\/2021\/07\/70_2021_Kancell\u00e1ri-egyet\u00e9rt\u00e9s.pdf\">A Semmelweis Egyetem Szen\u00e1tus\u00e1nak 70\/2021. (VI.24.) sz\u00e1m\u00fa hat\u00e1rozata a 2021. \u00e9vi Hugonnai Vilma eml\u00e9k\u00e9rem \u00e9s jutalomd\u00edj adom\u00e1nyoz\u00e1s\u00e1r\u00f3l &#8211; kancell\u00e1ri egyet\u00e9rt\u00e9si jog gyakorl\u00e1sa<\/a><\/p>\n<p style=\"text-align: justify\"><a href=\"https:\/\/semmelweis.hu\/jogigfoig\/files\/2021\/07\/71_2021_a-2021.-\u00e9vi-Huzella-Tivadar-eml\u00e9k\u00e9rem-\u00e9s-jutalomd\u00edj.pdf\">A Semmelweis Egyetem\u00a0Szen\u00e1tus\u00e1nak 71\/2021. (VI.24.) sz\u00e1m\u00fa hat\u00e1rozata a 2021. \u00e9vi Huzella Tivadar eml\u00e9k\u00e9rem \u00e9s jutalomd\u00edj adom\u00e1nyoz\u00e1s\u00e1r\u00f3l<\/a><\/p>\n<p style=\"text-align: justify\"><a href=\"https:\/\/semmelweis.hu\/jogigfoig\/files\/2021\/07\/71_2021_Kancell\u00e1ri-egyet\u00e9rt\u00e9s.pdf\">A Semmelweis Egyetem Szen\u00e1tus\u00e1nak 71\/2021. (VI.24.) sz\u00e1m\u00fa hat\u00e1rozata a 2021. \u00e9vi Huzella Tivadar eml\u00e9k\u00e9rem \u00e9s jutalomd\u00edj adom\u00e1nyoz\u00e1s\u00e1r\u00f3l &#8211; kancell\u00e1ri egyet\u00e9rt\u00e9si jog gyakorl\u00e1sa<\/a><\/p>\n<p style=\"text-align: justify\"><a href=\"https:\/\/semmelweis.hu\/jogigfoig\/files\/2021\/07\/72_2021_a-2021.-\u00e9vi-Jendrassik-Ern\u0151-eml\u00e9k\u00e9rem-\u00e9s-jutalomd\u00edja-2021.-\u00e9vi-Jendrassik-Ern\u0151-eml\u00e9k\u00e9rem-\u00e9s-jutalomd\u00edj.pdf\">A Semmelweis Egyetem\u00a0Szen\u00e1tus\u00e1nak\u00a072\/2021. (VI.24.) sz\u00e1m\u00fa hat\u00e1rozata\u00a0a 2021. \u00e9vi Jendrassik Ern\u0151 eml\u00e9k\u00e9rem \u00e9s jutalomd\u00edj adom\u00e1nyoz\u00e1s\u00e1r\u00f3l<\/a><\/p>\n<p style=\"text-align: justify\"><a href=\"https:\/\/semmelweis.hu\/jogigfoig\/files\/2021\/07\/72_2021_Kancell\u00e1ri-egyet\u00e9rt\u00e9s.pdf\">A Semmelweis Egyetem Szen\u00e1tus\u00e1nak 72\/2021. (VI.24.) sz\u00e1m\u00fa hat\u00e1rozata a 2021. \u00e9vi Jendrassik Ern\u0151 eml\u00e9k\u00e9rem \u00e9s jutalomd\u00edj adom\u00e1nyoz\u00e1s\u00e1r\u00f3l &#8211; kancell\u00e1ri egyet\u00e9rt\u00e9si jog gyakorl\u00e1sa<\/a><\/p>\n<p style=\"text-align: justify\"><a href=\"https:\/\/semmelweis.hu\/jogigfoig\/files\/2021\/07\/73_2021_a-2021.-\u00e9vi-H\u00e1ri-M\u00e1ria-eml\u00e9k\u00e9rem-\u00e9s-jutalomd\u00edj-adom\u00e1nyoz\u00e1s\u00e1r\u00f3l.pdf\">A Semmelweis Egyetem\u00a0Szen\u00e1tus\u00e1nak\u00a073\/2021. (VI.24.) sz\u00e1m\u00fa hat\u00e1rozata\u00a0a 2021. \u00e9vi H\u00e1ri M\u00e1ria eml\u00e9k\u00e9rem \u00e9s jutalomd\u00edj adom\u00e1nyoz\u00e1s\u00e1r\u00f3l<\/a><\/p>\n<p style=\"text-align: justify\"><a href=\"https:\/\/semmelweis.hu\/jogigfoig\/files\/2021\/07\/73_2021_Kancell\u00e1ri-egyet\u00e9rt\u00e9s.pdf\">A Semmelweis Egyetem Szen\u00e1tus\u00e1nak 73\/2021. (VI.24.) sz\u00e1m\u00fa hat\u00e1rozata a 2021. \u00e9vi H\u00e1ri M\u00e1ria eml\u00e9k\u00e9rem \u00e9s jutalomd\u00edj adom\u00e1nyoz\u00e1s\u00e1r\u00f3l &#8211; kancell\u00e1ri egyet\u00e9rt\u00e9si jog gyakorl\u00e1sa<\/a><\/p>\n<p style=\"text-align: justify\"><a href=\"https:\/\/semmelweis.hu\/jogigfoig\/files\/2021\/07\/74_2021_az-Egyetemi-Tudom\u00e1nyos-Tan\u00e1cs-szem\u00e9lyi-\u00f6sszet\u00e9tel\u00e9nek-m\u00f3dos\u00edt\u00e1s\u00e1r\u00f3l.pdf\">A Semmelweis Egyetem\u00a0Szen\u00e1tus\u00e1nak\u00a074\/2021. (VI.24.) sz\u00e1m\u00fa hat\u00e1rozata\u00a0az Egyetemi Tudom\u00e1nyos Tan\u00e1cs szem\u00e9lyi \u00f6sszet\u00e9tel\u00e9nek m\u00f3dos\u00edt\u00e1s\u00e1r\u00f3l<\/a><\/p>\n","protected":false},"excerpt":{"rendered":"<p><a href=\"https:\/\/semmelweis.hu\/jogigfoig\/files\/2021\/07\/N_5_2021_hat\u00e1rozat.pdf\">6A Semmelweis Egyetem Szen\u00e1tus\u00e1nak N-5.2021. (VI.24.) sz\u00e1m\u00fa hat\u00e1rozata a szen\u00e1tusi \u00fcl\u00e9s napirendj\u00e9r\u0151l<\/a><br \/>\n<a href=\"https:\/\/semmelweis.hu\/jogigfoig\/files\/2021\/07\/56_2021_a-Hallgat\u00f3k-Szoci\u00e1lis-\u00e9s-Es\u00e9lyegyenl\u0151s\u00e9gi-\u00dcgyeivel-Foglalkoz\u00f3-Bizotts\u00e1g-SZEB-szem\u00e9lyi-\u00f6sszet\u00e9tel\u00e9nek-a-meg\u00faj\u00edt\u00e1s\u00e1r\u00f3l.pdf\">A Semmelweis Egyetem\u00a0Szen\u00e1tus\u00e1nak 56\/2021. (VI.24.) sz\u00e1m\u00fa hat\u00e1rozata\u00a0a Hallgat\u00f3k Szoci\u00e1lis \u00e9s Es\u00e9lyegyenl\u0151s\u00e9gi \u00dcgyeivel Foglalkoz\u00f3 Bizotts\u00e1g (SZEB) szem\u00e9lyi \u00f6sszet\u00e9tel\u00e9nek meg\u00faj\u00edt\u00e1s\u00e1r\u00f3l<\/a><br \/>\n<a href=\"https:\/\/semmelweis.hu\/jogigfoig\/files\/2021\/07\/57_2021_az-\u00faj-v\u00e1laszthat\u00f3-tant\u00e1rgyak-Ny\u00e1ri-Egyetem-I.-II.-bevezet\u00e9s\u00e9r\u0151l.pdf\">A Semmelweis Egyetem\u00a0Szen\u00e1tus\u00e1nak 57\/2021. (VI.24.) sz\u00e1m\u00fa hat\u00e1rozata\u00a0\u00faj v\u00e1laszthat\u00f3 tant\u00e1rgy (Ny\u00e1ri Egyetem I. II.) bevezet\u00e9s\u00e9r\u0151l<\/a><br \/>\n<a href=\"https:\/\/semmelweis.hu\/jogigfoig\/files\/2021\/07\/57_2021_Mell\u00e9klet_K\u00f6vetelm\u00e9nyrendszer.pdf\">A Semmelweis Egyetem Szen\u00e1tus\u00e1nak 57\/2021. (VI.24.) sz\u00e1m\u00fa hat\u00e1rozata \u00faj v\u00e1laszthat\u00f3 tant\u00e1rgy (Ny\u00e1ri Egyetem I. II.) bevezet\u00e9s\u00e9r\u0151l &#8211; 1. sz\u00e1m\u00fa mell\u00e9klet<\/a><br \/>\n<a href=\"https:\/\/semmelweis.hu\/jogigfoig\/files\/2021\/07\/58_2021_a-Klinikai-K\u00f6zpont-szervezeti-egys\u00e9geinek-struktur\u00e1lis-v\u00e1ltoz\u00e1sair\u00f3l-valamint-\u00fajonnan-l\u00e9trej\u00f6v\u0151-betegell\u00e1t\u00e1si-szervezeti-egys\u00e9geir\u0151l.pdf\">A Semmelweis Egyetem\u00a0Szen\u00e1tus\u00e1nak 58\/2021. (VI.24.) sz\u00e1m\u00fa hat\u00e1rozata a\u00a0Klinikai K\u00f6zpont szervezeti egys\u00e9geinek struktur\u00e1lis v\u00e1ltoz\u00e1sair\u00f3l, valamint \u00fajonnan l\u00e9trej\u00f6v\u0151 betegell\u00e1t\u00e1si szervezeti egys\u00e9geir\u0151l<\/a><br \/>\n<a href=\"https:\/\/semmelweis.hu\/jogigfoig\/files\/2021\/07\/59_2021_a-2019_2020-as-tan\u00e9vt\u0151l-bevezetett-orvosk\u00e9pz\u00e9s-kurrikulum\u00e1nak-m\u00f3dos\u00edt\u00e1s\u00e1ra-az-\u00c1ltal\u00e1nos-Orvostudom\u00e1nyi-Karon.pdf\">A Semmelweis Egyetem\u00a0Szen\u00e1tus\u00e1nak 59\/2021. (VI.24.) sz\u00e1m\u00fa hat\u00e1rozata a\u00a02019\/2020-as tan\u00e906vt\u0151l bevezetett orvosk\u00e9pz\u00e9s kurrikulum\u00e1nak m\u00f3dos\u00edt\u00e1s\u00e1r\u00f3l az \u00c1ltal\u00e1nos Orvostudom\u00e1nyi Karon<\/a><br \/>\n<a href=\"https:\/\/semmelweis.hu\/jogigfoig\/files\/2021\/07\/59_2021_mell\u00e9klet_\u00e1ltal\u00e1nos-orvos-mesterszak-\u00faj-2019-2020-tan\u00e9vt\u0151l-bevezetett-aj\u00e1nlott-tanterve.pdf\">A Semmelweis Egyetem Szen\u00e1tus\u00e1nak 59\/2021. (VI.24.) sz\u00e1m\u00fa hat\u00e1rozata a 2019\/2020-as tan\u00e9vt\u0151l bevezetett orvosk\u00e9pz\u00e9s kurrikulum\u00e1nak m\u00f3dos\u00edt\u00e1s\u00e1r\u00f3l az \u00c1ltal\u00e1nos Orvostudom\u00e1nyi Karon &#8211; 1. sz\u00e1m\u00fa mell\u00e9klet<\/a><br \/>\n<a href=\"https:\/\/semmelweis.hu\/jogigfoig\/files\/2021\/07\/60_2021_az-Asklepios-Campus-Hamburg-tant\u00e1rgyfelel\u0151si-p\u00e1ly\u00e1zatok-v\u00e9lem\u00e9nyez\u00e9s\u00e9r\u0151l.pdf\">A Semmelweis Egyetem\u00a0Szen\u00e1tus\u00e1nak 60\/2021. (VI.24.) sz\u00e1m\u00fa hat\u00e1rozata\u00a0az Asklepios Campus Hamburg tant\u00e1rgyfelel\u0151si p\u00e1ly\u00e1zatok v\u00e9lem\u00e9nyez\u00e9s\u00e9r\u0151l<\/a><br \/>\n<a href=\"https:\/\/semmelweis.hu\/jogigfoig\/files\/2021\/07\/60_2021_Kancell\u00e1ri-egyet\u00e9rt\u00e9s.pdf\">A Semmelweis Egyetem Szen\u00e1tus\u00e1nak 60\/2021. (VI.24.) sz\u00e1m\u00fa hat\u00e1rozata az Asklepios Campus Hamburg tant\u00e1rgyfelel\u0151si p\u00e1ly\u00e1zatok v\u00e9lem\u00e9nyez\u00e9s\u00e9r\u0151l &#8211; kancell\u00e1ri egyet\u00e9rt\u00e9si jog gyakorl\u00e1sa<\/a><br \/>\n<a href=\"https:\/\/semmelweis.hu\/jogigfoig\/files\/2021\/07\/61_2021_a-Szen\u00e1tus-\u00e1ltal-megv\u00e1lasztott-Gy\u00f3gyszer\u00e9sztudom\u00e1nyi-Karon-m\u0171k\u00f6d\u0151-\u00e1lland\u00f3-bizotts\u00e1gok-\u00fcgyrendj\u00e9nek-j\u00f3v\u00e1hagy\u00e1s\u00e1ra.pdf\">A Semmelweis Egyetem\u00a0Szen\u00e1tus\u00e1nak\u00a061\/2021. (VI.24.) sz\u00e1m\u00fa hat\u00e1rozata\u00a0a Szen\u00e1tus \u00e1ltal megv\u00e1lasztott Gy\u00f3gyszer\u00e9sztudom\u00e1nyi Karon m\u0171k\u00f6d\u0151\u00a0\u00e1lland\u00f3 bizotts\u00e1gok \u00fcgyrendj\u00e9nek j\u00f3v\u00e1hagy\u00e1s\u00e1r\u00f3l<\/a><br \/>\n<a href=\"https:\/\/semmelweis.hu\/jogigfoig\/files\/2021\/07\/61_2021_Mell\u00e9klet_1.pdf\">A Semmelweis Egyetem Szen\u00e1tus\u00e1nak 61\/2021. (VI.24.) sz\u00e1m\u00fa hat\u00e1rozata a Szen\u00e1tus \u00e1ltal megv\u00e1lasztott Gy\u00f3gyszer\u00e9sztudom\u00e1nyi Karon m\u0171k\u00f6d\u0151 \u00e1lland\u00f3 bizotts\u00e1gok \u00fcgyrendj\u00e9nek j\u00f3v\u00e1hagy\u00e1s\u00e1r\u00f3l &#8211; 1. sz\u00e1m\u00fa mell\u00e9klet<\/a><br \/>\n<a href=\"https:\/\/semmelweis.hu\/jogigfoig\/files\/2021\/07\/61_2021_Mell\u00e9klet_2.pdf\">A Semmelweis Egyetem\u00a0Szen\u00e1tus\u00e1nak\u00a061\/2021. (VI.24.) sz\u00e1m\u00fa hat\u00e1rozata\u00a0a Szen\u00e1tus \u00e1ltal megv\u00e1lasztott Gy\u00f3gyszer\u00e9sztudom\u00e1nyi Karon m\u0171k\u00f6d\u0151\u00a0\u00e1lland\u00f3 bizotts\u00e1gok \u00fcgyrendj\u00e9nek j\u00f3v\u00e1hagy\u00e1s\u00e1r\u00f3l &#8211; 2. sz\u00e1m\u00fa mell\u00e9klet<\/a><br \/>\n<a href=\"https:\/\/semmelweis.hu\/jogigfoig\/files\/2021\/07\/61_2021_Mell\u00e9klet_3.pdf\">A Semmelweis Egyetem\u00a0Szen\u00e1tus\u00e1nak\u00a061\/2021. (VI.24.) sz\u00e1m\u00fa hat\u00e1rozata\u00a0a Szen\u00e1tus \u00e1ltal megv\u00e1lasztott Gy\u00f3gyszer\u00e9sztudom\u00e1nyi Karon m\u0171k\u00f6d\u0151\u00a0\u00e1lland\u00f3 bizotts\u00e1gok \u00fcgyrendj\u00e9nek j\u00f3v\u00e1hagy\u00e1s\u00e1r\u00f3l &#8211; 3. sz\u00e1m\u00fa mell\u00e9klet<\/a><br \/>\n<a href=\"https:\/\/semmelweis.hu\/jogigfoig\/files\/2021\/07\/62_2021_EKK_e\u00fc.-menedzser_N-\u00e9s-L-tanterv.pdf\">A Semmelweis Egyetem\u00a0Szen\u00e1tus\u00e1nak 62\/2021. (VI.24.) sz\u00e1m\u00fa hat\u00e1rozata a Semmelweis Egyetem Eg\u00e9szs\u00e9g\u00fcgyi K\u00f6zszolg\u00e1lati Kar Eg\u00e9szs\u00e9g\u00fcgyi Menedzserk\u00e9pz\u0151 K\u00f6zpont eg\u00e9szs\u00e9g\u00fcgyi menedzser mesterk\u00e9pz\u00e9si szak nappali munkarend\u0171 k\u00e9pz\u00e9s tanterv\u00e9nek elfogad\u00e1s\u00e1r\u00f3l \u00e9s levelez\u0151 munkarend\u0171 k\u00e9pz\u00e9s tanterv\u00e9nek m\u00f3dos\u00edt\u00e1s\u00e1r\u00f3l<\/a><br \/>\n<a href=\"https:\/\/semmelweis.hu\/jogigfoig\/files\/2021\/07\/62_2021_Mell\u00e9klet_levelez\u0151.pdf\">A Semmelweis Egyetem Szen\u00e1tus\u00e1nak 62\/2021. (VI.24.) sz\u00e1m\u00fa hat\u00e1rozata a Semmelweis Egyetem Eg\u00e9szs\u00e9g\u00fcgyi K\u00f6zszolg\u00e1lati Kar Eg\u00e9szs\u00e9g\u00fcgyi Menedzserk\u00e9pz\u0151 K\u00f6zpont eg\u00e9szs\u00e9g\u00fcgyi menedzser mesterk\u00e9pz\u00e9si szak nappali munkarend\u0171 k\u00e9pz\u00e9s tanterv\u00e9nek elfogad\u00e1s\u00e1r\u00f3l \u00e9s levelez\u0151 munkarend\u0171 k\u00e9pz\u00e9s tanterv\u00e9nek m\u00f3dos\u00edt\u00e1s\u00e1r\u00f3l &#8211; 1. sz\u00e1m\u00fa mell\u00e9klet<\/a><br \/>\n<a href=\"https:\/\/semmelweis.hu\/jogigfoig\/files\/2021\/07\/62_2021_Mell\u00e9klet_nappali.pdf\">A Semmelweis Egyetem\u00a0Szen\u00e1tus\u00e1nak 62\/2021. (VI.24.) sz\u00e1m\u00fa hat\u00e1rozata a Semmelweis Egyetem Eg\u00e9szs\u00e9g\u00fcgyi K\u00f6zszolg\u00e1lati Kar Eg\u00e9szs\u00e9g\u00fcgyi Menedzserk\u00e9pz\u0151 K\u00f6zpont eg\u00e9szs\u00e9g\u00fcgyi menedzser mesterk\u00e9pz\u00e9si szak nappali munkarend\u0171 k\u00e9pz\u00e9s tanterv\u00e9nek elfogad\u00e1s\u00e1r\u00f3l \u00e9s levelez\u0151 munkarend\u0171 k\u00e9pz\u00e9s tanterv\u00e9nek m\u00f3dos\u00edt\u00e1s\u00e1r\u00f3l &#8211; 2. sz\u00e1m\u00fa mell\u00e9klet<\/a><br \/>\n<a href=\"https:\/\/semmelweis.hu\/jogigfoig\/files\/2021\/11\/63_2021_a-Pet\u0151-Andr\u00e1s-Kar-D\u00e9k\u00e1ni-Hivatal\u00e1t-\u00e9rint\u0151-szervezeti-fel\u00e9p\u00edt\u00e9s-m\u00f3d_.pdf\">A Semmelweis Egyetem\u00a0Szen\u00e1tus\u00e1nak 63\/2021. (VI.24.) sz\u00e1m\u00fa hat\u00e1rozata a Pet\u0151 Andr\u00e1s Kar D\u00e9k\u00e1ni Hivatal\u00e1t \u00e9rint\u0151 szervezeti fel\u00e9p\u00edt\u00e9s m\u00f3dos\u00edt\u00e1s\u00e1r\u00f3l<\/a><br \/>\n<a href=\"https:\/\/semmelweis.hu\/jogigfoig\/files\/2021\/07\/63_2021_Mell\u00e9klet_1.pdf\">A Semmelweis Egyetem Szen\u00e1tus\u00e1nak 63\/2021. (VI.24.) sz\u00e1m\u00fa hat\u00e1rozata a Pet\u0151 Andr\u00e1s Kar D\u00e9k\u00e1ni Hivatal\u00e1t \u00e9rint\u0151 szervezeti fel\u00e9p\u00edt\u00e9s m\u00f3dos\u00edt\u00e1s\u00e1r\u00f3l &#8211; 1. sz\u00e1m\u00fa mell\u00e9klet<\/a><br \/>\n<a href=\"https:\/\/semmelweis.hu\/jogigfoig\/files\/2021\/07\/63_2021_Mell\u00e9klet_2.pdf\">A Semmelweis Egyetem\u00a0Szen\u00e1tus\u00e1nak 63\/2021. (VI.24.) sz\u00e1m\u00fa hat\u00e1rozata a Pet\u0151 Andr\u00e1s Kar D\u00e9k\u00e1ni Hivatal\u00e1t \u00e9rint\u0151 szervezeti fel\u00e9p\u00edt\u00e9s m\u00f3dos\u00edt\u00e1s\u00e1r\u00f3l &#8211; 2. sz\u00e1m\u00fa mell\u00e9klet<\/a><br \/>\n<a href=\"https:\/\/semmelweis.hu\/jogigfoig\/files\/2021\/07\/64_2021_a-Doctor-Honoris-Causa-c\u00edm-adom\u00e1nyoz\u00e1s\u00e1r\u00f3l.pdf\">A Semmelweis Egyetem\u00a0Szen\u00e1tus\u00e1nak 64\/2021. (VI.24.) sz\u00e1m\u00fa hat\u00e1rozata\u00a0a Doctor Honoris Causa c\u00edm adom\u00e1nyoz\u00e1s\u00e1r\u00f3l<\/a><br \/>\n<a href=\"https:\/\/semmelweis.hu\/jogigfoig\/files\/2021\/07\/64_2021_Kancell\u00e1ri-egyet\u00e9rt\u00e9s.pdf\">A Semmelweis Egyetem\u00a0Szen\u00e1tus\u00e1nak 64\/2021. (VI.24.) sz\u00e1m\u00fa hat\u00e1rozata\u00a0a Doctor Honoris Causa c\u00edm adom\u00e1nyoz\u00e1s\u00e1r\u00f3l &#8211; kancell\u00e1ri egyet\u00e9rt\u00e9si jog gyakorl\u00e1sa<\/a><br \/>\n<a href=\"https:\/\/semmelweis.hu\/jogigfoig\/files\/2021\/07\/65_2021_a-Szervezeti-\u00e9s-M\u0171k\u00f6d\u00e9si-Szab\u00e1lyzat-egyes-rendelkez\u00e9seinek-m\u00f3dos\u00edt\u00e1s\u00e1r\u00f3l.pdf\">A Semmelweis Egyetem\u00a0Szen\u00e1tus\u00e1nak 65\/2021. (VI.24.) sz\u00e1m\u00fa hat\u00e1rozata a Szervezeti \u00e9s M\u0171k\u00f6d\u00e9si Szab\u00e1lyzat egyes rendelkez\u00e9seinek m\u00f3dos\u00edt\u00e1s\u00e1r\u00f3l<\/a><br \/>\n<a href=\"https:\/\/semmelweis.hu\/jogigfoig\/files\/2021\/07\/65_2021_Mell\u00e9klet.pdf\">A Semmelweis Egyetem Szen\u00e1tus\u00e1nak 65\/2021. (VI.24.) sz\u00e1m\u00fa hat\u00e1rozata a Szervezeti \u00e9s M\u0171k\u00f6d\u00e9si Szab\u00e1lyzat egyes rendelkez\u00e9seinek m\u00f3dos\u00edt\u00e1s\u00e1r\u00f3l &#8211; 1. sz\u00e1m\u00fa mell\u00e9klet<\/a><br \/>\n<a href=\"https:\/\/semmelweis.hu\/jogigfoig\/files\/2021\/07\/66_2021_az-egyetemi-kit\u00fcntet\u00e9sek-d\u00edjak-adom\u00e1nyoz\u00e1s\u00e1r\u00f3l-valamint-az-\u00e1llami-kit\u00fcntet\u00e9sek-felterjeszt\u00e9si-elj\u00e1r\u00e1s\u00e1r\u00f3l-sz\u00f3l\u00f3-szab\u00e1lyzat-m\u00f3dos\u00edt\u00e1s\u00e1r\u00f3l.pdf\">A Semmelweis Egyetem\u00a0Szen\u00e1tus\u00e1nak 66\/2021. (VI.24.) sz\u00e1m\u00fa hat\u00e1rozata az Egyetemi kit\u00fcntet\u00e9sek, d\u00edjak adom\u00e1nyoz\u00e1s\u00e1r\u00f3l, valamint az \u00e1llami kit\u00fcntet\u00e9sek felterjeszt\u00e9si elj\u00e1r\u00e1s\u00e1r\u00f3l sz\u00f3l\u00f3 szab\u00e1lyzat m\u00f3dos\u00edt\u00e1s\u00e1r\u00f3l<\/a><br \/>\n<a href=\"https:\/\/semmelweis.hu\/jogigfoig\/files\/2021\/07\/67_2021_Pro-Universitate-d\u00edj-adom\u00e1nyoz\u00e1s\u00e1r\u00f3l.pdf\">A Semmelweis Egyetem\u00a0Szen\u00e1tus\u00e1nak 67\/2021. (VI.24.) sz\u00e1m\u00fa hat\u00e1rozata Pro Universitate d\u00edj adom\u00e1nyoz\u00e1s\u00e1r\u00f3l<\/a><br \/>\n<a href=\"https:\/\/semmelweis.hu\/jogigfoig\/files\/2021\/07\/67_2021_Kancell\u00e1ri-egyet\u00e9rt\u00e9s.pdf\">A Semmelweis Egyetem Szen\u00e1tus\u00e1nak 67\/2021. (VI.24.) sz\u00e1m\u00fa hat\u00e1rozata Pro Universitate d\u00edj adom\u00e1nyoz\u00e1s\u00e1r\u00f3l &#8211; kancell\u00e1ri egyet\u00e9rt\u00e9si jog gyakorl\u00e1sa<\/a><br \/>\n<a href=\"https:\/\/semmelweis.hu\/jogigfoig\/files\/2021\/07\/68_2021_az-aktu\u00e1lis-vezet\u0151i-\u00e9s-oktat\u00f3i-p\u00e1ly\u00e1zatok-v\u00e9lem\u00e9nyez\u00e9s\u00e9r\u0151l.pdf\">A Semmelweis Egyetem\u00a0Szen\u00e1tus\u00e1nak 68\/2021. (VI.24.) sz\u00e1m\u00fa hat\u00e1rozata az aktu\u00e1lis vezet\u0151i \u00e9s oktat\u00f3i p\u00e1ly\u00e1zatok v\u00e9lem\u00e9nyez\u00e9s\u00e9r\u0151l<\/a><br \/>\n<a href=\"https:\/\/semmelweis.hu\/jogigfoig\/files\/2021\/07\/68_2021_Kancell\u00e1ri-egyet\u00e9rt\u00e9s.pdf\">A Semmelweis Egyetem Szen\u00e1tus\u00e1nak 68\/2021. (VI.24.) sz\u00e1m\u00fa hat\u00e1rozata az aktu\u00e1lis vezet\u0151i \u00e9s oktat\u00f3i p\u00e1ly\u00e1zatok v\u00e9lem\u00e9nyez\u00e9s\u00e9r\u0151l &#8211; kancell\u00e1ri egyet\u00e9rt\u00e9si jog gyakorl\u00e1sa<\/a><br \/>\n<a href=\"https:\/\/semmelweis.hu\/jogigfoig\/files\/2021\/07\/69_2021_a-2021.-\u00e9vi-Semmelweis-Budapest-Award-adom\u00e1nyoz\u00e1s\u00e1r\u00f3l.pdf\">A Semmelweis Egyetem\u00a0Szen\u00e1tus\u00e1nak 69\/2021. (VI.24.) sz\u00e1m\u00fa hat\u00e1rozata a 2021. \u00e9vi Semmelweis Budapest Award adom\u00e1nyoz\u00e1s\u00e1r\u00f3l<\/a><br \/>\n<a href=\"https:\/\/semmelweis.hu\/jogigfoig\/files\/2021\/07\/69_2021_Kancell\u00e1ri-egyet\u00e9rt\u00e9s.pdf\">A Semmelweis Egyetem Szen\u00e1tus\u00e1nak 69\/2021. (VI.24.) sz\u00e1m\u00fa hat\u00e1rozata a 2021. \u00e9vi Semmelweis Budapest Award adom\u00e1nyoz\u00e1s\u00e1r\u00f3l &#8211; kancell\u00e1ri egyet\u00e9rt\u00e9si jog gyakorl\u00e1sa<\/a><br \/>\n<a href=\"https:\/\/semmelweis.hu\/jogigfoig\/files\/2021\/07\/70_2021_a-2021.-\u00e9vi-Hugonnai-Vilma-eml\u00e9k\u00e9rem-\u00e9s-jutalomd\u00edj-adom\u00e1nyoz\u00e1s\u00e1r\u00f3l.pdf\">A Semmelweis Egyetem Szen\u00e1tus\u00e1nak 70\/2021. (VI.24.) sz\u00e1m\u00fa hat\u00e1rozata a 2021. \u00e9vi Hugonnai Vilma eml\u00e9k\u00e9rem \u00e9s jutalomd\u00edj adom\u00e1nyoz\u00e1s\u00e1r\u00f3l<\/a><br \/>\n<a href=\"https:\/\/semmelweis.hu\/jogigfoig\/files\/2021\/07\/70_2021_Kancell\u00e1ri-egyet\u00e9rt\u00e9s.pdf\">A Semmelweis Egyetem Szen\u00e1tus\u00e1nak 70\/2021. (VI.24.) sz\u00e1m\u00fa hat\u00e1rozata a 2021. \u00e9vi Hugonnai Vilma eml\u00e9k\u00e9rem \u00e9s jutalomd\u00edj adom\u00e1nyoz\u00e1s\u00e1r\u00f3l &#8211; kancell\u00e1ri egyet\u00e9rt\u00e9si jog gyakorl\u00e1sa<\/a><br \/>\n<a href=\"https:\/\/semmelweis.hu\/jogigfoig\/files\/2021\/07\/71_2021_a-2021.-\u00e9vi-Huzella-Tivadar-eml\u00e9k\u00e9rem-\u00e9s-jutalomd\u00edj.pdf\">A Semmelweis Egyetem\u00a0Szen\u00e1tus\u00e1nak 71\/2021. (VI.24.) sz\u00e1m\u00fa hat\u00e1rozata a 2021. \u00e9vi Huzella Tivadar eml\u00e9k\u00e9rem \u00e9s jutalomd\u00edj adom\u00e1nyoz\u00e1s\u00e1r\u00f3l<\/a><br \/>\n<a href=\"https:\/\/semmelweis.hu\/jogigfoig\/files\/2021\/07\/71_2021_Kancell\u00e1ri-egyet\u00e9rt\u00e9s.pdf\">A Semmelweis Egyetem Szen\u00e1tus\u00e1nak 71\/2021. (VI.24.) sz\u00e1m\u00fa hat\u00e1rozata a 2021. \u00e9vi Huzella Tivadar eml\u00e9k\u00e9rem \u00e9s jutalomd\u00edj adom\u00e1nyoz\u00e1s\u00e1r\u00f3l &#8211; kancell\u00e1ri egyet\u00e9rt\u00e9si jog gyakorl\u00e1sa<\/a><br \/>\n<a href=\"https:\/\/semmelweis.hu\/jogigfoig\/files\/2021\/07\/72_2021_a-2021.-\u00e9vi-Jendrassik-Ern\u0151-eml\u00e9k\u00e9rem-\u00e9s-jutalomd\u00edja-2021.-\u00e9vi-Jendrassik-Ern\u0151-eml\u00e9k\u00e9rem-\u00e9s-jutalomd\u00edj.pdf\">A Semmelweis Egyetem\u00a0Szen\u00e1tus\u00e1nak\u00a072\/2021. (VI.24.) sz\u00e1m\u00fa hat\u00e1rozata\u00a0a 2021. \u00e9vi Jendrassik Ern\u0151 eml\u00e9k\u00e9rem \u00e9s jutalomd\u00edj adom\u00e1nyoz\u00e1s\u00e1r\u00f3l<\/a><br \/>\n<a href=\"https:\/\/semmelweis.hu\/jogigfoig\/files\/2021\/07\/72_2021_Kancell\u00e1ri-egyet\u00e9rt\u00e9s.pdf\">A Semmelweis Egyetem Szen\u00e1tus\u00e1nak 72\/2021. (VI.24.) sz\u00e1m\u00fa hat\u00e1rozata a 2021. \u00e9vi Jendrassik Ern\u0151 eml\u00e9k\u00e9rem \u00e9s jutalomd\u00edj adom\u00e1nyoz\u00e1s\u00e1r\u00f3l &#8211; kancell\u00e1ri egyet\u00e9rt\u00e9si jog gyakorl\u00e1sa<\/a><br \/>\n<a href=\"https:\/\/semmelweis.hu\/jogigfoig\/files\/2021\/07\/73_2021_a-2021.-\u00e9vi-H\u00e1ri-M\u00e1ria-eml\u00e9k\u00e9rem-\u00e9s-jutalomd\u00edj-adom\u00e1nyoz\u00e1s\u00e1r\u00f3l.pdf\">A Semmelweis Egyetem\u00a0Szen\u00e1tus\u00e1nak\u00a073\/2021. (VI.24.) sz\u00e1m\u00fa hat\u00e1rozata\u00a0a 2021. \u00e9vi H\u00e1ri M\u00e1ria eml\u00e9k\u00e9rem \u00e9s jutalomd\u00edj adom\u00e1nyoz\u00e1s\u00e1r\u00f3l<\/a><br \/>\n<a href=\"https:\/\/semmelweis.hu\/jogigfoig\/files\/2021\/07\/73_2021_Kancell\u00e1ri-egyet\u00e9rt\u00e9s.pdf\">A Semmelweis Egyetem Szen\u00e1tus\u00e1nak 73\/2021. (VI.24.) sz\u00e1m\u00fa hat\u00e1rozata a 2021. \u00e9vi H\u00e1ri M\u00e1ria eml\u00e9k\u00e9rem \u00e9s jutalomd\u00edj adom\u00e1nyoz\u00e1s\u00e1r\u00f3l &#8211; kancell\u00e1ri egyet\u00e9rt\u00e9si jog gyakorl\u00e1sa<\/a><br \/>\n<a href=\"https:\/\/semmelweis.hu\/jogigfoig\/files\/2021\/07\/74_2021_az-Egyetemi-Tudom\u00e1nyos-Tan\u00e1cs-szem\u00e9lyi-\u00f6sszet\u00e9tel\u00e9nek-m\u00f3dos\u00edt\u00e1s\u00e1r\u00f3l.pdf\">A Semmelweis Egyetem\u00a0Szen\u00e1tus\u00e1nak\u00a074\/2021. (VI.24.) sz\u00e1m\u00fa hat\u00e1rozata\u00a0az Egyetemi Tudom\u00e1nyos Tan\u00e1cs szem\u00e9lyi \u00f6sszet\u00e9tel\u00e9nek m\u00f3dos\u00edt\u00e1s\u00e1r\u00f3l<\/a><\/p>\n","protected":false},"author":101467,"featured_media":0,"parent":79349,"menu_order":6,"comment_status":"closed","ping_status":"closed","template":"","meta":{"_acf_changed":false,"footnotes":""},"categories":[],"tags":[],"class_list":["post-81562","page","type-page","status-publish","hentry"],"acf":[],"_links":{"self":[{"href":"https:\/\/semmelweis.hu\/jogigfoig\/wp-json\/wp\/v2\/pages\/81562","targetHints":{"allow":["GET"]}}],"collection":[{"href":"https:\/\/semmelweis.hu\/jogigfoig\/wp-json\/wp\/v2\/pages"}],"about":[{"href":"https:\/\/semmelweis.hu\/jogigfoig\/wp-json\/wp\/v2\/types\/page"}],"author":[{"embeddable":true,"href":"https:\/\/semmelweis.hu\/jogigfoig\/wp-json\/wp\/v2\/users\/101467"}],"replies":[{"embeddable":true,"href":"https:\/\/semmelweis.hu\/jogigfoig\/wp-json\/wp\/v2\/comments?post=81562"}],"version-history":[{"count":4,"href":"https:\/\/semmelweis.hu\/jogigfoig\/wp-json\/wp\/v2\/pages\/81562\/revisions"}],"predecessor-version":[{"id":85643,"href":"https:\/\/semmelweis.hu\/jogigfoig\/wp-json\/wp\/v2\/pages\/81562\/revisions\/85643"}],"up":[{"embeddable":true,"href":"https:\/\/semmelweis.hu\/jogigfoig\/wp-json\/wp\/v2\/pages\/79349"}],"wp:attachment":[{"href":"https:\/\/semmelweis.hu\/jogigfoig\/wp-json\/wp\/v2\/media?parent=81562"}],"wp:term":[{"taxonomy":"category","embeddable":true,"href":"https:\/\/semmelweis.hu\/jogigfoig\/wp-json\/wp\/v2\/categories?post=81562"},{"taxonomy":"post_tag","embeddable":true,"href":"https:\/\/semmelweis.hu\/jogigfoig\/wp-json\/wp\/v2\/tags?post=81562"}],"curies":[{"name":"wp","href":"https:\/\/api.w.org\/{rel}","templated":true}]}}