{"id":77728,"date":"2020-09-08T16:02:04","date_gmt":"2020-09-08T14:02:04","guid":{"rendered":"https:\/\/semmelweis.hu\/jogigfoig\/?page_id=77728"},"modified":"2022-10-20T09:45:57","modified_gmt":"2022-10-20T07:45:57","slug":"2020-augusztus-27","status":"publish","type":"page","link":"https:\/\/semmelweis.hu\/jogigfoig\/testuletek\/szenatus\/2020-evi-szenatusi-hatarozatok\/2020-augusztus-27\/","title":{"rendered":"2020. augusztus 27."},"content":{"rendered":"<p style=\"text-align: justify\"><a href=\"https:\/\/semmelweis.hu\/jogigfoig\/files\/2020\/10\/N_7_2020_08.27_hat\u00e1rozat.pdf\">A Semmelweis Egyetem Szen\u00e1tus\u00e1nak N-7.2020. (VIII.27.) sz\u00e1m\u00fa hat\u00e1rozata a szen\u00e1tusi \u00fcl\u00e9s napirendi pontjainak elfogad\u00e1s\u00e1r\u00f3l<\/a><\/p>\n<p style=\"text-align: justify\"><a href=\"https:\/\/semmelweis.hu\/jogigfoig\/files\/2020\/09\/163_2020_SZMSZ-egyes-rendelkez\u00e9sei-\u00e9s-az-organogram-m\u00f3dos\u00edt\u00e1s\u00e1r\u00f3l.pdf\">A Semmelweis Egyetem\u00a0Szen\u00e1tus\u00e1nak\u00a0163\/2020. (VIII.27.) sz\u00e1m\u00fa hat\u00e1rozata\u00a0a Szervezeti \u00e9s M\u0171k\u00f6d\u00e9si Szab\u00e1lyzat egyes rendelkez\u00e9sei \u00e9s\u00a0az organogram m\u00f3dos\u00edt\u00e1s\u00e1r\u00f3l<\/a><\/p>\n<p style=\"text-align: justify\"><a href=\"https:\/\/semmelweis.hu\/jogigfoig\/files\/2020\/09\/163_H\u00d6K-egyet\u00e9rt\u00e9s.pdf\">A Semmelweis Egyetem Szen\u00e1tus\u00e1nak 163\/2020. (VIII.27.) sz\u00e1m\u00fa hat\u00e1rozata a Szervezeti \u00e9s M\u0171k\u00f6d\u00e9si Szab\u00e1lyzat egyes rendelkez\u00e9sei \u00e9s az organogram m\u00f3dos\u00edt\u00e1s\u00e1r\u00f3l &#8211; Hallgat\u00f3i \u00d6nkorm\u00e1nyzat egyet\u00e9rt\u00e9si jog gyakorl\u00e1sa<\/a><\/p>\n<p style=\"text-align: justify\"><a href=\"https:\/\/semmelweis.hu\/jogigfoig\/files\/2020\/09\/163_2020_mell\u00e9klet-1_SzMSz-m\u00f3dos\u00edt\u00e1s.pdf\">A Semmelweis Egyetem Szen\u00e1tus\u00e1nak 163\/2020. (VIII.27.) sz\u00e1m\u00fa hat\u00e1rozata a Szervezeti \u00e9s M\u0171k\u00f6d\u00e9si Szab\u00e1lyzat egyes rendelkez\u00e9sei \u00e9s az organogram m\u00f3dos\u00edt\u00e1s\u00e1r\u00f3l &#8211; 1. sz. mell\u00e9klet<\/a><\/p>\n<p style=\"text-align: justify\"><a href=\"https:\/\/semmelweis.hu\/jogigfoig\/files\/2020\/09\/163_2020_mell\u00e9klet-2_Organogram-1.pdf\">A Semmelweis Egyetem Szen\u00e1tus\u00e1nak 163\/2020. (VIII.27.) sz\u00e1m\u00fa hat\u00e1rozata a Szervezeti \u00e9s M\u0171k\u00f6d\u00e9si Szab\u00e1lyzat egyes rendelkez\u00e9sei \u00e9s az organogram m\u00f3dos\u00edt\u00e1s\u00e1r\u00f3l &#8211; 2. sz. mell\u00e9klet<\/a><\/p>\n<p style=\"text-align: justify\"><a href=\"https:\/\/semmelweis.hu\/jogigfoig\/files\/2020\/09\/164_2020_Egyetemi-Es\u00e9lyegyenl\u0151s\u00e9gi-Bizotts\u00e1g-szem\u00e9lyi-\u00f6sszet\u00e9tel\u00e9nek-meg\u00faj\u00edt\u00e1s\u00e1r\u00f3l.pdf\">A Semmelweis Egyetem\u00a0Szen\u00e1tus\u00e1nak\u00a0164\/2020. (VIII.27.) sz\u00e1m\u00fa hat\u00e1rozata\u00a0az Egyetemi Es\u00e9lyegyenl\u0151s\u00e9gi Bizotts\u00e1g szem\u00e9lyi \u00f6sszet\u00e9tel\u00e9nek m\u00f3dos\u00edt\u00e1s\u00e1r\u00f3l<\/a><\/p>\n<p style=\"text-align: justify\"><a href=\"https:\/\/semmelweis.hu\/jogigfoig\/files\/2020\/09\/165_2020_Klinikai-T\u00f6mb-Orvos-f\u0151igazgat\u00f3i-beoszt\u00e1sainak-l\u00e9trehoz\u00e1s\u00e1r\u00f3l.pdf\">A Semmelweis Egyetem\u00a0Szen\u00e1tus\u00e1nak\u00a0165\/2020. (VIII.27.) sz\u00e1m\u00fa hat\u00e1rozata\u00a0a Klinikai T\u00f6mb Orvos-f\u0151igazgat\u00f3i beoszt\u00e1sainak l\u00e9trehoz\u00e1s\u00e1r\u00f3l<\/a><\/p>\n<p style=\"text-align: justify\"><a href=\"https:\/\/semmelweis.hu\/jogigfoig\/files\/2020\/09\/165_2020_kancell\u00e1ri-egyet\u00e9rt\u00e9s.pdf\">A Semmelweis Egyetem Szen\u00e1tus\u00e1nak 165\/2020. (VIII.27.) sz\u00e1m\u00fa hat\u00e1rozata a Klinikai T\u00f6mb Orvos-f\u0151igazgat\u00f3i beoszt\u00e1sainak l\u00e9trehoz\u00e1s\u00e1r\u00f3l &#8211;\u00a0kancell\u00e1ri egyet\u00e9rt\u00e9si jog gyakorl\u00e1sa<\/a><\/p>\n<p style=\"text-align: justify\"><a href=\"https:\/\/semmelweis.hu\/jogigfoig\/files\/2020\/09\/165_2020_mell\u00e9klet-1.pdf\">A Semmelweis Egyetem Szen\u00e1tus\u00e1nak 165\/2020. (VIII.27.) sz\u00e1m\u00fa hat\u00e1rozata a Klinikai T\u00f6mb Orvos-f\u0151igazgat\u00f3i beoszt\u00e1sainak l\u00e9trehoz\u00e1s\u00e1r\u00f3l &#8211; 1. sz. mell\u00e9klet<\/a><\/p>\n<p style=\"text-align: justify\"><a href=\"https:\/\/semmelweis.hu\/jogigfoig\/files\/2020\/09\/166_2020_SE-fekv\u0151beteg-ell\u00e1t\u00e1ssal-kapcsolatos-gy\u00f3gyszerell\u00e1t\u00e1sr\u00f3l-sz\u00f3l\u00f3-szab\u00e1lyzat\u00e1nak-elfogad\u00e1s\u00e1r\u00f3l.pdf\">A Semmelweis Egyetem\u00a0Szen\u00e1tus\u00e1nak\u00a0166\/2020. (VIII.27.) sz\u00e1m\u00fa hat\u00e1rozata\u00a0a Semmelweis Egyetem fekv\u0151beteg-ell\u00e1t\u00e1ssal kapcsolatos gy\u00f3gyszerell\u00e1t\u00e1sr\u00f3l\u00a0sz\u00f3l\u00f3 szab\u00e1lyzat elfogad\u00e1s\u00e1r\u00f3l<\/a><\/p>\n<p style=\"text-align: justify\"><a href=\"https:\/\/semmelweis.hu\/jogigfoig\/files\/2020\/09\/166_2020_mell\u00e9klet_-fekv\u0151beteg-ell\u00e1t\u00e1ssal-kapcsolatos-gy\u00f3gyszerell\u00e1t\u00e1sr\u00f3l-sz\u00f3l\u00f3-szab\u00e1lyzat.pdf\">A Semmelweis Egyetem Szen\u00e1tus\u00e1nak 166\/2020. (VIII.27.) sz\u00e1m\u00fa hat\u00e1rozata a Semmelweis Egyetem fekv\u0151beteg-ell\u00e1t\u00e1ssal kapcsolatos gy\u00f3gyszerell\u00e1t\u00e1sr\u00f3l sz\u00f3l\u00f3 szab\u00e1lyzat elfogad\u00e1s\u00e1r\u00f3l &#8211; 1. sz. mell\u00e9klet<\/a><\/p>\n<p style=\"text-align: justify\"><a href=\"https:\/\/semmelweis.hu\/jogigfoig\/files\/2020\/09\/167_2020_\u00faj-szabadon-v\u00e1laszthat\u00f3-_Clinical-Conference-250_-tant\u00e1rgy-bevezet\u00e9s\u00e9r\u0151l.pdf\">A Semmelweis Egyetem\u00a0Szen\u00e1tus\u00e1nak\u00a0167\/2020. (VIII.27.) sz\u00e1m\u00fa hat\u00e1rozata\u00a0az \u00faj szabadon v\u00e1laszthat\u00f3 (Clinical Conference 250) tant\u00e1rgy bevezet\u00e9s\u00e9r\u0151l sz\u00f3l\u00f3\u00a08\/2020. (I.30.) sz\u00e1m\u00fa hat\u00e1rozat m\u00f3dos\u00edt\u00e1s\u00e1rt\u00f3l<\/a><\/p>\n<p style=\"text-align: justify\"><a href=\"https:\/\/semmelweis.hu\/jogigfoig\/files\/2020\/09\/167_2020_kancell\u00e1ri-egyet\u00e9rt\u00e9s.pdf\">A Semmelweis Egyetem\u00a0Szen\u00e1tus\u00e1nak\u00a0167\/2020. (VIII.27.) sz\u00e1m\u00fa hat\u00e1rozata\u00a0az \u00faj szabadon v\u00e1laszthat\u00f3 (Clinical Conference 250) tant\u00e1rgy bevezet\u00e9s\u00e9r\u0151l sz\u00f3l\u00f3\u00a08\/2020. (I.30.) sz\u00e1m\u00fa hat\u00e1rozat m\u00f3dos\u00edt\u00e1s\u00e1rt\u00f3l &#8211;\u00a0kancell\u00e1ri egyet\u00e9rt\u00e9si jog gyakorl\u00e1sa<\/a><\/p>\n<p style=\"text-align: justify\"><a href=\"https:\/\/semmelweis.hu\/jogigfoig\/files\/2020\/09\/167_2020_mell\u00e9klet_k\u00f6vetelm\u00e9nyrendszer.pdf\">A Semmelweis Egyetem Szen\u00e1tus\u00e1nak 167\/2020. (VIII.27.) sz\u00e1m\u00fa hat\u00e1rozata az \u00faj szabadon v\u00e1laszthat\u00f3 (Clinical Conference 250) tant\u00e1rgy bevezet\u00e9s\u00e9r\u0151l sz\u00f3l\u00f3 8\/2020. (I.30.) sz\u00e1m\u00fa hat\u00e1rozat m\u00f3dos\u00edt\u00e1s\u00e1rt\u00f3l &#8211; 1. sz. mell\u00e9klet<\/a><\/p>\n<p style=\"text-align: justify\"><a href=\"https:\/\/semmelweis.hu\/jogigfoig\/files\/2020\/09\/168_2020_\u00faj-szabadon-v\u00e1laszthat\u00f3-tant\u00e1rgy-bevezet\u00e9s\u00e9r\u0151l-Csontv\u00e1ryval-a-magyar-kult\u00fara-\u00fatj\u00e1n.pdf\">A Semmelweis Egyetem\u00a0Szen\u00e1tus\u00e1nak\u00a0168\/2020. (VIII.27.) sz\u00e1m\u00fa hat\u00e1rozata\u00a0\u00faj v\u00e1laszthat\u00f3 tant\u00e1rgy bevezet\u00e9s\u00e9r\u0151l<\/a><\/p>\n<p style=\"text-align: justify\"><a href=\"https:\/\/semmelweis.hu\/jogigfoig\/files\/2020\/09\/168_2020_kancell\u00e1ri-egyet\u00e9rt\u00e9s.pdf\">A Semmelweis Egyetem\u00a0Szen\u00e1tus\u00e1nak\u00a0168\/2020. (VIII.27.) sz\u00e1m\u00fa hat\u00e1rozata\u00a0\u00faj v\u00e1laszthat\u00f3 tant\u00e1rgy bevezet\u00e9s\u00e9r\u0151l &#8211;\u00a0kancell\u00e1ri egyet\u00e9rt\u00e9si jog gyakorl\u00e1sa<\/a><\/p>\n<p style=\"text-align: justify\"><a href=\"https:\/\/semmelweis.hu\/jogigfoig\/files\/2020\/09\/168_2020_mell\u00e9klet_k\u00f6vetelm\u00e9nyrendszer.pdf\">A Semmelweis Egyetem Szen\u00e1tus\u00e1nak 168\/2020. (VIII.27.) sz\u00e1m\u00fa hat\u00e1rozata \u00faj v\u00e1laszthat\u00f3 tant\u00e1rgy bevezet\u00e9s\u00e9r\u0151l &#8211; 1. sz. mell\u00e9klet<\/a><\/p>\n<p style=\"text-align: justify\"><a href=\"https:\/\/semmelweis.hu\/jogigfoig\/files\/2020\/09\/169_2020_SZMSZ-III.-K\u00f6nyv-Hallgat\u00f3-k\u00f6vetelm\u00e9nyrendszer-III.-1.-R\u00e9sz-Felv\u00e9teli-Szab\u00e1lyzat-m\u00f3dos\u00edt\u00e1s\u00e1r\u00f3l.pdf\">A Semmelweis Egyetem\u00a0Szen\u00e1tus\u00e1nak\u00a0169\/2020. (VIII.27.) sz\u00e1m\u00fa hat\u00e1rozata a Semmelweis Egyetem Szervezeti \u00e9s M\u0171k\u00f6d\u00e9si Szab\u00e1lyzat III. K\u00f6nyv\u00a0Hallgat\u00f3 k\u00f6vetelm\u00e9nyrendszer III.1. R\u00e9sz Felv\u00e9teli Szab\u00e1lyzat m\u00f3dos\u00edt\u00e1s\u00e1r\u00f3l<\/a><\/p>\n<p style=\"text-align: justify\"><a href=\"https:\/\/semmelweis.hu\/jogigfoig\/files\/2020\/09\/169_2020_mell\u00e9klet-1.pdf\">A Semmelweis Egyetem Szen\u00e1tus\u00e1nak 169\/2020. (VIII.27.) sz\u00e1m\u00fa hat\u00e1rozata a Semmelweis Egyetem Szervezeti \u00e9s M\u0171k\u00f6d\u00e9si Szab\u00e1lyzat III. K\u00f6nyv Hallgat\u00f3 k\u00f6vetelm\u00e9nyrendszer III.1. R\u00e9sz Felv\u00e9teli Szab\u00e1lyzat m\u00f3dos\u00edt\u00e1s\u00e1r\u00f3l &#8211; 1. sz. mell\u00e9klet<\/a><\/p>\n<p style=\"text-align: justify\"><a href=\"https:\/\/semmelweis.hu\/jogigfoig\/files\/2020\/09\/170_2020_Doktori-Szab\u00e1lyzat-m\u00f3dos\u00edt\u00e1s\u00e1r\u00f3l.pdf\">A Semmelweis Egyetem\u00a0Szen\u00e1tus\u00e1nak 170\/2020. (VIII.27.) sz\u00e1m\u00fa hat\u00e1rozata\u00a0a Doktori Szab\u00e1lyzat m\u00f3dos\u00edt\u00e1s\u00e1r\u00f3l<\/a><\/p>\n<p style=\"text-align: justify\"><a href=\"https:\/\/semmelweis.hu\/jogigfoig\/files\/2020\/09\/170_2020_D\u00d6K-egyet\u00e9rt\u00e9s.pdf\">A Semmelweis Egyetem Szen\u00e1tus\u00e1nak 170\/2020. (VIII.27.) sz\u00e1m\u00fa hat\u00e1rozata a Doktori Szab\u00e1lyzat m\u00f3dos\u00edt\u00e1s\u00e1r\u00f3l &#8211; Doktorandusz \u00d6nkorm\u00e1nyzat egyet\u00e9rt\u00e9si jog gyakorl\u00e1sa<\/a><\/p>\n<p style=\"text-align: justify\"><a href=\"https:\/\/semmelweis.hu\/jogigfoig\/files\/2020\/09\/170_2020_mell\u00e9klet.pdf\">A Semmelweis Egyetem Szen\u00e1tus\u00e1nak 170\/2020. (VIII.27.) sz\u00e1m\u00fa hat\u00e1rozata a Doktori Szab\u00e1lyzat m\u00f3dos\u00edt\u00e1s\u00e1r\u00f3l &#8211; 1. sz. mell\u00e9klet<\/a><\/p>\n<p style=\"text-align: justify\"><a href=\"https:\/\/semmelweis.hu\/jogigfoig\/files\/2020\/09\/171_2020_I.-sz.-Seb\u00e9szeti-Klinika-szervezeti-\u00e1talak\u00edt\u00e1s\u00e1ra-\u00e9s-n\u00e9vv\u00e1ltoztat\u00e1s\u00e1ra-ir\u00e1nyul\u00f3-javaslatr\u00f3l.pdf\">A Semmelweis Egyetem\u00a0Szen\u00e1tus\u00e1nak\u00a0171\/2020. (VIII.27.) sz\u00e1m\u00fa hat\u00e1rozata\u00a0az I. sz. Seb\u00e9szeti Klinika szervezeti \u00e1talak\u00edt\u00e1s\u00e1r\u00f3l \u00e9s\u00a0elnevez\u00e9s\u00e9nek megv\u00e1ltoztat\u00e1s\u00e1r\u00f3l<\/a><\/p>\n<p style=\"text-align: justify\"><a href=\"https:\/\/semmelweis.hu\/jogigfoig\/files\/2020\/09\/171_2020_kancell\u00e1ri-egyet\u00e9rt\u00e9s.pdf\">A Semmelweis Egyetem\u00a0Szen\u00e1tus\u00e1nak\u00a0171\/2020. (VIII.27.) sz\u00e1m\u00fa hat\u00e1rozata\u00a0az I. sz. Seb\u00e9szeti Klinika szervezeti \u00e1talak\u00edt\u00e1s\u00e1r\u00f3l \u00e9s\u00a0elnevez\u00e9s\u00e9nek megv\u00e1ltoztat\u00e1s\u00e1r\u00f3l &#8211;\u00a0kancell\u00e1ri egyet\u00e9rt\u00e9si jog gyakorl\u00e1sa<\/a><\/p>\n<p style=\"text-align: justify\"><a href=\"https:\/\/semmelweis.hu\/jogigfoig\/files\/2020\/09\/172_2020_GYTK-kurrikulum.pdf\">A Semmelweis Egyetem\u00a0Szen\u00e1tus\u00e1nak\u00a0172\/2020. (VIII.27.) sz\u00e1m\u00fa hat\u00e1rozata\u00a0a Gy\u00f3gyszer\u00e9sztudom\u00e1nyi Karon a 2020\/2021. tan\u00e9vben az idegen nyelv\u0171 k\u00e9pz\u00e9seken az I-V. \u00e9vf. r\u00e9sz\u00e9re bevezetend\u0151 meg\u00faj\u00edtott kurrikulumok elfogad\u00e1s\u00e1r\u00f3l, valamint\u00a0a magyar nyelv\u0171 k\u00e9pz\u00e9sben a 2020\/2021. tan\u00e9vben I. \u00e9vfolyamra iratkoz\u00f3 hallgat\u00f3k mintatanterv\u00e9nek m\u00f3dos\u00edt\u00e1s\u00e1r\u00f3l<\/a><\/p>\n<p style=\"text-align: justify\"><a href=\"https:\/\/semmelweis.hu\/jogigfoig\/files\/2020\/09\/172_2020_mell\u00e9klet_mintatanterv_2020_2021_1\u00e9vf_magyar.pdf\">A Semmelweis Egyetem Szen\u00e1tus\u00e1nak 172\/2020. (VIII.27.) sz\u00e1m\u00fa hat\u00e1rozata a Gy\u00f3gyszer\u00e9sztudom\u00e1nyi Karon a 2020\/2021. tan\u00e9vben az idegen nyelv\u0171 k\u00e9pz\u00e9seken az I-V. \u00e9vf. r\u00e9sz\u00e9re bevezetend\u0151 meg\u00faj\u00edtott kurrikulumok elfogad\u00e1s\u00e1r\u00f3l, valamint a magyar nyelv\u0171 k\u00e9pz\u00e9sben a 2020\/2021. tan\u00e9vben I. \u00e9vfolyamra iratkoz\u00f3 hallgat\u00f3k mintatanterv\u00e9nek m\u00f3dos\u00edt\u00e1s\u00e1r\u00f3l &#8211; 1. sz. mell\u00e9klet<\/a><\/p>\n<p style=\"text-align: justify\"><a href=\"https:\/\/semmelweis.hu\/jogigfoig\/files\/2020\/09\/172_2020_mell\u00e9klet_mintatanterv_angol-nyelv\u0171-k\u00e9pz\u00e9s.zip\">A Semmelweis Egyetem Szen\u00e1tus\u00e1nak 172\/2020. (VIII.27.) sz\u00e1m\u00fa hat\u00e1rozata a Gy\u00f3gyszer\u00e9sztudom\u00e1nyi Karon a 2020\/2021. tan\u00e9vben az idegen nyelv\u0171 k\u00e9pz\u00e9seken az I-V. \u00e9vf. r\u00e9sz\u00e9re bevezetend\u0151 meg\u00faj\u00edtott kurrikulumok elfogad\u00e1s\u00e1r\u00f3l, valamint a magyar nyelv\u0171 k\u00e9pz\u00e9sben a 2020\/2021. tan\u00e9vben I. \u00e9vfolyamra iratkoz\u00f3 hallgat\u00f3k mintatanterv\u00e9nek m\u00f3dos\u00edt\u00e1s\u00e1r\u00f3l &#8211; angol nyelv\u0171 k\u00e9pz\u00e9s<\/a><\/p>\n<p style=\"text-align: justify\"><a href=\"https:\/\/semmelweis.hu\/jogigfoig\/files\/2020\/09\/172_2020_mell\u00e9klet_mintatanterv_n\u00e9met-nyelv\u0171-k\u00e9pz\u00e9s.zip\">A Semmelweis Egyetem Szen\u00e1tus\u00e1nak 172\/2020. (VIII.27.) sz\u00e1m\u00fa hat\u00e1rozata a Gy\u00f3gyszer\u00e9sztudom\u00e1nyi Karon a 2020\/2021. tan\u00e9vben az idegen nyelv\u0171 k\u00e9pz\u00e9seken az I-V. \u00e9vf. r\u00e9sz\u00e9re bevezetend\u0151 meg\u00faj\u00edtott kurrikulumok elfogad\u00e1s\u00e1r\u00f3l, valamint a magyar nyelv\u0171 k\u00e9pz\u00e9sben a 2020\/2021. tan\u00e9vben I. \u00e9vfolyamra iratkoz\u00f3 hallgat\u00f3k mintatanterv\u00e9nek m\u00f3dos\u00edt\u00e1s\u00e1r\u00f3l &#8211; n\u00e9met nyelv\u0171 k\u00e9pz\u00e9s<\/a><\/p>\n<p style=\"text-align: justify\"><a href=\"https:\/\/semmelweis.hu\/jogigfoig\/files\/2022\/10\/173_2020_aktualis-vezetoi_2.pdf\">A Semmelweis Egyetem\u00a0Szen\u00e1tus\u00e1nak 173\/2020. (VIII.27.) sz\u00e1m\u00fa hat\u00e1rozata\u00a0az aktu\u00e1lis vezet\u0151i p\u00e1ly\u00e1zatok v\u00e9lem\u00e9nyez\u00e9s\u00e9r\u0151l<\/a><\/p>\n<p style=\"text-align: justify\"><a href=\"https:\/\/semmelweis.hu\/jogigfoig\/files\/2020\/09\/173_2020_kancell\u00e1ri-egyet\u00e9rt\u00e9s.pdf\">A Semmelweis Egyetem Szen\u00e1tus\u00e1nak 173\/2020. (VIII.27.) sz\u00e1m\u00fa hat\u00e1rozata az aktu\u00e1lis vezet\u0151i p\u00e1ly\u00e1zatok v\u00e9lem\u00e9nyez\u00e9s\u00e9r\u0151l &#8211; kancell\u00e1ri egyet\u00e9rt\u00e9si jog gyakorl\u00e1sa<\/a><\/p>\n","protected":false},"excerpt":{"rendered":"<p><a href=\"https:\/\/semmelweis.hu\/jogigfoig\/files\/2020\/10\/N_7_2020_08.27_hat\u00e1rozat.pdf\">A Semmelweis Egyetem Szen\u00e1tus\u00e1nak N-7.2020. (VIII.27.) sz\u00e1m\u00fa hat\u00e1rozata a szen\u00e1tusi \u00fcl\u00e9s napirendi pontjainak elfogad\u00e1s\u00e1r\u00f3l<\/a><br \/>\n<a href=\"https:\/\/semmelweis.hu\/jogigfoig\/files\/2020\/09\/163_2020_SZMSZ-egyes-rendelkez\u00e9sei-\u00e9s-az-organogram-m\u00f3dos\u00edt\u00e1s\u00e1r\u00f3l.pdf\">A Semmelweis Egyetem\u00a0Szen\u00e1tus\u00e1nak\u00a0163\/2020. (VIII.27.) sz\u00e1m\u00fa hat\u00e1rozata\u00a0a Szervezeti \u00e9s M\u0171k\u00f6d\u00e9si Szab\u00e1lyzat egyes rendelkez\u00e9sei \u00e9s\u00a0az organogram m\u00f3dos\u00edt\u00e1s\u00e1r\u00f3l<\/a><br \/>\n<a href=\"https:\/\/semmelweis.hu\/jogigfoig\/files\/2020\/09\/163_H\u00d6K-egyet\u00e9rt\u00e9s.pdf\">A Semmelweis Egyetem Szen\u00e1tus\u00e1nak 163\/2020. (VIII.27.) sz\u00e1m\u00fa hat\u00e1rozata a Szervezeti \u00e9s M\u0171k\u00f6d\u00e9si Szab\u00e1lyzat egyes rendelkez\u00e9sei \u00e9s az organogram m\u00f3dos\u00edt\u00e1s\u00e1r\u00f3l &#8211; Hallgat\u00f3i \u00d6nkorm\u00e1nyzat egyet\u00e9rt\u00e9si jog gyakorl\u00e1sa<\/a><br \/>\n<a href=\"https:\/\/semmelweis.hu\/jogigfoig\/files\/2020\/09\/163_2020_mell\u00e9klet-1_SzMSz-m\u00f3dos\u00edt\u00e1s.pdf\">A Semmelweis Egyetem Szen\u00e1tus\u00e1nak 163\/2020. (VIII.27.) sz\u00e1m\u00fa hat\u00e1rozata a Szervezeti \u00e9s M\u0171k\u00f6d\u00e9si Szab\u00e1lyzat egyes rendelkez\u00e9sei \u00e9s az organogram m\u00f3dos\u00edt\u00e1s\u00e1r\u00f3l &#8211; 1. sz. mell\u00e9klet<\/a><br \/>\n<a href=\"https:\/\/semmelweis.hu\/jogigfoig\/files\/2020\/09\/163_2020_mell\u00e9klet-2_Organogram-1.pdf\">A Semmelweis Egyetem Szen\u00e1tus\u00e1nak 163\/2020. (VIII.27.) sz\u00e1m\u00fa hat\u00e1rozata a Szervezeti \u00e9s M\u0171k\u00f6d\u00e9si Szab\u00e1lyzat egyes rendelkez\u00e9sei \u00e9s az organogram m\u00f3dos\u00edt\u00e1s\u00e1r\u00f3l &#8211; 2. sz. mell\u00e9klet<\/a><br \/>\n<a href=\"https:\/\/semmelweis.hu\/jogigfoig\/files\/2020\/09\/164_2020_Egyetemi-Es\u00e9lyegyenl\u0151s\u00e9gi-Bizotts\u00e1g-szem\u00e9lyi-\u00f6sszet\u00e9tel\u00e9nek-meg\u00faj\u00edt\u00e1s\u00e1r\u00f3l.pdf\">A Semmelweis Egyetem\u00a0Szen\u00e1tus\u00e1nak\u00a0164\/2020. (VIII.27.) sz\u00e1m\u00fa hat\u00e1rozata\u00a0az Egyetemi Es\u00e9lyegyenl\u0151s\u00e9gi Bizotts\u00e1g szem\u00e9lyi \u00f6sszet\u00e9tel\u00e9nek m\u00f3dos\u00edt\u00e1s\u00e1r\u00f3l<\/a><br \/>\n<a href=\"https:\/\/semmelweis.hu\/jogigfoig\/files\/2020\/09\/165_2020_Klinikai-T\u00f6mb-Orvos-f\u0151igazgat\u00f3i-beoszt\u00e1sainak-l\u00e9trehoz\u00e1s\u00e1r\u00f3l.pdf\">A Semmelweis Egyetem\u00a0Szen\u00e1tus\u00e1nak\u00a0165\/2020. (VIII.27.) sz\u00e1m\u00fa hat\u00e1rozata\u00a0a Klinikai T\u00f6mb Orvos-f\u0151igazgat\u00f3i beoszt\u00e1sainak l\u00e9trehoz\u00e1s\u00e1r\u00f3l<\/a><br \/>\n<a href=\"https:\/\/semmelweis.hu\/jogigfoig\/files\/2020\/09\/165_2020_kancell\u00e1ri-egyet\u00e9rt\u00e9s.pdf\">A Semmelweis Egyetem Szen\u00e1tus\u00e1nak 165\/2020. (VIII.27.) sz\u00e1m\u00fa hat\u00e1rozata a Klinikai T\u00f6mb Orvos-f\u0151igazgat\u00f3i beoszt\u00e1sainak l\u00e9trehoz\u00e1s\u00e1r\u00f3l &#8211;\u00a0kancell\u00e1ri egyet\u00e9rt\u00e9si jog gyakorl\u00e1sa<\/a><br \/>\n<a href=\"https:\/\/semmelweis.hu\/jogigfoig\/files\/2020\/09\/165_2020_mell\u00e9klet-1.pdf\">A Semmelweis Egyetem Szen\u00e1tus\u00e1nak 165\/2020. (VIII.27.) sz\u00e1m\u00fa hat\u00e1rozata a Klinikai T\u00f6mb Orvos-f\u0151igazgat\u00f3i beoszt\u00e1sainak l\u00e9trehoz\u00e1s\u00e1r\u00f3l &#8211; 1. sz. mell\u00e9klet<\/a><br \/>\n<a href=\"https:\/\/semmelweis.hu\/jogigfoig\/files\/2020\/09\/166_2020_SE-fekv\u0151beteg-ell\u00e1t\u00e1ssal-kapcsolatos-gy\u00f3gyszerell\u00e1t\u00e1sr\u00f3l-sz\u00f3l\u00f3-szab\u00e1lyzat\u00e1nak-elfogad\u00e1s\u00e1r\u00f3l.pdf\">A Semmelweis Egyetem\u00a0Szen\u00e1tus\u00e1nak\u00a0166\/2020. (VIII.27.) sz\u00e1m\u00fa hat\u00e1rozata\u00a0a Semmelweis Egyetem fekv\u0151beteg-ell\u00e1t\u00e1ssal kapcsolatos gy\u00f3gyszerell\u00e1t\u00e1sr\u00f3l\u00a0sz\u00f3l\u00f3 szab\u00e1lyzat elfogad\u00e1s\u00e1r\u00f3l<\/a><br \/>\n<a href=\"https:\/\/semmelweis.hu\/jogigfoig\/files\/2020\/09\/166_2020_mell\u00e9klet_-fekv\u0151beteg-ell\u00e1t\u00e1ssal-kapcsolatos-gy\u00f3gyszerell\u00e1t\u00e1sr\u00f3l-sz\u00f3l\u00f3-szab\u00e1lyzat.pdf\">A Semmelweis Egyetem Szen\u00e1tus\u00e1nak 166\/2020. (VIII.27.) sz\u00e1m\u00fa hat\u00e1rozata a Semmelweis Egyetem fekv\u0151beteg-ell\u00e1t\u00e1ssal kapcsolatos gy\u00f3gyszerell\u00e1t\u00e1sr\u00f3l sz\u00f3l\u00f3 szab\u00e1lyzat elfogad\u00e1s\u00e1r\u00f3l &#8211; 1. sz. mell\u00e9klet<\/a><br \/>\n<a href=\"https:\/\/semmelweis.hu\/jogigfoig\/files\/2020\/09\/167_2020_\u00faj-szabadon-v\u00e1laszthat\u00f3-_Clinical-Conference-250_-tant\u00e1rgy-bevezet\u00e9s\u00e9r\u0151l.pdf\">A Semmelweis Egyetem\u00a0Szen\u00e1tus\u00e1nak\u00a0167\/2020. (VIII.27.) sz\u00e1m\u00fa hat\u00e1rozata\u00a0az \u00faj szabadon v\u00e1laszthat\u00f3 (Clinical Conference 250) tant\u00e1rgy bevezet\u00e9s\u00e9r\u0151l sz\u00f3l\u00f3\u00a08\/2020. (I.30.) sz\u00e1m\u00fa hat\u00e1rozat m\u00f3dos\u00edt\u00e1s\u00e1rt\u00f3l<\/a><br \/>\n<a href=\"https:\/\/semmelweis.hu\/jogigfoig\/files\/2020\/09\/167_2020_kancell\u00e1ri-egyet\u00e9rt\u00e9s.pdf\">A Semmelweis Egyetem\u00a0Szen\u00e1tus\u00e1nak\u00a0167\/2020. (VIII.27.) sz\u00e1m\u00fa hat\u00e1rozata\u00a0az \u00faj szabadon v\u00e1laszthat\u00f3 (Clinical Conference 250) tant\u00e1rgy bevezet\u00e9s\u00e9r\u0151l sz\u00f3l\u00f3\u00a08\/2020. (I.30.) sz\u00e1m\u00fa hat\u00e1rozat m\u00f3dos\u00edt\u00e1s\u00e1rt\u00f3l &#8211;\u00a0kancell\u00e1ri egyet\u00e9rt\u00e9si jog gyakorl\u00e1sa<\/a><br \/>\n<a href=\"https:\/\/semmelweis.hu\/jogigfoig\/files\/2020\/09\/167_2020_mell\u00e9klet_k\u00f6vetelm\u00e9nyrendszer.pdf\">A Semmelweis Egyetem Szen\u00e1tus\u00e1nak 167\/2020. (VIII.27.) sz\u00e1m\u00fa hat\u00e1rozata az \u00faj szabadon v\u00e1laszthat\u00f3 (Clinical Conference 250) tant\u00e1rgy bevezet\u00e9s\u00e9r\u0151l sz\u00f3l\u00f3 8\/2020. (I.30.) sz\u00e1m\u00fa hat\u00e1rozat m\u00f3dos\u00edt\u00e1s\u00e1rt\u00f3l &#8211; 1. sz. mell\u00e9klet<\/a><br \/>\n<a href=\"https:\/\/semmelweis.hu\/jogigfoig\/files\/2020\/09\/168_2020_\u00faj-szabadon-v\u00e1laszthat\u00f3-tant\u00e1rgy-bevezet\u00e9s\u00e9r\u0151l-Csontv\u00e1ryval-a-magyar-kult\u00fara-\u00fatj\u00e1n.pdf\">A Semmelweis Egyetem\u00a0Szen\u00e1tus\u00e1nak\u00a0168\/2020. (VIII.27.) sz\u00e1m\u00fa hat\u00e1rozata\u00a0\u00faj v\u00e1laszthat\u00f3 tant\u00e1rgy bevezet\u00e9s\u00e9r\u0151l<\/a><br \/>\n<a href=\"https:\/\/semmelweis.hu\/jogigfoig\/files\/2020\/09\/168_2020_kancell\u00e1ri-egyet\u00e9rt\u00e9s.pdf\">A Semmelweis Egyetem\u00a0Szen\u00e1tus\u00e1nak\u00a0168\/2020. (VIII.27.) sz\u00e1m\u00fa hat\u00e1rozata\u00a0\u00faj v\u00e1laszthat\u00f3 tant\u00e1rgy bevezet\u00e9s\u00e9r\u0151l &#8211;\u00a0kancell\u00e1ri egyet\u00e9rt\u00e9si jog gyakorl\u00e1sa<\/a><br \/>\n<a href=\"https:\/\/semmelweis.hu\/jogigfoig\/files\/2020\/09\/168_2020_mell\u00e9klet_k\u00f6vetelm\u00e9nyrendszer.pdf\">A Semmelweis Egyetem Szen\u00e1tus\u00e1nak 168\/2020. (VIII.27.) sz\u00e1m\u00fa hat\u00e1rozata \u00faj v\u00e1laszthat\u00f3 tant\u00e1rgy bevezet\u00e9s\u00e9r\u0151l &#8211; 1. sz. mell\u00e9klet<\/a><br \/>\n<a href=\"https:\/\/semmelweis.hu\/jogigfoig\/files\/2020\/09\/169_2020_SZMSZ-III.-K\u00f6nyv-Hallgat\u00f3-k\u00f6vetelm\u00e9nyrendszer-III.-1.-R\u00e9sz-Felv\u00e9teli-Szab\u00e1lyzat-m\u00f3dos\u00edt\u00e1s\u00e1r\u00f3l.pdf\">A Semmelweis Egyetem\u00a0Szen\u00e1tus\u00e1nak\u00a0169\/2020. (VIII.27.) sz\u00e1m\u00fa hat\u00e1rozata a Semmelweis Egyetem Szervezeti \u00e9s M\u0171k\u00f6d\u00e9si Szab\u00e1lyzat III. K\u00f6nyv\u00a0Hallgat\u00f3 k\u00f6vetelm\u00e9nyrendszer III.1. R\u00e9sz Felv\u00e9teli Szab\u00e1lyzat m\u00f3dos\u00edt\u00e1s\u00e1r\u00f3l<\/a><br \/>\n<a href=\"https:\/\/semmelweis.hu\/jogigfoig\/files\/2020\/09\/169_2020_mell\u00e9klet-1.pdf\">A Semmelweis Egyetem Szen\u00e1tus\u00e1nak 169\/2020. (VIII.27.) sz\u00e1m\u00fa hat\u00e1rozata a Semmelweis Egyetem Szervezeti \u00e9s M\u0171k\u00f6d\u00e9si Szab\u00e1lyzat III. K\u00f6nyv Hallgat\u00f3 k\u00f6vetelm\u00e9nyrendszer III.1. R\u00e9sz Felv\u00e9teli Szab\u00e1lyzat m\u00f3dos\u00edt\u00e1s\u00e1r\u00f3l &#8211; 1. sz. mell\u00e9klet<\/a><br \/>\n<a href=\"https:\/\/semmelweis.hu\/jogigfoig\/files\/2020\/09\/170_2020_Doktori-Szab\u00e1lyzat-m\u00f3dos\u00edt\u00e1s\u00e1r\u00f3l.pdf\">A Semmelweis Egyetem\u00a0Szen\u00e1tus\u00e1nak 170\/2020. (VIII.27.) sz\u00e1m\u00fa hat\u00e1rozata\u00a0a Doktori Szab\u00e1lyzat m\u00f3dos\u00edt\u00e1s\u00e1r\u00f3l<\/a><br \/>\n<a href=\"https:\/\/semmelweis.hu\/jogigfoig\/files\/2020\/09\/170_2020_D\u00d6K-egyet\u00e9rt\u00e9s.pdf\">A Semmelweis Egyetem Szen\u00e1tus\u00e1nak 170\/2020. (VIII.27.) sz\u00e1m\u00fa hat\u00e1rozata a Doktori Szab\u00e1lyzat m\u00f3dos\u00edt\u00e1s\u00e1r\u00f3l &#8211; Doktorandusz \u00d6nkorm\u00e1nyzat egyet\u00e9rt\u00e9si jog gyakorl\u00e1sa<\/a><br \/>\n<a href=\"https:\/\/semmelweis.hu\/jogigfoig\/files\/2020\/09\/170_2020_mell\u00e9klet.pdf\">A Semmelweis Egyetem Szen\u00e1tus\u00e1nak 170\/2020. (VIII.27.) sz\u00e1m\u00fa hat\u00e1rozata a Doktori Szab\u00e1lyzat m\u00f3dos\u00edt\u00e1s\u00e1r\u00f3l &#8211; 1. sz. mell\u00e9klet<\/a><br \/>\n<a href=\"https:\/\/semmelweis.hu\/jogigfoig\/files\/2020\/09\/171_2020_I.-sz.-Seb\u00e9szeti-Klinika-szervezeti-\u00e1talak\u00edt\u00e1s\u00e1ra-\u00e9s-n\u00e9vv\u00e1ltoztat\u00e1s\u00e1ra-ir\u00e1nyul\u00f3-javaslatr\u00f3l.pdf\">A Semmelweis Egyetem\u00a0Szen\u00e1tus\u00e1nak\u00a0171\/2020. (VIII.27.) sz\u00e1m\u00fa hat\u00e1rozata\u00a0az I. sz. Seb\u00e9szeti Klinika szervezeti \u00e1talak\u00edt\u00e1s\u00e1r\u00f3l \u00e9s\u00a0elnevez\u00e9s\u00e9nek megv\u00e1ltoztat\u00e1s\u00e1r\u00f3l<\/a><br \/>\n<a href=\"https:\/\/semmelweis.hu\/jogigfoig\/files\/2020\/09\/171_2020_kancell\u00e1ri-egyet\u00e9rt\u00e9s.pdf\">A Semmelweis Egyetem\u00a0Szen\u00e1tus\u00e1nak\u00a0171\/2020. (VIII.27.) sz\u00e1m\u00fa hat\u00e1rozata\u00a0az I. sz. Seb\u00e9szeti Klinika szervezeti \u00e1talak\u00edt\u00e1s\u00e1r\u00f3l \u00e9s\u00a0elnevez\u00e9s\u00e9nek megv\u00e1ltoztat\u00e1s\u00e1r\u00f3l &#8211;\u00a0kancell\u00e1ri egyet\u00e9rt\u00e9si jog gyakorl\u00e1sa<\/a><br \/>\n<a href=\"https:\/\/semmelweis.hu\/jogigfoig\/files\/2020\/09\/172_2020_GYTK-kurrikulum.pdf\">A Semmelweis Egyetem\u00a0Szen\u00e1tus\u00e1nak\u00a0172\/2020. (VIII.27.) sz\u00e1m\u00fa hat\u00e1rozata\u00a0a Gy\u00f3gyszer\u00e9sztudom\u00e1nyi Karon a 2020\/2021. tan\u00e9vben az idegen nyelv\u0171 k\u00e9pz\u00e9seken az I-V. \u00e9vf. r\u00e9sz\u00e9re bevezetend\u0151 meg\u00faj\u00edtott kurrikulumok elfogad\u00e1s\u00e1r\u00f3l, valamint\u00a0a magyar nyelv\u0171 k\u00e9pz\u00e9sben a 2020\/2021. tan\u00e9vben I. \u00e9vfolyamra iratkoz\u00f3 hallgat\u00f3k mintatanterv\u00e9nek m\u00f3dos\u00edt\u00e1s\u00e1r\u00f3l<\/a><br \/>\n<a href=\"https:\/\/semmelweis.hu\/jogigfoig\/files\/2020\/09\/172_2020_mell\u00e9klet_mintatanterv_2020_2021_1\u00e9vf_magyar.pdf\">A Semmelweis Egyetem Szen\u00e1tus\u00e1nak 172\/2020. (VIII.27.) sz\u00e1m\u00fa hat\u00e1rozata a Gy\u00f3gyszer\u00e9sztudom\u00e1nyi Karon a 2020\/2021. tan\u00e9vben az idegen nyelv\u0171 k\u00e9pz\u00e9seken az I-V. \u00e9vf. r\u00e9sz\u00e9re bevezetend\u0151 meg\u00faj\u00edtott kurrikulumok elfogad\u00e1s\u00e1r\u00f3l, valamint a magyar nyelv\u0171 k\u00e9pz\u00e9sben a 2020\/2021. tan\u00e9vben I. \u00e9vfolyamra iratkoz\u00f3 hallgat\u00f3k mintatanterv\u00e9nek m\u00f3dos\u00edt\u00e1s\u00e1r\u00f3l &#8211; 1. sz. mell\u00e9klet<\/a><br \/>\n<a href=\"https:\/\/semmelweis.hu\/jogigfoig\/files\/2020\/09\/172_2020_mell\u00e9klet_mintatanterv_angol-nyelv\u0171-k\u00e9pz\u00e9s.zip\">A Semmelweis Egyetem Szen\u00e1tus\u00e1nak 172\/2020. (VIII.27.) sz\u00e1m\u00fa hat\u00e1rozata a Gy\u00f3gyszer\u00e9sztudom\u00e1nyi Karon a 2020\/2021. tan\u00e9vben az idegen nyelv\u0171 k\u00e9pz\u00e9seken az I-V. \u00e9vf. r\u00e9sz\u00e9re bevezetend\u0151 meg\u00faj\u00edtott kurrikulumok elfogad\u00e1s\u00e1r\u00f3l, valamint a magyar nyelv\u0171 k\u00e9pz\u00e9sben a 2020\/2021. tan\u00e9vben I. \u00e9vfolyamra iratkoz\u00f3 hallgat\u00f3k mintatanterv\u00e9nek m\u00f3dos\u00edt\u00e1s\u00e1r\u00f3l &#8211; angol nyelv\u0171 k\u00e9pz\u00e9s<\/a><br \/>\n<a href=\"https:\/\/semmelweis.hu\/jogigfoig\/files\/2020\/09\/172_2020_mell\u00e9klet_mintatanterv_n\u00e9met-nyelv\u0171-k\u00e9pz\u00e9s.zip\">A Semmelweis Egyetem Szen\u00e1tus\u00e1nak 172\/2020. (VIII.27.) sz\u00e1m\u00fa hat\u00e1rozata a Gy\u00f3gyszer\u00e9sztudom\u00e1nyi Karon a 2020\/2021. tan\u00e9vben az idegen nyelv\u0171 k\u00e9pz\u00e9seken az I-V. \u00e9vf. r\u00e9sz\u00e9re bevezetend\u0151 meg\u00faj\u00edtott kurrikulumok elfogad\u00e1s\u00e1r\u00f3l, valamint a magyar nyelv\u0171 k\u00e9pz\u00e9sben a 2020\/2021. tan\u00e9vben I. \u00e9vfolyamra iratkoz\u00f3 hallgat\u00f3k mintatanterv\u00e9nek m\u00f3dos\u00edt\u00e1s\u00e1r\u00f3l &#8211; n\u00e9met nyelv\u0171 k\u00e9pz\u00e9s<\/a><br \/>\n<a href=\"https:\/\/semmelweis.hu\/jogigfoig\/files\/2022\/10\/173_2020_aktualis-vezetoi_2.pdf\">A Semmelweis Egyetem\u00a0Szen\u00e1tus\u00e1nak 173\/2020. (VIII.27.) sz\u00e1m\u00fa hat\u00e1rozata\u00a0az aktu\u00e1lis vezet\u0151i p\u00e1ly\u00e1zatok v\u00e9lem\u00e9nyez\u00e9s\u00e9r\u0151l<\/a><br \/>\n<a href=\"https:\/\/semmelweis.hu\/jogigfoig\/files\/2020\/09\/173_2020_kancell\u00e1ri-egyet\u00e9rt\u00e9s.pdf\">A Semmelweis Egyetem Szen\u00e1tus\u00e1nak 173\/2020. (VIII.27.) sz\u00e1m\u00fa hat\u00e1rozata az aktu\u00e1lis vezet\u0151i p\u00e1ly\u00e1zatok v\u00e9lem\u00e9nyez\u00e9s\u00e9r\u0151l &#8211; kancell\u00e1ri egyet\u00e9rt\u00e9si jog gyakorl\u00e1sa<\/a><\/p>\n","protected":false},"author":101467,"featured_media":0,"parent":74866,"menu_order":16,"comment_status":"closed","ping_status":"closed","template":"","meta":{"_acf_changed":false,"footnotes":""},"categories":[],"tags":[],"class_list":["post-77728","page","type-page","status-publish","hentry"],"acf":[],"_links":{"self":[{"href":"https:\/\/semmelweis.hu\/jogigfoig\/wp-json\/wp\/v2\/pages\/77728","targetHints":{"allow":["GET"]}}],"collection":[{"href":"https:\/\/semmelweis.hu\/jogigfoig\/wp-json\/wp\/v2\/pages"}],"about":[{"href":"https:\/\/semmelweis.hu\/jogigfoig\/wp-json\/wp\/v2\/types\/page"}],"author":[{"embeddable":true,"href":"https:\/\/semmelweis.hu\/jogigfoig\/wp-json\/wp\/v2\/users\/101467"}],"replies":[{"embeddable":true,"href":"https:\/\/semmelweis.hu\/jogigfoig\/wp-json\/wp\/v2\/comments?post=77728"}],"version-history":[{"count":6,"href":"https:\/\/semmelweis.hu\/jogigfoig\/wp-json\/wp\/v2\/pages\/77728\/revisions"}],"predecessor-version":[{"id":85272,"href":"https:\/\/semmelweis.hu\/jogigfoig\/wp-json\/wp\/v2\/pages\/77728\/revisions\/85272"}],"up":[{"embeddable":true,"href":"https:\/\/semmelweis.hu\/jogigfoig\/wp-json\/wp\/v2\/pages\/74866"}],"wp:attachment":[{"href":"https:\/\/semmelweis.hu\/jogigfoig\/wp-json\/wp\/v2\/media?parent=77728"}],"wp:term":[{"taxonomy":"category","embeddable":true,"href":"https:\/\/semmelweis.hu\/jogigfoig\/wp-json\/wp\/v2\/categories?post=77728"},{"taxonomy":"post_tag","embeddable":true,"href":"https:\/\/semmelweis.hu\/jogigfoig\/wp-json\/wp\/v2\/tags?post=77728"}],"curies":[{"name":"wp","href":"https:\/\/api.w.org\/{rel}","templated":true}]}}