{"id":7641,"date":"2017-05-02T11:45:59","date_gmt":"2017-05-02T09:45:59","guid":{"rendered":"http:\/\/semmelweis.hu\/jogigfoig\/?page_id=7641"},"modified":"2026-04-07T11:23:43","modified_gmt":"2026-04-07T09:23:43","slug":"adatvedelmi-szabalyzat","status":"publish","type":"page","link":"https:\/\/semmelweis.hu\/jogigfoig\/dokumentumtar\/szabalyzattar-archivum\/adatvedelmi-szabalyzat\/","title":{"rendered":"Adatv\u00e9delmi \u00e9s k\u00f6zz\u00e9t\u00e9teli szab\u00e1lyzat (Arch\u00edvum)"},"content":{"rendered":"<div class=\"responsive-tabs\">\n<h2 class=\"tabtitle\">Szab\u00e1lyzat arch\u00edv v\u00e1ltozatai<\/h2>\n<div class=\"tabcontent\">\n\n<ul>\n<li><a href=\"https:\/\/semmelweis.hu\/jogigfoig\/files\/2021\/02\/Adatvedelmi_Szabalyzat_20180525_20200804.pdf\">2020. augusztus 4-ig<\/a><\/li>\n<li><a href=\"https:\/\/semmelweis.hu\/jogigfoig\/files\/2020\/08\/Adatvedelmi_Szabalyzat_hatalyos_2020_08_05.pdf\">2021. j\u00falius 7-ig<\/a><\/li>\n<li><a href=\"https:\/\/semmelweis.hu\/jogigfoig\/files\/2021\/07\/Adatvedelmi_Szabalyzat_hatalyos_20210708tol.pdf\">2022. december 21-ig<\/a><\/li>\n<li>2023. j\u00falius 10-ig\n<ul>\n<li><a href=\"https:\/\/semmelweis.hu\/jogigfoig\/files\/2022\/12\/Adatved_es_kozzeteteli_szab_I_Konyv_Adatvedelmi_szab_hataly_2022_XII_22.pdf\">Adatv\u00e9delmi \u00e9s k\u00f6zz\u00e9t\u00e9teli szab\u00e1lyzat \u2013 I. K\u00f6nyv \u2013 Adatv\u00e9delmi szab\u00e1lyzat<\/a>\n<ul>\n<li><a href=\"https:\/\/semmelweis.hu\/jogigfoig\/files\/2024\/07\/Adatved_es_kozzeteteli_szab_I_Konyv_Adatvedelmi_szab_hataly_2022_XII_22_eng-US.pdf\">English version<\/a><\/li>\n<li><a href=\"https:\/\/semmelweis.hu\/jogigfoig\/files\/2024\/07\/Adatved_es_kozzeteteli_szab_I_Konyv_Adatvedelmi_szab_hataly_2022_XII_22_ger.pdf\">Deutsche Version<\/a><\/li>\n<\/ul>\n<\/li>\n<\/ul>\n<\/li>\n<li>2023. december 20-ig\n<ul>\n<li><a href=\"https:\/\/semmelweis.hu\/jogigfoig\/files\/2022\/12\/Adatved_es_kozzeteteli_szab_II_Konyv_Kozzeteteli_szab_hataly_2022_XII_22.pdf\">Adatv\u00e9delmi \u00e9s k\u00f6zz\u00e9t\u00e9teli szab\u00e1lyzat \u2013 II. K\u00f6nyv \u2013 K\u00f6zz\u00e9t\u00e9teli szab\u00e1lyzat<\/a><\/li>\n<\/ul>\n<\/li>\n<li>2023. december 21 &#8211; 2024. okt\u00f3ber 31.\n<ul>\n<li><a href=\"https:\/\/semmelweis.hu\/jogigfoig\/files\/2023\/12\/Adatved_es_kozzeteteli_szab_II_Konyv_Kozzeteteli_szab_hataly_2023.XII_.21.pdf\">Adatv\u00e9delmi \u00e9s k\u00f6zz\u00e9t\u00e9teli szab\u00e1lyzat \u2013 II. K\u00f6nyv \u2013 K\u00f6zz\u00e9t\u00e9teli szab\u00e1lyzat<\/a><\/li>\n<\/ul>\n<\/li>\n<li>2023. j\u00falius 11 &#8211; 2025. janu\u00e1r 29.\n<ul>\n<li><a href=\"https:\/\/semmelweis.hu\/jogigfoig\/files\/2024\/07\/Adatved_es_kozzeteteli_szab_I_Konyv_hataly_2023_0711.pdf\">Adatv\u00e9delmi \u00e9s k\u00f6zz\u00e9t\u00e9teli szab\u00e1lyzat \u2013 I. K\u00f6nyv \u2013 Adatv\u00e9delmi szab\u00e1lyzat<\/a>\n<ul>\n<li><a href=\"https:\/\/semmelweis.hu\/jogigfoig\/files\/2024\/07\/Adatved_es_kozzeteteli_szab_I_Konyv_hataly_2023.VII_.11-tol_eng.pdf\">English version: Privacy and Disclosure Policy \u2013 Book I \u2013 Privacy Policy<\/a><\/li>\n<li><a href=\"https:\/\/semmelweis.hu\/jogigfoig\/files\/2024\/07\/Adatved_es_kozzeteteli_szab_I_Konyv_hataly_2023.VII_.11-tol_ger_jav.pdf\">Deutsche Version: Datenschutz und Offenlegungspolitik \u2013 Buch I \u2013 Datenschutzrichtlinie<\/a><\/li>\n<\/ul>\n<\/li>\n<\/ul>\n<\/li>\n<li style=\"text-align: justify\"><a href=\"https:\/\/semmelweis.hu\/jogigfoig\/files\/2024\/10\/Adatved_es_kozzeteteli_szab_II_Konyv_Kozzeteteli_szab_hataly_2024.XI_.01-tol.pdf\">2024. november 1 &#8211; 2025. janu\u00e1r 29. &#8211; II. K\u00f6nyv \u2013 K\u00f6zz\u00e9t\u00e9teli szab\u00e1lyzat<\/a><\/li>\n<li style=\"text-align: justify\"><a href=\"https:\/\/semmelweis.hu\/jogigfoig\/files\/2025\/01\/AKK_szab_I_Konyv_hataly_2025.01.30-tol.pdf\">2025. janu\u00e1r 30 &#8211; 2025. m\u00e1rcius 1. \u2013 I. K\u00f6nyv \u2013 Adatv\u00e9delmi szab\u00e1lyzat<\/a><\/li>\n<li style=\"text-align: justify\"><a href=\"https:\/\/semmelweis.hu\/jogigfoig\/files\/2025\/01\/AKK_szab_III_Konyv_Kozerdeku_adatigenyles_hataly_2025.01.30.pdf\">2025. janu\u00e1r 30 &#8211; 2025. auguszus 06.\u00a0 &#8211; III. K\u00f6nyv &#8211; A k\u00f6z\u00e9rdek\u0171 adatig\u00e9nyl\u00e9sek teljes\u00edt\u00e9s\u00e9nek elj\u00e1r\u00e1srendj\u00e9r\u0151l<\/a><\/li>\n<li><a href=\"https:\/\/semmelweis.hu\/jogigfoig\/files\/2025\/03\/Adatved_es_kozzeteteli_szab_I_Konyv_hataly_2025.III_.02-tol_kieg250130.pdf\" target=\"_blank\" rel=\"noopener\">2025. m\u00e1rcius 02 &#8211; 2025. okt\u00f3ber 01. &#8211; I. K\u00f6nyv Adatv\u00e9delmi szab\u00e1lyzat<\/a><\/li>\n<li><a href=\"https:\/\/semmelweis.hu\/jogigfoig\/files\/2025\/11\/AKK_szab_I_Konyv_hataly_20251002.pdf\">2025. okt\u00f3ber 02 &#8211; 2025. m\u00e1rcius 31. &#8211; I. K\u00f6nyv Adatv\u00e9delmi szab\u00e1lyzat<\/a><\/li>\n<\/ul>\n\n<\/div><h2 class=\"tabtitle\">M\u00f3dos\u00edt\u00f3 hat\u00e1rozatok<\/h2>\n<div class=\"tabcontent\">\n\n<ul>\n<li><a href=\"https:\/\/semmelweis.hu\/jogigfoig\/files\/2023\/07\/54_2023_VI29_SZ_hat_egyben.pdf\">54\/2023. (VI.29.)<\/a><\/li>\n<li><a href=\"https:\/\/semmelweis.hu\/jogigfoig\/files\/2023\/12\/113_2023_Szabalyzatok-Konyve-VI.pdf\" target=\"_blank\" rel=\"noopener\">113\/2023. (XII.13.)<\/a><\/li>\n<li><a href=\"https:\/\/semmelweis.hu\/jogigfoig\/files\/2024\/12\/118_2024_SzMSz-es-Adatvedelmi-szabalyzat-modositasa.pdf\">118\/2024. (XII.16.)<\/a><\/li>\n<li><a href=\"https:\/\/semmelweis.hu\/jogigfoig\/files\/2025\/01\/6_2025_I_30_Adatvedelmi_kozzeteteli_Kozerdeku_adatigenyles_szab_modositas_egyben.pdf\">6\/2025. (I.23.)<\/a><\/li>\n<\/ul>\n\n<\/div><h2 class=\"tabtitle\">Hat\u00e1lyon k\u00edv\u00fcl helyezett <br \/>\nhat\u00e1rozatok<\/h2>\n<div class=\"tabcontent\">\n\n<ul>\n<li><a href=\"https:\/\/semmelweis.hu\/jogigfoig\/files\/2017\/09\/28_sz_IV_28_Betegazonosito_rend_hasz.pdf\">28\/2005. (IV.28.)<\/a><\/li>\n<li><a href=\"https:\/\/semmelweis.hu\/jogigfoig\/files\/2017\/05\/109_sz_XI_30_hat_SE_Adatvedelmi_Szabalyzata.pdf\">109\/2006. (XI.30.)<\/a><\/li>\n<li><a href=\"https:\/\/semmelweis.hu\/jogigfoig\/files\/2017\/05\/53_sz_IV_26_Kozerdeku_adatok_kozzetetelenek_rendjerol.pdf\">53\/2012. (IV.26.)<\/a><\/li>\n<li><a href=\"https:\/\/semmelweis.hu\/jogigfoig\/files\/2017\/05\/54_sz_IV_26_Kozerdeku_adatmegismeresi_igenyek_intezesenek_rendjerol.pdf\">54\/2012. (IV.26.)<\/a><\/li>\n<li><a href=\"https:\/\/semmelweis.hu\/jogigfoig\/files\/2017\/05\/3_2015_rektori_kancellari_utasitas.pdf\">3\/2015. (X.27.)<\/a><\/li>\n<li><a href=\"https:\/\/semmelweis.hu\/jogigfoig\/files\/2018\/05\/E_3_2017_IV28_szamu_rektori_es_kancellari_hatarozat.pdf\">E\/3\/2017. (IV.28.)<\/a><\/li>\n<li><a href=\"https:\/\/semmelweis.hu\/jogigfoig\/files\/2018\/05\/E_1_2018_V_25_szamu_rektori_kancellari_hatarozat_az_Adatvedelmi_szabalyzat_elfogadasarol.pdf\">E\/1\/2018. (V.25)<\/a><\/li>\n<li><a href=\"https:\/\/semmelweis.hu\/jogigfoig\/files\/2020\/08\/E_3_2020_VII_30_rektori_kancellari_hatarozat.pdf\">E\/3\/2020. (VII.30.)<\/a><\/li>\n<li><a href=\"https:\/\/semmelweis.hu\/jogigfoig\/files\/2021\/07\/E_2_2021_VI_17_rektori-kancellari_hatarozat_adatvedelmi_szab.pdf\">E\/2\/2021. (VI.17.)<\/a><\/li>\n<li><a href=\"https:\/\/semmelweis.hu\/jogigfoig\/files\/2024\/10\/82_2024_SzMSz-modositas-GFI.pdf\">82\/2024. (X.03.)<\/a><\/li>\n<li><a href=\"https:\/\/semmelweis.hu\/jogigfoig\/files\/2022\/12\/107_2022_Szabalyzatok-Konyve-IV.-utem-1.pdf\">107\/2022. (XII.19.)<\/a><\/li>\n<\/ul>\n<\/div><\/div>\n","protected":false},"excerpt":{"rendered":"<p><a href=\"https:\/\/semmelweis.hu\/jogigfoig\/files\/2021\/02\/Adatvedelmi_Szabalyzat_20180525_20200804.pdf\">2020. augusztus 4-ig<\/a><br \/>\n<a href=\"https:\/\/semmelweis.hu\/jogigfoig\/files\/2020\/08\/Adatvedelmi_Szabalyzat_hatalyos_2020_08_05.pdf\">2021. j\u00falius 7-ig<\/a><br \/>\n<a href=\"https:\/\/semmelweis.hu\/jogigfoig\/files\/2021\/07\/Adatvedelmi_Szabalyzat_hatalyos_20210708tol.pdf\">2022. december 21-ig<\/a><br \/>\n2023. j\u00falius 10-ig<\/p>\n<p><a href=\"https:\/\/semmelweis.hu\/jogigfoig\/files\/2022\/12\/Adatved_es_kozzeteteli_szab_I_Konyv_Adatvedelmi_szab_hataly_2022_XII_22.pdf\">Adatv\u00e9delmi \u00e9s k\u00f6zz\u00e9t\u00e9teli szab\u00e1lyzat \u2013 I. K\u00f6nyv \u2013 Adatv\u00e9delmi szab\u00e1lyzat<\/a><\/p>\n<p><a href=\"https:\/\/semmelweis.hu\/jogigfoig\/files\/2024\/07\/Adatved_es_kozzeteteli_szab_I_Konyv_Adatvedelmi_szab_hataly_2022_XII_22_eng-US.pdf\">English version<\/a><br \/>\n<a href=\"https:\/\/semmelweis.hu\/jogigfoig\/files\/2024\/07\/Adatved_es_kozzeteteli_szab_I_Konyv_Adatvedelmi_szab_hataly_2022_XII_22_ger.pdf\">Deutsche Version<\/a><\/p>\n<p>2023. december 20-ig<\/p>\n<p><a href=\"https:\/\/semmelweis.hu\/jogigfoig\/files\/2022\/12\/Adatved_es_kozzeteteli_szab_II_Konyv_Kozzeteteli_szab_hataly_2022_XII_22.pdf\">Adatv\u00e9delmi \u00e9s k\u00f6zz\u00e9t\u00e9teli szab\u00e1lyzat \u2013 II. K\u00f6nyv \u2013 K\u00f6zz\u00e9t\u00e9teli szab\u00e1lyzat<\/a><\/p>\n<p>2023. december 21 &#8211; 2024. okt\u00f3ber 31.<\/p>\n<p><a href=\"https:\/\/semmelweis.hu\/jogigfoig\/files\/2023\/12\/Adatved_es_kozzeteteli_szab_II_Konyv_Kozzeteteli_szab_hataly_2023.XII_.21.pdf\">Adatv\u00e9delmi \u00e9s k\u00f6zz\u00e9t\u00e9teli szab\u00e1lyzat \u2013 II. K\u00f6nyv \u2013 K\u00f6zz\u00e9t\u00e9teli szab\u00e1lyzat<\/a><\/p>\n<p>2023. j\u00falius 11 &#8211; 2025. janu\u00e1r 29.<\/p>\n<p><a href=\"https:\/\/semmelweis.hu\/jogigfoig\/files\/2024\/07\/Adatved_es_kozzeteteli_szab_I_Konyv_hataly_2023_0711.pdf\">Adatv\u00e9delmi \u00e9s k\u00f6zz\u00e9t\u00e9teli szab\u00e1lyzat \u2013 I. K\u00f6nyv \u2013 Adatv\u00e9delmi szab\u00e1lyzat<\/a><\/p>\n<p><a href=\"https:\/\/semmelweis.hu\/jogigfoig\/files\/2024\/07\/Adatved_es_kozzeteteli_szab_I_Konyv_hataly_2023.VII_.11-tol_eng.pdf\">English version: Privacy and Disclosure Policy \u2013 Book I \u2013 Privacy Policy<\/a><br \/>\n<a href=\"https:\/\/semmelweis.hu\/jogigfoig\/files\/2024\/07\/Adatved_es_kozzeteteli_szab_I_Konyv_hataly_2023.VII_.11-tol_ger_jav.pdf\">Deutsche Version: Datenschutz und Offenlegungspolitik \u2013 Buch I \u2013 Datenschutzrichtlinie<\/a><\/p>\n<p><a href=\"https:\/\/semmelweis.hu\/jogigfoig\/files\/2024\/10\/Adatved_es_kozzeteteli_szab_II_Konyv_Kozzeteteli_szab_hataly_2024.XI_.01-tol.pdf\">2024. november 1 &#8211; 2025. janu\u00e1r 29. &#8211; II. K\u00f6nyv \u2013 K\u00f6zz\u00e9t\u00e9teli szab\u00e1lyzat<\/a><br \/>\n<a href=\"https:\/\/semmelweis.hu\/jogigfoig\/files\/2025\/01\/AKK_szab_I_Konyv_hataly_2025.01.30-tol.pdf\">2025. janu\u00e1r 30 &#8211; 2025. m\u00e1rcius 1. \u2013 I. K\u00f6nyv \u2013 Adatv\u00e9delmi szab\u00e1lyzat<\/a><br \/>\n<a href=\"https:\/\/semmelweis.hu\/jogigfoig\/files\/2025\/01\/AKK_szab_III_Konyv_Kozerdeku_adatigenyles_hataly_2025.01.30.pdf\">2025. janu\u00e1r 30 &#8211; 2025. auguszus 06.\u00a0 &#8211; III. K\u00f6nyv &#8211; A k\u00f6z\u00e9rdek\u0171 adatig\u00e9nyl\u00e9sek teljes\u00edt\u00e9s\u00e9nek elj\u00e1r\u00e1srendj\u00e9r\u0151l<\/a><br \/>\n<a href=\"https:\/\/semmelweis.hu\/jogigfoig\/files\/2025\/03\/Adatved_es_kozzeteteli_szab_I_Konyv_hataly_2025.III_.02-tol_kieg250130.pdf\" target=\"_blank\" rel=\"noopener\">2025. m\u00e1rcius 02 &#8211; 2025. okt\u00f3ber 01. &#8211; I. K\u00f6nyv Adatv\u00e9delmi szab\u00e1lyzat<\/a><br \/>\n<a href=\"https:\/\/semmelweis.hu\/jogigfoig\/files\/2025\/11\/AKK_szab_I_Konyv_hataly_20251002.pdf\">2025. okt\u00f3ber 02 &#8211; 2025. m\u00e1rcius 31. &#8211; I. K\u00f6nyv Adatv\u00e9delmi szab\u00e1lyzat<\/a><\/p>\n<p>\u00a0<\/p>\n<p><a href=\"https:\/\/semmelweis.hu\/jogigfoig\/files\/2023\/07\/54_2023_VI29_SZ_hat_egyben.pdf\">54\/2023. (VI.29.)<\/a><br \/>\n<a href=\"https:\/\/semmelweis.hu\/jogigfoig\/files\/2023\/12\/113_2023_Szabalyzatok-Konyve-VI.pdf\" target=\"_blank\" rel=\"noopener\">113\/2023. (XII.13.)<\/a><br \/>\n<a href=\"https:\/\/semmelweis.hu\/jogigfoig\/files\/2024\/12\/118_2024_SzMSz-es-Adatvedelmi-szabalyzat-modositasa.pdf\">118\/2024. (XII.16.)<\/a><br \/>\n<a href=\"https:\/\/semmelweis.hu\/jogigfoig\/files\/2025\/01\/6_2025_I_30_Adatvedelmi_kozzeteteli_Kozerdeku_adatigenyles_szab_modositas_egyben.pdf\">6\/2025. (I.23.)<\/a><\/p>\n<p><a href=\"https:\/\/semmelweis.hu\/jogigfoig\/files\/2017\/09\/28_sz_IV_28_Betegazonosito_rend_hasz.pdf\">28\/2005. (IV.28.)<\/a><br \/>\n<a href=\"https:\/\/semmelweis.hu\/jogigfoig\/files\/2017\/05\/109_sz_XI_30_hat_SE_Adatvedelmi_Szabalyzata.pdf\">109\/2006. (XI.30.)<\/a><br \/>\n<a href=\"https:\/\/semmelweis.hu\/jogigfoig\/files\/2017\/05\/53_sz_IV_26_Kozerdeku_adatok_kozzetetelenek_rendjerol.pdf\">53\/2012. (IV.26.)<\/a><br \/>\n<a href=\"https:\/\/semmelweis.hu\/jogigfoig\/files\/2017\/05\/54_sz_IV_26_Kozerdeku_adatmegismeresi_igenyek_intezesenek_rendjerol.pdf\">54\/2012. (IV.26.)<\/a><br \/>\n<a href=\"https:\/\/semmelweis.hu\/jogigfoig\/files\/2017\/05\/3_2015_rektori_kancellari_utasitas.pdf\">3\/2015. (X.27.)<\/a><br \/>\n<a href=\"https:\/\/semmelweis.hu\/jogigfoig\/files\/2018\/05\/E_3_2017_IV28_szamu_rektori_es_kancellari_hatarozat.pdf\">E\/3\/2017. (IV.28.)<\/a><br \/>\n<a href=\"https:\/\/semmelweis.hu\/jogigfoig\/files\/2018\/05\/E_1_2018_V_25_szamu_rektori_kancellari_hatarozat_az_Adatvedelmi_szabalyzat_elfogadasarol.pdf\">E\/1\/2018. (V.25)<\/a><br \/>\n<a href=\"https:\/\/semmelweis.hu\/jogigfoig\/files\/2020\/08\/E_3_2020_VII_30_rektori_kancellari_hatarozat.pdf\">E\/3\/2020. (VII.30.)<\/a><br \/>\n<a href=\"https:\/\/semmelweis.hu\/jogigfoig\/files\/2021\/07\/E_2_2021_VI_17_rektori-kancellari_hatarozat_adatvedelmi_szab.pdf\">E\/2\/2021. (VI.17.)<\/a><br \/>\n<a href=\"https:\/\/semmelweis.hu\/jogigfoig\/files\/2024\/10\/82_2024_SzMSz-modositas-GFI.pdf\">82\/2024. (X.03.)<\/a><br \/>\n<a href=\"https:\/\/semmelweis.hu\/jogigfoig\/files\/2022\/12\/107_2022_Szabalyzatok-Konyve-IV.-utem-1.pdf\">107\/2022. (XII.19.)<\/a><\/p>\n","protected":false},"author":101117,"featured_media":0,"parent":362,"menu_order":0,"comment_status":"closed","ping_status":"closed","template":"","meta":{"_acf_changed":false,"footnotes":""},"categories":[],"tags":[],"class_list":["post-7641","page","type-page","status-publish","hentry"],"acf":[],"_links":{"self":[{"href":"https:\/\/semmelweis.hu\/jogigfoig\/wp-json\/wp\/v2\/pages\/7641","targetHints":{"allow":["GET"]}}],"collection":[{"href":"https:\/\/semmelweis.hu\/jogigfoig\/wp-json\/wp\/v2\/pages"}],"about":[{"href":"https:\/\/semmelweis.hu\/jogigfoig\/wp-json\/wp\/v2\/types\/page"}],"author":[{"embeddable":true,"href":"https:\/\/semmelweis.hu\/jogigfoig\/wp-json\/wp\/v2\/users\/101117"}],"replies":[{"embeddable":true,"href":"https:\/\/semmelweis.hu\/jogigfoig\/wp-json\/wp\/v2\/comments?post=7641"}],"version-history":[{"count":10,"href":"https:\/\/semmelweis.hu\/jogigfoig\/wp-json\/wp\/v2\/pages\/7641\/revisions"}],"predecessor-version":[{"id":106144,"href":"https:\/\/semmelweis.hu\/jogigfoig\/wp-json\/wp\/v2\/pages\/7641\/revisions\/106144"}],"up":[{"embeddable":true,"href":"https:\/\/semmelweis.hu\/jogigfoig\/wp-json\/wp\/v2\/pages\/362"}],"wp:attachment":[{"href":"https:\/\/semmelweis.hu\/jogigfoig\/wp-json\/wp\/v2\/media?parent=7641"}],"wp:term":[{"taxonomy":"category","embeddable":true,"href":"https:\/\/semmelweis.hu\/jogigfoig\/wp-json\/wp\/v2\/categories?post=7641"},{"taxonomy":"post_tag","embeddable":true,"href":"https:\/\/semmelweis.hu\/jogigfoig\/wp-json\/wp\/v2\/tags?post=7641"}],"curies":[{"name":"wp","href":"https:\/\/api.w.org\/{rel}","templated":true}]}}