{"id":370,"date":"2022-08-17T14:11:40","date_gmt":"2022-08-17T12:11:40","guid":{"rendered":"https:\/\/semmelweis.hu\/international40\/?page_id=370"},"modified":"2022-08-18T15:29:35","modified_gmt":"2022-08-18T13:29:35","slug":"koszonto","status":"publish","type":"page","link":"https:\/\/semmelweis.hu\/international40\/az-evfordulo\/koszonto\/","title":{"rendered":"Rektori k\u00f6sz\u00f6nt\u0151"},"content":{"rendered":"<p><a href=\"https:\/\/semmelweis.hu\/international40\/files\/2022\/08\/RS82336_IMG_3819-scr.jpg\"><img loading=\"lazy\" decoding=\"async\" class=\"alignright size-medium wp-image-367\" src=\"https:\/\/semmelweis.hu\/international40\/files\/2022\/08\/RS82336_IMG_3819-scr-266x400.jpg\" alt=\"\" width=\"266\" height=\"400\" srcset=\"https:\/\/semmelweis.hu\/international40\/files\/2022\/08\/RS82336_IMG_3819-scr-266x400.jpg 266w, https:\/\/semmelweis.hu\/international40\/files\/2022\/08\/RS82336_IMG_3819-scr.jpg 499w\" sizes=\"auto, (max-width: 266px) 100vw, 266px\" \/><\/a>Egyetem\u00fcnk alap\u00edt\u00e1s\u00e1nak 250 \u00e9ves jubileuma ut\u00e1n ism\u00e9t egy jelent\u0151s m\u00e9rf\u00f6ldk\u0151h\u00f6z, egy \u00fcnnepl\u00e9sre m\u00e9lt\u00f3 \u00e9vfordul\u00f3hoz \u00e9rkezett egyetem\u00fcnk: <a href=\"https:\/\/semmelweis.hu\/international40\/\">a 2022\/23-as tan\u00e9vben lesz 40 \u00e9ve, hogy elindult nemzetk\u00f6zi orvosk\u00e9pz\u00e9s\u00fcnk<\/a>. Ebb\u0151l az alkalomb\u00f3l az eg\u00e9sz akad\u00e9miai \u00e9ven \u00e1t\u00edvel\u0151 <a href=\"https:\/\/semmelweis.hu\/international40\/kiemelt-esemenyek\/\">nagyszab\u00e1s\u00fa programsorozatot szervez\u00fcnk<\/a>, amelynek els\u0151 rendezv\u00e9nye a 2022. szeptember 1-2. k\u00f6z\u00f6tt megtartand\u00f3 Nemzetk\u00f6zi Ny\u00e1ri Egyetem, m\u00edg hivatalos nyit\u00e1nya a szeptember 3-i tan\u00e9vnyit\u00f3 lesz.<\/p>\n<p>Hissz\u00fck \u00e9s tudjuk, hogy az idegennyelv\u0171 k\u00e9pz\u00e9s\u00fcnk elind\u00edt\u00e1sa kiemelked\u0151en fontos pill\u00e9re volt az imm\u00e1r t\u00f6bb mint 250 \u00e9ves egyetem\u00fcnk modernkori fejl\u0151d\u00e9s\u00e9nek. 40 \u00e9ve \u00fagy d\u00f6nt\u00f6tt\u00fcnk, hogy nemcsak a tudom\u00e1nyban, hanem a k\u00e9pz\u00e9sben is meg k\u00edv\u00e1nunk jelenni eur\u00f3pai \u00e9s vil\u00e1gszinten egyar\u00e1nt. <a href=\"https:\/\/semmelweis.hu\/international40\/a-kepzesrol\/tortenet\/\">N\u00e9met nyelv\u0171 oktat\u00e1ssal, maroknyi oktat\u00f3i \u00e9s hallgat\u00f3i csapattal indultunk a v\u00e1llalkoz\u00e1snak, teli lelkesed\u00e9ssel<\/a>.<\/p>\n<blockquote>\n<p>B\u00fcszk\u00e9k lehet\u00fcnk arra, hogy m\u00e1ra a Semmelweis Egyetem Eur\u00f3pa egyik legjelent\u0151sebb angol \u00e9s n\u00e9met nyelv\u0171 k\u00e9pz\u00e9si int\u00e9zm\u00e9ny\u00e9v\u00e9 v\u00e1lt. Minden karunk \u00e9s doktori iskol\u00e1nk k\u00edn\u00e1l valamilyen idegen nyelv\u0171 k\u00e9pz\u00e9st, \u00e9s sz\u00e9khelyen k\u00edv\u00fcli programokkal is rendelkez\u00fcnk N\u00e9metorsz\u00e1gban, Rom\u00e1ni\u00e1ban, Sv\u00e1jcban, Szerbi\u00e1ban \u00e9s Szlov\u00e1ki\u00e1ban.<\/p>\n<\/blockquote>\n<p><a href=\"https:\/\/semmelweis.hu\/international40\/a-kepzesrol\/\">A vil\u00e1g csaknem 100 orsz\u00e1g\u00e1b\u00f3l fogadunk jelentkez\u0151ket, akik hallgat\u00f3ink t\u00f6bb mint egyharmad\u00e1t teszik ki.<\/a> A Semmelweis Egyetem magyar \u00e9s eur\u00f3pai hagyom\u00e1nyon alapul\u00f3, de sz\u00ednes, a nemzetk\u00f6zi \u00e9rt\u00e9keket mag\u00e1ba olvaszt\u00f3 otthonn\u00e1 v\u00e1lt. Semmelweis Csal\u00e1dunk k\u00f6z\u00f6ss\u00e9g\u00e9nek tagjai m\u00e1ra megtal\u00e1lhat\u00f3k a vil\u00e1g szinte minden pontj\u00e1n.<\/p>\n<p>A <a href=\"https:\/\/semmelweis.hu\/hirek\/semmelweis-international-40\/\" target=\"_blank\" rel=\"noopener\">jubileumi programsorozatra<\/a> szeretettel v\u00e1runk minden \u00e9rdekl\u0151d\u0151t, \u00a0k\u00f6zt\u00fck egyetem\u00fcnk jelenlegi polg\u00e1rait \u00e9pp\u00fagy, mint a m\u00e1ra koll\u00e9g\u00e1kk\u00e1 v\u00e1lt egykori hallgat\u00f3inkat, hogy \u00fajra tal\u00e1lkozhassunk, feleleven\u00edthess\u00fck eml\u00e9keinket, \u00e9s bemutathassuk, hogyan \u00e9p\u00edtj\u00fck a k\u00f6vetkez\u0151 n\u00e9gy \u00e9vtized nemzetk\u00f6zi k\u00e9pz\u00e9s\u00e9t.<\/p>\n<p>Legyen \u00d6n is r\u00e9szese a jubileumi \u00fcnnepl\u00e9snek!<\/p>\n<p>Dr. Merkely B\u00e9la<br \/>\nrektor<\/p>\n","protected":false},"excerpt":{"rendered":"<p>A Semmelweis Egyetem a 2022\/2023-as tan\u00e9vben \u00fcnnepli az int\u00e9zm\u00e9ny nemzetk\u00f6zi orvosk\u00e9pz\u00e9s\u00e9nek 40 \u00e9ves jubileum\u00e1t. A n\u00e9met nyelv\u0171 k\u00e9pz\u00e9s 1983-ban kezd\u0151d\u00f6tt, majd 1989-ben elindult az angol nyelv\u0171 oktat\u00e1s is. A Semmelweis International 40 programsorozat \u00e1t\u00edvel az eg\u00e9sz akad\u00e9miai \u00e9ven. C\u00e9lja, hogy m\u00e9lt\u00f3 eml\u00e9ket \u00e1ll\u00edtson a Semmelweis Egyetemen zajl\u00f3 nemzetk\u00f6zi k\u00e9pz\u00e9s n\u00e9gy \u00e9vtized\u00e9nek, \u00e9s bemutassa az ez id\u0151 alatt el\u00e9rt sikereket, eredm\u00e9nyeket.<\/p>\n","protected":false},"author":12,"featured_media":373,"parent":4,"menu_order":1,"comment_status":"closed","ping_status":"closed","template":"","meta":{"_acf_changed":false,"footnotes":""},"categories":[],"tags":[],"class_list":["post-370","page","type-page","status-publish","has-post-thumbnail","hentry"],"acf":[],"_links":{"self":[{"href":"https:\/\/semmelweis.hu\/international40\/wp-json\/wp\/v2\/pages\/370","targetHints":{"allow":["GET"]}}],"collection":[{"href":"https:\/\/semmelweis.hu\/international40\/wp-json\/wp\/v2\/pages"}],"about":[{"href":"https:\/\/semmelweis.hu\/international40\/wp-json\/wp\/v2\/types\/page"}],"author":[{"embeddable":true,"href":"https:\/\/semmelweis.hu\/international40\/wp-json\/wp\/v2\/users\/12"}],"replies":[{"embeddable":true,"href":"https:\/\/semmelweis.hu\/international40\/wp-json\/wp\/v2\/comments?post=370"}],"version-history":[{"count":8,"href":"https:\/\/semmelweis.hu\/international40\/wp-json\/wp\/v2\/pages\/370\/revisions"}],"predecessor-version":[{"id":480,"href":"https:\/\/semmelweis.hu\/international40\/wp-json\/wp\/v2\/pages\/370\/revisions\/480"}],"up":[{"embeddable":true,"href":"https:\/\/semmelweis.hu\/international40\/wp-json\/wp\/v2\/pages\/4"}],"wp:featuredmedia":[{"embeddable":true,"href":"https:\/\/semmelweis.hu\/international40\/wp-json\/wp\/v2\/media\/373"}],"wp:attachment":[{"href":"https:\/\/semmelweis.hu\/international40\/wp-json\/wp\/v2\/media?parent=370"}],"wp:term":[{"taxonomy":"category","embeddable":true,"href":"https:\/\/semmelweis.hu\/international40\/wp-json\/wp\/v2\/categories?post=370"},{"taxonomy":"post_tag","embeddable":true,"href":"https:\/\/semmelweis.hu\/international40\/wp-json\/wp\/v2\/tags?post=370"}],"curies":[{"name":"wp","href":"https:\/\/api.w.org\/{rel}","templated":true}]}}