{"id":7485,"date":"2018-11-16T22:51:32","date_gmt":"2018-11-16T21:51:32","guid":{"rendered":"http:\/\/semmelweis.hu\/hok\/?page_id=7485"},"modified":"2025-12-20T23:27:12","modified_gmt":"2025-12-20T22:27:12","slug":"kulugyi-bizottsag","status":"publish","type":"page","link":"https:\/\/semmelweis.hu\/hok\/rolunk\/bizottsagok\/kulugyi-bizottsag\/","title":{"rendered":"K\u00fcl\u00fcgyi Bizotts\u00e1g"},"content":{"rendered":"<h3 style=\"text-align: left\"><img loading=\"lazy\" decoding=\"async\" class=\"wp-image-17890 size-medium alignleft\" src=\"https:\/\/semmelweis.hu\/hok\/files\/2024\/11\/Pasztor-Simon-Peter-200x300.jpg\" alt=\"\" width=\"200\" height=\"300\" srcset=\"https:\/\/semmelweis.hu\/hok\/files\/2024\/11\/Pasztor-Simon-Peter-200x300.jpg 200w, https:\/\/semmelweis.hu\/hok\/files\/2024\/11\/Pasztor-Simon-Peter-683x1024.jpg 683w, https:\/\/semmelweis.hu\/hok\/files\/2024\/11\/Pasztor-Simon-Peter-768x1152.jpg 768w, https:\/\/semmelweis.hu\/hok\/files\/2024\/11\/Pasztor-Simon-Peter-1024x1536.jpg 1024w, https:\/\/semmelweis.hu\/hok\/files\/2024\/11\/Pasztor-Simon-Peter-1365x2048.jpg 1365w, https:\/\/semmelweis.hu\/hok\/files\/2024\/11\/Pasztor-Simon-Peter-753x1129.jpg 753w, https:\/\/semmelweis.hu\/hok\/files\/2024\/11\/Pasztor-Simon-Peter-scaled.jpg 1707w\" sizes=\"auto, (max-width: 200px) 100vw, 200px\" \/><\/h3>\n<h3 style=\"text-align: left\"><a href=\"https:\/\/semmelweis.hu\/hok\/atlathatosag\/beszamolok\/\" target=\"_blank\" rel=\"noopener\"><strong>P\u00e1sztor Simon P\u00e9ter<\/strong><\/a><\/h3>\n<h5><em>bizotts\u00e1gi vezet\u0151<\/em><\/h5>\n<p><a href=\"mailto:hok.international@semmelweis.hu\" target=\"_blank\" rel=\"noopener\">E-mail<\/a><\/p>\n<p>&nbsp;<\/p>\n<hr \/>\n<h3><img loading=\"lazy\" decoding=\"async\" class=\"alignleft wp-image-19173\" src=\"https:\/\/semmelweis.hu\/hok\/files\/2025\/12\/Muskan-Awasthi-Deputy-Head-200x300.jpeg\" alt=\"\" width=\"150\" height=\"225\" srcset=\"https:\/\/semmelweis.hu\/hok\/files\/2025\/12\/Muskan-Awasthi-Deputy-Head-200x300.jpeg 200w, https:\/\/semmelweis.hu\/hok\/files\/2025\/12\/Muskan-Awasthi-Deputy-Head-683x1024.jpeg 683w, https:\/\/semmelweis.hu\/hok\/files\/2025\/12\/Muskan-Awasthi-Deputy-Head-768x1152.jpeg 768w, https:\/\/semmelweis.hu\/hok\/files\/2025\/12\/Muskan-Awasthi-Deputy-Head-1024x1536.jpeg 1024w, https:\/\/semmelweis.hu\/hok\/files\/2025\/12\/Muskan-Awasthi-Deputy-Head-1365x2048.jpeg 1365w, https:\/\/semmelweis.hu\/hok\/files\/2025\/12\/Muskan-Awasthi-Deputy-Head-753x1130.jpeg 753w, https:\/\/semmelweis.hu\/hok\/files\/2025\/12\/Muskan-Awasthi-Deputy-Head-scaled.jpeg 1706w\" sizes=\"auto, (max-width: 150px) 100vw, 150px\" \/><a href=\"https:\/\/semmelweis.hu\/hok\/atlathatosag\/beszamolok\/\" target=\"_blank\" rel=\"noopener\"><strong><span class=\"NormalTextRun SCXW115375366 BCX0\">Muskan AWASTHI<\/span><\/strong><\/a><\/h3>\n<h5><em>bizotts\u00e1gi vezet\u0151 helyettes<\/em><\/h5>\n<p><a href=\"mailto:muskan.awasthi@stud.semmelweis.hu\" target=\"_blank\" rel=\"noopener\">E-mail<\/a><\/p>\n<hr \/>\n<h3><img loading=\"lazy\" decoding=\"async\" class=\"alignleft\" src=\"https:\/\/semmelweis.hu\/hok\/files\/2023\/12\/Nikol-Marieta-ARGYROU-225x300.jpg\" width=\"150\" height=\"200\" \/><a href=\"https:\/\/semmelweis.hu\/hok\/atlathatosag\/beszamolok\/\" target=\"_blank\" rel=\"noopener\"><strong><span class=\"TextRun SCXW194091624 BCX0\" lang=\"HU-HU\" xml:lang=\"HU-HU\" data-contrast=\"auto\"><span class=\"NormalTextRun SCXW194091624 BCX0\">Nikol<\/span>\u00a0<span class=\"NormalTextRun SCXW194091624 BCX0\">Marieta<\/span><span class=\"NormalTextRun SCXW194091624 BCX0\"> ARGYROU<\/span><\/span><\/strong><\/a><\/h3>\n<h5><i>bizotts\u00e1gi vezet\u0151 helyettes, \u00c1OK kari vezet\u0151 helyettes<\/i><\/h5>\n<p><a href=\"mailto:nikole.argyros@stud.semmelweis.hu\" target=\"_blank\" rel=\"noopener\">E-mail<\/a><\/p>\n<hr \/>\n<h3><strong><span class=\"TextRun SCXW194091624 BCX0\" lang=\"HU-HU\" xml:lang=\"HU-HU\" data-contrast=\"auto\"><span class=\"NormalTextRun SCXW194091624 BCX0\"><img loading=\"lazy\" decoding=\"async\" class=\"alignleft\" src=\"https:\/\/semmelweis.hu\/hok\/files\/2022\/12\/Nima-Saidmoghaddam--201x300.jpg\" width=\"150\" height=\"224\" \/><\/span><\/span><\/strong><\/h3>\n<h3><a href=\"https:\/\/semmelweis.hu\/hok\/atlathatosag\/beszamolok\/\" target=\"_blank\" rel=\"noopener\"><strong>Nima SAIDMOGHADDAM<\/strong><\/a><\/h3>\n<h5><i>FOK kari vezet\u0151 helyettes<\/i><\/h5>\n<p><a href=\"mailto:nima.saidmoghaddam@stud.semmelweis.hu\" target=\"_blank\" rel=\"noopener\">E-mail<\/a><\/p>\n<hr \/>\n<h3><strong><img loading=\"lazy\" decoding=\"async\" class=\"alignleft\" src=\"https:\/\/semmelweis.hu\/hok\/files\/2022\/12\/Faraz-Khayati-240x300.jpg\" width=\"150\" height=\"188\" \/><a href=\"https:\/\/semmelweis.hu\/hok\/atlathatosag\/beszamolok\/\" target=\"_blank\" rel=\"noopener\">Faraz KHAYATI<\/a><\/strong><\/h3>\n<h5><i>GYTK kari vezet\u0151 helyettes<\/i><\/h5>\n<p><a href=\"mailto:faraz.khayati@stud.semmelweis.hu\" target=\"_blank\" rel=\"noopener\">E-mail<\/a><\/p>\n<hr \/>\n<h3><strong><img loading=\"lazy\" decoding=\"async\" class=\"alignleft\" src=\"https:\/\/semmelweis.hu\/hok\/files\/2024\/10\/Yael-Lea-Rosen-200x300.jpg\" width=\"150\" height=\"225\" \/><a href=\"https:\/\/semmelweis.hu\/hok\/atlathatosag\/beszamolok\/\" target=\"_blank\" rel=\"noopener\">Yael Lea ROSEN<\/a><\/strong><\/h3>\n<h5><em><span class=\"TextRun SCXW248867030 BCX0\" lang=\"HU-HU\" xml:lang=\"HU-HU\" data-contrast=\"auto\"><span class=\"NormalTextRun SCXW248867030 BCX0\"><i>ETK kari vezet\u0151 helyettes<\/i><\/span><\/span><\/em><\/h5>\n<p><a href=\"mailto:yael.rosen@stud.semmelweis.hu\" target=\"_blank\" rel=\"noopener\">E-mail<\/a><\/p>\n<hr \/>\n<h3><strong><span class=\"NormalTextRun SCXW115375366 BCX0\"><img loading=\"lazy\" decoding=\"async\" class=\"alignleft\" src=\"https:\/\/lh3.googleusercontent.com\/pw\/AIL4fc-CqeA4H36J_GJIOrtmDP6ntaX3l5sGGu8DI0W52kWe9nWQZB-DLQpSmeDsa4lEZxkNZU6eQh8X85A1rS2F5CWKi31kEYvxMWvEOwP9xA2ZQgO03aTJ2BElVEGlGnthwKMgOJ2G71Mgpl87ntJSge0U=w618-h866-s-no?authuser=1\" alt=\"\" width=\"150\" height=\"210\" \/><\/span><\/strong><a href=\"https:\/\/semmelweis.hu\/hok\/atlathatosag\/beszamolok\/\" target=\"_blank\" rel=\"noopener\"><strong>Clara YOUSSEF<\/strong><\/a><\/h3>\n<h5><em><span class=\"TextRun SCXW262651418 BCX0\" lang=\"HU-HU\" xml:lang=\"HU-HU\" data-contrast=\"auto\"><span class=\"NormalTextRun SCXW262651418 BCX0\">Kunigunda KAB vezet\u0151<\/span><\/span><\/em><\/h5>\n<p><a href=\"mailto:clara.youssef@stud.semmelweis.hu\" target=\"_blank\" rel=\"noopener\">E-mail<\/a><\/p>\n<hr \/>\n<h3><strong><span class=\"NormalTextRun SpellingErrorV2Themed SCXW203248447 BCX0\"><img loading=\"lazy\" decoding=\"async\" class=\"wp-image-19172  alignleft\" src=\"https:\/\/semmelweis.hu\/hok\/files\/2025\/12\/Vivien-Jakab-Event-Manager-201x300.jpg\" alt=\"\" width=\"143\" height=\"213\" srcset=\"https:\/\/semmelweis.hu\/hok\/files\/2025\/12\/Vivien-Jakab-Event-Manager-201x300.jpg 201w, https:\/\/semmelweis.hu\/hok\/files\/2025\/12\/Vivien-Jakab-Event-Manager-687x1024.jpg 687w, https:\/\/semmelweis.hu\/hok\/files\/2025\/12\/Vivien-Jakab-Event-Manager-768x1144.jpg 768w, https:\/\/semmelweis.hu\/hok\/files\/2025\/12\/Vivien-Jakab-Event-Manager-1031x1536.jpg 1031w, https:\/\/semmelweis.hu\/hok\/files\/2025\/12\/Vivien-Jakab-Event-Manager-753x1122.jpg 753w, https:\/\/semmelweis.hu\/hok\/files\/2025\/12\/Vivien-Jakab-Event-Manager.jpg 1170w\" sizes=\"auto, (max-width: 143px) 100vw, 143px\" \/><\/span><\/strong><a href=\"https:\/\/semmelweis.hu\/hok\/atlathatosag\/beszamolok\/\" target=\"_blank\" rel=\"noopener\"><strong><span class=\"NormalTextRun SCXW203248447 BCX0\">JAKAB Vivien<\/span><\/strong><\/a><\/h3>\n<h5><em>nemzetk\u00f6zi rendezv\u00e9ny k<span class=\"NormalTextRun SpellingErrorV2Themed SCXW253615116 BCX0\">oordin\u00e1tor<\/span><\/em><\/h5>\n<p><a href=\"mailto:reem.aladin@stud.semmelweis.hu\" target=\"_blank\" rel=\"noopener\">E-mail<\/a><\/p>\n<hr \/>\n<h3><strong><span class=\"NormalTextRun SCXW167628971 BCX0\"><img loading=\"lazy\" decoding=\"async\" class=\"alignleft wp-image-19174 \" src=\"https:\/\/semmelweis.hu\/hok\/files\/2025\/12\/Momen-Elkheshen-Communication-Manager-200x300.jpg\" alt=\"\" width=\"150\" height=\"225\" srcset=\"https:\/\/semmelweis.hu\/hok\/files\/2025\/12\/Momen-Elkheshen-Communication-Manager-200x300.jpg 200w, https:\/\/semmelweis.hu\/hok\/files\/2025\/12\/Momen-Elkheshen-Communication-Manager-684x1024.jpg 684w, https:\/\/semmelweis.hu\/hok\/files\/2025\/12\/Momen-Elkheshen-Communication-Manager-768x1151.jpg 768w, https:\/\/semmelweis.hu\/hok\/files\/2025\/12\/Momen-Elkheshen-Communication-Manager-1025x1536.jpg 1025w, https:\/\/semmelweis.hu\/hok\/files\/2025\/12\/Momen-Elkheshen-Communication-Manager-753x1128.jpg 753w, https:\/\/semmelweis.hu\/hok\/files\/2025\/12\/Momen-Elkheshen-Communication-Manager.jpg 1068w\" sizes=\"auto, (max-width: 150px) 100vw, 150px\" \/><\/span><\/strong><\/h3>\n<h3><strong><a href=\"https:\/\/semmelweis.hu\/hok\/atlathatosag\/beszamolok\/\" target=\"_blank\" rel=\"noopener\"><span class=\"NormalTextRun SCXW167628971 BCX0\">Momen ELKHESHEN<\/span><\/a><\/strong><\/h3>\n<h5><em>kommunik\u00e1ci\u00f3s koordin\u00e1tor<\/em><\/h5>\n<p><a href=\"mailto:momen.elkheshen@stud.semmelweis.hu\" target=\"_blank\" rel=\"noopener\">E-mail<\/a><\/p>\n<p>&nbsp;<\/p>\n<p>&nbsp;<\/p>\n<hr \/>\n<h3><strong><span class=\"NormalTextRun SCXW167628971 BCX0\"><img loading=\"lazy\" decoding=\"async\" class=\"alignleft wp-image-19179 \" src=\"https:\/\/semmelweis.hu\/hok\/files\/2025\/12\/Evelina-Davlieva-Media-Manager-200x300.jpg\" alt=\"\" width=\"150\" height=\"225\" srcset=\"https:\/\/semmelweis.hu\/hok\/files\/2025\/12\/Evelina-Davlieva-Media-Manager-200x300.jpg 200w, https:\/\/semmelweis.hu\/hok\/files\/2025\/12\/Evelina-Davlieva-Media-Manager-682x1024.jpg 682w, https:\/\/semmelweis.hu\/hok\/files\/2025\/12\/Evelina-Davlieva-Media-Manager-768x1152.jpg 768w, https:\/\/semmelweis.hu\/hok\/files\/2025\/12\/Evelina-Davlieva-Media-Manager-1024x1536.jpg 1024w, https:\/\/semmelweis.hu\/hok\/files\/2025\/12\/Evelina-Davlieva-Media-Manager-1365x2048.jpg 1365w, https:\/\/semmelweis.hu\/hok\/files\/2025\/12\/Evelina-Davlieva-Media-Manager-753x1130.jpg 753w, https:\/\/semmelweis.hu\/hok\/files\/2025\/12\/Evelina-Davlieva-Media-Manager-scaled.jpg 1706w\" sizes=\"auto, (max-width: 150px) 100vw, 150px\" \/><\/span><\/strong><\/h3>\n<h3><strong><a href=\"https:\/\/semmelweis.hu\/hok\/atlathatosag\/beszamolok\/\" target=\"_blank\" rel=\"noopener\"><span class=\"NormalTextRun SCXW167628971 BCX0\">Evelina DAVLIEVA<\/span><\/a><\/strong><\/h3>\n<h5><em>m\u00e9di\u00e1\u00e9rt felel\u0151s <\/em><em>koordin\u00e1tor<\/em><\/h5>\n<p><a href=\"mailto:evelina.davlieva@stud.semmelweis.hu\" target=\"_blank\" rel=\"noopener\">E-mail<\/a><\/p>\n<hr \/>\n<h3><strong><span class=\"NormalTextRun SCXW115375366 BCX0\"><img loading=\"lazy\" decoding=\"async\" class=\"alignleft\" src=\"https:\/\/lh3.googleusercontent.com\/pw\/AIL4fc-CqeA4H36J_GJIOrtmDP6ntaX3l5sGGu8DI0W52kWe9nWQZB-DLQpSmeDsa4lEZxkNZU6eQh8X85A1rS2F5CWKi31kEYvxMWvEOwP9xA2ZQgO03aTJ2BElVEGlGnthwKMgOJ2G71Mgpl87ntJSge0U=w618-h866-s-no?authuser=1\" alt=\"\" width=\"150\" height=\"210\" \/><\/span><\/strong><\/h3>\n<h3><strong><a href=\"https:\/\/semmelweis.hu\/hok\/atlathatosag\/beszamolok\/\" target=\"_blank\" rel=\"noopener\"><span class=\"NormalTextRun SCXW167628971 BCX0\">Iman<\/span><span class=\"NormalTextRun SCXW167628971 BCX0\"> CEMAL<\/span><\/a><\/strong><\/h3>\n<h5><em>angol Language Club koordin\u00e1tor<\/em><\/h5>\n<p><a href=\"mailto:iman.cemal@stud.semmelweis.hu\" target=\"_blank\" rel=\"noopener\">E-mail<\/a><\/p>\n<hr \/>\n<h3><strong><span class=\"NormalTextRun SCXW115375366 BCX0\"><img loading=\"lazy\" decoding=\"async\" class=\"alignleft\" src=\"https:\/\/lh3.googleusercontent.com\/pw\/AIL4fc-CqeA4H36J_GJIOrtmDP6ntaX3l5sGGu8DI0W52kWe9nWQZB-DLQpSmeDsa4lEZxkNZU6eQh8X85A1rS2F5CWKi31kEYvxMWvEOwP9xA2ZQgO03aTJ2BElVEGlGnthwKMgOJ2G71Mgpl87ntJSge0U=w618-h866-s-no?authuser=1\" alt=\"\" width=\"150\" height=\"210\" \/><\/span><\/strong><\/h3>\n<h3><a href=\"https:\/\/semmelweis.hu\/hok\/atlathatosag\/beszamolok\/\" target=\"_blank\" rel=\"noopener\"><strong>PAJOR Bori<\/strong><\/a><\/h3>\n<h5><em>magyar Language Club koordin\u00e1tor<\/em><\/h5>\n<p><a href=\"mailto:pajor.bori@stud.semmelweis.hu\" target=\"_blank\" rel=\"noopener\">E-mail<\/a><\/p>\n<hr \/>\n<h3><strong><span class=\"NormalTextRun SCXW167628971 BCX0\"><img loading=\"lazy\" decoding=\"async\" class=\"alignleft wp-image-17820\" src=\"https:\/\/semmelweis.hu\/hok\/files\/2024\/10\/Marco-Himsel-200x300.jpg\" alt=\"\" width=\"150\" height=\"225\" srcset=\"https:\/\/semmelweis.hu\/hok\/files\/2024\/10\/Marco-Himsel-200x300.jpg 200w, https:\/\/semmelweis.hu\/hok\/files\/2024\/10\/Marco-Himsel-683x1024.jpg 683w, https:\/\/semmelweis.hu\/hok\/files\/2024\/10\/Marco-Himsel-768x1152.jpg 768w, https:\/\/semmelweis.hu\/hok\/files\/2024\/10\/Marco-Himsel-1024x1536.jpg 1024w, https:\/\/semmelweis.hu\/hok\/files\/2024\/10\/Marco-Himsel-1365x2048.jpg 1365w, https:\/\/semmelweis.hu\/hok\/files\/2024\/10\/Marco-Himsel-753x1130.jpg 753w, https:\/\/semmelweis.hu\/hok\/files\/2024\/10\/Marco-Himsel-scaled.jpg 1707w\" sizes=\"auto, (max-width: 150px) 100vw, 150px\" \/><\/span><\/strong><\/h3>\n<h5><strong><span class=\"NormalTextRun SCXW167628971 BCX0\"><a href=\"https:\/\/semmelweis.hu\/hok\/atlathatosag\/beszamolok\/\" target=\"_blank\" rel=\"noopener\">Marco HIMSEL<\/a><\/span><\/strong><\/h5>\n<h4>DSVS<\/h4>\n<h5><em>n\u00e9met Language Club koordin\u00e1tor<\/em><\/h5>\n<p><a href=\"mailto:marco.himsel@stud.semmelweis.hu\" target=\"_blank\" rel=\"noopener\">E-mail<\/a><\/p>\n<hr \/>\n<div class=\"keretes w-100\">\n<p><strong>Feladat, v\u00edzi\u00f3:<\/strong><\/p>\n<p>A K\u00fcl\u00fcgyi Bizotts\u00e1g a nemzetk\u00f6zi hallgat\u00f3k \u00e9rdekk\u00e9pviselet\u00e9t l\u00e1tja el, valamint a nemzetk\u00f6zi \u00e9s magyar hallgat\u00f3k k\u00f6z\u00f6tti hidat k\u00e9pezi. Ennek megfelel\u0151en k\u00f6z\u00f6s esem\u00e9nyek szervez\u00e9s\u00e9ben, illetve a tanulm\u00e1nyi k\u00e9rd\u00e9sek megv\u00e1laszol\u00e1s\u00e1ban is seg\u00edt\u00fcnk. Csapatunkkal, illetve az <a href=\"https:\/\/semmelweisissa.com\/\" target=\"_blank\" rel=\"noopener\">ISSA<\/a> \u00e9s <a href=\"https:\/\/dsvs-semmelweis.de\/\" target=\"_blank\" rel=\"noopener\">DSVS<\/a> k\u00f6zrem\u0171k\u00f6d\u00e9s\u00e9vel sz\u00e1mos rendezv\u00e9nnyel igyeksz\u00fcnk sz\u00ednes\u00edteni a hallgat\u00f3i \u00e9letet, mint p\u00e9ld\u00e1ul <a href=\"https:\/\/www.facebook.com\/SMMLWSParties\" target=\"_blank\" rel=\"noopener\">SMMLWS Parties<\/a> bulikkal, Quick Connects-sel, FOKtoberfesttel.<\/p>\n<p>C\u00e9lunk, hogy fejlessz\u00fck \u00e9s jav\u00edtsuk a hallgat\u00f3k \u00e9letm\u00f3dj\u00e1t az egyetemen, \u00e9s megpr\u00f3b\u00e1ljuk megoldani azokat a probl\u00e9m\u00e1kat, amelyekkel a nemzetk\u00f6zi hallgat\u00f3k esetleg szembes\u00fclnek. Szeretn\u00e9nk tiszt\u00e1ban lenni a hallgat\u00f3k tanulm\u00e1nyi probl\u00e9m\u00e1ival \u00e9s megpr\u00f3b\u00e1lni megoldani azokat, betekint\u00e9st ny\u00fajtani nekik az egyetemen zajl\u00f3 t\u00e1rsadalmi \u00e9s tanulm\u00e1nyi esem\u00e9nyekbe, \u00e9s \u00e1tvezetni \u0151ket, hogy a magyar hallgat\u00f3kkal azonos sz\u00ednvonal\u00fa lehet\u0151s\u00e9geket tudjanak kihaszn\u00e1lni. A Hallgat\u00f3i \u00d6nkorm\u00e1nyzatn\u00e1l k\u00fcl\u00f6nb\u00f6z\u0151 <a href=\"https:\/\/semmelweis.hu\/hok\/rolunk\/bizottsagok\/\" target=\"_blank\" rel=\"noopener\">bizotts\u00e1gok<\/a> m\u0171k\u00f6dnek, ezen bizotts\u00e1gok \u00e9s a K\u00fcl\u00fcgyi Bizotts\u00e1g tagjai p\u00e1rhuzamosan dolgoznak, hogy minden tekintetben seg\u00edts\u00e9get ny\u00fajtsanak az ig\u00e9nyeiteknek.<\/p>\n<p><span style=\"font-size: 1rem\">Amennyiben k\u00e9rd\u00e9sed, \u00f6tleted van, jelentkezn\u00e9l hozz\u00e1nk, vagy seg\u00edteni tudunk a sz\u00e1modra, \u00fagy keress minket bizalommal a\u00a0<\/span><a href=\"mailto:hok.international@semmelweis.hu\">hok.international@semmelweis.hu<\/a><span style=\"font-size: 1rem\"> e-mailen!<\/span><\/p>\n<\/div>\n<hr \/>\n<div class=\"exp-col-content-holder\" style=\"text-align: center\"><a class=\"expand-cnt-link\" href=\"#\">A bizotts\u00e1g tagjai<\/a><\/p>\n<div class=\"hidden-content\">\n<p style=\"text-align: center\">A hallgat\u00f3k n\u00e9vvel ell\u00e1tott mapp\u00e1i, amikben a havi k\u00f6z\u00e9leti besz\u00e1mol\u00f3k \u00e9s a tiszts\u00e9gvisel\u0151k p\u00e1ly\u00e1zati dokumentumai tal\u00e1lhat\u00f3k,\u00a0<a href=\"https:\/\/unisemmelweis.sharepoint.com\/:f:\/t\/Projekt_HK-StudentsUnion\/EvqCCU14w3VLgGm7GLFM-uYBN9MkR3bMmUw6Ob7hE6u19w\" target=\"_blank\" rel=\"noopener\">ezen a linken<\/a>\u00a0kereszt\u00fcl \u00e9rhet\u0151k el az egyetemi hozz\u00e1f\u00e9r\u00e9ssel rendelkez\u0151k sz\u00e1m\u00e1ra. A keres\u0151s\u00e1v m\u0171k\u00f6dik, annak seg\u00edts\u00e9g\u00e9vel k\u00f6nnyen megtal\u00e1lhat\u00f3k c\u00e9lzottan a besz\u00e1mol\u00f3k.<br \/>\nA k\u00fcls\u0151 lek\u00e9r\u00e9sek automatiz\u00e1lt biztos\u00edt\u00e1sa folyamatban van. Am\u00edg ez nem el\u00e9rhet\u0151,\u00a0<a href=\"mailto:hok.secretary@semmelweis.hu\">ezen a c\u00edmen<\/a>\u00a0lehet a besz\u00e1mol\u00f3kat ig\u00e9nyelni.<\/p>\n<p style=\"text-align: center\">\u00a0<\/p>\n<p>Aditya Santosh NALE<br \/>\nAkanksha SUR<br \/>\nAreej NADEEM<br \/>\nBar BIALIK<br \/>\nBori PAJOR<br \/>\nCandy VENTURA<br \/>\nDavlieva EVELINA<br \/>\nDeia CLOUGH<br \/>\nDivya TILWANI<br \/>\nEve O\u2019RIORDAN<br \/>\nFaraz KHAYATI <br \/>\nFranziska NUMSSEN<br \/>\nGabriel POLSTER<br \/>\nHanga BIRO<br \/>\nHarrisen MENDONCA<br \/>\nHaruka MURAYAMA<br \/>\nIman CEMAL<br \/>\nIoshy Montes CHAC\u00d3N<br \/>\nJodi DOVALE<br \/>\nJohanson MAHANATHAN<br \/>\nLamyae El ALAOUI<br \/>\nMarco HIMSEL<br \/>\nMeray al KHAWAJAH<br \/>\nMomen ELKHESHEN<br \/>\nMuskan AWASTHI<br \/>\nNikole ARGYROS<br \/>\nNima SAIDMOGHADDAM<br \/>\nNsiri JAMES<br \/>\nPradalits Lili BEATRIX<br \/>\nRachel Lauren Dominique GOVIAS<br \/>\nRachel Pon Angel MIGHAVELRAJA<br \/>\nRaneem<br \/>\nSayeeda FALAK<br \/>\nSmriti SINGH<br \/>\nSolmaz<br \/>\nYael Lea ROSEN<br \/>\nZoubeir BADULLA<\/div>\n<\/div>\n","protected":false},"excerpt":{"rendered":"<p><a href=\"https:\/\/semmelweis.hu\/hok\/atlathatosag\/beszamolok\/\" target=\"_blank\" rel=\"noopener\">P\u00e1sztor Simon P\u00e9ter<\/a> bizotts\u00e1gi vezet\u0151 <a href=\"mailto:hok.international@semmelweis.hu\" target=\"_blank\" rel=\"noopener\">E-mail<\/a> &nbsp; <a href=\"https:\/\/semmelweis.hu\/hok\/atlathatosag\/beszamolok\/\" target=\"_blank\" rel=\"noopener\">Muskan AWASTHI<\/a> bizotts\u00e1gi vezet\u0151 helyettes <a href=\"mailto:muskan.awasthi@stud.semmelweis.hu\" target=\"_blank\" rel=\"noopener\">E-mail<\/a> <a href=\"https:\/\/semmelweis.hu\/hok\/atlathatosag\/beszamolok\/\" target=\"_blank\" rel=\"noopener\">Nikol\u00a0Marieta ARGYROU<\/a> bizotts\u00e1gi vezet\u0151 helyettes, \u00c1OK kari vezet\u0151 helyettes <a href=\"mailto:nikole.argyros@stud.semmelweis.hu\" target=\"_blank\" rel=\"noopener\">E-mail<\/a> <a href=\"https:\/\/semmelweis.hu\/hok\/atlathatosag\/beszamolok\/\" target=\"_blank\" rel=\"noopener\">Nima SAIDMOGHADDAM<\/a> FOK kari vezet\u0151 helyettes <a href=\"mailto:nima.saidmoghaddam@stud.semmelweis.hu\" target=\"_blank\" rel=\"noopener\">E-mail<\/a> <a href=\"https:\/\/semmelweis.hu\/hok\/atlathatosag\/beszamolok\/\" target=\"_blank\" rel=\"noopener\">Faraz KHAYATI<\/a> GYTK kari vezet\u0151 helyettes <a href=\"mailto:faraz.khayati@stud.semmelweis.hu\" target=\"_blank\" rel=\"noopener\">E-mail<\/a> <a href=\"https:\/\/semmelweis.hu\/hok\/atlathatosag\/beszamolok\/\" target=\"_blank\" rel=\"noopener\">Yael Lea ROSEN<\/a> ETK kari vezet\u0151 helyettes <a href=\"mailto:yael.rosen@stud.semmelweis.hu\" target=\"_blank\" rel=\"noopener\">E-mail<\/a> <a href=\"https:\/\/semmelweis.hu\/hok\/atlathatosag\/beszamolok\/\" target=\"_blank\" rel=\"noopener\">Clara YOUSSEF<\/a> Kunigunda KAB vezet\u0151 <a href=\"mailto:clara.youssef@stud.semmelweis.hu\" target=\"_blank\" rel=\"noopener\">E-mail<\/a> <a href=\"https:\/\/semmelweis.hu\/hok\/atlathatosag\/beszamolok\/\" target=\"_blank\" rel=\"noopener\">JAKAB Vivien<\/a> nemzetk\u00f6zi rendezv\u00e9ny koordin\u00e1tor <a href=\"mailto:reem.aladin@stud.semmelweis.hu\" target=\"_blank\" rel=\"noopener\">E-mail<\/a> <a href=\"https:\/\/semmelweis.hu\/hok\/atlathatosag\/beszamolok\/\" target=\"_blank\" rel=\"noopener\">Momen ELKHESHEN<\/a> kommunik\u00e1ci\u00f3s koordin\u00e1tor <a href=\"mailto:momen.elkheshen@stud.semmelweis.hu\" target=\"_blank\" rel=\"noopener\">E-mail<\/a> &nbsp; &nbsp; <a href=\"https:\/\/semmelweis.hu\/hok\/atlathatosag\/beszamolok\/\" target=\"_blank\" rel=\"noopener\">Evelina DAVLIEVA<\/a> m\u00e9di\u00e1\u00e9rt felel\u0151s koordin\u00e1tor <a href=\"mailto:evelina.davlieva@stud.semmelweis.hu\" target=\"_blank\" rel=\"noopener\">E-mail<\/a> <a href=\"https:\/\/semmelweis.hu\/hok\/atlathatosag\/beszamolok\/\" target=\"_blank\" rel=\"noopener\">Iman CEMAL<\/a> angol Language Club koordin\u00e1tor <a href=\"mailto:iman.cemal@stud.semmelweis.hu\" target=\"_blank\" rel=\"noopener\">E-mail<\/a> <a href=\"https:\/\/semmelweis.hu\/hok\/atlathatosag\/beszamolok\/\" target=\"_blank\" rel=\"noopener\">PAJOR Bori<\/a> magyar Language Club koordin\u00e1tor <a href=\"mailto:pajor.bori@stud.semmelweis.hu\" target=\"_blank\" rel=\"noopener\">E-mail<\/a> <a href=\"https:\/\/semmelweis.hu\/hok\/atlathatosag\/beszamolok\/\" target=\"_blank\" rel=\"noopener\">Marco HIMSEL<\/a> DSVS n\u00e9met Language Club koordin\u00e1tor <a href=\"mailto:marco.himsel@stud.semmelweis.hu\" target=\"_blank\" rel=\"noopener\">E-mail<\/a> Feladat, v\u00edzi\u00f3: A K\u00fcl\u00fcgyi &hellip;<\/p>\n","protected":false},"author":101158,"featured_media":0,"parent":7468,"menu_order":2,"comment_status":"closed","ping_status":"closed","template":"","meta":{"_acf_changed":false,"footnotes":""},"categories":[],"tags":[],"class_list":["post-7485","page","type-page","status-publish","hentry"],"acf":[],"_links":{"self":[{"href":"https:\/\/semmelweis.hu\/hok\/wp-json\/wp\/v2\/pages\/7485","targetHints":{"allow":["GET"]}}],"collection":[{"href":"https:\/\/semmelweis.hu\/hok\/wp-json\/wp\/v2\/pages"}],"about":[{"href":"https:\/\/semmelweis.hu\/hok\/wp-json\/wp\/v2\/types\/page"}],"author":[{"embeddable":true,"href":"https:\/\/semmelweis.hu\/hok\/wp-json\/wp\/v2\/users\/101158"}],"replies":[{"embeddable":true,"href":"https:\/\/semmelweis.hu\/hok\/wp-json\/wp\/v2\/comments?post=7485"}],"version-history":[{"count":12,"href":"https:\/\/semmelweis.hu\/hok\/wp-json\/wp\/v2\/pages\/7485\/revisions"}],"predecessor-version":[{"id":19181,"href":"https:\/\/semmelweis.hu\/hok\/wp-json\/wp\/v2\/pages\/7485\/revisions\/19181"}],"up":[{"embeddable":true,"href":"https:\/\/semmelweis.hu\/hok\/wp-json\/wp\/v2\/pages\/7468"}],"wp:attachment":[{"href":"https:\/\/semmelweis.hu\/hok\/wp-json\/wp\/v2\/media?parent=7485"}],"wp:term":[{"taxonomy":"category","embeddable":true,"href":"https:\/\/semmelweis.hu\/hok\/wp-json\/wp\/v2\/categories?post=7485"},{"taxonomy":"post_tag","embeddable":true,"href":"https:\/\/semmelweis.hu\/hok\/wp-json\/wp\/v2\/tags?post=7485"}],"curies":[{"name":"wp","href":"https:\/\/api.w.org\/{rel}","templated":true}]}}