{"id":5402,"date":"2011-04-08T12:43:05","date_gmt":"2011-04-08T10:43:05","guid":{"rendered":"http:\/\/semmelweis-egyetem.hu\/hirek\/events\/"},"modified":"2026-07-29T09:14:31","modified_gmt":"2026-07-29T07:14:31","slug":"events","status":"publish","type":"page","link":"https:\/\/semmelweis.hu\/hirek\/events\/","title":{"rendered":"Esem\u00e9nyek"},"content":{"rendered":"<p><span style=\"font-size: 10pt;\">K\u00e9rj\u00fck, hogy ha a napt\u00e1rban egyetemi \u00e9rintetts\u00e9g\u0171 esem\u00e9nyt szeretne megjelentetni, a r\u00e9szleteket k\u00fcldje el a <a href=\"mailto:hirek@semmelweis-univ.hu\">hirek@semmelweis-univ.hu<\/a> c\u00edmre.<br \/>\n<span style=\"color: #ff0000;\">Ha nem tud v\u00e1ltani a h\u00f3napok k\u00f6z\u00f6tt, k\u00e9rj\u00fck, hogy Ctrl+F5 billenty\u0171kombin\u00e1ci\u00f3 seg\u00edts\u00e9g\u00e9vel friss\u00edtse be az oldalt.<\/span><\/span><\/p>\n<p>&nbsp;<\/p>\n<div class='eme-calendar-full' id='eme-calendar-177'><table class='eme-calendar-table fullcalendar'>\n<thead><tr><th class='month_name' colspan='7'><a class='prev-month eme-cal-prev-month' href='#' data-full='1' data-htmltable='1' data-htmldiv='0' data-long_events='' data-month='08' data-year='2026' data-category='0' data-author='' data-contact_person='' data-location_id='' data-notcategory='0' data-template_id='0' data-holiday_id='0' data-weekdays='' data-language='hu' data-calendar_divid='eme-calendar-177'>&lt;&lt;<\/a> 2026 szeptember <a class='next-month eme-cal-next-month' href=\"#\" data-full='1' data-htmltable='1' data-htmldiv='0' data-long_events='' data-month='10' data-year='2026' data-category='0' data-author='' data-contact_person='' data-location_id='' data-notcategory='0' data-template_id='0' data-holiday_id='0' data-weekdays='' data-language='hu' data-calendar_divid='eme-calendar-177'>&gt;&gt;<\/a><\/th>\n<\/tr><\/thead>\n<tr class='days-names'><td class='Mon_header'>h\u00e9t<\/td><td class='Tue_header'>ked<\/td><td class='Wed_header'>sze<\/td><td class='Thu_header'>cs\u00fc<\/td><td class='Fri_header'>p\u00e9n<\/td><td class='Sat_header'>szo<\/td><td class='Sun_header'>vas<\/td><\/tr>\n<tr><td class='Mon eventless-pre'><span class='span-eme-calday span-eme-calday-31'>31<\/span><\/td>\n<td class='Tue eventless'><span class='span-eme-calday span-eme-calday-1'>1<\/span><\/td>\n<td class='Wed eventful event-day-2'><span class='span-eme-calday span-eme-calday-2'><a title='G\u00f3lyat\u00e1bor 2026' href='https:\/\/semmelweis.hu\/hirek\/events\/2026-09-02\/' >2<\/a><\/span><ul class='eme-calendar-day-event'><li><a href='https:\/\/semmelweis.hu\/hirek\/events\/golyatabor-2026\/'  title='G\u00f3lyat\u00e1bor 2026 '>G\u00f3lyat\u00e1bor 2026 <\/a><\/li><\/ul><\/td>\n<td class='Thu eventful event-day-3'><span class='span-eme-calday span-eme-calday-3'><a title='G\u00f3lyat\u00e1bor 2026,K\u00f6telez\u0151 szakmacsoportos tov\u00e1bbk\u00e9pz\u00e9s: CT \u00e9s MR protokollok standardiz\u00e1l\u00e1sa \u00e9s optimaliz\u00e1l\u00e1sa' href='https:\/\/semmelweis.hu\/hirek\/events\/2026-09-03\/' >3<\/a><\/span><ul class='eme-calendar-day-event'><li><a href='https:\/\/semmelweis.hu\/hirek\/events\/golyatabor-31\/'  title='G\u00f3lyat\u00e1bor 2026 '>G\u00f3lyat\u00e1bor 2026 <\/a><\/li><li><a href='https:\/\/semmelweis.hu\/apolasvezetes\/okj-kepzesek\/szakdolgozok-tovabbkepzese\/kotelezo-szakmacsoportos-tovabbkepzesek\/' target='_blank' rel='noopener noreferrer' title='K\u00f6telez\u0151 szakmacsoportos tov\u00e1bbk\u00e9pz\u00e9s: CT \u00e9s MR protokollok standardiz\u00e1l\u00e1sa \u00e9s optimaliz\u00e1l\u00e1sa'>K\u00f6telez\u0151 szakmacsoportos tov\u00e1bbk\u00e9pz\u00e9s: CT \u00e9s MR protokollok standardiz\u00e1l\u00e1sa \u00e9s optimaliz\u00e1l\u00e1sa<\/a><\/li><\/ul><\/td>\n<td class='Fri eventful-today event-day-4'><span class='span-eme-calday span-eme-calday-4'><a title='G\u00f3lyat\u00e1bor 2026,K\u00f6telez\u0151 szakmacsoportos tov\u00e1bbk\u00e9pz\u00e9s: CT \u00e9s MR protokollok standardiz\u00e1l\u00e1sa \u00e9s optimaliz\u00e1l\u00e1sa,M\u00f3dszertani k\u00e9pz\u00e9s: Bevezet\u00e9s a gyakorlattervez\u00e9sbe \u00e9s gyakorlattart\u00e1sba,III. Obezitol\u00f3giai Tov\u00e1bbk\u00e9pz\u0151 Tanfolyam' href='https:\/\/semmelweis.hu\/hirek\/events\/2026-09-04\/' >4<\/a><\/span><ul class='eme-calendar-day-event'><li><a href='https:\/\/semmelweis.hu\/hirek\/events\/golyatabor-32\/'  title='G\u00f3lyat\u00e1bor 2026 '>G\u00f3lyat\u00e1bor 2026 <\/a><\/li><li><a href='https:\/\/semmelweis.hu\/apolasvezetes\/okj-kepzesek\/szakdolgozok-tovabbkepzese\/kotelezo-szakmacsoportos-tovabbkepzesek\/' target='_blank' rel='noopener noreferrer' title='K\u00f6telez\u0151 szakmacsoportos tov\u00e1bbk\u00e9pz\u00e9s: CT \u00e9s MR protokollok standardiz\u00e1l\u00e1sa \u00e9s optimaliz\u00e1l\u00e1sa'>K\u00f6telez\u0151 szakmacsoportos tov\u00e1bbk\u00e9pz\u00e9s: CT \u00e9s MR protokollok standardiz\u00e1l\u00e1sa \u00e9s optimaliz\u00e1l\u00e1sa<\/a><\/li><li><a href='https:\/\/semmelweis.hu\/oktatasmodszertan\/kepzesek\/alapkepzesek\/bevezetes-a-gyakorlattervezesbe-es-gyakorlattartasba\/' target='_blank' rel='noopener noreferrer' title='M\u00f3dszertani k\u00e9pz\u00e9s: Bevezet\u00e9s a gyakorlattervez\u00e9sbe \u00e9s gyakorlattart\u00e1sba'>M\u00f3dszertani k\u00e9pz\u00e9s: Bevezet\u00e9s a gyakorlattervez\u00e9sbe \u00e9s gyakorlattart\u00e1sba<\/a><\/li><li><a href='https:\/\/semmelweis.hu\/hirek\/events\/iii-obezitologiai-tovabbkepzo-tanfolyam\/'  title='III. Obezitol\u00f3giai Tov\u00e1bbk\u00e9pz\u0151 Tanfolyam'>III. Obezitol\u00f3giai Tov\u00e1bbk\u00e9pz\u0151 Tanfolyam<\/a><\/li><\/ul><\/td>\n<td class='Sat eventful event-day-5'><span class='span-eme-calday span-eme-calday-5'><a title='G\u00f3lyat\u00e1bor 2026' href='https:\/\/semmelweis.hu\/hirek\/events\/2026-09-05\/' >5<\/a><\/span><ul class='eme-calendar-day-event'><li><a href='https:\/\/semmelweis.hu\/hirek\/events\/golyatabor-33\/'  title='G\u00f3lyat\u00e1bor 2026 '>G\u00f3lyat\u00e1bor 2026 <\/a><\/li><\/ul><\/td>\n<td class='Sun eventful event-day-6'><span class='span-eme-calday span-eme-calday-6'><a title='Semmelweis Egyetem tan\u00e9vnyit\u00f3' href='https:\/\/semmelweis.hu\/hirek\/events\/2026-09-06\/' >6<\/a><\/span><ul class='eme-calendar-day-event'><li><a href='https:\/\/semmelweis.hu\/hirek\/events\/tanevnyito-6\/'  title='Semmelweis Egyetem tan\u00e9vnyit\u00f3'>Semmelweis Egyetem tan\u00e9vnyit\u00f3<\/a><\/li><\/ul><\/td>\n<\/tr>\n<tr><td class='Mon eventless'><span class='span-eme-calday span-eme-calday-7'>7<\/span><\/td>\n<td class='Tue eventless'><span class='span-eme-calday span-eme-calday-8'>8<\/span><\/td>\n<td class='Wed eventful event-day-9'><span class='span-eme-calday span-eme-calday-9'><a title='EKK Ferenc t\u00e9ri \u00e9p\u00fclet\u00e9nek \u00e1tad\u00e1sa' href='https:\/\/semmelweis.hu\/hirek\/events\/2026-09-09\/' >9<\/a><\/span><ul class='eme-calendar-day-event'><li><a href='https:\/\/semmelweis.hu\/hirek\/events\/ekk-ferenc-teri-epuletenek-atadasa\/'  title='EKK Ferenc t\u00e9ri \u00e9p\u00fclet\u00e9nek \u00e1tad\u00e1sa'>EKK Ferenc t\u00e9ri \u00e9p\u00fclet\u00e9nek \u00e1tad\u00e1sa<\/a><\/li><\/ul><\/td>\n<td class='Thu eventful event-day-10'><span class='span-eme-calday span-eme-calday-10'><a title='VIII. Betegbiztons\u00e1gi Vil\u00e1gnapi Konferencia,PAK: Pet\u0151 Andr\u00e1s 133. \u00e9vfordul\u00f3, hallgat\u00f3i t\u00e9r \u00e1tad\u00f3' href='https:\/\/semmelweis.hu\/hirek\/events\/2026-09-10\/' >10<\/a><\/span><ul class='eme-calendar-day-event'><li><a href='https:\/\/semmelweis.hu\/emk\/esemenyek\/betegbiztonsag\/' target='_blank' rel='noopener noreferrer' title='VIII. Betegbiztons\u00e1gi Vil\u00e1gnapi Konferencia'>VIII. Betegbiztons\u00e1gi Vil\u00e1gnapi Konferencia<\/a><\/li><li><a href='https:\/\/semmelweis.hu\/hirek\/events\/pak-peto-andras-133-evfordulo-hallgatoi-ter-atado\/'  title='PAK: Pet\u0151 Andr\u00e1s 133. \u00e9vfordul\u00f3, hallgat\u00f3i t\u00e9r \u00e1tad\u00f3'>PAK: Pet\u0151 Andr\u00e1s 133. \u00e9vfordul\u00f3, hallgat\u00f3i t\u00e9r \u00e1tad\u00f3<\/a><\/li><\/ul><\/td>\n<td class='Fri eventful event-day-11'><span class='span-eme-calday span-eme-calday-11'><a title='Hypophysis daganatok diagnosztik\u00e1ja \u00e9s k\u00f6vet\u00e9se tanfolyam \u00e9s szimp\u00f3zium' href='https:\/\/semmelweis.hu\/hirek\/events\/2026-09-11\/' >11<\/a><\/span><ul class='eme-calendar-day-event'><li><a href='https:\/\/semmelweis.hu\/hirek\/events\/hypophysis-daganatok-diagnosztikaja-es-kovetese-tanfolyam-es-szimpozium\/'  title='Hypophysis daganatok diagnosztik\u00e1ja \u00e9s k\u00f6vet\u00e9se tanfolyam \u00e9s szimp\u00f3zium'>Hypophysis daganatok diagnosztik\u00e1ja \u00e9s k\u00f6vet\u00e9se tanfolyam \u00e9s szimp\u00f3zium<\/a><\/li><\/ul><\/td>\n<td class='Sat eventless'><span class='span-eme-calday span-eme-calday-12'>12<\/span><\/td>\n<td class='Sun eventless'><span class='span-eme-calday span-eme-calday-13'>13<\/span><\/td>\n<\/tr>\n<tr><td class='Mon eventless'><span class='span-eme-calday span-eme-calday-14'>14<\/span><\/td>\n<td class='Tue eventless'><span class='span-eme-calday span-eme-calday-15'>15<\/span><\/td>\n<td class='Wed eventless'><span class='span-eme-calday span-eme-calday-16'>16<\/span><\/td>\n<td class='Thu eventful event-day-17'><span class='span-eme-calday span-eme-calday-17'><a title='7th Good Vigilance Practice Course by Semmelweis University' href='https:\/\/semmelweis.hu\/hirek\/events\/2026-09-17\/' >17<\/a><\/span><ul class='eme-calendar-day-event'><li><a href='https:\/\/semmelweis.hu\/pharmacology\/en\/education\/postgraduate-courses\/gvpcoursebysemmelweisuniversity\/' target='_blank' rel='noopener noreferrer' title='7th Good Vigilance Practice Course by Semmelweis University'>7th Good Vigilance Practice Course by Semmelweis University<\/a><\/li><\/ul><\/td>\n<td class='Fri eventful event-day-18'><span class='span-eme-calday span-eme-calday-18'><a title='7th Good Vigilance Practice Course by Semmelweis University' href='https:\/\/semmelweis.hu\/hirek\/events\/2026-09-18\/' >18<\/a><\/span><ul class='eme-calendar-day-event'><li><a href='https:\/\/semmelweis.hu\/pharmacology\/en\/education\/postgraduate-courses\/gvpcoursebysemmelweisuniversity\/' target='_blank' rel='noopener noreferrer' title='7th Good Vigilance Practice Course by Semmelweis University'>7th Good Vigilance Practice Course by Semmelweis University<\/a><\/li><\/ul><\/td>\n<td class='Sat eventless'><span class='span-eme-calday span-eme-calday-19'>19<\/span><\/td>\n<td class='Sun eventless'><span class='span-eme-calday span-eme-calday-20'>20<\/span><\/td>\n<\/tr>\n<tr><td class='Mon eventless'><span class='span-eme-calday span-eme-calday-21'>21<\/span><\/td>\n<td class='Tue eventful event-day-22'><span class='span-eme-calday span-eme-calday-22'><a title='Gyermekgy\u00f3gy\u00e1szati Klinika \u2013 Fekete Gy\u00f6rgy Gyermekgy\u00f3gy\u00e1szati Tov\u00e1bbk\u00e9pz\u0151 Sorozat: Nephrol\u00f3gia' href='https:\/\/semmelweis.hu\/hirek\/events\/2026-09-22\/' >22<\/a><\/span><ul class='eme-calendar-day-event'><li><a href='https:\/\/semmelweis.hu\/tuzoltoklinika\/hu\/events\/nephrologia\/' target='_blank' rel='noopener noreferrer' title='Gyermekgy\u00f3gy\u00e1szati Klinika \u2013 Fekete Gy\u00f6rgy Gyermekgy\u00f3gy\u00e1szati Tov\u00e1bbk\u00e9pz\u0151 Sorozat: Nephrol\u00f3gia'>Gyermekgy\u00f3gy\u00e1szati Klinika \u2013 Fekete Gy\u00f6rgy Gyermekgy\u00f3gy\u00e1szati Tov\u00e1bbk\u00e9pz\u0151 Sorozat: Nephrol\u00f3gia<\/a><\/li><\/ul><\/td>\n<td class='Wed eventless'><span class='span-eme-calday span-eme-calday-23'>23<\/span><\/td>\n<td class='Thu eventless'><span class='span-eme-calday span-eme-calday-24'>24<\/span><\/td>\n<td class='Fri eventless'><span class='span-eme-calday span-eme-calday-25'>25<\/span><\/td>\n<td class='Sat eventless'><span class='span-eme-calday span-eme-calday-26'>26<\/span><\/td>\n<td class='Sun eventless'><span class='span-eme-calday span-eme-calday-27'>27<\/span><\/td>\n<\/tr>\n<tr><td class='Mon eventless'><span class='span-eme-calday span-eme-calday-28'>28<\/span><\/td>\n<td class='Tue eventless'><span class='span-eme-calday span-eme-calday-29'>29<\/span><\/td>\n<td class='Wed eventless'><span class='span-eme-calday span-eme-calday-30'>30<\/span><\/td>\n<td class='Thu eventful-post event-day-1'><span class='span-eme-calday span-eme-calday-1'><a title='Gyermekgy\u00f3gy\u00e1szati Klinika &#8211; B\u00f3kay Akad\u00e9mia: MESTERS\u00c9GES INTELLIGENCIA' href='https:\/\/semmelweis.hu\/hirek\/events\/2026-10-01\/' >1<\/a><\/span><ul class='eme-calendar-day-event'><li><a href='https:\/\/semmelweis.hu\/bokayklinika\/events\/mesterseges-intelligencia\/' target='_blank' rel='noopener noreferrer' title='Gyermekgy\u00f3gy\u00e1szati Klinika - B\u00f3kay Akad\u00e9mia: MESTERS\u00c9GES INTELLIGENCIA'>Gyermekgy\u00f3gy\u00e1szati Klinika &#8211; B\u00f3kay Akad\u00e9mia: MESTERS\u00c9GES INTELLIGENCIA<\/a><\/li><\/ul><\/td>\n<td class='Fri eventless-post'><span class='span-eme-calday span-eme-calday-2'>2<\/span><\/td>\n<td class='Sat eventful-post event-day-3'><span class='span-eme-calday span-eme-calday-3'><a title='ST\u00e9G Eml\u0151eg\u00e9szs\u00e9gnap az \u00c1rk\u00e1dban' href='https:\/\/semmelweis.hu\/hirek\/events\/2026-10-03\/' >3<\/a><\/span><ul class='eme-calendar-day-event'><li><a href='https:\/\/semmelweis.hu\/hirek\/events\/steg-emloegeszsegnap-az-arkadban\/'  title='ST\u00e9G Eml\u0151eg\u00e9szs\u00e9gnap az \u00c1rk\u00e1dban'>ST\u00e9G Eml\u0151eg\u00e9szs\u00e9gnap az \u00c1rk\u00e1dban<\/a><\/li><\/ul><\/td>\n<td class='Sun eventless-post'><span class='span-eme-calday span-eme-calday-4'>4<\/span><\/td>\n<\/tr>\n<\/table>\n<\/div>\n","protected":false},"excerpt":{"rendered":"<p>A Semmelweis Egyetem rendezv\u00e9nyeinek napt\u00e1ra.<\/p>\n","protected":false},"author":158,"featured_media":0,"parent":0,"menu_order":4,"comment_status":"closed","ping_status":"closed","template":"","meta":{"_acf_changed":false,"footnotes":""},"categories":[],"tags":[],"class_list":["post-5402","page","type-page","status-publish","hentry"],"acf":[],"_links":{"self":[{"href":"https:\/\/semmelweis.hu\/hirek\/wp-json\/wp\/v2\/pages\/5402","targetHints":{"allow":["GET"]}}],"collection":[{"href":"https:\/\/semmelweis.hu\/hirek\/wp-json\/wp\/v2\/pages"}],"about":[{"href":"https:\/\/semmelweis.hu\/hirek\/wp-json\/wp\/v2\/types\/page"}],"author":[{"embeddable":true,"href":"https:\/\/semmelweis.hu\/hirek\/wp-json\/wp\/v2\/users\/158"}],"replies":[{"embeddable":true,"href":"https:\/\/semmelweis.hu\/hirek\/wp-json\/wp\/v2\/comments?post=5402"}],"version-history":[{"count":11,"href":"https:\/\/semmelweis.hu\/hirek\/wp-json\/wp\/v2\/pages\/5402\/revisions"}],"predecessor-version":[{"id":164692,"href":"https:\/\/semmelweis.hu\/hirek\/wp-json\/wp\/v2\/pages\/5402\/revisions\/164692"}],"wp:attachment":[{"href":"https:\/\/semmelweis.hu\/hirek\/wp-json\/wp\/v2\/media?parent=5402"}],"wp:term":[{"taxonomy":"category","embeddable":true,"href":"https:\/\/semmelweis.hu\/hirek\/wp-json\/wp\/v2\/categories?post=5402"},{"taxonomy":"post_tag","embeddable":true,"href":"https:\/\/semmelweis.hu\/hirek\/wp-json\/wp\/v2\/tags?post=5402"}],"curies":[{"name":"wp","href":"https:\/\/api.w.org\/{rel}","templated":true}]}}