{"id":5323,"date":"2018-05-08T11:48:13","date_gmt":"2018-05-08T09:48:13","guid":{"rendered":"http:\/\/semmelweis.hu\/gytk\/?page_id=5323"},"modified":"2026-09-02T15:16:41","modified_gmt":"2026-09-02T13:16:41","slug":"kari-tanacs-eloterjesztesek","status":"publish","type":"page","link":"https:\/\/semmelweis.hu\/gytk\/a-karrol\/kari-tanacs\/kari-tanacs-eloterjesztesek\/","title":{"rendered":"Aktu\u00e1lis Kari Tan\u00e1cs- KT elektronikus szavaz\u00e1s 2026. szeptember 2-4."},"content":{"rendered":"<p style=\"text-align: center\">KT elektronikus szavaz\u00e1s <br \/>\n2026. szeptember 2. 14:00 &#8211; szeptember 4. 10:00-ig<\/p>\n<p>&nbsp;<\/p>\n<p><a href=\"https:\/\/semmelweis.hu\/gytk\/files\/2026\/09\/KT-elektronikus-szavazas-elrendelese.pdf\" target=\"_blank\" rel=\"noopener\">KT elektronikus szavaz\u00e1s elrendel\u00e9se<\/a><\/p>\n<ol>\n<li>napirend:<\/li>\n<\/ol>\n<p><a href=\"https:\/\/semmelweis.hu\/gytk\/files\/2026\/09\/KT-Eloterjesztes-a-2026_2027-tanevben-ervenyes-tantargyi-kovetelmenyrendszerek-elfogadasarol.pdf\" target=\"_blank\" rel=\"noopener\">KT El\u0151terjeszt\u00e9s a 2026\/2027. tan\u00e9vben \u00e9rv\u00e9nyes tant\u00e1rgyi k\u00f6vetelm\u00e9nyrendszerek elfogad\u00e1s\u00e1r\u00f3l<\/a><\/p>\n<ul style=\"list-style-type: disc\">\n<li><a href=\"https:\/\/semmelweis.hu\/gytk\/files\/2026\/09\/2_sz_melleklet_Kotelezo_tantargyak_2026_2027_tanev-1.zip\" target=\"_blank\" rel=\"noopener\">2_sz_mell\u00e9klet_k\u00f6telez\u0151_tant\u00e1rgyak_2026_2027_tan\u00e9v<\/a><\/li>\n<li><a href=\"https:\/\/semmelweis.hu\/gytk\/files\/2026\/09\/3_sz_melleklet_Szabadon_valaszthato_targyak_2026_2027_tanev-1.zip\" target=\"_blank\" rel=\"noopener\">3_sz_mell\u00e9klet_szabadon_v\u00e1laszthat\u00f3_tant\u00e1rgyak_2026_27_tan\u00e9v<\/a><\/li>\n<\/ul>\n","protected":false},"excerpt":{"rendered":"<p>KT elektronikus szavaz\u00e1s<br \/>\n2026. szeptember 2. 14:00 &#8211; szeptember 4. 10:00-ig<br \/>\n&nbsp;<br \/>\n<a href=\"https:\/\/semmelweis.hu\/gytk\/files\/2026\/09\/KT-elektronikus-szavazas-elrendelese.pdf\" target=\"_blank\" rel=\"noopener\">KT elektronikus szavaz\u00e1s elrendel\u00e9se<\/a><\/p>\n<p>napirend:<\/p>\n<p><a href=\"https:\/\/semmelweis.hu\/gytk\/files\/2026\/09\/KT-Eloterjesztes-a-2026_2027-tanevben-ervenyes-tantargyi-kovetelmenyrendszerek-elfogadasarol.pdf\" target=\"_blank\" rel=\"noopener\">KT El\u0151terjeszt\u00e9s a 2026\/2027. tan\u00e9vben \u00e9rv\u00e9nyes tant\u00e1rgyi k\u00f6vetelm\u00e9nyrendszerek elfogad\u00e1s\u00e1r\u00f3l<\/a><\/p>\n<p><a href=\"https:\/\/semmelweis.hu\/gytk\/files\/2026\/09\/2_sz_melleklet_Kotelezo_tantargyak_2026_2027_tanev-1.zip\" target=\"_blank\" rel=\"noopener\">2_sz_mell\u00e9klet_k\u00f6telez\u0151_tant\u00e1rgyak_2026_2027_tan\u00e9v<\/a><br \/>\n<a href=\"https:\/\/semmelweis.hu\/gytk\/files\/2026\/09\/3_sz_melleklet_Szabadon_valaszthato_targyak_2026_2027_tanev-1.zip\" target=\"_blank\" rel=\"noopener\">3_sz_mell\u00e9klet_szabadon_v\u00e1laszthat\u00f3_tant\u00e1rgyak_2026_27_tan\u00e9v<\/a><\/p>\n","protected":false},"author":101025,"featured_media":0,"parent":15,"menu_order":2,"comment_status":"closed","ping_status":"closed","template":"","meta":{"_acf_changed":false,"footnotes":""},"categories":[],"tags":[],"class_list":["post-5323","page","type-page","status-publish","hentry"],"acf":[],"_links":{"self":[{"href":"https:\/\/semmelweis.hu\/gytk\/wp-json\/wp\/v2\/pages\/5323","targetHints":{"allow":["GET"]}}],"collection":[{"href":"https:\/\/semmelweis.hu\/gytk\/wp-json\/wp\/v2\/pages"}],"about":[{"href":"https:\/\/semmelweis.hu\/gytk\/wp-json\/wp\/v2\/types\/page"}],"author":[{"embeddable":true,"href":"https:\/\/semmelweis.hu\/gytk\/wp-json\/wp\/v2\/users\/101025"}],"replies":[{"embeddable":true,"href":"https:\/\/semmelweis.hu\/gytk\/wp-json\/wp\/v2\/comments?post=5323"}],"version-history":[{"count":11,"href":"https:\/\/semmelweis.hu\/gytk\/wp-json\/wp\/v2\/pages\/5323\/revisions"}],"predecessor-version":[{"id":18847,"href":"https:\/\/semmelweis.hu\/gytk\/wp-json\/wp\/v2\/pages\/5323\/revisions\/18847"}],"up":[{"embeddable":true,"href":"https:\/\/semmelweis.hu\/gytk\/wp-json\/wp\/v2\/pages\/15"}],"wp:attachment":[{"href":"https:\/\/semmelweis.hu\/gytk\/wp-json\/wp\/v2\/media?parent=5323"}],"wp:term":[{"taxonomy":"category","embeddable":true,"href":"https:\/\/semmelweis.hu\/gytk\/wp-json\/wp\/v2\/categories?post=5323"},{"taxonomy":"post_tag","embeddable":true,"href":"https:\/\/semmelweis.hu\/gytk\/wp-json\/wp\/v2\/tags?post=5323"}],"curies":[{"name":"wp","href":"https:\/\/api.w.org\/{rel}","templated":true}]}}