{"id":13263,"date":"2022-09-15T10:30:14","date_gmt":"2022-09-15T08:30:14","guid":{"rendered":"https:\/\/semmelweis.hu\/gytk\/?page_id=13263"},"modified":"2023-08-21T12:37:11","modified_gmt":"2023-08-21T10:37:11","slug":"kari-tanacs-hatarozatok-2022-2023","status":"publish","type":"page","link":"https:\/\/semmelweis.hu\/gytk\/a-karrol\/kari-tanacs\/hatarozatok\/kari-tanacs-hatarozatok-2022-2023\/","title":{"rendered":"Kari Tan\u00e1cs hat\u00e1rozatok 2022-2023"},"content":{"rendered":"<p style=\"text-align: center\"><a href=\"https:\/\/semmelweis.hu\/gytk\/files\/2023\/08\/N-Y-I-L-V-A-N-T-A-R-T-A-S-2022-23.-KT.-hatarozatok.pdf\" target=\"_blank\" rel=\"noopener\">N Y I L V \u00c1 N T A R T \u00c1 S 2022-23. KT. hat\u00e1rozatok<\/a><\/p>\n<p><strong>Kari Tan\u00e1cs elektronikus szavaz\u00e1s 2022. szeptember 9 \u2013 13.<\/strong><\/p>\n<p><a href=\"https:\/\/semmelweis.hu\/gytk\/files\/2022\/09\/1_2022_2023IX.13.GYTK-KT.pdf\" target=\"_blank\" rel=\"noopener\">1\/2022-2023(IX.13.)GYTK-KT<\/a><\/p>\n<ul>\n<li><a href=\"https:\/\/semmelweis.hu\/gytk\/files\/2022\/09\/I.-evf.1.-felev.zip\" target=\"_blank\" rel=\"noopener\">1\/2022-2023(IX.13.)GYTK-KT_hat\u00e1rozat_mell\u00e9klete_I.\u00e9vf.I.f\u00e9l\u00e9v<\/a><\/li>\n<li><a href=\"https:\/\/semmelweis.hu\/gytk\/files\/2022\/09\/I.-evf.2.-felev.zip\" target=\"_blank\" rel=\"noopener\">1\/2022-2023(IX.13.)GYTK-KT_hat\u00e1rozat_mell\u00e9klete_I.\u00e9vf.II.f\u00e9l\u00e9v<\/a><\/li>\n<li><a href=\"https:\/\/semmelweis.hu\/gytk\/files\/2022\/09\/II.1.-felev.zip\" target=\"_blank\" rel=\"noopener\">1\/2022-2023(IX.13.)GYTK-KT_hat\u00e1rozat_mell\u00e9klete_II.\u00e9vf.I.f\u00e9l\u00e9v<\/a><\/li>\n<li><a href=\"https:\/\/semmelweis.hu\/gytk\/files\/2022\/09\/II.-evf.2.-felev.zip\" target=\"_blank\" rel=\"noopener\">1\/2022-2023(IX.13.)GYTK-KT_hat\u00e1rozat_mell\u00e9klete_II.\u00e9vf.II.f\u00e9l\u00e9v<\/a><\/li>\n<li><a href=\"https:\/\/semmelweis.hu\/gytk\/files\/2022\/09\/III.-evf.1.-felev.zip\" target=\"_blank\" rel=\"noopener\">1\/2022-2023(IX.13.)GYTK-KT_hat\u00e1rozat_mell\u00e9klete_III.\u00e9vf.I.f\u00e9l\u00e9v<\/a><\/li>\n<li><a href=\"https:\/\/semmelweis.hu\/gytk\/a-karrol\/kari-tanacs\/hatarozatok\/kari-tanacs-hatarozatok-2022-2023\/\" target=\"_blank\" rel=\"noopener\">1\/2022-2023(IX.13.)GYTK-KT_hat\u00e1rozat_mell\u00e9klete_III.\u00e9vf.II.f\u00e9l\u00e9v<\/a><\/li>\n<li><a href=\"https:\/\/semmelweis.hu\/gytk\/files\/2022\/09\/IV.-evf.1.-felev.zip\" target=\"_blank\" rel=\"noopener\">1\/2022-2023(IX.13.)GYTK-KT_hat\u00e1rozat_mell\u00e9klete_IV.\u00e9vf.I.f\u00e9l\u00e9v<\/a><\/li>\n<li><a href=\"https:\/\/semmelweis.hu\/gytk\/files\/2022\/09\/IV.-evf.2.-felev.zip\" target=\"_blank\" rel=\"noopener\">1\/2022-2023(IX.13.)GYTK-KT_hat\u00e1rozat_mell\u00e9klete_IV.\u00e9vf.II.f\u00e9l\u00e9v<\/a><\/li>\n<li><a href=\"https:\/\/semmelweis.hu\/gytk\/files\/2022\/09\/V.-evf.1.-felev.zip\" target=\"_blank\" rel=\"noopener\">1\/2022-2023(IX.13.)GYTK-KT_hat\u00e1rozat_mell\u00e9klete_V.\u00e9vf.I.f\u00e9l\u00e9v<\/a><\/li>\n<li><a href=\"https:\/\/semmelweis.hu\/gytk\/files\/2022\/09\/Hivatasetikai-alapok_II.docx\" target=\"_blank\" rel=\"noopener\">1\/2022-2023(IX.13.)GYTK-KT_hat\u00e1rozat_mell\u00e9klete_V.\u00e9vf.II.f\u00e9l\u00e9v<\/a><\/li>\n<\/ul>\n<p><a href=\"https:\/\/semmelweis.hu\/gytk\/files\/2022\/09\/2_2022_2023IX.13.GYTK-KT.pdf\" target=\"_blank\" rel=\"noopener\">2\/2022-2023(IX.13.)GYTK-KT_hat\u00e1rozat<\/a><\/p>\n<p><strong>Kari Tan\u00e1cs\u00fcl\u00e9s 2022. okt\u00f3ber 19<\/strong>.<\/p>\n<p><a href=\"https:\/\/semmelweis.hu\/gytk\/files\/2022\/10\/3_2022_23_X_19.pdf\" target=\"_blank\" rel=\"noopener\">3\/2022-23. (X. 19.)GYTK-KT<\/a><\/p>\n<ul>\n<li><a href=\"https:\/\/semmelweis.hu\/gytk\/files\/2022\/10\/3_napirend_2sz_melleklet_KT_2022_23_tanevi_ules_es_munkaterve-1.pdf\" target=\"_blank\" rel=\"noopener\">3\/2022-23. (X. 19.)GYTK-KT_hat\u00e1rozat_mell\u00e9klete_KT_2022_23_tan\u00e9vi_\u00fcl\u00e9s_\u00e9s_munkaterve<\/a><\/li>\n<\/ul>\n<p><a href=\"https:\/\/semmelweis.hu\/gytk\/files\/2022\/10\/4_2022_23_X_19.pdf\" target=\"_blank\" rel=\"noopener\">4\/2022-23. (X. 19.)GYTK-KT<\/a><\/p>\n<p><a href=\"https:\/\/semmelweis.hu\/gytk\/files\/2022\/10\/5_2022_23_X_19.pdf\" target=\"_blank\" rel=\"noopener\">5\/2022-23. (X. 19.)GYTK-KT<\/a><\/p>\n<p><a href=\"https:\/\/semmelweis.hu\/gytk\/files\/2022\/10\/6_2022_23_X_19.pdf\" target=\"_blank\" rel=\"noopener\">6\/2022-23. (X. 19.)GYTK-KT<\/a><\/p>\n<ul>\n<li><a href=\"https:\/\/semmelweis.hu\/gytk\/files\/2022\/10\/7_napirend_Szakkepzohelyek_akkreditacios_kerelmeinek_velemenyezese.pdf\" target=\"_blank\" rel=\"noopener\">6\/2022-23. (X. 19.)GYTK-KT_hat\u00e1rozat_mell\u00e9klete_Szakk\u00e9pz\u0151helyek_akkredit\u00e1ci\u00f3s_k\u00e9relmeinek_v\u00e9lem\u00e9nyez\u00e9se<\/a><\/li>\n<\/ul>\n<p><strong>Kari Tan\u00e1cs\u00fcl\u00e9s 2022. december 7.<\/strong><\/p>\n<p><a href=\"https:\/\/semmelweis.hu\/gytk\/files\/2022\/12\/7_2022_2023_XII_07_GYTK_KT.pdf\" target=\"_blank\" rel=\"noopener\">7\/2022-2023.(XII.07)GYTK-KT<\/a><\/p>\n<p><a href=\"https:\/\/semmelweis.hu\/gytk\/files\/2022\/12\/8_2022_2023_XII_07_GYTK_KT.pdf\" target=\"_blank\" rel=\"noopener\">8\/2022-2023.(XII.07)GYTK-KT<\/a><\/p>\n<p><a href=\"https:\/\/semmelweis.hu\/gytk\/files\/2022\/12\/9_2022_2023_XII_07_GYTK_KT.pdf\" target=\"_blank\" rel=\"noopener\">9\/2022-2023.(XII.07)GYTK-KT<\/a><\/p>\n<ul>\n<li><a href=\"https:\/\/semmelweis.hu\/gytk\/files\/2022\/12\/4_napirend_2sz_melleklet_Szakmai-gyakorlohely-minositese_eljarasrend-1.pdf\" target=\"_blank\" rel=\"noopener\">9\/2022-2023.(XII.07)GYTK-KT hat\u00e1rozat_mell\u00e9klete_Szakmai gyakorl\u00f3hely min\u0151s\u00edt\u00e9se_elj\u00e1r\u00e1srend<\/a><\/li>\n<\/ul>\n<p><a href=\"https:\/\/semmelweis.hu\/gytk\/files\/2022\/12\/10_2022_2023_XII_07_GYTK_KT.pdf\" target=\"_blank\" rel=\"noopener\">10\/2022-2023.(XII.07)GYTK-KT<\/a><\/p>\n<ul>\n<li><a href=\"https:\/\/semmelweis.hu\/gytk\/files\/2022\/12\/6_napirend_2sz_melleklet_Szakkepzohelyek_akkr_kerelmeinek_velemenyezese-2.pdf\" target=\"_blank\" rel=\"noopener\">10\/2022-2023.(XII.07)GYTK-KT_hat\u00e1rozat_mell\u00e9klete_Szakk\u00e9pz\u0151helyek_akkredit\u00e1ci\u00f3s_k\u00e9relmeinek_v\u00e9lem\u00e9nyez\u00e9se<\/a><\/li>\n<\/ul>\n<p><strong>Kari Tan\u00e1cs elektronikus szavaz\u00e1s-2023. janu\u00e1r 24-26<\/strong><\/p>\n<p><a href=\"https:\/\/semmelweis.hu\/gytk\/files\/2023\/01\/11_2022_23_01_26_GYTK_KT.pdf\" target=\"_blank\" rel=\"noopener\">11\/2022-2023.(I. 26)GYTK-KT<\/a><\/p>\n<ul>\n<li><a href=\"https:\/\/semmelweis.hu\/gytk\/files\/2023\/01\/1_napirend_2melleklet_Tantargyi_program_BEVEZETES-A-PYTHON-PROGRAMOZASBA.pdf\">11\/2022-2023.(I. 26)GYTK-KT_hat\u00e1rozat_mell\u00e9klete_Tant\u00e1rgyi_program_BEVEZET\u00c9S A PYTHON PROGRAMOZ\u00c1SBA<\/a><\/li>\n<\/ul>\n<p><strong>Kari Tan\u00e1cs\u00fcl\u00e9s 2023. m\u00e1rcius 28.<\/strong><\/p>\n<p><a href=\"https:\/\/semmelweis.hu\/gytk\/files\/2023\/03\/12_2022_2023_III_28_GYTK_KT.pdf\" target=\"_blank\" rel=\"noopener\">12\/2022-2023.(III. 28)GYTK-KT<\/a><\/p>\n<p><a href=\"https:\/\/semmelweis.hu\/gytk\/files\/2023\/03\/13_2022_2023_III_28_GYTK_KT.pdf\" target=\"_blank\" rel=\"noopener\">13\/2022-2023.(III. 28)GYTK-KT<\/a><\/p>\n<ul>\n<li><a href=\"https:\/\/semmelweis.hu\/gytk\/files\/2023\/04\/Idegennyelvu-Oktatasi-es-Nemzetkozi-Bizottsag-1.pdf\" target=\"_blank\" rel=\"noopener\">Idegennyelv\u0171 Oktat\u00e1si \u00e9s Nemzetk\u00f6zi Bizotts\u00e1g<\/a><\/li>\n<li><a href=\"https:\/\/semmelweis.hu\/gytk\/files\/2023\/04\/Kreditatviteli-es-Oktatasi-Bizottsag-Ugyrendje_2023.pdf\" target=\"_blank\" rel=\"noopener\">Kredit\u00e1tviteli \u00e9s Oktat\u00e1si Bizotts\u00e1g \u00dcgyrendje<\/a><\/li>\n<li><a href=\"https:\/\/semmelweis.hu\/gytk\/files\/2023\/04\/Szak-es-Tovabbkepzesi-Bizottsag-Ugyrendje_2023.pdf\" target=\"_blank\" rel=\"noopener\">Szak \u00e9s Tov\u00e1bbk\u00e9pz\u00e9si Bizotts\u00e1g \u00dcgyrendje<\/a><\/li>\n<li><a href=\"https:\/\/semmelweis.hu\/gytk\/files\/2023\/04\/Tudomanyos-es-Minosebiztositasi-Bizottsag-Ugyrendje_2023.pdf\" target=\"_blank\" rel=\"noopener\">Tudom\u00e1nyos \u00e9s Min\u0151s\u00e9biztos\u00edt\u00e1si Bizotts\u00e1g \u00dcgyrendje<\/a><\/li>\n<\/ul>\n<p><a href=\"https:\/\/semmelweis.hu\/gytk\/files\/2023\/03\/14_2022_2023_III_28_GYTK_KT.pdf\" target=\"_blank\" rel=\"noopener\">14\/2022-2023.(III. 28)GYTK-KT<\/a><\/p>\n<ul>\n<li><a href=\"https:\/\/semmelweis.hu\/gytk\/files\/2023\/03\/5napirend_1melleklet_Akkreditalt_gyogyszertarak_listaja-1.pdf\" target=\"_blank\" rel=\"noopener\">1mell\u00e9klet_Akkredit\u00e1lt_gy\u00f3gyszert\u00e1rak_list\u00e1ja<\/a><\/li>\n<\/ul>\n<p><strong>Kari Tan\u00e1cs\u00fcl\u00e9s 2023. \u00e1prilis 20.<\/strong><\/p>\n<p><a href=\"https:\/\/semmelweis.hu\/gytk\/files\/2023\/04\/15_2022-2023_IV_20_GYTK-KT.pdf\" target=\"_blank\" rel=\"noopener\">15\/2022-2023.(IV.20.)GYTK-KT<\/a><\/p>\n<p><a href=\"https:\/\/semmelweis.hu\/gytk\/files\/2023\/04\/16-2022-2023_IV_20GYTK-KT.pdf\" target=\"_blank\" rel=\"noopener\">16\/2022-2023.(IV. 20.)GYTK-KT<\/a><\/p>\n<p><strong>Kari Tan\u00e1cs\u00fcl\u00e9s 2023. j\u00fanius 21.<\/strong><\/p>\n<p><a href=\"https:\/\/semmelweis.hu\/gytk\/files\/2023\/06\/17_2022_2023_VI_21_GYTK_KT.pdf\" target=\"_blank\" rel=\"noopener\">17\/2022-2023. (VI. 21) GYTK-KT<\/a><\/p>\n<p><a href=\"https:\/\/semmelweis.hu\/gytk\/files\/2023\/06\/18_2022_2023_VI_21_GYTK_KT.pdf\" target=\"_blank\" rel=\"noopener\">18\/2022-2023. (VI. 21) GYTK-KT<\/a><\/p>\n<p><a href=\"https:\/\/semmelweis.hu\/gytk\/files\/2023\/06\/19_2022_2023_VI_21_GYTK_KT.pdf\" target=\"_blank\" rel=\"noopener\">19\/2022-2023. (VI. 21) GYTK-KT<\/a><\/p>\n<p><a href=\"https:\/\/semmelweis.hu\/gytk\/files\/2023\/06\/20_2022_2023_VI_21_GYTK_KT.pdf\" target=\"_blank\" rel=\"noopener\">20\/2022-2023. (VI. 21) GYTK-KT<\/a><\/p>\n<p><a href=\"https:\/\/semmelweis.hu\/gytk\/files\/2023\/06\/21_2022_2023_VI_21_GYTK_KT.pdf\" target=\"_blank\" rel=\"noopener\">21\/2022-2023. (VI. 21) GYTK-KT<\/a><\/p>\n<ul>\n<li><a href=\"https:\/\/semmelweis.hu\/gytk\/files\/2023\/06\/6napirend_melleklet_szakkepzohelyek_20230615.pdf\" target=\"_blank\" rel=\"noopener\">21\/2022-2023. (VI. 21.) GYTK-KT 1. sz. mell\u00e9klet<\/a><\/li>\n<\/ul>\n<p><strong>Kari Tan\u00e1cs elektronikus szavaz\u00e1s 2023. augusztus 11-17.<\/strong><\/p>\n<p><a href=\"https:\/\/semmelweis.hu\/gytk\/files\/2023\/08\/KT_22H.pdf\" target=\"_blank\" rel=\"noopener\">22\/2022-2023. (VIII.17.) GYTK-KT<\/a><\/p>\n<ul>\n<li><a href=\"https:\/\/semmelweis.hu\/gytk\/files\/2023\/08\/2sz_melleklet_Altalanos-kemiai-alapismeretek-_-tantargyi_adatlap_2023_24-1.pdf\" target=\"_blank\" rel=\"noopener\">22\/2022-2023. (VIII.17.) GYTK-KT_1sz_mell\u00e9klet_\u00c1ltal\u00e1nos k\u00e9miai alapismeretek _ tant\u00e1rgyi_adatlap_2023_24<\/a><\/li>\n<li><a href=\"https:\/\/semmelweis.hu\/gytk\/files\/2023\/08\/3sz_melleklet_Molekulaszerkezet_meghatarozas_tantargyi_adatlap_2023_24-1.pdf\" target=\"_blank\" rel=\"noopener\">22\/2022-2023. (VIII.17.) GYTK-KT_2sz_mell\u00e9klet_Molekulaszerkezet_meghat\u00e1roz\u00e1s_tant\u00e1rgyi_adatlap_2023_24<\/a><\/li>\n<\/ul>\n<p>&nbsp;<\/p>\n","protected":false},"excerpt":{"rendered":"<p><a href=\"https:\/\/semmelweis.hu\/gytk\/files\/2023\/08\/N-Y-I-L-V-A-N-T-A-R-T-A-S-2022-23.-KT.-hatarozatok.pdf\" target=\"_blank\" rel=\"noopener\">N Y I L V \u00c1 N T A R T \u00c1 S 2022-23. KT. hat\u00e1rozatok<\/a> Kari Tan\u00e1cs elektronikus szavaz\u00e1s 2022. szeptember 9 \u2013 13. <a href=\"https:\/\/semmelweis.hu\/gytk\/files\/2022\/09\/1_2022_2023IX.13.GYTK-KT.pdf\" target=\"_blank\" rel=\"noopener\">1\/2022-2023(IX.13.)GYTK-KT<\/a> <a href=\"https:\/\/semmelweis.hu\/gytk\/files\/2022\/09\/I.-evf.1.-felev.zip\" target=\"_blank\" rel=\"noopener\">1\/2022-2023(IX.13.)GYTK-KT_hat\u00e1rozat_mell\u00e9klete_I.\u00e9vf.I.f\u00e9l\u00e9v<\/a> <a href=\"https:\/\/semmelweis.hu\/gytk\/files\/2022\/09\/I.-evf.2.-felev.zip\" target=\"_blank\" rel=\"noopener\">1\/2022-2023(IX.13.)GYTK-KT_hat\u00e1rozat_mell\u00e9klete_I.\u00e9vf.II.f\u00e9l\u00e9v<\/a> <a href=\"https:\/\/semmelweis.hu\/gytk\/files\/2022\/09\/II.1.-felev.zip\" target=\"_blank\" rel=\"noopener\">1\/2022-2023(IX.13.)GYTK-KT_hat\u00e1rozat_mell\u00e9klete_II.\u00e9vf.I.f\u00e9l\u00e9v<\/a> <a href=\"https:\/\/semmelweis.hu\/gytk\/files\/2022\/09\/II.-evf.2.-felev.zip\" target=\"_blank\" rel=\"noopener\">1\/2022-2023(IX.13.)GYTK-KT_hat\u00e1rozat_mell\u00e9klete_II.\u00e9vf.II.f\u00e9l\u00e9v<\/a> <a href=\"https:\/\/semmelweis.hu\/gytk\/files\/2022\/09\/III.-evf.1.-felev.zip\" target=\"_blank\" rel=\"noopener\">1\/2022-2023(IX.13.)GYTK-KT_hat\u00e1rozat_mell\u00e9klete_III.\u00e9vf.I.f\u00e9l\u00e9v<\/a> <a href=\"https:\/\/semmelweis.hu\/gytk\/a-karrol\/kari-tanacs\/hatarozatok\/kari-tanacs-hatarozatok-2022-2023\/\" target=\"_blank\" rel=\"noopener\">1\/2022-2023(IX.13.)GYTK-KT_hat\u00e1rozat_mell\u00e9klete_III.\u00e9vf.II.f\u00e9l\u00e9v<\/a> <a href=\"https:\/\/semmelweis.hu\/gytk\/files\/2022\/09\/IV.-evf.1.-felev.zip\" target=\"_blank\" rel=\"noopener\">1\/2022-2023(IX.13.)GYTK-KT_hat\u00e1rozat_mell\u00e9klete_IV.\u00e9vf.I.f\u00e9l\u00e9v<\/a> <a href=\"https:\/\/semmelweis.hu\/gytk\/files\/2022\/09\/IV.-evf.2.-felev.zip\" target=\"_blank\" rel=\"noopener\">1\/2022-2023(IX.13.)GYTK-KT_hat\u00e1rozat_mell\u00e9klete_IV.\u00e9vf.II.f\u00e9l\u00e9v<\/a> <a href=\"https:\/\/semmelweis.hu\/gytk\/files\/2022\/09\/V.-evf.1.-felev.zip\" target=\"_blank\" rel=\"noopener\">1\/2022-2023(IX.13.)GYTK-KT_hat\u00e1rozat_mell\u00e9klete_V.\u00e9vf.I.f\u00e9l\u00e9v<\/a> <a href=\"https:\/\/semmelweis.hu\/gytk\/files\/2022\/09\/Hivatasetikai-alapok_II.docx\" target=\"_blank\" rel=\"noopener\">1\/2022-2023(IX.13.)GYTK-KT_hat\u00e1rozat_mell\u00e9klete_V.\u00e9vf.II.f\u00e9l\u00e9v<\/a> <a href=\"https:\/\/semmelweis.hu\/gytk\/files\/2022\/09\/2_2022_2023IX.13.GYTK-KT.pdf\" target=\"_blank\" rel=\"noopener\">2\/2022-2023(IX.13.)GYTK-KT_hat\u00e1rozat<\/a> Kari Tan\u00e1cs\u00fcl\u00e9s 2022. okt\u00f3ber 19. <a href=\"https:\/\/semmelweis.hu\/gytk\/files\/2022\/10\/3_2022_23_X_19.pdf\" target=\"_blank\" rel=\"noopener\">3\/2022-23. (X. 19.)GYTK-KT<\/a> <a href=\"https:\/\/semmelweis.hu\/gytk\/files\/2022\/10\/3_napirend_2sz_melleklet_KT_2022_23_tanevi_ules_es_munkaterve-1.pdf\" target=\"_blank\" rel=\"noopener\">3\/2022-23. (X. 19.)GYTK-KT_hat\u00e1rozat_mell\u00e9klete_KT_2022_23_tan\u00e9vi_\u00fcl\u00e9s_\u00e9s_munkaterve<\/a> <a href=\"https:\/\/semmelweis.hu\/gytk\/files\/2022\/10\/4_2022_23_X_19.pdf\" target=\"_blank\" rel=\"noopener\">4\/2022-23. (X. 19.)GYTK-KT<\/a> <a href=\"https:\/\/semmelweis.hu\/gytk\/files\/2022\/10\/5_2022_23_X_19.pdf\" target=\"_blank\" rel=\"noopener\">5\/2022-23. (X. 19.)GYTK-KT<\/a> <a href=\"https:\/\/semmelweis.hu\/gytk\/files\/2022\/10\/6_2022_23_X_19.pdf\" target=\"_blank\" rel=\"noopener\">6\/2022-23. (X. 19.)GYTK-KT<\/a> <a href=\"https:\/\/semmelweis.hu\/gytk\/files\/2022\/10\/7_napirend_Szakkepzohelyek_akkreditacios_kerelmeinek_velemenyezese.pdf\" target=\"_blank\" rel=\"noopener\">6\/2022-23. (X. 19.)GYTK-KT_hat\u00e1rozat_mell\u00e9klete_Szakk\u00e9pz\u0151helyek_akkredit\u00e1ci\u00f3s_k\u00e9relmeinek_v\u00e9lem\u00e9nyez\u00e9se<\/a> Kari Tan\u00e1cs\u00fcl\u00e9s 2022. december 7. <a href=\"https:\/\/semmelweis.hu\/gytk\/files\/2022\/12\/7_2022_2023_XII_07_GYTK_KT.pdf\" target=\"_blank\" rel=\"noopener\">7\/2022-2023.(XII.07)GYTK-KT<\/a> <a href=\"https:\/\/semmelweis.hu\/gytk\/files\/2022\/12\/8_2022_2023_XII_07_GYTK_KT.pdf\" target=\"_blank\" rel=\"noopener\">8\/2022-2023.(XII.07)GYTK-KT<\/a> <a href=\"https:\/\/semmelweis.hu\/gytk\/files\/2022\/12\/9_2022_2023_XII_07_GYTK_KT.pdf\" target=\"_blank\" rel=\"noopener\">9\/2022-2023.(XII.07)GYTK-KT<\/a> <a href=\"https:\/\/semmelweis.hu\/gytk\/files\/2022\/12\/4_napirend_2sz_melleklet_Szakmai-gyakorlohely-minositese_eljarasrend-1.pdf\" target=\"_blank\" rel=\"noopener\">9\/2022-2023.(XII.07)GYTK-KT hat\u00e1rozat_mell\u00e9klete_Szakmai gyakorl\u00f3hely min\u0151s\u00edt\u00e9se_elj\u00e1r\u00e1srend<\/a> <a href=\"https:\/\/semmelweis.hu\/gytk\/files\/2022\/12\/10_2022_2023_XII_07_GYTK_KT.pdf\" target=\"_blank\" rel=\"noopener\">10\/2022-2023.(XII.07)GYTK-KT<\/a> <a href=\"https:\/\/semmelweis.hu\/gytk\/files\/2022\/12\/6_napirend_2sz_melleklet_Szakkepzohelyek_akkr_kerelmeinek_velemenyezese-2.pdf\" target=\"_blank\" rel=\"noopener\">10\/2022-2023.(XII.07)GYTK-KT_hat\u00e1rozat_mell\u00e9klete_Szakk\u00e9pz\u0151helyek_akkredit\u00e1ci\u00f3s_k\u00e9relmeinek_v\u00e9lem\u00e9nyez\u00e9se<\/a> Kari Tan\u00e1cs elektronikus szavaz\u00e1s-2023. janu\u00e1r 24-26 <a href=\"https:\/\/semmelweis.hu\/gytk\/files\/2023\/01\/11_2022_23_01_26_GYTK_KT.pdf\" target=\"_blank\" rel=\"noopener\">11\/2022-2023.(I. 26)GYTK-KT<\/a> <a href=\"https:\/\/semmelweis.hu\/gytk\/files\/2023\/01\/1_napirend_2melleklet_Tantargyi_program_BEVEZETES-A-PYTHON-PROGRAMOZASBA.pdf\">11\/2022-2023.(I. 26)GYTK-KT_hat\u00e1rozat_mell\u00e9klete_Tant\u00e1rgyi_program_BEVEZET\u00c9S A PYTHON PROGRAMOZ\u00c1SBA<\/a> Kari Tan\u00e1cs\u00fcl\u00e9s 2023. m\u00e1rcius 28. <a href=\"https:\/\/semmelweis.hu\/gytk\/files\/2023\/03\/12_2022_2023_III_28_GYTK_KT.pdf\" target=\"_blank\" rel=\"noopener\">12\/2022-2023.(III. 28)GYTK-KT<\/a> <a href=\"https:\/\/semmelweis.hu\/gytk\/files\/2023\/03\/13_2022_2023_III_28_GYTK_KT.pdf\" target=\"_blank\" rel=\"noopener\">13\/2022-2023.(III. 28)GYTK-KT<\/a> <a href=\"https:\/\/semmelweis.hu\/gytk\/files\/2023\/04\/Idegennyelvu-Oktatasi-es-Nemzetkozi-Bizottsag-1.pdf\" target=\"_blank\" rel=\"noopener\">Idegennyelv\u0171 Oktat\u00e1si \u00e9s Nemzetk\u00f6zi Bizotts\u00e1g<\/a> <a href=\"https:\/\/semmelweis.hu\/gytk\/files\/2023\/04\/Kreditatviteli-es-Oktatasi-Bizottsag-Ugyrendje_2023.pdf\" target=\"_blank\" rel=\"noopener\">Kredit\u00e1tviteli \u00e9s Oktat\u00e1si Bizotts\u00e1g \u00dcgyrendje<\/a> <a href=\"https:\/\/semmelweis.hu\/gytk\/files\/2023\/04\/Szak-es-Tovabbkepzesi-Bizottsag-Ugyrendje_2023.pdf\" target=\"_blank\" rel=\"noopener\">Szak \u00e9s Tov\u00e1bbk\u00e9pz\u00e9si Bizotts\u00e1g \u00dcgyrendje<\/a> <a href=\"https:\/\/semmelweis.hu\/gytk\/files\/2023\/04\/Tudomanyos-es-Minosebiztositasi-Bizottsag-Ugyrendje_2023.pdf\" target=\"_blank\" rel=\"noopener\">Tudom\u00e1nyos \u00e9s Min\u0151s\u00e9biztos\u00edt\u00e1si Bizotts\u00e1g \u00dcgyrendje<\/a> <a href=\"https:\/\/semmelweis.hu\/gytk\/files\/2023\/03\/14_2022_2023_III_28_GYTK_KT.pdf\" target=\"_blank\" rel=\"noopener\">14\/2022-2023.(III. 28)GYTK-KT<\/a> <a href=\"https:\/\/semmelweis.hu\/gytk\/files\/2023\/03\/5napirend_1melleklet_Akkreditalt_gyogyszertarak_listaja-1.pdf\" target=\"_blank\" rel=\"noopener\">1mell\u00e9klet_Akkredit\u00e1lt_gy\u00f3gyszert\u00e1rak_list\u00e1ja<\/a> Kari Tan\u00e1cs\u00fcl\u00e9s 2023. \u00e1prilis 20. <a href=\"https:\/\/semmelweis.hu\/gytk\/files\/2023\/04\/15_2022-2023_IV_20_GYTK-KT.pdf\" target=\"_blank\" rel=\"noopener\">15\/2022-2023.(IV.20.)GYTK-KT<\/a> <a href=\"https:\/\/semmelweis.hu\/gytk\/files\/2023\/04\/16-2022-2023_IV_20GYTK-KT.pdf\" target=\"_blank\" rel=\"noopener\">16\/2022-2023.(IV. 20.)GYTK-KT<\/a> Kari Tan\u00e1cs\u00fcl\u00e9s 2023. j\u00fanius 21. <a href=\"https:\/\/semmelweis.hu\/gytk\/files\/2023\/06\/17_2022_2023_VI_21_GYTK_KT.pdf\" target=\"_blank\" rel=\"noopener\">17\/2022-2023. (VI. 21) GYTK-KT<\/a> <a href=\"https:\/\/semmelweis.hu\/gytk\/files\/2023\/06\/18_2022_2023_VI_21_GYTK_KT.pdf\" target=\"_blank\" rel=\"noopener\">18\/2022-2023. (VI. 21) GYTK-KT<\/a> <a href=\"https:\/\/semmelweis.hu\/gytk\/files\/2023\/06\/19_2022_2023_VI_21_GYTK_KT.pdf\" target=\"_blank\" rel=\"noopener\">19\/2022-2023. (VI. 21) GYTK-KT<\/a> <a href=\"https:\/\/semmelweis.hu\/gytk\/files\/2023\/06\/20_2022_2023_VI_21_GYTK_KT.pdf\" target=\"_blank\" rel=\"noopener\">20\/2022-2023. (VI. 21) GYTK-KT<\/a> <a href=\"https:\/\/semmelweis.hu\/gytk\/files\/2023\/06\/21_2022_2023_VI_21_GYTK_KT.pdf\" target=\"_blank\" rel=\"noopener\">21\/2022-2023. (VI. 21) GYTK-KT<\/a> <a href=\"https:\/\/semmelweis.hu\/gytk\/files\/2023\/06\/6napirend_melleklet_szakkepzohelyek_20230615.pdf\" target=\"_blank\" rel=\"noopener\">21\/2022-2023. (VI. 21.) GYTK-KT 1. sz. mell\u00e9klet<\/a> Kari Tan\u00e1cs elektronikus szavaz\u00e1s 2023. augusztus 11-17. <a href=\"https:\/\/semmelweis.hu\/gytk\/files\/2023\/08\/KT_22H.pdf\" target=\"_blank\" rel=\"noopener\">22\/2022-2023. (VIII.17.) GYTK-KT<\/a> <a href=\"https:\/\/semmelweis.hu\/gytk\/files\/2023\/08\/2sz_melleklet_Altalanos-kemiai-alapismeretek-_-tantargyi_adatlap_2023_24-1.pdf\" target=\"_blank\" rel=\"noopener\">22\/2022-2023. (VIII.17.) GYTK-KT_1sz_mell\u00e9klet_\u00c1ltal\u00e1nos k\u00e9miai alapismeretek _ tant\u00e1rgyi_adatlap_2023_24<\/a> <a href=\"https:\/\/semmelweis.hu\/gytk\/files\/2023\/08\/3sz_melleklet_Molekulaszerkezet_meghatarozas_tantargyi_adatlap_2023_24-1.pdf\" target=\"_blank\" rel=\"noopener\">22\/2022-2023. (VIII.17.) GYTK-KT_2sz_mell\u00e9klet_Molekulaszerkezet_meghat\u00e1roz\u00e1s_tant\u00e1rgyi_adatlap_2023_24<\/a> &hellip;<\/p>\n","protected":false},"author":101431,"featured_media":0,"parent":5513,"menu_order":5,"comment_status":"closed","ping_status":"closed","template":"","meta":{"_acf_changed":false,"footnotes":""},"categories":[],"tags":[],"class_list":["post-13263","page","type-page","status-publish","hentry"],"acf":[],"_links":{"self":[{"href":"https:\/\/semmelweis.hu\/gytk\/wp-json\/wp\/v2\/pages\/13263","targetHints":{"allow":["GET"]}}],"collection":[{"href":"https:\/\/semmelweis.hu\/gytk\/wp-json\/wp\/v2\/pages"}],"about":[{"href":"https:\/\/semmelweis.hu\/gytk\/wp-json\/wp\/v2\/types\/page"}],"author":[{"embeddable":true,"href":"https:\/\/semmelweis.hu\/gytk\/wp-json\/wp\/v2\/users\/101431"}],"replies":[{"embeddable":true,"href":"https:\/\/semmelweis.hu\/gytk\/wp-json\/wp\/v2\/comments?post=13263"}],"version-history":[{"count":10,"href":"https:\/\/semmelweis.hu\/gytk\/wp-json\/wp\/v2\/pages\/13263\/revisions"}],"predecessor-version":[{"id":14569,"href":"https:\/\/semmelweis.hu\/gytk\/wp-json\/wp\/v2\/pages\/13263\/revisions\/14569"}],"up":[{"embeddable":true,"href":"https:\/\/semmelweis.hu\/gytk\/wp-json\/wp\/v2\/pages\/5513"}],"wp:attachment":[{"href":"https:\/\/semmelweis.hu\/gytk\/wp-json\/wp\/v2\/media?parent=13263"}],"wp:term":[{"taxonomy":"category","embeddable":true,"href":"https:\/\/semmelweis.hu\/gytk\/wp-json\/wp\/v2\/categories?post=13263"},{"taxonomy":"post_tag","embeddable":true,"href":"https:\/\/semmelweis.hu\/gytk\/wp-json\/wp\/v2\/tags?post=13263"}],"curies":[{"name":"wp","href":"https:\/\/api.w.org\/{rel}","templated":true}]}}