{"id":12052,"date":"2021-09-06T13:21:22","date_gmt":"2021-09-06T11:21:22","guid":{"rendered":"https:\/\/semmelweis.hu\/gytk\/?page_id=12052"},"modified":"2021-09-08T09:57:19","modified_gmt":"2021-09-08T07:57:19","slug":"kari-tanacs-elektronikus-szavazas-szeptember-2-3","status":"publish","type":"page","link":"https:\/\/semmelweis.hu\/gytk\/a-karrol\/kari-tanacs\/kari-tanacs-eloterjesztesek\/kari-tanacs-elektronikus-szavazas-szeptember-2-3\/","title":{"rendered":"2021. szeptember 2-3. elektronikus szavaz\u00e1s"},"content":{"rendered":"<p><strong>Kari Tan\u00e1cs elektronikus szavaz\u00e1s 2021. szeptember 2. 18:00 -szeptember 3. 20:00.<\/strong><\/p>\n<p style=\"text-align: justify\"><a href=\"https:\/\/semmelweis.hu\/gytk\/files\/2021\/09\/KT_El\u0151terjeszt\u00e9s_2021_2022_tan\u00e9vben_\u00e9rv\u00e9nyes_tant\u00e1rgyi_programok_I-V_\u00e9vfolyamon.pdf\" target=\"_blank\" rel=\"noopener noreferrer\">KT_El\u0151terjeszt\u00e9s_2021_2022_tan\u00e9vben_\u00e9rv\u00e9nyes_tant\u00e1rgyi_programok_I-V_\u00e9vfolyamon<\/a><\/p>\n<p>2_sz_mell\u00e9klet_I_\u00e9vfolyamra_iratkoz\u00f3_hallgat\u00f3k_r\u00e9sz\u00e9re_\u00e9rv\u00e9nyes_tant\u00e1rgyi _programok_I_II_f\u00e9l\u00e9v<\/p>\n<ul>\n<li><a href=\"https:\/\/semmelweis.hu\/gytk\/files\/2021\/09\/I_\u00e9vf_1_f\u00e9l\u00e9v.zip\" target=\"_blank\" rel=\"noopener noreferrer\">2a_sz_mell\u00e9klet_I.\u00e9vfolyam_2021_22_1f\u00e9l\u00e9v<\/a><\/li>\n<li><a href=\"https:\/\/semmelweis.hu\/gytk\/files\/2021\/09\/I_\u00e9vf_2_f\u00e9l\u00e9v.zip\" target=\"_blank\" rel=\"noopener noreferrer\">2b_sz_mell\u00e9klet_I.\u00e9vfolyam_2021_22_2f\u00e9l\u00e9v<\/a><\/li>\n<\/ul>\n<p>3_sz_mell\u00e9klet_II_\u00e9vfolyamra_iratkoz\u00f3_hallgat\u00f3k_r\u00e9sz\u00e9re_\u00e9rv\u00e9nyes_tant\u00e1rgyi _programok_I_II_f\u00e9l\u00e9v<\/p>\n<ul>\n<li><a href=\"https:\/\/semmelweis.hu\/gytk\/files\/2021\/09\/II_\u00e9vf_1_f\u00e9l\u00e9v-1.zip\" target=\"_blank\" rel=\"noopener noreferrer\">3a_sz_mell\u00e9klet_II.\u00e9vfolyam_2021_22_1f\u00e9l\u00e9v<\/a><\/li>\n<li><a href=\"https:\/\/semmelweis.hu\/gytk\/files\/2021\/09\/II_\u00e9vf_2_f\u00e9l\u00e9v-1.zip\" target=\"_blank\" rel=\"noopener noreferrer\">3b_sz_mell\u00e9klet_II.\u00e9vfolyam_2021_22_2f\u00e9l\u00e9v<\/a><\/li>\n<\/ul>\n<p>4_sz_mell\u00e9klet_III_\u00e9vfolyamra_iratkoz\u00f3_hallgat\u00f3k_r\u00e9sz\u00e9re_\u00e9rv\u00e9nyes_tant\u00e1rgyi _programok_I_II_f\u00e9l\u00e9v<\/p>\n<ul>\n<li><a href=\"https:\/\/semmelweis.hu\/gytk\/files\/2021\/09\/III_\u00e9vf_1_f\u00e9l\u00e9v.zip\" target=\"_blank\" rel=\"noopener noreferrer\">4a_sz_mell\u00e9klet_III.\u00e9vfolyam_2021_22_1f\u00e9l\u00e9v<\/a><\/li>\n<li><a href=\"https:\/\/semmelweis.hu\/gytk\/files\/2021\/09\/III_\u00e9vf_2_f\u00e9l\u00e9v.zip\" target=\"_blank\" rel=\"noopener noreferrer\">4b_sz_mell\u00e9klet_III.\u00e9vfolyam_2021_22_2f\u00e9l\u00e9v<\/a><\/li>\n<\/ul>\n<p>5_sz_mell\u00e9klet_IV_\u00e9vfolyamra_iratkoz\u00f3_hallgat\u00f3k_r\u00e9sz\u00e9re_\u00e9rv\u00e9nyes_tant\u00e1rgyi _programok_I_II_f\u00e9l\u00e9v<\/p>\n<ul style=\"list-style-type: disc\">\n<li><a href=\"https:\/\/semmelweis.hu\/gytk\/files\/2021\/09\/IV_\u00e9vf_1_f\u00e9l\u00e9v.zip\" target=\"_blank\" rel=\"noopener noreferrer\">5a_sz_mell\u00e9klet_IV.\u00e9vfolyam_2021_22_1f\u00e9l\u00e9v<\/a><\/li>\n<li><a href=\"https:\/\/semmelweis.hu\/gytk\/files\/2021\/09\/IV_\u00e9vf_2_f\u00e9l\u00e9v.zip\" target=\"_blank\" rel=\"noopener noreferrer\">5b_sz_mell\u00e9klet__IV.\u00e9vfolyam_2021_22_2f\u00e9l\u00e9v<\/a><\/li>\n<\/ul>\n<p>6_sz_mell\u00e9klet_V_\u00e9vfolyamra_iratkoz\u00f3_hallgat\u00f3k_r\u00e9sz\u00e9re_\u00e9rv\u00e9nyes_tant\u00e1rgyi _programok_I_II_f\u00e9l\u00e9v<\/p>\n<ul>\n<li><a href=\"https:\/\/semmelweis.hu\/gytk\/files\/2021\/09\/2021_2022ben_V_\u00e9vfolyamra_iratkoz\u00f3k.zip\" target=\"_blank\" rel=\"noopener noreferrer\">6a_sz_mell\u00e9klet_V.\u00e9vfolyam_2021_22_1f\u00e9l\u00e9v<\/a><\/li>\n<\/ul>\n","protected":false},"excerpt":{"rendered":"<p>Kari Tan\u00e1cs elektronikus szavaz\u00e1s 2021. szeptember 2. 18:00 -szeptember 3. 20:00.<br \/>\n<a href=\"https:\/\/semmelweis.hu\/gytk\/files\/2021\/09\/KT_El\u0151terjeszt\u00e9s_2021_2022_tan\u00e9vben_\u00e9rv\u00e9nyes_tant\u00e1rgyi_programok_I-V_\u00e9vfolyamon.pdf\" target=\"_blank\" rel=\"noopener noreferrer\">KT_El\u0151terjeszt\u00e9s_2021_2022_tan\u00e9vben_\u00e9rv\u00e9nyes_tant\u00e1rgyi_programok_I-V_\u00e9vfolyamon<\/a><br \/>\n2_sz_mell\u00e9klet_I_\u00e9vfolyamra_iratkoz\u00f3_hallgat\u00f3k_r\u00e9sz\u00e9re_\u00e9rv\u00e9nyes_tant\u00e1rgyi _programok_I_II_f\u00e9l\u00e9v<\/p>\n<p><a href=\"https:\/\/semmelweis.hu\/gytk\/files\/2021\/09\/I_\u00e9vf_1_f\u00e9l\u00e9v.zip\" target=\"_blank\" rel=\"noopener noreferrer\">2a_sz_mell\u00e9klet_I.\u00e9vfolyam_2021_22_1f\u00e9l\u00e9v<\/a><br \/>\n<a href=\"https:\/\/semmelweis.hu\/gytk\/files\/2021\/09\/I_\u00e9vf_2_f\u00e9l\u00e9v.zip\" target=\"_blank\" rel=\"noopener noreferrer\">2b_sz_mell\u00e9klet_I.\u00e9vfolyam_2021_22_2f\u00e9l\u00e9v<\/a><\/p>\n<p>3_sz_mell\u00e9klet_II_\u00e9vfolyamra_iratkoz\u00f3_hallgat\u00f3k_r\u00e9sz\u00e9re_\u00e9rv\u00e9nyes_tant\u00e1rgyi _programok_I_II_f\u00e9l\u00e9v<\/p>\n<p><a href=\"https:\/\/semmelweis.hu\/gytk\/files\/2021\/09\/II_\u00e9vf_1_f\u00e9l\u00e9v-1.zip\" target=\"_blank\" rel=\"noopener noreferrer\">3a_sz_mell\u00e9klet_II.\u00e9vfolyam_2021_22_1f\u00e9l\u00e9v<\/a><br \/>\n<a href=\"https:\/\/semmelweis.hu\/gytk\/files\/2021\/09\/II_\u00e9vf_2_f\u00e9l\u00e9v-1.zip\" target=\"_blank\" rel=\"noopener noreferrer\">3b_sz_mell\u00e9klet_II.\u00e9vfolyam_2021_22_2f\u00e9l\u00e9v<\/a><\/p>\n<p>4_sz_mell\u00e9klet_III_\u00e9vfolyamra_iratkoz\u00f3_hallgat\u00f3k_r\u00e9sz\u00e9re_\u00e9rv\u00e9nyes_tant\u00e1rgyi _programok_I_II_f\u00e9l\u00e9v<\/p>\n<p><a href=\"https:\/\/semmelweis.hu\/gytk\/files\/2021\/09\/III_\u00e9vf_1_f\u00e9l\u00e9v.zip\" target=\"_blank\" rel=\"noopener noreferrer\">4a_sz_mell\u00e9klet_III.\u00e9vfolyam_2021_22_1f\u00e9l\u00e9v<\/a><br \/>\n<a href=\"https:\/\/semmelweis.hu\/gytk\/files\/2021\/09\/III_\u00e9vf_2_f\u00e9l\u00e9v.zip\" target=\"_blank\" rel=\"noopener noreferrer\">4b_sz_mell\u00e9klet_III.\u00e9vfolyam_2021_22_2f\u00e9l\u00e9v<\/a><\/p>\n<p>5_sz_mell\u00e9klet_IV_\u00e9vfolyamra_iratkoz\u00f3_hallgat\u00f3k_r\u00e9sz\u00e9re_\u00e9rv\u00e9nyes_tant\u00e1rgyi _programok_I_II_f\u00e9l\u00e9v<\/p>\n<p><a href=\"https:\/\/semmelweis.hu\/gytk\/files\/2021\/09\/IV_\u00e9vf_1_f\u00e9l\u00e9v.zip\" target=\"_blank\" rel=\"noopener noreferrer\">5a_sz_mell\u00e9klet_IV.\u00e9vfolyam_2021_22_1f\u00e9l\u00e9v<\/a><br \/>\n<a href=\"https:\/\/semmelweis.hu\/gytk\/files\/2021\/09\/IV_\u00e9vf_2_f\u00e9l\u00e9v.zip\" target=\"_blank\" rel=\"noopener noreferrer\">5b_sz_mell\u00e9klet__IV.\u00e9vfolyam_2021_22_2f\u00e9l\u00e9v<\/a><\/p>\n<p>6_sz_mell\u00e9klet_V_\u00e9vfolyamra_iratkoz\u00f3_hallgat\u00f3k_r\u00e9sz\u00e9re_\u00e9rv\u00e9nyes_tant\u00e1rgyi _programok_I_II_f\u00e9l\u00e9v<\/p>\n<p><a href=\"https:\/\/semmelweis.hu\/gytk\/files\/2021\/09\/2021_2022ben_V_\u00e9vfolyamra_iratkoz\u00f3k.zip\" target=\"_blank\" rel=\"noopener noreferrer\">6a_sz_mell\u00e9klet_V.\u00e9vfolyam_2021_22_1f\u00e9l\u00e9v<\/a><\/p>\n","protected":false},"author":101431,"featured_media":0,"parent":5323,"menu_order":37,"comment_status":"closed","ping_status":"closed","template":"","meta":{"_acf_changed":false,"footnotes":""},"categories":[],"tags":[],"class_list":["post-12052","page","type-page","status-publish","hentry"],"acf":[],"_links":{"self":[{"href":"https:\/\/semmelweis.hu\/gytk\/wp-json\/wp\/v2\/pages\/12052","targetHints":{"allow":["GET"]}}],"collection":[{"href":"https:\/\/semmelweis.hu\/gytk\/wp-json\/wp\/v2\/pages"}],"about":[{"href":"https:\/\/semmelweis.hu\/gytk\/wp-json\/wp\/v2\/types\/page"}],"author":[{"embeddable":true,"href":"https:\/\/semmelweis.hu\/gytk\/wp-json\/wp\/v2\/users\/101431"}],"replies":[{"embeddable":true,"href":"https:\/\/semmelweis.hu\/gytk\/wp-json\/wp\/v2\/comments?post=12052"}],"version-history":[{"count":4,"href":"https:\/\/semmelweis.hu\/gytk\/wp-json\/wp\/v2\/pages\/12052\/revisions"}],"predecessor-version":[{"id":12059,"href":"https:\/\/semmelweis.hu\/gytk\/wp-json\/wp\/v2\/pages\/12052\/revisions\/12059"}],"up":[{"embeddable":true,"href":"https:\/\/semmelweis.hu\/gytk\/wp-json\/wp\/v2\/pages\/5323"}],"wp:attachment":[{"href":"https:\/\/semmelweis.hu\/gytk\/wp-json\/wp\/v2\/media?parent=12052"}],"wp:term":[{"taxonomy":"category","embeddable":true,"href":"https:\/\/semmelweis.hu\/gytk\/wp-json\/wp\/v2\/categories?post=12052"},{"taxonomy":"post_tag","embeddable":true,"href":"https:\/\/semmelweis.hu\/gytk\/wp-json\/wp\/v2\/tags?post=12052"}],"curies":[{"name":"wp","href":"https:\/\/api.w.org\/{rel}","templated":true}]}}