{"id":1757,"date":"2023-11-16T13:52:04","date_gmt":"2023-11-16T12:52:04","guid":{"rendered":"https:\/\/semmelweis.hu\/gyogyszereszi-kemia\/?page_id=1757"},"modified":"2025-06-13T10:07:54","modified_gmt":"2025-06-13T08:07:54","slug":"bemutatkozas-dr-toth-gergo","status":"publish","type":"page","link":"https:\/\/semmelweis.hu\/gyogyszereszi-kemia\/munkatarsak\/bemutatkozas-dr-toth-gergo\/","title":{"rendered":"Bemutatkoz\u00e1s &#8211; Dr. T\u00f3th Gerg\u0151"},"content":{"rendered":"<div class=\"row\">\n<div class=\"col-4\"><img loading=\"lazy\" decoding=\"async\" class=\"size-full wp-image-1625 alignleft\" src=\"https:\/\/semmelweis.hu\/gyogyszereszi-kemia\/files\/2024\/01\/DSC_0739_1-1-scaled.jpg\" alt=\"\" width=\"274\" height=\"346\" \/><\/div>\n<div class=\"col-8\">\n<div class=\"row\">\n<div class=\"col-3\"><strong>N\u00e9v: Beoszt\u00e1s: Telefonsz\u00e1m: E-mail c\u00edm: Iroda:<\/strong><\/div>\n<div class=\"col-9\">Dr. T\u00f3th Gerg\u0151 <br \/>\negyetemi docens <br \/>\n476-3600, 53013 <br \/>\ntoth.gergo@semmelweis.hu<br \/>\n1. emelet 6.<\/div>\n<\/div>\n<div class=\"row mt-3\">\n<div class=\"col-12\">2009 \u00f3ta a Gy\u00f3gyszer\u00e9szi K\u00e9miai Int\u00e9zetben dolgozom k\u00fcl\u00f6nb\u00f6z\u0151 beoszt\u00e1sban. F\u0151 kutat\u00e1si ter\u00fcletem a kir\u00e1lis elv\u00e1laszt\u00e1sok fejleszt\u00e9se, tervez\u00e9se, illetve a kialakul\u00f3 szelektor-szelektand k\u00f6lcs\u00f6nhat\u00e1sok min\u00e9l pontosabb jellemz\u00e9se. Munk\u00e1nk sor\u00e1n a nagym\u0171szeres analitika sz\u00e9les palett\u00e1j\u00e1t felhaszn\u00e1ljuk. A gy\u00f3gyszer\u00e9szi K\u00e9mia \u00e9s anal\u00edzis, M\u0171szeres gy\u00f3gyszeranal\u00edzis \u00e9s Analitikai k\u00e9mia tant\u00e1rgyak oktat\u00e1s\u00e1ban veszek r\u00e9szt angol \u00e9s magyar nyelven. Ut\u00f3bbi kett\u0151nek tanulm\u00e1nyi felel\u0151se vagyok.<\/div>\n<\/div>\n<\/div>\n<\/div>\n<p class=\"mt-3\"><strong>Tanulm\u00e1nyok:<\/strong><\/p>\n<ul style=\"list-style-type: square\">\n<li>2023 Semmelweis Egyetem, min\u0151s\u00e9gbiztos\u00edt\u00e1si szakgy\u00f3gyszer\u00e9sz<\/li>\n<li>2013 Semmelweis Egyetem, PhD gy\u00f3gyszer\u00e9sztudom\u00e1nyok<\/li>\n<li>2009 Semmelweis Egyetem, gy\u00f3gyszer\u00e9sz diploma<\/li>\n<\/ul>\n<p><strong>Szakmai tapasztalat:<\/strong><\/p>\n<ul style=\"list-style-type: square\">\n<li>2018 \u2013 2021 ELTE N\u00f6v\u00e9nyszervezettani tansz\u00e9k HPLC-MS vizsg\u00e1latok, metabolit kutat\u00e1s<\/li>\n<li><span style=\"font-size: 1rem\">2009 \u2013 Semmelweis Egyetem Gy\u00f3gyszer\u00e9szi K\u00e9miai Int\u00e9zet, kutat\u00e1s (HPLC, MS, oktat\u00e1s)<\/span><\/li>\n<\/ul>\n<p><strong>Oktatott t\u00e1rgyak:<\/strong><\/p>\n<ul>\n<li>M\u0171szeres Gy\u00f3gyszeranal\u00edzis<\/li>\n<li>Gy\u00f3gyszerk\u00e9mia \u00e9s anal\u00edzis<\/li>\n<li>Analitikai K\u00e9mia<\/li>\n<\/ul>\n<p><strong>V\u00e1logatott publik\u00e1ci\u00f3k:<\/strong><\/p>\n<ol>\n<li>Dob\u00f3, M., \u00c1d\u00e1m, M., Fiser, B., Papp, L. A., Dombi, G., Sekkoum, K., &#8230; &amp; <strong>T\u00f3th, G.<\/strong> (2023). Enantioseparation and molecular docking study of selected chiral pharmaceuticals on a commercialized phenylcarbamate-\u03b2-cyclodextrin column using polar organic mode.\u00a0<em>Scientific Reports<\/em>,\u00a0<em>13<\/em>(1), 14778., D1<\/li>\n<li><strong>T\u00f3th, G<\/strong>., Horvati, K., Kraszni, M., Ausbuttel, T., Pa\u0301lyi, B., Kis, Z., &#8230; &amp; Boldizsa\u0301r, I. (2023). Arylnaphthalene Lignans with Anti-SARS-CoV-2 and Antiproliferative Activities from the Underground Organs of Linum austriacum and Linum perenne.\u00a0<em>Journal of Natural Products<\/em>,\u00a0<em>86<\/em>(4), 672-682., D1<\/li>\n<li>Dombi, G., Horv\u00e1th, P., Fiser, B., Mirzahosseini, A., Dob\u00f3, M., Szab\u00f3, Z. I., &amp; <strong>T\u00f3th, G<\/strong>. (2023). Enantioselective human serum albumin binding of apremilast: liquid chromatographic, fluorescence and molecular docking study.\u00a0<em>International Journal of Molecular Sciences<\/em>,\u00a0<em>24<\/em>(3), 2168. D1<\/li>\n<li>Dob\u00f3, M., Foroughbakhshfasaei, M., Horv\u00e1th, P., Szab\u00f3, Z. I., &amp; <strong>T\u00f3th, G<\/strong>. (2022). Chiral separation of oxazolidinone analogues by liquid chromatography on polysaccharide stationary phases using polar organic mode.\u00a0<em>Journal of Chromatography A<\/em>,\u00a0<em>1662<\/em>, 462741. Q1<\/li>\n<li><strong style=\"font-size: 1rem\">T\u00f3th, G<\/strong><span style=\"font-size: 1rem\">., Alberti, \u00c1., S\u00f3lyomv\u00e1ry, A., Barab\u00e1s, C., Boldizs\u00e1r, I., &amp; Nosz\u00e1l, B. (2015). Phenolic profiling of various olive bark-types and leaves: HPLC\u2013ESI\/MS study.\u00a0<\/span><em style=\"font-size: 1rem\">Industrial Crops and Products<\/em><span style=\"font-size: 1rem\">,\u00a0<\/span><em style=\"font-size: 1rem\">67<\/em><span style=\"font-size: 1rem\">, 432-438. D1<\/span><\/li>\n<\/ol>\n<p><strong>Egy\u00e9b tev\u00e9kenys\u00e9gek, d\u00edjak:<\/strong><\/p>\n<ul>\n<li>2023 Semmelweis Egyetem kiv\u00e1l\u00f3 TDK nevel\u0151je c\u00edm<\/li>\n<li>2019-2022 Magyar Tudom\u00e1nyos Akad\u00e9mia Bolyai J\u00e1nos kutat\u00f3i \u00f6szt\u00f6nd\u00edja<\/li>\n<li>Titk\u00e1r a Magyar Tudom\u00e1nyos Akad\u00e9mia Szerves- \u00e9s Gy\u00f3gyszeranalitikai Szakoszt\u00e1ly\u00e1ban<\/li>\n<li>Titk\u00e1r a Magyar Gy\u00f3gyszer\u00e9sztudom\u00e1nyi T\u00e1rsas\u00e1g Gy\u00f3gyszeranalitikai Szakoszt\u00e1ly\u00e1ban<\/li>\n<\/ul>\n<p><strong>MTMT link: <\/strong><a href=\"https:\/\/m2.mtmt.hu\/api\/author\/10028950\">https:\/\/m2.mtmt.hu\/api\/author\/10028950<\/a><\/p>\n<p><strong>ODT adatlap<\/strong>: <a href=\"https:\/\/doktori.hu\/index.php?menuid=192&amp;lang=HU&amp;sz_ID=27142\">https:\/\/doktori.hu\/index.php?menuid=192&amp;lang=HU&amp;sz_ID=27142<\/a><\/p>\n","protected":false},"excerpt":{"rendered":"<p>N\u00e9v: Beoszt\u00e1s: Telefonsz\u00e1m: E-mail c\u00edm: Iroda: Dr. T\u00f3th Gerg\u0151 egyetemi docens 476-3600, 53013 toth.gergo@semmelweis.hu 1. emelet 6. 2009 \u00f3ta a Gy\u00f3gyszer\u00e9szi K\u00e9miai Int\u00e9zetben dolgozom k\u00fcl\u00f6nb\u00f6z\u0151 beoszt\u00e1sban. F\u0151 kutat\u00e1si ter\u00fcletem a kir\u00e1lis elv\u00e1laszt\u00e1sok fejleszt\u00e9se, tervez\u00e9se, illetve a kialakul\u00f3 szelektor-szelektand k\u00f6lcs\u00f6nhat\u00e1sok min\u00e9l pontosabb jellemz\u00e9se. Munk\u00e1nk sor\u00e1n a nagym\u0171szeres analitika sz\u00e9les palett\u00e1j\u00e1t felhaszn\u00e1ljuk. A gy\u00f3gyszer\u00e9szi K\u00e9mia \u00e9s anal\u00edzis, &hellip;<\/p>\n","protected":false},"author":102300,"featured_media":0,"parent":1674,"menu_order":0,"comment_status":"closed","ping_status":"closed","template":"template-fullwidth.php","meta":{"_acf_changed":false,"footnotes":""},"categories":[18],"tags":[],"class_list":["post-1757","page","type-page","status-publish","hentry","category-bemutatkozo-oldal"],"acf":[],"_links":{"self":[{"href":"https:\/\/semmelweis.hu\/gyogyszereszi-kemia\/wp-json\/wp\/v2\/pages\/1757","targetHints":{"allow":["GET"]}}],"collection":[{"href":"https:\/\/semmelweis.hu\/gyogyszereszi-kemia\/wp-json\/wp\/v2\/pages"}],"about":[{"href":"https:\/\/semmelweis.hu\/gyogyszereszi-kemia\/wp-json\/wp\/v2\/types\/page"}],"author":[{"embeddable":true,"href":"https:\/\/semmelweis.hu\/gyogyszereszi-kemia\/wp-json\/wp\/v2\/users\/102300"}],"replies":[{"embeddable":true,"href":"https:\/\/semmelweis.hu\/gyogyszereszi-kemia\/wp-json\/wp\/v2\/comments?post=1757"}],"version-history":[{"count":7,"href":"https:\/\/semmelweis.hu\/gyogyszereszi-kemia\/wp-json\/wp\/v2\/pages\/1757\/revisions"}],"predecessor-version":[{"id":2154,"href":"https:\/\/semmelweis.hu\/gyogyszereszi-kemia\/wp-json\/wp\/v2\/pages\/1757\/revisions\/2154"}],"up":[{"embeddable":true,"href":"https:\/\/semmelweis.hu\/gyogyszereszi-kemia\/wp-json\/wp\/v2\/pages\/1674"}],"wp:attachment":[{"href":"https:\/\/semmelweis.hu\/gyogyszereszi-kemia\/wp-json\/wp\/v2\/media?parent=1757"}],"wp:term":[{"taxonomy":"category","embeddable":true,"href":"https:\/\/semmelweis.hu\/gyogyszereszi-kemia\/wp-json\/wp\/v2\/categories?post=1757"},{"taxonomy":"post_tag","embeddable":true,"href":"https:\/\/semmelweis.hu\/gyogyszereszi-kemia\/wp-json\/wp\/v2\/tags?post=1757"}],"curies":[{"name":"wp","href":"https:\/\/api.w.org\/{rel}","templated":true}]}}