{"id":9,"date":"2012-01-26T14:19:25","date_gmt":"2012-01-26T14:19:25","guid":{"rendered":"http:\/\/semmelweis-egyetem.hu\/gyermekfogaszat\/?page_id=9"},"modified":"2024-04-09T10:53:12","modified_gmt":"2024-04-09T08:53:12","slug":"meghirdetett-phd-temak","status":"publish","type":"page","link":"https:\/\/semmelweis.hu\/gyermekfogaszat\/kutatas\/meghirdetett-phd-temak\/","title":{"rendered":"Meghirdetett PhD-t\u00e9m\u00e1k"},"content":{"rendered":"<table style=\"border-collapse: collapse;width: 100%;height: 350px\">\n<tbody>\n<tr style=\"height: 32px\">\n<td style=\"width: 25%;height: 32px;text-align: center\">\n<h5><strong><em>T\u00e9ma<\/em><\/strong><\/h5>\n<\/td>\n<td style=\"width: 25%;height: 32px;text-align: center\">\n<h5><strong><em>T\u00e9ma vezet\u0151(k)<\/em><\/strong><\/h5>\n<\/td>\n<td style=\"width: 25%;height: 32px;text-align: center\">\n<h5><strong><em>Kutat\u00f3(k)\/ kutat\u00f3csoport vezet\u0151(k)<\/em><\/strong><\/h5>\n<\/td>\n<td style=\"width: 25%;height: 32px;text-align: center\">\n<h5><strong><em>Ph<\/em><em>.D.<\/em><em> hallgat\u00f3(k)\/ TDK hallgat\u00f3(k)<\/em><\/strong><\/h5>\n<\/td>\n<\/tr>\n<tr style=\"height: 62px\">\n<td style=\"width: 25%;height: 62px\">A v\u00e1rand\u00f3ss\u00e1g alatti anyai t\u00e9nyez\u0151k hat\u00e1sa az ajak- \u00e9s sz\u00e1jpadhasad\u00e9kok kialakul\u00e1s\u00e1ra<\/td>\n<td style=\"width: 25%;height: 62px\">Dr. Nagy Kriszti\u00e1n Ph.D.<\/td>\n<td style=\"width: 25%;height: 62px\">Dr. \u00c1cs Lili Judit<\/td>\n<td style=\"width: 25%;height: 62px\">\u00a0<\/td>\n<\/tr>\n<tr style=\"height: 32px\">\n<td style=\"width: 25%;height: 32px\">Konvol\u00faci\u00f3s neur\u00e1lis h\u00e1l\u00f3 edz\u00e9se cephalometriai \u00e9rt\u00e9kekkel jel\u00f6lt oldalir\u00e1ny\u00fa teler\u00f6ntgen felv\u00e9teleken<\/td>\n<td style=\"width: 25%;height: 32px\">Dr. R\u00f3zsa No\u00e9mi Katinka Ph.D med. habil<\/td>\n<td style=\"width: 25%;height: 32px\">Dr. Somorjai \u00c1bris, K\u00f6penczei Csenge<\/td>\n<td style=\"width: 25%;height: 32px\">Dr. Bagdy-B\u00e1lint R\u00e9ka<\/td>\n<\/tr>\n<tr style=\"height: 32px\">\n<td style=\"width: 25%;height: 32px\">Az infrazigomatikus \u00e9s palatin\u00e1lis mini-implant\u00e1tumok r\u00f6vid- \u00e9s hossz\u00fat\u00e1v\u00fa t\u00fal\u00e9l\u00e9s\u00e9nek \u00e9s a p\u00e1ciensek \u00e9letmin\u0151s\u00e9g\u00e9nek vizsg\u00e1lata<\/td>\n<td style=\"width: 25%;height: 32px\">\u00a0Dr. R\u00f3zsa No\u00e9mi Katinka Ph.D med. habil<\/td>\n<td style=\"width: 25%;height: 32px\">\n<p>Vezet\u0151: Dr. Szegedi Levente<\/p>\n<p>Dr. Kreuter Patrik, Dr. Bosch Anna<\/p>\n<\/td>\n<td style=\"width: 25%;height: 32px\">Mihalovits Kincs\u0151<\/td>\n<\/tr>\n<tr style=\"height: 32px\">\n<td style=\"width: 25%;height: 32px\">A cukorbetegs\u00e9g gyermekfog\u00e1szati vonatkoz\u00e1sai<\/td>\n<td style=\"width: 25%;height: 32px\">Dr. R\u00f3zsa No\u00e9mi Katinka Ph.D., med habil., Dr. B\u00e1nyai Dorottya Ph.D, Dr. V\u00e9gh D\u00e1niel Ph.D.<\/td>\n<td style=\"width: 25%;height: 32px\">Dr. Lipt\u00e1k Laura, Dr. Lipt\u00e1k Klaudia, Dr. Triebl Zsuzsanna<\/td>\n<td style=\"width: 25%;height: 32px\">\u00a0<\/td>\n<\/tr>\n<tr style=\"height: 32px\">\n<td style=\"width: 25%;height: 32px\">F\u00fav\u00f3s hangszerek hat\u00e1sa a fogakra \u00e9s az arc morfol\u00f3gi\u00e1j\u00e1ra<\/td>\n<td style=\"width: 25%;height: 32px\">Dr. R\u00f3zsa No\u00e9mi Katinka Ph.D. med habil<\/td>\n<td style=\"width: 25%;height: 32px\">Dr. Ka\u00e1n Gergely<\/td>\n<td style=\"width: 25%;height: 32px\">\u00a0<\/td>\n<\/tr>\n<tr style=\"height: 32px\">\n<td style=\"width: 25%;height: 32px\">Ajak- \u00e9s sz\u00e1jpadhasad\u00e9kos gyermekek komplex ell\u00e1t\u00e1sa<\/td>\n<td style=\"width: 25%;height: 32px\">Dr. R\u00f3zsa No\u00e9mi Katinka habil. PhD, Dr. \u00c1cs Lili<\/td>\n<td style=\"width: 25%;height: 32px\">\n<p>Vezet\u0151: Dr. Nemes B\u00e1lint<\/p>\n<p>Dr. Nemes B\u00e1lint, Dr. B\u00e1nyai Dorottya Ph.D, Dr. \u00c1cs Lili, Dr. Nghiem Lien Peggi, Dr. Bosch Anna, Dr. Olasz Fl\u00f3ra Helga, Dr. Adorj\u00e1n Di\u00e1na<\/p>\n<\/td>\n<td style=\"width: 25%;height: 32px\">Dr. Olasz Fl\u00f3ra<\/td>\n<\/tr>\n<tr style=\"height: 32px\">\n<td style=\"width: 25%;height: 32px\">Korai premol\u00e1ris enukle\u00e1ci\u00f3 hat\u00e1sainak vizsg\u00e1lata<\/td>\n<td style=\"width: 25%;height: 32px\">Dr. R\u00f3zsa No\u00e9mi Katinka Ph.D, med habil., Dr. Frank Dorottya Ph.D.<\/td>\n<td style=\"width: 25%;height: 32px\">\u00a0<\/td>\n<td style=\"width: 25%;height: 32px\">Dr. Heckenast Lili<\/td>\n<\/tr>\n<tr style=\"height: 32px\">\n<td style=\"width: 25%;height: 32px\">A HPV-vel \u00f6sszef\u00fcgg\u0151 betegs\u00e9gek vizsg\u00e1lata a k\u00fcl\u00f6nb\u00f6z\u0151 anat\u00f3miai ter\u00fcleteken \u00e9s azok megel\u0151z\u00e9s\u00e9re ir\u00e1nyul\u00f3 lehet\u0151s\u00e9gek<\/td>\n<td style=\"width: 25%;height: 32px\">Dr. R\u00f3zsa No\u00e9mi Katinka Ph.D, med.habil, Prof. Dr. \u00c1cs N\u00e1ndor<\/td>\n<td style=\"width: 25%;height: 32px\">\u00a0<\/td>\n<td style=\"width: 25%;height: 32px\">Dr. M\u00f3zes Ad\u00e9l<\/td>\n<\/tr>\n<tr style=\"height: 32px\">\n<td style=\"width: 25%;height: 32px\">The latest advancements in digital orthodontics<\/td>\n<td style=\"width: 25%;height: 32px\">Dr. R\u00f3zsa No\u00e9mi Katinka Ph.D, med.habil, Dr. B\u00e1nyai Dorottya Ph.D.<\/td>\n<td style=\"width: 25%;height: 32px\">\u00a0<\/td>\n<td style=\"width: 25%;height: 32px\">Dr. Kreuter Patrik<\/td>\n<\/tr>\n<\/tbody>\n<\/table>\n<p>&nbsp;<\/p>\n<h5>V\u00e1laszthat\u00f3 kutat\u00e1si t\u00e9m\u00e1k:<\/h5>\n<ul>\n<li>A Molaris-incisivus-hypomineralisatio vizsg\u00e1lata gyermekkorban<\/li>\n<li>Gyermekkori cariesrizik\u00f3-vizsg\u00e1latok Caries Assesment Tool-rendszer (CAT) seg\u00edts\u00e9g\u00e9vel<\/li>\n<li>A gyermekkori cariesinfiltratio hat\u00e9konys\u00e1g\u00e1nak vizsg\u00e1lata a fogzom\u00e1nc enyhe struktur\u00e1lis elv\u00e1ltoz\u00e1sai eset\u00e9ben<\/li>\n<li>A fog\u00e1szati f\u00e9lelem h\u00e1tt\u00e9r t\u00e9nyez\u0151inek vizsg\u00e1lata pszichofizil\u00f3giai param\u00e9terek alapj\u00e1n gyermek \u00e9s serd\u00fcl\u0151 popul\u00e1ci\u00f3n<\/li>\n<li>A fog\u00e1szati prevenci\u00f3t, illetve rehabilit\u00e1ci\u00f3t el\u0151seg\u00edt\u0151 diagnosztikai \u00e9s ter\u00e1pi\u00e1s aspektusok a craniofaci\u00e1lis r\u00e9gi\u00f3t \u00e9rint\u0151 megbeteged\u00e9sekben<\/li>\n<li>Fogfejl\u0151d\u00e9si rendelleness\u00e9gek \u00e9s orthodontiai k\u00f6vetkezm\u00e9nyeik<\/li>\n<li>Marad\u00f3fog s\u00e9r\u00fcl\u00e9sek \u00e9s ell\u00e1t\u00e1suk<\/li>\n<li>Fogazati \u00e9s \u00e1llcsont orthop\u00e9diai rendelleness\u00e9gek vizsg\u00e1lata gyermekkorban, biomechanikai r\u00f6ntgenol\u00f3giai \u00e9s pszichoszomatikai vonatkoz\u00e1sok, gy\u00f3gy\u00edt\u00f3 \u00e9s megel\u0151z\u0151 elj\u00e1r\u00e1sok<\/li>\n<li>H\u00e1romdimenzi\u00f3s kefalometriai vizsg\u00e1latok.<\/li>\n<li>Fogbalesetet szenvedett gyermekek komplex ell\u00e1t\u00e1sa<\/li>\n<li>Nehezen kezelhet\u0151 gyermekek ell\u00e1t\u00e1sa<\/li>\n<li>Rendszerbetegs\u00e9gben szenved\u0151 gyermekek komplex fog\u00e1szati ell\u00e1t\u00e1sa<\/li>\n<li>Ajak- \u00e9s sz\u00e1jpadhasad\u00e9kos gyermekek komplex ell\u00e1t\u00e1sa<\/li>\n<li>TMI diszfunkci\u00f3k vizsg\u00e1lata<\/li>\n<li>Fogak sz\u00e1mbeli rendelleness\u00e9geinek vizsg\u00e1lata \u00e9s ter\u00e1pi\u00e1ja<\/li>\n<li>Korona-gy\u00f6k\u00e9r ar\u00e1ny m\u00e9r\u00e9se k\u00fcl\u00f6nb\u00f6z\u0151 popul\u00e1ci\u00f3kban<\/li>\n<li>Fluor k\u00e9sz\u00edtm\u00e9nyek hat\u00e1sa a plakk-k\u00e9pz\u0151d\u00e9sre \u00e9s a gingiva \u00e1llapot\u00e1ra<\/li>\n<li>Fogszab\u00e1lyoz\u00f3 kezel\u00e9sek sz\u00f6v\u0151dm\u00e9nyei<\/li>\n<li>Pulpasz\u00f6veti elv\u00e1ltoz\u00e1sok vizsg\u00e1lata diab\u00e9teszben<\/li>\n<li>Fog\u00e1szati f\u00e9lelem \u00e9s szorong\u00e1s epidemiol\u00f3giai vizsg\u00e1lata gyermek popul\u00e1ci\u00f3n,a fog\u00e1szati pszichoszomatika orthodontiai vonatkoz\u00e1sai<\/li>\n<li>Fogazati \u00e9s \u00e1llcsont-orthop\u00e9diai rendelleness\u00e9gek vizsg\u00e1lata gyermekkorban;biomechanikai, r\u00f6ntgenol\u00f3giai \u00e9s pszichoszomatikai vonatkoz\u00e1sok<\/li>\n<li>Fogszab\u00e1lyoz\u00f3 \u00edvek tulajdons\u00e1gaiban k\u00fcl\u00f6nb\u00f6z\u0151 hat\u00e1sokra bek\u00f6vetkez\u0151 v\u00e1ltoz\u00e1sok vizsg\u00e1lata<\/li>\n<li>A MIH diagnosztik\u00e1ja \u00e9s ter\u00e1pi\u00e1s lehet\u0151s\u00e9gei<\/li>\n<\/ul>\n<p>&nbsp;<\/p>\n","protected":false},"excerpt":{"rendered":"<p>T\u00e9ma T\u00e9ma vezet\u0151(k) Kutat\u00f3(k)\/ kutat\u00f3csoport vezet\u0151(k) Ph.D. hallgat\u00f3(k)\/ TDK hallgat\u00f3(k) A v\u00e1rand\u00f3ss\u00e1g alatti anyai t\u00e9nyez\u0151k hat\u00e1sa az ajak- \u00e9s sz\u00e1jpadhasad\u00e9kok kialakul\u00e1s\u00e1ra Dr. Nagy Kriszti\u00e1n Ph.D. Dr. \u00c1cs Lili Judit \u00a0 Konvol\u00faci\u00f3s neur\u00e1lis h\u00e1l\u00f3 edz\u00e9se cephalometriai \u00e9rt\u00e9kekkel jel\u00f6lt oldalir\u00e1ny\u00fa teler\u00f6ntgen felv\u00e9teleken Dr. R\u00f3zsa No\u00e9mi Katinka Ph.D med. habil Dr. Somorjai \u00c1bris, K\u00f6penczei Csenge Dr. Bagdy-B\u00e1lint R\u00e9ka &hellip;<\/p>\n","protected":false},"author":102206,"featured_media":0,"parent":1914,"menu_order":2,"comment_status":"closed","ping_status":"closed","template":"","meta":{"_acf_changed":false,"footnotes":""},"categories":[],"tags":[],"class_list":["post-9","page","type-page","status-publish","hentry"],"acf":[],"_links":{"self":[{"href":"https:\/\/semmelweis.hu\/gyermekfogaszat\/wp-json\/wp\/v2\/pages\/9","targetHints":{"allow":["GET"]}}],"collection":[{"href":"https:\/\/semmelweis.hu\/gyermekfogaszat\/wp-json\/wp\/v2\/pages"}],"about":[{"href":"https:\/\/semmelweis.hu\/gyermekfogaszat\/wp-json\/wp\/v2\/types\/page"}],"author":[{"embeddable":true,"href":"https:\/\/semmelweis.hu\/gyermekfogaszat\/wp-json\/wp\/v2\/users\/102206"}],"replies":[{"embeddable":true,"href":"https:\/\/semmelweis.hu\/gyermekfogaszat\/wp-json\/wp\/v2\/comments?post=9"}],"version-history":[{"count":9,"href":"https:\/\/semmelweis.hu\/gyermekfogaszat\/wp-json\/wp\/v2\/pages\/9\/revisions"}],"predecessor-version":[{"id":2332,"href":"https:\/\/semmelweis.hu\/gyermekfogaszat\/wp-json\/wp\/v2\/pages\/9\/revisions\/2332"}],"up":[{"embeddable":true,"href":"https:\/\/semmelweis.hu\/gyermekfogaszat\/wp-json\/wp\/v2\/pages\/1914"}],"wp:attachment":[{"href":"https:\/\/semmelweis.hu\/gyermekfogaszat\/wp-json\/wp\/v2\/media?parent=9"}],"wp:term":[{"taxonomy":"category","embeddable":true,"href":"https:\/\/semmelweis.hu\/gyermekfogaszat\/wp-json\/wp\/v2\/categories?post=9"},{"taxonomy":"post_tag","embeddable":true,"href":"https:\/\/semmelweis.hu\/gyermekfogaszat\/wp-json\/wp\/v2\/tags?post=9"}],"curies":[{"name":"wp","href":"https:\/\/api.w.org\/{rel}","templated":true}]}}