{"id":1820,"date":"2020-07-30T11:41:34","date_gmt":"2020-07-30T09:41:34","guid":{"rendered":"https:\/\/semmelweis.hu\/gyermekfogaszat\/?page_id=1820"},"modified":"2026-02-05T11:14:08","modified_gmt":"2026-02-05T10:14:08","slug":"tajekoztato-a-fogszabalyozo-kezelesekrol","status":"publish","type":"page","link":"https:\/\/semmelweis.hu\/gyermekfogaszat\/rendelesek\/tajekoztato-a-fogszabalyozo-kezelesekrol\/","title":{"rendered":"T\u00e1j\u00e9koztat\u00f3 a fogszab\u00e1lyoz\u00f3 kezel\u00e9sekr\u0151l, sz\u00e1jhigi\u00e9ni\u00e1r\u00f3l"},"content":{"rendered":"<p style=\"text-align: center\"><strong>\u00c1ltal\u00e1nos t\u00e1j\u00e9koztat\u00f3 a Semmelweis Egyetem Gyermekfog\u00e1szati \u00e9s Fogszab\u00e1lyoz\u00e1si Klinik\u00e1n t\u00f6rt\u00e9n\u0151 fogszab\u00e1lyoz\u00f3 kezel\u00e9sek menet\u00e9r\u0151l<\/strong><\/p>\n<p><a href=\"https:\/\/semmelweis.hu\/gyermekfogaszat\/files\/2024\/11\/Beleegyezo-nyilatkozat-fogszabihoz-minta-4.pdf\" target=\"_blank\" rel=\"noopener\">Beleegyez\u0151 nyilatkozat minta (pdf)<\/a><\/p>\n<p>Az SE FOK Gyermekfog\u00e1szati \u00e9s Fogszab\u00e1lyoz\u00e1si Klinika betegell\u00e1t\u00f3, fels\u0151oktat\u00e1si \u00e9s kutat\u00e1si int\u00e9zm\u00e9ny, ebb\u0151l kifoly\u00f3lag:<\/p>\n<ul>\n<li>Az orvosok, szakorvosok a p\u00e1ciensek ell\u00e1t\u00e1s mellett fels\u0151oktat\u00e1si \u00e9s kutat\u00e1si feladatokat is l\u00e1tnak el, ez jelent\u0151sen befoly\u00e1solhatja az id\u0151pontok tervez\u00e9s\u00e9t, egyeztet\u00e9s\u00e9t, ez\u00e9rt sz\u00edves meg\u00e9rt\u00e9s\u00fcket k\u00e9rj\u00fck;<\/li>\n<li>A betegell\u00e1t\u00e1s egy m\u0171szakban, d\u00e9lel\u0151tt t\u00f6rt\u00e9nik, ezen bel\u00fcl is a kezel\u00e9si id\u0151pontoknak igazodniuk kell az oktat\u00e1shoz, a mindenkori \u00f3rarendhez. A tanint\u00e9zm\u00e9nyek, iskol\u00e1k r\u00e9sz\u00e9re a kezel\u00e9sek miatt elmulasztott tan\u00f3r\u00e1kat igazoljuk.<\/li>\n<li>Az oktat\u00f3 szakorvosok szoros fel\u00fcgyelete mellett, m\u00e1r klinikai tapasztalattal rendelkez\u0151 v\u00e9gz\u0151s fogorvostan hallgat\u00f3k \u00e9s szakorvos jel\u00f6ltek is r\u00e9szt vesznek a p\u00e1ciensek vizsg\u00e1lat\u00e1ban \u00e9s kezel\u00e9s\u00e9ben.<\/li>\n<\/ul>\n<p>A fogszab\u00e1lyoz\u00f3 ell\u00e1t\u00e1s c\u00e9lja a fogak, fogazat \u00e9s \u00e1llcsontok orthodonciai rendelleness\u00e9geinek korrig\u00e1l\u00e1sa.<\/p>\n<p>Int\u00e9zm\u00e9ny\u00fcnkben<\/p>\n<ul>\n<li>fogszab\u00e1lyoz\u00f3 szakell\u00e1t\u00e1st a ter\u00fcleti ell\u00e1t\u00e1si k\u00f6telezetts\u00e9g\u00fcnknek megfelel\u0151en <strong>P\u00e1ty <\/strong>lakosai <em>fogszab\u00e1lyoz\u00e1si beutal\u00f3val<\/em> vehetnek ig\u00e9nybe;<\/li>\n<li>ezek mellett a Klinika <strong><em>emelt szint\u0171 fogszab\u00e1lyoz\u00e1si szakell\u00e1t\u00e1st<\/em><\/strong> biztos\u00edt orsz\u00e1gos szinten. Az emelet szint\u0171 szakell\u00e1t\u00e1sra egy\u00e9b betegs\u00e9g hi\u00e1nya eset\u00e9n fogszab\u00e1lyoz\u00f3 szakorvos utalhatja a beteget, err\u0151l b\u0151vebb t\u00e1j\u00e9koztat\u00e1st itt tal\u00e1l;<\/li>\n<li>a fogszab\u00e1lyoz\u00f3 kezel\u00e9s megkezd\u00e9se el\u0151tt a kezel\u0151orvos diagnosztikai c\u00e9llal lenyomatokat, r\u00f6ntgeneket, arc- \u00e9s sz\u00e1jfot\u00f3kat k\u00e9sz\u00edt, hogy az elt\u00e9r\u00e9s s\u00falyoss\u00e1g\u00e1t meg tudja hat\u00e1rozni, majd ezek alapj\u00e1n kezel\u00e9si tervet \u00e1ll\u00edt fel. Ez ut\u00f3bbit a beteggel, illetve kiskor\u00fa p\u00e1ciens eset\u00e9ben sz\u00fcl\u0151vel\/gondvisel\u0151vel egyezteti, amennyiben a beteg vagy sz\u00fcl\u0151je\/gondvisel\u0151je elfogadja a javasolt kezel\u00e9st, \u00e9s err\u0151l \u00edr\u00e1sban is nyilatkozik, kezd\u0151dhet meg a fogszab\u00e1lyoz\u00e1s<\/li>\n<\/ul>\n<p>K\u00e9rj\u00fck, vegy\u00e9k figyelembe, hogy minden fogszab\u00e1lyoz\u00f3 kezel\u00e9s egy\u00e9ni, p\u00e1cienshez \u00e9s kezel\u0151orvoshoz, kezel\u00e9si tervhez, alkalmazott k\u00e9sz\u00fcl\u00e9khez k\u00f6t\u00f6tt.\u00a0 Ennek k\u00f6vetkezt\u00e9ben, m\u00e1s int\u00e9zm\u00e9nyben megkezdett fogszab\u00e1lyoz\u00f3 kezel\u00e9st folytatni nem, vagy csak nagyon indokolt, s\u00falyos esetben tudunk. Minden ilyen esetben, f\u00fcggetlen\u00fcl az \u00e1tv\u00e9telig elv\u00e9gzett kezel\u00e9sekt\u0151l, \u00faj diagnosztikus folyamatot ind\u00edtunk, \u00e9s csak a saj\u00e1t, m\u00e1r a Klinik\u00e1n k\u00e9sz\u00fclt kezel\u00e9si tervez\u00e9s ut\u00e1n fogjuk indokolt esetben folytatni a kezel\u00e9st, vagy adott esetben \u00fajrakezdeni. Az alkalmazott fogszab\u00e1lyoz\u00f3 k\u00e9sz\u00fcl\u00e9kek t\u00edpusa, anyaga az egyetemi k\u00f6zbeszerz\u00e9s \u00e9s a Klinika szakmai profilja alapj\u00e1n ker\u00fcl meghat\u00e1roz\u00e1sra, \u00edgy az \u00faj kezel\u00e9si terv az esetek nagy r\u00e9sz\u00e9ben a r\u00e9gi k\u00e9sz\u00fcl\u00e9k elt\u00e1vol\u00edt\u00e1s\u00e1t vonhatja maga ut\u00e1n (ennek \u00f6sszes k\u00f6lts\u00e9gvonzat\u00e1val a p\u00e1ciens \u00e9s csal\u00e1dja sz\u00e1m\u00e1ra).<\/p>\n<p><strong>T\u00e1j\u00e9koztat\u00f3 fogszab\u00e1lyoz\u00f3 kezel\u00e9s megkezd\u00e9s\u00e9nek felt\u00e9teleir\u0151l<\/strong><\/p>\n<p>T\u00e1j\u00e9koztatjuk leend\u0151 P\u00e1cienseinket, hogy a fogszab\u00e1lyoz\u00f3 kezel\u00e9s megkezd\u00e9s\u00e9re kiz\u00e1r\u00f3lag abban az esetben van lehet\u0151s\u00e9g, ha a p\u00e1ciens fogazata teljes m\u00e9rt\u00e9kben eg\u00e9szs\u00e9ges \u00e9s megfelel\u0151en el\u0151k\u00e9sz\u00edtett. A kezel\u00e9s ind\u00edt\u00e1s\u00e1nak alapfelt\u00e9tele a szan\u00e1lt, szuvasod\u00e1smentes \u00e9s fogk\u0151mentes fogazat, valamint a megfelel\u0151 sz\u00e1jhigi\u00e9n\u00e9.<\/p>\n<p>A fogszab\u00e1lyoz\u00f3 k\u00e9sz\u00fcl\u00e9k visel\u00e9se fokozott terhel\u00e9st jelent a fogak \u00e9s az \u00edny sz\u00e1m\u00e1ra, ez\u00e9rt a kezeletlen szuvasod\u00e1s vagy a fogk\u0151 jelenl\u00e9te a kezel\u00e9s sor\u00e1n s\u00falyosabb fogazati \u00e9s\u00a0 parodont\u00e1lis probl\u00e9m\u00e1k kialakul\u00e1s\u00e1hoz vezethet. Ennek elker\u00fcl\u00e9se \u00e9rdek\u00e9ben sz\u00fcks\u00e9ges a helyes fog- \u00e9s sz\u00e1j\u00e1pol\u00e1si szok\u00e1sok elsaj\u00e1t\u00edt\u00e1sa a fogszab\u00e1lyoz\u00f3 felhelyez\u00e9se el\u0151tt.<\/p>\n<p>Amennyiben a vizsg\u00e1lat sor\u00e1n kezel\u00e9st ig\u00e9nyl\u0151 elt\u00e9r\u00e9st \u00e9szlel\u00fcnk, a fogszab\u00e1lyoz\u00f3 kezel\u00e9s megkezd\u00e9se csak a sz\u00fcks\u00e9ges beavatkoz\u00e1sok elv\u00e9gz\u00e9s\u00e9t k\u00f6vet\u0151en lehets\u00e9ges. K\u00e9rj\u00fck P\u00e1cienseink meg\u00e9rt\u00e9s\u00e9t \u00e9s egy\u00fcttm\u0171k\u00f6d\u00e9s\u00e9t annak \u00e9rdek\u00e9ben, hogy a fogszab\u00e1lyoz\u00f3 kezel\u00e9s biztons\u00e1gos, hat\u00e9kony \u00e9s hossz\u00fa t\u00e1von is eredm\u00e9nyes legyen.<\/p>\n<p><strong>A fogszab\u00e1lyoz\u00e1si kezel\u00e9s id\u0151tartalm\u00e1r\u00f3l:<\/strong><\/p>\n<ul>\n<li>a fogszab\u00e1lyoz\u00e1si kezel\u00e9s egy elh\u00faz\u00f3d\u00f3, t\u00f6bb \u00e9ves folyamat, mely sor\u00e1n kiemelten fontos, hogy j\u00f3 kommunik\u00e1ci\u00f3 \u00e9s egy\u00fcttm\u0171k\u00f6d\u00e9s legyen a beteg \u00e9s az orvos k\u00f6z\u00f6tt, k\u00fcl\u00f6n\u00f6s tekintettel a rendszeres ellen\u0151rz\u00e9seken val\u00f3 pontos megjelen\u00e9sre, a kezel\u0151orvos utas\u00edt\u00e1sainak pontos betart\u00e1s\u00e1ra, \u00e9s a mindv\u00e9gig kiv\u00e1l\u00f3 sz\u00e1jhigi\u00e9ne fenntart\u00e1s\u00e1ra;<\/li>\n<li>amennyiben a kezel\u00e9s folyam\u00e1n a sz\u00e1jhigi\u00e9ne hi\u00e1nyoss\u00e1gokat mutat, vagy a p\u00e1ciens nem tartja be a kezel\u0151orvos\/dent\u00e1l higi\u00e9nikus utas\u00edt\u00e1sait, a kezel\u0151orvos a tov\u00e1bbi sz\u00f6v\u0151dm\u00e9nyek elker\u00fcl\u00e9se v\u00e9gett a fogszab\u00e1lyoz\u00e1s megszak\u00edt\u00e1s\u00e1t javasolhatja, az el\u00e9rt eredm\u00e9ny, illetve annak stabilit\u00e1s\u00e1t\u00f3l f\u00fcggetlen\u00fcl.<\/li>\n<\/ul>\n<p><strong>A fogszab\u00e1lyoz\u00f3 kezel\u00e9s k\u00f6lts\u00e9geir\u0151l:<\/strong><\/p>\n<ul>\n<li>fogorvosi munkad\u00edj: 18 \u00e9ves korig, illetve nappali tagozatos k\u00f6z\u00e9piskola, szakk\u00e9pz\u0151iskola l\u00e1togat\u00e1sa eset\u00e9n (iskolal\u00e1togat\u00e1si igazol\u00e1s felmutat\u00e1sa mellett) a tanulm\u00e1nyok befejez\u00e9s\u00e9ig t\u00e9r\u00edt\u00e9smentes;<\/li>\n<li>a fogszab\u00e1lyoz\u00f3 k\u00e9sz\u00fcl\u00e9kek t\u00e1mogat\u00e1sa\n<ul>\n<li>a fogszab\u00e1lyoz\u00f3 k\u00e9sz\u00fcl\u00e9kek technikai, illetve anyagk\u00f6lts\u00e9g\u00e9nek egy r\u00e9sze a t\u00e1rsadalombiztos\u00edt\u00e1s \u00e1ltal t\u00e1mogatott, a t\u00e1mogatott k\u00e9sz\u00fcl\u00e9kek list\u00e1j\u00e1t a NE\u00c1K honlapj\u00e1n lehet naprak\u00e9szen k\u00f6vetni;<\/li>\n<li>a t\u00e1mogat\u00e1s csak a 18. \u00e9let\u00e9v bet\u00f6lt\u00e9se el\u0151tt vehet\u0151 ig\u00e9nybe;<\/li>\n<\/ul>\n<\/li>\n<li>18 \u00e9ves kor bet\u00f6lt\u00e9se ut\u00e1n, amennyiben a p\u00e1ciens nem nappali tagozatos k\u00f6z\u00e9piskol\u00e1ba vagy szakk\u00e9pz\u0151iskola tanul\u00f3ja, a fogszab\u00e1lyoz\u00f3 k\u00e9sz\u00fcl\u00e9k \u00e9s a fogorvosi munkad\u00edj is \u00f6nk\u00f6lts\u00e9ges, a Klinik\u00e1n a Semmelweis Egyetem hat\u00e1lyban lev\u0151 \u00e1rlist\u00e1ja szerint hat\u00e1rozza meg a kezel\u0151orvos.<\/li>\n<\/ul>\n<p><strong>Seg\u00e9dletek a m\u00e1r megl\u00e9v\u0151 fogszab\u00e1lyzott fogakhoz:<\/strong><\/p>\n<ul style=\"list-style-type: disc\">\n<li><a href=\"https:\/\/semmelweis.hu\/gyermekfogaszat\/files\/2024\/02\/Fogak-tisztitasa-sablon-szerint_watermark_watermark.pdf\" target=\"_blank\" rel=\"noopener\">Fogszab\u00e1lyozott fogak tiszt\u00edt\u00e1sa sablon szerint (.pdf)<\/a><\/li>\n<li><a href=\"https:\/\/semmelweis.hu\/gyermekfogaszat\/files\/2024\/02\/Funkcios-keszulekek_watermark-1_watermark.pdf\" target=\"_blank\" rel=\"noopener\">Funkci\u00f3s fogszab\u00e1lyoz\u00f3 k\u00e9sz\u00fcl\u00e9kek (.pdf)<\/a><\/li>\n<li><a href=\"https:\/\/semmelweis.hu\/gyermekfogaszat\/files\/2024\/02\/Hyrax-keszulek_w.pdf\" target=\"_blank\" rel=\"noopener\">Minden amit tudni kell a Hyrax k\u00e9sz\u00fcl\u00e9kr\u0151l (pdf)<\/a><\/li>\n<li><a href=\"https:\/\/semmelweis.hu\/gyermekfogaszat\/files\/2024\/02\/Kiveheto-fogszabalyozo-tisztitasa-sablon-szerint_w.pdf\" target=\"_blank\" rel=\"noopener\">Kivehet\u0151 fogszab\u00e1lyoz\u00f3 tiszt\u00edt\u00e1sa sablon szerint (.pdf)<\/a><\/li>\n<li><a href=\"https:\/\/semmelweis.hu\/gyermekfogaszat\/files\/2024\/02\/Retencios-keszulekek_w.pdf\" target=\"_blank\" rel=\"noopener\">Minden amit tudni kell a Retenci\u00f3s k\u00e9sz\u00fcl\u00e9kekr\u0151l (.pdf)<\/a><\/li>\n<li>\n<p><a href=\"https:\/\/semmelweis.hu\/gyermekfogaszat\/files\/2024\/02\/Tanacsok-sablon-szerint_w.pdf\" target=\"_blank\" rel=\"noopener\">Tan\u00e1csok r\u00f6gz\u00edtett fogszab\u00e1lyoz\u00f3t visel\u0151 p\u00e1cienseknek (.pdf)<\/a><\/p>\n<\/li>\n<\/ul>\n","protected":false},"excerpt":{"rendered":"<p>\u00c1ltal\u00e1nos t\u00e1j\u00e9koztat\u00f3 a Semmelweis Egyetem Gyermekfog\u00e1szati \u00e9s Fogszab\u00e1lyoz\u00e1si Klinik\u00e1n t\u00f6rt\u00e9n\u0151 fogszab\u00e1lyoz\u00f3 kezel\u00e9sek menet\u00e9r\u0151l <a href=\"https:\/\/semmelweis.hu\/gyermekfogaszat\/files\/2024\/11\/Beleegyezo-nyilatkozat-fogszabihoz-minta-4.pdf\" target=\"_blank\" rel=\"noopener\">Beleegyez\u0151 nyilatkozat minta (pdf)<\/a> Az SE FOK Gyermekfog\u00e1szati \u00e9s Fogszab\u00e1lyoz\u00e1si Klinika betegell\u00e1t\u00f3, fels\u0151oktat\u00e1si \u00e9s kutat\u00e1si int\u00e9zm\u00e9ny, ebb\u0151l kifoly\u00f3lag: Az orvosok, szakorvosok a p\u00e1ciensek ell\u00e1t\u00e1s mellett fels\u0151oktat\u00e1si \u00e9s kutat\u00e1si feladatokat is l\u00e1tnak el, ez jelent\u0151sen befoly\u00e1solhatja az id\u0151pontok tervez\u00e9s\u00e9t, egyeztet\u00e9s\u00e9t, ez\u00e9rt sz\u00edves meg\u00e9rt\u00e9s\u00fcket k\u00e9rj\u00fck; A betegell\u00e1t\u00e1s egy &hellip;<\/p>\n","protected":false},"author":102206,"featured_media":0,"parent":528,"menu_order":1,"comment_status":"closed","ping_status":"closed","template":"","meta":{"_acf_changed":false,"footnotes":""},"categories":[],"tags":[],"class_list":["post-1820","page","type-page","status-publish","hentry"],"acf":[],"_links":{"self":[{"href":"https:\/\/semmelweis.hu\/gyermekfogaszat\/wp-json\/wp\/v2\/pages\/1820","targetHints":{"allow":["GET"]}}],"collection":[{"href":"https:\/\/semmelweis.hu\/gyermekfogaszat\/wp-json\/wp\/v2\/pages"}],"about":[{"href":"https:\/\/semmelweis.hu\/gyermekfogaszat\/wp-json\/wp\/v2\/types\/page"}],"author":[{"embeddable":true,"href":"https:\/\/semmelweis.hu\/gyermekfogaszat\/wp-json\/wp\/v2\/users\/102206"}],"replies":[{"embeddable":true,"href":"https:\/\/semmelweis.hu\/gyermekfogaszat\/wp-json\/wp\/v2\/comments?post=1820"}],"version-history":[{"count":12,"href":"https:\/\/semmelweis.hu\/gyermekfogaszat\/wp-json\/wp\/v2\/pages\/1820\/revisions"}],"predecessor-version":[{"id":2951,"href":"https:\/\/semmelweis.hu\/gyermekfogaszat\/wp-json\/wp\/v2\/pages\/1820\/revisions\/2951"}],"up":[{"embeddable":true,"href":"https:\/\/semmelweis.hu\/gyermekfogaszat\/wp-json\/wp\/v2\/pages\/528"}],"wp:attachment":[{"href":"https:\/\/semmelweis.hu\/gyermekfogaszat\/wp-json\/wp\/v2\/media?parent=1820"}],"wp:term":[{"taxonomy":"category","embeddable":true,"href":"https:\/\/semmelweis.hu\/gyermekfogaszat\/wp-json\/wp\/v2\/categories?post=1820"},{"taxonomy":"post_tag","embeddable":true,"href":"https:\/\/semmelweis.hu\/gyermekfogaszat\/wp-json\/wp\/v2\/tags?post=1820"}],"curies":[{"name":"wp","href":"https:\/\/api.w.org\/{rel}","templated":true}]}}