{"id":97,"date":"2026-05-20T14:38:11","date_gmt":"2026-05-20T12:38:11","guid":{"rendered":"https:\/\/semmelweis.hu\/gsi\/?page_id=97"},"modified":"2026-08-31T17:15:33","modified_gmt":"2026-08-31T15:15:33","slug":"tdk-kepzes","status":"publish","type":"page","link":"https:\/\/semmelweis.hu\/gsi\/tdk-kepzes\/","title":{"rendered":"TDK k\u00e9pz\u00e9s"},"content":{"rendered":"<h3 class=\"Norml1\" style=\"text-align: justify\">Tudom\u00e1nyos Di\u00e1kk\u00f6ri k\u00e9pz\u00e9s<\/h3>\n<div class=\"keretes\">\n<h5>Az Int\u00e9zet TDK felel\u0151se:<\/h5>\n<p>Dr. Tak\u00e1cs Ang\u00e9la<br \/>\n<a href=\"mailto:takacs.angela@semmelweis.hu\"><span style=\"line-height: 1.5\">takacs.angela@semmelweis.hu<\/span><\/a><\/p>\n<\/div>\n<p style=\"text-align: left\">Int\u00e9zet\u00fcnk tudom\u00e1nyos fokozattal rendelkez\u0151 munkat\u00e1rsai tudom\u00e1nyos di\u00e1kk\u00f6ri k\u00e9pz\u00e9st szerveznek, melynek sor\u00e1n v\u00e1llalj\u00e1k a felv\u00e9telt nyert hallgat\u00f3k elm\u00e9leti \u00e9s gyakorlati k\u00e9pz\u00e9s\u00e9t \u00e9s bevezet\u00e9s\u00fcket az \u00f6n\u00e1ll\u00f3 k\u00eds\u00e9rletes laborat\u00f3riumi munk\u00e1ba. Az Int\u00e9zet c\u00e9lkit\u0171z\u00e9se, hogy a tudom\u00e1nyos di\u00e1kk\u00f6ri foglalkoz\u00e1sok sor\u00e1n el\u00e9rt eredm\u00e9nyekr\u0151l a hallgat\u00f3k az SE Tudom\u00e1nyos Di\u00e1kk\u00f6ri Konferenci\u00e1j\u00e1n \u00e9s az Orsz\u00e1gos Tudom\u00e1nyos Di\u00e1kk\u00f6ri Konferenci\u00e1kon sz\u00e1moljanak be. A tudom\u00e1nyos di\u00e1kk\u00f6ri tev\u00e9kenys\u00e9get a Semmelweis Egyetem Tudom\u00e1nyos Di\u00e1kk\u00f6r\u00f6seinek Szervezeti \u00e9s M\u0171k\u00f6d\u00e9si Szab\u00e1lyzata szab\u00e1lyozza.<\/p>\n<p style=\"font-size: 17.5px\"><div class=\"responsive-tabs\">\n<h2 class=\"tabtitle\">Meghirdetett t\u00e9m\u00e1k<\/h2>\n<div class=\"tabcontent\">\n<\/p>\n<h5>TDK t\u00e9m\u00e1k:<\/h5>\n<ul>\n<li>Tumorellenes szerek mell\u00e9khat\u00e1s\u00e1nak megel\u0151z\u00e9s\u00e9re szolg\u00e1l\u00f3 ter\u00e1pi\u00e1s strat\u00e9gi\u00e1k in vitro vizsg\u00e1lata<br \/>\n<em>Dr. Lajk\u00f3 Eszter, Dr. B\u00f3dis-Sz\u00e1sz Adrienn Zs\u00f3fia<\/em><\/li>\n<li>\u00d6nszervez\u0151d\u0151 peptid alap\u00fa hidrog\u00e9lek vizsg\u00e1lata 3D teny\u00e9szetek kialak\u00edt\u00e1s\u00e1ra \u00e9s in vitro vizsg\u00e1lat\u00e1ra <br \/>\n<em>Dr. Lajk\u00f3 Eszter<\/em><\/li>\n<li>Az extracellul\u00e1ris vezikul\u00e1k diagnosztikai \u00e9s prognoszitkai szerepe a tumor-induk\u00e1lt sz\u00edvizom-atr\u00f3fi\u00e1ban<br \/>\n<em>Dr. Bugyik Edina<\/em><\/li>\n<\/ul>\n<h5>Rektori p\u00e1ly\u00e1zat t\u00e9m\u00e1k:<\/h5>\n<ul>\n<li>Endot\u00e9l progenitor sejt eredet\u0171 extracellul\u00e1ris vezikul\u00e1k ter\u00e1pi\u00e1s lehet\u0151s\u00e9gei sz\u00edvbetegs\u00e9gekben<br \/>\n<em>Dr. Hegyesi Hargita<\/em><\/li>\n<li>Embrion\u00e1lis \u0151ssejt extracellul\u00e1ris vezikul\u00e1k immunszab\u00e1lyoz\u00f3 szerepe<br \/>\n<em>Dr. Hegyesi Hargita<\/em><\/li>\n<li>Gy\u00f3gyszerjel\u00f6lt molekul\u00e1k hat\u00e1sainak vizsg\u00e1lata az autof\u00e1gi\u00e1ra, az autofagosz\u00f3m\u00e1k \u00e9s amfisz\u00f3m\u00e1k kialakul\u00e1s\u00e1ra<br \/>\n<em>Dr. Visnovitz Tam\u00e1s<\/em><\/li>\n<\/ul>\n<p>&nbsp;<\/p>\n\n<\/div><h2 class=\"tabtitle\">TDK hallgat\u00f3ink<\/h2>\n<div class=\"tabcontent\">\n\n<table style=\"border-collapse: collapse;width: 100%\">\n<thead>\n<tr>\n<td style=\"width: 17.0843%\"><strong>Hallgat\u00f3<\/strong><\/td>\n<td style=\"width: 6.69933%\"><strong>TDK kezdete<\/strong><\/td>\n<td style=\"width: 30.3014%\"><strong>T\u00e9mavezet\u0151<\/strong><\/td>\n<td style=\"width: 45.915%\"><strong>T\u00e9ma<\/strong><\/td>\n<\/tr>\n<\/thead>\n<tbody>\n<tr>\n<td style=\"width: 17.0843%\">Bagu B\u00e1lint<\/td>\n<td style=\"width: 6.69933%\">2022<\/td>\n<td style=\"width: 30.3014%\">Dr. Lajk\u00f3 Eszter, Dr. B\u00f3dis-Sz\u00e1sz Adrienn Zs\u00f3fia<\/td>\n<td style=\"width: 45.915%\">Tumorellenes szerek mell\u00e9khat\u00e1s\u00e1nak megel\u0151z\u00e9s\u00e9re szolg\u00e1l\u00f3 ter\u00e1pi\u00e1s strat\u00e9gi\u00e1k in vitro vizsg\u00e1lata<\/td>\n<\/tr>\n<tr>\n<td style=\"width: 17.0843%\">Bajnay Gertr\u00fad Borb\u00e1la<\/td>\n<td style=\"width: 6.69933%\">2024<\/td>\n<td style=\"width: 30.3014%\">Dr. Bugyik Edina<\/td>\n<td style=\"width: 45.915%\">Tumor-induk\u00e1lt sz\u00edvizom-atr\u00f3fia vizsg\u00e1lata in vitro\/in vivo<\/td>\n<\/tr>\n<tr>\n<td style=\"width: 17.0843%\">Bajnok Endre<\/td>\n<td style=\"width: 6.69933%\">2024<\/td>\n<td style=\"width: 30.3014%\">Dr. Ze\u00f6ld Anik\u00f3, Hampuch \u00c1d\u00e1m<\/td>\n<td style=\"width: 45.915%\">\u00a0<\/td>\n<\/tr>\n<tr>\n<td style=\"width: 17.0843%\">Bolyki Tam\u00e1s<\/td>\n<td style=\"width: 6.69933%\">2023<\/td>\n<td style=\"width: 30.3014%\">Dr. Hegyesi Hargita<\/td>\n<td style=\"width: 45.915%\">EV-k szerep\u00e9nek vizsg\u00e1lata a doxorubicin okozta kardiotoxicit\u00e1s\u00e1ban<\/td>\n<\/tr>\n<tr>\n<td style=\"width: 17.0843%\">Cukul, Defne<\/td>\n<td style=\"width: 6.69933%\">2025<\/td>\n<td style=\"width: 30.3014%\">Dr. Tak\u00e1cs Ang\u00e9la, Dr. K\u0151hidai Zs\u00f3fia<\/td>\n<td style=\"width: 45.915%\">\u00a0<\/td>\n<\/tr>\n<tr>\n<td style=\"width: 17.0843%\">Csont Krist\u00f3f<\/td>\n<td style=\"width: 6.69933%\">2022<\/td>\n<td style=\"width: 30.3014%\">Dr. Hegyesi Hargita<\/td>\n<td style=\"width: 45.915%\">Endot\u00e9l progentor sejt eredet\u0171 extracellul\u00e1ris vezikul\u00e1k hat\u00e1sa a kardiomiocit\u00e1kra<\/td>\n<\/tr>\n<tr>\n<td style=\"width: 17.0843%\">D\u00e9ri Bern\u00e1t<\/td>\n<td style=\"width: 6.69933%\">2025<\/td>\n<td style=\"width: 30.3014%\">Dr. Lajk\u00f3 Eszter<\/td>\n<td style=\"width: 45.915%\">\u00d6nszervez\u0151d\u0151 peptid alap\u00fa hidrog\u00e9lek vizsg\u00e1lata 3D teny\u00e9szetek kialak\u00edt\u00e1s\u00e1ra \u00e9s in vitro vizsg\u00e1lat\u00e1ra<\/td>\n<\/tr>\n<tr>\n<td style=\"width: 17.0843%\">Dud\u00e1s Istv\u00e1n<\/td>\n<td style=\"width: 6.69933%\">2023<\/td>\n<td style=\"width: 30.3014%\">Dr. Visnovitz Tam\u00e1s, Lenzinger Dorina<\/td>\n<td style=\"width: 45.915%\">Nem konvencion\u00e1lis EV-k vizsg\u00e1lata<\/td>\n<\/tr>\n<tr>\n<td style=\"width: 17.0843%\">Ebrahimi, Sophia<\/td>\n<td style=\"width: 6.69933%\">2025<\/td>\n<td style=\"width: 30.3014%\">Dr. Orb\u00e1n Tam\u00e1s<\/td>\n<td style=\"width: 45.915%\">miRNA processing pathways<\/td>\n<\/tr>\n<tr>\n<td style=\"width: 17.0843%\">Farzin, Farzan<\/td>\n<td style=\"width: 6.69933%\">2025<\/td>\n<td style=\"width: 30.3014%\">Orosz Adri\u00e1n, Prof. Wiener Zolt\u00e1n<\/td>\n<td style=\"width: 45.915%\">\u00a0<\/td>\n<\/tr>\n<tr>\n<td style=\"width: 17.0843%\">Hayes, Megan<\/td>\n<td style=\"width: 6.69933%\">2025<\/td>\n<td style=\"width: 30.3014%\">Dr. Tak\u00e1cs Ang\u00e9la, Dr. K\u0151hidai Zs\u00f3fia<\/td>\n<td style=\"width: 45.915%\">\u00a0<\/td>\n<\/tr>\n<tr>\n<td style=\"width: 17.0843%\">Igaz Laura<\/td>\n<td style=\"width: 6.69933%\">2024<\/td>\n<td style=\"width: 30.3014%\">Kis D\u00e1vid, Prof. Wiener Zolt\u00e1n<\/td>\n<td style=\"width: 45.915%\">\u00a0<\/td>\n<\/tr>\n<tr>\n<td style=\"width: 17.0843%\">Ken\u00e9z M\u00e1rton<\/td>\n<td style=\"width: 6.69933%\">2025<\/td>\n<td style=\"width: 30.3014%\">Dr. Ors\u00f3 Evelin Katalin<\/td>\n<td style=\"width: 45.915%\">Extracellul\u00e1ris vezikul\u00e1k biogenezise<\/td>\n<\/tr>\n<tr>\n<td style=\"width: 17.0843%\">Kormos Bence<\/td>\n<td style=\"width: 6.69933%\">2025<\/td>\n<td style=\"width: 30.3014%\">Prof. Wiener Zolt\u00e1n, Kis D\u00e1vid<\/td>\n<td style=\"width: 45.915%\">\u00a0<\/td>\n<\/tr>\n<tr>\n<td style=\"width: 17.0843%\">Lankovics Lilla<\/td>\n<td style=\"width: 6.69933%\">2023<\/td>\n<td style=\"width: 30.3014%\">Dr. Visnovitz Tam\u00e1s, Lenzinger Dorina<\/td>\n<td style=\"width: 45.915%\">Nem konvencion\u00e1lis EV-k vizsg\u00e1lata<\/td>\n<\/tr>\n<tr>\n<td style=\"width: 17.0843%\">Led\u00f3 Levente Zolt\u00e1n<\/td>\n<td style=\"width: 6.69933%\">2023<\/td>\n<td style=\"width: 30.3014%\">Sereg\u00e9lyes G\u00e1bor<\/td>\n<td style=\"width: 45.915%\">Bakteri\u00e1lis EV-k hat\u00e1sa THP-1 monocyt\u00e1kra<\/td>\n<\/tr>\n<tr>\n<td style=\"width: 17.0843%\">Nagy Bogl\u00e1rka<\/td>\n<td style=\"width: 6.69933%\">2022<\/td>\n<td style=\"width: 30.3014%\">Dr. Hegyesi Hargita<\/td>\n<td style=\"width: 45.915%\">Embrion\u00e1lis \u0151ssejt eredet\u0171 extracellul\u00e1ris vezikul\u00e1k jellemz\u00e9se<\/td>\n<\/tr>\n<tr>\n<td style=\"width: 17.0843%\">Polat, Can<\/td>\n<td style=\"width: 6.69933%\">2025<\/td>\n<td style=\"width: 30.3014%\">Dr. Tak\u00e1cs Ang\u00e9la<\/td>\n<td style=\"width: 45.915%\">\u00a0<\/td>\n<\/tr>\n<tr>\n<td style=\"width: 17.0843%\">Radics Dorka<\/td>\n<td style=\"width: 6.69933%\">2025<\/td>\n<td style=\"width: 30.3014%\">Hajd\u00f3 Szabolcs, Prof. Wiener Zolt\u00e1n<\/td>\n<td style=\"width: 45.915%\">\u00a0<\/td>\n<\/tr>\n<tr>\n<td style=\"width: 17.0843%\">Savic Branka<\/td>\n<td style=\"width: 6.69933%\">2022<\/td>\n<td style=\"width: 30.3014%\">Dr. Hegyesi Hargita<\/td>\n<td style=\"width: 45.915%\">Kardiomiocita eredet\u0171 extracellul\u00e1ris vezikul\u00e1k protekt\u00edv szerepe a sz\u00edv reperf\u00fazi\u00f3s k\u00e1rosod\u00e1s\u00e1ban<\/td>\n<\/tr>\n<tr>\n<td style=\"width: 17.0843%\">Seyedehmahdieh, Ghoreishi<\/td>\n<td style=\"width: 6.69933%\">2026<\/td>\n<td style=\"width: 30.3014%\">Dr. Kestecher, Brachyahu Meir<\/td>\n<td style=\"width: 45.915%\">\u00a0<\/td>\n<\/tr>\n<tr>\n<td style=\"width: 17.0843%\">Simon Zs\u00f3fia \u00c9va<\/td>\n<td style=\"width: 6.69933%\">\u00a0<\/td>\n<td style=\"width: 30.3014%\">\u00a0<\/td>\n<td style=\"width: 45.915%\">\u00a0<\/td>\n<\/tr>\n<tr>\n<td style=\"width: 17.0843%\">Sommer, Giulia Victoria<\/td>\n<td style=\"width: 6.69933%\">2025<\/td>\n<td style=\"width: 30.3014%\">Dr. Tak\u00e1cs Ang\u00e9la, Dr. K\u0151hidai Zs\u00f3fia<\/td>\n<td style=\"width: 45.915%\">\u00a0<\/td>\n<\/tr>\n<tr>\n<td style=\"width: 17.0843%\">Sz\u00e9kely \u00c1rp\u00e1d<\/td>\n<td style=\"width: 6.69933%\">2026<\/td>\n<td style=\"width: 30.3014%\">Prof. Wiener Zolt\u00e1n<\/td>\n<td style=\"width: 45.915%\">\u00a0<\/td>\n<\/tr>\n<tr>\n<td style=\"width: 17.0843%\">Tamura, Ririka<\/td>\n<td style=\"width: 6.69933%\">2024<\/td>\n<td style=\"width: 30.3014%\">Khamari, Delaram<\/td>\n<td style=\"width: 45.915%\">\u00a0<\/td>\n<\/tr>\n<tr>\n<td style=\"width: 17.0843%\">Tekula Szil\u00e1rd<\/td>\n<td style=\"width: 6.69933%\">2022<\/td>\n<td style=\"width: 30.3014%\">Dr. Tak\u00e1cs Ang\u00e9la, Prof. K\u0151hidai L\u00e1szl\u00f3<\/td>\n<td style=\"width: 45.915%\">\u00a0<\/td>\n<\/tr>\n<tr>\n<td style=\"width: 17.0843%\">Tihanyi Eszter<\/td>\n<td style=\"width: 6.69933%\">2026<\/td>\n<td style=\"width: 30.3014%\">Dr. Koml\u00f3si Zsolt Istv\u00e1n<\/td>\n<td style=\"width: 45.915%\">Follikul\u00e1ris T sejtek<\/td>\n<\/tr>\n<tr>\n<td style=\"width: 17.0843%\">Udvardy Kata Borb\u00e1la<\/td>\n<td style=\"width: 6.69933%\">2025<\/td>\n<td style=\"width: 30.3014%\">F\u00f6rs\u00f6nits Istv\u00e1n Andr\u00e1s<\/td>\n<td style=\"width: 45.915%\">\u00a0<\/td>\n<\/tr>\n<tr>\n<td style=\"width: 17.0843%\">Vu Mihn Hai<\/td>\n<td style=\"width: 6.69933%\">2026<\/td>\n<td style=\"width: 30.3014%\">Adnani, Lata<\/td>\n<td style=\"width: 45.915%\">Extracellular vesicle mediated vascular\u2013immune cellular communication in Glioblastoma<\/td>\n<\/tr>\n<tr>\n<td style=\"width: 17.0843%\">Yilmaz, Bora<\/td>\n<td style=\"width: 6.69933%\">2023<\/td>\n<td style=\"width: 30.3014%\">Ghosal, Sayam<\/td>\n<td style=\"width: 45.915%\">\u00a0<\/td>\n<\/tr>\n<tr>\n<td style=\"width: 17.0843%\">Z\u00e1dori Dominik<\/td>\n<td style=\"width: 6.69933%\">2025<\/td>\n<td style=\"width: 30.3014%\">Dr. Orb\u00e1n Tam\u00e1s<\/td>\n<td style=\"width: 45.915%\">miRNS-ek az extracellul\u00e1ris t\u00e9rben<\/td>\n<\/tr>\n<\/tbody>\n<\/table>\n<p>&nbsp;<\/p>\n<p>&nbsp;<\/p>\n\n<\/div><h2 class=\"tabtitle\">TDK eredm\u00e9nyek<\/h2>\n<div class=\"tabcontent\">\n\n<h5>2026<\/h5>\n<h6>SE Tudom\u00e1nyos Di\u00e1kk\u00f6ri Konferencia<\/h6>\n<ul>\n<li>Bajnay Gertr\u00fad Borb\u00e1la &#8211; II. d\u00edj (Dr. Bugyik Edina)<\/li>\n<li>Igaz Laura &#8211; II. d\u00edj (Kis D\u00e1vid, Dr. Wiener Zolt\u00e1n)<\/li>\n<li>Bagu B\u00e1lint &#8211; III. d\u00edj (Dr. Lajk\u00f3 Eszter, Dr. B\u00f3dis-Sz\u00e1sz Adrienn Zs\u00f3fia)<\/li>\n<li>Csont Krist\u00f3f &#8211; III. d\u00edj (Dr. Hegyesi Hargita)<\/li>\n<li>Nagy Bogl\u00e1rka &#8211; III. d\u00edj (Dr. Hegyesi Hargita)<\/li>\n<li>Simon Zs\u00f3fia \u00c9va &#8211; III. d\u00edj (Dr. Wiener Zolt\u00e1n, Dr. Ze\u00f6ld Anik\u00f3)<\/li>\n<li>Tekula Szil\u00e1rd &#8211; III. d\u00edj (Dr. Tak\u00e1cs Ang\u00e9la, Prof. K\u0151hidai L\u00e1szl\u00f3)<\/li>\n<\/ul>\n<h5>2025<\/h5>\n<h6>SE Tudom\u00e1nyos Di\u00e1kk\u00f6ri Konferencia<\/h6>\n<ul>\n<li>Nagy Bogl\u00e1rka, Csont Krist\u00f3f &#8211; III. d\u00edj (Dr. Hegyesi Hargita)<\/li>\n<li>Orosz Adri\u00e1n &#8211; III. d\u00edj (Dr. Wiener Zolt\u00e1n)<\/li>\n<li>P\u0151cze Petra &#8211; III. d\u00edj (Dr. Sz\u00e1sz Adrienn Zs\u00f3fia, Dr. Lajk\u00f3 Eszter)<\/li>\n<li>Bagu B\u00e1lint &#8211; k\u00fcl\u00f6nd\u00edj (Dr. Lajk\u00f3 Eszter, Dr. Sz\u00e1sz Adrienn Zs\u00f3fia)<\/li>\n<\/ul>\n<h5>2024<\/h5>\n<h6>SE Tudom\u00e1nyos Di\u00e1kk\u00f6ri Konferencia<\/h6>\n<ul>\n<li>Csont Krist\u00f3f, Nagy Bogl\u00e1rka &#8211; II. d\u00edj (Dr. Hegyesi Hargita)<\/li>\n<\/ul>\n<h5>2023<\/h5>\n<h6>SE Tudom\u00e1nyos Di\u00e1kk\u00f6ri Konferencia<\/h6>\n<ul>\n<li>B\u00f6r\u00f6czky Csenge &#8211; I. d\u00edj (Dr. P\u00f3s Zolt\u00e1n)<\/li>\n<li>Lenzinger Dorina &#8211; II. d\u00edj (Dr. Visnovitz Tam\u00e1s, N\u00e9meth Krisztina)<\/li>\n<\/ul>\n<h6>Orsz\u00e1gos Tudom\u00e1nyos Di\u00e1kk\u00f6ri Konferencia<\/h6>\n<ul>\n<li>Sz\u00e1sz Adrienn Zs\u00f3fia &#8211; II. helyez\u00e9s (Dr. Tak\u00e1cs Ang\u00e9la, Dr. K\u0151hidai L\u00e1szl\u00f3)<\/li>\n<li>B\u00f6r\u00f6czky Csenge &#8211; III. helyez\u00e9s (Dr. P\u00f3s Zolt\u00e1n)<\/li>\n<li>Kalabay M\u00e1rton &#8211; k\u00fcl\u00f6nd\u00edj (Dr. K\u0151hidai L\u00e1szl\u00f3, Dr. L\u00e1ng Orsolya)<\/li>\n<\/ul>\n<h5>2022<\/h5>\n<h6>SE Tudom\u00e1nyos Di\u00e1kk\u00f6ri Konferencia<\/h6>\n<ul>\n<li>Kalabay M\u00e1rton &#8211; I. d\u00edj (Dr. K\u0151hidai L\u00e1szl\u00f3, Dr. L\u00e1ng Orsolya)<\/li>\n<li>Seress Iv\u00e1n &#8211; I. d\u00edj (Dr. Wiener Zolt\u00e1n, Kelemen Andrea)<\/li>\n<li>Sz\u00e1sz Adrienn Zs\u00f3fia &#8211; I. d\u00edj (Dr. Tak\u00e1cs Ang\u00e9la, Dr. K\u0151hidai L\u00e1szl\u00f3)<\/li>\n<li>Szegedi \u00c1kos &#8211; I. d\u00edj (Dr. Lupsa Nikolett)<\/li>\n<li>Horny\u00e1k Bal\u00e1zs &#8211; III. d\u00edj (Dr. Hegyesi Hargita)<\/li>\n<li>Szab\u00f3 D\u00e1niel M\u00e1rk &#8211; III. d\u00edj (Dr. Ze\u00f6ld Anik\u00f3, Dr. Wiener Zolt\u00e1n)<\/li>\n<\/ul>\n<h5>2021<\/h5>\n<h6>SE Tudom\u00e1nyos Di\u00e1kk\u00f6ri Konferencia<\/h6>\n<ul>\n<li>Idan Carmi &#8211; III. d\u00edj (Kelemen Andrea, Dr. Wiener Zolt\u00e1n)<\/li>\n<li>Szegedi \u00c1kos &#8211; III. d\u00edj (Dr. Lupsa Nikolett)<\/li>\n<\/ul>\n<h6>Orsz\u00e1gos Tudom\u00e1nyos Di\u00e1kk\u00f6ri Konferencia<\/h6>\n<ul>\n<li>Idan Carmi &#8211; I.helyez\u00e9s (Kelemen Andrea, Dr. Wiener Zolt\u00e1n)<\/li>\n<li>Kalabay M\u00e1rton &#8211; I. helyez\u00e9s (Dr. K\u0151hidai L\u00e1szl\u00f3, Dr. Tak\u00e1cs Ang\u00e9la)<\/li>\n<\/ul>\n<h5>2020<\/h5>\n<h6>SE Tudom\u00e1nyos Di\u00e1kk\u00f6ri Konferencia<\/h6>\n<ul>\n<li>Horv\u00e1th Anna &#8211; I. d\u00edj (F\u00e9ln\u00e9 Dr. Semsei \u00c1gnes, Rzepiel Andrea)<\/li>\n<li>Iv\u00e1n Eszter J\u00falia &#8211; I. d\u00edj (Dr. Hegyesi Hargita)<\/li>\n<li>Kalabay M\u00e1rton &#8211; I. d\u00edj (Dr. K\u0151hidai L\u00e1szl\u00f3, Dr. Tak\u00e1cs Ang\u00e9la)<\/li>\n<li>Sz\u00e1sz Adrienn Zs\u00f3fia &#8211; III. d\u00edj (Dr. Tak\u00e1cs Ang\u00e9la, Dr. K\u0151hidai L\u00e1szl\u00f3)<\/li>\n<li>Hal\u00e1sz M\u00e1t\u00e9 &#8211; k\u00fcl\u00f6nd\u00edj (F\u00f6rs\u00f6nits Istv\u00e1n Andr\u00e1s)<\/li>\n<\/ul>\n<h5>2019<\/h5>\n<h6>SE Tudom\u00e1nyos Di\u00e1kk\u00f6ri Konferencia<\/h6>\n<ul>\n<li>Egyed B\u00e1lint &#8211; I. d\u00edj (F\u00e9ln\u00e9 Dr. Semsei \u00c1gnes)<\/li>\n<li>Kalabay M\u00e1rton &#8211; I. d\u00edj (Dr. K\u0151hidai L\u00e1szl\u00f3, Dr. L\u00e1ng Orsolya)<\/li>\n<li>Kov\u00e1cs Istv\u00e1n Zolt\u00e1n &#8211; II. d\u00edj (Dr. Ze\u00f6ld Anik\u00f3, Dr. Wiener Zolt\u00e1n)<\/li>\n<li>Papp Anik\u00f3 &#8211; II. d\u00edj (Prof. Szalai Csaba, Borsz\u00e9kin\u00e9 Dr. Kutszegi N\u00f3ra)<\/li>\n<li>So\u00f3s Andr\u00e1s \u00c1ron &#8211; II. d\u00edj (Dr. Wiener Zolt\u00e1n, Dr. Ze\u00f6ld Anik\u00f3)<\/li>\n<\/ul>\n<h6>Orsz\u00e1gos Tudom\u00e1nyos Di\u00e1kk\u00f6ri Konferencia<\/h6>\n<ul>\n<li>Kalabay M\u00e1rton, Sz\u00e1sz Adrienn Zs\u00f3fia &#8211; II. helyez\u00e9s (Dr. K\u0151hidai L\u00e1szl\u00f3, Dr. L\u00e1ng Orsolya)<\/li>\n<li>Kov\u00e1cs Zsombor &#8211; II. helyez\u00e9s (Dr. Lajk\u00f3 Eszter, Dr. K\u0151hidai L\u00e1szl\u00f3)<\/li>\n<\/ul>\n<h5>2018<\/h5>\n<h6>SE Tudom\u00e1nyos Di\u00e1kk\u00f6ri Konferencia<\/h6>\n<ul>\n<li>Egyed B\u00e1lint &#8211; I. d\u00edj (F\u00e9ln\u00e9 Dr. Semsei \u00c1gnes)<\/li>\n<li>Kov\u00e1cs Zsombor &#8211; I. d\u00edj (Dr. Lajk\u00f3 Eszter, Dr. K\u0151hidai L\u00e1szl\u00f3)<\/li>\n<li>N\u00e9meth Krisztina &#8211; II. d\u00edj (Dr. Tam\u00e1si Viola)<\/li>\n<li>Kov\u00e1cs Istv\u00e1n Zolt\u00e1n &#8211; III. d\u00edj (Dr. Wiener Zolt\u00e1n Szvicsek Zsuzsanna)<\/li>\n<\/ul>\n<h5>2017<\/h5>\n<h6>SE Tudom\u00e1nyos Di\u00e1kk\u00f6ri Konferencia<\/h6>\n<ul>\n<li>B\u00e9k\u00e9s M\u00e1rta &#8211; I. d\u00edj (Dr. Tam\u00e1si Viola, Prof. Buz\u00e1s Edit)<\/li>\n<li>Egyed B\u00e1lint &#8211; I. d\u00edj (F\u00e9ln\u00e9 Dr. Semsei \u00c1gnes)<\/li>\n<li>G\u00e1l Zs\u00f3fia &#8211; I. d\u00edj (Prof. Szalai Csaba)<\/li>\n<li>Tak\u00e1cs Ang\u00e9la &#8211; I. d\u00edj (Dr. L\u00e1ng Orsolya, Dr. Lajk\u00f3 Eszter)<\/li>\n<li>M\u00e1ty\u00e1si Barbara &#8211; II. d\u00edj (P\u00e1l\u00f3czi Krisztina)<\/li>\n<li>Balogh Anna Magdolna &#8211; III. d\u00edj (Dr. Horv\u00e1thn\u00e9 Dr. Szab\u00f3-Taylor Katalin, Dr. T\u00f3th Eszter \u00c1gnes)<\/li>\n<li>Krausz M\u00e1t\u00e9 &#8211; III. d\u00edj (Dr. P\u00e1llinger \u00c9va, Dr. L\u00e1ng Orsolya)<\/li>\n<\/ul>\n<h6>Orsz\u00e1gos Tudom\u00e1nyos Di\u00e1kk\u00f6ri Konferencia<\/h6>\n<ul>\n<li>Krausz M\u00e1t\u00e9 &#8211; I. helyez\u00e9s (Dr. P\u00e1llinger \u00c9va, Dr. L\u00e1ng Orsolya)<\/li>\n<li>Tak\u00e1cs Ang\u00e9la &#8211; I. helyez\u00e9s (Dr. L\u00e1ng Orsolya, Dr. Lajk\u00f3 Eszter)<\/li>\n<li>B\u00e9k\u00e9s M\u00e1rta &#8211; II. helyez\u00e9s (Dr. Tam\u00e1si Viola, Prof. Buz\u00e1s Edit)<\/li>\n<li>G\u00e1l Zs\u00f3fia &#8211; II. helyez\u00e9s (Prof. Szalai Csaba)<\/li>\n<li>K\u0151hidai Zs\u00f3fia &#8211; k\u00fcl\u00f6nd\u00edj (Dr. L\u00e1ng Orsolya)<\/li>\n<\/ul>\n<h5>2016<\/h5>\n<h6>SE Tudom\u00e1nyos Di\u00e1kk\u00f6ri Konferencia<\/h6>\n<ul>\n<li>Krausz M\u00e1t\u00e9 &#8211; I. d\u00edj (Dr. P\u00e1llinger \u00c9va, Dr. L\u00e1ng Orsolya)<\/li>\n<li>Benke M\u00e1rton &#8211; II. d\u00edj (Dr. Xabier Osteikoetxea)<\/li>\n<li>Dobos Andrea, Seruga K\u00e1rmen &#8211; II. d\u00edj (Dr. K\u0151hidai L\u00e1szl\u00f3)<\/li>\n<li>Kov\u00e1cs Orsolya T\u00fcnde &#8211; II. d\u00edj (Dr. Marton Nikolett, Dr. Nagy Gy\u00f6rgy)<\/li>\n<li>K\u0151hidai Zs\u00f3fia &#8211; II. d\u00edj (Dr. L\u00e1ng Orsolya)<\/li>\n<li>Balogh Anna Magdolna &#8211; III. d\u00edj (Dr. Szab\u00f3-Taylor Katalin)<\/li>\n<li>Debrei D\u00f3ra, K\u0151hidai Zs\u00f3fia &#8211; III. d\u00edj (Dr. K\u0151hidai L\u00e1szl\u00f3, Dr. L\u00e1ng Orsolya)<\/li>\n<\/ul>\n<h5>2015<\/h5>\n<h6>SE Tudom\u00e1nyos Di\u00e1kk\u00f6ri Konferencia<\/h6>\n<ul>\n<li>B\u00e9k\u00e9s M\u00e1rta &#8211; I. d\u00edj (Dr. Tam\u00e1si Viola, Prof. Buz\u00e1s Edit)<\/li>\n<li>K\u0151hidai Zs\u00f3fia &#8211; II. d\u00edj (Dr. L\u00e1ng Orsolya, Dr. K\u0151hidai L\u00e1szl\u00f3)<\/li>\n<li>S\u00e1gi Judit &#8211; II. d\u00edj (F\u00e9ln\u00e9 Dr. Semsei \u00c1gnes)<\/li>\n<li>T\u00f3th Anett, Bagita Bence &#8211; II. d\u00edj (Dr. P\u00f3s Zolt\u00e1n)<\/li>\n<li>Kov\u00e1cs Orsolya T\u00fcnde &#8211; III. d\u00edj (Dr. Marton Nikolett, Dr. Nagy Gy\u00f6rgy)<\/li>\n<\/ul>\n<h6>Orsz\u00e1gos Tudom\u00e1nyos Di\u00e1kk\u00f6ri Konferencia<\/h6>\n<ul>\n<li>Juh\u00e1sz Anik\u00f3, Langer M\u00e1rk &#8211; k\u00fcl\u00f6nd\u00edj (Prof. Buz\u00e1s Edit, Dr. P\u00e1llinger \u00c9va)<\/li>\n<\/ul>\n<h5>2014<\/h5>\n<h6>SE Tudom\u00e1nyos Di\u00e1kk\u00f6ri Konferencia<\/h6>\n<ul>\n<li>Langer M\u00e1rk &#8211; I. d\u00edj (Prof. Buz\u00e1s Edit, Dr. P\u00e1llinger \u00c9va)<\/li>\n<li>M\u00e9rcz Kitti &#8211; I. d\u00edj (Dr. Lajk\u00f3 Eszter, Dr. P\u00e1llinger \u00c9va)<\/li>\n<li>N\u00e9meth \u00c1gnes &#8211; II. d\u00edj (Prof. Buz\u00e1s Edit)<\/li>\n<li>T\u00f3th Eszter \u00c1gnes &#8211; II. d\u00edj (Dr. Szab\u00f3-Taylor Katalin, Prof. Buz\u00e1s Edit)<\/li>\n<li>Juh\u00e1sz Anik\u00f3, Langer M\u00e1rk &#8211; III. d\u00edj (Prof. Buz\u00e1s Edit, P\u00e1l\u00f3czi Krisztina)<\/li>\n<li>Kov\u00e1cs D\u00e1niel Tam\u00e1s &#8211; III. d\u00edj (Dr. Szalai Csaba, Fodor Lili)<\/li>\n<li>S\u00e1gi Judit &#8211; III. d\u00edj (F\u00e9ln\u00e9 Dr. Semsei \u00c1gnes)<\/li>\n<\/ul>\n<h5>2013<\/h5>\n<h6>SE Tudom\u00e1nyos Di\u00e1kk\u00f6ri Konferencia<\/h6>\n<ul>\n<li>Langer M\u00e1rk &#8211; II. d\u00edj (Dr. Gy\u00f6rgy Bence, Prof. Buz\u00e1s Edit)<\/li>\n<li>Juh\u00e1sz Anik\u00f3 &#8211; III. d\u00edj (Prof. Buz\u00e1s Edit, P\u00e1l\u00f3czi Krisztina)<\/li>\n<\/ul>\n<h5>2012<\/h5>\n<h6>SE Tudom\u00e1nyos Di\u00e1kk\u00f6ri Konferencia<\/h6>\n<ul>\n<li>Herczeg Petra &#8211; I. d\u00edj (Dr. Buz\u00e1s Edit, Dr. Gy\u00f6rgy Bence)<\/li>\n<li>S\u00f3dar Barbara &#8211; I. d\u00edj (Dr. Szente-P\u00e1szt\u00f3i M\u00e1ria, Dr. Buz\u00e1s Edit)<\/li>\n<li>Sz\u00e1nt\u00f3 Bal\u00e1zs &#8211; I. d\u00edj (Dr. Buz\u00e1s Edit)<\/li>\n<\/ul>\n<\/div><\/div>\n","protected":false},"excerpt":{"rendered":"<p>Tudom\u00e1nyos Di\u00e1kk\u00f6ri k\u00e9pz\u00e9s Az Int\u00e9zet TDK felel\u0151se: Dr. Tak\u00e1cs Ang\u00e9la <a href=\"mailto:takacs.angela@semmelweis.hu\">takacs.angela@semmelweis.hu<\/a> Int\u00e9zet\u00fcnk tudom\u00e1nyos fokozattal rendelkez\u0151 munkat\u00e1rsai tudom\u00e1nyos di\u00e1kk\u00f6ri k\u00e9pz\u00e9st szerveznek, melynek sor\u00e1n v\u00e1llalj\u00e1k a felv\u00e9telt nyert hallgat\u00f3k elm\u00e9leti \u00e9s gyakorlati k\u00e9pz\u00e9s\u00e9t \u00e9s bevezet\u00e9s\u00fcket az \u00f6n\u00e1ll\u00f3 k\u00eds\u00e9rletes laborat\u00f3riumi munk\u00e1ba. Az Int\u00e9zet c\u00e9lkit\u0171z\u00e9se, hogy a tudom\u00e1nyos di\u00e1kk\u00f6ri foglalkoz\u00e1sok sor\u00e1n el\u00e9rt eredm\u00e9nyekr\u0151l a hallgat\u00f3k az SE Tudom\u00e1nyos Di\u00e1kk\u00f6ri Konferenci\u00e1j\u00e1n &hellip;<\/p>\n","protected":false},"author":102170,"featured_media":0,"parent":0,"menu_order":4,"comment_status":"closed","ping_status":"closed","template":"","meta":{"_acf_changed":false,"footnotes":""},"categories":[],"tags":[],"class_list":["post-97","page","type-page","status-publish","hentry"],"acf":[],"_links":{"self":[{"href":"https:\/\/semmelweis.hu\/gsi\/wp-json\/wp\/v2\/pages\/97","targetHints":{"allow":["GET"]}}],"collection":[{"href":"https:\/\/semmelweis.hu\/gsi\/wp-json\/wp\/v2\/pages"}],"about":[{"href":"https:\/\/semmelweis.hu\/gsi\/wp-json\/wp\/v2\/types\/page"}],"author":[{"embeddable":true,"href":"https:\/\/semmelweis.hu\/gsi\/wp-json\/wp\/v2\/users\/102170"}],"replies":[{"embeddable":true,"href":"https:\/\/semmelweis.hu\/gsi\/wp-json\/wp\/v2\/comments?post=97"}],"version-history":[{"count":10,"href":"https:\/\/semmelweis.hu\/gsi\/wp-json\/wp\/v2\/pages\/97\/revisions"}],"predecessor-version":[{"id":818,"href":"https:\/\/semmelweis.hu\/gsi\/wp-json\/wp\/v2\/pages\/97\/revisions\/818"}],"wp:attachment":[{"href":"https:\/\/semmelweis.hu\/gsi\/wp-json\/wp\/v2\/media?parent=97"}],"wp:term":[{"taxonomy":"category","embeddable":true,"href":"https:\/\/semmelweis.hu\/gsi\/wp-json\/wp\/v2\/categories?post=97"},{"taxonomy":"post_tag","embeddable":true,"href":"https:\/\/semmelweis.hu\/gsi\/wp-json\/wp\/v2\/tags?post=97"}],"curies":[{"name":"wp","href":"https:\/\/api.w.org\/{rel}","templated":true}]}}