{"id":7,"date":"2026-04-28T16:12:41","date_gmt":"2026-04-28T14:12:41","guid":{"rendered":"https:\/\/semmelweis.hu\/gsi\/?page_id=7"},"modified":"2026-08-27T11:15:23","modified_gmt":"2026-08-27T09:15:23","slug":"rolunk","status":"publish","type":"page","link":"https:\/\/semmelweis.hu\/gsi\/rolunk\/","title":{"rendered":"Az Int\u00e9zet bemutat\u00e1sa"},"content":{"rendered":"<div class=\"keretes w-100\">\n<p><span style=\"font-family: Montserrat;\">A Genetikai, Sejt- \u00e9s Immunol\u00f3giai Int\u00e9zet 1971-ben alakult meg <\/span>a Semmelweis Egyetemen Biol\u00f3giai Int\u00e9zetk\u00e9nt. Jelenlegi nev\u00e9t 1997-ben vette fel.\u00a0Az int\u00e9zet els\u0151 igazgat\u00f3ja Csaba Gy\u00f6rgy professzor volt 1971\u20131994 k\u00f6z\u00f6tt, \u0151t k\u00f6vette Falus Andr\u00e1s professzor 1994\u20132012 k\u00f6z\u00f6tt. Jelenleg az int\u00e9zet igazgat\u00f3ja prof. Buz\u00e1s Edit.\u00a0<\/p>\n<p><span style=\"font-family: Montserrat;\">Int\u00e9zet\u00fcnk a Semmelweis Egyetem gradu\u00e1lis \u00e9s posztgradu\u00e1lis hallgat\u00f3inak oktat\u00e1sa mellett kutat\u00e1si \u00e9s diagnosztikai tev\u00e9kenys\u00e9get v\u00e9gez.<\/span><\/p>\n<\/div>\n<h2>Oktat\u00e1s<\/h2>\n<p>Int\u00e9zet\u00fcnk magyar, angol \u00e9s n\u00e9met nyelven oktatja az \u00c1ltal\u00e1nos Orvostudom\u00e1nyi Kar, a Fogorvostudom\u00e1nyi Kar \u00e9s a Gy\u00f3gyszer\u00e9sztudom\u00e1nyi Kar I. \u00e9s II. \u00e9ves hallgat\u00f3it. A v\u00e1laszthat\u00f3 t\u00e1rgyak nyitva \u00e1llnak az alap- \u00e9s PhD k\u00e9pz\u00e9sben r\u00e9szt vev\u0151 hallgat\u00f3k sz\u00e1m\u00e1ra. Az Int\u00e9zet emellett TDK- \u00e9s PhD-hallgat\u00f3k sz\u00e1m\u00e1ra biztos\u00edt lehet\u0151s\u00e9get tudom\u00e1nyos munka v\u00e9gz\u00e9s\u00e9re. <a href=\"https:\/\/semmelweis.hu\/gsi\/oktatas\/\">B\u0151vebben az oktat\u00e1sr\u00f3l \u2192<\/a><\/p>\n<h2>Kutat\u00e1s<\/h2>\n<p>Tudom\u00e1nyos munk\u00e1nk a sejtbiol\u00f3giai, immunol\u00f3giai, molekul\u00e1ris biol\u00f3giai \u00e9s onkobiol\u00f3giai kutat\u00e1sok sz\u00e9les sk\u00e1l\u00e1j\u00e1t foglalja mag\u00e1ba. <span style=\"font-size: 1rem;\">Az Int\u00e9zet els\u0151dleges, nemzetk\u00f6zi szinten is elismert kutat\u00e1si ter\u00fclete az extracellul\u00e1ris vezikula kutat\u00e1s. <\/span><span style=\"font-size: 1rem;\">Az Int\u00e9zetben transzgenikus \u00e1llath\u00e1z, sz\u00f6vetteny\u00e9szt\u0151 laborat\u00f3rium, bakteri\u00e1lis \u00e9s v\u00edrus laborat\u00f3riumok, \u00e1raml\u00e1si citometri\u00e1s \u00e9s sejt szortol\u00e1sra alkalmas m\u00e1gneses \u00e9s fluorescens sejt szorter \u00e1ll rendelkez\u00e9sre. Az Int\u00e9zetben m\u0171k\u00f6dik egy transzmisszi\u00f3s elektronmikroszk\u00f3p, \u00e9s kialak\u00edt\u00e1sra ker\u00fcl egy \u00c1raml\u00e1si Citometri\u00e1s Core Facility valamint egy Extracellul\u00e1ris Vezikula Kutat\u00f3-, Szolg\u00e1ltat\u00f3- \u00e9s Referencia Laborat\u00f3rium. <a href=\"https:\/\/semmelweis.hu\/gsi\/kutatas\/\">B\u0151vebben a kutat\u00e1sr\u00f3l \u2192<\/a><\/span><\/p>\n<hr \/>\n<h2>50 \u00e9ves a Genetikai, Sejt- \u00e9s Immunbiol\u00f3giai Int\u00e9zet (1971-2021)<\/h2>\n<p>Int\u00e9zet\u00fcnk 2021-ben \u00fcnnepelte <span style=\"font-size: 1rem;\">alap\u00edt\u00e1s\u00e1nak 50. \u00e9vfordul\u00f3j\u00e1t. Az \u00fcnnepi esem\u00e9nyen k\u00e9sz\u00fclt felv\u00e9tel:<\/span><\/p>\n<p style=\"text-align: center;\"><iframe loading=\"lazy\" id=\"kaltura_player\" src=\"https:\/\/cdnapisec.kaltura.com\/p\/2714041\/sp\/271404100\/embedIframeJs\/uiconf_id\/45220391\/partner_id\/2714041?iframeembed=true&amp;playerId=kaltura_player&amp;entry_id=1_p65iktrw&amp;flashvars[streamerType]=auto&amp;flashvars[localizationCode]=en&amp;flashvars[sideBarContainer.plugin]=true&amp;flashvars[sideBarContainer.position]=left&amp;flashvars[sideBarContainer.clickToClose]=true&amp;flashvars[chapters.plugin]=true&amp;flashvars[chapters.layout]=vertical&amp;flashvars[chapters.thumbnailRotator]=false&amp;flashvars[streamSelector.plugin]=true&amp;flashvars[EmbedPlayer.SpinnerTarget]=videoHolder&amp;flashvars[dualScreen.plugin]=true&amp;flashvars[hotspots.plugin]=1&amp;flashvars[Kaltura.addCrossoriginToIframe]=true&amp;&amp;wid=1_fot0ttqb\" width=\"608\" height=\"402\" allowfullscreen=\"allowfullscreen\"><\/iframe><\/p>\n<p>&nbsp;<\/p>\n<style>\n           #page-grid .card-body > .line-clamp-box.excerpt{\n        width: inherit;\n        max-width: inherit;\n        display:flex;\n        min-height: 2.4em;\n        flex-direction: column;\n        justify-content: space-around;\n        background-color: #D6E4EA;\n        min-height: 3.4rem;\n        font-family: \"Montserrat\", sans-serif;\n    }\n\n    #page-grid a:hover .card-body > .line-clamp-box.excerpt {\n        background-color: #fff;\n        color: #313B40;\n    }\n\n    #page-grid .card-body .line-clamp-box.excerpt section{\n        max-width: inherit;\n        display: -webkit-box;\n        -webkit-line-clamp: 2;\n        -webkit-box-orient: vertical;\n        overflow: hidden;\n        text-overflow: ellipsis;\n        hyphens: auto;\n        margin: auto;\n        \n    }\n    .line-clamp-box.excerpt section, .line-clamp-box.excerpt section p{\n        font-size:0.8em;\n    }\n    \n<\/style>\n    <section id=\"page-grid\">\n        <section class=\"d-block d-md-flex title-row my-3 ml-0 ml-md-1\">\n<div class=\"section-title  mb-1 \">\n<h2>\n    Kapcsol\u00f3d\u00f3 oldalak\n<\/h2>\n<\/div>\n<\/section>\n        <div class=\"row row-cols-1 row-cols-md-2 row-cols-lg-4 no-gutters mx-0 \">    <div class =\"col  mb-2 card-wrapper\">\n        <a class=\"d-flex flex-fill card-link-warapper m-md-1\" href=\"https:\/\/semmelweis.hu\/gsi\/rolunk\/munkatarsaink\/\">\n            <div class=\"card border border-secondary se-border flex-fill\">\n                <div class=\"row no-gutters mx-0 d-flex flex-nowrap flex-md-wrap align-items-center\">\n                    <div class =\"  col-5 col-md-12  d-none  d-md-none d-md-none  bg-image  card-image justify-content-center\">\n                        <img class='wp-post-image img-fluid landscape' src='https:\/\/semmelweis.hu\/gsi\/wp-content\/themes\/se18\/dist\/images\/svg\/bg-image.svg' \/>\n                    <\/div>\n                    <div class=\"card-body  col flex-column  col-md-12 p-0\">\n                        <div class=\"line-clamp-box p-3\">\n                            <h5 class=\"ml-0 ml-sm-1 mt-2 align-items-center\"  >Munkat\u00e1rsaink<\/h5>\n                        <\/div>\n                        \n                    <\/div>\n                <\/div>\n\n            <\/div>\n        <\/a>\n    <\/div>    <div class =\"col  mb-2 card-wrapper\">\n        <a class=\"d-flex flex-fill card-link-warapper m-md-1\" href=\"https:\/\/semmelweis.hu\/gsi\/rolunk\/alapitvany\/\">\n            <div class=\"card border border-secondary se-border flex-fill\">\n                <div class=\"row no-gutters mx-0 d-flex flex-nowrap flex-md-wrap align-items-center\">\n                    <div class =\"  col-5 col-md-12  d-none  d-md-none d-md-none  bg-image  card-image justify-content-center\">\n                        <img class='wp-post-image img-fluid landscape' src='https:\/\/semmelweis.hu\/gsi\/wp-content\/themes\/se18\/dist\/images\/svg\/bg-image.svg' \/>\n                    <\/div>\n                    <div class=\"card-body  col flex-column  col-md-12 p-0\">\n                        <div class=\"line-clamp-box p-3\">\n                            <h5 class=\"ml-0 ml-sm-1 mt-2 align-items-center\"  >Alap\u00edtv\u00e1nyunk<\/h5>\n                        <\/div>\n                        \n                    <\/div>\n                <\/div>\n\n            <\/div>\n        <\/a>\n    <\/div>    <div class =\"col  mb-2 card-wrapper\">\n        <a class=\"d-flex flex-fill card-link-warapper m-md-1\" href=\"https:\/\/semmelweis.hu\/gsi\/rolunk\/minosegiranyitas\/\">\n            <div class=\"card border border-secondary se-border flex-fill\">\n                <div class=\"row no-gutters mx-0 d-flex flex-nowrap flex-md-wrap align-items-center\">\n                    <div class =\"  col-5 col-md-12  d-none  d-md-none d-md-none  bg-image  card-image justify-content-center\">\n                        <img class='wp-post-image img-fluid landscape' src='https:\/\/semmelweis.hu\/gsi\/wp-content\/themes\/se18\/dist\/images\/svg\/bg-image.svg' \/>\n                    <\/div>\n                    <div class=\"card-body  col flex-column  col-md-12 p-0\">\n                        <div class=\"line-clamp-box p-3\">\n                            <h5 class=\"ml-0 ml-sm-1 mt-2 align-items-center\"  >Min\u0151s\u00e9gir\u00e1ny\u00edt\u00e1s<\/h5>\n                        <\/div>\n                        \n                    <\/div>\n                <\/div>\n\n            <\/div>\n        <\/a>\n    <\/div>    <div class =\"col  mb-2 card-wrapper\">\n        <a class=\"d-flex flex-fill card-link-warapper m-md-1\" href=\"https:\/\/semmelweis.hu\/gsi\/rolunk\/palyazatok\/\">\n            <div class=\"card border border-secondary se-border flex-fill\">\n                <div class=\"row no-gutters mx-0 d-flex flex-nowrap flex-md-wrap align-items-center\">\n                    <div class =\"  col-5 col-md-12  d-none  d-md-none d-md-none  bg-image  card-image justify-content-center\">\n                        <img class='wp-post-image img-fluid landscape' src='https:\/\/semmelweis.hu\/gsi\/wp-content\/themes\/se18\/dist\/images\/svg\/bg-image.svg' \/>\n                    <\/div>\n                    <div class=\"card-body  col flex-column  col-md-12 p-0\">\n                        <div class=\"line-clamp-box p-3\">\n                            <h5 class=\"ml-0 ml-sm-1 mt-2 align-items-center\"  >P\u00e1ly\u00e1zatok<\/h5>\n                        <\/div>\n                        \n                    <\/div>\n                <\/div>\n\n            <\/div>\n        <\/a>\n    <\/div>        <\/div>\n    <\/section>\n<p>&nbsp;<\/p>\n","protected":false},"excerpt":{"rendered":"<p>\u00dcdv\u00f6z\u00f6lj\u00fck a Genetikai, Sejt- \u00e9s Immunbiol\u00f3giai Int\u00e9zet honlapj\u00e1n. Int\u00e9zet\u00fcnk tev\u00e9kenys\u00e9ge oktat\u00e1si, kutat\u00e1si \u00e9s diagnosztikai feladatokat \u00f6lel fel. Tudom\u00e1nyos munk\u00e1nk a sejtbiol\u00f3giai, immunol\u00f3giai, molekul\u00e1ris biol\u00f3giai \u00e9s onkobiol\u00f3giai kutat\u00e1sok sz\u00e9les sk\u00e1l\u00e1j\u00e1t foglalja mag\u00e1ba. <br \/><b>Felh\u00edvjuk sz\u00edves figyelm\u00fcket, hogy Int\u00e9zet\u00fcnk betegell\u00e1t\u00e1ssal kapcsolatos tev\u00e9kenys\u00e9get, genetikai \u00e9s immunol\u00f3giai vizsg\u00e1latokat nem v\u00e9gez!<\/b><\/p>\n","protected":false},"author":102560,"featured_media":19,"parent":0,"menu_order":0,"comment_status":"closed","ping_status":"closed","template":"template-fullwidth.php","meta":{"_acf_changed":false,"footnotes":""},"categories":[],"tags":[],"class_list":["post-7","page","type-page","status-publish","has-post-thumbnail","hentry"],"acf":[],"_links":{"self":[{"href":"https:\/\/semmelweis.hu\/gsi\/wp-json\/wp\/v2\/pages\/7","targetHints":{"allow":["GET"]}}],"collection":[{"href":"https:\/\/semmelweis.hu\/gsi\/wp-json\/wp\/v2\/pages"}],"about":[{"href":"https:\/\/semmelweis.hu\/gsi\/wp-json\/wp\/v2\/types\/page"}],"author":[{"embeddable":true,"href":"https:\/\/semmelweis.hu\/gsi\/wp-json\/wp\/v2\/users\/102560"}],"replies":[{"embeddable":true,"href":"https:\/\/semmelweis.hu\/gsi\/wp-json\/wp\/v2\/comments?post=7"}],"version-history":[{"count":11,"href":"https:\/\/semmelweis.hu\/gsi\/wp-json\/wp\/v2\/pages\/7\/revisions"}],"predecessor-version":[{"id":772,"href":"https:\/\/semmelweis.hu\/gsi\/wp-json\/wp\/v2\/pages\/7\/revisions\/772"}],"wp:featuredmedia":[{"embeddable":true,"href":"https:\/\/semmelweis.hu\/gsi\/wp-json\/wp\/v2\/media\/19"}],"wp:attachment":[{"href":"https:\/\/semmelweis.hu\/gsi\/wp-json\/wp\/v2\/media?parent=7"}],"wp:term":[{"taxonomy":"category","embeddable":true,"href":"https:\/\/semmelweis.hu\/gsi\/wp-json\/wp\/v2\/categories?post=7"},{"taxonomy":"post_tag","embeddable":true,"href":"https:\/\/semmelweis.hu\/gsi\/wp-json\/wp\/v2\/tags?post=7"}],"curies":[{"name":"wp","href":"https:\/\/api.w.org\/{rel}","templated":true}]}}