{"id":490,"date":"2026-08-19T19:25:21","date_gmt":"2026-08-19T17:25:21","guid":{"rendered":"https:\/\/semmelweis.hu\/gsi\/?page_id=490"},"modified":"2026-08-27T12:37:26","modified_gmt":"2026-08-27T10:37:26","slug":"reumatologia","status":"publish","type":"page","link":"https:\/\/semmelweis.hu\/gsi\/kutatas\/reumatologia\/","title":{"rendered":"K\u00eds\u00e9rletes Reumatol\u00f3giai Kutat\u00f3csoport"},"content":{"rendered":"<h2>Vezet\u0151: Prof. Nagy Gy\u00f6rgy<\/h2>\n<p>&nbsp;<\/p>\n<div class=\"responsive-tabs\">\n<h2 class=\"tabtitle\">Bemutatkoz\u00e1s<\/h2>\n<div class=\"tabcontent\">\n\n<h2>Bemutatkoz\u00e1s<\/h2>\n<h5>\nA K\u00eds\u00e9rletes Reumatol\u00f3giai Kutat\u00f3csoport kutat\u00e1si t\u00e9m\u00e1i:<\/h5>\n<p><span style=\"font-family: Montserrat\">A Th17 lymphocyt\u00e1k differenci\u00e1l\u00f3d\u00e1s\u00e1ra \u00e9s aktiv\u00e1l\u00f3d\u00e1s\u00e1ra hat\u00f3 t\u00e9nyez\u0151k vizsg\u00e1lata<\/span><\/p>\n<p>Doktori munk\u00e1m sor\u00e1n a kr\u00f3nikus gyullad\u00e1s kialakul\u00e1s\u00e1ban kulcsszerepet j\u00e1tsz\u00f3 sejtcsoport, a T helper 17 limfocit\u00e1k (Th17 sejtek) differenci\u00e1l\u00f3d\u00e1s\u00e1t \u00e9s funkci\u00f3j\u00e1t befoly\u00e1sol\u00f3 k\u00f6rnyezeti \u00e9s immunol\u00f3giai t\u00e9nyez\u0151k szerep\u00e9t vizsg\u00e1lom eg\u00e9szs\u00e9ges donorokban, rheumatoid arthritises (RA) \u00e9s arthritis psoriatic\u00e1s (PsA) betegekben.\u00a0Rheumatoid arthritisben (RA) a kis\u00edz\u00fcletek kr\u00f3nikus gyullad\u00e1sa zajlik, melynek kialakul\u00e1s\u00e1ban fontos szerepet j\u00e1tszanak a Th17 sejtek \u00e1ltal modul\u00e1lt immunol\u00f3giai folyamatok. RA-ban fokozott IL-17 termel\u00e9s jellemz\u0151 a synovi\u00e1lis gyullad\u00e1s helysz\u00edn\u00e9n. Az aktiv\u00e1lt Th17 sejtek \u00e1ltal termelt citokinek fokozz\u00e1k a gyullad\u00e1st, valamint csontfal\u00f3sejtek (oszteoklasztok) differenci\u00e1l\u00f3d\u00e1s\u00e1t \u00e9s aktiv\u00e1l\u00f3d\u00e1s\u00e1t induk\u00e1lj\u00e1k, amely porc- \u00e9s csont destrukci\u00f3 kialakul\u00e1s\u00e1hoz vezet (<i>Kolls et al, 2004<\/i>).\u00a0Arthritis psoriatic\u00e1ban szint\u00e9n l\u00e9nyeges szerepet j\u00e1tszanak a Th17 sejtek \u00e1ltal termelt szolubilis faktorok (az IL-17 mellett az IL-22 is). A pikkelys\u00f6m\u00f6r\u00f6s plakkokban az aktiv\u00e1lt T sejtek k\u00e9pesek el\u0151id\u00e9zni a pikkelys\u00f6m\u00f6r\u00f6s h\u00e1msejtek hiperprolifer\u00e1ci\u00f3j\u00e1t (<a href=\"http:\/\/www.jleukbio.org\/search?author1=M.+Merle+Elloso&amp;sortspec=date&amp;submit=Submit\" target=\"_blank\" rel=\"noopener\"><i>M. Merle Elloso<\/i><\/a>\u00a0<i>\u00a0<\/i><i>\u00a0<\/i><a href=\"http:\/\/www.ncbi.nlm.nih.gov\/pubmed\/22962689\" target=\"_blank\" rel=\"noopener\"><i>J Leukoc Biol.<\/i><\/a><i>\u00a02012.<\/i>).\u00a0K\u00eds\u00e9rleteim sor\u00e1n eg\u00e9szs\u00e9ges \u00e9s patol\u00f3gi\u00e1s k\u00f6r\u00fclm\u00e9nyek k\u00f6z\u00f6tt vizsg\u00e1lom a sejtek in vitro differenci\u00e1l\u00f3d\u00e1s\u00e1t, amely sor\u00e1n, nyomon k\u00f6vetem azok citokin termel\u00e9s\u00e9t, bizonyos transzkripci\u00f3s faktorok expresszi\u00f3j\u00e1t, \u00e9s egyes sejtfelsz\u00edni markerek kifejez\u0151d\u00e9s\u00e9t, amely alapj\u00e1n k\u00f6vetkeztethet\u00fcnk a sejtek funkcionalit\u00e1s\u00e1ra \u00e9s patogenit\u00e1s\u00e1ra.<\/p>\n<p><span style=\"font-family: Montserrat\">Az extracellul\u00e1ris vezikul\u00e1k hat\u00e1sa a csontfal\u00f3 sejtek differenci\u00e1l\u00f3d\u00e1s\u00e1ra \u00e9s funkci\u00f3j\u00e1ra<\/span><\/p>\n<p>Eredm\u00e9nyeink alapj\u00e1n az v\u00e9rben jelenl\u00e9v\u0151 extracellul\u00e1ris vezikul\u00e1k befoly\u00e1solj\u00e1k a csontfal\u00f3 sejtek differenci\u00e1l\u00f3d\u00e1s\u00e1t \u00e9s \u00edgy a csontreszorpci\u00f3t. Ennek a mechanizmusnak szerepe lehet a csontsz\u00f6vet regener\u00e1ci\u00f3j\u00e1ban, illetve csontimmunol\u00f3giai folyamatokban. Rheumatoid arthritisben \u00e9s arthritis psoriatic\u00e1ban szenved\u0151 egy\u00e9nekben a kering\u0151 exosz\u00f3m\u00e1k elt\u00e9r\u0151en hatnak az osteoclastogenesisre. Mindk\u00e9t k\u00f3rk\u00e9p megn\u00f6vekedett csontreszorpci\u00f3val j\u00e1rhat, de adataink alapj\u00e1n ennek a folyamatnak a l\u00e9p\u00e9sei elt\u00e9r\u0151en szab\u00e1lyoz\u00f3dhatnak. K\u00eds\u00e9rleteinkkel szeretn\u00e9nk felfedni az extracellul\u00e1ris vezikul\u00e1k \u00e9s az immunkomplexek oszteoklasztogenezisre gyakorolt hat\u00e1s\u00e1nak pontos mechanizmus\u00e1t; valamint \u00f6sszevetni az eg\u00e9szs\u00e9ges \u00e9s gyullad\u00e1sos \u00edz\u00fcleti k\u00f3rk\u00e9pben szenved\u0151 donorok extracellul\u00e1ris vezikula mint\u00e1zat\u00e1t.<\/p>\n<p><span style=\"font-family: Montserrat\">A Src-szer\u0171 adaptor feh\u00e9rje (SLAP) kifejez\u0151d\u00e9s\u00e9nek vizsg\u00e1lata limfocit\u00e1kban<\/span><\/p>\n<p>Munk\u00e1nk sor\u00e1n a SLAP expresszi\u00f3j\u00e1nak vizsg\u00e1lat\u00e1t v\u00e9gezz\u00fck limfocit\u00e1kban. Munkacsoportunk kor\u00e1bbi eredm\u00e9nyei kimutatt\u00e1k, hogy a T-sejt receptor CD3 z\u00e9ta-l\u00e1nc dimer\u00e9nek proteosz\u00f3m\u00e1lis degrad\u00e1ci\u00f3j\u00e1\u00e9rt ez a feh\u00e9rje felel\u0151s. Rheumatoid arthritis (RA) eset\u00e9n a gyulladt sz\u00f6vetekben a tumor necrosis factor alpha (TNF\u03b1) termel\u0151d\u00e9s fokozott, amely hat\u00e1s\u00e1ra a SLAP expresszi\u00f3ja is megemelkedik, ez pedig a T-sejtek hiporeaktivit\u00e1s\u00e1hoz vezethet. Vizsg\u00e1lataink sor\u00e1n eg\u00e9szs\u00e9ges \u00e9s RA-ban szenved\u0151 donorok mint\u00e1it hasonl\u00edtjuk \u00f6ssze, ezen bel\u00fcl a T-sejt alcsoportokat, valamint a B-sejteket k\u00fcl\u00f6n tanulm\u00e1nyozva. Vizsg\u00e1ljuk tov\u00e1bb\u00e1 k\u00fcl\u00f6nb\u00f6z\u0151 gyullad\u00e1sos \u00e9s gyullad\u00e1sg\u00e1tl\u00f3 citokinek hat\u00e1s\u00e1t a T- \u00e9s B-limfocit\u00e1k SLAP expresszi\u00f3j\u00e1ra. Kutat\u00e1sunk sor\u00e1n kollag\u00e9n induk\u00e1lt arthritis (CIA) eg\u00e9rmodellen is tanulm\u00e1nyozzuk a SLAP szerep\u00e9t a RA patogenezis\u00e9ben.<\/p>\n<p><strong>\u00a0<\/strong><\/p>\n<h5>Egy\u00fcttm\u0171k\u00f6d\u0151 partnerek, kollabor\u00e1ci\u00f3k:<\/h5>\n<ul>\n<li>Budai Irgalmasrendi K\u00f3rh\u00e1z<\/li>\n<li>Semmelweis Egyetem, \u00c9lettani Int\u00e9zet<\/li>\n<li>Semmelweis Egyetem, Farmakol\u00f3giai \u00e9s Farmakoter\u00e1pi\u00e1s Int\u00e9zet<\/li>\n<li>UK, Glasgow, University of Glasgow, Institute of Infection, Immunity and Inflammation<\/li>\n<\/ul>\n<p>&nbsp;<\/p>\n\n<\/div><h2 class=\"tabtitle\">Tagok<\/h2>\n<div class=\"tabcontent\">\n\n<h2>Tagok<\/h2>\n\r\n<div id=\"telefonkonyv\"><div class=\"tel-results col-12 px-0\"><p class=\"desc mb-1\"><span>Ha hib\u00e1s, vagy hi\u00e1nyz\u00f3 adatot tal\u00e1l, k\u00e9rj\u00fck jelezze szervezeti egys\u00e9g\u00fcnk titk\u00e1rs\u00e1g\u00e1n.<\/span><\/p>\r\n                <p class=\"desc\"><em>A telefonk\u00f6nyvben tal\u00e1lhat\u00f3 adatok nem haszn\u00e1lhat\u00f3k fel az 1995. \u00e9vi CXIX. t\u00f6rv\u00e9ny szerinti kutat\u00e1s \u00e9s k\u00f6zvetlen \u00fczletszerz\u00e9s c\u00e9lj\u00e1ra.<\/em><\/p>\r\n            <div class=\"row mx-0 py-2 result-line emp-leader\" data-name=\"nagy gyorgy\">\r\n            <div class=\"col col-12 px-0 d-flex flex-row flex-lg-row-reverse\"><div class=\"row mx-0 pr-2 result-line-content align-items-center\">\r\n                        <div class=\"col-12 col-md-8 px-0 pr-lg-3\">\r\n                            <a class=\"emp-name\" target=\"_blank\" href=\"https:\/\/semmelweis.hu\/telefonkonyv?emp_id=5530\">Prof. Nagy Gy\u00f6rgy<\/a>\r\n                            <br \/><span class=\"emp-phone\">egyetemi tan\u00e1r<\/span><\/div>\r\n                        <div class=\"col-12 col-md-4 px-0\"><span class=\"emp-email\"><i class=\"fa fa-envelope-o\" aria-hidden=\"true\"><\/i>nagy.gyorgy2<i class=\"fa fa-at m-0 text-body\"><\/i>semmelweis.hu<\/span>\r\n                        <\/div>\r\n                    <\/div>\r\n                \r\n                    <div class=\"portre ml-auto mr-lg-3\" style=\"background-image: url(https:\/\/semmelweis.hu\/wp-content\/telefon\/data\/emp\/portre\/5530.jpg);\">\r\n                        &nbsp;\r\n                    <\/div>\r\n            <\/div>\r\n\r\n                <div class=\"col-12 col-md-6 px-0 d-none\"><span class=\"emp-email\"><i class=\"fa fa-envelope-o\" aria-hidden=\"true\"><\/i>nagy.gyorgy2<i class=\"fa fa-at m-0 text-body\"><\/i>semmelweis.hu<\/span>\r\n                <\/div>\r\n\r\n\r\n        <\/div>\r\n            <div class=\"row mx-0 py-2 result-line \" data-name=\"joone dr. baricza eszter\">\r\n            <div class=\"col col-12 px-0 d-flex flex-row flex-lg-row-reverse\"><div class=\"row mx-0 pr-2 result-line-content align-items-center\">\r\n                        <div class=\"col-12 col-md-8 px-0 pr-lg-3\">\r\n                            <a class=\"emp-name\" target=\"_blank\" href=\"https:\/\/semmelweis.hu\/telefonkonyv?emp_id=8107\">Jo\u00f3n\u00e9 Dr. Baricza Eszter<\/a>\r\n                            <br \/><span class=\"emp-phone\">tudom\u00e1nyos munkat\u00e1rs<\/span><\/div>\r\n                        <div class=\"col-12 col-md-4 px-0\"><span class=\"emp-phone\"><i class=\"fa fa-phone\" aria-hidden=\"true\"><\/i>56244<\/span><span class=\"emp-email\"><i class=\"fa fa-envelope-o\" aria-hidden=\"true\"><\/i>baricza.eszter<i class=\"fa fa-at m-0 text-body\"><\/i>semmelweis.hu<\/span>\r\n                        <\/div>\r\n                    <\/div>\r\n                \r\n                    <div class=\"portre ml-auto mr-lg-3\" style=\"background-image: url(https:\/\/semmelweis.hu\/wp-content\/telefon\/data\/emp\/portre\/8107.jpg);\">\r\n                        &nbsp;\r\n                    <\/div>\r\n            <\/div>\r\n\r\n                <div class=\"col-12 col-md-6 px-0 d-none\"><span class=\"emp-phone\"><i class=\"fa fa-phone\" aria-hidden=\"true\"><\/i>56244<\/span><span class=\"emp-email\"><i class=\"fa fa-envelope-o\" aria-hidden=\"true\"><\/i>baricza.eszter<i class=\"fa fa-at m-0 text-body\"><\/i>semmelweis.hu<\/span>\r\n                <\/div>\r\n\r\n\r\n        <\/div>\r\n            <div class=\"row mx-0 py-2 result-line \" data-name=\"kiralyhidi panna\">\r\n            <div class=\"col col-12 px-0 d-flex flex-row flex-lg-row-reverse\"><div class=\"row mx-0 pr-2 result-line-content align-items-center\">\r\n                        <div class=\"col-12 col-md-8 px-0 pr-lg-3\">\r\n                            <a class=\"emp-name\" target=\"_blank\" href=\"https:\/\/semmelweis.hu\/telefonkonyv?emp_id=16152\">Kir\u00e1lyhidi Panna<\/a>\r\n                            <br \/><span class=\"emp-phone\">PhD hallgat\u00f3<\/span><\/div>\r\n                        <div class=\"col-12 col-md-4 px-0\"><span class=\"emp-phone\"><i class=\"fa fa-phone\" aria-hidden=\"true\"><\/i>56469<\/span><span class=\"emp-email\"><i class=\"fa fa-envelope-o\" aria-hidden=\"true\"><\/i>kiralyhidi.panna<i class=\"fa fa-at m-0 text-body\"><\/i>semmelweis.hu<\/span>\r\n                        <\/div>\r\n                    <\/div>\r\n                \r\n                    <div class=\"portre ml-auto mr-lg-3\" style=\"background-image: url(https:\/\/semmelweis.hu\/wp-content\/telefon\/data\/emp\/portre\/16152.jpg);\">\r\n                        &nbsp;\r\n                    <\/div>\r\n            <\/div>\r\n\r\n                <div class=\"col-12 col-md-6 px-0 d-none\"><span class=\"emp-phone\"><i class=\"fa fa-phone\" aria-hidden=\"true\"><\/i>56469<\/span><span class=\"emp-email\"><i class=\"fa fa-envelope-o\" aria-hidden=\"true\"><\/i>kiralyhidi.panna<i class=\"fa fa-at m-0 text-body\"><\/i>semmelweis.hu<\/span>\r\n                <\/div>\r\n\r\n\r\n        <\/div><\/div><\/div>\n<p>&nbsp;<\/p>\n\n<\/div><h2 class=\"tabtitle\">Publik\u00e1ci\u00f3k<\/h2>\n<div class=\"tabcontent\">\n\n<h2>Publik\u00e1ci\u00f3k<\/h2>\n<div class=\"keretes w-100\">\n<p><a href=\"https:\/\/m2.mtmt.hu\/gui2\/?type=authors&amp;mode=browse&amp;sel=10025749&amp;view=assortedList\" target=\"_blank\" rel=\"noopener\">Legfontosabb publik\u00e1ci\u00f3k \u2192<\/a><\/p>\n<p><a href=\"https:\/\/m2.mtmt.hu\/gui2\/?type=authors&amp;mode=browse&amp;sel=authors10025749\" target=\"_blank\" rel=\"noopener\">\u00d6sszes publik\u00e1ci\u00f3 \u2192\u00a0<\/a><\/p>\n<\/div>\n<p>&nbsp;<\/p>\n<\/div><\/div>\n","protected":false},"excerpt":{"rendered":"<p>Vezet\u0151: Prof. Nagy Gy\u00f6rgy<\/p>\n","protected":false},"author":102170,"featured_media":0,"parent":135,"menu_order":5,"comment_status":"closed","ping_status":"closed","template":"template-fullwidth.php","meta":{"_acf_changed":false,"footnotes":""},"categories":[44],"tags":[],"class_list":["post-490","page","type-page","status-publish","hentry","category-kutatocsoportok"],"acf":[],"_links":{"self":[{"href":"https:\/\/semmelweis.hu\/gsi\/wp-json\/wp\/v2\/pages\/490","targetHints":{"allow":["GET"]}}],"collection":[{"href":"https:\/\/semmelweis.hu\/gsi\/wp-json\/wp\/v2\/pages"}],"about":[{"href":"https:\/\/semmelweis.hu\/gsi\/wp-json\/wp\/v2\/types\/page"}],"author":[{"embeddable":true,"href":"https:\/\/semmelweis.hu\/gsi\/wp-json\/wp\/v2\/users\/102170"}],"replies":[{"embeddable":true,"href":"https:\/\/semmelweis.hu\/gsi\/wp-json\/wp\/v2\/comments?post=490"}],"version-history":[{"count":6,"href":"https:\/\/semmelweis.hu\/gsi\/wp-json\/wp\/v2\/pages\/490\/revisions"}],"predecessor-version":[{"id":789,"href":"https:\/\/semmelweis.hu\/gsi\/wp-json\/wp\/v2\/pages\/490\/revisions\/789"}],"up":[{"embeddable":true,"href":"https:\/\/semmelweis.hu\/gsi\/wp-json\/wp\/v2\/pages\/135"}],"wp:attachment":[{"href":"https:\/\/semmelweis.hu\/gsi\/wp-json\/wp\/v2\/media?parent=490"}],"wp:term":[{"taxonomy":"category","embeddable":true,"href":"https:\/\/semmelweis.hu\/gsi\/wp-json\/wp\/v2\/categories?post=490"},{"taxonomy":"post_tag","embeddable":true,"href":"https:\/\/semmelweis.hu\/gsi\/wp-json\/wp\/v2\/tags?post=490"}],"curies":[{"name":"wp","href":"https:\/\/api.w.org\/{rel}","templated":true}]}}