{"id":171,"date":"2026-07-29T10:10:09","date_gmt":"2026-07-29T08:10:09","guid":{"rendered":"https:\/\/semmelweis.hu\/gsi\/?page_id=171"},"modified":"2026-08-28T11:19:04","modified_gmt":"2026-08-28T09:19:04","slug":"molekularis-onkobiologia","status":"publish","type":"page","link":"https:\/\/semmelweis.hu\/gsi\/kutatas\/molekularis-onkobiologia\/","title":{"rendered":"Molekul\u00e1ris Onkobiol\u00f3giai Kutat\u00f3csoport"},"content":{"rendered":"<h2>Vezet\u0151: Prof. Wiener Zolt\u00e1n<\/h2>\n<p style=\"text-align: center\"><img loading=\"lazy\" decoding=\"async\" class=\"alignnone wp-image-172\" src=\"https:\/\/semmelweis.hu\/gsi\/files\/2026\/07\/Slides_image-2-400x106.jpg\" alt=\"\" width=\"566\" height=\"150\" srcset=\"https:\/\/semmelweis.hu\/gsi\/files\/2026\/07\/Slides_image-2-400x106.jpg 400w, https:\/\/semmelweis.hu\/gsi\/files\/2026\/07\/Slides_image-2.jpg 592w\" sizes=\"auto, (max-width: 566px) 100vw, 566px\" \/><\/p>\n<div class=\"responsive-tabs\">\n<h2 class=\"tabtitle\">Bemutatkoz\u00e1s<\/h2>\n<div class=\"tabcontent\">\n\n<h2>Bemutatkoz\u00e1s<\/h2>\n<p><strong><img loading=\"lazy\" decoding=\"async\" class=\"alignleft wp-image-173\" src=\"https:\/\/semmelweis.hu\/gsi\/files\/2026\/07\/200612_contr-1-400x400.jpg\" alt=\"\" width=\"250\" height=\"250\" srcset=\"https:\/\/semmelweis.hu\/gsi\/files\/2026\/07\/200612_contr-1-400x400.jpg 400w, https:\/\/semmelweis.hu\/gsi\/files\/2026\/07\/200612_contr-1-150x150.jpg 150w, https:\/\/semmelweis.hu\/gsi\/files\/2026\/07\/200612_contr-1-768x768.jpg 768w, https:\/\/semmelweis.hu\/gsi\/files\/2026\/07\/200612_contr-1-753x753.jpg 753w, https:\/\/semmelweis.hu\/gsi\/files\/2026\/07\/200612_contr-1.jpg 1024w\" sizes=\"auto, (max-width: 250px) 100vw, 250px\" \/>Colorectal cancer<\/strong><strong>\u00a0(CRC)<\/strong>\u00a0is\u00a0one of the leading causes of cancer related death in Hungary and in the Western countries. Despite the progress in understanding colorectal tumorigenesis, this disease still represents an outstanding health problem. Recent reports have proved that not only the tumor cells, but also the stromal cells critically contribute to the tumor progression and patient survival.<strong><br \/>\n<\/strong><\/p>\n<p>The 5-year patient survival is extremely low in\u00a0<strong>pancreatic and lung cancers<\/strong>, partially due to the late diagnosis and the lack of early signs of these diseases.<\/p>\n<p><strong>Our mission <\/strong>is to identify novel communication mechanisms between tumor cells and the stroma that can form the basis of future therapeutic interventions in CRC, PDAC and lung cancer. Furthermore,\u00a0 we aim at identifying novel early biomarkers for lung and pancreatic cancers. One of our interests is the function of the extracellular vesicles that represent a novel form of cell-to-cell communication.<\/p>\n<p><img loading=\"lazy\" decoding=\"async\" class=\"alignleft wp-image-174\" src=\"https:\/\/semmelweis.hu\/gsi\/files\/2026\/07\/d0-3_publ-400x400.jpg\" alt=\"\" width=\"250\" height=\"250\" srcset=\"https:\/\/semmelweis.hu\/gsi\/files\/2026\/07\/d0-3_publ-400x400.jpg 400w, https:\/\/semmelweis.hu\/gsi\/files\/2026\/07\/d0-3_publ-150x150.jpg 150w, https:\/\/semmelweis.hu\/gsi\/files\/2026\/07\/d0-3_publ-768x768.jpg 768w, https:\/\/semmelweis.hu\/gsi\/files\/2026\/07\/d0-3_publ-753x753.jpg 753w, https:\/\/semmelweis.hu\/gsi\/files\/2026\/07\/d0-3_publ.jpg 1024w\" sizes=\"auto, (max-width: 250px) 100vw, 250px\" \/>We use a large array of state-of-the-art methods to answer our biological questions, such as <strong>the patient-derived organoid technology and the genome editing CRISPR-Cas9 method<\/strong>.\u00a0Our research group is financed by grants from the Semmelweis University and by the National Research, Development and Innovation Office (Hungary).<\/p>\n<p>&nbsp;<\/p>\n<p>&nbsp;<\/p>\n<p>&nbsp;<\/p>\n\n<\/div><h2 class=\"tabtitle\">Tagok<\/h2>\n<div class=\"tabcontent\">\n\n<h2>Tagok<\/h2>\n\r\n<div id=\"telefonkonyv\"><div class=\"tel-results col-12 px-0\"><p class=\"desc mb-1\"><span>Ha hib\u00e1s, vagy hi\u00e1nyz\u00f3 adatot tal\u00e1l, k\u00e9rj\u00fck jelezze szervezeti egys\u00e9g\u00fcnk titk\u00e1rs\u00e1g\u00e1n.<\/span><\/p>\r\n                <p class=\"desc\"><em>A telefonk\u00f6nyvben tal\u00e1lhat\u00f3 adatok nem haszn\u00e1lhat\u00f3k fel az 1995. \u00e9vi CXIX. t\u00f6rv\u00e9ny szerinti kutat\u00e1s \u00e9s k\u00f6zvetlen \u00fczletszerz\u00e9s c\u00e9lj\u00e1ra.<\/em><\/p>\r\n            <div class=\"row mx-0 py-2 result-line emp-leader\" data-name=\"wiener zoltan\">\r\n            <div class=\"col col-12 px-0 d-flex flex-row flex-lg-row-reverse\"><div class=\"row mx-0 pr-2 result-line-content align-items-center\">\r\n                        <div class=\"col-12 col-md-8 px-0 pr-lg-3\">\r\n                            <a class=\"emp-name\" target=\"_blank\" href=\"https:\/\/semmelweis.hu\/telefonkonyv?emp_id=839\">Prof. Wiener Zolt\u00e1n<\/a>\r\n                            <br \/><span class=\"emp-phone\">egyetemi tan\u00e1r, az MTA doktora<\/span><\/div>\r\n                        <div class=\"col-12 col-md-4 px-0\"><span class=\"emp-phone\"><i class=\"fa fa-phone\" aria-hidden=\"true\"><\/i>56432<\/span><span class=\"emp-email\"><i class=\"fa fa-envelope-o\" aria-hidden=\"true\"><\/i>wiener.zoltan<i class=\"fa fa-at m-0 text-body\"><\/i>semmelweis.hu<\/span>\r\n                        <\/div>\r\n                    <\/div>\r\n                \r\n                    <div class=\"portre ml-auto mr-lg-3\" style=\"background-image: url(https:\/\/semmelweis.hu\/wp-content\/telefon\/data\/emp\/portre\/839.jpg);\">\r\n                        &nbsp;\r\n                    <\/div>\r\n            <\/div>\r\n\r\n                <div class=\"col-12 col-md-6 px-0 d-none\"><span class=\"emp-phone\"><i class=\"fa fa-phone\" aria-hidden=\"true\"><\/i>56432<\/span><span class=\"emp-email\"><i class=\"fa fa-envelope-o\" aria-hidden=\"true\"><\/i>wiener.zoltan<i class=\"fa fa-at m-0 text-body\"><\/i>semmelweis.hu<\/span>\r\n                <\/div>\r\n\r\n\r\n        <\/div>\r\n            <div class=\"row mx-0 py-2 result-line \" data-name=\"bordas fanni\">\r\n            <div class=\"col col-12 px-0 d-flex flex-row flex-lg-row-reverse\"><div class=\"row mx-0 pr-2 result-line-content align-items-center\">\r\n                        <div class=\"col-12 col-md-8 px-0 pr-lg-3\">\r\n                            <a class=\"emp-name\" target=\"_blank\" href=\"https:\/\/semmelweis.hu\/telefonkonyv?emp_id=25505\">Bord\u00e1s Fanni<\/a>\r\n                            <br \/><span class=\"emp-phone\">kutat\u00e1si asszisztens<\/span><\/div>\r\n                        <div class=\"col-12 col-md-4 px-0\"><span class=\"emp-phone\"><i class=\"fa fa-phone\" aria-hidden=\"true\"><\/i>56502<\/span><span class=\"emp-email\"><i class=\"fa fa-envelope-o\" aria-hidden=\"true\"><\/i>bordas.fanni<i class=\"fa fa-at m-0 text-body\"><\/i>semmelweis.hu<\/span>\r\n                        <\/div>\r\n                    <\/div>\r\n                \r\n                    <div class=\"portre ml-auto mr-lg-3\" style=\"background-image: url(https:\/\/semmelweis.hu\/wp-content\/telefon\/data\/emp\/portre\/25505.jpeg);\">\r\n                        &nbsp;\r\n                    <\/div>\r\n            <\/div>\r\n\r\n                <div class=\"col-12 col-md-6 px-0 d-none\"><span class=\"emp-phone\"><i class=\"fa fa-phone\" aria-hidden=\"true\"><\/i>56502<\/span><span class=\"emp-email\"><i class=\"fa fa-envelope-o\" aria-hidden=\"true\"><\/i>bordas.fanni<i class=\"fa fa-at m-0 text-body\"><\/i>semmelweis.hu<\/span>\r\n                <\/div>\r\n\r\n\r\n        <\/div>\r\n            <div class=\"row mx-0 py-2 result-line \" data-name=\"hajdo szabolcs\">\r\n            <div class=\"col col-12 px-0 d-flex flex-row flex-lg-row-reverse\"><div class=\"row mx-0 pr-2 result-line-content align-items-center\">\r\n                        <div class=\"col-12 col-md-8 px-0 pr-lg-3\">\r\n                            <a class=\"emp-name\" target=\"_blank\" href=\"https:\/\/semmelweis.hu\/telefonkonyv?emp_id=22630\">Hajd\u00f3 Szabolcs<\/a>\r\n                            <br \/><span class=\"emp-phone\">PhD hallgat\u00f3<\/span><\/div>\r\n                        <div class=\"col-12 col-md-4 px-0\"><span class=\"emp-phone\"><i class=\"fa fa-phone\" aria-hidden=\"true\"><\/i>50432<\/span><span class=\"emp-email\"><i class=\"fa fa-envelope-o\" aria-hidden=\"true\"><\/i>hajdo.szabolcs<i class=\"fa fa-at m-0 text-body\"><\/i>semmelweis.hu<\/span>\r\n                        <\/div>\r\n                    <\/div>\r\n                \r\n                    <div class=\"portre ml-auto mr-lg-3\" style=\"background-image: url(https:\/\/semmelweis.hu\/wp-content\/telefon\/data\/emp\/portre\/22630.jpg);\">\r\n                        &nbsp;\r\n                    <\/div>\r\n            <\/div>\r\n\r\n                <div class=\"col-12 col-md-6 px-0 d-none\"><span class=\"emp-phone\"><i class=\"fa fa-phone\" aria-hidden=\"true\"><\/i>50432<\/span><span class=\"emp-email\"><i class=\"fa fa-envelope-o\" aria-hidden=\"true\"><\/i>hajdo.szabolcs<i class=\"fa fa-at m-0 text-body\"><\/i>semmelweis.hu<\/span>\r\n                <\/div>\r\n\r\n\r\n        <\/div>\r\n            <div class=\"row mx-0 py-2 result-line \" data-name=\"hampuch adam\">\r\n            <div class=\"col col-12 px-0 d-flex flex-row flex-lg-row-reverse\"><div class=\"row mx-0 pr-2 result-line-content align-items-center\">\r\n                        <div class=\"col-12 col-md-8 px-0 pr-lg-3\">\r\n                            <a class=\"emp-name\" target=\"_blank\" href=\"https:\/\/semmelweis.hu\/telefonkonyv?emp_id=26906\">Hampuch \u00c1d\u00e1m<\/a>\r\n                            <br \/><span class=\"emp-phone\">PhD hallgat\u00f3<\/span><\/div>\r\n                        <div class=\"col-12 col-md-4 px-0\"><span class=\"emp-phone\"><i class=\"fa fa-phone\" aria-hidden=\"true\"><\/i>56432<\/span><span class=\"emp-email\"><i class=\"fa fa-envelope-o\" aria-hidden=\"true\"><\/i>hampuch.adam<i class=\"fa fa-at m-0 text-body\"><\/i>semmelweis.hu<\/span>\r\n                        <\/div>\r\n                    <\/div>\r\n                \r\n                    <div class=\"portre ml-auto mr-lg-3\" style=\"background-image: url(https:\/\/semmelweis.hu\/wp-content\/telefon\/data\/emp\/portre\/26906.jpg);\">\r\n                        &nbsp;\r\n                    <\/div>\r\n            <\/div>\r\n\r\n                <div class=\"col-12 col-md-6 px-0 d-none\"><span class=\"emp-phone\"><i class=\"fa fa-phone\" aria-hidden=\"true\"><\/i>56432<\/span><span class=\"emp-email\"><i class=\"fa fa-envelope-o\" aria-hidden=\"true\"><\/i>hampuch.adam<i class=\"fa fa-at m-0 text-body\"><\/i>semmelweis.hu<\/span>\r\n                <\/div>\r\n\r\n\r\n        <\/div>\r\n            <div class=\"row mx-0 py-2 result-line \" data-name=\"kis david\">\r\n            <div class=\"col col-12 px-0 d-flex flex-row flex-lg-row-reverse\"><div class=\"row mx-0 pr-2 result-line-content align-items-center\">\r\n                        <div class=\"col-12 col-md-8 px-0 pr-lg-3\">\r\n                            <a class=\"emp-name\" target=\"_blank\" href=\"https:\/\/semmelweis.hu\/telefonkonyv?emp_id=25510\">Kis D\u00e1vid<\/a>\r\n                            <br \/><span class=\"emp-phone\">tudom\u00e1nyos seg\u00e9dmunkat\u00e1rs<\/span><\/div>\r\n                        <div class=\"col-12 col-md-4 px-0\"><span class=\"emp-phone\"><i class=\"fa fa-phone\" aria-hidden=\"true\"><\/i>56432<\/span><span class=\"emp-email\"><i class=\"fa fa-envelope-o\" aria-hidden=\"true\"><\/i>kis.david<i class=\"fa fa-at m-0 text-body\"><\/i>semmelweis.hu<\/span>\r\n                        <\/div>\r\n                    <\/div>\r\n                \r\n                    <div class=\"portre ml-auto mr-lg-3\" style=\"background-image: url(https:\/\/semmelweis.hu\/wp-content\/telefon\/data\/emp\/portre\/25510.jpg);\">\r\n                        &nbsp;\r\n                    <\/div>\r\n            <\/div>\r\n\r\n                <div class=\"col-12 col-md-6 px-0 d-none\"><span class=\"emp-phone\"><i class=\"fa fa-phone\" aria-hidden=\"true\"><\/i>56432<\/span><span class=\"emp-email\"><i class=\"fa fa-envelope-o\" aria-hidden=\"true\"><\/i>kis.david<i class=\"fa fa-at m-0 text-body\"><\/i>semmelweis.hu<\/span>\r\n                <\/div>\r\n\r\n\r\n        <\/div>\r\n            <div class=\"row mx-0 py-2 result-line \" data-name=\"li luca kamilla\">\r\n            <div class=\"col col-12 px-0 d-flex flex-row flex-lg-row-reverse\"><div class=\"row mx-0 pr-2 result-line-content align-items-center\">\r\n                        <div class=\"col-12 col-md-8 px-0 pr-lg-3\">\r\n                            <a class=\"emp-name\" target=\"_blank\" href=\"https:\/\/semmelweis.hu\/telefonkonyv?emp_id=26908\">Li Luca Kamilla<\/a>\r\n                            <br \/><span class=\"emp-phone\">PhD hallgat\u00f3<\/span><\/div>\r\n                        <div class=\"col-12 col-md-4 px-0\"><span class=\"emp-phone\"><i class=\"fa fa-phone\" aria-hidden=\"true\"><\/i>56432<\/span><span class=\"emp-email\"><i class=\"fa fa-envelope-o\" aria-hidden=\"true\"><\/i>li.luca.kamilla<i class=\"fa fa-at m-0 text-body\"><\/i>semmelweis.hu<\/span>\r\n                        <\/div>\r\n                    <\/div>\r\n                \r\n                    <div class=\"portre ml-auto mr-lg-3\" style=\"background-image: url(https:\/\/semmelweis.hu\/wp-content\/telefon\/data\/emp\/portre\/26908.jpeg);\">\r\n                        &nbsp;\r\n                    <\/div>\r\n            <\/div>\r\n\r\n                <div class=\"col-12 col-md-6 px-0 d-none\"><span class=\"emp-phone\"><i class=\"fa fa-phone\" aria-hidden=\"true\"><\/i>56432<\/span><span class=\"emp-email\"><i class=\"fa fa-envelope-o\" aria-hidden=\"true\"><\/i>li.luca.kamilla<i class=\"fa fa-at m-0 text-body\"><\/i>semmelweis.hu<\/span>\r\n                <\/div>\r\n\r\n\r\n        <\/div>\r\n            <div class=\"row mx-0 py-2 result-line \" data-name=\"orosz adrian\">\r\n            <div class=\"col col-12 px-0 d-flex flex-row flex-lg-row-reverse\"><div class=\"row mx-0 pr-2 result-line-content align-items-center\">\r\n                        <div class=\"col-12 col-md-8 px-0 pr-lg-3\">\r\n                            <a class=\"emp-name\" target=\"_blank\" href=\"https:\/\/semmelweis.hu\/telefonkonyv?emp_id=26907\">Orosz Adri\u00e1n<\/a>\r\n                            <br \/><span class=\"emp-phone\">PhD hallgat\u00f3<\/span><\/div>\r\n                        <div class=\"col-12 col-md-4 px-0\"><span class=\"emp-phone\"><i class=\"fa fa-phone\" aria-hidden=\"true\"><\/i>56432<\/span><span class=\"emp-email\"><i class=\"fa fa-envelope-o\" aria-hidden=\"true\"><\/i>orosz.adrian<i class=\"fa fa-at m-0 text-body\"><\/i>semmelweis.hu<\/span>\r\n                        <\/div>\r\n                    <\/div>\r\n                \r\n                    <div class=\"portre ml-auto mr-lg-3\" style=\"background-image: url(https:\/\/semmelweis.hu\/wp-content\/telefon\/data\/emp\/portre\/26907.jpg);\">\r\n                        &nbsp;\r\n                    <\/div>\r\n            <\/div>\r\n\r\n                <div class=\"col-12 col-md-6 px-0 d-none\"><span class=\"emp-phone\"><i class=\"fa fa-phone\" aria-hidden=\"true\"><\/i>56432<\/span><span class=\"emp-email\"><i class=\"fa fa-envelope-o\" aria-hidden=\"true\"><\/i>orosz.adrian<i class=\"fa fa-at m-0 text-body\"><\/i>semmelweis.hu<\/span>\r\n                <\/div>\r\n\r\n\r\n        <\/div>\r\n            <div class=\"row mx-0 py-2 result-line \" data-name=\"vajda flora\">\r\n            <div class=\"col col-12 px-0 d-flex flex-row flex-lg-row-reverse\"><div class=\"row mx-0 pr-2 result-line-content align-items-center\">\r\n                        <div class=\"col-12 col-md-8 px-0 pr-lg-3\">\r\n                            <a class=\"emp-name\" target=\"_blank\" href=\"https:\/\/semmelweis.hu\/telefonkonyv?emp_id=26905\">Dr. Vajda Fl\u00f3ra<\/a>\r\n                            <br \/><span class=\"emp-phone\">tudom\u00e1nyos munkat\u00e1rs<\/span><\/div>\r\n                        <div class=\"col-12 col-md-4 px-0\"><span class=\"emp-phone\"><i class=\"fa fa-phone\" aria-hidden=\"true\"><\/i>56432<\/span><span class=\"emp-email\"><i class=\"fa fa-envelope-o\" aria-hidden=\"true\"><\/i>vajda.flora<i class=\"fa fa-at m-0 text-body\"><\/i>semmelweis.hu<\/span>\r\n                        <\/div>\r\n                    <\/div>\r\n                \r\n                    <div class=\"portre ml-auto mr-lg-3\" style=\"background-image: url(https:\/\/semmelweis.hu\/wp-content\/telefon\/data\/emp\/portre\/26905.jpg);\">\r\n                        &nbsp;\r\n                    <\/div>\r\n            <\/div>\r\n\r\n                <div class=\"col-12 col-md-6 px-0 d-none\"><span class=\"emp-phone\"><i class=\"fa fa-phone\" aria-hidden=\"true\"><\/i>56432<\/span><span class=\"emp-email\"><i class=\"fa fa-envelope-o\" aria-hidden=\"true\"><\/i>vajda.flora<i class=\"fa fa-at m-0 text-body\"><\/i>semmelweis.hu<\/span>\r\n                <\/div>\r\n\r\n\r\n        <\/div>\r\n            <div class=\"row mx-0 py-2 result-line \" data-name=\"zeold aniko\">\r\n            <div class=\"col col-12 px-0 d-flex flex-row flex-lg-row-reverse\"><div class=\"row mx-0 pr-2 result-line-content align-items-center\">\r\n                        <div class=\"col-12 col-md-8 px-0 pr-lg-3\">\r\n                            <a class=\"emp-name\" target=\"_blank\" href=\"https:\/\/semmelweis.hu\/telefonkonyv?emp_id=12950\">Dr. Ze\u00f6ld Anik\u00f3<\/a>\r\n                            <br \/><span class=\"emp-phone\">egyetemi adjunktus<\/span><\/div>\r\n                        <div class=\"col-12 col-md-4 px-0\"><span class=\"emp-phone\"><i class=\"fa fa-phone\" aria-hidden=\"true\"><\/i>56432<\/span><span class=\"emp-email\"><i class=\"fa fa-envelope-o\" aria-hidden=\"true\"><\/i>zeold.aniko<i class=\"fa fa-at m-0 text-body\"><\/i>semmelweis.hu<\/span>\r\n                        <\/div>\r\n                    <\/div>\r\n                \r\n                    <div class=\"portre ml-auto mr-lg-3\" style=\"background-image: url(https:\/\/semmelweis.hu\/wp-content\/telefon\/data\/emp\/portre\/12950.jpg);\">\r\n                        &nbsp;\r\n                    <\/div>\r\n            <\/div>\r\n\r\n                <div class=\"col-12 col-md-6 px-0 d-none\"><span class=\"emp-phone\"><i class=\"fa fa-phone\" aria-hidden=\"true\"><\/i>56432<\/span><span class=\"emp-email\"><i class=\"fa fa-envelope-o\" aria-hidden=\"true\"><\/i>zeold.aniko<i class=\"fa fa-at m-0 text-body\"><\/i>semmelweis.hu<\/span>\r\n                <\/div>\r\n\r\n\r\n        <\/div><\/div><\/div>\n<h5>\u00a0<\/h5>\n<h5>TDK hallgat\u00f3k<\/h5>\n<ul>\n<li>Simon Zs\u00f3fia, MD hallgat\u00f3<\/li>\n<li>Farzan Farzin, MD hallgat\u00f3<\/li>\n<li>Igaz Laura, MD hallgat\u00f3<\/li>\n<\/ul>\n<h5>\u00a0<\/h5>\n<h5>V\u00e9gzett PhD hallgat\u00f3k<\/h5>\n<ul>\n<li>Idan Carmi (2026)<\/li>\n<li>So\u00f3s Andr\u00e1s \u00c1ron (2023)<\/li>\n<li>Kelemen Andrea (2022)<\/li>\n<li>S\u00e1ndor Gy\u00f6ngyv\u00e9r Orsolya (2022)<\/li>\n<li>Szvicsek Zsuzsanna (2021)<\/li>\n<li>Oszvald-Haibach \u00c1d\u00e1m (2021)<\/li>\n<\/ul>\n<h5>\u00a0<\/h5>\n<h5>Kor\u00e1bbi MSc\/MD hallgat\u00f3k<\/h5>\n<ul>\n<li>Korm\u00e1ny R\u00e9ka, gy\u00f3gyszer\u00e9sz hallgat\u00f3<\/li>\n<li>Sz\u00e1sz Regina, biol\u00f3gus MSc hallgat\u00f3<\/li>\n<li>Maya Litner, MD hallgat\u00f3<\/li>\n<li>Kov\u00e1cs Istv\u00e1n, MD<\/li>\n<li>Szab\u00f3 Lili, MSc<\/li>\n<li>P\u00e1pai M\u00e1rton, MSc<\/li>\n<li>Nagy \u00c1d\u00e1m, MD hallgat\u00f3<\/li>\n<li>Kiss Anna, MD hallgat\u00f3<\/li>\n<li>Szab\u00f3 D\u00e1niel M\u00e1rk, MD hallgat\u00f3<\/li>\n<li>Seress Iv\u00e1n, MD hallgat\u00f3<\/li>\n<\/ul>\n\n<\/div><h2 class=\"tabtitle\">D\u00edjak, elismer\u00e9sek<\/h2>\n<div class=\"tabcontent\">\n\n<h2>D\u00edjak, elismer\u00e9sek<\/h2>\n<p>2017. november: Kelemen Andrea I. helyez\u00e9st \u00e9rt el az ELTE Biol\u00f3gus TDK Konferenci\u00e1n<\/p>\n<p>2018. febru\u00e1r: Kov\u00e1cs Istv\u00e1n III. helyez\u00e9st \u00e9rt el a Semmelweis Egyetem TDK Konferenci\u00e1j\u00e1n<\/p>\n<p>2018. augusztus: So\u00f3s Andr\u00e1s \u00daNKP p\u00e1ly\u00e1zatot nyert<\/p>\n<p>2018. augusztus: Dr. Ze\u00f6ld Anik\u00f3 \u00daNKP p\u00e1ly\u00e1zatot nyert<\/p>\n<p>2018. szeptember: munkacsoportunk telt h\u00e1zas programot k\u00e9sz\u00edtett a Kutat\u00f3k \u00c9jszak\u00e1j\u00e1n<\/p>\n<p>2018. december: So\u00f3s Andr\u00e1s I. helyezett lett az \u00c1llatorvosi Egyetem TDK konferenci\u00e1j\u00e1n!<\/p>\n<p>2019. febru\u00e1r: Kov\u00e1cs Istv\u00e1n II. helyez\u00e9st \u00e9rt el a Semmelweis Egyetem TDK Konferenci\u00e1j\u00e1n<\/p>\n<p>2019. \u00e1prilis: So\u00f3s Andr\u00e1s I., Kelemen Andrea II. helyezett lett a Biol\u00f3gus Orsz\u00e1gos TDK-n! Gratul\u00e1lunk!<\/p>\n<p>2019. \u00e1prilis: Wiener Zolt\u00e1n el\u0151ad\u00e1st tartott a Magyar Onkol\u00f3gusok T\u00e1rsas\u00e1ga kecskem\u00e9ti tov\u00e1bbk\u00e9pz\u0151 konferenci\u00e1j\u00e1n<\/p>\n<p>2019. augusztus: Szvicsek Zsuzsanna \u00daNKP p\u00e1ly\u00e1zatot nyert!<\/p>\n<p>2019. augusztus: Wiener Zolt\u00e1n megh\u00edvott el\u0151ad\u00f3k\u00e9nt szerepelt a Magyar Szemlyre Szabott Medicina T\u00e1rsas\u00e1g g\u00e1rdonyi konferenci\u00e1j\u00e1n<\/p>\n<p>2019. szeptember: munkacsoportunk az id\u00e9n is nagy \u00e9rdekl\u0151d\u00e9s mellett szervezett programot a Kutat\u00f3k \u00c9jszak\u00e1j\u00e1n<\/p>\n<p>2019. okt\u00f3ber: Wiener Zolt\u00e1n megh\u00edvott el\u0151ad\u00e1st tartott a Sejtbiol\u00f3giai Konferenci\u00e1n (G\u00f6d\u00f6ll\u0151)<\/p>\n<p>2019. november: Szvicsek Zuzsanna \u00e9s Oszvald \u00c1d\u00e1m megnyert\u00e9k a Veritas et Virtus Alap\u00edtv\u00e1ny d\u00edj\u00e1t!<\/p>\n<p>2019. november: Kelemen Andrea megnyerte a Richter Gedeon \u00f6szt\u00f6nd\u00edj\u00e1t!<\/p>\n<p>2019. december: munkacsoportunk nagy \u00e9rdekl\u0151d\u00e9s mellett programot szervezett a Semmelweis Eg\u00e9szs\u00e9g Napok keret\u00e9ben<\/p>\n<p>2020. j\u00fanius: Wiener Zolt\u00e1n ism\u00e9t megnyerte az MTA Bolyai \u00d6szt\u00f6nd\u00edjat<\/p>\n<p>2020. szeptember: Wiener Zolt\u00e1n \u00e9s So\u00f3s Andr\u00e1s \u00daNKP p\u00e1ly\u00e1zatot nyertek!<\/p>\n<p>2020. szeptember: Idan Carmi IV. \u00e9ves \u00c1OK TDK hallgat\u00f3 els\u0151 helyez\u00e9st \u00e9rt el a Semmelweis Egyetem TDK Konferenci\u00e1n<\/p>\n<p>2020. december: S\u00e1ndor Gy\u00f6ngyv\u00e9r, Kelemen Andrea \u00e9s So\u00f3s Andr\u00e1s Semmelweis Tudom\u00e1nyos \u00e9s Innov\u00e1ci\u00f3s Alap p\u00e1ly\u00e1zatot nyertek!<\/p>\n<p>2020. december: Wiener Zolt\u00e1n Semmelweis Tudom\u00e1nyos \u00e9s Innov\u00e1ci\u00f3s Alap p\u00e1ly\u00e1zatot nyert<\/p>\n<p>2021. janu\u00e1r: Szvicsek Zsuzsanna \u00e9s Oszvald \u00c1d\u00e1m summa cum laude min\u0151s\u00edt\u00e9ssel megv\u00e9dt\u00e9k a PhD fokozatukat. Gratul\u00e1lunk!<\/p>\n<p>2021. febru\u00e1r: Idan Carmi IV. \u00e9ves \u00c1OK TDK hallgat\u00f3 harmadik helyez\u00e9st \u00e9rt el a Semmelweis Egyetem TDK Konferenci\u00e1n<\/p>\n<p>2021. \u00e1prilis: Idan Carmi IV. \u00e9ves \u00c1OK TDK hallgat\u00f3 megnyerte az OTDK-t!<\/p>\n<p>2021. augusztus: Idan Carmi \u00e9s Wiener Zolt\u00e1n \u00daNKP p\u00e1ly\u00e1zatot nyertek!<\/p>\n<p>2021. augusztus: Idan Carmi felv\u00e9telt nyert az MD-PhD programra<\/p>\n<p>2021. szeptember: Wiener Zolt\u00e1n megnyerte az OTKA t\u00e1mogat\u00e1st<\/p>\n<p>2021. szeptember: Idan Carmi megnyerte az OTDK+ konferenci\u00e1t Szegeden<\/p>\n<p>2021. szeptember: munkacsoportunk ism\u00e9t \u00f6n\u00e1ll\u00f3 programot szervezett a Kutat\u00f3k \u00c9jszak\u00e1j\u00e1n<\/p>\n<p>2021. okt\u00f3ber: So\u00f3s Andr\u00e1s Nemzet Kiv\u00e1l\u00f3 Tehets\u00e9gei\u00e9rt p\u00e1ly\u00e1zatot nyert<\/p>\n<p>2021. november: S\u00e1ndor Gy\u00f6ngyv\u00e9r summa cum laude min\u0151s\u00edt\u00e9ssel megszerezte a PhD fokozat\u00e1t. Gratul\u00e1lunk!<\/p>\n<p>2022. febru\u00e1r: valamennyi hallgat\u00f3nk helyez\u00e9st \u00e9rt el a Semmelweis Egyetem TDK Konferenci\u00e1j\u00e1n! Seress Iv\u00e1n (I. hely), Idan Carmi (II. hely) \u00e9s Szab\u00f3 D\u00e1niel M\u00e1rk (III. hely)<\/p>\n<p>2022. augusztus: Idan Carmi \u00e9s Wiener Zolt\u00e1n \u00daNKP p\u00e1ly\u00e1zatot nyertek!<\/p>\n<p>2022. szeptember: Kelemen Andrea summa cum laude min\u0151s\u00edt\u00e9ssel megv\u00e9dte a PhD fokozat\u00e1t. Gratul\u00e1lunk!<\/p>\n<p>2023. m\u00e1rcius: Idan Carmi I. helyez\u00e9st \u00e9rt el a Kor\u00e1nyi Tudom\u00e1nyos F\u00f3rumon<\/p>\n<p>2023. m\u00e1jus: So\u00f3s Andr\u00e1s utaz\u00e1si \u00f6szt\u00f6nd\u00edjat nyert az European Association for Cancer Research (EACR)-t\u00f3l<\/p>\n<p>2023. szeptember: Idan Carmi Semmelweis Kiv\u00e1l\u00f3s\u00e1gi P\u00e1ly\u00e1zatot nyert<\/p>\n<p>2023. szeptember: Orosz Adri\u00e1n felv\u00e9telt nyert az MD-PhD programba<\/p>\n<p>2023. okt\u00f3ber: Dr. Hajd\u00f3 Szabolcs csatlakozott munkacsoportunkhoz<\/p>\n<p>2023. december: So\u00f3s Andr\u00e1s sikeresen megv\u00e9dte a PhD munk\u00e1j\u00e1t<\/p>\n<p>2024. febru\u00e1r: Dr. Hajd\u00f3 Szabolcsot felvett\u00e9k \u00e1llami \u00f6szt\u00f6nd\u00edjas PhD hallgat\u00f3nak a Semmelweis Egyetemre<\/p>\n<p>2024. febru\u00e1r: Korm\u00e1ny R\u00e9ka III. helyez\u00e9st \u00e9rt el a TDK Konferenci\u00e1n<\/p>\n<p>2024. \u00e1prilis: Wiener Zolt\u00e1n elnyerte az MTA doktora c\u00edmet<\/p>\n<p>2024. j\u00fanius: Wiener Zolt\u00e1n habilit\u00e1ci\u00f3t szerzett a Semmelweis Egyetemen<\/p>\n\n<\/div><h2 class=\"tabtitle\">Publik\u00e1ci\u00f3k<\/h2>\n<div class=\"tabcontent\">\n\n<h2>Publik\u00e1ci\u00f3k<\/h2>\n<div class=\"keretes w-100\">\n<p><a href=\"https:\/\/m2.mtmt.hu\/gui2\/?type=authors&amp;mode=browse&amp;sel=10012601&amp;view=assortedList\" target=\"_blank\" rel=\"noopener\">V\u00e1logatott publik\u00e1ci\u00f3k \u2192<\/a><\/p>\n<p><a href=\"https:\/\/m2.mtmt.hu\/gui2\/?type=authors&amp;mode=browse&amp;sel=authors10012601\" target=\"_blank\" rel=\"noopener\">\u00d6sszes publik\u00e1ci\u00f3 \u2192<\/a><\/p>\n<\/div>\n<p>&nbsp;<\/p>\n\n<\/div><h2 class=\"tabtitle\">Esem\u00e9nyek<\/h2>\n<div class=\"tabcontent\">\n\n<h2>Esem\u00e9nyek<\/h2>\n<h5 style=\"text-align: center\">A v\u00e1ltozatos tumorok nyom\u00e1ban \u2013kutat\u00f3i szemmel<br \/>\nKutat\u00f3k \u00e9jszak\u00e1ja 2021<\/h5>\n<p>Ah\u00e1ny sejtt\u00edpus, annyi tumorf\u00e9les\u00e9g. Vajon milyen m\u00f3dszerekkel lehet megismerni az egyes tumorok kialakul\u00e1s\u00e1nak m\u00f3dj\u00e1t? Hogyan j\u00e1rulnak hozz\u00e1 a jobb megismer\u00e9shez az \u00e1llatmodellek? Mennyire tekinthet\u0151k a genetikailag m\u00f3dos\u00edtott egerek megfelel\u0151nek, ha az emberi tumorokra vagyunk k\u00edv\u00e1ncsiak? Hogyan tudn\u00e1nk a betegekb\u0151l sz\u00e1rmaz\u00f3 r\u00e1kos sz\u00f6vetet felhaszn\u00e1lni a szem\u00e9lyre szabott ter\u00e1pi\u00e1ban? Milyen m\u00f3dszerrel lehetne az emberi \u00f6r\u00f6k\u00edt\u0151anyagot c\u00e9lzottan m\u00f3dos\u00edtani? A k\u00f6tetlen besz\u00e9lget\u00e9sb\u0151l \u00e9s gyakorlati r\u00e9szb\u0151l \u00e1ll\u00f3 program sor\u00e1n k\u00e9t fontos tumort\u00edpusra, a vastagb\u00e9ltumorra \u00e9s a hasny\u00e1lmirigyr\u00e1kra f\u00f3kusz\u00e1lunk. A r\u00e9sztvev\u0151knek lehet\u0151s\u00e9g\u00fck ny\u00edlik a tudom\u00e1ny mindennapjaiba val\u00f3 belel\u00e1t\u00e1sra, egy egyetemi kutat\u00f3m\u0171hely m\u0171k\u00f6d\u00e9s\u00e9nek megismer\u00e9s\u00e9re, valamint egy r\u00f6vid kutat\u00f3i, laborat\u00f3riumi k\u00eds\u00e9rlet elv\u00e9gz\u00e9s\u00e9re is, mellyel szem\u00e9lyesen hozz\u00e1j\u00e1rulhatnak a tudom\u00e1ny fejl\u0151d\u00e9s\u00e9hez&#8230;.<\/p>\n<p>Mikor? 2021. szeptember 24-\u00e9n 18 \u00f3rakor, a program hossza kb. 90 perc.<\/p>\n<p>Hol? Semmelweis Egyetem Genetikai, Sejt- \u00e9s Immunbiol\u00f3giai Int\u00e9zet, Nagyv\u00e1rad t\u00e9r 4, 6-8. emelet. Tal\u00e1lkoz\u00f3 az \u00e9p\u00fclet port\u00e1j\u00e1n.<\/p>\n<p>Szeretettel v\u00e1runk mindenkit, k\u00f6z\u00e9piskol\u00e1s kort\u00f3l felfel\u00e9! K\u00e9rj\u00fck, hogy v\u00e9detts\u00e9gi igazolv\u00e1nyodat \u00e9s maszkot hozz magaddal.<\/p>\n<p><span style=\"color: #ff0000\">A program megval\u00f3sult. Tal\u00e1lkozunk j\u00f6v\u0151re!<\/span><\/p>\n<p>&nbsp;<\/p>\n<hr \/>\n<h5 style=\"text-align: center\">Kutat\u00f3k \u00e9jszak\u00e1ja 2020<\/h5>\n<p>A j\u00e1rv\u00e1ny\u00fcgyi korl\u00e1toz\u00e1sok miatt 2020-ban munkacsoportunk a programot online, Zoom-on kereszt\u00fcl tartotta meg a Kutat\u00f3k \u00c9jszak\u00e1j\u00e1n, mely interakt\u00edv el\u0151ad\u00e1sb\u00f3l \u00e9s besz\u00e9lget\u00e9sb\u0151l \u00e1llt.<\/p>\n<p>A nagy \u00e9rdekl\u0151d\u00e9s mellett megtartott program felv\u00e9tele <a href=\"https:\/\/semmelweis.zoom.us\/rec\/share\/bqg8UbFHXXRfZnQJj3Jy7RK3Zv3yp_TYlJ6wY8Rnc1oOGjHf3C1c7lN9eT4u_3BX.ZZy54jtaan_a1GrK\" target=\"_blank\" rel=\"noopener\">el\u00e9rhet\u0151 itt \u2192<\/a><\/p>\n<p><span style=\"color: #ff0000\">A program megval\u00f3sult.<\/span><\/p>\n<p>&nbsp;<\/p>\n<hr \/>\n<h5 style=\"text-align: center\">A soksz\u00edn\u0171 tumorok \u2013 kutat\u00f3i szemmel<br \/>\nSemmelweis Eg\u00e9szs\u00e9g Napok<\/h5>\n<p>\nAh\u00e1ny sejtt\u00edpus, annyi tumorf\u00e9les\u00e9g. Vajon milyen m\u00f3dszerekkel lehet megismerni az egyes tumorok kialakul\u00e1s\u00e1nak m\u00f3dj\u00e1t? Hogyan j\u00e1rulnak hozz\u00e1 a jobb megismer\u00e9shez az \u00e1llatmodellek? Mennyire tekinthet\u0151k a genetikailag m\u00f3dos\u00edtott egerek megfelel\u0151nek, ha az emberi tumorokra vagyunk k\u00edv\u00e1ncsiak? Hogyan tudn\u00e1nk a betegekb\u0151l sz\u00e1rmaz\u00f3 r\u00e1kos sz\u00f6vetet felhaszn\u00e1lni a beteg hat\u00f3anyagokra val\u00f3 \u00e9rz\u00e9kenys\u00e9g\u00e9nek szem\u00e9lyes tesztel\u00e9s\u00e9re? Milyen m\u00f3dszerrel lehetne az emberi \u00f6r\u00f6k\u00edt\u0151anyagot c\u00e9lzottan m\u00f3dos\u00edtani? A k\u00f6tetlen besz\u00e9lget\u00e9sb\u0151l \u00e9s gyakorlati r\u00e9szb\u0151l \u00e1ll\u00f3 program sor\u00e1n k\u00e9t fontos tumort\u00edpusra, a vastagb\u00e9ltumorra \u00e9s a hasny\u00e1lmirigyr\u00e1kra f\u00f3kusz\u00e1lunk. A r\u00e9sztvev\u0151knek lehet\u0151s\u00e9g\u00fck ny\u00edlik a tudom\u00e1ny mindennapjaiba val\u00f3 belel\u00e1t\u00e1sra, egy egyetemi kutat\u00f3m\u0171hely m\u0171k\u00f6d\u00e9s\u00e9nek megismer\u00e9s\u00e9re, valamint egy r\u00f6vid kutat\u00f3i k\u00eds\u00e9rlet szem\u00e9lyes elv\u00e9gz\u00e9s\u00e9re is.<\/p>\n<p>Dr. Wiener Zolt\u00e1n a Semmelweis Egyetemen szerezte doktori fokozat\u00e1t, jelenleg docensk\u00e9nt dolgozik a Genetikai, Sejt- \u00e9s Immunbiol\u00f3giai Int\u00e9zetben. Hat \u00e9vet t\u00f6lt\u00f6tt posztdoktori kutat\u00f3k\u00e9nt Helsinki-ben, majd visszat\u00e9rve megalap\u00edtotta a Molekul\u00e1ris Onkobiol\u00f3giai Kutat\u00f3csoportot. Akt\u00edvan r\u00e9szt vesz a kutat\u00e1s mellett a magyar, angol \u00e9s n\u00e9met nyelv\u0171 oktat\u00e1sban is.<\/p>\n<p>Dr. Ze\u00f6ld Anik\u00f3 B\u00e9csi Egyetemen szerezte doktori fokozat\u00e1t, majd az MTA K\u00eds\u00e9rleti Orvostudom\u00e1nyi Kutat\u00f3int\u00e9zet \u00e9s a Term\u00e9szettudom\u00e1nyi Kutat\u00f3int\u00e9zet ut\u00e1n 2016-ban csatlakozott a Molekul\u00e1ris Onkobiol\u00f3giai Kutat\u00f3csoporthoz. Magyar \u00e9s n\u00e9met nyelven tan\u00edt orvostanhallgat\u00f3kat is.<\/p>\n<p>Az elm\u00e9leti \u00e9s gyakorlati r\u00e9szb\u0151l \u00e1ll\u00f3 program nyitott mindenki sz\u00e1m\u00e1ra (16 \u00e9ves kort\u00f3l), aki \u00e9rdekl\u0151dik a tumorok, valamint a kutat\u00e1s ir\u00e1nt, \u00e9s sz\u00edvesen csatlakozik b\u0151 egy \u00f3r\u00e1ra a munkacsoportban foly\u00f3 k\u00eds\u00e9rletekhez.\u00a0El\u0151zetes regisztr\u00e1ci\u00f3 sz\u00fcks\u00e9ges.<\/p>\n<p>Mikor? 2019. december 6-\u00e1n 18.30 \u00f3rakor, a hossza kb. 75-80 perc.<\/p>\n<p><span style=\"color: #ff0000\">A program megval\u00f3sult.<\/span><\/p>\n<p>&nbsp;<\/p>\n<\/div><\/div>\n","protected":false},"excerpt":{"rendered":"<p>Vezet\u0151: Prof. Wiener Zolt\u00e1n<\/p>\n","protected":false},"author":102170,"featured_media":0,"parent":135,"menu_order":2,"comment_status":"closed","ping_status":"closed","template":"template-fullwidth.php","meta":{"_acf_changed":false,"footnotes":""},"categories":[44],"tags":[],"class_list":["post-171","page","type-page","status-publish","hentry","category-kutatocsoportok"],"acf":[],"_links":{"self":[{"href":"https:\/\/semmelweis.hu\/gsi\/wp-json\/wp\/v2\/pages\/171","targetHints":{"allow":["GET"]}}],"collection":[{"href":"https:\/\/semmelweis.hu\/gsi\/wp-json\/wp\/v2\/pages"}],"about":[{"href":"https:\/\/semmelweis.hu\/gsi\/wp-json\/wp\/v2\/types\/page"}],"author":[{"embeddable":true,"href":"https:\/\/semmelweis.hu\/gsi\/wp-json\/wp\/v2\/users\/102170"}],"replies":[{"embeddable":true,"href":"https:\/\/semmelweis.hu\/gsi\/wp-json\/wp\/v2\/comments?post=171"}],"version-history":[{"count":10,"href":"https:\/\/semmelweis.hu\/gsi\/wp-json\/wp\/v2\/pages\/171\/revisions"}],"predecessor-version":[{"id":814,"href":"https:\/\/semmelweis.hu\/gsi\/wp-json\/wp\/v2\/pages\/171\/revisions\/814"}],"up":[{"embeddable":true,"href":"https:\/\/semmelweis.hu\/gsi\/wp-json\/wp\/v2\/pages\/135"}],"wp:attachment":[{"href":"https:\/\/semmelweis.hu\/gsi\/wp-json\/wp\/v2\/media?parent=171"}],"wp:term":[{"taxonomy":"category","embeddable":true,"href":"https:\/\/semmelweis.hu\/gsi\/wp-json\/wp\/v2\/categories?post=171"},{"taxonomy":"post_tag","embeddable":true,"href":"https:\/\/semmelweis.hu\/gsi\/wp-json\/wp\/v2\/tags?post=171"}],"curies":[{"name":"wp","href":"https:\/\/api.w.org\/{rel}","templated":true}]}}