{"id":1542,"date":"2026-09-04T18:56:57","date_gmt":"2026-09-04T16:56:57","guid":{"rendered":"https:\/\/semmelweis.hu\/gsi\/?page_id=1542"},"modified":"2026-09-04T18:56:57","modified_gmt":"2026-09-04T16:56:57","slug":"dz-grundlagen-der-immunologie","status":"publish","type":"page","link":"https:\/\/semmelweis.hu\/gsi\/de\/unterricht\/dz-grundlagen-der-immunologie\/","title":{"rendered":"DZ Grundlagen der Immunologie"},"content":{"rendered":"<h2>Grundlagen der Immunologie\u00a0(FOKOGEN347_1N)<br \/>\nim Semester I. des Studienjahres 2026\/27<br \/>\nan der Fakult\u00e4t der Zahnheilkunde der Semmelweis Universit\u00e4t<\/h2>\n<div class=\"responsive-tabs\">\n<h2 class=\"tabtitle\">Informationen<\/h2>\n<div class=\"tabcontent\">\n\n<p>&nbsp;<\/p>\n<h3>Teilnahnme<\/h3>\n<p>Die Teilnahme an den Praktika ist obligatorisch. Die Praktika finden jede zweite Woche statt und dauern 90 Minuten (statt w\u00f6chentlich 45 Min). F\u00fcr die Gruppen 1 und 3 findet das Praktikum in den ungeraden Wochen statt, w\u00e4hrend die Praktika f\u00fcr die Gruppen 2 und 4 in den geraden Wochen stattfinden.<\/p>\n<p>\u00a0Im Falle von mehr als <strong>zwei<\/strong> Abwesenheiten, unabh\u00e4ngig von den Gr\u00fcnden der Abwesenheiten, wird das Semester nicht anerkannt.\u00a0Die Fehlstunde kann NICHT in einer anderen Gruppe nachgeholt werden. Eine Ersatzteilnahme oder ein Wechsel zwischen den Gruppen ist NICHT erlaubt.<br \/>\nZweimaliges Zusp\u00e4tkommen von jeweils 10 Minuten entspricht einer Fehlstunde. Ein Zusp\u00e4tkommen von 20 Minuten gilt bereits als eine Fehlstunde.<\/p>\n<p>&nbsp;<\/p>\n<h3>Demonstration:<\/h3>\n<p>Im Laufe des Semesters werden zwei Demonstrationen \u00fcber das Moodle-System im Rahmen der Praktikumszeit abgehalten.<br \/>\nF\u00fcr die <span style=\"color: #ff0000\">Gruppe 1 ind 3, findet die erste Demonstration an der 7.Semesterwoche und die zweite an der 13.Semesterwoche statt.<\/span><\/p>\n<p>F\u00fcr die <span style=\"color: #ff0000\">Gruppe 2 ind 4, findet die erste Demonstration an der 8.Semesterwoche und die zweite an der 14. Semesterwoche statt.<\/span><\/p>\n<p>Die Demonstrationen bestehen aus Testfragen und Essayfragen.\u00a0<\/p>\n<p>&nbsp;<\/p>\n<h3>Mindestkriterien:<\/h3>\n<p>Um die Unterschrift zu erhalten, m\u00fcssen die Studierenden w\u00e4hrend des Semesters von den zwei Demonstrationen mindestens <strong>30 %<\/strong> (kumulativ) erreichen.\u00a0Das ist Voraussetzung f\u00fcr die Zulassung zum Kolloquium. Falls\u00a030% nicht erreicht wird,\u00a0bieten\u00a0 wir\u00a0Nachholungsm\u00f6glichkeit\u00a0in der ersten Woche der Pr\u00fcfungsperiode an.\u00a0Ab 85 % kann eine \u201esehr gut\u201d, ab 75 % eine \u201egut\u201d\u00a0Kolloquiumsendnote angeboten werden. (D.h., dass die Studierenden von dem Kolloquium befreit werden.)<\/p>\n<p>&nbsp;<\/p>\n<h3>Kolloquium:<\/h3>\n<p>&nbsp;<\/p>\n<p>Das\u00a0<strong>Kolloquium<\/strong>\u00a0f\u00fcr Studierende, die die Unterschrift erhalten haben aber keine Note\u00a0aufgrund der Demonstrationsergebnisse bekommen haben, findet am Ende des Semesters, in der Pr\u00fcfungsperiode statt. Die Pr\u00fcfung ist schriftlich, im Moodle-system mit pers\u00f6nlicher Anwesenheit.\u00a0 Im Falle von nicht bestandenen Pr\u00fcfungen, gibt es noch eine schriftliche Versuchsm\u00f6glichkeit, aber die dritte muss nach den Universit\u00e4tsregeln m\u00fcndlich sein.<\/p>\n<p>Das Kolloquium besteht aus Testfragen sowie Essayfragen\/ Tabellen\/ Analyse von Abbildungen, usw. und wird mit Punkten bewertet. Um das Kolloquium zu bestehen muss man wenigstens 50%\u00a0 erreichen.<\/p>\n<p>0-29\u00a0\u00a0\u00a0\u00a0\u00a0\u00a0 1\u00a0 ungen\u00fcgend<\/p>\n<p>30-37\u00a0\u00a0\u00a0\u00a0 2\u00a0 ausreichend<\/p>\n<p>38-44\u00a0\u00a0\u00a0\u00a0 3\u00a0 befriedigend<\/p>\n<p>45-50\u00a0\u00a0\u00a0\u00a0 4 gut<\/p>\n<p>51-\u00a0\u00a0\u00a0\u00a0\u00a0\u00a0\u00a0\u00a0 5\u00a0 sehr gut<\/p>\n<p>&nbsp;<\/p>\n<h3>Kontakt<\/h3>\n<p>F\u00fcr alle Studienangelegenheiten ist\u00a0<strong>Dozentin <\/strong><a href=\"https:\/\/semmelweis.hu\/deutsch\/telefonbuch\/?emp_id=689\" target=\"_blank\" rel=\"noopener\">Dr. Erna Pap<\/a> zust\u00e4ndig.<\/p>\n<p>&nbsp;<\/p>\n<h3>Literatur &#8211; verpflichtend:<\/h3>\n<ul>\n<li>\n<p><em>Immunologie f\u00fcr Einsteiger: Amazon.de: Lothar Rink, Andrea Kruse, Hajo Haase<\/em><\/p>\n<\/li>\n<li>\n<p><span style=\"font-size: 1rem\">Folien der Vorlesungen und der Praktika<\/span><\/p>\n<\/li>\n<\/ul>\n<p>&nbsp;<\/p>\n\n<\/div><h2 class=\"tabtitle\">Thematik<\/h2>\n<div class=\"tabcontent\">\n\n<h3>Thematik<\/h3>\n<table style=\"width: 100%\" width=\"100%\">\n<tbody>\n<tr>\n<td style=\"text-align: center;width: 19.0995%\" width=\"67\">\n<h5>2026\/27<\/h5>\n<h5>1. Semester<\/h5>\n<\/td>\n<td style=\"text-align: center;width: 36.6739%\" width=\"197\">\n<h5>Vorlesung<\/h5>\n<h5>Freitag 13:30-15:00, <br \/>\nEOK Bezn\u00e1k H\u00f6rsaal<\/h5>\n<\/td>\n<td style=\"text-align: center;width: 44.154%\" width=\"236\">\n<h5>Praktikum<\/h5>\n<h5>Montag 10.15-11.45 Sz09<br \/>\nMittwoch 11.15-12.45 NET L13<\/h5>\n<\/td>\n<\/tr>\n<tr>\n<td style=\"text-align: center;width: 19.0995%\" width=\"67\">\n<p><strong>1. Woche<br \/>\n<\/strong>(Sept. 7-11)<\/p>\n<\/td>\n<td style=\"text-align: center;width: 36.6739%\" width=\"197\">\n<p>Die Aufteilung des Immunsystems. <br \/>\nAngeborene Immunit\u00e4t I.<\/p>\n<\/td>\n<td style=\"text-align: center;width: 44.154%\" width=\"236\">\n<p>Grundbegriffe<br \/>\nAntigen-Antik\u00f6rper<\/p>\n<\/td>\n<\/tr>\n<tr>\n<td style=\"text-align: center;width: 19.0995%\" width=\"67\">\n<p><strong>2. Woche<\/strong><\/p>\n<p>(Sept. 14-18)<\/p>\n<\/td>\n<td style=\"text-align: center;width: 36.6739%\" width=\"197\">\n<p>Angeborene Immunit\u00e4t II.<\/p>\n<\/td>\n<td style=\"text-align: center;width: 44.154%\" width=\"236\">\n<p>Grundbegriffe<br \/>\nAntigen-Antik\u00f6rper<\/p>\n<\/td>\n<\/tr>\n<tr>\n<td style=\"text-align: center;width: 19.0995%\" width=\"67\">\n<p><strong>3. \u00a0Woche<\/strong><\/p>\n<p>(Sept. 21-25)<\/p>\n<\/td>\n<td style=\"text-align: center;width: 36.6739%\" width=\"197\">\n<p>Das Komplementsystem<\/p>\n<\/td>\n<td style=\"text-align: center;width: 44.154%\" width=\"236\">\n<p>\u00a0Immunserologie I-II.<\/p>\n<\/td>\n<\/tr>\n<tr>\n<td style=\"text-align: center;width: 19.0995%\" width=\"67\">\n<p><strong>4. \u00a0Woche<\/strong><\/p>\n<p>(Sept. 28 &#8211; Okt. 2)<\/p>\n<\/td>\n<td style=\"text-align: center;width: 36.6739%\" width=\"197\">\n<p>Antigenpr\u00e4sentierung<\/p>\n<\/td>\n<td style=\"text-align: center;width: 44.154%\" width=\"236\">\n<p>\u00a0Immunserologie I-II.<\/p>\n<\/td>\n<\/tr>\n<tr>\n<td style=\"text-align: center;width: 19.0995%\" width=\"67\">\n<p><strong>5. \u00a0Woche<\/strong><\/p>\n<p>(Okt. 5- 9)<\/p>\n<\/td>\n<td style=\"text-align: center;width: 36.6739%\" width=\"197\">\n<p>Antigenerkennungsrezeptoren<\/p>\n<\/td>\n<td style=\"text-align: center;width: 44.154%\" width=\"236\">\n<p>Durchflusszytometrie<\/p>\n<\/td>\n<\/tr>\n<tr>\n<td style=\"text-align: center;width: 19.0995%\" width=\"67\">\n<p><strong>6. \u00a0Woche<\/strong><\/p>\n<p>(Okt. 12-16)<\/p>\n<\/td>\n<td style=\"text-align: center;width: 36.6739%\" width=\"197\">\n<p>Adaptive Immunit\u00e4t I.<br \/>\nT Zellen<\/p>\n<\/td>\n<td style=\"text-align: center;width: 44.154%\" width=\"236\">\n<p>Durchflusszytometrie<\/p>\n<\/td>\n<\/tr>\n<tr>\n<td style=\"text-align: center;width: 19.0995%\" width=\"67\">\n<p><strong>7. \u00a0Woche<\/strong><\/p>\n<p>(Okt. 19-22)<\/p>\n<p><span style=\"color: #ff0000\">Okt. 23 &#8211; FERIEN<\/span><\/p>\n<\/td>\n<td style=\"text-align: center;width: 36.6739%\" width=\"197\">\n<p><span style=\"color: #ff0000\">FERIEN<\/span><\/p>\n<\/td>\n<td style=\"text-align: center;width: 44.154%\" width=\"236\">\n<p><span style=\"color: #ff0000\">DEMO I. L16 f\u00fcr DZ 1<\/span><br \/>\n<span style=\"color: #ff0000\">DEMO I. L13 f\u00fcr DZ 3<\/span><\/p>\n<p>Immuntherapien<\/p>\n<\/td>\n<\/tr>\n<tr>\n<td style=\"text-align: center;width: 19.0995%\" width=\"67\">\n<p><strong>8. \u00a0Woche<\/strong><\/p>\n<p>(Okt. 26-30)<\/p>\n<\/td>\n<td style=\"text-align: center;width: 36.6739%\" width=\"197\">\n<p>Adaptive Immunit\u00e4t II.<br \/>\nB Zellen<\/p>\n<\/td>\n<td style=\"text-align: center;width: 44.154%\" width=\"236\">\n<p><span style=\"color: #ff0000\">DEMO I. L16 f\u00fcr DZ 2<\/span><br \/>\n<span style=\"color: #ff0000\">DEMO I. L13 f\u00fcr DZ 4<\/span><\/p>\n<p>Immuntherapien<\/p>\n<\/td>\n<\/tr>\n<tr>\n<td style=\"text-align: center;width: 19.0995%\" width=\"67\">\n<p><strong>9. \u00a0Woche<\/strong><\/p>\n<p>(Nov.2-6)<\/p>\n<\/td>\n<td style=\"text-align: center;width: 36.6739%\" width=\"197\">\n<p>Die Akute-Phase-Reaktion<br \/>\nMukosale Immunologie<\/p>\n<\/td>\n<td style=\"text-align: center;width: 44.154%\" width=\"236\">\n<p>Immunisierung, Impfung<\/p>\n<\/td>\n<\/tr>\n<tr>\n<td style=\"text-align: center;width: 19.0995%\" width=\"67\">\n<p><strong>10. \u00a0Woche<\/strong><\/p>\n<p>(Nov. 9-13)<\/p>\n<\/td>\n<td style=\"text-align: center;width: 36.6739%\" width=\"197\">\n<p>\u00dcberempfindlichkeitsreaktionen<\/p>\n<\/td>\n<td style=\"text-align: center;width: 44.154%\" width=\"236\">\n<p>Immunisierung, Impfung<\/p>\n<\/td>\n<\/tr>\n<tr>\n<td style=\"text-align: center;width: 19.0995%\" width=\"67\">\n<p><strong>11. \u00a0Woche<\/strong><\/p>\n<p>(Nov. 16-20)<\/p>\n<\/td>\n<td style=\"text-align: center;width: 36.6739%\" width=\"197\">\n<p>Immunabwehr von Infektionen<\/p>\n<\/td>\n<td style=\"text-align: center;width: 44.154%\" width=\"236\">\n<p>\u00dcberempfindlichkeitsreaktionen<\/p>\n<\/td>\n<\/tr>\n<tr>\n<td style=\"text-align: center;width: 19.0995%\" width=\"67\">\n<p><strong>12. \u00a0Woche<\/strong><\/p>\n<p>(Nov. 23-27 )<\/p>\n<\/td>\n<td style=\"width: 36.6739%\">\n<p style=\"text-align: center\">Immunschw\u00e4che\u00a0 Syndrome <strong>\u00a0<\/strong>\u00a0<\/p>\n<\/td>\n<td style=\"text-align: center;width: 44.154%\" width=\"236\">\n<p>\u00dcberempfindlichkeitsreaktionen<\/p>\n<\/td>\n<\/tr>\n<tr>\n<td style=\"text-align: center;width: 19.0995%\" width=\"67\">\n<p><strong>13. \u00a0Woche<\/strong><\/p>\n<p>(30-Dez.4)<\/p>\n<\/td>\n<td style=\"width: 36.6739%\">\n<p style=\"text-align: center\">Toleranz und Autoimmunit\u00e4t <strong>\u00a0<\/strong><\/p>\n<\/td>\n<td style=\"text-align: center;width: 44.154%\" width=\"236\">\n<p><span style=\"color: #ff0000\">DEMO I. L16 f\u00fcr DZ 1<\/span><br \/>\n<span style=\"color: #ff0000\">DEMO I. L13 f\u00fcr DZ 3<\/span><\/p>\n<p>Autoantik\u00f6rper<\/p>\n<\/td>\n<\/tr>\n<tr>\n<td style=\"text-align: center;width: 19.0995%\" width=\"67\">\n<p><strong>14 \u00a0Woche<\/strong><\/p>\n<p>(Dez. 7-11)<\/p>\n<\/td>\n<td style=\"text-align: center;width: 36.6739%\" width=\"197\">\n<p>Transplantation <br \/>\nTumorimmunologie<\/p>\n<\/td>\n<td style=\"text-align: center;width: 44.154%\" width=\"236\">\n<p><span style=\"color: #ff0000\">DEMO I. L16 f\u00fcr DZ 2<\/span><br \/>\n<span style=\"color: #ff0000\">DEMO I. L13 f\u00fcr DZ 4<\/span><\/p>\n<p>Autoantik\u00f6rper<\/p>\n<\/td>\n<\/tr>\n<\/tbody>\n<\/table>\n<p>&nbsp;<\/p>\n<\/div><\/div>\n","protected":false},"excerpt":{"rendered":"<p>Grundlagen der Immunologie\u00a0(FOKOGEN347_1N) im Semester I. des Studienjahres 2026\/27 an der Fakult\u00e4t der Zahnheilkunde der Semmelweis Universit\u00e4t &nbsp; Teilnahnme Die Teilnahme an den Praktika ist obligatorisch. Die Praktika finden jede zweite Woche statt und dauern 90 Minuten (statt w\u00f6chentlich 45 Min). F\u00fcr die Gruppen 1 und 3 findet das Praktikum in den ungeraden Wochen statt, &hellip;<\/p>\n","protected":false},"author":102170,"featured_media":0,"parent":645,"menu_order":16,"comment_status":"closed","ping_status":"closed","template":"template-fullwidth.php","meta":{"_acf_changed":false,"footnotes":""},"categories":[],"tags":[],"class_list":["post-1542","page","type-page","status-publish","hentry"],"acf":[],"_links":{"self":[{"href":"https:\/\/semmelweis.hu\/gsi\/wp-json\/wp\/v2\/pages\/1542","targetHints":{"allow":["GET"]}}],"collection":[{"href":"https:\/\/semmelweis.hu\/gsi\/wp-json\/wp\/v2\/pages"}],"about":[{"href":"https:\/\/semmelweis.hu\/gsi\/wp-json\/wp\/v2\/types\/page"}],"author":[{"embeddable":true,"href":"https:\/\/semmelweis.hu\/gsi\/wp-json\/wp\/v2\/users\/102170"}],"replies":[{"embeddable":true,"href":"https:\/\/semmelweis.hu\/gsi\/wp-json\/wp\/v2\/comments?post=1542"}],"version-history":[{"count":1,"href":"https:\/\/semmelweis.hu\/gsi\/wp-json\/wp\/v2\/pages\/1542\/revisions"}],"predecessor-version":[{"id":1543,"href":"https:\/\/semmelweis.hu\/gsi\/wp-json\/wp\/v2\/pages\/1542\/revisions\/1543"}],"up":[{"embeddable":true,"href":"https:\/\/semmelweis.hu\/gsi\/wp-json\/wp\/v2\/pages\/645"}],"wp:attachment":[{"href":"https:\/\/semmelweis.hu\/gsi\/wp-json\/wp\/v2\/media?parent=1542"}],"wp:term":[{"taxonomy":"category","embeddable":true,"href":"https:\/\/semmelweis.hu\/gsi\/wp-json\/wp\/v2\/categories?post=1542"},{"taxonomy":"post_tag","embeddable":true,"href":"https:\/\/semmelweis.hu\/gsi\/wp-json\/wp\/v2\/tags?post=1542"}],"curies":[{"name":"wp","href":"https:\/\/api.w.org\/{rel}","templated":true}]}}