{"id":1537,"date":"2026-09-04T18:27:04","date_gmt":"2026-09-04T16:27:04","guid":{"rendered":"https:\/\/semmelweis.hu\/gsi\/?page_id=1537"},"modified":"2026-09-04T18:27:04","modified_gmt":"2026-09-04T16:27:04","slug":"dp-zellbiologie","status":"publish","type":"page","link":"https:\/\/semmelweis.hu\/gsi\/de\/unterricht\/dp-zellbiologie\/","title":{"rendered":"DP Zellbiologie"},"content":{"rendered":"<h2>Zellbiologie\u00a0(GYKGEN331E1N)<br \/>\nim Semester I. des Studienjahres 2026\/27<br \/>\nan der Fakult\u00e4t f\u00fcr Pharmazeutische Wissenschaften der Semmelweis Universit\u00e4t<\/h2>\n<div class=\"responsive-tabs\">\n<h2 class=\"tabtitle\">Informationen<\/h2>\n<div class=\"tabcontent\">\n\n<p>&nbsp;<\/p>\n<h3>Teilnahnme<\/h3>\n<p>Die Teilnahme an den Praktika ist obligatorisch. Im Falle von mehr als drei Abwesenheiten, unabh\u00e4ngig von den Gr\u00fcnden der Abwesenheiten, wird das Semester nicht anerkannt.\u00a0<\/p>\n<div class=\"fontos_div\">\n<p>Die Studierenden m\u00fcssen ihre An- und Abwesenheiten selbst verwalten. (Eigenverantwortung!) \u00a0<\/p>\n<\/div>\n<p>Die Fehlstunde kann NICHT in einer anderen Gruppe nachgeholt werden. Eine Ersatzteilnahme oder ein Wechsel zwischen den Gruppen ist NICHT erlaubt.<br \/>\nZweimaliges Zusp\u00e4tkommen von jeweils 10 Minuten entspricht einer Fehlstunde. Ein Zusp\u00e4tkommen von 20 Minuten gilt bereits als eine Fehlstunde.<\/p>\n<p>&nbsp;<\/p>\n<h3>Demonstration:<\/h3>\n<p>Im Laufe des Semesters werden zwei Demonstrationen \u00fcber das Moodle-System abgehalten.<br \/>\nDie erste Demonstration \u00a0findet in der <span style=\"color: #ff0000\">8. Semesterwoche (26-30. Oktober) im Rahmen der Praktika<\/span> statt. Die zweite Demonstration findet in der <span style=\"color: #ff0000\">14. Semesterwoche (7-11. Dezember) \u00a0ebenfalls im Rahmen der Praktika<\/span> statt.<\/p>\n<p>Die Demonstrationen bestehen aus Testfragen und Essayfragen.\u00a0 F\u00fcr jede Demonstration ist die maximale Punktzahl 30, d.h., dass f\u00fcr die zwei Demos 60 P. <\/p>\n<p>&nbsp;<\/p>\n<h3>Mindestkriterien:<\/h3>\n<p>Um die Unterschrift zu erhalten, m\u00fcssen die Studierenden w\u00e4hrend des Semesters von den zwei Demonstrationen mindestens <strong>30 %<\/strong> (kumulativ) (= 18 P) erreichen.\u00a0Das ist Voraussetzung f\u00fcr die Zulassung zum Kolloquium. Falls\u00a030% nicht erreicht wird,\u00a0bieten\u00a0 wir\u00a0zwei Nachholungsm\u00f6glichkeiten\u00a0in der ersten Woche der Pr\u00fcfungsperiode an.\u00a0Ab 85 % (= 51P) kann eine \u201esehr gut\u201d, ab 75 % (= 45P) eine \u201egut\u201d\u00a0Kolloquiumsendnote angeboten werden. (D.h., dass die Studierenden von dem Kolloquium befreit werden.)<\/p>\n<p>&nbsp;<\/p>\n<h3>Kolloquium:<\/h3>\n<p>Das\u00a0Kolloquium\u00a0f\u00fcr Studierende, die die Unterschrift erhalten haben aber keine Note\u00a0aufgrund der Demonstrationspunkte bekommen haben, findet am Ende des Semesters, in der Pr\u00fcfungsperiode statt. Die Pr\u00fcfung ist schriftlich, im Moodle-system mit pers\u00f6nlicher Anwesenheit. \u00a0Im Falle von nicht bestandenen Pr\u00fcfungen, gibt es noch eine schriftliche Versuchsm\u00f6glichkeit, aber die dritte muss nach den Universit\u00e4tsregeln m\u00fcndlich sein.<\/p>\n<p>Das Kolloquium besteht aus Testfragen sowie Essayfragen\/ Tabellen\/ Analyse von Abbildungen, Pr\u00e4paraten, usw. und wird mit Punkten bewertet. Um das Kolloquium zu bestehen muss man wenigstens 50%\u00a0 erreichen.<\/p>\n<p>0-29\u00a0\u00a0\u00a0\u00a0\u00a0\u00a0 1\u00a0 ungen\u00fcgend<\/p>\n<p>30-37\u00a0\u00a0\u00a0\u00a0 2\u00a0 ausreichend<\/p>\n<p>38-44\u00a0\u00a0\u00a0\u00a0 3\u00a0 befriedigend<\/p>\n<p>45-50\u00a0\u00a0\u00a0\u00a0 4 gut<\/p>\n<p>51-\u00a0\u00a0\u00a0\u00a0\u00a0\u00a0\u00a0\u00a0 5\u00a0 sehr gut<\/p>\n<p>&nbsp;<\/p>\n<h3>Kontakt<\/h3>\n<p>F\u00fcr alle Studienangelegenheiten ist\u00a0<strong>Dozentin <\/strong><a href=\"https:\/\/semmelweis.hu\/deutsch\/telefonbuch\/?emp_id=689\" target=\"_blank\" rel=\"noopener\">Dr. Erna Pap<\/a> zust\u00e4ndig.<\/p>\n<p>&nbsp;<\/p>\n<h3>Lehrmaterial zur Genetik<\/h3>\n<h4>verpflichtend:<\/h4>\n<ul>\n<li>\u201eBiologie f\u00fcr Mediziner\u201d &#8211; E-Buch des Institutes<\/li>\n<li>ausgew\u00e4hlte Kapitel vom E-Praktikumsbuch in Moodle<\/li>\n<\/ul>\n<h4>empfohlen:<\/h4>\n<ul>\n<li>Biologie Schnittalbum in Moodle<\/li>\n<\/ul>\n<p>&nbsp;<\/p>\n\n<\/div><h2 class=\"tabtitle\">Thematik<\/h2>\n<div class=\"tabcontent\">\n\n<h3>Thematik<\/h3>\n<table style=\"width: 100%\" width=\"100%\">\n<tbody>\n<tr>\n<td style=\"text-align: center;width: 19.0995%\" width=\"67\">\n<h5>2026\/27<\/h5>\n<h5>1. Semester<\/h5>\n<\/td>\n<td style=\"text-align: center;width: 36.6739%\" width=\"197\">\n<h5>Vorlesung<\/h5>\n<h5>Freitag 12:30-14:00, NET\u00a0L15<\/h5>\n<\/td>\n<td style=\"text-align: center;width: 44.154%\" width=\"236\">\n<h5>Praktikum<\/h5>\n<h5>Donnerstag 13:15-14:45, NET E20<\/h5>\n<\/td>\n<\/tr>\n<tr>\n<td style=\"text-align: center;width: 19.0995%\" width=\"67\">\n<p><strong>1. Woche<br \/>\n<\/strong>(Sept. 7-11)<\/p>\n<\/td>\n<td style=\"text-align: center;width: 36.6739%\" width=\"197\">\n<p>Makromolek\u00fcle<\/p>\n<\/td>\n<td style=\"text-align: center;width: 44.154%\" width=\"236\">\n<p>Das Lichtmikroskop. Lichtmikroskopische Mikrotechnik I-II.<\/p>\n<\/td>\n<\/tr>\n<tr>\n<td style=\"text-align: center;width: 19.0995%\" width=\"67\">\n<p><strong>2. Woche<\/strong><\/p>\n<p>(Sept. 14-18)<\/p>\n<\/td>\n<td style=\"text-align: center;width: 36.6739%\" width=\"197\">\n<p>Der Aufbau und die Funktionen der Zelle und der Zellmembran<\/p>\n<\/td>\n<td style=\"text-align: center;width: 44.154%\" width=\"236\">\n<p>Das Lichtmikroskop. Lichtmikroskopische Mikrotechnik I-II.<\/p>\n<\/td>\n<\/tr>\n<tr>\n<td style=\"text-align: center;width: 19.0995%\" width=\"67\">\n<p><strong>3. \u00a0Woche<\/strong><\/p>\n<p>(Sept. 21-25)<\/p>\n<\/td>\n<td style=\"text-align: center;width: 36.6739%\" width=\"197\">\n<p>Der Zellkern<\/p>\n<\/td>\n<td style=\"text-align: center;width: 44.154%\" width=\"236\">\n<p>Das Elektronenmikroskop.<br \/>\nElektronenmikroskopische Mikrotechnik<br \/>\nDer Zellkern I.<\/p>\n<\/td>\n<\/tr>\n<tr>\n<td style=\"text-align: center;width: 19.0995%\" width=\"67\">\n<p><strong>4. \u00a0Woche<\/strong><\/p>\n<p>(Sept. 28 &#8211; Okt. 2)<\/p>\n<\/td>\n<td style=\"text-align: center;width: 36.6739%\" width=\"197\">\n<p>Transkription, Translation<\/p>\n<\/td>\n<td style=\"text-align: center;width: 44.154%\" width=\"236\">\n<p>Der Zellkern II.<\/p>\n<\/td>\n<\/tr>\n<tr>\n<td style=\"text-align: center;width: 19.0995%\" width=\"67\">\n<p><strong>5. \u00a0Woche<\/strong><\/p>\n<p>(Okt. 5- 9)<\/p>\n<\/td>\n<td style=\"text-align: center;width: 36.6739%\" width=\"197\">\n<p>Das endoplasmatische Retikulum. Der Golgi-Apparat und die Sortierung der Proteine<\/p>\n<\/td>\n<td style=\"text-align: center;width: 44.154%\" width=\"236\">\n<p>Das endoplasmatische Retikulum<\/p>\n<\/td>\n<\/tr>\n<tr>\n<td style=\"text-align: center;width: 19.0995%\" width=\"67\">\n<p><strong>6. \u00a0Woche<\/strong><\/p>\n<p>(Okt. 12-16)<\/p>\n<\/td>\n<td style=\"text-align: center;width: 36.6739%\" width=\"197\">\n<p>Die Endozytose und der vesikul\u00e4re Transport<\/p>\n<\/td>\n<td style=\"text-align: center;width: 44.154%\" width=\"236\">\n<p>Golgi und Sekretion I.<\/p>\n<\/td>\n<\/tr>\n<tr>\n<td style=\"text-align: center;width: 19.0995%\" width=\"67\">\n<p><strong>7. \u00a0Woche<\/strong><\/p>\n<p>(Okt. 19-22)<\/p>\n<p><span style=\"color: #ff0000\">Okt. 23 &#8211; FERIEN<\/span><\/p>\n<\/td>\n<td style=\"text-align: center;width: 36.6739%\" width=\"197\">\n<p><span style=\"color: #ff0000\">FERIEN<\/span><\/p>\n<\/td>\n<td style=\"text-align: center;width: 44.154%\" width=\"236\">\n<p>Golgi und Sekretion II.<\/p>\n<\/td>\n<\/tr>\n<tr>\n<td style=\"text-align: center;width: 19.0995%\" width=\"67\">\n<p><strong>8. \u00a0Woche<\/strong><\/p>\n<p>(Okt. 26-30)<\/p>\n<\/td>\n<td style=\"text-align: center;width: 36.6739%\" width=\"197\">\n<p>Zytoskelett, Zellbewegung<\/p>\n<\/td>\n<td style=\"text-align: center;width: 44.154%\" width=\"236\">\n<p><span style=\"color: #ff0000\">DEMO I.<\/span><\/p>\n<p>Immunzytochemische F\u00e4rbungsmethoden<\/p>\n<\/td>\n<\/tr>\n<tr>\n<td style=\"text-align: center;width: 19.0995%\" width=\"67\">\n<p><strong>9. \u00a0Woche<\/strong><\/p>\n<p>(Nov.2-6)<\/p>\n<\/td>\n<td style=\"text-align: center;width: 36.6739%\" width=\"197\">\n<p>Die Zelladh\u00e4sion.<br \/>\nZellen im Gewebeverband<\/p>\n<\/td>\n<td style=\"text-align: center;width: 44.154%\" width=\"236\">\n<p>Endozytose. Die Energetik der Zelle I.<\/p>\n<\/td>\n<\/tr>\n<tr>\n<td style=\"text-align: center;width: 19.0995%\" width=\"67\">\n<p><strong>10. \u00a0Woche<\/strong><\/p>\n<p>(Nov. 9-13)<\/p>\n<\/td>\n<td style=\"text-align: center;width: 36.6739%\" width=\"197\">\n<p>Endosymbionte Organellen<\/p>\n<\/td>\n<td style=\"text-align: center;width: 44.154%\" width=\"236\">\n<p>\u00a0Die Energetik der Zelle II.<br \/>\nHistochemische Reaktionen<\/p>\n<\/td>\n<\/tr>\n<tr>\n<td style=\"text-align: center;width: 19.0995%\" width=\"67\">\n<p><strong>11. \u00a0Woche<\/strong><\/p>\n<p>(Nov. 16-20)<\/p>\n<\/td>\n<td style=\"text-align: center;width: 36.6739%\" width=\"197\">\n<p>Signal\u00fcbertragung I.<\/p>\n<\/td>\n<td style=\"text-align: center;width: 44.154%\" width=\"236\">\n<p>Differenzierungen der Zelloberfl\u00e4che<\/p>\n<\/td>\n<\/tr>\n<tr>\n<td style=\"text-align: center;width: 19.0995%\" width=\"67\">\n<p><strong>12. \u00a0Woche<\/strong><\/p>\n<p>(Nov. 23-27 )<\/p>\n<\/td>\n<td width=\"197\">\n<p align=\"center\">Signal\u00fcbertragung II.<\/p>\n<\/td>\n<td style=\"text-align: center;width: 44.154%\" width=\"236\">\n<p>Zellkulturen<\/p>\n<\/td>\n<\/tr>\n<tr>\n<td style=\"text-align: center;width: 19.0995%\" width=\"67\">\n<p><strong>13. \u00a0Woche<\/strong><\/p>\n<p>(30-Dez.4)<\/p>\n<\/td>\n<td style=\"text-align: center;width: 36.6739%\" width=\"197\">\n<p>Der Zellzyklus, DNA-Replikation<\/p>\n<\/td>\n<td style=\"text-align: center;width: 44.154%\" width=\"236\">\n<p>Mitose<\/p>\n<\/td>\n<\/tr>\n<tr>\n<td style=\"text-align: center;width: 19.0995%\" width=\"67\">\n<p><strong>14 \u00a0Woche<\/strong><\/p>\n<p>(Dez. 7-11)<\/p>\n<\/td>\n<td style=\"text-align: center;width: 36.6739%\" width=\"197\">\n<p>Die Alterung und der Tod der Zelle<\/p>\n<\/td>\n<td style=\"text-align: center;width: 44.154%\" width=\"236\">\n<p><span style=\"color: #ff0000\">DEMO II.<\/span><\/p>\n<p>Apoptose<\/p>\n<\/td>\n<\/tr>\n<\/tbody>\n<\/table>\n<p>&nbsp;<\/p>\n<\/div><\/div>\n","protected":false},"excerpt":{"rendered":"<p>Zellbiologie\u00a0(GYKGEN331E1N) im Semester I. des Studienjahres 2026\/27 an der Fakult\u00e4t f\u00fcr Pharmazeutische Wissenschaften der Semmelweis Universit\u00e4t &nbsp; Teilnahnme Die Teilnahme an den Praktika ist obligatorisch. Im Falle von mehr als drei Abwesenheiten, unabh\u00e4ngig von den Gr\u00fcnden der Abwesenheiten, wird das Semester nicht anerkannt.\u00a0 Die Studierenden m\u00fcssen ihre An- und Abwesenheiten selbst verwalten. (Eigenverantwortung!) \u00a0 Die &hellip;<\/p>\n","protected":false},"author":102170,"featured_media":0,"parent":645,"menu_order":17,"comment_status":"closed","ping_status":"closed","template":"template-fullwidth.php","meta":{"_acf_changed":false,"footnotes":""},"categories":[],"tags":[],"class_list":["post-1537","page","type-page","status-publish","hentry"],"acf":[],"_links":{"self":[{"href":"https:\/\/semmelweis.hu\/gsi\/wp-json\/wp\/v2\/pages\/1537","targetHints":{"allow":["GET"]}}],"collection":[{"href":"https:\/\/semmelweis.hu\/gsi\/wp-json\/wp\/v2\/pages"}],"about":[{"href":"https:\/\/semmelweis.hu\/gsi\/wp-json\/wp\/v2\/types\/page"}],"author":[{"embeddable":true,"href":"https:\/\/semmelweis.hu\/gsi\/wp-json\/wp\/v2\/users\/102170"}],"replies":[{"embeddable":true,"href":"https:\/\/semmelweis.hu\/gsi\/wp-json\/wp\/v2\/comments?post=1537"}],"version-history":[{"count":1,"href":"https:\/\/semmelweis.hu\/gsi\/wp-json\/wp\/v2\/pages\/1537\/revisions"}],"predecessor-version":[{"id":1538,"href":"https:\/\/semmelweis.hu\/gsi\/wp-json\/wp\/v2\/pages\/1537\/revisions\/1538"}],"up":[{"embeddable":true,"href":"https:\/\/semmelweis.hu\/gsi\/wp-json\/wp\/v2\/pages\/645"}],"wp:attachment":[{"href":"https:\/\/semmelweis.hu\/gsi\/wp-json\/wp\/v2\/media?parent=1537"}],"wp:term":[{"taxonomy":"category","embeddable":true,"href":"https:\/\/semmelweis.hu\/gsi\/wp-json\/wp\/v2\/categories?post=1537"},{"taxonomy":"post_tag","embeddable":true,"href":"https:\/\/semmelweis.hu\/gsi\/wp-json\/wp\/v2\/tags?post=1537"}],"curies":[{"name":"wp","href":"https:\/\/api.w.org\/{rel}","templated":true}]}}