{"id":1525,"date":"2026-09-04T17:30:53","date_gmt":"2026-09-04T15:30:53","guid":{"rendered":"https:\/\/semmelweis.hu\/gsi\/?page_id=1525"},"modified":"2026-09-04T18:59:10","modified_gmt":"2026-09-04T16:59:10","slug":"dm-medizinische-genetik-und-immunologie-i","status":"publish","type":"page","link":"https:\/\/semmelweis.hu\/gsi\/de\/unterricht\/dm-medizinische-genetik-und-immunologie-i\/","title":{"rendered":"DM Medizinische Genetik und Immunologie I."},"content":{"rendered":"<h2>Medizinische Genetik und Immunologie (AOKGEN1102_1N)<br \/>\nim Semester I. des Studienjahres 2026\/27<br \/>\nan der Allgemeinmedizinischen Fakult\u00e4t der Semmelweis Universit\u00e4t<\/h2>\n<div class=\"responsive-tabs\">\n<h2 class=\"tabtitle\">Informationen<\/h2>\n<div class=\"tabcontent\">\n\n<h3>Allgemeine Informationen<\/h3>\n<div class=\"fontos_div\">\n<p>Laut dem neuen Curriculum, werden Genetik und Immunologie in einem integrierten Fach in zwei Semestern unterrichtet. Am Ende des ersten Semesters muss ein Kolloquium abgelegt werden, am Ende des zweiten Semesters findet eine abschliessende Pr\u00fcfung (sog. Rigorosum) statt. \u00a0In beiden \u00a0Semestern wird Genetik in den Wochen 1-7 und\u00a0 Immunologie in den 8-14 Wochen abgehandelt. Das bedeutet, dass die ersten 7 Vorlesungen und Praktika Genetik werden, derweil Immunologie in der zweiten Halbe des Semesters gehalten wird.<\/p>\n<\/div>\n<p>&nbsp;<\/p>\n<h3>Teilnahnme:<\/h3>\n<p>Die <strong>Teilnahme an den Praktika<\/strong> ist obligatorisch. Die Studierenden d\u00fcrfen maximal drei mal fehlen, nicht aber in einem Block (Genetik oder Immunologie), unabh\u00e4ngig von den Gr\u00fcnden der Abwesenheiten. Das heisst: wenn jemand in Genetik bereits zwei Fehlstunden hat, ist in Immunologie nur noch eine weitere erlaubt \u2013 und umgekehrt. Wenn in Genetik keine Fehlstunden vorliegen, d\u00fcrfen in Immunologie dennoch nicht mehr als zwei Fehlstunden angesammelt werden. Im Falle \u00fcber drei Fehlzeiten wird das Semester nicht anerkannt.\u00a0Ein anerkanntes Semester ist Voraussetzung f\u00fcr die Zulassung zum Kolloquium.<\/p>\n<div class=\"fontos_div\">\n<p>Die Studierenden m\u00fcssen ihre An- und Abwesenheiten selbst verwalten. (Eigenverantwortung!) \u00a0<\/p>\n<\/div>\n<p>Die Fehlstunde kann NICHT in einer anderen Gruppe nachgeholt werden. Eine Ersatzteilnahme oder ein Wechsel zwischen den Gruppen ist NICHT erlaubt.<br \/>\nZweimaliges Zusp\u00e4tkommen von jeweils 10 Minuten entspricht einer Fehlstunde. Ein Zusp\u00e4tkommen von 20 Minuten gilt bereits als eine Fehlstunde.<\/p>\n<p>&nbsp;<\/p>\n<h3>Demonstration:<\/h3>\n<p>Im Laufe des Semesters werden zwei <strong>Demonstrationen <\/strong>\u00fcber das Moodle-System abgehalten, nicht in der Zeit des Praktikums.<br \/>\nDie <strong>erste Demonstration<\/strong> ist aus dem Genetik-Teil, sie\u00a0 findet in der <span style=\"color: #ff0000\">8. Semesterwoche am Mittwoch, den 28. Oktober, ab 17:30 bis 19.30 Uhr<\/span> in mehreren Runden im NET statt. Die genaue Einteilung wird sp\u00e4ter bekannt gegeben. \u00a0\u00a0Die <strong>zweite Demonstration<\/strong> ist aus Immunologie-Teil, sie\u00a0 wird in der <span style=\"color: #ff0000\">13. Semesterwoche am Mittwoch, den 2. Dezember, ebenfalls um 17.30 Uhr<\/span> im NET abgehalten.<\/p>\n<p>&nbsp;<\/p>\n<h3>Mindestkriterien:<\/h3>\n<p>Um die Unterschrift zu erhalten, m\u00fcssen die Studierenden w\u00e4hrend des Semesters in den zwei unabh\u00e4ngigen Demonstrationen (Genetik-Teil UND Immunologie-Teil) \u00a0je mindestens 50 &#8211; 50 % erreichen. Das ist Voraussetzung f\u00fcr die Zulassung zum Kolloquium. Falls 50% nicht erreicht werden, bieten\u00a0 wir Nachholungsm\u00f6glichkeit in der 9.ten Woche f\u00fcr Genetik und in der 14.ten Woche f\u00fcr Immunologie an. Die dritte M\u00f6glichkeit\u00a0 f\u00fcr eine erfolgreiche Demonstration in beiden Teilen findet in der ersten Woche der Pr\u00fcfungsperiode statt. Nachholungsdemonstration ist m\u00f6glich nur falls die obligatorischen 50% nicht erreicht werden.<\/p>\n<p>&nbsp;<\/p>\n<h3>Pr\u00fcfungsbefreiung:<\/h3>\n<div class=\"fontos_div\">\n<p>Ab 85 % (kumulativ)\u00a0 kann eine \u201esehr gut\u201d, ab 75 % eine \u201egut\u201d Kolloquiumsendnote angeboten werden. (D.h., dass die Studierenden von dem Kolloquium befreit werden.)<\/p>\n<\/div>\n<p>&nbsp;<\/p>\n<h3>Kolloquium:<\/h3>\n<p>F\u00fcr Studierende, die die Unterschrift erhalten haben aber keine Note\u00a0aufgrund der Demonstrationspunkte bekommen haben, findet das <strong>Kolloquium <\/strong>am Ende des Semesters, im Moodle-System in der Pr\u00fcfungsperiode statt. Im Falle von nicht bestandenen Pr\u00fcfungen, gibt es noch eine schriftliche Versuchsm\u00f6glichkeit, aber die dritte muss nach den Universit\u00e4tsregeln m\u00fcndlich sein. Die Pr\u00fcfung wird mit Punkten bewertet. <strong>Um das Kolloquium zu bestehen muss man wenigstens je 50 &#8211; 50%\u00a0 des Genetik und Immunologie Teils erreichen<\/strong>.\u00a0\u00a0Wenn dies entweder in einem der beiden Teile nicht gelingt, umfasst die n\u00e4chste Pr\u00fcfung ebenfalls beide Teile.<\/p>\n<p>Das Kolloquium besteht aus Testfragen sowie Essayfragen\/ Tabellen\/ Analyse von Abbildungen, Pr\u00e4paraten, usw. und wird mit Punkten bewertet.<\/p>\n<p>0-29\u00a0\u00a0\u00a0\u00a0\u00a0\u00a0 1\u00a0 ungen\u00fcgend<\/p>\n<p>30-37\u00a0\u00a0\u00a0\u00a0 2\u00a0 ausreichend<\/p>\n<p>38-44\u00a0\u00a0\u00a0\u00a0 3\u00a0 befriedigend<\/p>\n<p>45-50\u00a0\u00a0\u00a0\u00a0 4 gut<\/p>\n<p>51-\u00a0\u00a0\u00a0\u00a0\u00a0\u00a0\u00a0\u00a0 5\u00a0 sehr gut<\/p>\n<p>&nbsp;<\/p>\n<h3>Weitere Informationen:<\/h3>\n<p>Wir m\u00f6chten Ihre Aufmerksamkeit auf die folgenden Universit\u00e4tsregelungen richten:<\/p>\n<p>Das Zeugnis \u00fcber den Ersten Abschnitt der \u00c4rztlichen Pr\u00fcfung wird ausschlie\u00dflich nach erfolgreichem Abschluss des Theoretischen Moduls (1. und 2. Studienjahr) ausgestellt.<\/p>\n<p>Das Studium im Pr\u00e4klinischen Modul kann ausschlie\u00dflich nach erfolgreichem Abschluss des Theoretischen Moduls (1. und 2. Studienjahr) (im 3. Studienjahr) fortgesetzt werden.<\/p>\n<p>Die Note der Pr\u00fcfung von \u201eMedizinische Genetik und Immunologie\u201d wird ins Staatsexamen angerechnet.<\/p>\n<p>&nbsp;<\/p>\n<h3>Kontakt:<\/h3>\n<p>F\u00fcr alle Studienangelegenheiten ist\u00a0<strong>Dozentin <\/strong><a href=\"https:\/\/semmelweis.hu\/deutsch\/telefonbuch\/?emp_id=689\" target=\"_blank\" rel=\"noopener\">Dr. Erna Pap<\/a> zust\u00e4ndig.<\/p>\n<p>&nbsp;<\/p>\n<h3>Lehrmaterial zur Genetik:<\/h3>\n<h4>verpflichtend:<\/h4>\n<ul>\n<li>Folien der Vorlesungen<\/li>\n<li>Folien der Praktika<\/li>\n<li>Genetik und Genomik \u2013 E-Buch auf der Homepage des Institutes.<\/li>\n<\/ul>\n<h4>empfohlen:<\/h4>\n<ul>\n<li>Murken \u2013 Grimm et al. Taschenlehrbuch Humangenetik G. Thieme Verlag, Stuttgart-New York. Auflage<\/li>\n<\/ul>\n<p>&nbsp;<\/p>\n<h3>Lehrmaterial zur Immunologie:<\/h3>\n<h4>verpflichtend:<\/h4>\n<ul>\n<li>Folien der Vorlesungen<\/li>\n<li>Folien der Praktika<\/li>\n<li>L. Ring et. Immunologie f\u00fcr Einsteiger \u2013 SpringerLink<\/li>\n<\/ul>\n<p>&nbsp;<\/p>\n<h3>Nur als erg\u00e4nzendes Material empfohlen:<\/h3>\n<ul>\n<li>Immunologie E-Buch (siehe Homepage des Institutes).<\/li>\n<li>Janeway Immunologie, 9. Auflage: Murphy, Kenneth<\/li>\n<\/ul>\n<p>&nbsp;<\/p>\n\n<\/div><h2 class=\"tabtitle\">Thematik<\/h2>\n<div class=\"tabcontent\">\n\n<h3>Thematik<\/h3>\n<table style=\"width: 100%\" width=\"100%\">\n<tbody>\n<tr>\n<td style=\"text-align: center\" width=\"67\">\n<h5>2026\/27<\/h5>\n<h5>1. Semester<\/h5>\n<\/td>\n<td style=\"text-align: center\" width=\"197\">\n<h5>Genetik Block \/ Vorlesung<\/h5>\n<h5>Montag 10:30-12:00, NET Brauner H\u00f6rsaal<\/h5>\n<\/td>\n<td style=\"text-align: center\" width=\"236\">\n<h5>Genetik Block \/ Praktikum<\/h5>\n<h5>NET und EOK<\/h5>\n<\/td>\n<\/tr>\n<tr>\n<td style=\"text-align: center\" width=\"67\">\n<p><strong>1. Woche<br \/>\n<\/strong>(Sept. 7-11)<\/p>\n<\/td>\n<td style=\"text-align: center\" width=\"197\">\n<p>Das menschliche Genom\u00a0 Genetische Varianten \u00a0<\/p>\n<\/td>\n<td style=\"text-align: center\" width=\"236\">\n<p>Genetische Aspekte der Zellteilungen und ihrer Fehler<\/p>\n<\/td>\n<\/tr>\n<tr>\n<td style=\"text-align: center\" width=\"67\">\n<p><strong>2. Woche<\/strong><\/p>\n<p>(Sept. 14-18)<\/p>\n<\/td>\n<td style=\"text-align: center\" width=\"197\">\n<p>Zytogenetik\u00a0 I<\/p>\n<\/td>\n<td style=\"text-align: center\" width=\"236\">\n<p>\u00a0Meiose<\/p>\n<\/td>\n<\/tr>\n<tr>\n<td style=\"text-align: center\" width=\"67\">\n<p><strong>3. \u00a0Woche<\/strong><\/p>\n<p>(Sept. 21-25)<\/p>\n<\/td>\n<td style=\"text-align: center\" width=\"197\">\n<p>Zytogenetik\u00a0 II.<\/p>\n<\/td>\n<td style=\"text-align: center\" width=\"236\">\n<p>Zytogenetik I. \u00a0<\/p>\n<\/td>\n<\/tr>\n<tr>\n<td style=\"text-align: center\" width=\"67\">\n<p><strong>4. \u00a0Woche<\/strong><\/p>\n<p>(Sept. 28 &#8211; Okt. 2)<\/p>\n<\/td>\n<td style=\"text-align: center\" width=\"197\">\n<p>\u00a0 \u00a0Epigenetik \u00a0<\/p>\n<p>&nbsp;<\/p>\n<\/td>\n<td style=\"text-align: center\" width=\"236\">\n<p>\u00a0Zytogenetik II.<\/p>\n<\/td>\n<\/tr>\n<tr>\n<td style=\"text-align: center\" width=\"67\">\n<p><strong>5. \u00a0Woche<\/strong><\/p>\n<p>(Okt. 5- 9)<\/p>\n<\/td>\n<td style=\"text-align: center\" width=\"197\">\n<p>Autosomale Vererbung<\/p>\n<\/td>\n<td style=\"text-align: center\" width=\"236\">\n<p>Zytogenetik III.<\/p>\n<\/td>\n<\/tr>\n<tr>\n<td style=\"text-align: center\" width=\"67\">\n<p><strong>6. \u00a0Woche<\/strong><\/p>\n<p>(Okt. 12-16)<\/p>\n<\/td>\n<td style=\"text-align: center\" width=\"197\">\n<p>Die Rolle des Geschlechtes in der Vererbung<\/p>\n<\/td>\n<td style=\"text-align: center\" width=\"236\">\n<p>Klassische Genetik I.\u00a0 Grundlagen der\u00a0 klassischen Genetik. Idealisierte Stammb\u00e4ume<\/p>\n<\/td>\n<\/tr>\n<tr>\n<td style=\"text-align: center\" width=\"67\">\n<p><strong>7. \u00a0Woche<\/strong><\/p>\n<p>(Okt. 19-22)<\/p>\n<p><span style=\"color: #ff0000\">Okt. 23 &#8211; FERIEN<\/span><\/p>\n<\/td>\n<td style=\"text-align: center\" width=\"197\">\n<p>Entwicklungsgenetik und\u00a0 Genetik des Geschlechtes<\/p>\n<\/td>\n<td style=\"text-align: center\" width=\"236\">\n<p>Klassische Genetik II.<\/p>\n<p>Vom Genotyp zum Ph\u00e4notyp AD,AR<\/p>\n<\/td>\n<\/tr>\n<tr>\n<td style=\"text-align: center\" width=\"67\">\n<h5>\u00a0<\/h5>\n<\/td>\n<td style=\"text-align: center\" width=\"197\">\n<h5>\u00a0<\/h5>\n<h5>Immunologie Block \/ Vorlesung<\/h5>\n<h5>Montag 10:30-12:00, NET Brauner H\u00f6rsaal<\/h5>\n<\/td>\n<td style=\"text-align: center\" width=\"236\">\n<h5>\u00a0<\/h5>\n<h5>Immunologie Block \/ Praktikum<\/h5>\n<h5>NET und EOK<\/h5>\n<\/td>\n<\/tr>\n<tr>\n<td style=\"text-align: center\" width=\"67\">\n<p><strong>8. \u00a0Woche<\/strong><\/p>\n<p>(Okt. 26-30)<\/p>\n<\/td>\n<td style=\"text-align: center\" width=\"197\">\n<p>Die Aufteilung des\u00a0Immunsystems<br \/>\nAngeborene Immunit\u00e4t I.<\/p>\n<\/td>\n<td style=\"text-align: center\" width=\"236\">\n<p>&nbsp;<\/p>\n<p>Grundbegriffe<\/p>\n<\/td>\n<\/tr>\n<tr>\n<td style=\"text-align: center\" width=\"67\">\n<p><strong>\u00a0<\/strong><\/p>\n<\/td>\n<td style=\"text-align: center\" colspan=\"2\" width=\"433\">\n<p><span style=\"color: #ff0000\">DEMO I.<\/span><\/p>\n<\/td>\n<\/tr>\n<tr>\n<td style=\"text-align: center\" width=\"67\">\n<p><strong>9. \u00a0Woche<\/strong><\/p>\n<p>(Nov.2-6)<\/p>\n<\/td>\n<td style=\"text-align: center\" width=\"197\">\n<p><strong>\u00a0<\/strong><strong>\u00a0<\/strong>Angeborene Immunit\u00e4t II.<\/p>\n<\/td>\n<td style=\"text-align: center\" width=\"236\">\n<p>Immunserologie I.<\/p>\n<\/td>\n<\/tr>\n<tr>\n<td style=\"text-align: center\" width=\"67\">\n<p><strong>10. \u00a0Woche<\/strong><\/p>\n<p>(Nov. 9-13)<\/p>\n<\/td>\n<td style=\"text-align: center\" width=\"197\">\n<p>Das Komplementsystem <strong>\u00a0<\/strong><\/p>\n<\/td>\n<td style=\"text-align: center\" width=\"236\">\n<p>\u00a0Immunserologie II.<\/p>\n<\/td>\n<\/tr>\n<tr>\n<td style=\"text-align: center\" width=\"67\">\n<p><strong>11. \u00a0Woche<\/strong><\/p>\n<p>(Nov. 16-20)<\/p>\n<\/td>\n<td style=\"text-align: center\" width=\"197\">\n<p>Antigenpr\u00e4sentierung<\/p>\n<\/td>\n<td style=\"text-align: center\" width=\"236\">\n<p>Immunserologie III.<\/p>\n<\/td>\n<\/tr>\n<tr>\n<td style=\"text-align: center\" width=\"67\">\n<p><strong>12. \u00a0Woche<\/strong><\/p>\n<p>(Nov. 23-27 )<\/p>\n<\/td>\n<td style=\"text-align: center\" width=\"197\">\n<p>Die Antigenrezeptoren<\/p>\n<\/td>\n<td style=\"text-align: center\" width=\"236\">\n<p>Wrap-up: angeborene Immunit\u00e4t Komplementdefekte<\/p>\n<\/td>\n<\/tr>\n<tr>\n<td style=\"text-align: center\" width=\"67\">\n<p><strong>13. \u00a0Woche<\/strong><\/p>\n<p>(30-Dez.4)<\/p>\n<\/td>\n<td style=\"text-align: center\" width=\"197\">\n<p>Adaptive Immunit\u00e4t I<\/p>\n<p>T Zellen<\/p>\n<\/td>\n<td style=\"text-align: center\" width=\"236\">\n<p>Leben ohne T-Zellen Durchflusszytometrie<\/p>\n<\/td>\n<\/tr>\n<tr>\n<td style=\"text-align: center\" width=\"67\">\n<p><strong>\u00a0<\/strong><\/p>\n<\/td>\n<td style=\"text-align: center\" colspan=\"2\" width=\"433\">\n<p><span style=\"color: #ff0000\">DEMO II.<\/span><\/p>\n<\/td>\n<\/tr>\n<tr>\n<td style=\"text-align: center\" width=\"67\">\n<p><strong>14 \u00a0Woche<\/strong><\/p>\n<p>(Dez. 7-11)<\/p>\n<\/td>\n<td style=\"text-align: center\" width=\"197\">\n<p>Adaptive Immunit\u00e4t<\/p>\n<p>B Zellen<\/p>\n<\/td>\n<td style=\"text-align: center\" width=\"236\">\n<p>Zusammenfassung<\/p>\n<p>Vorbereitung zur Pr\u00fcfung<\/p>\n<\/td>\n<\/tr>\n<\/tbody>\n<\/table>\n<p>&nbsp;<\/p>\n<\/div><\/div>\n","protected":false},"excerpt":{"rendered":"<p>Medizinische Genetik und Immunologie (AOKGEN1102_1N) im Semester I. des Studienjahres 2026\/27 an der Allgemeinmedizinischen Fakult\u00e4t der Semmelweis Universit\u00e4t Allgemeine Informationen Laut dem neuen Curriculum, werden Genetik und Immunologie in einem integrierten Fach in zwei Semestern unterrichtet. Am Ende des ersten Semesters muss ein Kolloquium abgelegt werden, am Ende des zweiten Semesters findet eine abschliessende Pr\u00fcfung &hellip;<\/p>\n","protected":false},"author":102170,"featured_media":0,"parent":645,"menu_order":12,"comment_status":"closed","ping_status":"closed","template":"template-fullwidth.php","meta":{"_acf_changed":false,"footnotes":""},"categories":[],"tags":[],"class_list":["post-1525","page","type-page","status-publish","hentry"],"acf":[],"_links":{"self":[{"href":"https:\/\/semmelweis.hu\/gsi\/wp-json\/wp\/v2\/pages\/1525","targetHints":{"allow":["GET"]}}],"collection":[{"href":"https:\/\/semmelweis.hu\/gsi\/wp-json\/wp\/v2\/pages"}],"about":[{"href":"https:\/\/semmelweis.hu\/gsi\/wp-json\/wp\/v2\/types\/page"}],"author":[{"embeddable":true,"href":"https:\/\/semmelweis.hu\/gsi\/wp-json\/wp\/v2\/users\/102170"}],"replies":[{"embeddable":true,"href":"https:\/\/semmelweis.hu\/gsi\/wp-json\/wp\/v2\/comments?post=1525"}],"version-history":[{"count":8,"href":"https:\/\/semmelweis.hu\/gsi\/wp-json\/wp\/v2\/pages\/1525\/revisions"}],"predecessor-version":[{"id":1546,"href":"https:\/\/semmelweis.hu\/gsi\/wp-json\/wp\/v2\/pages\/1525\/revisions\/1546"}],"up":[{"embeddable":true,"href":"https:\/\/semmelweis.hu\/gsi\/wp-json\/wp\/v2\/pages\/645"}],"wp:attachment":[{"href":"https:\/\/semmelweis.hu\/gsi\/wp-json\/wp\/v2\/media?parent=1525"}],"wp:term":[{"taxonomy":"category","embeddable":true,"href":"https:\/\/semmelweis.hu\/gsi\/wp-json\/wp\/v2\/categories?post=1525"},{"taxonomy":"post_tag","embeddable":true,"href":"https:\/\/semmelweis.hu\/gsi\/wp-json\/wp\/v2\/tags?post=1525"}],"curies":[{"name":"wp","href":"https:\/\/api.w.org\/{rel}","templated":true}]}}